{"id":191,"date":"2023-03-31T16:50:05","date_gmt":"2023-03-31T14:50:05","guid":{"rendered":"https:\/\/ntigymnasiet.se\/eskilstuna\/?page_id=191"},"modified":"2025-06-18T09:37:41","modified_gmt":"2025-06-18T07:37:41","slug":"var-skola","status":"publish","type":"page","link":"https:\/\/ntigymnasiet.se\/eskilstuna\/var-skola\/","title":{"rendered":"V\u00e5r skola"},"content":{"rendered":"\n\t\n\t\n\t\n\t\n\t\n\n<section \n\tclass=\"ams-hero ams-hero--classic ams-hero--50 c-block l-stacked  \"\n\tdata-color-scheme=\"hero\"\n\tstyle=\"\">\n\t<div class=\"ams-hero__container u-items-center u-justify-center\">\n\t\t<div\n\t\t\tclass=\"ams-hero__content l-stack l-stack-xl is-center is-center@md\" >\n\t\t\t<div class=\"l-stack l-stack-lg\">\n\t\t\t\t\n\t\t\t\t\t\t\t<\/div>\n\n\t\t\t\t\t<\/div>\n\t<\/div>\n\n\t\n\t\t\t\n\t\t\t\t\t\t\t\n\t\t\t\t<div class=\"c-bg c-bg--img\" data-settings=\"{&quot;desktop_settings&quot;:{&quot;size&quot;:&quot;cover&quot;,&quot;position&quot;:&quot;middle-center&quot;},&quot;mobile_settings&quot;:{&quot;size&quot;:&quot;cover&quot;,&quot;position&quot;:&quot;middle-center&quot;}}\" data-position=\"middle-center\" data-size=\"cover\">\n\t\t\t<img decoding=\"async\" width=\"1920\" height=\"1080\" src=\"https:\/\/ntigymnasiet.se\/wp-content\/uploads\/sites\/4\/2023\/04\/nti-var-gymnasieskola-202204-1.jpg\" class=\"attachment-hero-lg size-hero-lg\" alt=\"4 elever st\u00e5r och spela med VR. Killen l\u00e4ngst fram har p\u00e5 sig VR-glas\u00f6gon och de andra st\u00e5r bakom och tittar upp p\u00e5 en sk\u00e4rm som visar vad han ser.\" sizes=\"(max-width: 1920px) 100vw, 1920px\" srcset=\"https:\/\/ntigymnasiet.se\/wp-content\/uploads\/sites\/4\/2023\/04\/nti-var-gymnasieskola-202204-1.jpg 1920w, https:\/\/ntigymnasiet.se\/wp-content\/uploads\/sites\/4\/2023\/04\/nti-var-gymnasieskola-202204-1-300x169.jpg 300w, https:\/\/ntigymnasiet.se\/wp-content\/uploads\/sites\/4\/2023\/04\/nti-var-gymnasieskola-202204-1-400x225.jpg 400w, https:\/\/ntigymnasiet.se\/wp-content\/uploads\/sites\/4\/2023\/04\/nti-var-gymnasieskola-202204-1-600x338.jpg 600w, https:\/\/ntigymnasiet.se\/wp-content\/uploads\/sites\/4\/2023\/04\/nti-var-gymnasieskola-202204-1-800x450.jpg 800w, https:\/\/ntigymnasiet.se\/wp-content\/uploads\/sites\/4\/2023\/04\/nti-var-gymnasieskola-202204-1-1024x576.jpg 1024w, https:\/\/ntigymnasiet.se\/wp-content\/uploads\/sites\/4\/2023\/04\/nti-var-gymnasieskola-202204-1-1200x675.jpg 1200w\" \/>\n\t\t<\/div>\n\t\n<\/section>\n\n\n\n\n<section  class=\"ams-cta ams-cta--stacked c-block l-stacked\" data-color-scheme=\"vit\">\n\t<div class=\"l-container-narrow l-stack l-stack-fluid-2xl u-pt-fluid-3xl-6xl u-pb-fluid-3xl-6xl is-center is-center@md\">\n\t\t\t\t\t<div class=\"ams-cta__intro l-stack l-stack-lg\">\n\t\t\t\t\t\n\t<h1\n\tclass=\"c-heading u-font-title-1 \"\n\tstyle=\"\">\n\t\t\n\t\t\t\t\tV\u00e5rt teknikgymnasium i Eskilstuna \n\t\t\t\t\n\t<\/h1>\n\n\t\t\t\t\t\t\t\t\t<div class=\"c-text l-stack u-cs-xl u-font-body\">\n\t\t\t\t\t\t<p>Detta \u00e4r ett teknikgymnasium f\u00f6r dig som \u00e4r intresserad av IT och teknik. H\u00e4r m\u00f6ts du av nya fr\u00e4scha lokaler och ett glatt g\u00e4ng.<\/p>\n<h2>En mindre skola med stor gemenskap<\/h2>\n<p>Vi \u00e4r en mindre skola, det g\u00e5r ungef\u00e4r 200 elever hos oss. Vi har ett varmt och v\u00e4lkomnande klimat d\u00e4r alla k\u00e4nner alla, oavsett vilket program du studerar. H\u00e4r finns m\u00f6jligheten och en vilja att utmanas av l\u00e4rare med h\u00f6ga f\u00f6rv\u00e4ntningar, p\u00e5 sig sj\u00e4lva och p\u00e5 dig som elev. Varje l\u00e4rare ser dig f\u00f6r var du \u00e4r och utmanar och st\u00f6ttar utifr\u00e5n dina individuella f\u00f6ruts\u00e4ttningar. Gemenskap \u00e4r en viktig del i v\u00e5rt dagliga arbete tillsammans med v\u00e5ra elever.<\/p>\n\n\t\t\t\t\t<\/div>\n\t\t\t\t\t\t\t<\/div>\n\t\t\n\t\t\n\t\t\t<\/div>\n\n\t\t\n\n<\/section>\n\n\n\n\t\n\t\n\t\n\n\t\n\t\n\t\t\n<section  class=\"c-block l-stacked  \" data-color-scheme=\"light-grey\">\n\t<div class=\"ams-fifty ams-fifty--container ams-fifty--right ams-fifty--top l-container u-pt-fluid-3xl-6xl u-pb-fluid-3xl-6xl\">\n\t\t<div class=\"ams-fifty__content l-stack l-stack-xl is-center is-left@lg\">\n\t\t\t<div class=\"ams-fifty__text l-stack l-stack-lg\">\n\t\t\t\t\t\n\t<h2\n\tclass=\"c-heading u-font-title-1 \"\n\tstyle=\"\">\n\t\t\n\t\t\t\t\tPraktik och kreativitet\n\t\t\t\t\n\t<\/h2>\n\n\t\t\t\t\t\t\t\t\t<div class=\"text l-stack u-font-body\">\n\t\t\t\t\t\t<h3>15 veckors praktik<\/h3>\n<p style=\"text-align: left;\">Studerar du El- och energiprogrammet hos oss har du 15 veckors arbetsf\u00f6rlagd praktik (APL). Vi samarbetar med Erasmus som erbjuder APL i ett annat land d\u00e4r du har ut\u00f6ver jobbet m\u00f6jlighet att l\u00e4ra dig mer om andra kulturer. Vi har under tidigare \u00e5r varit i bland annat Spanien, England och Irland. <a href=\"https:\/\/ntigymnasiet.se\/eskilstuna\/nyheter\/lokal\/vad-ar-apl\">H\u00e4r<\/a> kan du l\u00e4sa mer om APL p\u00e5 NTI.<\/p>\n<h3 style=\"text-align: left;\">Makerspace och certifiering<\/h3>\n<p style=\"text-align: left;\">Hos oss har du m\u00f6jlighet att utanf\u00f6r lektionerna vara kreativ genom egna projekt i v\u00e5rt makerspace. Du har ocks\u00e5 chansen att <a href=\"https:\/\/ntigymnasiet.se\/eskilstuna\/nyheter\/lokal\/certifiering-pa-nti-gymnasiet\">certifiera dig<\/a> i olika system, programvaror och programmeringsspr\u00e5k vilket ger bra meriter inf\u00f6r arbetslivet.<\/p>\n\n\t\t\t\t\t<\/div>\n\t\t\t\t\t\t\t<\/div>\n\n\t\t\t\t<div class=\"ams-fifty__action u-inline-items\">\n\t\t\t\t\t\t\t\n\n\n<a href=\"https:\/\/ntigymnasiet.se\/eskilstuna\/var-skola\/makerspace\"\n\t\n\tclass=\"c-btn \"\n\tdata-style=\"rounded\"\n\tdata-size=\"md\"\n\tdata-width=\"full-mobile\"\n\tdata-variant=\"default\"\n\ttarget=\"_self\">\n\t\t\t<span class=\"label\"> L\u00e4s mer om makerspace<\/span>\n\t\t\t<\/a>\n\t\t\t<\/div>\n\t\t<\/div>\n\n\t\t <div class=\"ams-fifty__media u-ratio-square\">\n\t\t \t\t\t\t\t<img decoding=\"async\" width=\"600\" height=\"600\" src=\"https:\/\/ntigymnasiet.se\/wp-content\/uploads\/sites\/4\/2023\/04\/nti-om-oss-teknik-it-design-202204-600x600.png\" class=\"attachment-md size-md\" alt=\"En elev \u00e4r vid en 3D-printer.\" sizes=\"(min-width: 64em) 600px, calc(100vw - 160px)\" srcset=\"https:\/\/ntigymnasiet.se\/wp-content\/uploads\/sites\/4\/2023\/04\/nti-om-oss-teknik-it-design-202204-600x600.png 600w, https:\/\/ntigymnasiet.se\/wp-content\/uploads\/sites\/4\/2023\/04\/nti-om-oss-teknik-it-design-202204-150x150.png 150w, https:\/\/ntigymnasiet.se\/wp-content\/uploads\/sites\/4\/2023\/04\/nti-om-oss-teknik-it-design-202204-300x300.png 300w, https:\/\/ntigymnasiet.se\/wp-content\/uploads\/sites\/4\/2023\/04\/nti-om-oss-teknik-it-design-202204-400x400.png 400w, https:\/\/ntigymnasiet.se\/wp-content\/uploads\/sites\/4\/2023\/04\/nti-om-oss-teknik-it-design-202204.png 700w\" \/>\n\t\t\t\n\t\t\t\n\t\t\t\t\t<\/div>\n\t<\/div>\n\n\t\t\n\n<\/section>\n\n\n\n\t\n\t\n\t\n\n\t\n\t\n\t\t\n<section  class=\"c-block l-stacked  \" data-color-scheme=\"vit\">\n\t<div class=\"ams-fifty ams-fifty--container ams-fifty--left ams-fifty--top l-container u-pt-fluid-3xl-6xl u-pb-fluid-3xl-6xl\">\n\t\t<div class=\"ams-fifty__content l-stack l-stack-xl is-center is-left@lg\">\n\t\t\t<div class=\"ams-fifty__text l-stack l-stack-lg\">\n\t\t\t\t\t\n\t<h2\n\tclass=\"c-heading u-font-title-1 \"\n\tstyle=\"\">\n\t\t\n\t\t\t\t\tFramtidens innovationer b\u00f6rjar h\u00e4r\n\t\t\t\t\n\t<\/h2>\n\n\t\t\t\t\t\t\t\t\t<div class=\"text l-stack u-font-body\">\n\t\t\t\t\t\t<p style=\"text-align: left;\">NTI Gymnasiet \u00e4r Sveriges ledande gymnasieskola inom tech, science och IT d\u00e4r du som elev g\u00f6r sig redo f\u00f6r en digital v\u00e4rld i snabb f\u00f6r\u00e4ndring. I h\u00f6st kanske du \u00e4r en av oss? Oavsett om du v\u00e4ljer att plugga vidare eller b\u00f6rja arbeta direkt efter examen kommer du att ha nytta av din aktuella kunskap och erfarenhet fr\u00e5n att anv\u00e4nda den allra senaste tekniken.<\/p>\n<h3 style=\"text-align: left;\">F\u00e5 verktyg f\u00f6r framtiden<\/h3>\n<p style=\"text-align: left;\">Du kommer att vara vaken och observant p\u00e5 ny forskning och heta trender. Med tech, science och IT i fokus kan du n\u00e4mligen g\u00f6ra vad du vill. Hos oss f\u00e5r du alla tankes\u00e4tt och verktyg f\u00f6r att du ska kunna navigera framtidens m\u00f6jligheter.<\/p>\n\n\t\t\t\t\t<\/div>\n\t\t\t\t\t\t\t<\/div>\n\n\t\t\t\t\t<\/div>\n\n\t\t <div class=\"ams-fifty__media u-ratio-widescreen\">\n\t\t \t\n\t\t\t\n\t\t\t\t\t\t\t<lite-youtube videoid=\"Y-TCNfrz-4A\" style=\"background-image: url('https:\/\/i.ytimg.com\/vi\/Y-TCNfrz-4A\/hqdefault.jpg');\">\n\t\t\t\t\t\t<button href=\"https:\/\/youtube.com\/watch?v=Y-TCNfrz-4A\" class=\"lty-playbtn\" title=\"Play Video\">\n\t\t\t\t\t\t\t<span class=\"lyt-visually-hidden\">Play Video<\/span>\n\t\t\t\t\t\t<\/button>\n\t\t\t\t\t<\/lite-youtube>\n\t\t\t\t\t<\/div>\n\t<\/div>\n\n\t\t\n\n<\/section>\n\n\n\n\t<div class=\"module_wrapper ams_remote_pages_module \">\n\t\t\n\n<section  class=\"ams-cta ams-cta--stacked c-block l-stacked\" data-color-scheme=\"vit-2-pa-mork-bakgrund\">\n\t<div class=\"l-container-narrow l-stack l-stack-fluid-2xl u-pt-fluid-3xl-6xl u-pb-fluid-3xl-6xl is-center is-center@md\">\n\t\t\t\t\t<div class=\"ams-cta__intro l-stack l-stack-lg\">\n\t\t\t\t\t\n\t<h2\n\tclass=\"c-heading u-font-title-1 \"\n\tstyle=\"\">\n\t\t\n\t\t\t\t\tVill du bes\u00f6ka oss?\n\t\t\t\t\n\t<\/h2>\n\n\t\t\t\t\t\t\t\t\t<div class=\"c-text l-stack u-cs-xl u-font-body\">\n\t\t\t\t\t\t<p><span data-sheets-value=\"{&quot;1&quot;:2,&quot;2&quot;:&quot;Kom p\u00e5 \u00f6ppet hus eller g\u00f6r en prova p\u00e5-dag hos oss. D\u00e5 f\u00e5r du mer information om skolan och kan tr\u00e4ffa elever och l\u00e4rare.&quot;}\" data-sheets-userformat=\"{&quot;2&quot;:963,&quot;3&quot;:{&quot;1&quot;:0},&quot;4&quot;:{&quot;1&quot;:2,&quot;2&quot;:16777215},&quot;9&quot;:0,&quot;10&quot;:0,&quot;11&quot;:3,&quot;12&quot;:0}\">Kom p\u00e5 \u00f6ppet hus eller g\u00f6r en prova p\u00e5-dag hos oss. D\u00e5 f\u00e5r du mer information om skolan och kan tr\u00e4ffa elever och l\u00e4rare.<\/span><\/p>\n\n\t\t\t\t\t<\/div>\n\t\t\t\t\t\t\t<\/div>\n\t\t\n\t\t\n\t\t\t<div class=\"ams-cta__action u-inline-items\">\n\t\t\t\t\t\t\t\n\n\n<a href=\"https:\/\/ntigymnasiet.se\/eskilstuna\/oppet-hus\/\"\n\t\n\tclass=\"c-btn \"\n\tdata-style=\"rounded\"\n\tdata-size=\"md\"\n\tdata-width=\"full-mobile\"\n\tdata-variant=\"default\"\n\ttarget=\"_self\">\n\t\t\t<span class=\"label\"> G\u00e5 p\u00e5 \u00f6ppet hus<\/span>\n\t\t\t<\/a>\n\t\t\t\t\t\t\t\n\n\n<a href=\"https:\/\/ntigymnasiet.se\/eskilstuna\/prova-pa-dag\/\"\n\t\n\tclass=\"c-btn \"\n\tdata-style=\"rounded\"\n\tdata-size=\"md\"\n\tdata-width=\"full-mobile\"\n\tdata-variant=\"outline\"\n\ttarget=\"_self\">\n\t\t\t<span class=\"label\"> Boka prova p\u00e5-dag<\/span>\n\t\t\t<\/a>\n\t\t\t<\/div>\n\t<\/div>\n\n\t\t\n\t\t\t\n\t\t\t\t\t\t\t\n\t\t\t\t<div class=\"c-bg c-bg--img\" data-settings=\"{&quot;desktop_settings&quot;:{&quot;size&quot;:&quot;cover&quot;,&quot;position&quot;:&quot;middle-center&quot;},&quot;mobile_settings&quot;:{&quot;size&quot;:&quot;cover&quot;,&quot;position&quot;:&quot;middle-center&quot;}}\" data-position=\"middle-center\" data-size=\"cover\">\n\t\t\t<img decoding=\"async\" width=\"1920\" height=\"1080\" src=\"https:\/\/ntigymnasiet.se\/wp-content\/uploads\/sites\/4\/2023\/04\/ntitechbgsvagacirklar3.jpg\" class=\"attachment-hero-lg size-hero-lg\" alt=\"Lila bild.\" sizes=\"(max-width: 1920px) 100vw, 1920px\" srcset=\"https:\/\/ntigymnasiet.se\/wp-content\/uploads\/sites\/4\/2023\/04\/ntitechbgsvagacirklar3.jpg 1920w, https:\/\/ntigymnasiet.se\/wp-content\/uploads\/sites\/4\/2023\/04\/ntitechbgsvagacirklar3-300x169.jpg 300w, https:\/\/ntigymnasiet.se\/wp-content\/uploads\/sites\/4\/2023\/04\/ntitechbgsvagacirklar3-400x225.jpg 400w, https:\/\/ntigymnasiet.se\/wp-content\/uploads\/sites\/4\/2023\/04\/ntitechbgsvagacirklar3-600x338.jpg 600w, https:\/\/ntigymnasiet.se\/wp-content\/uploads\/sites\/4\/2023\/04\/ntitechbgsvagacirklar3-800x450.jpg 800w, https:\/\/ntigymnasiet.se\/wp-content\/uploads\/sites\/4\/2023\/04\/ntitechbgsvagacirklar3-1024x576.jpg 1024w, https:\/\/ntigymnasiet.se\/wp-content\/uploads\/sites\/4\/2023\/04\/ntitechbgsvagacirklar3-1200x675.jpg 1200w\" \/>\n\t\t<\/div>\n\t\n<\/section>\n\t<\/div>\n\n\t\n\n\n\n<section  class=\"ams-cta ams-cta--stacked c-block l-stacked\" data-color-scheme=\"vit\">\n\t<div class=\"l-container-narrow l-stack l-stack-fluid-2xl u-pt-fluid-3xl-6xl u-pb-fluid-None is-center is-center@md\">\n\t\t\t\t\t<div class=\"ams-cta__intro l-stack l-stack-lg\">\n\t\t\t\t\t\n\t<h2\n\tclass=\"c-heading u-font-title-1 \"\n\tstyle=\"\">\n\t\t\n\t\t\t\t\tNya lokaler 2023!\n\t\t\t\t\n\t<\/h2>\n\n\t\t\t\t\t\t\t\t\t<div class=\"c-text l-stack u-cs-xl u-font-body\">\n\t\t\t\t\t\t<p style=\"text-align: left;\">H\u00f6sten 2023 startade vi upp v\u00e5r verksamhet i nya och fr\u00e4scha lokaler som \u00e4r designade f\u00f6r att ge v\u00e5ra elever en inspirerande milj\u00f6. Vi har nu stora och rymliga klassrum utrustade med den senaste tekniken inom respektive program.<\/p>\n<h3 style=\"text-align: left;\">Lokaler f\u00f6r kreativitet och gemenskap<\/h3>\n<p style=\"text-align: left;\">I skolans \u00f6vriga utrymmen \u00e4r fokus att ha en \u00f6ppen och dynamisk milj\u00f6 f\u00f6r att skapa goda relationer och m\u00f6jlighet till samarbete. Vi har \u00e4ven utrymmen f\u00f6r aktiviteter s\u00e5som en spelh\u00f6rna och biljardbord. I v\u00e5rt makerspace kan du som elev l\u00e5ta kreativiteten fl\u00f6da. V\u00e5ra lokaler kommer att bli mer moderna samt utemilj\u00f6 i form av egen innerg\u00e5rd.<\/p>\n\n\t\t\t\t\t<\/div>\n\t\t\t\t\t\t\t<\/div>\n\t\t\n\t\t\n\t\t\t<\/div>\n\n\t\t\n\n<\/section>\n\n\n\n<div style=\"height:75px\" aria-hidden=\"true\" class=\"wp-block-spacer\"><\/div>\n\n\n\n\n<section  class=\"ams-social-media-feed c-block l-stacked\" data-color-scheme=\"light-grey\">\n\t<div class=\"l-container l-stack l-stack-fluid-2xl u-pt-fluid-3xl-6xl u-pb-fluid-3xl-6xl is-center is-center@md\">\n\t\t\t\t\t<div class=\"ams-social-media-feed__intro l-stack l-stack-lg\">\n\t\t\t\t\t\n\t<h2\n\tclass=\"c-heading u-font-title-1 \"\n\tstyle=\"\">\n\t\t\n\t\t\t\t\tF\u00e5 en inblick i v\u00e5r vardag\n\t\t\t\t\n\t<\/h2>\n\n\t\t\t\t\t\t\t\t\t<div class=\"c-text l-stack u-cs-xl u-font-body\">\n\t\t\t\t\t\t<p>F\u00e5 en inblick i v\u00e5r vardag genom att f\u00f6lja oss p\u00e5 sociala medier.<\/p>\n\n\t\t\t\t\t<\/div>\n\t\t\t\t\t\t\t<\/div>\n\t\t\n\t\t\t\t\t<div class=\"elfsight-app-f481372c-8094-48a1-adb6-13e09aaefac1\"><\/div>\n\t\n\t\t\t<\/div>\n\n\t\t\n\n<\/section>\n\n\n\n\n<section  class=\"ams-cta ams-cta--stacked c-block l-stacked\" data-color-scheme=\"vit\">\n\t<div class=\"l-container-narrow l-stack l-stack-fluid-2xl u-pt-fluid-3xl-6xl u-pb-fluid-3xl-6xl is-center is-center@md\">\n\t\t\t\t\t<div class=\"ams-cta__intro l-stack l-stack-lg\">\n\t\t\t\t\t\n\t<h2\n\tclass=\"c-heading u-font-title-1 \"\n\tstyle=\"\">\n\t\t\n\t\t\t\t\tVanliga fr\u00e5gor\n\t\t\t\t\n\t<\/h2>\n\n\t\t\t\t\t\t\t\t\t<div class=\"c-text l-stack u-cs-xl u-font-body\">\n\t\t\t\t\t\t<p><span data-sheets-value=\"{&quot;1&quot;:2,&quot;2&quot;:&quot;H\u00e4r hittar du svaren p\u00e5 vanliga fr\u00e5gor om NTI Gymnasiet Ort.&quot;}\" data-sheets-userformat=\"{&quot;2&quot;:835,&quot;3&quot;:{&quot;1&quot;:0},&quot;4&quot;:{&quot;1&quot;:2,&quot;2&quot;:16777215},&quot;9&quot;:0,&quot;11&quot;:3,&quot;12&quot;:0}\">H\u00e4r hittar du svaren p\u00e5 vanliga fr\u00e5gor om v\u00e5r skola.<\/span><\/p>\n\n\t\t\t\t\t<\/div>\n\t\t\t\t\t\t\t<\/div>\n\t\t\n\t\t\n\t\t\t<div class=\"ams-cta__action u-inline-items\">\n\t\t\t\t\t\t\t\n\n\n<a href=\"https:\/\/ntigymnasiet.se\/eskilstuna\/vanliga-fragor\/\"\n\t\n\tclass=\"c-btn \"\n\tdata-style=\"rounded\"\n\tdata-size=\"md\"\n\tdata-width=\"full-mobile\"\n\tdata-variant=\"default\"\n\ttarget=\"_self\">\n\t\t\t<span class=\"label\"> Till vanliga fr\u00e5gor<\/span>\n\t\t\t<\/a>\n\t\t\t<\/div>\n\t<\/div>\n\n\t\t\n\n<\/section>\n","protected":false},"excerpt":{"rendered":"","protected":false},"author":4,"featured_media":0,"parent":0,"menu_order":0,"comment_status":"closed","ping_status":"closed","template":"","meta":{"footnotes":""},"yoast_head":"<!-- This site is optimized with the Yoast SEO plugin v22.0 - https:\/\/yoast.com\/wordpress\/plugins\/seo\/ -->\n<title>V\u00e5r skola - NTI Gymnasiet Eskilstuna<\/title>\n<meta name=\"description\" content=\"Detta \u00e4r skolan f\u00f6r dig som \u00e4r intresserad av IT och teknik. H\u00e4r m\u00f6ts du av nya fr\u00e4scha lokaler och ett glatt g\u00e4ng.\" \/>\n<meta name=\"robots\" content=\"index, follow, max-snippet:-1, max-image-preview:large, max-video-preview:-1\" \/>\n<link rel=\"canonical\" href=\"https:\/\/ntigymnasiet.se\/eskilstuna\/var-skola\/\" \/>\n<meta property=\"og:locale\" content=\"sv_SE\" \/>\n<meta property=\"og:type\" content=\"article\" \/>\n<meta property=\"og:title\" content=\"V\u00e5r skola - NTI Gymnasiet Eskilstuna\" \/>\n<meta property=\"og:description\" content=\"Detta \u00e4r skolan f\u00f6r dig som \u00e4r intresserad av IT och teknik. H\u00e4r m\u00f6ts du av nya fr\u00e4scha lokaler och ett glatt g\u00e4ng.\" \/>\n<meta property=\"og:url\" content=\"https:\/\/ntigymnasiet.se\/eskilstuna\/var-skola\/\" \/>\n<meta property=\"og:site_name\" content=\"Eskilstuna\" \/>\n<meta property=\"article:modified_time\" content=\"2025-06-18T07:37:41+00:00\" \/>\n<meta name=\"twitter:card\" content=\"summary_large_image\" \/>\n<meta name=\"twitter:title\" content=\"V\u00e5r skola - NTI Gymnasiet Eskilstuna\" \/>\n<meta name=\"twitter:description\" content=\"Detta \u00e4r skolan f\u00f6r dig som \u00e4r intresserad av IT och teknik. H\u00e4r m\u00f6ts du av nya fr\u00e4scha lokaler och ett glatt g\u00e4ng.\" \/>\n<meta name=\"twitter:label1\" content=\"Est. reading time\" \/>\n\t<meta name=\"twitter:data1\" content=\"3 minuter\" \/>\n<script type=\"application\/ld+json\" class=\"yoast-schema-graph\">{\"@context\":\"https:\/\/schema.org\",\"@graph\":[{\"@type\":\"WebPage\",\"@id\":\"https:\/\/ntigymnasiet.se\/eskilstuna\/var-skola\/\",\"url\":\"https:\/\/ntigymnasiet.se\/eskilstuna\/var-skola\/\",\"name\":\"V\u00e5r skola - NTI Gymnasiet Eskilstuna\",\"isPartOf\":{\"@id\":\"https:\/\/ntigymnasiet.se\/eskilstuna\/#website\"},\"datePublished\":\"2023-03-31T14:50:05+00:00\",\"dateModified\":\"2025-06-18T07:37:41+00:00\",\"description\":\"Detta \u00e4r skolan f\u00f6r dig som \u00e4r intresserad av IT och teknik. H\u00e4r m\u00f6ts du av nya fr\u00e4scha lokaler och ett glatt g\u00e4ng.\",\"breadcrumb\":{\"@id\":\"https:\/\/ntigymnasiet.se\/eskilstuna\/var-skola\/#breadcrumb\"},\"inLanguage\":\"sv-SE\",\"potentialAction\":[{\"@type\":\"ReadAction\",\"target\":[\"https:\/\/ntigymnasiet.se\/eskilstuna\/var-skola\/\"]}]},{\"@type\":\"BreadcrumbList\",\"@id\":\"https:\/\/ntigymnasiet.se\/eskilstuna\/var-skola\/#breadcrumb\",\"itemListElement\":[{\"@type\":\"ListItem\",\"position\":1,\"name\":\"Start\",\"item\":\"https:\/\/ntigymnasiet.se\/eskilstuna\/\"},{\"@type\":\"ListItem\",\"position\":2,\"name\":\"V\u00e5r skola\"}]},{\"@type\":\"WebSite\",\"@id\":\"https:\/\/ntigymnasiet.se\/eskilstuna\/#website\",\"url\":\"https:\/\/ntigymnasiet.se\/eskilstuna\/\",\"name\":\"Eskilstuna\",\"description\":\"Just another WordPress site\",\"potentialAction\":[{\"@type\":\"SearchAction\",\"target\":{\"@type\":\"EntryPoint\",\"urlTemplate\":\"https:\/\/ntigymnasiet.se\/eskilstuna\/?s={search_term_string}\"},\"query-input\":\"required name=search_term_string\"}],\"inLanguage\":\"sv-SE\"}]}<\/script>\n<!-- \/ Yoast SEO plugin. -->","yoast_head_json":{"title":"V\u00e5r skola - NTI Gymnasiet Eskilstuna","description":"Detta \u00e4r skolan f\u00f6r dig som \u00e4r intresserad av IT och teknik. H\u00e4r m\u00f6ts du av nya fr\u00e4scha lokaler och ett glatt g\u00e4ng.","robots":{"index":"index","follow":"follow","max-snippet":"max-snippet:-1","max-image-preview":"max-image-preview:large","max-video-preview":"max-video-preview:-1"},"canonical":"https:\/\/ntigymnasiet.se\/eskilstuna\/var-skola\/","og_locale":"sv_SE","og_type":"article","og_title":"V\u00e5r skola - NTI Gymnasiet Eskilstuna","og_description":"Detta \u00e4r skolan f\u00f6r dig som \u00e4r intresserad av IT och teknik. H\u00e4r m\u00f6ts du av nya fr\u00e4scha lokaler och ett glatt g\u00e4ng.","og_url":"https:\/\/ntigymnasiet.se\/eskilstuna\/var-skola\/","og_site_name":"Eskilstuna","article_modified_time":"2025-06-18T07:37:41+00:00","twitter_card":"summary_large_image","twitter_title":"V\u00e5r skola - NTI Gymnasiet Eskilstuna","twitter_description":"Detta \u00e4r skolan f\u00f6r dig som \u00e4r intresserad av IT och teknik. H\u00e4r m\u00f6ts du av nya fr\u00e4scha lokaler och ett glatt g\u00e4ng.","twitter_misc":{"Est. reading time":"3 minuter"},"schema":{"@context":"https:\/\/schema.org","@graph":[{"@type":"WebPage","@id":"https:\/\/ntigymnasiet.se\/eskilstuna\/var-skola\/","url":"https:\/\/ntigymnasiet.se\/eskilstuna\/var-skola\/","name":"V\u00e5r skola - NTI Gymnasiet Eskilstuna","isPartOf":{"@id":"https:\/\/ntigymnasiet.se\/eskilstuna\/#website"},"datePublished":"2023-03-31T14:50:05+00:00","dateModified":"2025-06-18T07:37:41+00:00","description":"Detta \u00e4r skolan f\u00f6r dig som \u00e4r intresserad av IT och teknik. H\u00e4r m\u00f6ts du av nya fr\u00e4scha lokaler och ett glatt g\u00e4ng.","breadcrumb":{"@id":"https:\/\/ntigymnasiet.se\/eskilstuna\/var-skola\/#breadcrumb"},"inLanguage":"sv-SE","potentialAction":[{"@type":"ReadAction","target":["https:\/\/ntigymnasiet.se\/eskilstuna\/var-skola\/"]}]},{"@type":"BreadcrumbList","@id":"https:\/\/ntigymnasiet.se\/eskilstuna\/var-skola\/#breadcrumb","itemListElement":[{"@type":"ListItem","position":1,"name":"Start","item":"https:\/\/ntigymnasiet.se\/eskilstuna\/"},{"@type":"ListItem","position":2,"name":"V\u00e5r skola"}]},{"@type":"WebSite","@id":"https:\/\/ntigymnasiet.se\/eskilstuna\/#website","url":"https:\/\/ntigymnasiet.se\/eskilstuna\/","name":"Eskilstuna","description":"Just another WordPress site","potentialAction":[{"@type":"SearchAction","target":{"@type":"EntryPoint","urlTemplate":"https:\/\/ntigymnasiet.se\/eskilstuna\/?s={search_term_string}"},"query-input":"required name=search_term_string"}],"inLanguage":"sv-SE"}]}},"_links":{"self":[{"href":"https:\/\/ntigymnasiet.se\/eskilstuna\/wp-json\/wp\/v2\/pages\/191"}],"collection":[{"href":"https:\/\/ntigymnasiet.se\/eskilstuna\/wp-json\/wp\/v2\/pages"}],"about":[{"href":"https:\/\/ntigymnasiet.se\/eskilstuna\/wp-json\/wp\/v2\/types\/page"}],"author":[{"embeddable":true,"href":"https:\/\/ntigymnasiet.se\/eskilstuna\/wp-json\/wp\/v2\/users\/4"}],"replies":[{"embeddable":true,"href":"https:\/\/ntigymnasiet.se\/eskilstuna\/wp-json\/wp\/v2\/comments?post=191"}],"version-history":[{"count":10,"href":"https:\/\/ntigymnasiet.se\/eskilstuna\/wp-json\/wp\/v2\/pages\/191\/revisions"}],"predecessor-version":[{"id":1743,"href":"https:\/\/ntigymnasiet.se\/eskilstuna\/wp-json\/wp\/v2\/pages\/191\/revisions\/1743"}],"wp:attachment":[{"href":"https:\/\/ntigymnasiet.se\/eskilstuna\/wp-json\/wp\/v2\/media?parent=191"}],"curies":[{"name":"wp","href":"https:\/\/api.w.org\/{rel}","templated":true}]}}