{"id":199,"date":"2023-03-31T16:52:25","date_gmt":"2023-03-31T14:52:25","guid":{"rendered":"https:\/\/ntigymnasiet.se\/eskilstuna\/?page_id=199"},"modified":"2024-11-19T16:16:27","modified_gmt":"2024-11-19T15:16:27","slug":"rektorn-har-ordet","status":"publish","type":"page","link":"https:\/\/ntigymnasiet.se\/eskilstuna\/var-skola\/rektorn-har-ordet\/","title":{"rendered":"Rektorn har ordet"},"content":{"rendered":"\n\t\n\t\n\t\n\n\n\t\n\t\t\n<section  class=\"c-block l-stacked  \" data-color-scheme=\"vit\">\n\t<div class=\"ams-fifty ams-fifty--container ams-fifty--right ams-fifty--bottom l-container u-pt-fluid-3xl-6xl u-pb-fluid-3xl-6xl\">\n\t\t<div class=\"ams-fifty__content l-stack l-stack-xl is-left@lg\">\n\t\t\t<div class=\"ams-fifty__text l-stack l-stack-lg\">\n\t\t\t\t\t\n\t<h1\n\tclass=\"c-heading u-font-title-1 \"\n\tstyle=\"\">\n\t\t\n\t\t\t\t\tRektorn har ordet\n\t\t\t\t\n\t<\/h1>\n\n\t\t\t\t\t\t\t\t\t<div class=\"text l-stack u-font-body\">\n\t\t\t\t\t\t<p>V\u00e4lkommen till NTI Gymnasiet Eskilstuna, gymnasiet f\u00f6r dig som vill vara med och skapa och leda den digitala utvecklingen i samh\u00e4llet! NTI Gymnasiet \u00e4r Sveriges ledande gymnasieskola inom tech, science och IT. I \u00f6ver 20 orter runt om i landet g\u00f6r v\u00e5ra elever sig redo f\u00f6r en digital v\u00e4rld i snabb f\u00f6r\u00e4ndring.<\/p>\n\n\t\t\t\t\t<\/div>\n\t\t\t\t\t\t\t<\/div>\n\n\t\t\t\t\t<\/div>\n\n\t\t <div class=\"ams-fifty__media u-ratio-square\">\n\t\t \t\t\t\t\t<img decoding=\"async\" width=\"500\" height=\"700\" src=\"https:\/\/ntigymnasiet.se\/wp-content\/uploads\/sites\/4\/2023\/05\/magnus-jangerud500x7002f4e695e79bd0a115fd61f18b871b66c.jpeg\" class=\"attachment-md size-md\" alt=\"Magnus-Jangerud.\" sizes=\"(min-width: 64em) 600px, calc(100vw - 160px)\" srcset=\"https:\/\/ntigymnasiet.se\/wp-content\/uploads\/sites\/4\/2023\/05\/magnus-jangerud500x7002f4e695e79bd0a115fd61f18b871b66c.jpeg 500w, https:\/\/ntigymnasiet.se\/wp-content\/uploads\/sites\/4\/2023\/05\/magnus-jangerud500x7002f4e695e79bd0a115fd61f18b871b66c-300x420.jpeg 300w, https:\/\/ntigymnasiet.se\/wp-content\/uploads\/sites\/4\/2023\/05\/magnus-jangerud500x7002f4e695e79bd0a115fd61f18b871b66c-400x560.jpeg 400w\" \/>\n\t\t\t\n\t\t\t\n\t\t\t\t\t<\/div>\n\t<\/div>\n\n\t\t\n\n<\/section>\n\n\n\n\n<section  class=\"ams-quote c-block l-stacked\" data-color-scheme=\"vit-2-pa-mork-bakgrund\">\n\t<div class=\"l-container l-stack l-stack-fluid-2xl u-pt-fluid-3xl-6xl u-pb-fluid-3xl-6xl is-center is-center@md\">\n\t\t\n\t\t\t\t\t<ul class=\"ams-quote__list l-grid u-gap-fluid-2xl-4xl u-justify-center\"\n\taria-label=\"Citat\">\n\t\t\t<li class=\"l-col-12@md\">\n\t\t\t<article class=\"c-card\" data-variant=\"neutral\" >\n\t\t\t\t<div class=\"c-card__content l-stack u-text-center\">\n\t\t\t\t\t\t\t\t\t\t\t<blockquote class=\"c-card__title u-font-title-1\">\n\t\t\t\t\t\t\t\t\t\t\t\t\t\t\t<p class=\"u-quote-marks\">Alla m\u00e4nniskor m\u00e5r bra av utveckling, att ha en god gemenskap och att g\u00f6ra saker som de upplever som meningsfulla. <\/p>\n\t\t\t\t\t\t\t\t\t\t\t\t\t<\/blockquote>\n\t\t\t\t\t\n\t\t\t\t\t\t\t\t\t\t\t<p class=\"c-card__text\">\n\t\t\t\t\t\t\t<span class=\"author u-font-body\">Magnus Jangerud, rektor<\/span>\n\t\t\t\t\t\t\t<span class=\"title u-font-body\">NTI Gymnasiet Eskilstuna<\/span>\n\t\t\t\t\t\t<\/p>\n\t\t\t\t\t\t\t\t\t<\/div>\n\n\t\t\t\t\t\t\t<\/article>\n\t\t<\/li>\n\t<\/ul>\n\t\n\t\t\t<\/div>\n\n\t\t\n\t\t\t\n\t\t\t\t\t\t\t\n\t\t\t\t<div class=\"c-bg c-bg--img\" data-settings=\"{&quot;desktop_settings&quot;:{&quot;size&quot;:&quot;cover&quot;,&quot;position&quot;:&quot;middle-center&quot;},&quot;mobile_settings&quot;:{&quot;size&quot;:&quot;cover&quot;,&quot;position&quot;:&quot;middle-center&quot;}}\" data-position=\"middle-center\" data-size=\"cover\">\n\t\t\t<img decoding=\"async\" width=\"1920\" height=\"1080\" src=\"https:\/\/ntigymnasiet.se\/wp-content\/uploads\/sites\/4\/2023\/05\/ntitechbgsvagacirklar3-15.jpg\" class=\"attachment-hero-lg size-hero-lg\" alt=\"Lila bild.\" sizes=\"(max-width: 1920px) 100vw, 1920px\" srcset=\"https:\/\/ntigymnasiet.se\/wp-content\/uploads\/sites\/4\/2023\/05\/ntitechbgsvagacirklar3-15.jpg 1920w, https:\/\/ntigymnasiet.se\/wp-content\/uploads\/sites\/4\/2023\/05\/ntitechbgsvagacirklar3-15-300x169.jpg 300w, https:\/\/ntigymnasiet.se\/wp-content\/uploads\/sites\/4\/2023\/05\/ntitechbgsvagacirklar3-15-1024x576.jpg 1024w, https:\/\/ntigymnasiet.se\/wp-content\/uploads\/sites\/4\/2023\/05\/ntitechbgsvagacirklar3-15-768x432.jpg 768w, https:\/\/ntigymnasiet.se\/wp-content\/uploads\/sites\/4\/2023\/05\/ntitechbgsvagacirklar3-15-1536x864.jpg 1536w, https:\/\/ntigymnasiet.se\/wp-content\/uploads\/sites\/4\/2023\/05\/ntitechbgsvagacirklar3-15-500x281.jpg 500w, https:\/\/ntigymnasiet.se\/wp-content\/uploads\/sites\/4\/2023\/05\/ntitechbgsvagacirklar3-15-340x191.jpg 340w, https:\/\/ntigymnasiet.se\/wp-content\/uploads\/sites\/4\/2023\/05\/ntitechbgsvagacirklar3-15-1100x620.jpg 1100w, https:\/\/ntigymnasiet.se\/wp-content\/uploads\/sites\/4\/2023\/05\/ntitechbgsvagacirklar3-15-1000x563.jpg 1000w, https:\/\/ntigymnasiet.se\/wp-content\/uploads\/sites\/4\/2023\/05\/ntitechbgsvagacirklar3-15-1200x675.jpg 1200w, https:\/\/ntigymnasiet.se\/wp-content\/uploads\/sites\/4\/2023\/05\/ntitechbgsvagacirklar3-15-600x338.jpg 600w, https:\/\/ntigymnasiet.se\/wp-content\/uploads\/sites\/4\/2023\/05\/ntitechbgsvagacirklar3-15-400x225.jpg 400w\" \/>\n\t\t<\/div>\n\t\n<\/section>\n\n\n\n<div class=\"wp-block-group is-style-narrow is-layout-flow wp-block-group-is-layout-flow\">\n<h2 class=\"wp-block-heading\">Gemenskap och framg\u00e5ng<\/h2>\n\n\n\n<p>Det viktigaste f\u00f6r mig som rektor \u00e4r att hela tiden str\u00e4va efter att skapa de b\u00e4sta f\u00f6ruts\u00e4ttningarna f\u00f6r att skolans medarbetare och elever ska lyckas i sina arbeten och studier. Alla m\u00e4nniskor m\u00e5r bra av utveckling, att ha en god gemenskap och att g\u00f6ra saker som de upplever som meningsfulla. Det \u00e4r naturligt, och d\u00e5 \u00e4r det mitt arbete att f\u00f6rs\u00f6ka skapa f\u00f6ruts\u00e4ttningar f\u00f6r det.<\/p>\n\n\n\n<h2 class=\"wp-block-heading\">Utbildning f\u00f6r utveckling<\/h2>\n\n\n\n<p>Kunskap och utveckling \u00e4r s\u00e5 v\u00e4ldigt viktigt och skolans vision om att utbilda eleverna f\u00f6r att kunna leda och navigera i en digitaliserad framtid forts\u00e4tter att bli allt viktigare sett till hur samh\u00e4llet och v\u00e4rlden utvecklas.<\/p>\n\n\n\n<h2 class=\"wp-block-heading\">Trygghet och trivsel<\/h2>\n\n\n\n<p>Skolan \u00e4r en social verksamhet d\u00e4r jag och skolans medarbetare hela tiden str\u00e4var mot att f\u00f6rs\u00f6ka skapa en s\u00e5 bra st\u00e4mning och goda relationer som m\u00f6jligt p\u00e5 skolan. Skolan pr\u00e4glas av en familj\u00e4r k\u00e4nsla med h\u00f6g trygghet och trivsel, och som elev \u00e4r det viktigt att k\u00e4nna sig sedd och bekr\u00e4ftad f\u00f6r den du \u00e4r!<\/p>\n\n\n\n<p>Det finns m\u00e5nga v\u00e4gar att v\u00e4lja i livet, och vi hoppas att vi kan vara en v\u00e4g mot din framtid och hj\u00e4lpa dig att utvecklas!<\/p>\n\n\n\n<p>Varmt v\u00e4lkommen till oss p\u00e5 NTI Gymnasiet i Eskilstuna!<\/p>\n<\/div>\n\n\n\n<section \n\t\t class=\"\n\t\t ams-contact\n\t\t \n\t\t c-block l-stacked\n\t\t \n\t\t \n\t\t js-load-more\n\t\t \"\n\t\t data-color-scheme=\"usp-gra-bakgrund\"\n\t\t\t\t\tdata-count=\"3\"\n\t\t\t\t\t\t\tdata-count-mobile=\"2\"\n\t\t\t\t>\n\t<div\n\t\t class=\"\n\t\t l-container\n\t\t l-stack l-stack-fluid-2xl\n\t\t u-pt-fluid-3xl-6xl\n\t\t u-pb-fluid-3xl-6xl\n\t\t is-center\n\t\t is-center@md\n\t\t \">\n\t\t\t\t\t<div class=\"ams-contact__intro l-stack l-stack-lg\">\n\t\t\t\t\t\n\t<h2\n\tclass=\"c-heading u-font-title-1 \"\n\tstyle=\"\">\n\t\t\n\t\t\t\t\tKontakt\n\t\t\t\t\n\t<\/h2>\n\n\t\t\t\t\t\t\t<\/div>\n\t\t\n\t\t\n\t\t    \t\n\t\t\n\t\t<ul\n\t\t\tid=\"contact-grid-69f47edc054cd\"\n\t\t\tclass=\"ams-contact__list l-grid u-gap-fluid-2xl-4xl u-justify-center js-results \"\n\t\t\taria-label=\"Kontakter\"\n\t\t\tdata-filter-animation=\"off\"\n\t\t\t>\n\t\t\t\t\t\t\t\t\t\t\t\n\t\t\t\t\n\t\t\t\t<li class=\"l-col-6@md l-col-4@lg \" data-filter=\"ledning\">\n\t\t\t\t\t<article class=\"c-card \" data-variant=\"neutral\">\n\t\t\t\t\t\t<div class=\"c-card__content u-text-center\">\n\t\t\t\t\t\t\t\t\t\t\t\t\t\t\t<h3 class=\"c-card__title u-font-title-3\">\n\t\t\t\t\t\t\t\t\tMagnus Jangerud\n\t\t\t\t\t\t\t\t<\/h3>\n\t\t\t\t\t\t\t\n\t\t\t\t\t\t\t\t\t\t\t\t\t\t\t<p class=\"position u-font-body\">Rektor<\/p>\n\t\t\t\t\t\t\t\n\t\t\t\t\t\t\t\t\t\t\t\t\t\t\t<div class=\"contact-info u-font-body\">\n\t\t\t\t\t\t\t\t\t\t\t\t\t\t\t\t\t\t\t\t\t\t\t\t\t\t\t\t\t\t<p class=\"phone\"><a\n\t\t\t\t\t\t\t\t\t\t\t\t\thref=\"tel:016108144\"\n\t\t\t\t\t\t\t\t\t\t\t\t\tclass=\"u-text-link\">016-10 81 44<\/a>\n\t\t\t\t\t\t\t\t\t\t\t<\/p>\n\t\t\t\t\t\t\t\t\t\t\t\t\t\t\t\t\t\t\t\n\t\t\t\t\t\t\t\t\t\t\t\t\t\t\t\t\t\t\t\t\t\t\t\t\t\t\t\t\t\t<p class=\"email\"><a\n\t\t\t\t\t\t\t\t\t\t\t\t\thref=\"mai&#108;&#116;o&#058;m&#097;g&#110;u&#115;.jang&#101;&#114;u&#100;&#064;n&#116;&#105;&#103;.s&#101;\"\n\t\t\t\t\t\t\t\t\t\t\t\t\tclass=\"u-text-link\">&#109;&#097;&#103;nu&#115;&#046;&#106;an&#103;&#101;r&#117;&#100;&#064;&#110;tig.se<\/a>\n\t\t\t\t\t\t\t\t\t\t\t<\/p>\n\t\t\t\t\t\t\t\t\t\t\t\t\t\t\t\t\t\t\t\t\t\t\t\t\t\t\t<\/div>\n\t\t\t\t\t\t\t\n\t\t\t\t\t\t\t\t\t\t\t\t\t<\/div>\n\t\t\t\t\t\t<div class=\"c-card__media\">\n\t\t\t\t\t\t\t\t\t\t\t\t\t\t\t\t\t\t\t\t\t\t\t\t\t\t\t\t\t\t\t\t\t\t\t\t\t\t\t\t\t\t\t\t\t\t\t\t\t<img decoding=\"async\" width=\"382\" height=\"419\" src=\"https:\/\/ntigymnasiet.se\/wp-content\/uploads\/sites\/4\/2023\/05\/mange-e1692709222564.jpg\" class=\"u-radius-round u-ratio-landscape  \" alt=\"Magnus Jangerud - Rektor.\" sizes=\"(max-width: 300px) 100vw, 300px\" srcset=\"https:\/\/ntigymnasiet.se\/wp-content\/uploads\/sites\/4\/2023\/05\/mange-e1692709222564.jpg 382w, https:\/\/ntigymnasiet.se\/wp-content\/uploads\/sites\/4\/2023\/05\/mange-e1692709222564-300x329.jpg 300w\" \/>\n\t\t\t\t\t\t<\/div>\n\t\t\t\t\t<\/article>\n\t\t\t\t<\/li>\n\t\t\t\t\t<\/ul>\n\n\t\t\n\t\t    <div class=\"ams-contact__more u-inline-items js-load-more-btn\">\n        <button href=\"#\"\n                class=\"c-btn\"\n                data-style=\"rounded\"\n                data-size=\"md\"\n                data-width=\"full-mobile\"\n                data-variant=\"outline\">\n        \tVisa mer\n        <\/button>\n    <\/div>\n\n\t\t\t<\/div>\n\n\t\t\n\n<\/section>\n\n\n\n\n<section  class=\"ams-cta ams-cta--stacked c-block l-stacked\" data-color-scheme=\"vit\">\n\t<div class=\"l-container-narrow l-stack l-stack-fluid-2xl u-pt-fluid-3xl-6xl u-pb-fluid-3xl-6xl is-center is-center@md\">\n\t\t\t\t\t<div class=\"ams-cta__intro l-stack l-stack-lg\">\n\t\t\t\t\t\n\t<h2\n\tclass=\"c-heading u-font-title-1 \"\n\tstyle=\"\">\n\t\t\n\t\t\t\t\tVill du veta mer om oss?\n\t\t\t\t\n\t<\/h2>\n\n\t\t\t\t\t\t\t<\/div>\n\t\t\n\t\t\n\t\t\t<div class=\"ams-cta__action u-inline-items\">\n\t\t\t\t\t\t\t\n\n\n<a href=\"https:\/\/ntigymnasiet.se\/eskilstuna\/var-skola\/\"\n\t\n\tclass=\"c-btn \"\n\tdata-style=\"rounded\"\n\tdata-size=\"md\"\n\tdata-width=\"full-mobile\"\n\tdata-variant=\"default\"\n\ttarget=\"_self\">\n\t\t\t<span class=\"label\"> L\u00e4s mer om oss<\/span>\n\t\t\t<\/a>\n\t\t\t<\/div>\n\t<\/div>\n\n\t\t\n\n<\/section>\n","protected":false},"excerpt":{"rendered":"<p>Gemenskap och framg\u00e5ng Det viktigaste f\u00f6r mig som rektor \u00e4r att hela tiden str\u00e4va efter att skapa de b\u00e4sta f\u00f6ruts\u00e4ttningarna f\u00f6r att skolans medarbetare och elever ska lyckas i sina arbeten och studier. Alla m\u00e4nniskor m\u00e5r bra av utveckling, att ha en god gemenskap och att g\u00f6ra saker som de upplever som meningsfulla. Det \u00e4r&#8230;<\/p>\n","protected":false},"author":4,"featured_media":0,"parent":191,"menu_order":0,"comment_status":"closed","ping_status":"closed","template":"","meta":{"footnotes":""},"yoast_head":"<!-- This site is optimized with the Yoast SEO plugin v22.0 - https:\/\/yoast.com\/wordpress\/plugins\/seo\/ -->\n<title>Rektorn har ordet - NTI Gymnasiet Eskilstuna<\/title>\n<meta name=\"description\" content=\"V\u00e4lkommen till NTI Gymnasiet Eskilstuna, gymnasiet f\u00f6r dig som vill vara med och skapa och leda den digitala utvecklingen i samh\u00e4llet!\" \/>\n<meta name=\"robots\" content=\"index, follow, max-snippet:-1, max-image-preview:large, max-video-preview:-1\" \/>\n<link rel=\"canonical\" href=\"https:\/\/ntigymnasiet.se\/eskilstuna\/var-skola\/rektorn-har-ordet\/\" \/>\n<meta property=\"og:locale\" content=\"sv_SE\" \/>\n<meta property=\"og:type\" content=\"article\" \/>\n<meta property=\"og:title\" content=\"Rektorn har ordet - NTI Gymnasiet Eskilstuna\" \/>\n<meta property=\"og:description\" content=\"V\u00e4lkommen till NTI Gymnasiet Eskilstuna, gymnasiet f\u00f6r dig som vill vara med och skapa och leda den digitala utvecklingen i samh\u00e4llet!\" \/>\n<meta property=\"og:url\" content=\"https:\/\/ntigymnasiet.se\/eskilstuna\/var-skola\/rektorn-har-ordet\/\" \/>\n<meta property=\"og:site_name\" content=\"Eskilstuna\" \/>\n<meta property=\"article:modified_time\" content=\"2024-11-19T15:16:27+00:00\" \/>\n<meta name=\"twitter:card\" content=\"summary_large_image\" \/>\n<meta name=\"twitter:title\" content=\"Rektorn har ordet - NTI Gymnasiet Eskilstuna\" \/>\n<meta name=\"twitter:description\" content=\"V\u00e4lkommen till NTI Gymnasiet Eskilstuna, gymnasiet f\u00f6r dig som vill vara med och skapa och leda den digitala utvecklingen i samh\u00e4llet!\" \/>\n<meta name=\"twitter:label1\" content=\"Est. reading time\" \/>\n\t<meta name=\"twitter:data1\" content=\"2 minuter\" \/>\n<script type=\"application\/ld+json\" class=\"yoast-schema-graph\">{\"@context\":\"https:\/\/schema.org\",\"@graph\":[{\"@type\":\"WebPage\",\"@id\":\"https:\/\/ntigymnasiet.se\/eskilstuna\/var-skola\/rektorn-har-ordet\/\",\"url\":\"https:\/\/ntigymnasiet.se\/eskilstuna\/var-skola\/rektorn-har-ordet\/\",\"name\":\"Rektorn har ordet - NTI Gymnasiet Eskilstuna\",\"isPartOf\":{\"@id\":\"https:\/\/ntigymnasiet.se\/eskilstuna\/#website\"},\"datePublished\":\"2023-03-31T14:52:25+00:00\",\"dateModified\":\"2024-11-19T15:16:27+00:00\",\"description\":\"V\u00e4lkommen till NTI Gymnasiet Eskilstuna, gymnasiet f\u00f6r dig som vill vara med och skapa och leda den digitala utvecklingen i samh\u00e4llet!\",\"breadcrumb\":{\"@id\":\"https:\/\/ntigymnasiet.se\/eskilstuna\/var-skola\/rektorn-har-ordet\/#breadcrumb\"},\"inLanguage\":\"sv-SE\",\"potentialAction\":[{\"@type\":\"ReadAction\",\"target\":[\"https:\/\/ntigymnasiet.se\/eskilstuna\/var-skola\/rektorn-har-ordet\/\"]}]},{\"@type\":\"BreadcrumbList\",\"@id\":\"https:\/\/ntigymnasiet.se\/eskilstuna\/var-skola\/rektorn-har-ordet\/#breadcrumb\",\"itemListElement\":[{\"@type\":\"ListItem\",\"position\":1,\"name\":\"Start\",\"item\":\"https:\/\/ntigymnasiet.se\/eskilstuna\/\"},{\"@type\":\"ListItem\",\"position\":2,\"name\":\"V\u00e5r skola\",\"item\":\"https:\/\/ntigymnasiet.se\/eskilstuna\/var-skola\/\"},{\"@type\":\"ListItem\",\"position\":3,\"name\":\"Rektorn har ordet\"}]},{\"@type\":\"WebSite\",\"@id\":\"https:\/\/ntigymnasiet.se\/eskilstuna\/#website\",\"url\":\"https:\/\/ntigymnasiet.se\/eskilstuna\/\",\"name\":\"Eskilstuna\",\"description\":\"Just another WordPress site\",\"potentialAction\":[{\"@type\":\"SearchAction\",\"target\":{\"@type\":\"EntryPoint\",\"urlTemplate\":\"https:\/\/ntigymnasiet.se\/eskilstuna\/?s={search_term_string}\"},\"query-input\":\"required name=search_term_string\"}],\"inLanguage\":\"sv-SE\"}]}<\/script>\n<!-- \/ Yoast SEO plugin. -->","yoast_head_json":{"title":"Rektorn har ordet - NTI Gymnasiet Eskilstuna","description":"V\u00e4lkommen till NTI Gymnasiet Eskilstuna, gymnasiet f\u00f6r dig som vill vara med och skapa och leda den digitala utvecklingen i samh\u00e4llet!","robots":{"index":"index","follow":"follow","max-snippet":"max-snippet:-1","max-image-preview":"max-image-preview:large","max-video-preview":"max-video-preview:-1"},"canonical":"https:\/\/ntigymnasiet.se\/eskilstuna\/var-skola\/rektorn-har-ordet\/","og_locale":"sv_SE","og_type":"article","og_title":"Rektorn har ordet - NTI Gymnasiet Eskilstuna","og_description":"V\u00e4lkommen till NTI Gymnasiet Eskilstuna, gymnasiet f\u00f6r dig som vill vara med och skapa och leda den digitala utvecklingen i samh\u00e4llet!","og_url":"https:\/\/ntigymnasiet.se\/eskilstuna\/var-skola\/rektorn-har-ordet\/","og_site_name":"Eskilstuna","article_modified_time":"2024-11-19T15:16:27+00:00","twitter_card":"summary_large_image","twitter_title":"Rektorn har ordet - NTI Gymnasiet Eskilstuna","twitter_description":"V\u00e4lkommen till NTI Gymnasiet Eskilstuna, gymnasiet f\u00f6r dig som vill vara med och skapa och leda den digitala utvecklingen i samh\u00e4llet!","twitter_misc":{"Est. reading time":"2 minuter"},"schema":{"@context":"https:\/\/schema.org","@graph":[{"@type":"WebPage","@id":"https:\/\/ntigymnasiet.se\/eskilstuna\/var-skola\/rektorn-har-ordet\/","url":"https:\/\/ntigymnasiet.se\/eskilstuna\/var-skola\/rektorn-har-ordet\/","name":"Rektorn har ordet - NTI Gymnasiet Eskilstuna","isPartOf":{"@id":"https:\/\/ntigymnasiet.se\/eskilstuna\/#website"},"datePublished":"2023-03-31T14:52:25+00:00","dateModified":"2024-11-19T15:16:27+00:00","description":"V\u00e4lkommen till NTI Gymnasiet Eskilstuna, gymnasiet f\u00f6r dig som vill vara med och skapa och leda den digitala utvecklingen i samh\u00e4llet!","breadcrumb":{"@id":"https:\/\/ntigymnasiet.se\/eskilstuna\/var-skola\/rektorn-har-ordet\/#breadcrumb"},"inLanguage":"sv-SE","potentialAction":[{"@type":"ReadAction","target":["https:\/\/ntigymnasiet.se\/eskilstuna\/var-skola\/rektorn-har-ordet\/"]}]},{"@type":"BreadcrumbList","@id":"https:\/\/ntigymnasiet.se\/eskilstuna\/var-skola\/rektorn-har-ordet\/#breadcrumb","itemListElement":[{"@type":"ListItem","position":1,"name":"Start","item":"https:\/\/ntigymnasiet.se\/eskilstuna\/"},{"@type":"ListItem","position":2,"name":"V\u00e5r skola","item":"https:\/\/ntigymnasiet.se\/eskilstuna\/var-skola\/"},{"@type":"ListItem","position":3,"name":"Rektorn har ordet"}]},{"@type":"WebSite","@id":"https:\/\/ntigymnasiet.se\/eskilstuna\/#website","url":"https:\/\/ntigymnasiet.se\/eskilstuna\/","name":"Eskilstuna","description":"Just another WordPress site","potentialAction":[{"@type":"SearchAction","target":{"@type":"EntryPoint","urlTemplate":"https:\/\/ntigymnasiet.se\/eskilstuna\/?s={search_term_string}"},"query-input":"required name=search_term_string"}],"inLanguage":"sv-SE"}]}},"_links":{"self":[{"href":"https:\/\/ntigymnasiet.se\/eskilstuna\/wp-json\/wp\/v2\/pages\/199"}],"collection":[{"href":"https:\/\/ntigymnasiet.se\/eskilstuna\/wp-json\/wp\/v2\/pages"}],"about":[{"href":"https:\/\/ntigymnasiet.se\/eskilstuna\/wp-json\/wp\/v2\/types\/page"}],"author":[{"embeddable":true,"href":"https:\/\/ntigymnasiet.se\/eskilstuna\/wp-json\/wp\/v2\/users\/4"}],"replies":[{"embeddable":true,"href":"https:\/\/ntigymnasiet.se\/eskilstuna\/wp-json\/wp\/v2\/comments?post=199"}],"version-history":[{"count":10,"href":"https:\/\/ntigymnasiet.se\/eskilstuna\/wp-json\/wp\/v2\/pages\/199\/revisions"}],"predecessor-version":[{"id":1642,"href":"https:\/\/ntigymnasiet.se\/eskilstuna\/wp-json\/wp\/v2\/pages\/199\/revisions\/1642"}],"up":[{"embeddable":true,"href":"https:\/\/ntigymnasiet.se\/eskilstuna\/wp-json\/wp\/v2\/pages\/191"}],"wp:attachment":[{"href":"https:\/\/ntigymnasiet.se\/eskilstuna\/wp-json\/wp\/v2\/media?parent=199"}],"curies":[{"name":"wp","href":"https:\/\/api.w.org\/{rel}","templated":true}]}}