{"id":951,"date":"2023-05-12T14:12:12","date_gmt":"2023-05-12T12:12:12","guid":{"rendered":""},"modified":"2025-11-26T15:10:41","modified_gmt":"2025-11-26T14:10:41","slug":"estetik-och-media","status":"publish","type":"program_orientation","link":"https:\/\/ntigymnasiet.se\/eskilstuna\/program\/estetiska-programmet\/estetik-och-media\/","title":{"rendered":"Estetik och media"},"content":{"rendered":"\n\t\n\t\n\t\n\t\n\t\n\n<section \n\tclass=\"ams-hero ams-hero--classic ams-hero--75 c-block l-stacked  \"\n\tdata-color-scheme=\"vit-2-pa-mork-bakgrund\"\n\tstyle=\"\">\n\t<div class=\"ams-hero__container u-items-center u-justify-center\">\n\t\t<div\n\t\t\tclass=\"ams-hero__content l-stack l-stack-xl is-center is-center@md\" >\n\t\t\t<div class=\"l-stack l-stack-lg\">\n\t\t\t\t\t\n\t<h1\n\tclass=\"c-heading u-font-title-1 \"\n\tstyle=\"\">\n\t\t\n\t\t\t\t\t\t\t\t\tEstetik och media p\u00e5 NTI Eskilstuna\n\t\t\t\t<span class=\"c-heading__sub is-below u-font-title-3\">\n\t\t\t\t\tEstetiska programmet\n\t\t\t\t<\/span>\n\t\t\t\t\t\t\t\n\t<\/h1>\n\n\t\t\t\t\t\t\t<\/div>\n\n\t\t\t\t<div class=\"ams-hero__action u-inline-items\">\n\t\t\t\t\t\t\t\n\n\n<a href=\"https:\/\/ntigymnasiet.se\/eskilstuna\/program\/estetiska-programmet\/estetik-och-media\/#kurser\"\n\t\n\tclass=\"c-btn \"\n\tdata-style=\"rounded\"\n\tdata-size=\"md\"\n\tdata-width=\"full-mobile\"\n\tdata-variant=\"default\"\n\ttarget=\"_self\">\n\t\t\t<span class=\"label\"> Se kurser<\/span>\n\t\t\t<\/a>\n\t\t\t<\/div>\n\t\t<\/div>\n\t<\/div>\n\n\t\n\t\t\t\n\t\t\t\t\t\t\t\n\t\t\t\t<div class=\"c-bg c-bg--img\" data-settings=\"{&quot;desktop_settings&quot;:{&quot;size&quot;:&quot;cover&quot;,&quot;position&quot;:&quot;middle-center&quot;},&quot;mobile_settings&quot;:{&quot;size&quot;:&quot;cover&quot;,&quot;position&quot;:&quot;middle-center&quot;}}\" data-position=\"middle-center\" data-size=\"cover\">\n\t\t\t<img decoding=\"async\" width=\"1920\" height=\"1080\" src=\"https:\/\/ntigymnasiet.se\/wp-content\/uploads\/sites\/4\/2023\/05\/nti-designprogram-estet-estetik-och-media.jpg\" class=\"attachment-hero-lg size-hero-lg\" alt=\"Tjej sitter framf\u00f6r tv\u00e5 datorsk\u00e4rmar.\" sizes=\"(max-width: 1920px) 100vw, 1920px\" srcset=\"https:\/\/ntigymnasiet.se\/wp-content\/uploads\/sites\/4\/2023\/05\/nti-designprogram-estet-estetik-och-media.jpg 1920w, https:\/\/ntigymnasiet.se\/wp-content\/uploads\/sites\/4\/2023\/05\/nti-designprogram-estet-estetik-och-media-300x169.jpg 300w, https:\/\/ntigymnasiet.se\/wp-content\/uploads\/sites\/4\/2023\/05\/nti-designprogram-estet-estetik-och-media-400x225.jpg 400w, https:\/\/ntigymnasiet.se\/wp-content\/uploads\/sites\/4\/2023\/05\/nti-designprogram-estet-estetik-och-media-600x338.jpg 600w, https:\/\/ntigymnasiet.se\/wp-content\/uploads\/sites\/4\/2023\/05\/nti-designprogram-estet-estetik-och-media-800x450.jpg 800w, https:\/\/ntigymnasiet.se\/wp-content\/uploads\/sites\/4\/2023\/05\/nti-designprogram-estet-estetik-och-media-1024x576.jpg 1024w, https:\/\/ntigymnasiet.se\/wp-content\/uploads\/sites\/4\/2023\/05\/nti-designprogram-estet-estetik-och-media-1200x675.jpg 1200w\" \/>\n\t\t<\/div>\n\t\n\t<div class=\"c-overlay\" style=\"--overlay-bg: rgba(0,0,0,0.4);\"><\/div>\n<\/section>\n\n\n\n<div class=\"wp-block-columns is-layout-flex wp-container-core-columns-layout-1 wp-block-columns-is-layout-flex\">\n<div class=\"wp-block-column is-layout-flow wp-block-column-is-layout-flow\" style=\"flex-basis:55%\">\t\n\t<h2\n\t\n\tclass=\"\n\tc-heading c-heading--icon\n\tu-font-title-2\n\t\n\t\n\t\n\tc-heading--left\n\tc-heading--left@md\n\t\"\n\tdata-color-scheme=\"vit\"\n\tstyle=\"\">\n\t\t\t\t\t<span class=\"text\">Vill du skapa digital design och utvecklas kreativt?<\/span>\n\t\t\t<\/h2>\n\n\n\n<div style=\"height:10px\" aria-hidden=\"true\" class=\"wp-block-spacer\"><\/div>\n\n\n\n<p   class=\"site__ingress container text-left  site__text-color--dark  site__free_text--ingress p-0\">\n\tP\u00e5 estetiska programmet p\u00e5 v\u00e5rt gymnasium i Eskilstuna f\u00e5r du skapa allt fr\u00e5n grafisk design till r\u00f6rlig bild och ljud med hj\u00e4lp av moderna digitala verktyg. Samtidigt som du f\u00e5r h\u00f6gskolebeh\u00f6righet.<\/p>\n\n\n\n\n\n<h2 class=\"wp-block-heading\">Estet p\u00e5 NTI Gymnasiet Eskilstuna<\/h2>\n\n\n\n<p>P\u00e5 detta program kan du \u00e4gna dig \u00e5t din passion samtidigt som du f\u00e5r h\u00f6gskolebeh\u00f6righet. Fokus \u00e4r p\u00e5 att utveckla ditt kreativa uttryck och \u00f6va din f\u00f6rm\u00e5ga att kommunicera genom olika digitala medier. Vi sammanf\u00f6r tradition med nyskapande inom medieproduktion och digital kreativitet. En stor del av programmet \u00e4r praktiskt. Du f\u00e5r chansen att skapa professionella produkter inom digital design som du sedan kan anv\u00e4nda i din personliga portfolio.<\/p>\n\n\n\n<h2 class=\"wp-block-heading\">Arbeta i skarpa projekt<\/h2>\n\n\n\n<p>Vi sammanf\u00f6r tradition med nyskapande inom medieproduktion och digital kreativitet. I skarpa projekt tillsammans med b\u00e5de interna och externa uppdragsgivare kommer du att designa allt fr\u00e5n logotyper och affischer till animerade filmer i program som Photoshop, Illustrator, InDesign och Premiere Pro. H\u00e4r f\u00e5r du l\u00e4ra dig om dagens medier och hur du b\u00e4st utnyttjar dem f\u00f6r att f\u00e5 fram ditt budskap. Du f\u00e5r ocks\u00e5 kunskap om programmering, webbutveckling och UX-design f\u00f6r att kunna skapa hemsidor eller interaktiva appar som inte bara \u00e4r snygga utan ocks\u00e5 logiska f\u00f6r anv\u00e4ndaren. L\u00e4s mer om <a href=\"https:\/\/ntigymnasiet.se\/eskilstuna\/program\/estetiska-programmet\/estetik-och-media\/#fordjupningar\">f\u00f6rdjupningen Motion Graphics h\u00e4r.<\/a><\/p>\n\n\n\n<h2 class=\"wp-block-heading\">Utvecklas kreativt<\/h2>\n\n\n\n<p>Vill du utveckla dina kreativa f\u00e4rdigheter \u00e4nnu mer har du chansen att certifiera dig inom Adobe Suiten. Detta ger dig bra meriter inf\u00f6r fortsatt arbete i branschen. Du kan \u00e4ven utveckla dina id\u00e9er, bygga prototyper och driva egna projekt i v\u00e5rt makerspace och fotostudio om du vill. D\u00e4r finns modern utrustning som alla elever f\u00e5r anv\u00e4nda f\u00f6r att b\u00e5de testa sj\u00e4lva och l\u00e4ra sig tillsammans.<\/p>\n<\/div>\n\n\n\n<div class=\"wp-block-column is-layout-flow wp-block-column-is-layout-flow\" style=\"flex-basis:15px\"><\/div>\n\n\n\n<div class=\"wp-block-column is-layout-flow wp-block-column-is-layout-flow\" style=\"flex-basis:33%\">\n\t<div class=\"module_wrapper ams_remote_pages_module \">\n\t\t<style>\n@media only screen and (min-width: 600px) {\n\t}\n@media only screen and (max-width: 600px) {\n\t}\n<\/style>\n<div   class=\"ams-fragor  site__secondary-bg--13   ams-fragor-giahrrzzzejczumqdosb\" >\n\t<p class=\"site__subheading-1  site__text-color--dark  u-mb-2xs\">\n\t\tOm programmet\t<\/p>\n   \t\t <div   class=\" site__text-color--dark  ams-fragor__namn\">\n\t\t\t\t\t\t<span class=\" \">\n\t\t\t\t\t\t\t<\/span>\n\t\t<\/div>\n\t\t<div   class=\" site__text-color--dark  ams-fragor__utbildning\">\n\t\t\t\t\t\t<span class=\" \">\n\t\t\t\t\t\t\t<\/span>\n\t\t<\/div>\n\t\t\t\t\t<ul>\n\t\t\t\t\t\t\t<li   class=\" site__text-color--dark  \" >\n\t\t\t\t\t<b>Program<\/b>:\t\t\t\t\t\t\t\t\t\t\t<span class=\"\">\n\t\t\t\t\t\t\tEstetiska programmet\t\t\t\t\t\t<\/span>\n\t\t\t\t\t\t\t\t\t<\/li>\n\t\t\t\t\t\t\t<li   class=\" site__text-color--dark  \" >\n\t\t\t\t\t<b>Inriktning<\/b>:\t\t\t\t\t\t\t\t\t\t\t<span class=\"\">\n\t\t\t\t\t\t\tEstetik och media\t\t\t\t\t\t<\/span>\n\t\t\t\t\t\t\t\t\t<\/li>\n\t\t\t\t\t\t\t<li   class=\" site__text-color--dark  \" >\n\t\t\t\t\t<b>Programtyp<\/b>:\t\t\t\t\t\t\t\t\t\t\t<span class=\"\">\n\t\t\t\t\t\t\tH\u00f6gskolef\u00f6rberedande\t\t\t\t\t\t<\/span>\n\t\t\t\t\t\t\t\t\t<\/li>\n\t\t\t\t\t\t\t<li   class=\" site__text-color--dark  \" >\n\t\t\t\t\t<b>Ans\u00f6kningskod<\/b>:\t\t\t\t\t\t\t\t\t\t\t<span class=\"\">\n\t\t\t\t\t\t\tESESM\t\t\t\t\t\t<\/span>\n\t\t\t\t\t\t\t\t\t<\/li>\n\t\t\t\t\t<\/ul>\n\t\t\t<\/div>\n<script>\n\tamsFragor = function() {\n\t\tvar w = window.innerWidth;\n\t\tvar siteMain = document.getElementsByClassName(\"site-main\")[0]\n\t\tif(typeof siteMain !== 'undefined'){\n\t\t\tvar testimonial = siteMain.getElementsByClassName(\"testimonial_header_module\")[0]\n\t\t\tif(typeof testimonial !== 'undefined'){\n\t\t\t\tvar amsFragor = document.getElementsByClassName(\"ams-fragor\")\n\t\t\t\tfor(var i = 0; i < amsFragor.length; i++){\n\t\t\t\t\tif(w > 769 ){\n\t\t\t\t\t\tamsFragor[i].setAttribute('style', \"margin-top: 50px\");\n\t\t\t\t\t}else{\n\t\t\t\t\t\tamsFragor[i].setAttribute('style', \"margin-top: 0px\");\n\t\t\t\t\t}\n\t\t\t\t}\n\t\t\t}\n\t\t}\n\t};\n\tamsFragor();\n\twindow.addEventListener(\"resize\", amsFragor);\n<\/script>\n\t\t\t\t\t<div class=\"container core-spacer\">\n\t\t\t\t\t\t<div class=\"row\">\n\t\t\t\t\t\t\t<div class=\"col-12\">\n\t\t\t\t\t\t\t\t\n<div style=\"height:30px\" aria-hidden=\"true\" class=\"wp-block-spacer\"><\/div>\n\t\t\t\t\t\t\t<\/div>\n\t\t\t\t\t\t<\/div>\n\t\t\t\t\t<\/div>\n\t\t\t\t\t<style>\n@media only screen and (min-width: 600px) {\n\t}\n@media only screen and (max-width: 600px) {\n\t}\n<\/style>\n<div   class=\"ams-fragor  site__primary-bg   ams-fragor-ebhpiucyeheytpjapovg\" >\n\t<p class=\"site__subheading-1  site__text-color--light  u-mb-2xs\">\n\t\tFramtida yrken\t<\/p>\n   \t\t <div   class=\" site__text-color--light  ams-fragor__namn\">\n\t\t\t\t\t\t<span class=\" \">\n\t\t\t\t\t\t\t<\/span>\n\t\t<\/div>\n\t\t<div   class=\" site__text-color--light  ams-fragor__utbildning\">\n\t\t\t\t\t\t<span class=\" \">\n\t\t\t\t\t\t\t<\/span>\n\t\t<\/div>\n\t\t\t\t\t<ul>\n\t\t\t\t\t\t\t<li   class=\" site__text-color--light  \" >\n\t\t\t\t\tTill exempel:\t\t\t\t\t\t\t\t\t\t\t<span class=\"\">\n\t\t\t\t\t\t\tdigital designer, grafisk designer, animat\u00f6r, illustrat\u00f6r, journalist, kommunikat\u00f6r, marknadsf\u00f6rare, videoproducent, webbdesigner, game designer\t\t\t\t\t\t<\/span>\n\t\t\t\t\t\t\t\t\t<\/li>\n\t\t\t\t\t<\/ul>\n\t\t\t<\/div>\n<script>\n\tamsFragor = function() {\n\t\tvar w = window.innerWidth;\n\t\tvar siteMain = document.getElementsByClassName(\"site-main\")[0]\n\t\tif(typeof siteMain !== 'undefined'){\n\t\t\tvar testimonial = siteMain.getElementsByClassName(\"testimonial_header_module\")[0]\n\t\t\tif(typeof testimonial !== 'undefined'){\n\t\t\t\tvar amsFragor = document.getElementsByClassName(\"ams-fragor\")\n\t\t\t\tfor(var i = 0; i < amsFragor.length; i++){\n\t\t\t\t\tif(w > 769 ){\n\t\t\t\t\t\tamsFragor[i].setAttribute('style', \"margin-top: 50px\");\n\t\t\t\t\t}else{\n\t\t\t\t\t\tamsFragor[i].setAttribute('style', \"margin-top: 0px\");\n\t\t\t\t\t}\n\t\t\t\t}\n\t\t\t}\n\t\t}\n\t};\n\tamsFragor();\n\twindow.addEventListener(\"resize\", amsFragor);\n<\/script>\n\t<\/div>\n\n\t<\/div>\n<\/div>\n\n\n\n\t\n\t\n\t\n\n\t\n\t\n\t\t\n<section  class=\"c-block l-stacked  \" data-color-scheme=\"light-grey\">\n\t<div class=\"ams-fifty ams-fifty--container ams-fifty--right ams-fifty--bottom l-container u-pt-fluid-3xl-6xl u-pb-fluid-3xl-6xl\">\n\t\t<div class=\"ams-fifty__content l-stack l-stack-xl is-center is-center@lg\">\n\t\t\t<div class=\"ams-fifty__text l-stack l-stack-lg\">\n\t\t\t\t\t\n\t<h2\n\tclass=\"c-heading u-font-title-1 \"\n\tstyle=\"\">\n\t\t\n\t\t\t\t\tSe v\u00e5r programfilm\n\t\t\t\t\n\t<\/h2>\n\n\t\t\t\t\t\t\t\t\t<div class=\"text l-stack u-font-body\">\n\t\t\t\t\t\t<p data-pm-slice=\"1 1 []\">I filmen f\u00e5r du h\u00f6ra v\u00e5ra egna elever ber\u00e4tta mer om programmet.<\/p>\n\n\t\t\t\t\t<\/div>\n\t\t\t\t\t\t\t<\/div>\n\n\t\t\t\t\t<\/div>\n\n\t\t <div class=\"ams-fifty__media u-ratio-widescreen\">\n\t\t \t\n\t\t\t\n\t\t\t\t\t\t\t<lite-youtube videoid=\"UmgDtBWaM-0\" style=\"background-image: url('https:\/\/i.ytimg.com\/vi\/UmgDtBWaM-0\/hqdefault.jpg');\">\n\t\t\t\t\t\t<button href=\"https:\/\/youtube.com\/watch?v=UmgDtBWaM-0\" class=\"lty-playbtn\" title=\"Play Video\">\n\t\t\t\t\t\t\t<span class=\"lyt-visually-hidden\">Play Video<\/span>\n\t\t\t\t\t\t<\/button>\n\t\t\t\t\t<\/lite-youtube>\n\t\t\t\t\t<\/div>\n\t<\/div>\n\n\t\t\n\n<\/section>\n\n\n\n\t\n\t\n\t\n\n\t\n\t\n\t\t\n<section  class=\"c-block l-stacked  \" data-color-scheme=\"vit\">\n\t<div class=\"ams-fifty ams-fifty--container ams-fifty--left ams-fifty--top l-container u-pt-fluid-3xl-6xl u-pb-fluid-3xl-6xl\">\n\t\t<div class=\"ams-fifty__content l-stack l-stack-xl is-left is-left@lg\">\n\t\t\t<div class=\"ams-fifty__text l-stack l-stack-lg\">\n\t\t\t\t\t\n\t<h2\n\tclass=\"c-heading u-font-title-1 \"\n\tstyle=\"\">\n\t\t\n\t\t\t\t\tGer programmet h\u00f6gskolebeh\u00f6righet?\n\t\t\t\t\n\t<\/h2>\n\n\t\t\t\t\t\t\t\t\t<div class=\"text l-stack u-font-body\">\n\t\t\t\t\t\t<p><span style=\"font-weight: 400;\">Ja, estetiska programmet \u00e4r h\u00f6gskolef\u00f6rberedande och passar dig som \u00e4r intresserad av att bli digital designer, grafisk designer eller animat\u00f6r. N\u00e4r det \u00e4r dags f\u00f6r steget efter gymnasiet kommer programmet ha gett dig en bred kunskap och f\u00f6rm\u00e5gan att snabbt kunna anpassa dig till den f\u00f6r\u00e4nderliga digitala v\u00e4rld vi lever i. En del elever s\u00f6ker jobb direkt, men det \u00e4r vanligt att studera vidare p\u00e5 h\u00f6gskola eller universitet inom till exempel design, media och kommunikation. Det \u00e4r ett brett omr\u00e5de med en m\u00e4ngd olika yrken och utbildningar.<\/span><\/p>\n<p class=\"p1\"><strong>Vill du veta mer om programmet? Bes\u00f6k oss p\u00e5 \u00f6ppet hus.<\/strong><\/p>\n\n\t\t\t\t\t<\/div>\n\t\t\t\t\t\t\t<\/div>\n\n\t\t\t\t<div class=\"ams-fifty__action u-inline-items\">\n\t\t\t\t\t\t\t\n\n\n<a href=\"https:\/\/ntigymnasiet.se\/eskilstuna\/oppet-hus\/\"\n\t\n\tclass=\"c-btn \"\n\tdata-style=\"rounded\"\n\tdata-size=\"md\"\n\tdata-width=\"full-mobile\"\n\tdata-variant=\"default\"\n\ttarget=\"_self\">\n\t\t\t<span class=\"label\"> G\u00e5 p\u00e5 \u00f6ppet hus<\/span>\n\t\t\t<\/a>\n\t\t\t<\/div>\n\t\t<\/div>\n\n\t\t <div class=\"ams-fifty__media u-ratio-square\">\n\t\t \t\t\t\t\t<img decoding=\"async\" width=\"600\" height=\"600\" src=\"https:\/\/ntigymnasiet.se\/wp-content\/uploads\/sites\/4\/2023\/05\/nti-estetik-media-design-estetiska-programmet-202204-600x600.png\" class=\"attachment-md size-md\" alt=\"Tjej och killer sitter vid ett bord och l\u00e4ser en tidning.\" sizes=\"(min-width: 64em) 600px, calc(100vw - 160px)\" srcset=\"https:\/\/ntigymnasiet.se\/wp-content\/uploads\/sites\/4\/2023\/05\/nti-estetik-media-design-estetiska-programmet-202204-600x600.png 600w, https:\/\/ntigymnasiet.se\/wp-content\/uploads\/sites\/4\/2023\/05\/nti-estetik-media-design-estetiska-programmet-202204-150x150.png 150w, https:\/\/ntigymnasiet.se\/wp-content\/uploads\/sites\/4\/2023\/05\/nti-estetik-media-design-estetiska-programmet-202204-300x300.png 300w, https:\/\/ntigymnasiet.se\/wp-content\/uploads\/sites\/4\/2023\/05\/nti-estetik-media-design-estetiska-programmet-202204-400x400.png 400w, https:\/\/ntigymnasiet.se\/wp-content\/uploads\/sites\/4\/2023\/05\/nti-estetik-media-design-estetiska-programmet-202204.png 700w\" \/>\n\t\t\t\n\t\t\t\n\t\t\t\t\t<\/div>\n\t<\/div>\n\n\t\t\n\t\t\t\n\t\t\t\t\t\t\t\n\t\t\t\t<div class=\"c-bg c-bg--img\" data-settings=\"{&quot;desktop_settings&quot;:{&quot;size&quot;:&quot;cover&quot;,&quot;position&quot;:&quot;middle-center&quot;},&quot;mobile_settings&quot;:{&quot;size&quot;:&quot;cover&quot;,&quot;position&quot;:&quot;middle-center&quot;}}\" data-position=\"middle-center\" data-size=\"cover\">\n\t\t\t\n\t\t<\/div>\n\t\n<\/section>\n\n\n\n\n<section id=\"fordjupningar\" class=\"ams-accordion c-block l-stacked\" data-color-scheme=\"nyans2_av_p2-hover-standard\">\n\t<div class=\"l-container l-stack l-stack-fluid-2xl u-pt-fluid-3xl-6xl u-pb-fluid-3xl-6xl is-center is-center@md\">\n\t\t\t\t\t<div class=\"ams-accordion__intro l-stack l-stack-lg\">\n\t\t\t\t\t\n\t<h2\n\tclass=\"c-heading u-font-title-1 \"\n\tstyle=\"\">\n\t\t\n\t\t\t\t\tF\u00f6rdjupningar\n\t\t\t\t\n\t<\/h2>\n\n\t\t\t\t\t\t\t<\/div>\n\t\t\n\t\t\t<div\n\t\tclass=\"module_wrapper ams-accordion_module\"\n\t>\n\t\t\t\t<ul\n\t\t\tclass=\"ams-accordion-list c-accordion\"\n\t\t\taria-label=\"Dragspel\"\n\t\t\tdata-variant=\"border-between\"\n\t\t>\n\n\t\t\t\t\t\t\t<li class=\"c-accordion__item\">\n\t\t\t\t\t<h3 class=\"c-accordion__header u-font-title-4\">\n\t\t\t\t\t\t\t\t\t\t\t\t<button class=\"c-accordion__trigger u-py-sm u-px-fluid-md-xl\">\n\t\t\t\t\t\t\t<span>Motion Graphics<\/span>\n\t\t\t\t\t\t\t<svg class=\"ams-icon ams-icon__arrow-down\" width=\"24\" height=\"24\" viewbox=\"0 0 24 24\" fill=\"currentColor\" aria-hidden=\"true\" xmlns=\"http:\/\/www.w3.org\/2000\/svg\">\n\t\t\t\t\t\t\t\t\t\t\t\t\t\t\t<path d=\"m11.2033 18.4294-10.872894-10.67584c-.440539-.42594-.440539-1.1147 0-1.54065l.665495-.64345c.440539-.42595 1.152899-.42595 1.593439 0l9.41066 9.27114 9.4107-9.26207c.4405-.42595 1.1529-.42595 1.5934 0l.6655.64345c.4405.42594.4405 1.1147 0 1.54065l-10.8729 10.67587c-.4405.4168-1.1529.4168-1.5934-.0091z\"\/>\n\t\t\t\t\t\t\n\t\t\t\t\t\t\t<\/svg>\n\t\t\t\t\t\t<\/button>\n\t\t\t\t\t<\/h3>\n\t\t\t\t\t<div class=\"c-accordion__body u-font-body\">\n\t\t\t\t\t\t<div class=\"c-accordion__body__inner u-p-fluid-md-xl l-stack\">\n\t\t\t\t\t\t\t<p>Genom 2D- och 3D-grafik f\u00e5r du hos oss g\u00f6ra snygga spel och filmeffekter i produktioner som efterliknar dem i industrin. Vi skissar, bygger upp och skapar i en digital milj\u00f6 med hj\u00e4lp av de programvaror som proffsen anv\u00e4nder.<\/p>\n\n\t\t\t\t\t\t<\/div>\n\t\t\t\t\t<\/div>\n\t\t\t\t<\/li>\n\t\t\t\t\t<\/ul>\n\t\t\t<\/div>\n\n\t\t\t<\/div>\n\n\t\t\n\n<\/section>\n\n\n\n\n<section  class=\"ams-quote c-block l-stacked\" data-color-scheme=\"vit-2-pa-mork-bakgrund\">\n\t<div class=\"l-container l-stack l-stack-fluid-2xl u-pt-fluid-3xl-6xl u-pb-fluid-3xl-6xl is-center is-center@md\">\n\t\t\n\t\t\t\t\t<ul class=\"ams-quote__list l-grid u-gap-fluid-2xl-4xl u-justify-center\"\n\taria-label=\"Citat\">\n\t\t\t<li class=\"l-col-12@md\">\n\t\t\t<article class=\"c-card\" data-variant=\"neutral\" >\n\t\t\t\t<div class=\"c-card__content l-stack u-text-center\">\n\t\t\t\t\t\t\t\t\t\t\t<blockquote class=\"c-card__title u-font-title-1\">\n\t\t\t\t\t\t\t\t\t\t\t\t\t\t\t<p class=\"u-quote-marks\">Det b\u00e4sta med programmet \u00e4r att det \u00e4r s\u00e5 blandat och brett! Jag gillar att f\u00e5 l\u00e4ra mig att jobba med s\u00e5 mycket olika kreativa saker.<\/p>\n\t\t\t\t\t\t\t\t\t\t\t\t\t<\/blockquote>\n\t\t\t\t\t\n\t\t\t\t\t\t\t\t\t\t\t<p class=\"c-card__text\">\n\t\t\t\t\t\t\t<span class=\"author u-font-body\">Julia<\/span>\n\t\t\t\t\t\t\t<span class=\"title u-font-body\">NTI Gymnasiet<\/span>\n\t\t\t\t\t\t<\/p>\n\t\t\t\t\t\t\t\t\t<\/div>\n\n\t\t\t\t\t\t\t<\/article>\n\t\t<\/li>\n\t<\/ul>\n\t\n\t\t\t<\/div>\n\n\t\t\n\t\t\t\n\t\t\t\t\t\t\t\n\t\t\t\t<div class=\"c-bg c-bg--img\" data-settings=\"{&quot;desktop_settings&quot;:{&quot;size&quot;:&quot;cover&quot;,&quot;position&quot;:&quot;middle-center&quot;},&quot;mobile_settings&quot;:{&quot;size&quot;:&quot;cover&quot;,&quot;position&quot;:&quot;middle-center&quot;}}\" data-position=\"middle-center\" data-size=\"cover\">\n\t\t\t<img decoding=\"async\" width=\"1920\" height=\"1080\" src=\"https:\/\/ntigymnasiet.se\/wp-content\/uploads\/sites\/4\/2023\/05\/ntitechbgsvagacirklar3-15.jpg\" class=\"attachment-hero-lg size-hero-lg\" alt=\"Lila bild.\" sizes=\"(max-width: 1920px) 100vw, 1920px\" srcset=\"https:\/\/ntigymnasiet.se\/wp-content\/uploads\/sites\/4\/2023\/05\/ntitechbgsvagacirklar3-15.jpg 1920w, https:\/\/ntigymnasiet.se\/wp-content\/uploads\/sites\/4\/2023\/05\/ntitechbgsvagacirklar3-15-300x169.jpg 300w, https:\/\/ntigymnasiet.se\/wp-content\/uploads\/sites\/4\/2023\/05\/ntitechbgsvagacirklar3-15-1024x576.jpg 1024w, https:\/\/ntigymnasiet.se\/wp-content\/uploads\/sites\/4\/2023\/05\/ntitechbgsvagacirklar3-15-768x432.jpg 768w, https:\/\/ntigymnasiet.se\/wp-content\/uploads\/sites\/4\/2023\/05\/ntitechbgsvagacirklar3-15-1536x864.jpg 1536w, https:\/\/ntigymnasiet.se\/wp-content\/uploads\/sites\/4\/2023\/05\/ntitechbgsvagacirklar3-15-500x281.jpg 500w, https:\/\/ntigymnasiet.se\/wp-content\/uploads\/sites\/4\/2023\/05\/ntitechbgsvagacirklar3-15-340x191.jpg 340w, https:\/\/ntigymnasiet.se\/wp-content\/uploads\/sites\/4\/2023\/05\/ntitechbgsvagacirklar3-15-1100x620.jpg 1100w, https:\/\/ntigymnasiet.se\/wp-content\/uploads\/sites\/4\/2023\/05\/ntitechbgsvagacirklar3-15-1000x563.jpg 1000w, https:\/\/ntigymnasiet.se\/wp-content\/uploads\/sites\/4\/2023\/05\/ntitechbgsvagacirklar3-15-1200x675.jpg 1200w, https:\/\/ntigymnasiet.se\/wp-content\/uploads\/sites\/4\/2023\/05\/ntitechbgsvagacirklar3-15-600x338.jpg 600w, https:\/\/ntigymnasiet.se\/wp-content\/uploads\/sites\/4\/2023\/05\/ntitechbgsvagacirklar3-15-400x225.jpg 400w\" \/>\n\t\t<\/div>\n\t\n<\/section>\n\n\n\n\n<section id=\"kurser\" class=\"ams-point-plan c-block l-stacked\" data-color-scheme=\"poangplan\">\n\t<div class=\"l-container l-stack l-stack-fluid-2xl u-pt-fluid-3xl-6xl u-pb-fluid-3xl-6xl is-center is-center@md\">\n\t\t\t\t\t<div class=\"ams-point-plan__intro l-stack l-stack-lg\">\n\t\t\t\t\t\n\t<h2\n\tclass=\"c-heading u-font-title-1 \"\n\tstyle=\"\">\n\t\t\n\t\t\t\t\tKurser\n\t\t\t\t\n\t<\/h2>\n\n\t\t\t\t\t\t\t<\/div>\n\t\t\n\t\t\t<ul class=\"ams-point-plan__ac c-accordion\" aria-label=\"Po\u00e4ngplan\" data-variant=\"space-between\">\n\t\t<li class=\"ams-point-plan__tp u-font-title-4 u-py-sm u-px-fluid-md-xl\">\n\t\t\t<span class=\"title\">Totala po\u00e4ng<\/span>\n\t\t\t<span class=\"points\">2500p<\/span>\n\t\t<\/li>\n\t\t\t\t\t<li class=\"c-accordion__item\">\n\t\t\t\t<h3 class=\"c-accordion__header \">\n\t\t\t\t\t\t\t\t\t\t<button class=\"c-accordion__trigger u-py-sm u-px-fluid-md-xl u-font-title-4\">\n\t\t\t\t\t\t<span>Gymnasiegemensamma \u00e4mnen<\/span>\n\t\t\t\t\t\t<svg class=\"ams-icon ams-icon__arrow-down\" width=\"24\" height=\"24\" viewbox=\"0 0 24 24\" fill=\"currentColor\" aria-hidden=\"true\" xmlns=\"http:\/\/www.w3.org\/2000\/svg\">\n\t\t\t\t\t\t\t\t\t\t\t\t\t<path d=\"m11.2033 18.4294-10.872894-10.67584c-.440539-.42594-.440539-1.1147 0-1.54065l.665495-.64345c.440539-.42595 1.152899-.42595 1.593439 0l9.41066 9.27114 9.4107-9.26207c.4405-.42595 1.1529-.42595 1.5934 0l.6655.64345c.4405.42594.4405 1.1147 0 1.54065l-10.8729 10.67587c-.4405.4168-1.1529.4168-1.5934-.0091z\"\/>\n\t\t\t\t\t\n\t\t\t\t\t\t<\/svg>\n\t\t\t\t\t<\/button>\n\t\t\t\t<\/h3>\n\t\t\t\t<div class=\"c-accordion__body u-font-body\">\n\t\t\t\t\t<ul class=\"points-list u-list-none\">\n\t\t\t\t\t\t\t\t\t\t\t\t\t<li>\n\t\t\t\t\t\t\t\t<span class=\"title\">Engelska Niv\u00e5 1<\/span>\n\t\t\t\t\t\t\t\t<span class=\"points\">100<\/span>\n\t\t\t\t\t\t\t<\/li>\n\t\t\t\t\t\t\t\t\t\t\t\t\t<li>\n\t\t\t\t\t\t\t\t<span class=\"title\">Engelska Niv\u00e5 2<\/span>\n\t\t\t\t\t\t\t\t<span class=\"points\">100<\/span>\n\t\t\t\t\t\t\t<\/li>\n\t\t\t\t\t\t\t\t\t\t\t\t\t<li>\n\t\t\t\t\t\t\t\t<span class=\"title\">Historia Niv\u00e5 1b<\/span>\n\t\t\t\t\t\t\t\t<span class=\"points\">100<\/span>\n\t\t\t\t\t\t\t<\/li>\n\t\t\t\t\t\t\t\t\t\t\t\t\t<li>\n\t\t\t\t\t\t\t\t<span class=\"title\">Historia Niv\u00e5 2b<\/span>\n\t\t\t\t\t\t\t\t<span class=\"points\">100<\/span>\n\t\t\t\t\t\t\t<\/li>\n\t\t\t\t\t\t\t\t\t\t\t\t\t<li>\n\t\t\t\t\t\t\t\t<span class=\"title\">Idrott och h\u00e4lsa Niv\u00e5 1<\/span>\n\t\t\t\t\t\t\t\t<span class=\"points\">100<\/span>\n\t\t\t\t\t\t\t<\/li>\n\t\t\t\t\t\t\t\t\t\t\t\t\t<li>\n\t\t\t\t\t\t\t\t<span class=\"title\">Matematik Niv\u00e5 1b<\/span>\n\t\t\t\t\t\t\t\t<span class=\"points\">100<\/span>\n\t\t\t\t\t\t\t<\/li>\n\t\t\t\t\t\t\t\t\t\t\t\t\t<li>\n\t\t\t\t\t\t\t\t<span class=\"title\">Naturkunskap Niv\u00e5 1b<\/span>\n\t\t\t\t\t\t\t\t<span class=\"points\">100<\/span>\n\t\t\t\t\t\t\t<\/li>\n\t\t\t\t\t\t\t\t\t\t\t\t\t<li>\n\t\t\t\t\t\t\t\t<span class=\"title\">Religionskunskap Niv\u00e5 1<\/span>\n\t\t\t\t\t\t\t\t<span class=\"points\">50<\/span>\n\t\t\t\t\t\t\t<\/li>\n\t\t\t\t\t\t\t\t\t\t\t\t\t<li>\n\t\t\t\t\t\t\t\t<span class=\"title\">Samh\u00e4llskunskap Niv\u00e5 1b<\/span>\n\t\t\t\t\t\t\t\t<span class=\"points\">100<\/span>\n\t\t\t\t\t\t\t<\/li>\n\t\t\t\t\t\t\t\t\t\t\t\t\t<li>\n\t\t\t\t\t\t\t\t<span class=\"title\">Svenska Niv\u00e5 1 \/ Svenska som andraspr\u00e5k<\/span>\n\t\t\t\t\t\t\t\t<span class=\"points\">100<\/span>\n\t\t\t\t\t\t\t<\/li>\n\t\t\t\t\t\t\t\t\t\t\t\t\t<li>\n\t\t\t\t\t\t\t\t<span class=\"title\">Svenska Niv\u00e5 2 \/ Svenska som andraspr\u00e5k<\/span>\n\t\t\t\t\t\t\t\t<span class=\"points\">100<\/span>\n\t\t\t\t\t\t\t<\/li>\n\t\t\t\t\t\t\t\t\t\t\t\t\t<li>\n\t\t\t\t\t\t\t\t<span class=\"title\">Svenska Niv\u00e5 3 \/ Svenska som andraspr\u00e5k<\/span>\n\t\t\t\t\t\t\t\t<span class=\"points\">100<\/span>\n\t\t\t\t\t\t\t<\/li>\n\t\t\t\t\t\t\t\t\t\t\t<\/ul>\n\t\t\t\t<\/div>\n\t\t\t<\/li>\n\t\t\t\t\t<li class=\"c-accordion__item\">\n\t\t\t\t<h3 class=\"c-accordion__header \">\n\t\t\t\t\t\t\t\t\t\t<button class=\"c-accordion__trigger u-py-sm u-px-fluid-md-xl u-font-title-4\">\n\t\t\t\t\t\t<span>Programgemensamma \u00e4mnen<\/span>\n\t\t\t\t\t\t<svg class=\"ams-icon ams-icon__arrow-down\" width=\"24\" height=\"24\" viewbox=\"0 0 24 24\" fill=\"currentColor\" aria-hidden=\"true\" xmlns=\"http:\/\/www.w3.org\/2000\/svg\">\n\t\t\t\t\t\t\t\t\t\t\t\t\t<path d=\"m11.2033 18.4294-10.872894-10.67584c-.440539-.42594-.440539-1.1147 0-1.54065l.665495-.64345c.440539-.42595 1.152899-.42595 1.593439 0l9.41066 9.27114 9.4107-9.26207c.4405-.42595 1.1529-.42595 1.5934 0l.6655.64345c.4405.42594.4405 1.1147 0 1.54065l-10.8729 10.67587c-.4405.4168-1.1529.4168-1.5934-.0091z\"\/>\n\t\t\t\t\t\n\t\t\t\t\t\t<\/svg>\n\t\t\t\t\t<\/button>\n\t\t\t\t<\/h3>\n\t\t\t\t<div class=\"c-accordion__body u-font-body\">\n\t\t\t\t\t<ul class=\"points-list u-list-none\">\n\t\t\t\t\t\t\t\t\t\t\t\t\t<li>\n\t\t\t\t\t\t\t\t<span class=\"title\">Estetisk kommunikation Niv\u00e5 1<\/span>\n\t\t\t\t\t\t\t\t<span class=\"points\">100<\/span>\n\t\t\t\t\t\t\t<\/li>\n\t\t\t\t\t\t\t\t\t\t\t\t\t<li>\n\t\t\t\t\t\t\t\t<span class=\"title\">Konstarterna och samh\u00e4llet Niv\u00e5 1<\/span>\n\t\t\t\t\t\t\t\t<span class=\"points\">50<\/span>\n\t\t\t\t\t\t\t<\/li>\n\t\t\t\t\t\t\t\t\t\t\t<\/ul>\n\t\t\t\t<\/div>\n\t\t\t<\/li>\n\t\t\t\t\t<li class=\"c-accordion__item\">\n\t\t\t\t<h3 class=\"c-accordion__header \">\n\t\t\t\t\t\t\t\t\t\t<button class=\"c-accordion__trigger u-py-sm u-px-fluid-md-xl u-font-title-4\">\n\t\t\t\t\t\t<span>Inriktnings\u00e4mnen<\/span>\n\t\t\t\t\t\t<svg class=\"ams-icon ams-icon__arrow-down\" width=\"24\" height=\"24\" viewbox=\"0 0 24 24\" fill=\"currentColor\" aria-hidden=\"true\" xmlns=\"http:\/\/www.w3.org\/2000\/svg\">\n\t\t\t\t\t\t\t\t\t\t\t\t\t<path d=\"m11.2033 18.4294-10.872894-10.67584c-.440539-.42594-.440539-1.1147 0-1.54065l.665495-.64345c.440539-.42595 1.152899-.42595 1.593439 0l9.41066 9.27114 9.4107-9.26207c.4405-.42595 1.1529-.42595 1.5934 0l.6655.64345c.4405.42594.4405 1.1147 0 1.54065l-10.8729 10.67587c-.4405.4168-1.1529.4168-1.5934-.0091z\"\/>\n\t\t\t\t\t\n\t\t\t\t\t\t<\/svg>\n\t\t\t\t\t<\/button>\n\t\t\t\t<\/h3>\n\t\t\t\t<div class=\"c-accordion__body u-font-body\">\n\t\t\t\t\t<ul class=\"points-list u-list-none\">\n\t\t\t\t\t\t\t\t\t\t\t\t\t<li>\n\t\t\t\t\t\t\t\t<span class=\"title\">Digitalt skapande Niv\u00e5 1<\/span>\n\t\t\t\t\t\t\t\t<span class=\"points\">100<\/span>\n\t\t\t\t\t\t\t<\/li>\n\t\t\t\t\t\t\t\t\t\t\t\t\t<li>\n\t\t\t\t\t\t\t\t<span class=\"title\">Medieproduktion Niv\u00e5 1<\/span>\n\t\t\t\t\t\t\t\t<span class=\"points\">100<\/span>\n\t\t\t\t\t\t\t<\/li>\n\t\t\t\t\t\t\t\t\t\t\t\t\t<li>\n\t\t\t\t\t\t\t\t<span class=\"title\">Medieproduktion Niv\u00e5 2<\/span>\n\t\t\t\t\t\t\t\t<span class=\"points\">100<\/span>\n\t\t\t\t\t\t\t<\/li>\n\t\t\t\t\t\t\t\t\t\t\t\t\t<li>\n\t\t\t\t\t\t\t\t<span class=\"title\">Medieteori Niv\u00e5 1<\/span>\n\t\t\t\t\t\t\t\t<span class=\"points\">100<\/span>\n\t\t\t\t\t\t\t<\/li>\n\t\t\t\t\t\t\t\t\t\t\t<\/ul>\n\t\t\t\t<\/div>\n\t\t\t<\/li>\n\t\t\t\t\t<li class=\"c-accordion__item\">\n\t\t\t\t<h3 class=\"c-accordion__header \">\n\t\t\t\t\t\t\t\t\t\t<button class=\"c-accordion__trigger u-py-sm u-px-fluid-md-xl u-font-title-4\">\n\t\t\t\t\t\t<span>F\u00f6rdjupning: Motion Graphics<\/span>\n\t\t\t\t\t\t<svg class=\"ams-icon ams-icon__arrow-down\" width=\"24\" height=\"24\" viewbox=\"0 0 24 24\" fill=\"currentColor\" aria-hidden=\"true\" xmlns=\"http:\/\/www.w3.org\/2000\/svg\">\n\t\t\t\t\t\t\t\t\t\t\t\t\t<path d=\"m11.2033 18.4294-10.872894-10.67584c-.440539-.42594-.440539-1.1147 0-1.54065l.665495-.64345c.440539-.42595 1.152899-.42595 1.593439 0l9.41066 9.27114 9.4107-9.26207c.4405-.42595 1.1529-.42595 1.5934 0l.6655.64345c.4405.42594.4405 1.1147 0 1.54065l-10.8729 10.67587c-.4405.4168-1.1529.4168-1.5934-.0091z\"\/>\n\t\t\t\t\t\n\t\t\t\t\t\t<\/svg>\n\t\t\t\t\t<\/button>\n\t\t\t\t<\/h3>\n\t\t\t\t<div class=\"c-accordion__body u-font-body\">\n\t\t\t\t\t<ul class=\"points-list u-list-none\">\n\t\t\t\t\t\t\t\t\t\t\t\t\t<li>\n\t\t\t\t\t\t\t\t<span class=\"title\">Animation Niv\u00e5 1<\/span>\n\t\t\t\t\t\t\t\t<span class=\"points\">100<\/span>\n\t\t\t\t\t\t\t<\/li>\n\t\t\t\t\t\t\t\t\t\t\t\t\t<li>\n\t\t\t\t\t\t\t\t<span class=\"title\">Animation Niv\u00e5 2<\/span>\n\t\t\t\t\t\t\t\t<span class=\"points\">100<\/span>\n\t\t\t\t\t\t\t<\/li>\n\t\t\t\t\t\t\t\t\t\t\t\t\t<li>\n\t\t\t\t\t\t\t\t<span class=\"title\">Grafisk kommunikation Niv\u00e5 1<\/span>\n\t\t\t\t\t\t\t\t<span class=\"points\">100<\/span>\n\t\t\t\t\t\t\t<\/li>\n\t\t\t\t\t\t\t\t\t\t\t\t\t<li>\n\t\t\t\t\t\t\t\t<span class=\"title\">Bild Niv\u00e5 1b<\/span>\n\t\t\t\t\t\t\t\t<span class=\"points\">100<\/span>\n\t\t\t\t\t\t\t<\/li>\n\t\t\t\t\t\t\t\t\t\t\t\t\t<li>\n\t\t\t\t\t\t\t\t<span class=\"title\">Digitalt skapande Niv\u00e5 2<\/span>\n\t\t\t\t\t\t\t\t<span class=\"points\">100<\/span>\n\t\t\t\t\t\t\t<\/li>\n\t\t\t\t\t\t\t\t\t\t\t<\/ul>\n\t\t\t\t<\/div>\n\t\t\t<\/li>\n\t\t\t\t\t<li class=\"c-accordion__item\">\n\t\t\t\t<h3 class=\"c-accordion__header \">\n\t\t\t\t\t\t\t\t\t\t<button class=\"c-accordion__trigger u-py-sm u-px-fluid-md-xl u-font-title-4\">\n\t\t\t\t\t\t<span>Gymnasiearbete<\/span>\n\t\t\t\t\t\t<svg class=\"ams-icon ams-icon__arrow-down\" width=\"24\" height=\"24\" viewbox=\"0 0 24 24\" fill=\"currentColor\" aria-hidden=\"true\" xmlns=\"http:\/\/www.w3.org\/2000\/svg\">\n\t\t\t\t\t\t\t\t\t\t\t\t\t<path d=\"m11.2033 18.4294-10.872894-10.67584c-.440539-.42594-.440539-1.1147 0-1.54065l.665495-.64345c.440539-.42595 1.152899-.42595 1.593439 0l9.41066 9.27114 9.4107-9.26207c.4405-.42595 1.1529-.42595 1.5934 0l.6655.64345c.4405.42594.4405 1.1147 0 1.54065l-10.8729 10.67587c-.4405.4168-1.1529.4168-1.5934-.0091z\"\/>\n\t\t\t\t\t\n\t\t\t\t\t\t<\/svg>\n\t\t\t\t\t<\/button>\n\t\t\t\t<\/h3>\n\t\t\t\t<div class=\"c-accordion__body u-font-body\">\n\t\t\t\t\t<ul class=\"points-list u-list-none\">\n\t\t\t\t\t\t\t\t\t\t\t\t\t<li>\n\t\t\t\t\t\t\t\t<span class=\"title\">Gymnasiearbete<\/span>\n\t\t\t\t\t\t\t\t<span class=\"points\">100<\/span>\n\t\t\t\t\t\t\t<\/li>\n\t\t\t\t\t\t\t\t\t\t\t<\/ul>\n\t\t\t\t<\/div>\n\t\t\t<\/li>\n\t\t\t\t\t<li class=\"c-accordion__item\">\n\t\t\t\t<h3 class=\"c-accordion__header \">\n\t\t\t\t\t\t\t\t\t\t<button class=\"c-accordion__trigger u-py-sm u-px-fluid-md-xl u-font-title-4\">\n\t\t\t\t\t\t<span>Individuellt val<\/span>\n\t\t\t\t\t\t<svg class=\"ams-icon ams-icon__arrow-down\" width=\"24\" height=\"24\" viewbox=\"0 0 24 24\" fill=\"currentColor\" aria-hidden=\"true\" xmlns=\"http:\/\/www.w3.org\/2000\/svg\">\n\t\t\t\t\t\t\t\t\t\t\t\t\t<path d=\"m11.2033 18.4294-10.872894-10.67584c-.440539-.42594-.440539-1.1147 0-1.54065l.665495-.64345c.440539-.42595 1.152899-.42595 1.593439 0l9.41066 9.27114 9.4107-9.26207c.4405-.42595 1.1529-.42595 1.5934 0l.6655.64345c.4405.42594.4405 1.1147 0 1.54065l-10.8729 10.67587c-.4405.4168-1.1529.4168-1.5934-.0091z\"\/>\n\t\t\t\t\t\n\t\t\t\t\t\t<\/svg>\n\t\t\t\t\t<\/button>\n\t\t\t\t<\/h3>\n\t\t\t\t<div class=\"c-accordion__body u-font-body\">\n\t\t\t\t\t<ul class=\"points-list u-list-none\">\n\t\t\t\t\t\t\t\t\t\t\t\t\t<li>\n\t\t\t\t\t\t\t\t<span class=\"title\">Prata med skolan om vilka kurser du kan v\u00e4lja<\/span>\n\t\t\t\t\t\t\t\t<span class=\"points\">200<\/span>\n\t\t\t\t\t\t\t<\/li>\n\t\t\t\t\t\t\t\t\t\t\t<\/ul>\n\t\t\t\t<\/div>\n\t\t\t<\/li>\n\t\t\t<\/ul>\n\n\t\t\t<\/div>\n\n\t\t\n\n<\/section>\n\n\n\n\n\n<section  class=\"ams-testimonial testimonial_module c-block l-stacked\" data-color-scheme=\"nyans2_av_p2-card-primar1-light-hover-standard_standard\">\n\t<div class=\"l-container l-stack l-stack-fluid-2xl u-pt-fluid-3xl-6xl u-pb-fluid-3xl-6xl is-center is-center@md\">\n\t\t\t\t\t<div class=\"ams-testimonial__intro l-stack l-stack-lg\">\n\t\t\t\t\t\n\t<h2\n\tclass=\"c-heading u-font-title-1 \"\n\tstyle=\"\">\n\t\t\n\t\t\t\t\tElevintervjuer\n\t\t\t\t\n\t<\/h2>\n\n\t\t\t\t\t\t\t<\/div>\n\t\t\n\t\t\n\t\n\t\t\n\t\t\t\n<ul\n\tid=\"ams-testimonial-list-69f375265461d\"\n\tclass=\"ams-testimonial__list  l-grid u-gap-fluid-2xl-4xl js-results \"\n\tdata-filter-animation=\"off\">\n\t\t\t\t\t\t\t\t\t\t\t\n\t\t\n\t\t\n\t\t<li class=\"l-col-6@md \" data-filter=\"esesm estetiska-programmet juni-2026\">\n\t\t\t<article class=\"c-card has-media-zoom \" data-variant=\"inside-half\" data-click-area>\n\t\t\t\t<div class=\"c-card__content l-stack l-stack-sm is-left is-left@md\">\n\t\t\t\t\t\t\t\t\t\t\t<blockquote class=\"c-card__title u-font-title-3\">\n\t\t\t\t\t\t\t\t\t\t\t\t\t\t\t<p class=\"u-quote-marks\"><a href=\"https:\/\/ntigymnasiet.se\/eskilstuna\/elevintervjuer\/lokal\/estetiska-programmet-bryndis\" class=\"link\">Vi har v\u00e4ldigt bra gemenskap&#8230;<\/a><\/p>\n\t\t\t\t\t\t\t\t\t\t\t\t\t<\/blockquote>\n\t\t\t\t\t\n\t\t\t\t\t\t\t\t\t\t\t<p class=\"c-card__text l-stack-grow u-divider-top u-font-body\">\n\t\t\t\t\t\t\t<span class=\"author u-mr-fluid-lg\">Bryndis<\/span>\n\t\t\t\t\t\t\t<span class=\"title u-mr-fluid-lg\">Estetiska programmet<\/span>\n\t\t\t\t\t\t<\/p>\n\t\t\t\t\t\n\t\t\t\t\t<div class=\"c-card__icon\">\n\t\t\t\t\t\t<svg class=\"ams-icon ams-icon--arrow-right\" width=\"32\" height=\"32\" viewBox=\"0 0 32 32\" fill=\"currentColor\" aria-hidden=\"true\" xmlns=\"http:\/\/www.w3.org\/2000\/svg\">\n\t\t\t\t\t\t\t<path d=\"M15.4617 0.252159L14.9567 0.75931C14.6219 1.09545 14.6219 1.64048 14.9567 1.97669L27.7062 14.7806H0.857144C0.383786 14.7806 0 15.166 0 15.6414V16.3587C0 16.8341 0.383786 17.2195 0.857144 17.2195H27.7062L14.9567 30.0234C14.6219 30.3595 14.6219 30.9045 14.9567 31.2407L15.4617 31.7479C15.7964 32.084 16.3392 32.084 16.6739 31.7479L31.749 16.6087C32.0837 16.2725 32.0837 15.7275 31.749 15.3913L16.6739 0.252159C16.3392 -0.084053 15.7964 -0.084053 15.4617 0.252159Z\"\/>\n\t\t\t\t\t\t<\/svg>\n\t\t\t\t\t<\/div>\n\t\t\t\t<\/div>\n\t\t\t\t<div class=\"c-card__media\" style=\" \">\n\t\t\t\t\t<img decoding=\"async\" width=\"600\" height=\"450\" src=\"https:\/\/ntigymnasiet.se\/wp-content\/uploads\/2025\/06\/bryndis-600x450.png\" class=\"attachment-md size-md\" alt=\"Eleven Bryndis.\" sizes=\"(min-width: 80em) 600px, (min-width: 48em) calc(.50 * (100vw - 240px)), calc(100vw - 160px)\" srcset=\"https:\/\/ntigymnasiet.se\/wp-content\/uploads\/2025\/06\/bryndis-600x450.png 600w, https:\/\/ntigymnasiet.se\/wp-content\/uploads\/2025\/06\/bryndis-300x225.png 300w, https:\/\/ntigymnasiet.se\/wp-content\/uploads\/2025\/06\/bryndis-400x300.png 400w, https:\/\/ntigymnasiet.se\/wp-content\/uploads\/2025\/06\/bryndis-800x600.png 800w, https:\/\/ntigymnasiet.se\/wp-content\/uploads\/2025\/06\/bryndis-1024x768.png 1024w, https:\/\/ntigymnasiet.se\/wp-content\/uploads\/2025\/06\/bryndis-1200x900.png 1200w, https:\/\/ntigymnasiet.se\/wp-content\/uploads\/2025\/06\/bryndis-768x576.png 768w\" \/>\n\t\t\t\t<\/div>\n\t\t\t<\/article>\n\t\t<\/li>\n\t\t\t\t\t\t\t\t\t\t\t\n\t\t\n\t\t\n\t\t<li class=\"l-col-6@md \" data-filter=\"esesm estetiska-programmet april-2026\">\n\t\t\t<article class=\"c-card has-media-zoom \" data-variant=\"inside-half\" data-click-area>\n\t\t\t\t<div class=\"c-card__content l-stack l-stack-sm is-left is-left@md\">\n\t\t\t\t\t\t\t\t\t\t\t<blockquote class=\"c-card__title u-font-title-3\">\n\t\t\t\t\t\t\t\t\t\t\t\t\t\t\t<p class=\"u-quote-marks\"><a href=\"https:\/\/ntigymnasiet.se\/eskilstuna\/elevintervjuer\/lokal\/estetiska-programmet-1\" class=\"link\">Vi jobbar t.ex. med Photoshop, Illustrator och har b\u00f6rjat med webbutveckling&#8230;.<\/a><\/p>\n\t\t\t\t\t\t\t\t\t\t\t\t\t<\/blockquote>\n\t\t\t\t\t\n\t\t\t\t\t\t\t\t\t\t\t<p class=\"c-card__text l-stack-grow u-divider-top u-font-body\">\n\t\t\t\t\t\t\t<span class=\"author u-mr-fluid-lg\">Julia<\/span>\n\t\t\t\t\t\t\t<span class=\"title u-mr-fluid-lg\">Estetik och media <\/span>\n\t\t\t\t\t\t<\/p>\n\t\t\t\t\t\n\t\t\t\t\t<div class=\"c-card__icon\">\n\t\t\t\t\t\t<svg class=\"ams-icon ams-icon--arrow-right\" width=\"32\" height=\"32\" viewBox=\"0 0 32 32\" fill=\"currentColor\" aria-hidden=\"true\" xmlns=\"http:\/\/www.w3.org\/2000\/svg\">\n\t\t\t\t\t\t\t<path d=\"M15.4617 0.252159L14.9567 0.75931C14.6219 1.09545 14.6219 1.64048 14.9567 1.97669L27.7062 14.7806H0.857144C0.383786 14.7806 0 15.166 0 15.6414V16.3587C0 16.8341 0.383786 17.2195 0.857144 17.2195H27.7062L14.9567 30.0234C14.6219 30.3595 14.6219 30.9045 14.9567 31.2407L15.4617 31.7479C15.7964 32.084 16.3392 32.084 16.6739 31.7479L31.749 16.6087C32.0837 16.2725 32.0837 15.7275 31.749 15.3913L16.6739 0.252159C16.3392 -0.084053 15.7964 -0.084053 15.4617 0.252159Z\"\/>\n\t\t\t\t\t\t<\/svg>\n\t\t\t\t\t<\/div>\n\t\t\t\t<\/div>\n\t\t\t\t<div class=\"c-card__media\" style=\" \">\n\t\t\t\t\t<img decoding=\"async\" width=\"600\" height=\"431\" src=\"https:\/\/ntigymnasiet.se\/wp-content\/uploads\/2023\/05\/nti-intervju-estetiska-programmet-2022-600x431.jpeg\" class=\"attachment-md size-md\" alt=\"Tjej i vit tr\u00f6ja ler.\" sizes=\"(min-width: 80em) 600px, (min-width: 48em) calc(.50 * (100vw - 240px)), calc(100vw - 160px)\" srcset=\"https:\/\/ntigymnasiet.se\/wp-content\/uploads\/2023\/05\/nti-intervju-estetiska-programmet-2022-600x431.jpeg 600w, https:\/\/ntigymnasiet.se\/wp-content\/uploads\/2023\/05\/nti-intervju-estetiska-programmet-2022-300x216.jpeg 300w, https:\/\/ntigymnasiet.se\/wp-content\/uploads\/2023\/05\/nti-intervju-estetiska-programmet-2022-400x288.jpeg 400w, https:\/\/ntigymnasiet.se\/wp-content\/uploads\/2023\/05\/nti-intervju-estetiska-programmet-2022-800x575.jpeg 800w, https:\/\/ntigymnasiet.se\/wp-content\/uploads\/2023\/05\/nti-intervju-estetiska-programmet-2022-1024x736.jpeg 1024w, https:\/\/ntigymnasiet.se\/wp-content\/uploads\/2023\/05\/nti-intervju-estetiska-programmet-2022-1200x863.jpeg 1200w\" \/>\n\t\t\t\t<\/div>\n\t\t\t<\/article>\n\t\t<\/li>\n\t<\/ul>\n\t\n\t<div class=\"no-results u-mt-0 u-hide\" data-filter-fallback-id=\"ams-testimonial-list-69f375265461d\">\n\t<p>Det finns inga resultat som matchar din filtrering.<\/p>\n<\/div>\n\n\t\n\n\t\t\n\t\t\t<\/div>\n\n\t\t\n\n<\/section>\n\n\n\n\n<section  class=\"ams-cta ams-cta--stacked c-block l-stacked\" data-color-scheme=\"vit\">\n\t<div class=\"l-container-narrow l-stack l-stack-fluid-2xl u-pt-fluid-3xl-6xl u-pb-fluid-3xl-6xl is-center is-center@md\">\n\t\t\t\t\t<div class=\"ams-cta__intro l-stack l-stack-lg\">\n\t\t\t\t\t\n\t<h2\n\tclass=\"c-heading u-font-title-1 \"\n\tstyle=\"\">\n\t\t\n\t\t\t\t\tVar det inte riktigt din grej?\n\t\t\t\t\n\t<\/h2>\n\n\t\t\t\t\t\t\t<\/div>\n\t\t\n\t\t\n\t\t\t<div class=\"ams-cta__action u-inline-items\">\n\t\t\t\t\t\t\t\n\n\n<a href=\"https:\/\/ntigymnasiet.se\/eskilstuna\/program\/\"\n\t\n\tclass=\"c-btn \"\n\tdata-style=\"rounded\"\n\tdata-size=\"md\"\n\tdata-width=\"full-mobile\"\n\tdata-variant=\"outline\"\n\ttarget=\"_self\">\n\t\t\t<span class=\"label\"> Se andra program<\/span>\n\t\t\t<\/a>\n\t\t\t<\/div>\n\t<\/div>\n\n\t\t\n\n<\/section>\n","protected":false},"excerpt":{"rendered":"<p>Utvecklas kreativt och skapa allt fr\u00e5n digital design till poddar, film och ljud. <\/p>\n","protected":false},"featured_media":961,"parent":950,"menu_order":0,"template":"","yoast_head":"<!-- This site is optimized with the Yoast SEO plugin v22.0 - https:\/\/yoast.com\/wordpress\/plugins\/seo\/ -->\n<title>Plugga estetik och media i Eskilstuna - NTI Gymnasiet<\/title>\n<meta name=\"description\" content=\"H\u00e4r f\u00e5r du skapa allt fr\u00e5n grafisk design till r\u00f6rlig bild och ljud med hj\u00e4lp av moderna digitala verktyg.\" \/>\n<meta name=\"robots\" content=\"index, follow, max-snippet:-1, max-image-preview:large, max-video-preview:-1\" \/>\n<link rel=\"canonical\" href=\"https:\/\/ntigymnasiet.se\/eskilstuna\/program\/estetiska-programmet\/estetik-och-media\/\" \/>\n<meta property=\"og:locale\" content=\"sv_SE\" \/>\n<meta property=\"og:type\" content=\"article\" \/>\n<meta property=\"og:title\" content=\"Plugga estetik och media i Eskilstuna - NTI Gymnasiet\" \/>\n<meta property=\"og:description\" content=\"H\u00e4r f\u00e5r du skapa allt fr\u00e5n grafisk design till r\u00f6rlig bild och ljud med hj\u00e4lp av moderna digitala verktyg.\" \/>\n<meta property=\"og:url\" content=\"https:\/\/ntigymnasiet.se\/eskilstuna\/program\/estetiska-programmet\/estetik-och-media\/\" \/>\n<meta property=\"og:site_name\" content=\"Eskilstuna\" \/>\n<meta property=\"article:modified_time\" content=\"2025-11-26T14:10:41+00:00\" \/>\n<meta property=\"og:image\" content=\"https:\/\/ntigymnasiet.se\/wp-content\/uploads\/sites\/4\/2023\/05\/nti-designprogram-estet-estetik-och-media-1200x630.jpg\" \/>\n\t<meta property=\"og:image:width\" content=\"1200\" \/>\n\t<meta property=\"og:image:height\" content=\"630\" \/>\n\t<meta property=\"og:image:type\" content=\"image\/jpeg\" \/>\n<meta name=\"twitter:card\" content=\"summary_large_image\" \/>\n<meta name=\"twitter:title\" content=\"Plugga estetik och media i Eskilstuna - NTI Gymnasiet\" \/>\n<meta name=\"twitter:description\" content=\"H\u00e4r f\u00e5r du skapa allt fr\u00e5n grafisk design till r\u00f6rlig bild och ljud med hj\u00e4lp av moderna digitala verktyg.\" \/>\n<meta name=\"twitter:image\" content=\"https:\/\/ntigymnasiet.se\/wp-content\/uploads\/sites\/4\/2023\/05\/nti-designprogram-estet-estetik-och-media-1200x630.jpg\" \/>\n<meta name=\"twitter:label1\" content=\"Est. reading time\" \/>\n\t<meta name=\"twitter:data1\" content=\"4 minuter\" \/>\n<script type=\"application\/ld+json\" class=\"yoast-schema-graph\">{\"@context\":\"https:\/\/schema.org\",\"@graph\":[{\"@type\":\"WebPage\",\"@id\":\"https:\/\/ntigymnasiet.se\/eskilstuna\/program\/estetiska-programmet\/estetik-och-media\/\",\"url\":\"https:\/\/ntigymnasiet.se\/eskilstuna\/program\/estetiska-programmet\/estetik-och-media\/\",\"name\":\"Plugga estetik och media i Eskilstuna - NTI Gymnasiet\",\"isPartOf\":{\"@id\":\"https:\/\/ntigymnasiet.se\/eskilstuna\/#website\"},\"datePublished\":\"2023-05-12T12:12:12+00:00\",\"dateModified\":\"2025-11-26T14:10:41+00:00\",\"description\":\"H\u00e4r f\u00e5r du skapa allt fr\u00e5n grafisk design till r\u00f6rlig bild och ljud med hj\u00e4lp av moderna digitala verktyg.\",\"breadcrumb\":{\"@id\":\"https:\/\/ntigymnasiet.se\/eskilstuna\/program\/estetiska-programmet\/estetik-och-media\/#breadcrumb\"},\"inLanguage\":\"sv-SE\",\"potentialAction\":[{\"@type\":\"ReadAction\",\"target\":[\"https:\/\/ntigymnasiet.se\/eskilstuna\/program\/estetiska-programmet\/estetik-och-media\/\"]}]},{\"@type\":\"BreadcrumbList\",\"@id\":\"https:\/\/ntigymnasiet.se\/eskilstuna\/program\/estetiska-programmet\/estetik-och-media\/#breadcrumb\",\"itemListElement\":[{\"@type\":\"ListItem\",\"position\":1,\"name\":\"Start\",\"item\":\"https:\/\/ntigymnasiet.se\/eskilstuna\"},{\"@type\":\"ListItem\",\"position\":2,\"name\":\"V\u00e5ra program\"}]},{\"@type\":\"WebSite\",\"@id\":\"https:\/\/ntigymnasiet.se\/eskilstuna\/#website\",\"url\":\"https:\/\/ntigymnasiet.se\/eskilstuna\/\",\"name\":\"Eskilstuna\",\"description\":\"Just another WordPress site\",\"potentialAction\":[{\"@type\":\"SearchAction\",\"target\":{\"@type\":\"EntryPoint\",\"urlTemplate\":\"https:\/\/ntigymnasiet.se\/eskilstuna\/?s={search_term_string}\"},\"query-input\":\"required name=search_term_string\"}],\"inLanguage\":\"sv-SE\"}]}<\/script>\n<!-- \/ Yoast SEO plugin. -->","yoast_head_json":{"title":"Plugga estetik och media i Eskilstuna - NTI Gymnasiet","description":"H\u00e4r f\u00e5r du skapa allt fr\u00e5n grafisk design till r\u00f6rlig bild och ljud med hj\u00e4lp av moderna digitala verktyg.","robots":{"index":"index","follow":"follow","max-snippet":"max-snippet:-1","max-image-preview":"max-image-preview:large","max-video-preview":"max-video-preview:-1"},"canonical":"https:\/\/ntigymnasiet.se\/eskilstuna\/program\/estetiska-programmet\/estetik-och-media\/","og_locale":"sv_SE","og_type":"article","og_title":"Plugga estetik och media i Eskilstuna - NTI Gymnasiet","og_description":"H\u00e4r f\u00e5r du skapa allt fr\u00e5n grafisk design till r\u00f6rlig bild och ljud med hj\u00e4lp av moderna digitala verktyg.","og_url":"https:\/\/ntigymnasiet.se\/eskilstuna\/program\/estetiska-programmet\/estetik-och-media\/","og_site_name":"Eskilstuna","article_modified_time":"2025-11-26T14:10:41+00:00","og_image":[{"width":1200,"height":630,"url":"https:\/\/ntigymnasiet.se\/wp-content\/uploads\/sites\/4\/2023\/05\/nti-designprogram-estet-estetik-och-media-1200x630.jpg","type":"image\/jpeg"}],"twitter_card":"summary_large_image","twitter_title":"Plugga estetik och media i Eskilstuna - NTI Gymnasiet","twitter_description":"H\u00e4r f\u00e5r du skapa allt fr\u00e5n grafisk design till r\u00f6rlig bild och ljud med hj\u00e4lp av moderna digitala verktyg.","twitter_image":"https:\/\/ntigymnasiet.se\/wp-content\/uploads\/sites\/4\/2023\/05\/nti-designprogram-estet-estetik-och-media-1200x630.jpg","twitter_misc":{"Est. reading time":"4 minuter"},"schema":{"@context":"https:\/\/schema.org","@graph":[{"@type":"WebPage","@id":"https:\/\/ntigymnasiet.se\/eskilstuna\/program\/estetiska-programmet\/estetik-och-media\/","url":"https:\/\/ntigymnasiet.se\/eskilstuna\/program\/estetiska-programmet\/estetik-och-media\/","name":"Plugga estetik och media i Eskilstuna - NTI Gymnasiet","isPartOf":{"@id":"https:\/\/ntigymnasiet.se\/eskilstuna\/#website"},"datePublished":"2023-05-12T12:12:12+00:00","dateModified":"2025-11-26T14:10:41+00:00","description":"H\u00e4r f\u00e5r du skapa allt fr\u00e5n grafisk design till r\u00f6rlig bild och ljud med hj\u00e4lp av moderna digitala verktyg.","breadcrumb":{"@id":"https:\/\/ntigymnasiet.se\/eskilstuna\/program\/estetiska-programmet\/estetik-och-media\/#breadcrumb"},"inLanguage":"sv-SE","potentialAction":[{"@type":"ReadAction","target":["https:\/\/ntigymnasiet.se\/eskilstuna\/program\/estetiska-programmet\/estetik-och-media\/"]}]},{"@type":"BreadcrumbList","@id":"https:\/\/ntigymnasiet.se\/eskilstuna\/program\/estetiska-programmet\/estetik-och-media\/#breadcrumb","itemListElement":[{"@type":"ListItem","position":1,"name":"Start","item":"https:\/\/ntigymnasiet.se\/eskilstuna"},{"@type":"ListItem","position":2,"name":"V\u00e5ra program"}]},{"@type":"WebSite","@id":"https:\/\/ntigymnasiet.se\/eskilstuna\/#website","url":"https:\/\/ntigymnasiet.se\/eskilstuna\/","name":"Eskilstuna","description":"Just another WordPress site","potentialAction":[{"@type":"SearchAction","target":{"@type":"EntryPoint","urlTemplate":"https:\/\/ntigymnasiet.se\/eskilstuna\/?s={search_term_string}"},"query-input":"required name=search_term_string"}],"inLanguage":"sv-SE"}]}},"_links":{"self":[{"href":"https:\/\/ntigymnasiet.se\/eskilstuna\/wp-json\/wp\/v2\/program_orientation\/951"}],"collection":[{"href":"https:\/\/ntigymnasiet.se\/eskilstuna\/wp-json\/wp\/v2\/program_orientation"}],"about":[{"href":"https:\/\/ntigymnasiet.se\/eskilstuna\/wp-json\/wp\/v2\/types\/program_orientation"}],"version-history":[{"count":10,"href":"https:\/\/ntigymnasiet.se\/eskilstuna\/wp-json\/wp\/v2\/program_orientation\/951\/revisions"}],"predecessor-version":[{"id":1918,"href":"https:\/\/ntigymnasiet.se\/eskilstuna\/wp-json\/wp\/v2\/program_orientation\/951\/revisions\/1918"}],"up":[{"embeddable":true,"href":"https:\/\/ntigymnasiet.se\/eskilstuna\/wp-json\/wp\/v2\/program_orientation\/950"}],"wp:featuredmedia":[{"embeddable":true,"href":"https:\/\/ntigymnasiet.se\/eskilstuna\/wp-json\/wp\/v2\/media\/961"}],"wp:attachment":[{"href":"https:\/\/ntigymnasiet.se\/eskilstuna\/wp-json\/wp\/v2\/media?parent=951"}],"curies":[{"name":"wp","href":"https:\/\/api.w.org\/{rel}","templated":true}]}}