{"id":197,"date":"2023-03-31T16:52:01","date_gmt":"2023-03-31T14:52:01","guid":{"rendered":"https:\/\/ntigymnasiet.se\/handelsgymnasiet\/goteborg\/?page_id=197"},"modified":"2026-08-27T15:39:58","modified_gmt":"2026-08-27T13:39:58","slug":"for-syv","status":"publish","type":"page","link":"https:\/\/ntigymnasiet.se\/handelsgymnasiet\/goteborg\/var-skola\/for-syv\/","title":{"rendered":"F\u00f6r SYV"},"content":{"rendered":"\n\t\n\t\n\t\n\t\n\t\n\t\n\t\t\n\t\t\n<section  class=\"ams-hero ams-hero--fifty ams-hero--75 ams-hero--container c-block l-stacked  \" data-color-scheme=\"standard_morkbla-bakgrund\">\n\t<div class=\"ams-hero__container media-right media-bottom l-container u-pt-fluid-3xl-6xl u-pb-fluid-3xl-6xl\">\n\t\t<div class=\"ams-hero__content l-stack l-stack-xl is-left is-left@lg\">\n\t\t\t<div class=\"l-stack l-stack-lg\">\n\t\t\t\t\t\n\t<h1\n\tclass=\"c-heading u-font-title-1 \"\n\tstyle=\"\">\n\t\t\n\t\t\t\t\tHej, SYV!\n\t\t\t\t\n\t<\/h1>\n\n\t\t\t\t\t\t\t\t\t<div class=\"text l-stack u-font-body\">\n\t\t\t\t\t\t<p class=\"PDq2pG_selectionAnchorContainer\" data-start=\"0\" data-end=\"269\">P\u00e5 NTI Handelsgymnasiet G\u00f6teborg f\u00e5r elever f\u00f6rst\u00e5 hur ekonomi, juridik, f\u00f6rs\u00e4ljning och f\u00f6retagande h\u00e4nger ihop. H\u00e4r arbetar de med verklighetsn\u00e4ra projekt, testar egna id\u00e9er och utvecklar kunskaper som f\u00f6rbereder dem f\u00f6r vidare studier, arbetslivet eller att driva n\u00e5got eget.<\/p>\n<p data-start=\"271\" data-end=\"509\" data-is-last-node=\"\" data-is-only-node=\"\">Vi tror att bra aff\u00e4rer formas av olika m\u00e4nniskor, perspektiv och id\u00e9er. D\u00e4rf\u00f6r finns det plats b\u00e5de f\u00f6r eleven som redan \u00e4r intresserad av f\u00f6retagande och f\u00f6r eleven som \u00e4r nyfiken och vill l\u00e4ra sig mer. Eleven beh\u00f6ver inte kunna allt fr\u00e5n b\u00f6rjan.<\/p>\n\n\t\t\t\t\t<\/div>\n\t\t\t\t\t\t\t<\/div>\n\n\t\t\t\t\t<\/div>\n\t\t<div class=\"ams-hero__media u-ratio-square \">\n\n\t\t\t\t\t\t\t\t\t\t\t\t<img decoding=\"async\" width=\"600\" height=\"600\" src=\"https:\/\/ntigymnasiet.se\/wp-content\/uploads\/sites\/4\/2026\/07\/ntigbghandels202605webballmanyta0410-1-600x600.jpeg\" class=\"attachment-md size-md\" alt=\"Elever som sitter i skolans lokaler som pluggar tillsammans.\" sizes=\"(min-width: 64em) 600px, calc(100vw - 160px)\" srcset=\"https:\/\/ntigymnasiet.se\/wp-content\/uploads\/sites\/4\/2026\/07\/ntigbghandels202605webballmanyta0410-1-600x600.jpeg 600w, https:\/\/ntigymnasiet.se\/wp-content\/uploads\/sites\/4\/2026\/07\/ntigbghandels202605webballmanyta0410-1-150x150.jpeg 150w, https:\/\/ntigymnasiet.se\/wp-content\/uploads\/sites\/4\/2026\/07\/ntigbghandels202605webballmanyta0410-1-300x300.jpeg 300w, https:\/\/ntigymnasiet.se\/wp-content\/uploads\/sites\/4\/2026\/07\/ntigbghandels202605webballmanyta0410-1-400x400.jpeg 400w, https:\/\/ntigymnasiet.se\/wp-content\/uploads\/sites\/4\/2026\/07\/ntigbghandels202605webballmanyta0410-1-800x800.jpeg 800w, https:\/\/ntigymnasiet.se\/wp-content\/uploads\/sites\/4\/2026\/07\/ntigbghandels202605webballmanyta0410-1-1024x1024.jpeg 1024w, https:\/\/ntigymnasiet.se\/wp-content\/uploads\/sites\/4\/2026\/07\/ntigbghandels202605webballmanyta0410-1.jpeg 1200w\" \/>\n\t\t\t\t\t\t\t\n\t\t\t\n\t\t\t\t\t<\/div>\n\t<\/div>\n\n\t\n\t\t\t\n\t\t\t\t\t\t\t\n\t\t\t\t<div class=\"c-bg c-bg--img\" data-settings=\"{&quot;desktop_settings&quot;:{&quot;size&quot;:&quot;cover&quot;,&quot;position&quot;:&quot;middle-center&quot;},&quot;mobile_settings&quot;:{&quot;size&quot;:&quot;cover&quot;,&quot;position&quot;:&quot;middle-center&quot;}}\" data-position=\"middle-center\" data-size=\"cover\">\n\t\t\t\n\t\t<\/div>\n\t\n<\/section>\n\n\n\n<section  class=\"ams-info-card c-block l-stacked\" data-color-scheme=\"kort_morkbeige-bakgrund\">\n\t<div class=\"l-container l-stack l-stack-fluid-2xl u-pt-fluid-3xl-6xl u-pb-fluid-3xl-6xl is-center is-center@md\">\n\t\t\t\t\t<div class=\"ams-info-card__intro l-stack l-stack-lg\">\n\t\t\t\t\t\n\t<h2\n\tclass=\"c-heading u-font-title-1 \"\n\tstyle=\"\">\n\t\t\n\t\t\t\t\tL\u00e4r k\u00e4nna oss\n\t\t\t\t\n\t<\/h2>\n\n\t\t\t\t\t\t\t\t\t<div class=\"c-text l-stack u-cs-xl u-font-body\">\n\t\t\t\t\t\t<p>H\u00e4r har vi samlat information som m\u00e5nga SYV:ar brukar efterfr\u00e5ga.<\/p>\n\n\t\t\t\t\t<\/div>\n\t\t\t\t\t\t\t<\/div>\n\t\t\n\t\t\t\t\t\n<ul class=\"ams-info-card__list l-grid u-gap-2xl\">\n\t\t\t<li class=\"l-col-6@md l-col-4@lg\">\n\t\t\t<article\n\t\t\t\tclass=\"\n\t\t\t\tc-card\n\t\t\t\t\n\t\t\t\thas-media-zoom\n\t\t\t\t\n\t\t\t\t\"\n\t\t\t\tdata-variant=\"space\"\n\t\t\t\tdata-style=\"square\"\n\t\t\t\t data-click-area\n\t\t\t\t\n\t\t\t\t\n\t\t\t\t>\n\t\t\t\t<div class=\"c-card__content l-stack l-stack-sm is-left is-left@md\">\n\t\t\t\t\t\t\t\t\t\t\t<h3 class=\"c-card__title u-font-title-3\">\n\t\t\t\t\t\t\t\t\t\t\t\t\t\t\t<a class=\"c-card__link\" href=\"https:\/\/ntigymnasiet.se\/handelsgymnasiet\/goteborg\/var-skola\/\" target=\"_self\">\n\t\t\t\t\t\t\t\t\tMer om v\u00e5r skola\n\t\t\t\t\t\t\t\t<\/a>\n\t\t\t\t\t\t\t\t\t\t\t\t\t<\/h3>\n\t\t\t\t\t\n\t\t\t\t\t\t\t\t\t\t\t<div class=\"c-card__text l-stack-xs u-font-body\">\n\t\t\t\t\t\t\t<p>H\u00e4r kan du l\u00e4sa mer om v\u00e5r skola, v\u00e5rt fokus och v\u00e5r vision.<\/p>\n\n\t\t\t\t\t\t<\/div>\n\t\t\t\t\t\n\t\t\t\t\t\t\t\t\t\t\t<div class=\"c-card__icon c-card__icon--nl\">\n\t\t\t\t\t\t\t\t\t\t\t\t\t\t<svg class=\"ams-icon ams-icon--arrow-right\" width=\"32\" height=\"32\" viewbox=\"0 0 32 32\" fill=\"currentColor\" aria-hidden=\"true\" xmlns=\"http:\/\/www.w3.org\/2000\/svg\">\n\t\t\t\t\t\t\t\t\t\t\t\t\t\t\t\t<path d=\"M15.4617 0.252159L14.9567 0.75931C14.6219 1.09545 14.6219 1.64048 14.9567 1.97669L27.7062 14.7806H0.857144C0.383786 14.7806 0 15.166 0 15.6414V16.3587C0 16.8341 0.383786 17.2195 0.857144 17.2195H27.7062L14.9567 30.0234C14.6219 30.3595 14.6219 30.9045 14.9567 31.2407L15.4617 31.7479C15.7964 32.084 16.3392 32.084 16.6739 31.7479L31.749 16.6087C32.0837 16.2725 32.0837 15.7275 31.749 15.3913L16.6739 0.252159C16.3392 -0.084053 15.7964 -0.084053 15.4617 0.252159Z\"\/>\n\t\t\t\t\t\t\t\n\t\t\t\t\t\t\t<\/svg>\n\t\t\t\t\t\t<\/div>\n\t\t\t\t\t\t\t\t\t<\/div>\n\n\t\t\t\t\t\t\t\t\t<div class=\"c-card__media \" style=\" \">\n\t\t\t\t\t\t<img decoding=\"async\" width=\"400\" height=\"400\" src=\"https:\/\/ntigymnasiet.se\/wp-content\/uploads\/sites\/4\/2026\/07\/ntigbghandels202605webbute0676-1-400x400.jpeg\" class=\"\" alt=\"Tre glada elever som h\u00e5ller om varandra i parken utanf\u00f6r skolan.\" sizes=\"(min-width: 64em) 300px, (min-width: 48em) calc(.50 * (100vw - 304px)), calc(100vw - 208px)\" srcset=\"https:\/\/ntigymnasiet.se\/wp-content\/uploads\/sites\/4\/2026\/07\/ntigbghandels202605webbute0676-1-400x400.jpeg 400w, https:\/\/ntigymnasiet.se\/wp-content\/uploads\/sites\/4\/2026\/07\/ntigbghandels202605webbute0676-1-150x150.jpeg 150w, https:\/\/ntigymnasiet.se\/wp-content\/uploads\/sites\/4\/2026\/07\/ntigbghandels202605webbute0676-1-300x300.jpeg 300w, https:\/\/ntigymnasiet.se\/wp-content\/uploads\/sites\/4\/2026\/07\/ntigbghandels202605webbute0676-1-600x600.jpeg 600w, https:\/\/ntigymnasiet.se\/wp-content\/uploads\/sites\/4\/2026\/07\/ntigbghandels202605webbute0676-1-800x800.jpeg 800w, https:\/\/ntigymnasiet.se\/wp-content\/uploads\/sites\/4\/2026\/07\/ntigbghandels202605webbute0676-1-1024x1024.jpeg 1024w, https:\/\/ntigymnasiet.se\/wp-content\/uploads\/sites\/4\/2026\/07\/ntigbghandels202605webbute0676-1.jpeg 1200w\" \/>\n\t\t\t\t\t<\/div>\n\t\t\t\t\t\t\t<\/article>\n\t\t<\/li>\n\t\t\t<li class=\"l-col-6@md l-col-4@lg\">\n\t\t\t<article\n\t\t\t\tclass=\"\n\t\t\t\tc-card\n\t\t\t\t\n\t\t\t\thas-media-zoom\n\t\t\t\t\n\t\t\t\t\"\n\t\t\t\tdata-variant=\"space\"\n\t\t\t\tdata-style=\"square\"\n\t\t\t\t data-click-area\n\t\t\t\t\n\t\t\t\t\n\t\t\t\t>\n\t\t\t\t<div class=\"c-card__content l-stack l-stack-sm is-left is-left@md\">\n\t\t\t\t\t\t\t\t\t\t\t<h3 class=\"c-card__title u-font-title-3\">\n\t\t\t\t\t\t\t\t\t\t\t\t\t\t\t<a class=\"c-card__link\" href=\"https:\/\/ntigymnasiet.se\/handelsgymnasiet\/goteborg\/kvalitet\/\" target=\"_self\">\n\t\t\t\t\t\t\t\t\tV\u00e5rt kvalitetsarbete\n\t\t\t\t\t\t\t\t<\/a>\n\t\t\t\t\t\t\t\t\t\t\t\t\t<\/h3>\n\t\t\t\t\t\n\t\t\t\t\t\t\t\t\t\t\t<div class=\"c-card__text l-stack-xs u-font-body\">\n\t\t\t\t\t\t\t<p>L\u00e4s mer om hur vi bedriver ett l\u00e5ngsiktigt och systematiskt kvalitetsarbete.<\/p>\n\n\t\t\t\t\t\t<\/div>\n\t\t\t\t\t\n\t\t\t\t\t\t\t\t\t\t\t<div class=\"c-card__icon c-card__icon--nl\">\n\t\t\t\t\t\t\t\t\t\t\t\t\t\t<svg class=\"ams-icon ams-icon--arrow-right\" width=\"32\" height=\"32\" viewbox=\"0 0 32 32\" fill=\"currentColor\" aria-hidden=\"true\" xmlns=\"http:\/\/www.w3.org\/2000\/svg\">\n\t\t\t\t\t\t\t\t\t\t\t\t\t\t\t\t<path d=\"M15.4617 0.252159L14.9567 0.75931C14.6219 1.09545 14.6219 1.64048 14.9567 1.97669L27.7062 14.7806H0.857144C0.383786 14.7806 0 15.166 0 15.6414V16.3587C0 16.8341 0.383786 17.2195 0.857144 17.2195H27.7062L14.9567 30.0234C14.6219 30.3595 14.6219 30.9045 14.9567 31.2407L15.4617 31.7479C15.7964 32.084 16.3392 32.084 16.6739 31.7479L31.749 16.6087C32.0837 16.2725 32.0837 15.7275 31.749 15.3913L16.6739 0.252159C16.3392 -0.084053 15.7964 -0.084053 15.4617 0.252159Z\"\/>\n\t\t\t\t\t\t\t\n\t\t\t\t\t\t\t<\/svg>\n\t\t\t\t\t\t<\/div>\n\t\t\t\t\t\t\t\t\t<\/div>\n\n\t\t\t\t\t\t\t\t\t<div class=\"c-card__media \" style=\" \">\n\t\t\t\t\t\t<img decoding=\"async\" width=\"400\" height=\"400\" src=\"https:\/\/ntigymnasiet.se\/wp-content\/uploads\/sites\/4\/2026\/07\/ntigbghandels202605webblektionssal0303-1-400x400.jpeg\" class=\"\" alt=\"Tre glada elever som h\u00e5ller i en redovisning framf\u00f6r klassen.\" sizes=\"(min-width: 64em) 300px, (min-width: 48em) calc(.50 * (100vw - 304px)), calc(100vw - 208px)\" srcset=\"https:\/\/ntigymnasiet.se\/wp-content\/uploads\/sites\/4\/2026\/07\/ntigbghandels202605webblektionssal0303-1-400x400.jpeg 400w, https:\/\/ntigymnasiet.se\/wp-content\/uploads\/sites\/4\/2026\/07\/ntigbghandels202605webblektionssal0303-1-150x150.jpeg 150w, https:\/\/ntigymnasiet.se\/wp-content\/uploads\/sites\/4\/2026\/07\/ntigbghandels202605webblektionssal0303-1-300x300.jpeg 300w, https:\/\/ntigymnasiet.se\/wp-content\/uploads\/sites\/4\/2026\/07\/ntigbghandels202605webblektionssal0303-1-600x600.jpeg 600w, https:\/\/ntigymnasiet.se\/wp-content\/uploads\/sites\/4\/2026\/07\/ntigbghandels202605webblektionssal0303-1-800x800.jpeg 800w, https:\/\/ntigymnasiet.se\/wp-content\/uploads\/sites\/4\/2026\/07\/ntigbghandels202605webblektionssal0303-1-1024x1024.jpeg 1024w, https:\/\/ntigymnasiet.se\/wp-content\/uploads\/sites\/4\/2026\/07\/ntigbghandels202605webblektionssal0303-1.jpeg 1200w\" \/>\n\t\t\t\t\t<\/div>\n\t\t\t\t\t\t\t<\/article>\n\t\t<\/li>\n\t\t\t<li class=\"l-col-6@md l-col-4@lg\">\n\t\t\t<article\n\t\t\t\tclass=\"\n\t\t\t\tc-card\n\t\t\t\t\n\t\t\t\thas-media-zoom\n\t\t\t\t\n\t\t\t\t\"\n\t\t\t\tdata-variant=\"space\"\n\t\t\t\tdata-style=\"square\"\n\t\t\t\t data-click-area\n\t\t\t\t\n\t\t\t\t\n\t\t\t\t>\n\t\t\t\t<div class=\"c-card__content l-stack l-stack-sm is-left is-left@md\">\n\t\t\t\t\t\t\t\t\t\t\t<h3 class=\"c-card__title u-font-title-3\">\n\t\t\t\t\t\t\t\t\t\t\t\t\t\t\t<a class=\"c-card__link\" href=\"https:\/\/ntigymnasiet.se\/handelsgymnasiet\/goteborg\/var-skola\/en-del-av-academedia\/\" target=\"_self\">\n\t\t\t\t\t\t\t\t\tEn del av AcadeMedia\n\t\t\t\t\t\t\t\t<\/a>\n\t\t\t\t\t\t\t\t\t\t\t\t\t<\/h3>\n\t\t\t\t\t\n\t\t\t\t\t\t\t\t\t\t\t<div class=\"c-card__text l-stack-xs u-font-body\">\n\t\t\t\t\t\t\t<p>Vi \u00e4r en del av AcadeMedia, Europas st\u00f6rsta utbildningsf\u00f6retag.<\/p>\n\n\t\t\t\t\t\t<\/div>\n\t\t\t\t\t\n\t\t\t\t\t\t\t\t\t\t\t<div class=\"c-card__icon c-card__icon--nl\">\n\t\t\t\t\t\t\t\t\t\t\t\t\t\t<svg class=\"ams-icon ams-icon--arrow-right\" width=\"32\" height=\"32\" viewbox=\"0 0 32 32\" fill=\"currentColor\" aria-hidden=\"true\" xmlns=\"http:\/\/www.w3.org\/2000\/svg\">\n\t\t\t\t\t\t\t\t\t\t\t\t\t\t\t\t<path d=\"M15.4617 0.252159L14.9567 0.75931C14.6219 1.09545 14.6219 1.64048 14.9567 1.97669L27.7062 14.7806H0.857144C0.383786 14.7806 0 15.166 0 15.6414V16.3587C0 16.8341 0.383786 17.2195 0.857144 17.2195H27.7062L14.9567 30.0234C14.6219 30.3595 14.6219 30.9045 14.9567 31.2407L15.4617 31.7479C15.7964 32.084 16.3392 32.084 16.6739 31.7479L31.749 16.6087C32.0837 16.2725 32.0837 15.7275 31.749 15.3913L16.6739 0.252159C16.3392 -0.084053 15.7964 -0.084053 15.4617 0.252159Z\"\/>\n\t\t\t\t\t\t\t\n\t\t\t\t\t\t\t<\/svg>\n\t\t\t\t\t\t<\/div>\n\t\t\t\t\t\t\t\t\t<\/div>\n\n\t\t\t\t\t\t\t\t\t<div class=\"c-card__media \" style=\" \">\n\t\t\t\t\t\t<img decoding=\"async\" width=\"400\" height=\"400\" src=\"https:\/\/ntigymnasiet.se\/wp-content\/uploads\/sites\/4\/2026\/07\/ntigbghandels202605webblektionssal0294-kopia-400x400.jpeg\" class=\"\" alt=\"En l\u00e4rare och elev som st\u00e5r framf\u00f6r klassen och pratar.\" sizes=\"(min-width: 64em) 300px, (min-width: 48em) calc(.50 * (100vw - 304px)), calc(100vw - 208px)\" srcset=\"https:\/\/ntigymnasiet.se\/wp-content\/uploads\/sites\/4\/2026\/07\/ntigbghandels202605webblektionssal0294-kopia-400x400.jpeg 400w, https:\/\/ntigymnasiet.se\/wp-content\/uploads\/sites\/4\/2026\/07\/ntigbghandels202605webblektionssal0294-kopia-150x150.jpeg 150w, https:\/\/ntigymnasiet.se\/wp-content\/uploads\/sites\/4\/2026\/07\/ntigbghandels202605webblektionssal0294-kopia-300x300.jpeg 300w, https:\/\/ntigymnasiet.se\/wp-content\/uploads\/sites\/4\/2026\/07\/ntigbghandels202605webblektionssal0294-kopia-600x600.jpeg 600w, https:\/\/ntigymnasiet.se\/wp-content\/uploads\/sites\/4\/2026\/07\/ntigbghandels202605webblektionssal0294-kopia-800x800.jpeg 800w, https:\/\/ntigymnasiet.se\/wp-content\/uploads\/sites\/4\/2026\/07\/ntigbghandels202605webblektionssal0294-kopia-1024x1024.jpeg 1024w, https:\/\/ntigymnasiet.se\/wp-content\/uploads\/sites\/4\/2026\/07\/ntigbghandels202605webblektionssal0294-kopia.jpeg 1200w\" \/>\n\t\t\t\t\t<\/div>\n\t\t\t\t\t\t\t<\/article>\n\t\t<\/li>\n\t<\/ul>\n\t\n\t\t\t<\/div>\n\n\t\t\n\n<\/section>\n\n\n\n\t\n\t\n\t\n\n\t\n\t\n\t\t\n<section  class=\"c-block l-stacked  \" data-color-scheme=\"\">\n\t<div class=\"ams-fifty ams-fifty--container ams-fifty--left ams-fifty--top l-container u-pt-fluid-3xl-6xl u-pb-fluid-3xl-6xl\">\n\t\t<div class=\"ams-fifty__content l-stack l-stack-xl is-center is-left@lg\">\n\t\t\t<div class=\"ams-fifty__text l-stack l-stack-lg\">\n\t\t\t\t\t\n\t<h2\n\tclass=\"c-heading u-font-title-1 \"\n\tstyle=\"\">\n\t\t\n\t\t\t\t\tVi kopplar samman l\u00e4rande med g\u00f6rande\n\t\t\t\t\n\t<\/h2>\n\n\t\t\t\t\t\t\t\t\t<div class=\"text l-stack u-font-body\">\n\t\t\t\t\t\t<p data-pm-slice=\"1 1 []\">P\u00e5 NTI Handelsgymnasiet G\u00f6teborg g\u00e5r l\u00e4rande och g\u00f6rande hand i hand. Genom verklighetsn\u00e4ra projekt och samarbeten med f\u00f6retag f\u00e5r eleverna anv\u00e4nda sina kunskaper inom ekonomi, juridik, f\u00f6rs\u00e4ljning och entrepren\u00f6rskap i praktiken, utveckla id\u00e9er och l\u00f6sa problem tillsammans med andra.<\/p>\n<p>Samtidigt \u00e4r den personliga utvecklingen en viktig del av gymnasietiden. Vi arbetar n\u00e4ra v\u00e5ra elever och skapar en trygg studiemilj\u00f6 d\u00e4r de f\u00e5r st\u00f6d och utmaningar f\u00f6r att utvecklas, ta ansvar och hitta sin v\u00e4g vidare.<\/p>\n\n\t\t\t\t\t<\/div>\n\t\t\t\t\t\t\t<\/div>\n\n\t\t\t\t\t<\/div>\n\n\t\t <div class=\"ams-fifty__media u-ratio-square\">\n\t\t \t\t\t\t\t<img decoding=\"async\" width=\"600\" height=\"600\" src=\"https:\/\/ntigymnasiet.se\/wp-content\/uploads\/sites\/4\/2026\/07\/ntigbghandels202605webblektionssal0318-600x600.jpg\" class=\"attachment-md size-md\" alt=\"Tre elever som h\u00e5ller i en presentation i klassrummet.\" sizes=\"(min-width: 64em) 600px, calc(100vw - 160px)\" srcset=\"https:\/\/ntigymnasiet.se\/wp-content\/uploads\/sites\/4\/2026\/07\/ntigbghandels202605webblektionssal0318-600x600.jpg 600w, https:\/\/ntigymnasiet.se\/wp-content\/uploads\/sites\/4\/2026\/07\/ntigbghandels202605webblektionssal0318-150x150.jpg 150w, https:\/\/ntigymnasiet.se\/wp-content\/uploads\/sites\/4\/2026\/07\/ntigbghandels202605webblektionssal0318-300x300.jpg 300w, https:\/\/ntigymnasiet.se\/wp-content\/uploads\/sites\/4\/2026\/07\/ntigbghandels202605webblektionssal0318-400x400.jpg 400w, https:\/\/ntigymnasiet.se\/wp-content\/uploads\/sites\/4\/2026\/07\/ntigbghandels202605webblektionssal0318-800x800.jpg 800w, https:\/\/ntigymnasiet.se\/wp-content\/uploads\/sites\/4\/2026\/07\/ntigbghandels202605webblektionssal0318-1024x1024.jpg 1024w, https:\/\/ntigymnasiet.se\/wp-content\/uploads\/sites\/4\/2026\/07\/ntigbghandels202605webblektionssal0318.jpg 1200w\" \/>\n\t\t\t\n\t\t\t\n\t\t\t\t\t<\/div>\n\t<\/div>\n\n\t\t\n\n<\/section>\n\n\n\n<section  class=\"ams-courses-list c-block l-stacked\" data-color-scheme=\"kort_morkbeige-bakgrund\">\n\t<div class=\"l-container l-stack l-stack-fluid-2xl u-pt-fluid-3xl-6xl u-pb-fluid-3xl-6xl is-center is-center@md\">\n\t\t\t\t\t<div class=\"ams-courses-list__intro l-stack l-stack-lg\">\n\t\t\t\t\t\n\t<h2\n\tclass=\"c-heading u-font-title-1 \"\n\tstyle=\"\">\n\t\t\n\t\t\t\t\tV\u00e5ra program\n\t\t\t\t\n\t<\/h2>\n\n\t\t\t\t\t\t\t<\/div>\n\t\t\n\t\t\n\t\t\t\n<ul class=\"ams-courses-list__list l-grid u-gap-fluid-2xl-4xl u-justify-center\">\n\t\t\t<li class=\"l-col-6@md l-col-4@lg\">\n\t\t\t<article class=\"\n\t\t\t\tc-card\n\t\t\t\t\n\t\t\t\thas-media-zoom\n\t\t\t\t\n\t\t\t\tu-shadow-lg\"\n\t\t\t\tdata-variant=\"border-top\"\n\t\t\t\tdata-style=\"square\"\n\t\t\t\tdata-click-area>\n\t\t\t\t<div class=\"c-card__content l-stack l-stack-sm\">\n\t\t\t\t\t\t\t\t\t\t\t<h3 class=\"c-card__title u-font-title-3\">\n\t\t\t\t\t\t\t\t\t\t\t\t\t\t\t<a class=\"c-card__title-link\" href=\"https:\/\/ntigymnasiet.se\/handelsgymnasiet\/goteborg\/program\/ekonomiprogrammet\/\">\n\t\t\t\t\t\t\t\t\tEkonomiprogrammet\n\t\t\t\t\t\t\t\t<\/a>\n\t\t\t\t\t\t\t\t\t\t\t\t\t<\/h3>\n\t\t\t\t\t\n\t\t\t\t\t\n\t\t\t\t\t\t\t\t\t\t\t\t\t\t\t\t<ul class=\"c-card__list u-list-none l-stack-grow u-divider-top u-font-body\">\n\t\t\t\t\t\t\t\n\t\t\t\t\t\t\t\n\t\t\t\t\t\t\t\t<!-- Orientations within program -->\n\t\t\t\t\t\t\t\t\t\t\t\t\t\t\t\t<!-- .\/Orientations within program -->\n\n\t\t\t\t\t\t\t\t\t\t\t\t\t<\/ul>\n\n\t\t\t\t\t\t<div class=\"c-card__icon c-card__icon--nl\">\n\t\t\t\t\t\t\t\t\t\t\t\t\t\t<svg class=\"ams-icon ams-icon--arrow-right\" width=\"32\" height=\"32\" viewbox=\"0 0 32 32\" fill=\"currentColor\" aria-hidden=\"true\" xmlns=\"http:\/\/www.w3.org\/2000\/svg\">\n\t\t\t\t\t\t\t\t\t\t\t\t\t\t\t\t<path d=\"M15.4617 0.252159L14.9567 0.75931C14.6219 1.09545 14.6219 1.64048 14.9567 1.97669L27.7062 14.7806H0.857144C0.383786 14.7806 0 15.166 0 15.6414V16.3587C0 16.8341 0.383786 17.2195 0.857144 17.2195H27.7062L14.9567 30.0234C14.6219 30.3595 14.6219 30.9045 14.9567 31.2407L15.4617 31.7479C15.7964 32.084 16.3392 32.084 16.6739 31.7479L31.749 16.6087C32.0837 16.2725 32.0837 15.7275 31.749 15.3913L16.6739 0.252159C16.3392 -0.084053 15.7964 -0.084053 15.4617 0.252159Z\"\/>\n\t\t\t\t\t\t\t\n\t\t\t\t\t\t\t<\/svg>\n\t\t\t\t\t\t<\/div>\n\t\t\t\t\t\t\t\t\t<\/div>\n\t\t\t\t<div class=\"c-card__media \" style=\" \">\n\t\t\t\t\t<img decoding=\"async\" width=\"400\" height=\"400\" src=\"https:\/\/ntigymnasiet.se\/wp-content\/uploads\/sites\/4\/2026\/07\/ntigbghandels202605webblektionssal0124-3-400x400.jpeg\" class=\"attachment-sm size-sm wp-post-image\" alt=\"En glad elev som bl\u00e4ddrar i en juridikbok samtidigt som han tittar in i kameran.\" sizes=\"(min-width: 64em) 300px, (min-width: 48em) calc(.50 * (100vw - 240px)), calc(100vw - 160px)\" srcset=\"https:\/\/ntigymnasiet.se\/wp-content\/uploads\/sites\/4\/2026\/07\/ntigbghandels202605webblektionssal0124-3-400x400.jpeg 400w, https:\/\/ntigymnasiet.se\/wp-content\/uploads\/sites\/4\/2026\/07\/ntigbghandels202605webblektionssal0124-3-150x150.jpeg 150w, https:\/\/ntigymnasiet.se\/wp-content\/uploads\/sites\/4\/2026\/07\/ntigbghandels202605webblektionssal0124-3-300x300.jpeg 300w, https:\/\/ntigymnasiet.se\/wp-content\/uploads\/sites\/4\/2026\/07\/ntigbghandels202605webblektionssal0124-3-600x600.jpeg 600w, https:\/\/ntigymnasiet.se\/wp-content\/uploads\/sites\/4\/2026\/07\/ntigbghandels202605webblektionssal0124-3-800x800.jpeg 800w, https:\/\/ntigymnasiet.se\/wp-content\/uploads\/sites\/4\/2026\/07\/ntigbghandels202605webblektionssal0124-3-1024x1024.jpeg 1024w, https:\/\/ntigymnasiet.se\/wp-content\/uploads\/sites\/4\/2026\/07\/ntigbghandels202605webblektionssal0124-3.jpeg 1200w\" \/>\n\t\t\t\t<\/div>\n\t\t\t<\/article>\n\t\t<\/li>\n\t\t\t<li class=\"l-col-6@md l-col-4@lg\">\n\t\t\t<article class=\"\n\t\t\t\tc-card\n\t\t\t\t\n\t\t\t\thas-media-zoom\n\t\t\t\t\n\t\t\t\tu-shadow-lg\"\n\t\t\t\tdata-variant=\"border-top\"\n\t\t\t\tdata-style=\"square\"\n\t\t\t\tdata-click-area>\n\t\t\t\t<div class=\"c-card__content l-stack l-stack-sm\">\n\t\t\t\t\t\t\t\t\t\t\t<h3 class=\"c-card__title u-font-title-3\">\n\t\t\t\t\t\t\t\t\t\t\t\t\t\t\t<a class=\"c-card__title-link\" href=\"https:\/\/ntigymnasiet.se\/handelsgymnasiet\/goteborg\/program\/forsaljnings-och-serviceprogrammet\/\">\n\t\t\t\t\t\t\t\t\tF\u00f6rs\u00e4ljnings- och serviceprogrammet\n\t\t\t\t\t\t\t\t<\/a>\n\t\t\t\t\t\t\t\t\t\t\t\t\t<\/h3>\n\t\t\t\t\t\n\t\t\t\t\t\n\t\t\t\t\t\t\t\t\t\t\t\t\t\t\t\t<ul class=\"c-card__list u-list-none l-stack-grow u-divider-top u-font-body\">\n\t\t\t\t\t\t\t\n\t\t\t\t\t\t\t\n\t\t\t\t\t\t\t\t<!-- Orientations within program -->\n\t\t\t\t\t\t\t\t\t\t\t\t\t\t\t\t<!-- .\/Orientations within program -->\n\n\t\t\t\t\t\t\t\t\t\t\t\t\t<\/ul>\n\n\t\t\t\t\t\t<div class=\"c-card__icon c-card__icon--nl\">\n\t\t\t\t\t\t\t\t\t\t\t\t\t\t<svg class=\"ams-icon ams-icon--arrow-right\" width=\"32\" height=\"32\" viewbox=\"0 0 32 32\" fill=\"currentColor\" aria-hidden=\"true\" xmlns=\"http:\/\/www.w3.org\/2000\/svg\">\n\t\t\t\t\t\t\t\t\t\t\t\t\t\t\t\t<path d=\"M15.4617 0.252159L14.9567 0.75931C14.6219 1.09545 14.6219 1.64048 14.9567 1.97669L27.7062 14.7806H0.857144C0.383786 14.7806 0 15.166 0 15.6414V16.3587C0 16.8341 0.383786 17.2195 0.857144 17.2195H27.7062L14.9567 30.0234C14.6219 30.3595 14.6219 30.9045 14.9567 31.2407L15.4617 31.7479C15.7964 32.084 16.3392 32.084 16.6739 31.7479L31.749 16.6087C32.0837 16.2725 32.0837 15.7275 31.749 15.3913L16.6739 0.252159C16.3392 -0.084053 15.7964 -0.084053 15.4617 0.252159Z\"\/>\n\t\t\t\t\t\t\t\n\t\t\t\t\t\t\t<\/svg>\n\t\t\t\t\t\t<\/div>\n\t\t\t\t\t\t\t\t\t<\/div>\n\t\t\t\t<div class=\"c-card__media \" style=\" \">\n\t\t\t\t\t<img decoding=\"async\" width=\"400\" height=\"400\" src=\"https:\/\/ntigymnasiet.se\/wp-content\/uploads\/sites\/4\/2026\/07\/ntigbghandels202605webbfs0590-1-400x400.jpeg\" class=\"attachment-sm size-sm wp-post-image\" alt=\"Glad elev som pratar med andra klasskompisar under lektionen och tittar in i kameran.\" sizes=\"(min-width: 64em) 300px, (min-width: 48em) calc(.50 * (100vw - 240px)), calc(100vw - 160px)\" srcset=\"https:\/\/ntigymnasiet.se\/wp-content\/uploads\/sites\/4\/2026\/07\/ntigbghandels202605webbfs0590-1-400x400.jpeg 400w, https:\/\/ntigymnasiet.se\/wp-content\/uploads\/sites\/4\/2026\/07\/ntigbghandels202605webbfs0590-1-150x150.jpeg 150w, https:\/\/ntigymnasiet.se\/wp-content\/uploads\/sites\/4\/2026\/07\/ntigbghandels202605webbfs0590-1-300x300.jpeg 300w, https:\/\/ntigymnasiet.se\/wp-content\/uploads\/sites\/4\/2026\/07\/ntigbghandels202605webbfs0590-1-600x600.jpeg 600w, https:\/\/ntigymnasiet.se\/wp-content\/uploads\/sites\/4\/2026\/07\/ntigbghandels202605webbfs0590-1-800x800.jpeg 800w, https:\/\/ntigymnasiet.se\/wp-content\/uploads\/sites\/4\/2026\/07\/ntigbghandels202605webbfs0590-1-1024x1024.jpeg 1024w, https:\/\/ntigymnasiet.se\/wp-content\/uploads\/sites\/4\/2026\/07\/ntigbghandels202605webbfs0590-1.jpeg 1200w\" \/>\n\t\t\t\t<\/div>\n\t\t\t<\/article>\n\t\t<\/li>\n\t<\/ul>\n\t\n\n\t\t\t<\/div>\n\n\t\t\n\n<\/section>\n\n\n\n<section  class=\"ams-cta ams-cta--stacked c-block l-stacked\" data-color-scheme=\"standard_ljusbeige-bakgrund\">\n\t<div class=\"l-container l-stack l-stack-fluid-2xl u-pt-fluid-3xl-6xl u-pb-fluid-3xl-6xl is-center is-center@md\">\n\t\t\t\t\t<div class=\"ams-cta__intro l-stack l-stack-lg\">\n\t\t\t\t\t\n\t<h2\n\tclass=\"c-heading u-font-title-1 \"\n\tstyle=\"\">\n\t\t\n\t\t\t\t\tHar du elever som \u00e4r intresserade av v\u00e5r skola?\n\t\t\t\t\n\t<\/h2>\n\n\t\t\t\t\t\t\t\t\t<div class=\"c-text l-stack u-cs-xl u-font-body\">\n\t\t\t\t\t\t<p>D\u00e5 vill vi j\u00e4tteg\u00e4rna att de bes\u00f6ker oss! \u00d6ppet hus har vi flera g\u00e5nger per \u00e5r. Nedan kan du se datum och eleven kan \u00e4ven anm\u00e4la sig f\u00f6r p\u00e5minnelser. Prova p\u00e5-dagar, ocks\u00e5 kallat skuggning och elev f\u00f6r en dag, arrangeras l\u00f6pande. Allt eleven beh\u00f6ver g\u00f6ra \u00e4r att anm\u00e4la sig via v\u00e5rt formul\u00e4r p\u00e5 knappen nedan.<\/p>\n\n\t\t\t\t\t<\/div>\n\t\t\t\t\t\t\t<\/div>\n\t\t\n\t\t\n\t\t\t<div class=\"ams-cta__action u-inline-items\">\n\t\t\t\t\t\t\t\n\n\n\n<a href=\"https:\/\/ntigymnasiet.se\/handelsgymnasiet\/goteborg\/oppet-hus\/\"\n\t\n\tclass=\"c-btn \"\n\tdata-style=\"rounded\"\n\tdata-size=\"md\"\n\tdata-width=\"full-mobile\"\n\tdata-variant=\"default\"\n\ttarget=\"_self\">\n\t\t\t<span class=\"label\"> G\u00e5 p\u00e5 \u00f6ppet hus<\/span>\n\t\t\t\t\t\t\n\t<\/a>\n\t\t\t\t\t\t\t\n\n\n\n<a href=\"https:\/\/ntigymnasiet.se\/handelsgymnasiet\/goteborg\/prova-pa-dag\/\"\n\t\n\tclass=\"c-btn \"\n\tdata-style=\"rounded\"\n\tdata-size=\"md\"\n\tdata-width=\"full-mobile\"\n\tdata-variant=\"outline\"\n\ttarget=\"_self\">\n\t\t\t<span class=\"label\"> Boka prova p\u00e5-dag<\/span>\n\t\t\t\t\t\t\n\t<\/a>\n\t\t\t<\/div>\n\t<\/div>\n\n\t\t\n\n<\/section>\n\n\n\n<section \n\t\t class=\"\n\t\t ams-contact\n\t\t \n\t\t c-block l-stacked\n\t\t \n\t\t \n\t\t js-load-more\n\t\t \"\n\t\t data-color-scheme=\"standard_morkbeige-bakgrund\"\n\t\t\t\t\tdata-count=\"3\"\n\t\t\t\t\t\t\tdata-count-mobile=\"2\"\n\t\t\t\t>\n\t<div\n\t\t class=\"\n\t\t l-container\n\t\t l-stack l-stack-fluid-2xl\n\t\t u-pt-fluid-3xl-6xl\n\t\t u-pb-fluid-3xl-6xl\n\t\t is-center\n\t\t is-center@md\n\t\t \">\n\t\t\t\t\t<div class=\"ams-contact__intro l-stack l-stack-lg\">\n\t\t\t\t\t\n\t<h2\n\tclass=\"c-heading u-font-title-1 \"\n\tstyle=\"\">\n\t\t\n\t\t\t\t\tKontakta oss\n\t\t\t\t\n\t<\/h2>\n\n\t\t\t\t\t\t\t\t\t<div class=\"c-text l-stack u-cs-xl u-font-body\">\n\t\t\t\t\t\t<p>Kontakta g\u00e4rna oss om du har n\u00e5gra fr\u00e5gor om v\u00e5r skola eller \u00e4r intresserad av att bes\u00f6ka n\u00e4sta SYV-tr\u00e4ff vi anordnar.<\/p>\n\n\t\t\t\t\t<\/div>\n\t\t\t\t\t\t\t<\/div>\n\t\t\n\t\t\n\t\t    \t\n\t\t\n\t\t<ul\n\t\t\tid=\"contact-grid-6a983e5aa71a0\"\n\t\t\tclass=\"ams-contact__list l-grid u-gap-fluid-2xl-4xl u-justify-center js-results \"\n\t\t\taria-label=\"Kontakter\"\n\t\t\tdata-filter-animation=\"off\"\n\t\t\t>\n\t\t\t\t\t\t\t\t\t\t\t\n\t\t\t\t\n\t\t\t\t<li class=\"l-col-6@md l-col-4@lg \" data-filter=\"ledning\">\n\t\t\t\t\t<article class=\"c-card \" data-variant=\"neutral\">\n\t\t\t\t\t\t<div class=\"c-card__content u-text-center\">\n\t\t\t\t\t\t\t\t\t\t\t\t\t\t\t<h3 class=\"c-card__title u-font-title-3\">\n\t\t\t\t\t\t\t\t\tAnna Robertsson\n\t\t\t\t\t\t\t\t<\/h3>\n\t\t\t\t\t\t\t\n\t\t\t\t\t\t\t\t\t\t\t\t\t\t\t<p class=\"position u-font-body\">Rektor<\/p>\n\t\t\t\t\t\t\t\n\t\t\t\t\t\t\t\t\t\t\t\t\t\t\t<div class=\"contact-info u-font-body\">\n\t\t\t\t\t\t\t\t\t\t\t\t\t\t\t\t\t\t\t\t\t\t\t\t\t\t\t\t\t\t<p class=\"phone\"><a\n\t\t\t\t\t\t\t\t\t\t\t\t\thref=\"tel:0725022439\"\n\t\t\t\t\t\t\t\t\t\t\t\t\tclass=\"u-text-link\">072-502 24 39<\/a>\n\t\t\t\t\t\t\t\t\t\t\t<\/p>\n\t\t\t\t\t\t\t\t\t\t\t\t\t\t\t\t\t\t\t\n\t\t\t\t\t\t\t\t\t\t\t\t\t\t\t\t\t\t\t\t\t\t\t\t\t\t\t\t\t\t<p class=\"email\"><a\n\t\t\t\t\t\t\t\t\t\t\t\t\thref=\"&#109;&#097;&#105;&#108;&#116;o:ann&#097;&#046;rob&#101;r&#116;sson&#064;ntig&#046;&#115;e\"\n\t\t\t\t\t\t\t\t\t\t\t\t\tclass=\"u-text-link\">an&#110;a&#046;r&#111;&#098;ertss&#111;&#110;&#064;ntig.&#115;e<\/a>\n\t\t\t\t\t\t\t\t\t\t\t<\/p>\n\t\t\t\t\t\t\t\t\t\t\t\t\t\t\t\t\t\t\t\t\t\t\t\t\t\t\t<\/div>\n\t\t\t\t\t\t\t\n\t\t\t\t\t\t\t\t\t\t\t\t\t<\/div>\n\t\t\t\t\t\t<div class=\"c-card__media\">\n\t\t\t\t\t\t\t<img decoding=\"async\" width=\"400\" height=\"482\" src=\"https:\/\/ntigymnasiet.se\/wp-content\/uploads\/sites\/4\/2023\/05\/anna-robertsson-ny-scaled-400x482.jpg\" class=\"u-radius-round u-ratio-landscape\" alt=\"Anna Robertsson - Rektor.\" sizes=\"(max-width: 300px) 100vw, 300px\" srcset=\"https:\/\/ntigymnasiet.se\/wp-content\/uploads\/sites\/4\/2023\/05\/anna-robertsson-ny-scaled-400x482.jpg 400w, https:\/\/ntigymnasiet.se\/wp-content\/uploads\/sites\/4\/2023\/05\/anna-robertsson-ny-scaled-300x361.jpg 300w, https:\/\/ntigymnasiet.se\/wp-content\/uploads\/sites\/4\/2023\/05\/anna-robertsson-ny-scaled-600x723.jpg 600w, https:\/\/ntigymnasiet.se\/wp-content\/uploads\/sites\/4\/2023\/05\/anna-robertsson-ny-scaled-800x964.jpg 800w, https:\/\/ntigymnasiet.se\/wp-content\/uploads\/sites\/4\/2023\/05\/anna-robertsson-ny-scaled-1024x1234.jpg 1024w, https:\/\/ntigymnasiet.se\/wp-content\/uploads\/sites\/4\/2023\/05\/anna-robertsson-ny-scaled-1200x1446.jpg 1200w\" \/>\n\t\t\t\t\t\t<\/div>\n\t\t\t\t\t<\/article>\n\t\t\t\t<\/li>\n\t\t\t\t\t<\/ul>\n\n\t\t\n\t\t    <div class=\"ams-contact__more u-inline-items js-load-more-btn\">\n        <button href=\"#\"\n                class=\"c-btn\"\n                data-style=\"rounded\"\n                data-size=\"md\"\n                data-width=\"full-mobile\"\n                data-variant=\"outline\">\n        \tVisa mer\n        <\/button>\n    <\/div>\n\n\t\t\t<\/div>\n\n\t\t\n\n<\/section>\n","protected":false},"excerpt":{"rendered":"","protected":false},"author":4,"featured_media":0,"parent":191,"menu_order":0,"comment_status":"closed","ping_status":"closed","template":"","meta":{"footnotes":""},"yoast_head":"<!-- This site is optimized with the Yoast SEO plugin v22.0 - https:\/\/yoast.com\/wordpress\/plugins\/seo\/ -->\n<title>F\u00f6r SYV - NTI Handelsgymnasiet G\u00f6teborg<\/title>\n<meta name=\"description\" content=\"V\u00e4lkommen till NTI Handelsgymnasiet! Vi har ekonomiprogrammet och f\u00f6rs\u00e4ljnings- och serviceprogrammet. V\u00e4lkommen till NTI!\" \/>\n<meta name=\"robots\" content=\"index, follow, max-snippet:-1, max-image-preview:large, max-video-preview:-1\" \/>\n<link rel=\"canonical\" href=\"https:\/\/ntigymnasiet.se\/handelsgymnasiet\/goteborg\/var-skola\/for-syv\/\" \/>\n<meta property=\"og:locale\" content=\"sv_SE\" \/>\n<meta property=\"og:type\" content=\"article\" \/>\n<meta property=\"og:title\" content=\"F\u00f6r SYV - NTI Handelsgymnasiet G\u00f6teborg\" \/>\n<meta property=\"og:description\" content=\"V\u00e4lkommen till NTI Handelsgymnasiet! Vi har ekonomiprogrammet och f\u00f6rs\u00e4ljnings- och serviceprogrammet. V\u00e4lkommen till NTI!\" \/>\n<meta property=\"og:url\" content=\"https:\/\/ntigymnasiet.se\/handelsgymnasiet\/goteborg\/var-skola\/for-syv\/\" \/>\n<meta property=\"og:site_name\" content=\"G\u00f6teborg\" \/>\n<meta property=\"article:modified_time\" content=\"2026-08-27T13:39:58+00:00\" \/>\n<meta name=\"twitter:card\" content=\"summary_large_image\" \/>\n<meta name=\"twitter:title\" content=\"F\u00f6r SYV - NTI Handelsgymnasiet G\u00f6teborg\" \/>\n<meta name=\"twitter:description\" content=\"V\u00e4lkommen till NTI Handelsgymnasiet! Vi har ekonomiprogrammet och f\u00f6rs\u00e4ljnings- och serviceprogrammet. V\u00e4lkommen till NTI!\" \/>\n<script type=\"application\/ld+json\" class=\"yoast-schema-graph\">{\"@context\":\"https:\/\/schema.org\",\"@graph\":[{\"@type\":\"WebPage\",\"@id\":\"https:\/\/ntigymnasiet.se\/handelsgymnasiet\/goteborg\/var-skola\/for-syv\/\",\"url\":\"https:\/\/ntigymnasiet.se\/handelsgymnasiet\/goteborg\/var-skola\/for-syv\/\",\"name\":\"F\u00f6r SYV - NTI Handelsgymnasiet G\u00f6teborg\",\"isPartOf\":{\"@id\":\"https:\/\/ntigymnasiet.se\/handelsgymnasiet\/goteborg\/#website\"},\"datePublished\":\"2023-03-31T14:52:01+00:00\",\"dateModified\":\"2026-08-27T13:39:58+00:00\",\"description\":\"V\u00e4lkommen till NTI Handelsgymnasiet! Vi har ekonomiprogrammet och f\u00f6rs\u00e4ljnings- och serviceprogrammet. V\u00e4lkommen till NTI!\",\"breadcrumb\":{\"@id\":\"https:\/\/ntigymnasiet.se\/handelsgymnasiet\/goteborg\/var-skola\/for-syv\/#breadcrumb\"},\"inLanguage\":\"sv-SE\",\"potentialAction\":[{\"@type\":\"ReadAction\",\"target\":[\"https:\/\/ntigymnasiet.se\/handelsgymnasiet\/goteborg\/var-skola\/for-syv\/\"]}]},{\"@type\":\"BreadcrumbList\",\"@id\":\"https:\/\/ntigymnasiet.se\/handelsgymnasiet\/goteborg\/var-skola\/for-syv\/#breadcrumb\",\"itemListElement\":[{\"@type\":\"ListItem\",\"position\":1,\"name\":\"Start\",\"item\":\"https:\/\/ntigymnasiet.se\/handelsgymnasiet\/goteborg\/\"},{\"@type\":\"ListItem\",\"position\":2,\"name\":\"V\u00e5r skola\",\"item\":\"https:\/\/ntigymnasiet.se\/handelsgymnasiet\/goteborg\/var-skola\/\"},{\"@type\":\"ListItem\",\"position\":3,\"name\":\"F\u00f6r SYV\"}]},{\"@type\":\"WebSite\",\"@id\":\"https:\/\/ntigymnasiet.se\/handelsgymnasiet\/goteborg\/#website\",\"url\":\"https:\/\/ntigymnasiet.se\/handelsgymnasiet\/goteborg\/\",\"name\":\"G\u00f6teborg\",\"description\":\"Just another WordPress site\",\"potentialAction\":[{\"@type\":\"SearchAction\",\"target\":{\"@type\":\"EntryPoint\",\"urlTemplate\":\"https:\/\/ntigymnasiet.se\/handelsgymnasiet\/goteborg\/?s={search_term_string}\"},\"query-input\":\"required name=search_term_string\"}],\"inLanguage\":\"sv-SE\"}]}<\/script>\n<!-- \/ Yoast SEO plugin. -->","yoast_head_json":{"title":"F\u00f6r SYV - NTI Handelsgymnasiet G\u00f6teborg","description":"V\u00e4lkommen till NTI Handelsgymnasiet! Vi har ekonomiprogrammet och f\u00f6rs\u00e4ljnings- och serviceprogrammet. V\u00e4lkommen till NTI!","robots":{"index":"index","follow":"follow","max-snippet":"max-snippet:-1","max-image-preview":"max-image-preview:large","max-video-preview":"max-video-preview:-1"},"canonical":"https:\/\/ntigymnasiet.se\/handelsgymnasiet\/goteborg\/var-skola\/for-syv\/","og_locale":"sv_SE","og_type":"article","og_title":"F\u00f6r SYV - NTI Handelsgymnasiet G\u00f6teborg","og_description":"V\u00e4lkommen till NTI Handelsgymnasiet! Vi har ekonomiprogrammet och f\u00f6rs\u00e4ljnings- och serviceprogrammet. V\u00e4lkommen till NTI!","og_url":"https:\/\/ntigymnasiet.se\/handelsgymnasiet\/goteborg\/var-skola\/for-syv\/","og_site_name":"G\u00f6teborg","article_modified_time":"2026-08-27T13:39:58+00:00","twitter_card":"summary_large_image","twitter_title":"F\u00f6r SYV - NTI Handelsgymnasiet G\u00f6teborg","twitter_description":"V\u00e4lkommen till NTI Handelsgymnasiet! Vi har ekonomiprogrammet och f\u00f6rs\u00e4ljnings- och serviceprogrammet. V\u00e4lkommen till NTI!","schema":{"@context":"https:\/\/schema.org","@graph":[{"@type":"WebPage","@id":"https:\/\/ntigymnasiet.se\/handelsgymnasiet\/goteborg\/var-skola\/for-syv\/","url":"https:\/\/ntigymnasiet.se\/handelsgymnasiet\/goteborg\/var-skola\/for-syv\/","name":"F\u00f6r SYV - NTI Handelsgymnasiet G\u00f6teborg","isPartOf":{"@id":"https:\/\/ntigymnasiet.se\/handelsgymnasiet\/goteborg\/#website"},"datePublished":"2023-03-31T14:52:01+00:00","dateModified":"2026-08-27T13:39:58+00:00","description":"V\u00e4lkommen till NTI Handelsgymnasiet! Vi har ekonomiprogrammet och f\u00f6rs\u00e4ljnings- och serviceprogrammet. V\u00e4lkommen till NTI!","breadcrumb":{"@id":"https:\/\/ntigymnasiet.se\/handelsgymnasiet\/goteborg\/var-skola\/for-syv\/#breadcrumb"},"inLanguage":"sv-SE","potentialAction":[{"@type":"ReadAction","target":["https:\/\/ntigymnasiet.se\/handelsgymnasiet\/goteborg\/var-skola\/for-syv\/"]}]},{"@type":"BreadcrumbList","@id":"https:\/\/ntigymnasiet.se\/handelsgymnasiet\/goteborg\/var-skola\/for-syv\/#breadcrumb","itemListElement":[{"@type":"ListItem","position":1,"name":"Start","item":"https:\/\/ntigymnasiet.se\/handelsgymnasiet\/goteborg\/"},{"@type":"ListItem","position":2,"name":"V\u00e5r skola","item":"https:\/\/ntigymnasiet.se\/handelsgymnasiet\/goteborg\/var-skola\/"},{"@type":"ListItem","position":3,"name":"F\u00f6r SYV"}]},{"@type":"WebSite","@id":"https:\/\/ntigymnasiet.se\/handelsgymnasiet\/goteborg\/#website","url":"https:\/\/ntigymnasiet.se\/handelsgymnasiet\/goteborg\/","name":"G\u00f6teborg","description":"Just another WordPress site","potentialAction":[{"@type":"SearchAction","target":{"@type":"EntryPoint","urlTemplate":"https:\/\/ntigymnasiet.se\/handelsgymnasiet\/goteborg\/?s={search_term_string}"},"query-input":"required name=search_term_string"}],"inLanguage":"sv-SE"}]}},"_links":{"self":[{"href":"https:\/\/ntigymnasiet.se\/handelsgymnasiet\/goteborg\/wp-json\/wp\/v2\/pages\/197"}],"collection":[{"href":"https:\/\/ntigymnasiet.se\/handelsgymnasiet\/goteborg\/wp-json\/wp\/v2\/pages"}],"about":[{"href":"https:\/\/ntigymnasiet.se\/handelsgymnasiet\/goteborg\/wp-json\/wp\/v2\/types\/page"}],"author":[{"embeddable":true,"href":"https:\/\/ntigymnasiet.se\/handelsgymnasiet\/goteborg\/wp-json\/wp\/v2\/users\/4"}],"replies":[{"embeddable":true,"href":"https:\/\/ntigymnasiet.se\/handelsgymnasiet\/goteborg\/wp-json\/wp\/v2\/comments?post=197"}],"version-history":[{"count":10,"href":"https:\/\/ntigymnasiet.se\/handelsgymnasiet\/goteborg\/wp-json\/wp\/v2\/pages\/197\/revisions"}],"predecessor-version":[{"id":2438,"href":"https:\/\/ntigymnasiet.se\/handelsgymnasiet\/goteborg\/wp-json\/wp\/v2\/pages\/197\/revisions\/2438"}],"up":[{"embeddable":true,"href":"https:\/\/ntigymnasiet.se\/handelsgymnasiet\/goteborg\/wp-json\/wp\/v2\/pages\/191"}],"wp:attachment":[{"href":"https:\/\/ntigymnasiet.se\/handelsgymnasiet\/goteborg\/wp-json\/wp\/v2\/media?parent=197"}],"curies":[{"name":"wp","href":"https:\/\/api.w.org\/{rel}","templated":true}]}}