{"id":3339,"date":"2026-07-08T16:27:10","date_gmt":"2026-07-08T14:27:10","guid":{"rendered":"https:\/\/ntigymnasiet.se\/handelsgymnasiet\/?post_type=testimonial&#038;p=3339"},"modified":"2026-07-08T16:29:59","modified_gmt":"2026-07-08T14:29:59","slug":"valeria-laser-forsaljnings-och-serviceprogrammet","status":"publish","type":"testimonial","link":"https:\/\/ntigymnasiet.se\/handelsgymnasiet\/elevintervjuer\/valeria-laser-forsaljnings-och-serviceprogrammet\/","title":{"rendered":"Valeria l\u00e4ser F\u00f6rs\u00e4ljnings- och serviceprogrammet"},"content":{"rendered":"\n\t\n\t\n\t\n\n\t\n\t\n\t\t\n<section  class=\"c-block l-stacked  \" data-color-scheme=\"standard_morkbla-bakgrund\">\n\t<div class=\"ams-fifty ams-fifty--container ams-fifty--right ams-fifty--bottom l-container u-pt-fluid-3xl-6xl u-pb-fluid-3xl-6xl\">\n\t\t<div class=\"ams-fifty__content l-stack l-stack-xl is-left is-left@lg\">\n\t\t\t<div class=\"ams-fifty__text l-stack l-stack-lg\">\n\t\t\t\t\t\n\t<h1\n\tclass=\"c-heading u-font-title-1 \"\n\tstyle=\"\">\n\t\t\n\t\t\t\t\tValeria l\u00e4ser F\u00f6rs\u00e4ljnings- och serviceprogrammet\n\t\t\t\t\n\t<\/h1>\n\n\t\t\t\t\t\t\t\t\t<div class=\"text l-stack u-font-body\">\n\t\t\t\t\t\t<p>Valeria g\u00e5r f\u00f6rs\u00e4ljnings- och serviceprogrammet p\u00e5 NTI Handelsgymnasiet Stockholm. H\u00e4r delar hon med sig av sina erfarenheter, vad som g\u00f6r utbildningen unik och sina planer f\u00f6r framtiden.<\/p>\n\n\t\t\t\t\t<\/div>\n\t\t\t\t\t\t\t<\/div>\n\n\t\t\t\t\t<\/div>\n\n\t\t <div class=\"ams-fifty__media u-ratio-square\">\n\t\t \t\t\t\t\t<img decoding=\"async\" width=\"600\" height=\"600\" src=\"https:\/\/ntigymnasiet.se\/wp-content\/uploads\/2026\/07\/elevvaleriaforsaljningsochserviceprogramet-600x600.jpeg\" class=\"attachment-md size-md\" alt=\"Eleven Valeria.\" sizes=\"(min-width: 64em) 600px, calc(100vw - 160px)\" srcset=\"https:\/\/ntigymnasiet.se\/wp-content\/uploads\/2026\/07\/elevvaleriaforsaljningsochserviceprogramet-600x600.jpeg 600w, https:\/\/ntigymnasiet.se\/wp-content\/uploads\/2026\/07\/elevvaleriaforsaljningsochserviceprogramet-150x150.jpeg 150w, https:\/\/ntigymnasiet.se\/wp-content\/uploads\/2026\/07\/elevvaleriaforsaljningsochserviceprogramet-300x300.jpeg 300w, https:\/\/ntigymnasiet.se\/wp-content\/uploads\/2026\/07\/elevvaleriaforsaljningsochserviceprogramet-400x400.jpeg 400w, https:\/\/ntigymnasiet.se\/wp-content\/uploads\/2026\/07\/elevvaleriaforsaljningsochserviceprogramet-800x800.jpeg 800w, https:\/\/ntigymnasiet.se\/wp-content\/uploads\/2026\/07\/elevvaleriaforsaljningsochserviceprogramet-1024x1024.jpeg 1024w, https:\/\/ntigymnasiet.se\/wp-content\/uploads\/2026\/07\/elevvaleriaforsaljningsochserviceprogramet.jpeg 1200w\" \/>\n\t\t\t\n\t\t\t\n\t\t\t\t\t<\/div>\n\t<\/div>\n\n\t\t\n\n<\/section>\n\n\n<section \n\t\t class=\"\n\t\t ams-container\n\t\t \n\t\t c-block l-stacked\n\t\t \n\t\t \n\t\t \"\n\t\t data-color-scheme=\"standard_ljusbeige-bakgrund\"\n\t\t >\n\t\t<div\n\t\t\t class=\"\n\t\t\t l-container-narrow\n\t\t\t l-stack l-stack-fluid-2xl\n\t\t\t u-pt-fluid-2xl-4xl\n\t\t\t u-pb-fluid-2xl-4xl\n\t\t\t is-left\n\t\t\t is-left@md\n\t\t\t \">\n\t\t\t\t\t<div class=\"ams-container__intro\">\n\t\t\t\t\t\t\t\t\t\t\t\t\t\t\t\t\t\n\n<h2 class=\"wp-block-heading\">Hej Valeria! Varf\u00f6r valde du F\u00f6rs\u00e4ljnings- och serviceprogrammet?<\/h2>\n\n\n\n<p>Jag visste inte riktigt vad jag ville g\u00f6ra efter gymnasiet, om jag skulle jobba direkt eller om jag skulle plugga vidare inom ekonomi. Jag ville g\u00e4rna ha mycket praktik samtidigt som jag fick h\u00f6gskolebeh\u00f6righet och d\u00e5 passade Business School f\u00f6r mig.<\/p>\n\n\n\n<h2 class=\"wp-block-heading\">Vad tycker du \u00e4r det b\u00e4sta med utbildningen?<\/h2>\n\n\n\n<p>Att vi har APL tv\u00e5 dagar i veckan under en l\u00e4ngre tid, som g\u00f6r att man f\u00e5r en bra balans mellan skola och praktik. Sedan har personlig f\u00f6rs\u00e4ljning varit j\u00e4ttekul. Det var lite l\u00e4skigt i b\u00f6rjan, s\u00e4rskilt n\u00e4r vi skulle ha s\u00e4ljsamtal inf\u00f6r hela klassen. Men idag \u00e4r jag stolt och glad \u00f6ver att jag v\u00e5gade, f\u00f6r kunskaperna sitter verkligen!<\/p>\n\n\n\n<h2 class=\"wp-block-heading\">Vad har varit det allra roligaste under din skoltid?<\/h2>\n\n\n\n<p>Allra roligast har varit att leta efter p\u00e5sk\u00e4ggen som rektorerna har g\u00f6mt. Alla aktiviteter som skolan ordnar, som g\u00f6r att det blir roligt i vardagen. Det var ocks\u00e5 roligt n\u00e4r vi fick designa en \u00e5kattraktion f\u00f6r Gr\u00f6na Lund, n\u00e4r vi hade NTI Brain Race. Jag \u00e4r ocks\u00e5 glad \u00f6ver att ha f\u00e5tt l\u00e4ra k\u00e4nna nya kompisar n\u00e4r vi b\u00f6rjade inriktningsvalet i \u00e5k 2. Det \u00e4r kompisar som jag kommer ha kvar \u00e4ven efter gymnasiet. Kan man spola tillbaka tiden och f\u00e5 uppleva allt igen?<\/p>\n\n\n\n<h2 class=\"wp-block-heading\">Vad roligt att h\u00f6ra! En sista fr\u00e5ga, vad g\u00f6r du i framtiden?<\/h2>\n\n\n\n<p>Idag har jag faktiskt flera extrajobb, varav jag f\u00e5tt tv\u00e5 genom APL p\u00e5 skolan, Ica Maxi och Granit. Jag vill g\u00e4rna jobba ett \u00e5r och sedan studera vidare inom ekonomi eller marknadsf\u00f6ring. Tack vare APL s\u00e5 har jag m\u00f6jlighet att jobba p\u00e5 b\u00e5de Ica Maxi och Granit nu direkt efter studenten!<\/p>\n\n\n\t\t\t\t\t\t\t\t\t\t\t\t<\/div>\n\t\t<\/div>\n\n\t\t\t\t\n\n<\/section>\n\n\n\n<section  class=\"ams-quote c-block l-stacked\" data-color-scheme=\"standard_morkbla-bakgrund\">\n\t<div class=\"l-container l-stack l-stack-fluid-2xl u-pt-fluid-3xl-6xl u-pb-fluid-3xl-6xl is-left is-left@md\">\n\t\t\n\t\t\t\t\t\t\t\t\t<ul class=\"ams-quote__list l-grid u-gap-fluid-2xl-4xl u-justify-center\" aria-label=\"Citat\">\n\t\t\t<li class=\"l-col-6@md\">\n\t\t\t<article class=\"c-card\" data-variant=\"quote\" >\n\t\t\t\t<div class=\"c-card__content l-stack u-text-left\">\n\t\t\t\t\t\t\t\t\t\t\t<blockquote class=\"c-card__title u-font-title-2\">\n\t\t\t\t\t\t\t\t\t\t\t\t\t\t\t<p>&#8221;Kan man spola tillbaka tiden och f\u00e5 uppleva allt igen?&#8221;<\/p>\n\t\t\t\t\t\t\t\t\t\t\t\t\t<\/blockquote>\n\t\t\t\t\t\n\t\t\t\t\t\t\t\t\t\t\t<p class=\"c-card__text\">\n\t\t\t\t\t\t\t<span class=\"author u-font-body\">Valeria<\/span>\n\t\t\t\t\t\t\t<span class=\"title u-font-body\">F\u00f6rs\u00e4ljnings- och serviceprogrammet<\/span>\n\t\t\t\t\t\t<\/p>\n\t\t\t\t\t\t\t\t\t<\/div>\n\n\t\t\t\t\t\t\t<\/article>\n\t\t<\/li>\n\t<\/ul>\n\t\n\t\n\t\t\t<\/div>\n\n\t\t\n\n<\/section>\n\n\n\n\n\n<section  class=\"ams-testimonial testimonial_module c-block l-stacked js-load-more\" data-color-scheme=\"kort_morkbeige-bakgrund\" data-count=\"2\" data-count-mobile=\"2\">\n\t<div class=\"l-container l-stack l-stack-fluid-2xl u-pt-fluid-3xl-6xl u-pb-fluid-3xl-6xl is-center is-center@md\">\n\t\t\t\t\t<div class=\"ams-testimonial__intro l-stack l-stack-lg\">\n\t\t\t\t\t\n\t<h2\n\tclass=\"c-heading u-font-title-1 \"\n\tstyle=\"\">\n\t\t\n\t\t\t\t\tSe fler elevintervjuer\n\t\t\t\t\n\t<\/h2>\n\n\t\t\t\t\t\t\t<\/div>\n\t\t\n\t\t\n\t\n\t\t\n\t\t\t\n<ul\n\tid=\"ams-testimonial-list-6a9a94aadb4db\"\n\tclass=\"ams-testimonial__list  l-grid u-gap-fluid-2xl-4xl js-results \"\n\tdata-filter-animation=\"off\">\n\t\t\t\t\t\t\t\t\t\t\t\n\t\t\n\t\t\n\t\t<li class=\"l-col-6@md \" data-filter=\"forsaljning-och-serviceprogrammet augusti-2026\">\n\t\t\t<article class=\"c-card has-media-zoom \" data-variant=\"inside-half\" data-click-area>\n\t\t\t\t<div class=\"c-card__content l-stack l-stack-sm is-left is-left@md\">\n\t\t\t\t\t\t\t\t\t\t\t<blockquote class=\"c-card__title u-font-title-3\">\n\t\t\t\t\t\t\t\t\t\t\t\t\t\t\t<p class=\"u-quote-marks\"><a href=\"https:\/\/ntigymnasiet.se\/handelsgymnasiet\/elevintervjuer\/forsaljning-och-service-4\/\" class=\"link\">Min f\u00f6rsta k\u00e4nsla var WOW! Det k\u00e4ndes coolt att f\u00e5 en inblick&#8230;<\/a><\/p>\n\t\t\t\t\t\t\t\t\t\t\t\t\t<\/blockquote>\n\t\t\t\t\t\n\t\t\t\t\t\t\t\t\t\t\t<p class=\"c-card__text l-stack-grow u-divider-top u-font-body\">\n\t\t\t\t\t\t\t<span class=\"author u-mr-fluid-lg\">Theo<\/span>\n\t\t\t\t\t\t\t<span class=\"title u-mr-fluid-lg\">F\u00f6rs\u00e4ljnings- och serviceprogrammet<\/span>\n\t\t\t\t\t\t<\/p>\n\t\t\t\t\t\n\t\t\t\t\t<div class=\"c-card__icon\">\n\t\t\t\t\t\t<svg class=\"ams-icon ams-icon--arrow-right\" width=\"32\" height=\"32\" viewBox=\"0 0 32 32\" fill=\"currentColor\" aria-hidden=\"true\" xmlns=\"http:\/\/www.w3.org\/2000\/svg\">\n\t\t\t\t\t\t\t<path d=\"M15.4617 0.252159L14.9567 0.75931C14.6219 1.09545 14.6219 1.64048 14.9567 1.97669L27.7062 14.7806H0.857144C0.383786 14.7806 0 15.166 0 15.6414V16.3587C0 16.8341 0.383786 17.2195 0.857144 17.2195H27.7062L14.9567 30.0234C14.6219 30.3595 14.6219 30.9045 14.9567 31.2407L15.4617 31.7479C15.7964 32.084 16.3392 32.084 16.6739 31.7479L31.749 16.6087C32.0837 16.2725 32.0837 15.7275 31.749 15.3913L16.6739 0.252159C16.3392 -0.084053 15.7964 -0.084053 15.4617 0.252159Z\"\/>\n\t\t\t\t\t\t<\/svg>\n\t\t\t\t\t<\/div>\n\t\t\t\t<\/div>\n\t\t\t\t<div class=\"c-card__media\" style=\" \">\n\t\t\t\t\t<img decoding=\"async\" width=\"600\" height=\"400\" src=\"https:\/\/ntigymnasiet.se\/wp-content\/uploads\/2023\/08\/theo-forsaljning-service-2022-600x400.jpeg\" class=\"attachment-md size-md\" alt=\"Theo st\u00e5r framf\u00f6r en vit Polestar 2.\" sizes=\"(min-width: 80em) 600px, (min-width: 48em) calc(.50 * (100vw - 240px)), calc(100vw - 160px)\" srcset=\"https:\/\/ntigymnasiet.se\/wp-content\/uploads\/2023\/08\/theo-forsaljning-service-2022-600x400.jpeg 600w, https:\/\/ntigymnasiet.se\/wp-content\/uploads\/2023\/08\/theo-forsaljning-service-2022-300x200.jpeg 300w, https:\/\/ntigymnasiet.se\/wp-content\/uploads\/2023\/08\/theo-forsaljning-service-2022-400x267.jpeg 400w, https:\/\/ntigymnasiet.se\/wp-content\/uploads\/2023\/08\/theo-forsaljning-service-2022-800x533.jpeg 800w, https:\/\/ntigymnasiet.se\/wp-content\/uploads\/2023\/08\/theo-forsaljning-service-2022-1024x683.jpeg 1024w, https:\/\/ntigymnasiet.se\/wp-content\/uploads\/2023\/08\/theo-forsaljning-service-2022-1200x800.jpeg 1200w, https:\/\/ntigymnasiet.se\/wp-content\/uploads\/2023\/08\/theo-forsaljning-service-2022.jpeg 2048w\" \/>\n\t\t\t\t<\/div>\n\t\t\t<\/article>\n\t\t<\/li>\n\t\t\t\t\t\t\t\t\t\t\t\n\t\t\n\t\t\n\t\t<li class=\"l-col-6@md \" data-filter=\"forsaljning-och-serviceprogrammet september-2026\">\n\t\t\t<article class=\"c-card has-media-zoom \" data-variant=\"inside-half\" data-click-area>\n\t\t\t\t<div class=\"c-card__content l-stack l-stack-sm is-left is-left@md\">\n\t\t\t\t\t\t\t\t\t\t\t<blockquote class=\"c-card__title u-font-title-3\">\n\t\t\t\t\t\t\t\t\t\t\t\t\t\t\t<p class=\"u-quote-marks\"><a href=\"https:\/\/ntigymnasiet.se\/handelsgymnasiet\/elevintervjuer\/forsaljning-och-service-1\/\" class=\"link\">Det \u00e4r verklighetsf\u00f6rankrat, vi f\u00e5r jobba med riktiga case&#8230;<\/a><\/p>\n\t\t\t\t\t\t\t\t\t\t\t\t\t<\/blockquote>\n\t\t\t\t\t\n\t\t\t\t\t\t\t\t\t\t\t<p class=\"c-card__text l-stack-grow u-divider-top u-font-body\">\n\t\t\t\t\t\t\t<span class=\"author u-mr-fluid-lg\">Robin<\/span>\n\t\t\t\t\t\t\t<span class=\"title u-mr-fluid-lg\">F\u00f6rs\u00e4ljnings- och serviceprogrammet<\/span>\n\t\t\t\t\t\t<\/p>\n\t\t\t\t\t\n\t\t\t\t\t<div class=\"c-card__icon\">\n\t\t\t\t\t\t<svg class=\"ams-icon ams-icon--arrow-right\" width=\"32\" height=\"32\" viewBox=\"0 0 32 32\" fill=\"currentColor\" aria-hidden=\"true\" xmlns=\"http:\/\/www.w3.org\/2000\/svg\">\n\t\t\t\t\t\t\t<path d=\"M15.4617 0.252159L14.9567 0.75931C14.6219 1.09545 14.6219 1.64048 14.9567 1.97669L27.7062 14.7806H0.857144C0.383786 14.7806 0 15.166 0 15.6414V16.3587C0 16.8341 0.383786 17.2195 0.857144 17.2195H27.7062L14.9567 30.0234C14.6219 30.3595 14.6219 30.9045 14.9567 31.2407L15.4617 31.7479C15.7964 32.084 16.3392 32.084 16.6739 31.7479L31.749 16.6087C32.0837 16.2725 32.0837 15.7275 31.749 15.3913L16.6739 0.252159C16.3392 -0.084053 15.7964 -0.084053 15.4617 0.252159Z\"\/>\n\t\t\t\t\t\t<\/svg>\n\t\t\t\t\t<\/div>\n\t\t\t\t<\/div>\n\t\t\t\t<div class=\"c-card__media\" style=\" \">\n\t\t\t\t\t<img decoding=\"async\" width=\"400\" height=\"316\" src=\"https:\/\/ntigymnasiet.se\/wp-content\/uploads\/2023\/05\/nti-intervju-forsaljning-service-2022-400x316.jpeg\" class=\"attachment-md size-md\" alt=\"Elev med gr\u00e5 tr\u00f6ja.\" sizes=\"(min-width: 80em) 600px, (min-width: 48em) calc(.50 * (100vw - 240px)), calc(100vw - 160px)\" srcset=\"https:\/\/ntigymnasiet.se\/wp-content\/uploads\/2023\/05\/nti-intervju-forsaljning-service-2022-400x316.jpeg 400w, https:\/\/ntigymnasiet.se\/wp-content\/uploads\/2023\/05\/nti-intervju-forsaljning-service-2022-300x237.jpeg 300w, https:\/\/ntigymnasiet.se\/wp-content\/uploads\/2023\/05\/nti-intervju-forsaljning-service-2022-1024x809.jpeg 1024w, https:\/\/ntigymnasiet.se\/wp-content\/uploads\/2023\/05\/nti-intervju-forsaljning-service-2022-768x607.jpeg 768w, https:\/\/ntigymnasiet.se\/wp-content\/uploads\/2023\/05\/nti-intervju-forsaljning-service-2022-1536x1213.jpeg 1536w, https:\/\/ntigymnasiet.se\/wp-content\/uploads\/2023\/05\/nti-intervju-forsaljning-service-2022-2048x1618.jpeg 2048w, https:\/\/ntigymnasiet.se\/wp-content\/uploads\/2023\/05\/nti-intervju-forsaljning-service-2022-1920x1517.jpeg 1920w, https:\/\/ntigymnasiet.se\/wp-content\/uploads\/2023\/05\/nti-intervju-forsaljning-service-2022-500x395.jpeg 500w, https:\/\/ntigymnasiet.se\/wp-content\/uploads\/2023\/05\/nti-intervju-forsaljning-service-2022-290x229.jpeg 290w, https:\/\/ntigymnasiet.se\/wp-content\/uploads\/2023\/05\/nti-intervju-forsaljning-service-2022-340x269.jpeg 340w, https:\/\/ntigymnasiet.se\/wp-content\/uploads\/2023\/05\/nti-intervju-forsaljning-service-2022-1100x869.jpeg 1100w, https:\/\/ntigymnasiet.se\/wp-content\/uploads\/2023\/05\/nti-intervju-forsaljning-service-2022-848x670.jpeg 848w, https:\/\/ntigymnasiet.se\/wp-content\/uploads\/2023\/05\/nti-intervju-forsaljning-service-2022-1200x948.jpeg 1200w, https:\/\/ntigymnasiet.se\/wp-content\/uploads\/2023\/05\/nti-intervju-forsaljning-service-2022-600x474.jpeg 600w\" \/>\n\t\t\t\t<\/div>\n\t\t\t<\/article>\n\t\t<\/li>\n\t\t\t\t\t\t\t\t\t\t\t\n\t\t\n\t\t\n\t\t<li class=\"l-col-6@md \" data-filter=\"forsaljning-och-serviceprogrammet september-2022\">\n\t\t\t<article class=\"c-card has-media-zoom \" data-variant=\"inside-half\" data-click-area>\n\t\t\t\t<div class=\"c-card__content l-stack l-stack-sm is-left is-left@md\">\n\t\t\t\t\t\t\t\t\t\t\t<blockquote class=\"c-card__title u-font-title-3\">\n\t\t\t\t\t\t\t\t\t\t\t\t\t\t\t<p class=\"u-quote-marks\"><a href=\"https:\/\/ntigymnasiet.se\/handelsgymnasiet\/elevintervjuer\/forsaljning-och-service-2\/\" class=\"link\">Jag k\u00e4nner verkligen att jag fick utvecklas som person p\u00e5 gymnasiet&#8230;<\/a><\/p>\n\t\t\t\t\t\t\t\t\t\t\t\t\t<\/blockquote>\n\t\t\t\t\t\n\t\t\t\t\t\t\t\t\t\t\t<p class=\"c-card__text l-stack-grow u-divider-top u-font-body\">\n\t\t\t\t\t\t\t<span class=\"author u-mr-fluid-lg\">Nina<\/span>\n\t\t\t\t\t\t\t<span class=\"title u-mr-fluid-lg\">F\u00f6rs\u00e4ljnings- och serviceprogrammet<\/span>\n\t\t\t\t\t\t<\/p>\n\t\t\t\t\t\n\t\t\t\t\t<div class=\"c-card__icon\">\n\t\t\t\t\t\t<svg class=\"ams-icon ams-icon--arrow-right\" width=\"32\" height=\"32\" viewBox=\"0 0 32 32\" fill=\"currentColor\" aria-hidden=\"true\" xmlns=\"http:\/\/www.w3.org\/2000\/svg\">\n\t\t\t\t\t\t\t<path d=\"M15.4617 0.252159L14.9567 0.75931C14.6219 1.09545 14.6219 1.64048 14.9567 1.97669L27.7062 14.7806H0.857144C0.383786 14.7806 0 15.166 0 15.6414V16.3587C0 16.8341 0.383786 17.2195 0.857144 17.2195H27.7062L14.9567 30.0234C14.6219 30.3595 14.6219 30.9045 14.9567 31.2407L15.4617 31.7479C15.7964 32.084 16.3392 32.084 16.6739 31.7479L31.749 16.6087C32.0837 16.2725 32.0837 15.7275 31.749 15.3913L16.6739 0.252159C16.3392 -0.084053 15.7964 -0.084053 15.4617 0.252159Z\"\/>\n\t\t\t\t\t\t<\/svg>\n\t\t\t\t\t<\/div>\n\t\t\t\t<\/div>\n\t\t\t\t<div class=\"c-card__media\" style=\" \">\n\t\t\t\t\t<img decoding=\"async\" width=\"600\" height=\"660\" src=\"https:\/\/ntigymnasiet.se\/wp-content\/uploads\/2023\/05\/nti-handelsgymnasiet-nina-2210-600x660.jpeg\" class=\"attachment-md size-md\" alt=\"Tidigare elev Nina.\" sizes=\"(min-width: 80em) 600px, (min-width: 48em) calc(.50 * (100vw - 240px)), calc(100vw - 160px)\" srcset=\"https:\/\/ntigymnasiet.se\/wp-content\/uploads\/2023\/05\/nti-handelsgymnasiet-nina-2210-600x660.jpeg 600w, https:\/\/ntigymnasiet.se\/wp-content\/uploads\/2023\/05\/nti-handelsgymnasiet-nina-2210-300x330.jpeg 300w, https:\/\/ntigymnasiet.se\/wp-content\/uploads\/2023\/05\/nti-handelsgymnasiet-nina-2210-400x440.jpeg 400w, https:\/\/ntigymnasiet.se\/wp-content\/uploads\/2023\/05\/nti-handelsgymnasiet-nina-2210-800x880.jpeg 800w, https:\/\/ntigymnasiet.se\/wp-content\/uploads\/2023\/05\/nti-handelsgymnasiet-nina-2210.jpeg 931w\" \/>\n\t\t\t\t<\/div>\n\t\t\t<\/article>\n\t\t<\/li>\n\t<\/ul>\n\t\n\t<div class=\"no-results u-mt-0 u-hide\" data-filter-fallback-id=\"ams-testimonial-list-6a9a94aadb4db\">\n\t<p>Det finns inga resultat som matchar din filtrering.<\/p>\n<\/div>\n\n\t    <div class=\"ams-testimonial__more u-inline-items js-load-more-btn\">\n        <button href=\"#\"\n                class=\"c-btn\"\n                data-style=\"rounded\"\n                data-size=\"md\"\n                data-width=\"full-mobile\"\n                data-variant=\"default\">\n        \tVisa fler elevintervjuer\n        <\/button>\n    <\/div>\n\n\n\t\t\n\t\t\t<\/div>\n\n\t\t\n\n<\/section>\n","protected":false},"featured_media":0,"template":"","testimonial_category":[16],"yoast_head":"<!-- This site is optimized with the Yoast SEO plugin v22.0 - https:\/\/yoast.com\/wordpress\/plugins\/seo\/ -->\n<title>NTI Handelsgymnasiet<\/title>\n<meta name=\"description\" content=\"Valeria g\u00e5r f\u00f6rs\u00e4ljnings- och serviceprogrammet. H\u00e4r delar hon med sig av sina erfarenheter och vad som g\u00f6r utbildningen unik.\" \/>\n<meta name=\"robots\" content=\"index, follow, max-snippet:-1, max-image-preview:large, max-video-preview:-1\" \/>\n<link rel=\"canonical\" href=\"https:\/\/ntigymnasiet.se\/handelsgymnasiet\/elevintervjuer\/valeria-laser-forsaljnings-och-serviceprogrammet\/\" \/>\n<meta property=\"og:locale\" content=\"sv_SE\" \/>\n<meta property=\"og:type\" content=\"article\" \/>\n<meta property=\"og:description\" content=\"Valeria g\u00e5r f\u00f6rs\u00e4ljnings- och serviceprogrammet. H\u00e4r delar hon med sig av sina erfarenheter och vad som g\u00f6r utbildningen unik.\" \/>\n<meta property=\"og:url\" content=\"https:\/\/ntigymnasiet.se\/handelsgymnasiet\/elevintervjuer\/valeria-laser-forsaljnings-och-serviceprogrammet\/\" \/>\n<meta property=\"og:site_name\" content=\"NTI Handelsgymnasiet\" \/>\n<meta property=\"article:modified_time\" content=\"2026-07-08T14:29:59+00:00\" \/>\n<meta name=\"twitter:card\" content=\"summary_large_image\" \/>\n<meta name=\"twitter:description\" content=\"Valeria g\u00e5r f\u00f6rs\u00e4ljnings- och serviceprogrammet. H\u00e4r delar hon med sig av sina erfarenheter och vad som g\u00f6r utbildningen unik.\" \/>\n<meta name=\"twitter:label1\" content=\"Est. reading time\" \/>\n\t<meta name=\"twitter:data1\" content=\"2 minuter\" \/>\n<script type=\"application\/ld+json\" class=\"yoast-schema-graph\">{\"@context\":\"https:\/\/schema.org\",\"@graph\":[{\"@type\":\"WebPage\",\"@id\":\"https:\/\/ntigymnasiet.se\/handelsgymnasiet\/elevintervjuer\/valeria-laser-forsaljnings-och-serviceprogrammet\/\",\"url\":\"https:\/\/ntigymnasiet.se\/handelsgymnasiet\/elevintervjuer\/valeria-laser-forsaljnings-och-serviceprogrammet\/\",\"name\":\"Valeria l\u00e4ser F\u00f6rs\u00e4ljnings- och serviceprogrammet - NTI Handelsgymnasiet\",\"isPartOf\":{\"@id\":\"https:\/\/ntigymnasiet.se\/handelsgymnasiet\/#website\"},\"datePublished\":\"2026-07-08T14:27:10+00:00\",\"dateModified\":\"2026-07-08T14:29:59+00:00\",\"description\":\"Valeria g\u00e5r f\u00f6rs\u00e4ljnings- och serviceprogrammet. H\u00e4r delar hon med sig av sina erfarenheter och vad som g\u00f6r utbildningen unik.\",\"breadcrumb\":{\"@id\":\"https:\/\/ntigymnasiet.se\/handelsgymnasiet\/elevintervjuer\/valeria-laser-forsaljnings-och-serviceprogrammet\/#breadcrumb\"},\"inLanguage\":\"sv-SE\",\"potentialAction\":[{\"@type\":\"ReadAction\",\"target\":[\"https:\/\/ntigymnasiet.se\/handelsgymnasiet\/elevintervjuer\/valeria-laser-forsaljnings-och-serviceprogrammet\/\"]}]},{\"@type\":\"BreadcrumbList\",\"@id\":\"https:\/\/ntigymnasiet.se\/handelsgymnasiet\/elevintervjuer\/valeria-laser-forsaljnings-och-serviceprogrammet\/#breadcrumb\",\"itemListElement\":[{\"@type\":\"ListItem\",\"position\":1,\"name\":\"Start\",\"item\":\"https:\/\/ntigymnasiet.se\/handelsgymnasiet\"},{\"@type\":\"ListItem\",\"position\":2,\"name\":\"Elevintervjuer\"}]},{\"@type\":\"WebSite\",\"@id\":\"https:\/\/ntigymnasiet.se\/handelsgymnasiet\/#website\",\"url\":\"https:\/\/ntigymnasiet.se\/handelsgymnasiet\/\",\"name\":\"NTI Handelsgymnasiet\",\"description\":\"Just another WordPress site\",\"potentialAction\":[{\"@type\":\"SearchAction\",\"target\":{\"@type\":\"EntryPoint\",\"urlTemplate\":\"https:\/\/ntigymnasiet.se\/handelsgymnasiet\/?s={search_term_string}\"},\"query-input\":\"required name=search_term_string\"}],\"inLanguage\":\"sv-SE\"}]}<\/script>\n<!-- \/ Yoast SEO plugin. -->","yoast_head_json":{"title":"NTI Handelsgymnasiet","description":"Valeria g\u00e5r f\u00f6rs\u00e4ljnings- och serviceprogrammet. H\u00e4r delar hon med sig av sina erfarenheter och vad som g\u00f6r utbildningen unik.","robots":{"index":"index","follow":"follow","max-snippet":"max-snippet:-1","max-image-preview":"max-image-preview:large","max-video-preview":"max-video-preview:-1"},"canonical":"https:\/\/ntigymnasiet.se\/handelsgymnasiet\/elevintervjuer\/valeria-laser-forsaljnings-och-serviceprogrammet\/","og_locale":"sv_SE","og_type":"article","og_description":"Valeria g\u00e5r f\u00f6rs\u00e4ljnings- och serviceprogrammet. H\u00e4r delar hon med sig av sina erfarenheter och vad som g\u00f6r utbildningen unik.","og_url":"https:\/\/ntigymnasiet.se\/handelsgymnasiet\/elevintervjuer\/valeria-laser-forsaljnings-och-serviceprogrammet\/","og_site_name":"NTI Handelsgymnasiet","article_modified_time":"2026-07-08T14:29:59+00:00","twitter_card":"summary_large_image","twitter_description":"Valeria g\u00e5r f\u00f6rs\u00e4ljnings- och serviceprogrammet. H\u00e4r delar hon med sig av sina erfarenheter och vad som g\u00f6r utbildningen unik.","twitter_misc":{"Est. reading time":"2 minuter"},"schema":{"@context":"https:\/\/schema.org","@graph":[{"@type":"WebPage","@id":"https:\/\/ntigymnasiet.se\/handelsgymnasiet\/elevintervjuer\/valeria-laser-forsaljnings-och-serviceprogrammet\/","url":"https:\/\/ntigymnasiet.se\/handelsgymnasiet\/elevintervjuer\/valeria-laser-forsaljnings-och-serviceprogrammet\/","name":"Valeria l\u00e4ser F\u00f6rs\u00e4ljnings- och serviceprogrammet - NTI Handelsgymnasiet","isPartOf":{"@id":"https:\/\/ntigymnasiet.se\/handelsgymnasiet\/#website"},"datePublished":"2026-07-08T14:27:10+00:00","dateModified":"2026-07-08T14:29:59+00:00","description":"Valeria g\u00e5r f\u00f6rs\u00e4ljnings- och serviceprogrammet. H\u00e4r delar hon med sig av sina erfarenheter och vad som g\u00f6r utbildningen unik.","breadcrumb":{"@id":"https:\/\/ntigymnasiet.se\/handelsgymnasiet\/elevintervjuer\/valeria-laser-forsaljnings-och-serviceprogrammet\/#breadcrumb"},"inLanguage":"sv-SE","potentialAction":[{"@type":"ReadAction","target":["https:\/\/ntigymnasiet.se\/handelsgymnasiet\/elevintervjuer\/valeria-laser-forsaljnings-och-serviceprogrammet\/"]}]},{"@type":"BreadcrumbList","@id":"https:\/\/ntigymnasiet.se\/handelsgymnasiet\/elevintervjuer\/valeria-laser-forsaljnings-och-serviceprogrammet\/#breadcrumb","itemListElement":[{"@type":"ListItem","position":1,"name":"Start","item":"https:\/\/ntigymnasiet.se\/handelsgymnasiet"},{"@type":"ListItem","position":2,"name":"Elevintervjuer"}]},{"@type":"WebSite","@id":"https:\/\/ntigymnasiet.se\/handelsgymnasiet\/#website","url":"https:\/\/ntigymnasiet.se\/handelsgymnasiet\/","name":"NTI Handelsgymnasiet","description":"Just another WordPress site","potentialAction":[{"@type":"SearchAction","target":{"@type":"EntryPoint","urlTemplate":"https:\/\/ntigymnasiet.se\/handelsgymnasiet\/?s={search_term_string}"},"query-input":"required name=search_term_string"}],"inLanguage":"sv-SE"}]}},"_links":{"self":[{"href":"https:\/\/ntigymnasiet.se\/handelsgymnasiet\/wp-json\/wp\/v2\/testimonial\/3339"}],"collection":[{"href":"https:\/\/ntigymnasiet.se\/handelsgymnasiet\/wp-json\/wp\/v2\/testimonial"}],"about":[{"href":"https:\/\/ntigymnasiet.se\/handelsgymnasiet\/wp-json\/wp\/v2\/types\/testimonial"}],"wp:attachment":[{"href":"https:\/\/ntigymnasiet.se\/handelsgymnasiet\/wp-json\/wp\/v2\/media?parent=3339"}],"wp:term":[{"taxonomy":"testimonial_category","embeddable":true,"href":"https:\/\/ntigymnasiet.se\/handelsgymnasiet\/wp-json\/wp\/v2\/testimonial_category?post=3339"}],"curies":[{"name":"wp","href":"https:\/\/api.w.org\/{rel}","templated":true}]}}