{"id":3345,"date":"2026-07-08T16:37:09","date_gmt":"2026-07-08T14:37:09","guid":{"rendered":"https:\/\/ntigymnasiet.se\/handelsgymnasiet\/?post_type=testimonial&#038;p=3345"},"modified":"2026-07-08T16:55:38","modified_gmt":"2026-07-08T14:55:38","slug":"sara-laser-ekonomiprogrammet","status":"publish","type":"testimonial","link":"https:\/\/ntigymnasiet.se\/handelsgymnasiet\/elevintervjuer\/sara-laser-ekonomiprogrammet\/","title":{"rendered":"Sara l\u00e4ser ekonomiprogrammet"},"content":{"rendered":"\n\t\n\t\n\t\n\n\t\n\t\n\t\t\n<section  class=\"c-block l-stacked  \" data-color-scheme=\"standard_morkbla-bakgrund\">\n\t<div class=\"ams-fifty ams-fifty--container ams-fifty--right ams-fifty--bottom l-container u-pt-fluid-3xl-6xl u-pb-fluid-3xl-6xl\">\n\t\t<div class=\"ams-fifty__content l-stack l-stack-xl is-left is-left@lg\">\n\t\t\t<div class=\"ams-fifty__text l-stack l-stack-lg\">\n\t\t\t\t\t\n\t<h1\n\tclass=\"c-heading u-font-title-1 \"\n\tstyle=\"\">\n\t\t\n\t\t\t\t\tSara l\u00e4ser ekonomiprogrammet\n\t\t\t\t\n\t<\/h1>\n\n\t\t\t\t\t\t\t\t\t<div class=\"text l-stack u-font-body\">\n\t\t\t\t\t\t<p>Sara l\u00e4ser inriktningen ekonomi p\u00e5 Ekonomiprogrammet p\u00e5 NTI Handelsgymnasiet. I denna intervju delar hon med sig av sina b\u00e4sta minnen fr\u00e5n utbildningen, gemenskapen p\u00e5 skolan, och sina framtidsdr\u00f6mmar om att bli juri<\/p>\n\n\t\t\t\t\t<\/div>\n\t\t\t\t\t\t\t<\/div>\n\n\t\t\t\t\t<\/div>\n\n\t\t <div class=\"ams-fifty__media u-ratio-square\">\n\t\t \t\t\t\t\t<img decoding=\"async\" width=\"600\" height=\"600\" src=\"https:\/\/ntigymnasiet.se\/wp-content\/uploads\/2026\/07\/elevensaraekonomiprogrammet-600x600.jpeg\" class=\"attachment-md size-md\" alt=\"Eleven Sara.\" sizes=\"(min-width: 64em) 600px, calc(100vw - 160px)\" srcset=\"https:\/\/ntigymnasiet.se\/wp-content\/uploads\/2026\/07\/elevensaraekonomiprogrammet-600x600.jpeg 600w, https:\/\/ntigymnasiet.se\/wp-content\/uploads\/2026\/07\/elevensaraekonomiprogrammet-150x150.jpeg 150w, https:\/\/ntigymnasiet.se\/wp-content\/uploads\/2026\/07\/elevensaraekonomiprogrammet-300x300.jpeg 300w, https:\/\/ntigymnasiet.se\/wp-content\/uploads\/2026\/07\/elevensaraekonomiprogrammet-400x400.jpeg 400w, https:\/\/ntigymnasiet.se\/wp-content\/uploads\/2026\/07\/elevensaraekonomiprogrammet-800x800.jpeg 800w, https:\/\/ntigymnasiet.se\/wp-content\/uploads\/2026\/07\/elevensaraekonomiprogrammet-1024x1024.jpeg 1024w, https:\/\/ntigymnasiet.se\/wp-content\/uploads\/2026\/07\/elevensaraekonomiprogrammet.jpeg 1200w\" \/>\n\t\t\t\n\t\t\t\n\t\t\t\t\t<\/div>\n\t<\/div>\n\n\t\t\n\n<\/section>\n\n\n<section \n\t\t class=\"\n\t\t ams-container\n\t\t \n\t\t c-block l-stacked\n\t\t \n\t\t \n\t\t \"\n\t\t data-color-scheme=\"standard_ljusbeige-bakgrund\"\n\t\t >\n\t\t<div\n\t\t\t class=\"\n\t\t\t l-container-narrow\n\t\t\t l-stack l-stack-fluid-2xl\n\t\t\t u-pt-fluid-2xl-4xl\n\t\t\t u-pb-fluid-2xl-4xl\n\t\t\t is-left\n\t\t\t is-left@md\n\t\t\t \">\n\t\t\t\t\t<div class=\"ams-container__intro\">\n\t\t\t\t\t\t\t\t\t\t\t\t\t\t\t\t\t\n\n<h2 class=\"wp-block-heading\">Hej Sara! Varf\u00f6r valde du Ekonomiprogrammet, inriktning Ekonomi?<\/h2>\n\n\n\n<p>Jag visste inte riktigt vad jag ville g\u00f6ra i framtiden och ville ha en bred utbildning. En del oroar sig \u00f6ver att det \u00e4r mycket matematik p\u00e5 ekonomiprogrammet, men det finns s\u00e5 m\u00e5nga fler \u00e4mnen som \u00e4r sp\u00e4nnande, vilket gjorde mig intresserad. Efter ekonomiprogrammet kan man g\u00f6ra det mesta och jag ville ha s\u00e5 m\u00e5nga valm\u00f6jligheter som m\u00f6jligt.<\/p>\n\n\n\n<h2 class=\"wp-block-heading\">Vad tycker du \u00e4r det b\u00e4sta med utbildningen?<\/h2>\n\n\n\n<p>Det \u00e4r en sv\u00e5r fr\u00e5ga f\u00f6r att det \u00e4r s\u00e5 mycket som \u00e4r bra! N\u00e4r jag t\u00e4nker tillbaka s\u00e5 \u00e4r det m\u00e5nga erfarenheter som man kan ta med sig ut i arbetslivet. Vi f\u00e5r pr\u00f6va saker p\u00e5 riktigt, exempelvis UF och olika projekt. Jag har arbetat som s\u00e4ljare efter p\u00e5 kv\u00e4llar och helger och kunnat ta med erfarenheterna fr\u00e5n skolan till jobbet. Men mitt favorit\u00e4mne \u00e4r f\u00f6retagsekonomi!<\/p>\n\n\n\n<h2 class=\"wp-block-heading\">Vad sp\u00e4nnande! Vad har varit det allra roligaste under din skoltid?<\/h2>\n\n\n\n<p>Helt klart gemenskapen p\u00e5 skolan! Man k\u00e4nner alla l\u00e4rare, \u00e4ven fast man inte har haft dem i n\u00e5got \u00e4mne. De \u00e4r trevliga och h\u00e4lsar p\u00e5 alla. Sedan \u00e4r det s\u00e5 att man f\u00e5tt m\u00e5nga kompisar h\u00e4r, genom de aktiviteter som skolan ordnar. Exempelvis har vi en po\u00e4ngjakt med klassen och den klass som vinner f\u00e5r springa ut f\u00f6rst till studenten. Den p\u00e5g\u00e5r i tre \u00e5r och best\u00e5r av flera roliga delar, som att vi f\u00e5tt kl\u00e4 ut oss till Halloween. Ju fler i klassen som kl\u00e4tt ut sig, desto fler po\u00e4ng. Men skolan ordnar ocks\u00e5 aktiviteter f\u00f6r att vi ska l\u00e4ra k\u00e4nna andra elever, till exempel har vi NTI Brain Race n\u00e4r man med elever fr\u00e5n andra klasser f\u00e5r g\u00f6ra ett projekt tillsammans med ett f\u00f6retag. I \u00e5r fick vi designa ett nytt bilkoncept f\u00f6r Polestar och det var sp\u00e4nnande!<\/p>\n\n\n\n<h2 class=\"wp-block-heading\">En sista fr\u00e5ga, vad g\u00f6r du i framtiden?<\/h2>\n\n\n\n<p>Jag vill plugga vidare, men t\u00e4nker att jag vill arbeta lite f\u00f6rst nu direkt efter skolan. Just nu vill jag arbeta vidare inom f\u00f6rs\u00e4ljning och g\u00e4rna med n\u00e5got som ger provision, d\u00e5 jag motiveras av att arbeta lite h\u00e5rdare. P\u00e5 l\u00e5ng sikt \u00e4r min dr\u00f6m \u00e4r att utbilda mig till jurist och ha ett stadigt jobb.<\/p>\n\n\n\t\t\t\t\t\t\t\t\t\t\t\t<\/div>\n\t\t<\/div>\n\n\t\t\t\t\n\n<\/section>\n\n\n\n<section  class=\"ams-quote c-block l-stacked\" data-color-scheme=\"standard_morkbla-bakgrund\">\n\t<div class=\"l-container l-stack l-stack-fluid-2xl u-pt-fluid-3xl-6xl u-pb-fluid-3xl-6xl is-left is-left@md\">\n\t\t\n\t\t\t\t\t\t\t\t\t<ul class=\"ams-quote__list l-grid u-gap-fluid-2xl-4xl u-justify-center\" aria-label=\"Citat\">\n\t\t\t<li class=\"l-col-6@md\">\n\t\t\t<article class=\"c-card\" data-variant=\"quote\" >\n\t\t\t\t<div class=\"c-card__content l-stack u-text-left\">\n\t\t\t\t\t\t\t\t\t\t\t<blockquote class=\"c-card__title u-font-title-2\">\n\t\t\t\t\t\t\t\t\t\t\t\t\t\t\t<p>&#8221;Efter ekonomiprogrammet kan man g\u00f6ra det mesta&#8221;<\/p>\n\t\t\t\t\t\t\t\t\t\t\t\t\t<\/blockquote>\n\t\t\t\t\t\n\t\t\t\t\t\t\t\t\t\t\t<p class=\"c-card__text\">\n\t\t\t\t\t\t\t<span class=\"author u-font-body\">Sara<\/span>\n\t\t\t\t\t\t\t<span class=\"title u-font-body\">Ekonomiprogrammet<\/span>\n\t\t\t\t\t\t<\/p>\n\t\t\t\t\t\t\t\t\t<\/div>\n\n\t\t\t\t\t\t\t<\/article>\n\t\t<\/li>\n\t<\/ul>\n\t\n\t\n\t\t\t<\/div>\n\n\t\t\n\n<\/section>\n\n\n\n\n\n<section  class=\"ams-testimonial testimonial_module c-block l-stacked js-load-more\" data-color-scheme=\"kort_morkbeige-bakgrund\" data-count=\"2\" data-count-mobile=\"2\">\n\t<div class=\"l-container l-stack l-stack-fluid-2xl u-pt-fluid-3xl-6xl u-pb-fluid-3xl-6xl is-center is-center@md\">\n\t\t\t\t\t<div class=\"ams-testimonial__intro l-stack l-stack-lg\">\n\t\t\t\t\t\n\t<h2\n\tclass=\"c-heading u-font-title-1 \"\n\tstyle=\"\">\n\t\t\n\t\t\t\t\tSe fler elevintervjuer\n\t\t\t\t\n\t<\/h2>\n\n\t\t\t\t\t\t\t<\/div>\n\t\t\n\t\t\n\t\n\t\t\n\t\t\t\n<ul\n\tid=\"ams-testimonial-list-6a9bfd7ee27bf\"\n\tclass=\"ams-testimonial__list  l-grid u-gap-fluid-2xl-4xl js-results \"\n\tdata-filter-animation=\"off\">\n\t\t\t\t\t\t\t\t\t\t\t\n\t\t\n\t\t\n\t\t<li class=\"l-col-6@md \" data-filter=\"forsaljning-och-serviceprogrammet augusti-2026\">\n\t\t\t<article class=\"c-card has-media-zoom \" data-variant=\"inside-half\" data-click-area>\n\t\t\t\t<div class=\"c-card__content l-stack l-stack-sm is-left is-left@md\">\n\t\t\t\t\t\t\t\t\t\t\t<blockquote class=\"c-card__title u-font-title-3\">\n\t\t\t\t\t\t\t\t\t\t\t\t\t\t\t<p class=\"u-quote-marks\"><a href=\"https:\/\/ntigymnasiet.se\/handelsgymnasiet\/elevintervjuer\/forsaljning-och-service-4\/\" class=\"link\">Min f\u00f6rsta k\u00e4nsla var WOW! Det k\u00e4ndes coolt att f\u00e5 en inblick&#8230;<\/a><\/p>\n\t\t\t\t\t\t\t\t\t\t\t\t\t<\/blockquote>\n\t\t\t\t\t\n\t\t\t\t\t\t\t\t\t\t\t<p class=\"c-card__text l-stack-grow u-divider-top u-font-body\">\n\t\t\t\t\t\t\t<span class=\"author u-mr-fluid-lg\">Theo<\/span>\n\t\t\t\t\t\t\t<span class=\"title u-mr-fluid-lg\">F\u00f6rs\u00e4ljnings- och serviceprogrammet<\/span>\n\t\t\t\t\t\t<\/p>\n\t\t\t\t\t\n\t\t\t\t\t<div class=\"c-card__icon\">\n\t\t\t\t\t\t<svg class=\"ams-icon ams-icon--arrow-right\" width=\"32\" height=\"32\" viewBox=\"0 0 32 32\" fill=\"currentColor\" aria-hidden=\"true\" xmlns=\"http:\/\/www.w3.org\/2000\/svg\">\n\t\t\t\t\t\t\t<path d=\"M15.4617 0.252159L14.9567 0.75931C14.6219 1.09545 14.6219 1.64048 14.9567 1.97669L27.7062 14.7806H0.857144C0.383786 14.7806 0 15.166 0 15.6414V16.3587C0 16.8341 0.383786 17.2195 0.857144 17.2195H27.7062L14.9567 30.0234C14.6219 30.3595 14.6219 30.9045 14.9567 31.2407L15.4617 31.7479C15.7964 32.084 16.3392 32.084 16.6739 31.7479L31.749 16.6087C32.0837 16.2725 32.0837 15.7275 31.749 15.3913L16.6739 0.252159C16.3392 -0.084053 15.7964 -0.084053 15.4617 0.252159Z\"\/>\n\t\t\t\t\t\t<\/svg>\n\t\t\t\t\t<\/div>\n\t\t\t\t<\/div>\n\t\t\t\t<div class=\"c-card__media\" style=\" \">\n\t\t\t\t\t<img decoding=\"async\" width=\"600\" height=\"400\" src=\"https:\/\/ntigymnasiet.se\/wp-content\/uploads\/2023\/08\/theo-forsaljning-service-2022-600x400.jpeg\" class=\"attachment-md size-md\" alt=\"Theo st\u00e5r framf\u00f6r en vit Polestar 2.\" sizes=\"(min-width: 80em) 600px, (min-width: 48em) calc(.50 * (100vw - 240px)), calc(100vw - 160px)\" srcset=\"https:\/\/ntigymnasiet.se\/wp-content\/uploads\/2023\/08\/theo-forsaljning-service-2022-600x400.jpeg 600w, https:\/\/ntigymnasiet.se\/wp-content\/uploads\/2023\/08\/theo-forsaljning-service-2022-300x200.jpeg 300w, https:\/\/ntigymnasiet.se\/wp-content\/uploads\/2023\/08\/theo-forsaljning-service-2022-400x267.jpeg 400w, https:\/\/ntigymnasiet.se\/wp-content\/uploads\/2023\/08\/theo-forsaljning-service-2022-800x533.jpeg 800w, https:\/\/ntigymnasiet.se\/wp-content\/uploads\/2023\/08\/theo-forsaljning-service-2022-1024x683.jpeg 1024w, https:\/\/ntigymnasiet.se\/wp-content\/uploads\/2023\/08\/theo-forsaljning-service-2022-1200x800.jpeg 1200w, https:\/\/ntigymnasiet.se\/wp-content\/uploads\/2023\/08\/theo-forsaljning-service-2022.jpeg 2048w\" \/>\n\t\t\t\t<\/div>\n\t\t\t<\/article>\n\t\t<\/li>\n\t\t\t\t\t\t\t\t\t\t\t\n\t\t\n\t\t\n\t\t<li class=\"l-col-6@md \" data-filter=\"forsaljning-och-serviceprogrammet september-2026\">\n\t\t\t<article class=\"c-card has-media-zoom \" data-variant=\"inside-half\" data-click-area>\n\t\t\t\t<div class=\"c-card__content l-stack l-stack-sm is-left is-left@md\">\n\t\t\t\t\t\t\t\t\t\t\t<blockquote class=\"c-card__title u-font-title-3\">\n\t\t\t\t\t\t\t\t\t\t\t\t\t\t\t<p class=\"u-quote-marks\"><a href=\"https:\/\/ntigymnasiet.se\/handelsgymnasiet\/elevintervjuer\/forsaljning-och-service-1\/\" class=\"link\">Det \u00e4r verklighetsf\u00f6rankrat, vi f\u00e5r jobba med riktiga case&#8230;<\/a><\/p>\n\t\t\t\t\t\t\t\t\t\t\t\t\t<\/blockquote>\n\t\t\t\t\t\n\t\t\t\t\t\t\t\t\t\t\t<p class=\"c-card__text l-stack-grow u-divider-top u-font-body\">\n\t\t\t\t\t\t\t<span class=\"author u-mr-fluid-lg\">Robin<\/span>\n\t\t\t\t\t\t\t<span class=\"title u-mr-fluid-lg\">F\u00f6rs\u00e4ljnings- och serviceprogrammet<\/span>\n\t\t\t\t\t\t<\/p>\n\t\t\t\t\t\n\t\t\t\t\t<div class=\"c-card__icon\">\n\t\t\t\t\t\t<svg class=\"ams-icon ams-icon--arrow-right\" width=\"32\" height=\"32\" viewBox=\"0 0 32 32\" fill=\"currentColor\" aria-hidden=\"true\" xmlns=\"http:\/\/www.w3.org\/2000\/svg\">\n\t\t\t\t\t\t\t<path d=\"M15.4617 0.252159L14.9567 0.75931C14.6219 1.09545 14.6219 1.64048 14.9567 1.97669L27.7062 14.7806H0.857144C0.383786 14.7806 0 15.166 0 15.6414V16.3587C0 16.8341 0.383786 17.2195 0.857144 17.2195H27.7062L14.9567 30.0234C14.6219 30.3595 14.6219 30.9045 14.9567 31.2407L15.4617 31.7479C15.7964 32.084 16.3392 32.084 16.6739 31.7479L31.749 16.6087C32.0837 16.2725 32.0837 15.7275 31.749 15.3913L16.6739 0.252159C16.3392 -0.084053 15.7964 -0.084053 15.4617 0.252159Z\"\/>\n\t\t\t\t\t\t<\/svg>\n\t\t\t\t\t<\/div>\n\t\t\t\t<\/div>\n\t\t\t\t<div class=\"c-card__media\" style=\" \">\n\t\t\t\t\t<img decoding=\"async\" width=\"400\" height=\"316\" src=\"https:\/\/ntigymnasiet.se\/wp-content\/uploads\/2023\/05\/nti-intervju-forsaljning-service-2022-400x316.jpeg\" class=\"attachment-md size-md\" alt=\"Elev med gr\u00e5 tr\u00f6ja.\" sizes=\"(min-width: 80em) 600px, (min-width: 48em) calc(.50 * (100vw - 240px)), calc(100vw - 160px)\" srcset=\"https:\/\/ntigymnasiet.se\/wp-content\/uploads\/2023\/05\/nti-intervju-forsaljning-service-2022-400x316.jpeg 400w, https:\/\/ntigymnasiet.se\/wp-content\/uploads\/2023\/05\/nti-intervju-forsaljning-service-2022-300x237.jpeg 300w, https:\/\/ntigymnasiet.se\/wp-content\/uploads\/2023\/05\/nti-intervju-forsaljning-service-2022-1024x809.jpeg 1024w, https:\/\/ntigymnasiet.se\/wp-content\/uploads\/2023\/05\/nti-intervju-forsaljning-service-2022-768x607.jpeg 768w, https:\/\/ntigymnasiet.se\/wp-content\/uploads\/2023\/05\/nti-intervju-forsaljning-service-2022-1536x1213.jpeg 1536w, https:\/\/ntigymnasiet.se\/wp-content\/uploads\/2023\/05\/nti-intervju-forsaljning-service-2022-2048x1618.jpeg 2048w, https:\/\/ntigymnasiet.se\/wp-content\/uploads\/2023\/05\/nti-intervju-forsaljning-service-2022-1920x1517.jpeg 1920w, https:\/\/ntigymnasiet.se\/wp-content\/uploads\/2023\/05\/nti-intervju-forsaljning-service-2022-500x395.jpeg 500w, https:\/\/ntigymnasiet.se\/wp-content\/uploads\/2023\/05\/nti-intervju-forsaljning-service-2022-290x229.jpeg 290w, https:\/\/ntigymnasiet.se\/wp-content\/uploads\/2023\/05\/nti-intervju-forsaljning-service-2022-340x269.jpeg 340w, https:\/\/ntigymnasiet.se\/wp-content\/uploads\/2023\/05\/nti-intervju-forsaljning-service-2022-1100x869.jpeg 1100w, https:\/\/ntigymnasiet.se\/wp-content\/uploads\/2023\/05\/nti-intervju-forsaljning-service-2022-848x670.jpeg 848w, https:\/\/ntigymnasiet.se\/wp-content\/uploads\/2023\/05\/nti-intervju-forsaljning-service-2022-1200x948.jpeg 1200w, https:\/\/ntigymnasiet.se\/wp-content\/uploads\/2023\/05\/nti-intervju-forsaljning-service-2022-600x474.jpeg 600w\" \/>\n\t\t\t\t<\/div>\n\t\t\t<\/article>\n\t\t<\/li>\n\t\t\t\t\t\t\t\t\t\t\t\n\t\t\n\t\t\n\t\t<li class=\"l-col-6@md \" data-filter=\"forsaljning-och-serviceprogrammet september-2022\">\n\t\t\t<article class=\"c-card has-media-zoom \" data-variant=\"inside-half\" data-click-area>\n\t\t\t\t<div class=\"c-card__content l-stack l-stack-sm is-left is-left@md\">\n\t\t\t\t\t\t\t\t\t\t\t<blockquote class=\"c-card__title u-font-title-3\">\n\t\t\t\t\t\t\t\t\t\t\t\t\t\t\t<p class=\"u-quote-marks\"><a href=\"https:\/\/ntigymnasiet.se\/handelsgymnasiet\/elevintervjuer\/forsaljning-och-service-2\/\" class=\"link\">Jag k\u00e4nner verkligen att jag fick utvecklas som person p\u00e5 gymnasiet&#8230;<\/a><\/p>\n\t\t\t\t\t\t\t\t\t\t\t\t\t<\/blockquote>\n\t\t\t\t\t\n\t\t\t\t\t\t\t\t\t\t\t<p class=\"c-card__text l-stack-grow u-divider-top u-font-body\">\n\t\t\t\t\t\t\t<span class=\"author u-mr-fluid-lg\">Nina<\/span>\n\t\t\t\t\t\t\t<span class=\"title u-mr-fluid-lg\">F\u00f6rs\u00e4ljnings- och serviceprogrammet<\/span>\n\t\t\t\t\t\t<\/p>\n\t\t\t\t\t\n\t\t\t\t\t<div class=\"c-card__icon\">\n\t\t\t\t\t\t<svg class=\"ams-icon ams-icon--arrow-right\" width=\"32\" height=\"32\" viewBox=\"0 0 32 32\" fill=\"currentColor\" aria-hidden=\"true\" xmlns=\"http:\/\/www.w3.org\/2000\/svg\">\n\t\t\t\t\t\t\t<path d=\"M15.4617 0.252159L14.9567 0.75931C14.6219 1.09545 14.6219 1.64048 14.9567 1.97669L27.7062 14.7806H0.857144C0.383786 14.7806 0 15.166 0 15.6414V16.3587C0 16.8341 0.383786 17.2195 0.857144 17.2195H27.7062L14.9567 30.0234C14.6219 30.3595 14.6219 30.9045 14.9567 31.2407L15.4617 31.7479C15.7964 32.084 16.3392 32.084 16.6739 31.7479L31.749 16.6087C32.0837 16.2725 32.0837 15.7275 31.749 15.3913L16.6739 0.252159C16.3392 -0.084053 15.7964 -0.084053 15.4617 0.252159Z\"\/>\n\t\t\t\t\t\t<\/svg>\n\t\t\t\t\t<\/div>\n\t\t\t\t<\/div>\n\t\t\t\t<div class=\"c-card__media\" style=\" \">\n\t\t\t\t\t<img decoding=\"async\" width=\"600\" height=\"660\" src=\"https:\/\/ntigymnasiet.se\/wp-content\/uploads\/2023\/05\/nti-handelsgymnasiet-nina-2210-600x660.jpeg\" class=\"attachment-md size-md\" alt=\"Tidigare elev Nina.\" sizes=\"(min-width: 80em) 600px, (min-width: 48em) calc(.50 * (100vw - 240px)), calc(100vw - 160px)\" srcset=\"https:\/\/ntigymnasiet.se\/wp-content\/uploads\/2023\/05\/nti-handelsgymnasiet-nina-2210-600x660.jpeg 600w, https:\/\/ntigymnasiet.se\/wp-content\/uploads\/2023\/05\/nti-handelsgymnasiet-nina-2210-300x330.jpeg 300w, https:\/\/ntigymnasiet.se\/wp-content\/uploads\/2023\/05\/nti-handelsgymnasiet-nina-2210-400x440.jpeg 400w, https:\/\/ntigymnasiet.se\/wp-content\/uploads\/2023\/05\/nti-handelsgymnasiet-nina-2210-800x880.jpeg 800w, https:\/\/ntigymnasiet.se\/wp-content\/uploads\/2023\/05\/nti-handelsgymnasiet-nina-2210.jpeg 931w\" \/>\n\t\t\t\t<\/div>\n\t\t\t<\/article>\n\t\t<\/li>\n\t<\/ul>\n\t\n\t<div class=\"no-results u-mt-0 u-hide\" data-filter-fallback-id=\"ams-testimonial-list-6a9bfd7ee27bf\">\n\t<p>Det finns inga resultat som matchar din filtrering.<\/p>\n<\/div>\n\n\t    <div class=\"ams-testimonial__more u-inline-items js-load-more-btn\">\n        <button href=\"#\"\n                class=\"c-btn\"\n                data-style=\"rounded\"\n                data-size=\"md\"\n                data-width=\"full-mobile\"\n                data-variant=\"default\">\n        \tVisa fler elevintervjuer\n        <\/button>\n    <\/div>\n\n\n\t\t\n\t\t\t<\/div>\n\n\t\t\n\n<\/section>\n","protected":false},"featured_media":0,"template":"","testimonial_category":[15],"yoast_head":"<!-- This site is optimized with the Yoast SEO plugin v22.0 - https:\/\/yoast.com\/wordpress\/plugins\/seo\/ -->\n<title>NTI Handelsgymnasiet<\/title>\n<meta name=\"description\" content=\"Sara l\u00e4ser ekonomiprogrammet p\u00e5 NTI Handelsgymnasiet Stockholm. I denna intervju delar hon med sig av sina b\u00e4sta minnen fr\u00e5n utbildningen.\" \/>\n<meta name=\"robots\" content=\"index, follow, max-snippet:-1, max-image-preview:large, max-video-preview:-1\" \/>\n<link rel=\"canonical\" href=\"https:\/\/ntigymnasiet.se\/handelsgymnasiet\/elevintervjuer\/sara-laser-ekonomiprogrammet\/\" \/>\n<meta property=\"og:locale\" content=\"sv_SE\" \/>\n<meta property=\"og:type\" content=\"article\" \/>\n<meta property=\"og:description\" content=\"Sara l\u00e4ser ekonomiprogrammet p\u00e5 NTI Handelsgymnasiet Stockholm. I denna intervju delar hon med sig av sina b\u00e4sta minnen fr\u00e5n utbildningen.\" \/>\n<meta property=\"og:url\" content=\"https:\/\/ntigymnasiet.se\/handelsgymnasiet\/elevintervjuer\/sara-laser-ekonomiprogrammet\/\" \/>\n<meta property=\"og:site_name\" content=\"NTI Handelsgymnasiet\" \/>\n<meta property=\"article:modified_time\" content=\"2026-07-08T14:55:38+00:00\" \/>\n<meta name=\"twitter:card\" content=\"summary_large_image\" \/>\n<meta name=\"twitter:description\" content=\"Sara l\u00e4ser ekonomiprogrammet p\u00e5 NTI Handelsgymnasiet Stockholm. I denna intervju delar hon med sig av sina b\u00e4sta minnen fr\u00e5n utbildningen.\" \/>\n<meta name=\"twitter:label1\" content=\"Est. reading time\" \/>\n\t<meta name=\"twitter:data1\" content=\"2 minuter\" \/>\n<script type=\"application\/ld+json\" class=\"yoast-schema-graph\">{\"@context\":\"https:\/\/schema.org\",\"@graph\":[{\"@type\":\"WebPage\",\"@id\":\"https:\/\/ntigymnasiet.se\/handelsgymnasiet\/elevintervjuer\/sara-laser-ekonomiprogrammet\/\",\"url\":\"https:\/\/ntigymnasiet.se\/handelsgymnasiet\/elevintervjuer\/sara-laser-ekonomiprogrammet\/\",\"name\":\"Sara l\u00e4ser ekonomiprogrammet - NTI Handelsgymnasiet\",\"isPartOf\":{\"@id\":\"https:\/\/ntigymnasiet.se\/handelsgymnasiet\/#website\"},\"datePublished\":\"2026-07-08T14:37:09+00:00\",\"dateModified\":\"2026-07-08T14:55:38+00:00\",\"description\":\"Sara l\u00e4ser ekonomiprogrammet p\u00e5 NTI Handelsgymnasiet Stockholm. I denna intervju delar hon med sig av sina b\u00e4sta minnen fr\u00e5n utbildningen.\",\"breadcrumb\":{\"@id\":\"https:\/\/ntigymnasiet.se\/handelsgymnasiet\/elevintervjuer\/sara-laser-ekonomiprogrammet\/#breadcrumb\"},\"inLanguage\":\"sv-SE\",\"potentialAction\":[{\"@type\":\"ReadAction\",\"target\":[\"https:\/\/ntigymnasiet.se\/handelsgymnasiet\/elevintervjuer\/sara-laser-ekonomiprogrammet\/\"]}]},{\"@type\":\"BreadcrumbList\",\"@id\":\"https:\/\/ntigymnasiet.se\/handelsgymnasiet\/elevintervjuer\/sara-laser-ekonomiprogrammet\/#breadcrumb\",\"itemListElement\":[{\"@type\":\"ListItem\",\"position\":1,\"name\":\"Start\",\"item\":\"https:\/\/ntigymnasiet.se\/handelsgymnasiet\"},{\"@type\":\"ListItem\",\"position\":2,\"name\":\"Elevintervjuer\"}]},{\"@type\":\"WebSite\",\"@id\":\"https:\/\/ntigymnasiet.se\/handelsgymnasiet\/#website\",\"url\":\"https:\/\/ntigymnasiet.se\/handelsgymnasiet\/\",\"name\":\"NTI Handelsgymnasiet\",\"description\":\"Just another WordPress site\",\"potentialAction\":[{\"@type\":\"SearchAction\",\"target\":{\"@type\":\"EntryPoint\",\"urlTemplate\":\"https:\/\/ntigymnasiet.se\/handelsgymnasiet\/?s={search_term_string}\"},\"query-input\":\"required name=search_term_string\"}],\"inLanguage\":\"sv-SE\"}]}<\/script>\n<!-- \/ Yoast SEO plugin. -->","yoast_head_json":{"title":"NTI Handelsgymnasiet","description":"Sara l\u00e4ser ekonomiprogrammet p\u00e5 NTI Handelsgymnasiet Stockholm. I denna intervju delar hon med sig av sina b\u00e4sta minnen fr\u00e5n utbildningen.","robots":{"index":"index","follow":"follow","max-snippet":"max-snippet:-1","max-image-preview":"max-image-preview:large","max-video-preview":"max-video-preview:-1"},"canonical":"https:\/\/ntigymnasiet.se\/handelsgymnasiet\/elevintervjuer\/sara-laser-ekonomiprogrammet\/","og_locale":"sv_SE","og_type":"article","og_description":"Sara l\u00e4ser ekonomiprogrammet p\u00e5 NTI Handelsgymnasiet Stockholm. I denna intervju delar hon med sig av sina b\u00e4sta minnen fr\u00e5n utbildningen.","og_url":"https:\/\/ntigymnasiet.se\/handelsgymnasiet\/elevintervjuer\/sara-laser-ekonomiprogrammet\/","og_site_name":"NTI Handelsgymnasiet","article_modified_time":"2026-07-08T14:55:38+00:00","twitter_card":"summary_large_image","twitter_description":"Sara l\u00e4ser ekonomiprogrammet p\u00e5 NTI Handelsgymnasiet Stockholm. I denna intervju delar hon med sig av sina b\u00e4sta minnen fr\u00e5n utbildningen.","twitter_misc":{"Est. reading time":"2 minuter"},"schema":{"@context":"https:\/\/schema.org","@graph":[{"@type":"WebPage","@id":"https:\/\/ntigymnasiet.se\/handelsgymnasiet\/elevintervjuer\/sara-laser-ekonomiprogrammet\/","url":"https:\/\/ntigymnasiet.se\/handelsgymnasiet\/elevintervjuer\/sara-laser-ekonomiprogrammet\/","name":"Sara l\u00e4ser ekonomiprogrammet - NTI Handelsgymnasiet","isPartOf":{"@id":"https:\/\/ntigymnasiet.se\/handelsgymnasiet\/#website"},"datePublished":"2026-07-08T14:37:09+00:00","dateModified":"2026-07-08T14:55:38+00:00","description":"Sara l\u00e4ser ekonomiprogrammet p\u00e5 NTI Handelsgymnasiet Stockholm. I denna intervju delar hon med sig av sina b\u00e4sta minnen fr\u00e5n utbildningen.","breadcrumb":{"@id":"https:\/\/ntigymnasiet.se\/handelsgymnasiet\/elevintervjuer\/sara-laser-ekonomiprogrammet\/#breadcrumb"},"inLanguage":"sv-SE","potentialAction":[{"@type":"ReadAction","target":["https:\/\/ntigymnasiet.se\/handelsgymnasiet\/elevintervjuer\/sara-laser-ekonomiprogrammet\/"]}]},{"@type":"BreadcrumbList","@id":"https:\/\/ntigymnasiet.se\/handelsgymnasiet\/elevintervjuer\/sara-laser-ekonomiprogrammet\/#breadcrumb","itemListElement":[{"@type":"ListItem","position":1,"name":"Start","item":"https:\/\/ntigymnasiet.se\/handelsgymnasiet"},{"@type":"ListItem","position":2,"name":"Elevintervjuer"}]},{"@type":"WebSite","@id":"https:\/\/ntigymnasiet.se\/handelsgymnasiet\/#website","url":"https:\/\/ntigymnasiet.se\/handelsgymnasiet\/","name":"NTI Handelsgymnasiet","description":"Just another WordPress site","potentialAction":[{"@type":"SearchAction","target":{"@type":"EntryPoint","urlTemplate":"https:\/\/ntigymnasiet.se\/handelsgymnasiet\/?s={search_term_string}"},"query-input":"required name=search_term_string"}],"inLanguage":"sv-SE"}]}},"_links":{"self":[{"href":"https:\/\/ntigymnasiet.se\/handelsgymnasiet\/wp-json\/wp\/v2\/testimonial\/3345"}],"collection":[{"href":"https:\/\/ntigymnasiet.se\/handelsgymnasiet\/wp-json\/wp\/v2\/testimonial"}],"about":[{"href":"https:\/\/ntigymnasiet.se\/handelsgymnasiet\/wp-json\/wp\/v2\/types\/testimonial"}],"wp:attachment":[{"href":"https:\/\/ntigymnasiet.se\/handelsgymnasiet\/wp-json\/wp\/v2\/media?parent=3345"}],"wp:term":[{"taxonomy":"testimonial_category","embeddable":true,"href":"https:\/\/ntigymnasiet.se\/handelsgymnasiet\/wp-json\/wp\/v2\/testimonial_category?post=3345"}],"curies":[{"name":"wp","href":"https:\/\/api.w.org\/{rel}","templated":true}]}}