{"id":948,"date":"2023-05-12T14:12:12","date_gmt":"2023-05-12T12:12:12","guid":{"rendered":""},"modified":"2025-11-27T11:11:50","modified_gmt":"2025-11-27T10:11:50","slug":"estetik-och-media","status":"publish","type":"program_orientation","link":"https:\/\/ntigymnasiet.se\/johanneberg\/program\/estetiska-programmet\/estetik-och-media\/","title":{"rendered":"Estetik och media"},"content":{"rendered":"\n\t\n\t\n\t\n\t\n\t\n\n<section \n\tclass=\"ams-hero ams-hero--classic ams-hero--75 c-block l-stacked  \"\n\tdata-color-scheme=\"vit-2-pa-mork-bakgrund\"\n\tstyle=\"\">\n\t<div class=\"ams-hero__container u-items-center u-justify-center\">\n\t\t<div\n\t\t\tclass=\"ams-hero__content l-stack l-stack-xl is-center is-center@md\" >\n\t\t\t<div class=\"l-stack l-stack-lg\">\n\t\t\t\t\t\n\t<h1\n\tclass=\"c-heading u-font-title-1 \"\n\tstyle=\"\">\n\t\t\n\t\t\t\t\t\t\t\t\tEstetik och media p\u00e5 NTI Johanneberg\n\t\t\t\t<span class=\"c-heading__sub is-below u-font-title-3\">\n\t\t\t\t\tEstetiska programmet\n\t\t\t\t<\/span>\n\t\t\t\t\t\t\t\n\t<\/h1>\n\n\t\t\t\t\t\t\t\t\t<div class=\"text l-stack u-font-body\">\n\t\t\t\t\t\t<h2><strong>Digital design &amp; media | Samh\u00e4lle<\/strong><\/h2>\n\n\t\t\t\t\t<\/div>\n\t\t\t\t\t\t\t<\/div>\n\n\t\t\t\t<div class=\"ams-hero__action u-inline-items\">\n\t\t\t\t\t\t\t\n\n\n<a href=\"https:\/\/ntigymnasiet.se\/johanneberg\/program\/estetiska-programmet\/estetik-och-media\/#kurser\"\n\t\n\tclass=\"c-btn \"\n\tdata-style=\"rounded\"\n\tdata-size=\"md\"\n\tdata-width=\"full-mobile\"\n\tdata-variant=\"default\"\n\ttarget=\"_self\">\n\t\t\t<span class=\"label\"> Se kurser<\/span>\n\t\t\t<\/a>\n\t\t\t<\/div>\n\t\t<\/div>\n\t<\/div>\n\n\t\n\t\t\t\n\t\t\t\t\t\t\t\n\t\t\t\t<div class=\"c-bg c-bg--img\" data-settings=\"{&quot;desktop_settings&quot;:{&quot;size&quot;:&quot;cover&quot;,&quot;position&quot;:&quot;middle-center&quot;},&quot;mobile_settings&quot;:{&quot;size&quot;:&quot;cover&quot;,&quot;position&quot;:&quot;middle-center&quot;}}\" data-position=\"middle-center\" data-size=\"cover\">\n\t\t\t<img decoding=\"async\" width=\"1920\" height=\"1080\" src=\"https:\/\/ntigymnasiet.se\/wp-content\/uploads\/sites\/6\/2023\/05\/nti-designprogram-estet-estetik-och-media.jpg\" class=\"attachment-hero-lg size-hero-lg\" alt=\"Tjej som sitter framf\u00f6r tv\u00e5 datorsk\u00e4rmar och ler in i kameran.\" sizes=\"(max-width: 1920px) 100vw, 1920px\" srcset=\"https:\/\/ntigymnasiet.se\/wp-content\/uploads\/sites\/6\/2023\/05\/nti-designprogram-estet-estetik-och-media.jpg 1920w, https:\/\/ntigymnasiet.se\/wp-content\/uploads\/sites\/6\/2023\/05\/nti-designprogram-estet-estetik-och-media-300x169.jpg 300w, https:\/\/ntigymnasiet.se\/wp-content\/uploads\/sites\/6\/2023\/05\/nti-designprogram-estet-estetik-och-media-400x225.jpg 400w, https:\/\/ntigymnasiet.se\/wp-content\/uploads\/sites\/6\/2023\/05\/nti-designprogram-estet-estetik-och-media-600x338.jpg 600w, https:\/\/ntigymnasiet.se\/wp-content\/uploads\/sites\/6\/2023\/05\/nti-designprogram-estet-estetik-och-media-800x450.jpg 800w, https:\/\/ntigymnasiet.se\/wp-content\/uploads\/sites\/6\/2023\/05\/nti-designprogram-estet-estetik-och-media-1024x576.jpg 1024w, https:\/\/ntigymnasiet.se\/wp-content\/uploads\/sites\/6\/2023\/05\/nti-designprogram-estet-estetik-och-media-1200x675.jpg 1200w\" \/>\n\t\t<\/div>\n\t\n\t<div class=\"c-overlay\" style=\"--overlay-bg: rgba(0,0,0,0.4);\"><\/div>\n<\/section>\n\n\n\n<div class=\"wp-block-columns is-layout-flex wp-container-core-columns-layout-1 wp-block-columns-is-layout-flex\">\n<div class=\"wp-block-column is-layout-flow wp-block-column-is-layout-flow\" style=\"flex-basis:55%\">\t\n\t<h2\n\t\n\tclass=\"\n\tc-heading c-heading--icon\n\tu-font-title-2\n\t\n\t\n\t\n\tc-heading--left\n\tc-heading--left@md\n\t\"\n\tdata-color-scheme=\"vit\"\n\tstyle=\"\">\n\t\t\t\t\t<span class=\"text\">Vill du skapa digital design och utveckla din kreativitet?<\/span>\n\t\t\t<\/h2>\n\n\n\n<div style=\"height:10px\" aria-hidden=\"true\" class=\"wp-block-spacer\"><\/div>\n\n\n\n<p   class=\"site__ingress container text-left  site__text-color--dark  site__free_text--ingress p-0\">\n\tHos oss p\u00e5 NTI Johanneberg f\u00e5r du oavsett om du aldrig anv\u00e4nt Photoshop tidigare eller redan \u00e4r en designer i hj\u00e4rtat l\u00e4ra dig digital design samtidigt som du f\u00e5r h\u00f6gskolebeh\u00f6righet.<\/p>\n\n\n\n\n\n<h2 class=\"wp-block-heading\">En kreativ utbildning<\/h2>\n\n\n\n<p>P\u00e5 estetik och media f\u00e5r du l\u00e4ra dig hur du kommunicerar i bild, text och form medan du f\u00e5r en gedigen tr\u00e4ning i att anv\u00e4nda olika branschledande digitala verktyg som Adobe Photoshop, InDesign, After Effects och Illustrator. Du f\u00e5r insikter i gruppdynamik och framg\u00e5ngsrikt projektarbete, vilket ger dig en stark grund f\u00f6r framtida samarbeten efter gymnasiet.<\/p>\n\n\n\n<p>V\u00e5rt <a href=\"https:\/\/ntigymnasiet.se\/johanneberg\/var-skola\/makerspace\/\">makerspace<\/a> och v\u00e5r designstudio \u00e4r fyllda med utrustning som kan anv\u00e4ndas f\u00f6r att ta dina digitala verk till en f\u00e4rdig produkt. Du kan till exempel trycka en bild p\u00e5 en t-shirt eller skriva ut p\u00e5 en 3D-printer. Vi tr\u00e4nar dig i din f\u00f6rm\u00e5ga att ta en id\u00e9 till en f\u00e4rdig produkt, en bra f\u00f6rm\u00e5ga att ha oavsett vad du g\u00f6r i framtiden.<\/p>\n\n\n\n<h2 class=\"wp-block-heading\">F\u00f6rdjupningar<\/h2>\n\n\n\n<p>Vi erbjuder tv\u00e5 f\u00f6rdjupningar beroende p\u00e5 dina framtidsplaner:<\/p>\n\n\n\n<h3 class=\"wp-block-heading\">Digital design och media<\/h3>\n\n\n\n<p>Digital design och media fokuserar p\u00e5 att ge dig en gedigen grund inom digital design s\u00e5som grafisk design, webbutveckling, r\u00f6rlig bild och foto. Du f\u00e5r bred kunskap om olika designyrken och verktyg, vilket g\u00f6r f\u00f6rdjupningen perfekt f\u00f6r dig som vill utforska dina intressen och framtida karri\u00e4rm\u00f6jligheter, eller f\u00f6r dig som vill h\u00e5lla flera d\u00f6rrar \u00f6ppna och inte begr\u00e4nsa dig till ett visst omr\u00e5de.<\/p>\n\n\n\n<h3 class=\"wp-block-heading\">Samh\u00e4lle<\/h3>\n\n\n\n<p>Samh\u00e4lle \u00e4r f\u00f6r dig som vill bredda dig och har ett intresse f\u00f6r m\u00e4nniskor och kommunikation. F\u00f6rdjupningen ger samma beh\u00f6righet som samh\u00e4llsvetenskapsprogrammet.<\/p>\n\n\n\n<h2 class=\"wp-block-heading\">Certifieringar och arbetsprover<\/h2>\n\n\n\n<p>Genom v\u00e5ra partners erbjuder vi dig att g\u00f6ra branschprov f\u00f6r att bli certifierad i Adobe-programmen. Vi jobbar \u00e4ven med arbetsprover fr\u00e5n de b\u00e4sta och mest s\u00f6kta designskolorna i Sverige, allt f\u00f6r att hj\u00e4lpa dig att f\u00f6rbereda din portfolio. Certifiering ger dig bra meriter inf\u00f6r vidare studier och fortsatt arbete i branschen.<\/p>\n\n\n\n<h2 class=\"wp-block-heading\"><strong>Nyhet:<\/strong> AI-kurs som individuellt val <\/h2>\n\n\n\n<p>En nyhet fr\u00e5n och med h\u00f6sten 2024 \u00e4r att du kan v\u00e4lja att l\u00e4sa AI (Artificiell Intelligens) som individuellt val hos oss, oavsett vilket program du g\u00e5r. <\/p>\n<\/div>\n\n\n\n<div class=\"wp-block-column is-layout-flow wp-block-column-is-layout-flow\" style=\"flex-basis:15px\"><\/div>\n\n\n\n<div class=\"wp-block-column is-layout-flow wp-block-column-is-layout-flow\" style=\"flex-basis:33%\">\n\t<div class=\"module_wrapper ams_remote_pages_module \">\n\t\t<style>\n@media only screen and (min-width: 600px) {\n\t}\n@media only screen and (max-width: 600px) {\n\t}\n<\/style>\n<div   class=\"ams-fragor  site__secondary-bg--13   ams-fragor-qfsimgbxntzrcwregqvc\" >\n\t<p class=\"site__subheading-1  site__text-color--dark  u-mb-2xs\">\n\t\tOm programmet\t<\/p>\n   \t\t <div   class=\" site__text-color--dark  ams-fragor__namn\">\n\t\t\t\t\t\t<span class=\" \">\n\t\t\t\t\t\t\t<\/span>\n\t\t<\/div>\n\t\t<div   class=\" site__text-color--dark  ams-fragor__utbildning\">\n\t\t\t\t\t\t<span class=\" \">\n\t\t\t\t\t\t\t<\/span>\n\t\t<\/div>\n\t\t\t\t\t<ul>\n\t\t\t\t\t\t\t<li   class=\" site__text-color--dark  \" >\n\t\t\t\t\t<b>Program<\/b>:\t\t\t\t\t\t\t\t\t\t\t<span class=\"\">\n\t\t\t\t\t\t\tEstetiska programmet\t\t\t\t\t\t<\/span>\n\t\t\t\t\t\t\t\t\t<\/li>\n\t\t\t\t\t\t\t<li   class=\" site__text-color--dark  \" >\n\t\t\t\t\t<b>Inriktning<\/b>:\t\t\t\t\t\t\t\t\t\t\t<span class=\"\">\n\t\t\t\t\t\t\tEstetik och media\t\t\t\t\t\t<\/span>\n\t\t\t\t\t\t\t\t\t<\/li>\n\t\t\t\t\t\t\t<li   class=\" site__text-color--dark  \" >\n\t\t\t\t\t<b>Programtyp<\/b>:\t\t\t\t\t\t\t\t\t\t\t<span class=\"\">\n\t\t\t\t\t\t\tH\u00f6gskolef\u00f6rberedande\t\t\t\t\t\t<\/span>\n\t\t\t\t\t\t\t\t\t<\/li>\n\t\t\t\t\t\t\t<li   class=\" site__text-color--dark  \" >\n\t\t\t\t\t<b>Ans\u00f6kningskod<\/b>:\t\t\t\t\t\t\t\t\t\t\t<span class=\"\">\n\t\t\t\t\t\t\tESESM\t\t\t\t\t\t<\/span>\n\t\t\t\t\t\t\t\t\t<\/li>\n\t\t\t\t\t<\/ul>\n\t\t\t<\/div>\n<script>\n\tamsFragor = function() {\n\t\tvar w = window.innerWidth;\n\t\tvar siteMain = document.getElementsByClassName(\"site-main\")[0]\n\t\tif(typeof siteMain !== 'undefined'){\n\t\t\tvar testimonial = siteMain.getElementsByClassName(\"testimonial_header_module\")[0]\n\t\t\tif(typeof testimonial !== 'undefined'){\n\t\t\t\tvar amsFragor = document.getElementsByClassName(\"ams-fragor\")\n\t\t\t\tfor(var i = 0; i < amsFragor.length; i++){\n\t\t\t\t\tif(w > 769 ){\n\t\t\t\t\t\tamsFragor[i].setAttribute('style', \"margin-top: 50px\");\n\t\t\t\t\t}else{\n\t\t\t\t\t\tamsFragor[i].setAttribute('style', \"margin-top: 0px\");\n\t\t\t\t\t}\n\t\t\t\t}\n\t\t\t}\n\t\t}\n\t};\n\tamsFragor();\n\twindow.addEventListener(\"resize\", amsFragor);\n<\/script>\n\t\t\t\t\t<div class=\"container core-spacer\">\n\t\t\t\t\t\t<div class=\"row\">\n\t\t\t\t\t\t\t<div class=\"col-12\">\n\t\t\t\t\t\t\t\t\n<div style=\"height:30px\" aria-hidden=\"true\" class=\"wp-block-spacer\"><\/div>\n\t\t\t\t\t\t\t<\/div>\n\t\t\t\t\t\t<\/div>\n\t\t\t\t\t<\/div>\n\t\t\t\t\t<style>\n@media only screen and (min-width: 600px) {\n\t}\n@media only screen and (max-width: 600px) {\n\t}\n<\/style>\n<div   class=\"ams-fragor  site__primary-bg   ams-fragor-rvnfavpayztfzxmfdjkh\" >\n\t<p class=\"site__subheading-1  site__text-color--light  u-mb-2xs\">\n\t\tFramtida yrken\t<\/p>\n   \t\t <div   class=\" site__text-color--light  ams-fragor__namn\">\n\t\t\t\t\t\t<span class=\" \">\n\t\t\t\t\t\t\t<\/span>\n\t\t<\/div>\n\t\t<div   class=\" site__text-color--light  ams-fragor__utbildning\">\n\t\t\t\t\t\t<span class=\" \">\n\t\t\t\t\t\t\t<\/span>\n\t\t<\/div>\n\t\t\t\t\t<ul>\n\t\t\t\t\t\t\t<li   class=\" site__text-color--light  \" >\n\t\t\t\t\tTill exempel:\t\t\t\t\t\t\t\t\t\t\t<span class=\"\">\n\t\t\t\t\t\t\tdigital designer, grafisk designer, animat\u00f6r, illustrat\u00f6r, journalist, kommunikat\u00f6r, marknadsf\u00f6rare, videoproducent, webbdesigner, game designer\t\t\t\t\t\t<\/span>\n\t\t\t\t\t\t\t\t\t<\/li>\n\t\t\t\t\t<\/ul>\n\t\t\t<\/div>\n<script>\n\tamsFragor = function() {\n\t\tvar w = window.innerWidth;\n\t\tvar siteMain = document.getElementsByClassName(\"site-main\")[0]\n\t\tif(typeof siteMain !== 'undefined'){\n\t\t\tvar testimonial = siteMain.getElementsByClassName(\"testimonial_header_module\")[0]\n\t\t\tif(typeof testimonial !== 'undefined'){\n\t\t\t\tvar amsFragor = document.getElementsByClassName(\"ams-fragor\")\n\t\t\t\tfor(var i = 0; i < amsFragor.length; i++){\n\t\t\t\t\tif(w > 769 ){\n\t\t\t\t\t\tamsFragor[i].setAttribute('style', \"margin-top: 50px\");\n\t\t\t\t\t}else{\n\t\t\t\t\t\tamsFragor[i].setAttribute('style', \"margin-top: 0px\");\n\t\t\t\t\t}\n\t\t\t\t}\n\t\t\t}\n\t\t}\n\t};\n\tamsFragor();\n\twindow.addEventListener(\"resize\", amsFragor);\n<\/script>\n\t<\/div>\n\n\t<\/div>\n<\/div>\n\n\n\n\t\n\t\n\t\n\n\t\n\t\n\t\t\n<section  class=\"c-block l-stacked  \" data-color-scheme=\"light-grey\">\n\t<div class=\"ams-fifty ams-fifty--container ams-fifty--right ams-fifty--bottom l-container u-pt-fluid-3xl-6xl u-pb-fluid-3xl-6xl\">\n\t\t<div class=\"ams-fifty__content l-stack l-stack-xl is-center is-center@lg\">\n\t\t\t<div class=\"ams-fifty__text l-stack l-stack-lg\">\n\t\t\t\t\t\n\t<h2\n\tclass=\"c-heading u-font-title-1 \"\n\tstyle=\"\">\n\t\t\n\t\t\t\t\tSe v\u00e5r programfilm\n\t\t\t\t\n\t<\/h2>\n\n\t\t\t\t\t\t\t\t\t<div class=\"text l-stack u-font-body\">\n\t\t\t\t\t\t<p data-pm-slice=\"1 1 []\">I filmen f\u00e5r du h\u00f6ra v\u00e5ra egna elever ber\u00e4tta mer om programmet.<\/p>\n\n\t\t\t\t\t<\/div>\n\t\t\t\t\t\t\t<\/div>\n\n\t\t\t\t\t<\/div>\n\n\t\t <div class=\"ams-fifty__media u-ratio-widescreen\">\n\t\t \t\n\t\t\t\n\t\t\t\t\t\t\t<lite-youtube videoid=\"UmgDtBWaM-0\" style=\"background-image: url('https:\/\/i.ytimg.com\/vi\/UmgDtBWaM-0\/hqdefault.jpg');\">\n\t\t\t\t\t\t<button href=\"https:\/\/youtube.com\/watch?v=UmgDtBWaM-0\" class=\"lty-playbtn\" title=\"Play Video\">\n\t\t\t\t\t\t\t<span class=\"lyt-visually-hidden\">Play Video<\/span>\n\t\t\t\t\t\t<\/button>\n\t\t\t\t\t<\/lite-youtube>\n\t\t\t\t\t<\/div>\n\t<\/div>\n\n\t\t\n\n<\/section>\n\n\n\n\t\n\t\n\t\n\n\t\n\t\n\t\t\n<section  class=\"c-block l-stacked  \" data-color-scheme=\"vit\">\n\t<div class=\"ams-fifty ams-fifty--container ams-fifty--left ams-fifty--top l-container u-pt-fluid-3xl-6xl u-pb-fluid-3xl-6xl\">\n\t\t<div class=\"ams-fifty__content l-stack l-stack-xl is-left is-left@lg\">\n\t\t\t<div class=\"ams-fifty__text l-stack l-stack-lg\">\n\t\t\t\t\t\n\t<h2\n\tclass=\"c-heading u-font-title-1 \"\n\tstyle=\"\">\n\t\t\n\t\t\t\t\tProgrammet ger h\u00f6gskolebeh\u00f6righet!\n\t\t\t\t\n\t<\/h2>\n\n\t\t\t\t\t\t\t\t\t<div class=\"text l-stack u-font-body\">\n\t\t\t\t\t\t<p><span style=\"font-weight: 400;\">Programmet ger grundl\u00e4ggande beh\u00f6righet som du \u00e4ven kan bredda med antingen individuella val eller v\u00e5ra f\u00f6rdjupningar <b>Samh\u00e4lle <\/b>eller<b> Digital design och media<\/b>. Efter utbildningen kan du direkt jobba som till exempel junior designer eller plugga vidare p\u00e5 h\u00f6gskola eller yrkesh\u00f6gskola<\/span><span style=\"font-weight: 400;\"> inom till exempel design, media och kommunikation. Det \u00e4r ett breda omr\u00e5den med en m\u00e4ngd olika yrken och utbildningar.<\/span><\/p>\n<p class=\"p1\"><strong>Vill du veta mer om programmet? Bes\u00f6k oss p\u00e5 \u00f6ppet hus.<\/strong><\/p>\n\n\t\t\t\t\t<\/div>\n\t\t\t\t\t\t\t<\/div>\n\n\t\t\t\t<div class=\"ams-fifty__action u-inline-items\">\n\t\t\t\t\t\t\t\n\n\n<a href=\"https:\/\/ntigymnasiet.se\/johanneberg\/oppet-hus\/\"\n\t\n\tclass=\"c-btn \"\n\tdata-style=\"rounded\"\n\tdata-size=\"md\"\n\tdata-width=\"full-mobile\"\n\tdata-variant=\"default\"\n\ttarget=\"_self\">\n\t\t\t<span class=\"label\"> G\u00e5 p\u00e5 \u00f6ppet hus<\/span>\n\t\t\t<\/a>\n\t\t\t<\/div>\n\t\t<\/div>\n\n\t\t <div class=\"ams-fifty__media u-ratio-square\">\n\t\t \t\t\t\t\t<img decoding=\"async\" width=\"600\" height=\"600\" src=\"https:\/\/ntigymnasiet.se\/wp-content\/uploads\/sites\/6\/2023\/05\/nti-estetik-media-design-estetiska-programmet-202204-600x600.png\" class=\"attachment-md size-md\" alt=\"Tjej och kille som sitter vid ett bord och l\u00e4ser en tidning.\" sizes=\"(min-width: 64em) 600px, calc(100vw - 160px)\" srcset=\"https:\/\/ntigymnasiet.se\/wp-content\/uploads\/sites\/6\/2023\/05\/nti-estetik-media-design-estetiska-programmet-202204-600x600.png 600w, https:\/\/ntigymnasiet.se\/wp-content\/uploads\/sites\/6\/2023\/05\/nti-estetik-media-design-estetiska-programmet-202204-150x150.png 150w, https:\/\/ntigymnasiet.se\/wp-content\/uploads\/sites\/6\/2023\/05\/nti-estetik-media-design-estetiska-programmet-202204-300x300.png 300w, https:\/\/ntigymnasiet.se\/wp-content\/uploads\/sites\/6\/2023\/05\/nti-estetik-media-design-estetiska-programmet-202204-400x400.png 400w, https:\/\/ntigymnasiet.se\/wp-content\/uploads\/sites\/6\/2023\/05\/nti-estetik-media-design-estetiska-programmet-202204.png 700w\" \/>\n\t\t\t\n\t\t\t\n\t\t\t\t\t<\/div>\n\t<\/div>\n\n\t\t\n\t\t\t\n\t\t\t\t\t\t\t\n\t\t\t\t<div class=\"c-bg c-bg--img\" data-settings=\"{&quot;desktop_settings&quot;:{&quot;size&quot;:&quot;cover&quot;,&quot;position&quot;:&quot;middle-center&quot;},&quot;mobile_settings&quot;:{&quot;size&quot;:&quot;cover&quot;,&quot;position&quot;:&quot;middle-center&quot;}}\" data-position=\"middle-center\" data-size=\"cover\">\n\t\t\t\n\t\t<\/div>\n\t\n<\/section>\n\n\n\n\n<section  class=\"ams-social-media-feed c-block l-stacked\" data-color-scheme=\"light-grey\">\n\t<div class=\"l-container l-stack l-stack-fluid-2xl u-pt-fluid-3xl-6xl u-pb-fluid-3xl-6xl is-center is-center@md\">\n\t\t\t\t\t<div class=\"ams-social-media-feed__intro l-stack l-stack-lg\">\n\t\t\t\t\t\n\t<h2\n\tclass=\"c-heading u-font-title-1 \"\n\tstyle=\"\">\n\t\t\n\t\t\t\t\tVad g\u00f6r vi p\u00e5 Estetik och media?\n\t\t\t\t\n\t<\/h2>\n\n\t\t\t\t\t\t\t\t\t<div class=\"c-text l-stack u-cs-xl u-font-body\">\n\t\t\t\t\t\t<p>Kika in p\u00e5 programmets instagramkonto f\u00f6r att f\u00e5 en inblick i elevernas vardag.<\/p>\n\n\t\t\t\t\t<\/div>\n\t\t\t\t\t\t\t<\/div>\n\t\t\n\t\t\t\t\t<div class=\"elfsight-app-6baf100e-1da8-4c4e-a2bb-dd5ce0256241\"><\/div>\n\t\n\t\t\t<div class=\"ams-social-media-feed__action u-inline-items\">\n\t\t\t\t\t\t\t\n\n\n<a href=\"https:\/\/www.instagram.com\/ntijohanneberg_designmedia\/\"\n\t\n\tclass=\"c-btn \"\n\tdata-style=\"rounded\"\n\tdata-size=\"md\"\n\tdata-width=\"full-mobile\"\n\tdata-variant=\"default\"\n\ttarget=\"_blank\">\n\t\t\t<span class=\"label\"> Se fler inl\u00e4gg p\u00e5 Instagram<\/span>\n\t\t\t<\/a>\n\t\t\t<\/div>\n\t<\/div>\n\n\t\t\n\n<\/section>\n\n\n\n\n<section  class=\"ams-quote c-block l-stacked\" data-color-scheme=\"vit-2-pa-mork-bakgrund\">\n\t<div class=\"l-container l-stack l-stack-fluid-2xl u-pt-fluid-3xl-6xl u-pb-fluid-3xl-6xl is-center is-center@md\">\n\t\t\n\t\t\t\t\t<ul class=\"ams-quote__list l-grid u-gap-fluid-2xl-4xl u-justify-center\"\n\taria-label=\"Citat\">\n\t\t\t<li class=\"l-col-12@md\">\n\t\t\t<article class=\"c-card\" data-variant=\"neutral\" >\n\t\t\t\t<div class=\"c-card__content l-stack u-text-center\">\n\t\t\t\t\t\t\t\t\t\t\t<blockquote class=\"c-card__title u-font-title-1\">\n\t\t\t\t\t\t\t\t\t\t\t\t\t\t\t<p class=\"u-quote-marks\">Det b\u00e4sta med programmet \u00e4r att det \u00e4r s\u00e5 blandat och brett! Jag gillar att f\u00e5 l\u00e4ra mig att jobba med s\u00e5 mycket olika kreativa saker.<\/p>\n\t\t\t\t\t\t\t\t\t\t\t\t\t<\/blockquote>\n\t\t\t\t\t\n\t\t\t\t\t\t\t\t\t\t\t<p class=\"c-card__text\">\n\t\t\t\t\t\t\t<span class=\"author u-font-body\">Julia<\/span>\n\t\t\t\t\t\t\t<span class=\"title u-font-body\">NTI Gymnasiet<\/span>\n\t\t\t\t\t\t<\/p>\n\t\t\t\t\t\t\t\t\t<\/div>\n\n\t\t\t\t\t\t\t<\/article>\n\t\t<\/li>\n\t<\/ul>\n\t\n\t\t\t<\/div>\n\n\t\t\n\t\t\t\n\t\t\t\t\t\t\t\n\t\t\t\t<div class=\"c-bg c-bg--img\" data-settings=\"{&quot;desktop_settings&quot;:{&quot;size&quot;:&quot;cover&quot;,&quot;position&quot;:&quot;middle-center&quot;},&quot;mobile_settings&quot;:{&quot;size&quot;:&quot;cover&quot;,&quot;position&quot;:&quot;middle-center&quot;}}\" data-position=\"middle-center\" data-size=\"cover\">\n\t\t\t<img decoding=\"async\" width=\"1920\" height=\"1080\" src=\"https:\/\/ntigymnasiet.se\/wp-content\/uploads\/sites\/6\/2023\/05\/ntitechbgsvagacirklar3.jpg\" class=\"attachment-hero-lg size-hero-lg\" alt=\"Lila bild.\" sizes=\"(max-width: 1920px) 100vw, 1920px\" srcset=\"https:\/\/ntigymnasiet.se\/wp-content\/uploads\/sites\/6\/2023\/05\/ntitechbgsvagacirklar3.jpg 1920w, https:\/\/ntigymnasiet.se\/wp-content\/uploads\/sites\/6\/2023\/05\/ntitechbgsvagacirklar3-300x169.jpg 300w, https:\/\/ntigymnasiet.se\/wp-content\/uploads\/sites\/6\/2023\/05\/ntitechbgsvagacirklar3-400x225.jpg 400w, https:\/\/ntigymnasiet.se\/wp-content\/uploads\/sites\/6\/2023\/05\/ntitechbgsvagacirklar3-600x338.jpg 600w, https:\/\/ntigymnasiet.se\/wp-content\/uploads\/sites\/6\/2023\/05\/ntitechbgsvagacirklar3-800x450.jpg 800w, https:\/\/ntigymnasiet.se\/wp-content\/uploads\/sites\/6\/2023\/05\/ntitechbgsvagacirklar3-1024x576.jpg 1024w, https:\/\/ntigymnasiet.se\/wp-content\/uploads\/sites\/6\/2023\/05\/ntitechbgsvagacirklar3-1200x675.jpg 1200w\" \/>\n\t\t<\/div>\n\t\n<\/section>\n\n\n\n\n<section id=\"kurser\" class=\"ams-point-plan c-block l-stacked\" data-color-scheme=\"poangplan\">\n\t<div class=\"l-container l-stack l-stack-fluid-2xl u-pt-fluid-3xl-6xl u-pb-fluid-3xl-6xl is-center is-center@md\">\n\t\t\t\t\t<div class=\"ams-point-plan__intro l-stack l-stack-lg\">\n\t\t\t\t\t\n\t<h2\n\tclass=\"c-heading u-font-title-1 \"\n\tstyle=\"\">\n\t\t\n\t\t\t\t\tKurser\n\t\t\t\t\n\t<\/h2>\n\n\t\t\t\t\t\t\t<\/div>\n\t\t\n\t\t\t<ul class=\"ams-point-plan__ac c-accordion\" aria-label=\"Po\u00e4ngplan\" data-variant=\"space-between\">\n\t\t<li class=\"ams-point-plan__tp u-font-title-4 u-py-sm u-px-fluid-md-xl\">\n\t\t\t<span class=\"title\">Totala po\u00e4ng<\/span>\n\t\t\t<span class=\"points\">2500p<\/span>\n\t\t<\/li>\n\t\t\t\t\t<li class=\"c-accordion__item\">\n\t\t\t\t<h3 class=\"c-accordion__header \">\n\t\t\t\t\t\t\t\t\t\t<button class=\"c-accordion__trigger u-py-sm u-px-fluid-md-xl u-font-title-4\">\n\t\t\t\t\t\t<span>Gymnasiegemensamma \u00e4mnen<\/span>\n\t\t\t\t\t\t<svg class=\"ams-icon ams-icon__arrow-down\" width=\"24\" height=\"24\" viewbox=\"0 0 24 24\" fill=\"currentColor\" aria-hidden=\"true\" xmlns=\"http:\/\/www.w3.org\/2000\/svg\">\n\t\t\t\t\t\t\t\t\t\t\t\t\t<path d=\"m11.2033 18.4294-10.872894-10.67584c-.440539-.42594-.440539-1.1147 0-1.54065l.665495-.64345c.440539-.42595 1.152899-.42595 1.593439 0l9.41066 9.27114 9.4107-9.26207c.4405-.42595 1.1529-.42595 1.5934 0l.6655.64345c.4405.42594.4405 1.1147 0 1.54065l-10.8729 10.67587c-.4405.4168-1.1529.4168-1.5934-.0091z\"\/>\n\t\t\t\t\t\n\t\t\t\t\t\t<\/svg>\n\t\t\t\t\t<\/button>\n\t\t\t\t<\/h3>\n\t\t\t\t<div class=\"c-accordion__body u-font-body\">\n\t\t\t\t\t<ul class=\"points-list u-list-none\">\n\t\t\t\t\t\t\t\t\t\t\t\t\t<li>\n\t\t\t\t\t\t\t\t<span class=\"title\">Engelska Niv\u00e5 1<\/span>\n\t\t\t\t\t\t\t\t<span class=\"points\">100<\/span>\n\t\t\t\t\t\t\t<\/li>\n\t\t\t\t\t\t\t\t\t\t\t\t\t<li>\n\t\t\t\t\t\t\t\t<span class=\"title\">Engelska Niv\u00e5 2<\/span>\n\t\t\t\t\t\t\t\t<span class=\"points\">100<\/span>\n\t\t\t\t\t\t\t<\/li>\n\t\t\t\t\t\t\t\t\t\t\t\t\t<li>\n\t\t\t\t\t\t\t\t<span class=\"title\">Historia Niv\u00e5 1b<\/span>\n\t\t\t\t\t\t\t\t<span class=\"points\">100<\/span>\n\t\t\t\t\t\t\t<\/li>\n\t\t\t\t\t\t\t\t\t\t\t\t\t<li>\n\t\t\t\t\t\t\t\t<span class=\"title\">Historia Niv\u00e5 2b<\/span>\n\t\t\t\t\t\t\t\t<span class=\"points\">100<\/span>\n\t\t\t\t\t\t\t<\/li>\n\t\t\t\t\t\t\t\t\t\t\t\t\t<li>\n\t\t\t\t\t\t\t\t<span class=\"title\">Idrott och h\u00e4lsa Niv\u00e5 1<\/span>\n\t\t\t\t\t\t\t\t<span class=\"points\">100<\/span>\n\t\t\t\t\t\t\t<\/li>\n\t\t\t\t\t\t\t\t\t\t\t\t\t<li>\n\t\t\t\t\t\t\t\t<span class=\"title\">Matematik Niv\u00e5 1b<\/span>\n\t\t\t\t\t\t\t\t<span class=\"points\">100<\/span>\n\t\t\t\t\t\t\t<\/li>\n\t\t\t\t\t\t\t\t\t\t\t\t\t<li>\n\t\t\t\t\t\t\t\t<span class=\"title\">Naturkunskap Niv\u00e5 1b<\/span>\n\t\t\t\t\t\t\t\t<span class=\"points\">100<\/span>\n\t\t\t\t\t\t\t<\/li>\n\t\t\t\t\t\t\t\t\t\t\t\t\t<li>\n\t\t\t\t\t\t\t\t<span class=\"title\">Religionskunskap Niv\u00e5 1<\/span>\n\t\t\t\t\t\t\t\t<span class=\"points\">50<\/span>\n\t\t\t\t\t\t\t<\/li>\n\t\t\t\t\t\t\t\t\t\t\t\t\t<li>\n\t\t\t\t\t\t\t\t<span class=\"title\">Samh\u00e4llskunskap Niv\u00e5 1b<\/span>\n\t\t\t\t\t\t\t\t<span class=\"points\">100<\/span>\n\t\t\t\t\t\t\t<\/li>\n\t\t\t\t\t\t\t\t\t\t\t\t\t<li>\n\t\t\t\t\t\t\t\t<span class=\"title\">Svenska Niv\u00e5 1 \/ Svenska som andraspr\u00e5k<\/span>\n\t\t\t\t\t\t\t\t<span class=\"points\">100<\/span>\n\t\t\t\t\t\t\t<\/li>\n\t\t\t\t\t\t\t\t\t\t\t\t\t<li>\n\t\t\t\t\t\t\t\t<span class=\"title\">Svenska Niv\u00e5 2 \/ Svenska som andraspr\u00e5k<\/span>\n\t\t\t\t\t\t\t\t<span class=\"points\">100<\/span>\n\t\t\t\t\t\t\t<\/li>\n\t\t\t\t\t\t\t\t\t\t\t\t\t<li>\n\t\t\t\t\t\t\t\t<span class=\"title\">Svenska Niv\u00e5 3 \/ Svenska som andraspr\u00e5k<\/span>\n\t\t\t\t\t\t\t\t<span class=\"points\">100<\/span>\n\t\t\t\t\t\t\t<\/li>\n\t\t\t\t\t\t\t\t\t\t\t<\/ul>\n\t\t\t\t<\/div>\n\t\t\t<\/li>\n\t\t\t\t\t<li class=\"c-accordion__item\">\n\t\t\t\t<h3 class=\"c-accordion__header \">\n\t\t\t\t\t\t\t\t\t\t<button class=\"c-accordion__trigger u-py-sm u-px-fluid-md-xl u-font-title-4\">\n\t\t\t\t\t\t<span>Programgemensamma \u00e4mnen<\/span>\n\t\t\t\t\t\t<svg class=\"ams-icon ams-icon__arrow-down\" width=\"24\" height=\"24\" viewbox=\"0 0 24 24\" fill=\"currentColor\" aria-hidden=\"true\" xmlns=\"http:\/\/www.w3.org\/2000\/svg\">\n\t\t\t\t\t\t\t\t\t\t\t\t\t<path d=\"m11.2033 18.4294-10.872894-10.67584c-.440539-.42594-.440539-1.1147 0-1.54065l.665495-.64345c.440539-.42595 1.152899-.42595 1.593439 0l9.41066 9.27114 9.4107-9.26207c.4405-.42595 1.1529-.42595 1.5934 0l.6655.64345c.4405.42594.4405 1.1147 0 1.54065l-10.8729 10.67587c-.4405.4168-1.1529.4168-1.5934-.0091z\"\/>\n\t\t\t\t\t\n\t\t\t\t\t\t<\/svg>\n\t\t\t\t\t<\/button>\n\t\t\t\t<\/h3>\n\t\t\t\t<div class=\"c-accordion__body u-font-body\">\n\t\t\t\t\t<ul class=\"points-list u-list-none\">\n\t\t\t\t\t\t\t\t\t\t\t\t\t<li>\n\t\t\t\t\t\t\t\t<span class=\"title\">Estetisk kommunikation Niv\u00e5 1<\/span>\n\t\t\t\t\t\t\t\t<span class=\"points\">100<\/span>\n\t\t\t\t\t\t\t<\/li>\n\t\t\t\t\t\t\t\t\t\t\t\t\t<li>\n\t\t\t\t\t\t\t\t<span class=\"title\">Konstarterna och samh\u00e4llet Niv\u00e5 1<\/span>\n\t\t\t\t\t\t\t\t<span class=\"points\">50<\/span>\n\t\t\t\t\t\t\t<\/li>\n\t\t\t\t\t\t\t\t\t\t\t<\/ul>\n\t\t\t\t<\/div>\n\t\t\t<\/li>\n\t\t\t\t\t<li class=\"c-accordion__item\">\n\t\t\t\t<h3 class=\"c-accordion__header \">\n\t\t\t\t\t\t\t\t\t\t<button class=\"c-accordion__trigger u-py-sm u-px-fluid-md-xl u-font-title-4\">\n\t\t\t\t\t\t<span>Inriktnings\u00e4mnen<\/span>\n\t\t\t\t\t\t<svg class=\"ams-icon ams-icon__arrow-down\" width=\"24\" height=\"24\" viewbox=\"0 0 24 24\" fill=\"currentColor\" aria-hidden=\"true\" xmlns=\"http:\/\/www.w3.org\/2000\/svg\">\n\t\t\t\t\t\t\t\t\t\t\t\t\t<path d=\"m11.2033 18.4294-10.872894-10.67584c-.440539-.42594-.440539-1.1147 0-1.54065l.665495-.64345c.440539-.42595 1.152899-.42595 1.593439 0l9.41066 9.27114 9.4107-9.26207c.4405-.42595 1.1529-.42595 1.5934 0l.6655.64345c.4405.42594.4405 1.1147 0 1.54065l-10.8729 10.67587c-.4405.4168-1.1529.4168-1.5934-.0091z\"\/>\n\t\t\t\t\t\n\t\t\t\t\t\t<\/svg>\n\t\t\t\t\t<\/button>\n\t\t\t\t<\/h3>\n\t\t\t\t<div class=\"c-accordion__body u-font-body\">\n\t\t\t\t\t<ul class=\"points-list u-list-none\">\n\t\t\t\t\t\t\t\t\t\t\t\t\t<li>\n\t\t\t\t\t\t\t\t<span class=\"title\">Digitalt skapande Niv\u00e5 1<\/span>\n\t\t\t\t\t\t\t\t<span class=\"points\">100<\/span>\n\t\t\t\t\t\t\t<\/li>\n\t\t\t\t\t\t\t\t\t\t\t\t\t<li>\n\t\t\t\t\t\t\t\t<span class=\"title\">Medieproduktion Niv\u00e5 1<\/span>\n\t\t\t\t\t\t\t\t<span class=\"points\">100<\/span>\n\t\t\t\t\t\t\t<\/li>\n\t\t\t\t\t\t\t\t\t\t\t\t\t<li>\n\t\t\t\t\t\t\t\t<span class=\"title\">Medieproduktion Niv\u00e5 2<\/span>\n\t\t\t\t\t\t\t\t<span class=\"points\">100<\/span>\n\t\t\t\t\t\t\t<\/li>\n\t\t\t\t\t\t\t\t\t\t\t\t\t<li>\n\t\t\t\t\t\t\t\t<span class=\"title\">Medieteori Niv\u00e5 1<\/span>\n\t\t\t\t\t\t\t\t<span class=\"points\">100<\/span>\n\t\t\t\t\t\t\t<\/li>\n\t\t\t\t\t\t\t\t\t\t\t<\/ul>\n\t\t\t\t<\/div>\n\t\t\t<\/li>\n\t\t\t\t\t<li class=\"c-accordion__item\">\n\t\t\t\t<h3 class=\"c-accordion__header \">\n\t\t\t\t\t\t\t\t\t\t<button class=\"c-accordion__trigger u-py-sm u-px-fluid-md-xl u-font-title-4\">\n\t\t\t\t\t\t<span>F\u00f6rdjupning: Digital design och media<\/span>\n\t\t\t\t\t\t<svg class=\"ams-icon ams-icon__arrow-down\" width=\"24\" height=\"24\" viewbox=\"0 0 24 24\" fill=\"currentColor\" aria-hidden=\"true\" xmlns=\"http:\/\/www.w3.org\/2000\/svg\">\n\t\t\t\t\t\t\t\t\t\t\t\t\t<path d=\"m11.2033 18.4294-10.872894-10.67584c-.440539-.42594-.440539-1.1147 0-1.54065l.665495-.64345c.440539-.42595 1.152899-.42595 1.593439 0l9.41066 9.27114 9.4107-9.26207c.4405-.42595 1.1529-.42595 1.5934 0l.6655.64345c.4405.42594.4405 1.1147 0 1.54065l-10.8729 10.67587c-.4405.4168-1.1529.4168-1.5934-.0091z\"\/>\n\t\t\t\t\t\n\t\t\t\t\t\t<\/svg>\n\t\t\t\t\t<\/button>\n\t\t\t\t<\/h3>\n\t\t\t\t<div class=\"c-accordion__body u-font-body\">\n\t\t\t\t\t<ul class=\"points-list u-list-none\">\n\t\t\t\t\t\t\t\t\t\t\t\t\t<li>\n\t\t\t\t\t\t\t\t<span class=\"title\">Digitalt skapande Niv\u00e5 2<\/span>\n\t\t\t\t\t\t\t\t<span class=\"points\">100<\/span>\n\t\t\t\t\t\t\t<\/li>\n\t\t\t\t\t\t\t\t\t\t\t\t\t<li>\n\t\t\t\t\t\t\t\t<span class=\"title\">Grafisk kommunikation Niv\u00e5 1<\/span>\n\t\t\t\t\t\t\t\t<span class=\"points\">100<\/span>\n\t\t\t\t\t\t\t<\/li>\n\t\t\t\t\t\t\t\t\t\t\t\t\t<li>\n\t\t\t\t\t\t\t\t<span class=\"title\">Grafisk Illustration Niv\u00e5 1<\/span>\n\t\t\t\t\t\t\t\t<span class=\"points\">100<\/span>\n\t\t\t\t\t\t\t<\/li>\n\t\t\t\t\t\t\t\t\t\t\t\t\t<li>\n\t\t\t\t\t\t\t\t<span class=\"title\">Gr\u00e4nssnittsdesign Niv\u00e5 1<\/span>\n\t\t\t\t\t\t\t\t<span class=\"points\">100<\/span>\n\t\t\t\t\t\t\t<\/li>\n\t\t\t\t\t\t\t\t\t\t\t\t\t<li>\n\t\t\t\t\t\t\t\t<span class=\"title\">Webbutveckling Niv\u00e5 1<\/span>\n\t\t\t\t\t\t\t\t<span class=\"points\">100<\/span>\n\t\t\t\t\t\t\t<\/li>\n\t\t\t\t\t\t\t\t\t\t\t<\/ul>\n\t\t\t\t<\/div>\n\t\t\t<\/li>\n\t\t\t\t\t<li class=\"c-accordion__item\">\n\t\t\t\t<h3 class=\"c-accordion__header \">\n\t\t\t\t\t\t\t\t\t\t<button class=\"c-accordion__trigger u-py-sm u-px-fluid-md-xl u-font-title-4\">\n\t\t\t\t\t\t<span>F\u00f6rdjupning: Samh\u00e4lle<\/span>\n\t\t\t\t\t\t<svg class=\"ams-icon ams-icon__arrow-down\" width=\"24\" height=\"24\" viewbox=\"0 0 24 24\" fill=\"currentColor\" aria-hidden=\"true\" xmlns=\"http:\/\/www.w3.org\/2000\/svg\">\n\t\t\t\t\t\t\t\t\t\t\t\t\t<path d=\"m11.2033 18.4294-10.872894-10.67584c-.440539-.42594-.440539-1.1147 0-1.54065l.665495-.64345c.440539-.42595 1.152899-.42595 1.593439 0l9.41066 9.27114 9.4107-9.26207c.4405-.42595 1.1529-.42595 1.5934 0l.6655.64345c.4405.42594.4405 1.1147 0 1.54065l-10.8729 10.67587c-.4405.4168-1.1529.4168-1.5934-.0091z\"\/>\n\t\t\t\t\t\n\t\t\t\t\t\t<\/svg>\n\t\t\t\t\t<\/button>\n\t\t\t\t<\/h3>\n\t\t\t\t<div class=\"c-accordion__body u-font-body\">\n\t\t\t\t\t<ul class=\"points-list u-list-none\">\n\t\t\t\t\t\t\t\t\t\t\t\t\t<li>\n\t\t\t\t\t\t\t\t<span class=\"title\">Digitalt skapande Niv\u00e5 2<\/span>\n\t\t\t\t\t\t\t\t<span class=\"points\">100<\/span>\n\t\t\t\t\t\t\t<\/li>\n\t\t\t\t\t\t\t\t\t\t\t\t\t<li>\n\t\t\t\t\t\t\t\t<span class=\"title\">Grafisk kommunikation Niv\u00e5 1<\/span>\n\t\t\t\t\t\t\t\t<span class=\"points\">100<\/span>\n\t\t\t\t\t\t\t<\/li>\n\t\t\t\t\t\t\t\t\t\t\t\t\t<li>\n\t\t\t\t\t\t\t\t<span class=\"title\">Grafisk Illustration Niv\u00e5 1<\/span>\n\t\t\t\t\t\t\t\t<span class=\"points\">100<\/span>\n\t\t\t\t\t\t\t<\/li>\n\t\t\t\t\t\t\t\t\t\t\t\t\t<li>\n\t\t\t\t\t\t\t\t<span class=\"title\">Naturkunskap Niv\u00e5 2<\/span>\n\t\t\t\t\t\t\t\t<span class=\"points\">100<\/span>\n\t\t\t\t\t\t\t<\/li>\n\t\t\t\t\t\t\t\t\t\t\t\t\t<li>\n\t\t\t\t\t\t\t\t<span class=\"title\">Matematik Niv\u00e5 2<\/span>\n\t\t\t\t\t\t\t\t<span class=\"points\">100<\/span>\n\t\t\t\t\t\t\t<\/li>\n\t\t\t\t\t\t\t\t\t\t\t<\/ul>\n\t\t\t\t<\/div>\n\t\t\t<\/li>\n\t\t\t\t\t<li class=\"c-accordion__item\">\n\t\t\t\t<h3 class=\"c-accordion__header \">\n\t\t\t\t\t\t\t\t\t\t<button class=\"c-accordion__trigger u-py-sm u-px-fluid-md-xl u-font-title-4\">\n\t\t\t\t\t\t<span>Gymnasiearbete<\/span>\n\t\t\t\t\t\t<svg class=\"ams-icon ams-icon__arrow-down\" width=\"24\" height=\"24\" viewbox=\"0 0 24 24\" fill=\"currentColor\" aria-hidden=\"true\" xmlns=\"http:\/\/www.w3.org\/2000\/svg\">\n\t\t\t\t\t\t\t\t\t\t\t\t\t<path d=\"m11.2033 18.4294-10.872894-10.67584c-.440539-.42594-.440539-1.1147 0-1.54065l.665495-.64345c.440539-.42595 1.152899-.42595 1.593439 0l9.41066 9.27114 9.4107-9.26207c.4405-.42595 1.1529-.42595 1.5934 0l.6655.64345c.4405.42594.4405 1.1147 0 1.54065l-10.8729 10.67587c-.4405.4168-1.1529.4168-1.5934-.0091z\"\/>\n\t\t\t\t\t\n\t\t\t\t\t\t<\/svg>\n\t\t\t\t\t<\/button>\n\t\t\t\t<\/h3>\n\t\t\t\t<div class=\"c-accordion__body u-font-body\">\n\t\t\t\t\t<ul class=\"points-list u-list-none\">\n\t\t\t\t\t\t\t\t\t\t\t\t\t<li>\n\t\t\t\t\t\t\t\t<span class=\"title\">Gymnasiearbete<\/span>\n\t\t\t\t\t\t\t\t<span class=\"points\">100<\/span>\n\t\t\t\t\t\t\t<\/li>\n\t\t\t\t\t\t\t\t\t\t\t<\/ul>\n\t\t\t\t<\/div>\n\t\t\t<\/li>\n\t\t\t\t\t<li class=\"c-accordion__item\">\n\t\t\t\t<h3 class=\"c-accordion__header \">\n\t\t\t\t\t\t\t\t\t\t<button class=\"c-accordion__trigger u-py-sm u-px-fluid-md-xl u-font-title-4\">\n\t\t\t\t\t\t<span>Individuellt val (v\u00e4lj tv\u00e5)<\/span>\n\t\t\t\t\t\t<svg class=\"ams-icon ams-icon__arrow-down\" width=\"24\" height=\"24\" viewbox=\"0 0 24 24\" fill=\"currentColor\" aria-hidden=\"true\" xmlns=\"http:\/\/www.w3.org\/2000\/svg\">\n\t\t\t\t\t\t\t\t\t\t\t\t\t<path d=\"m11.2033 18.4294-10.872894-10.67584c-.440539-.42594-.440539-1.1147 0-1.54065l.665495-.64345c.440539-.42595 1.152899-.42595 1.593439 0l9.41066 9.27114 9.4107-9.26207c.4405-.42595 1.1529-.42595 1.5934 0l.6655.64345c.4405.42594.4405 1.1147 0 1.54065l-10.8729 10.67587c-.4405.4168-1.1529.4168-1.5934-.0091z\"\/>\n\t\t\t\t\t\n\t\t\t\t\t\t<\/svg>\n\t\t\t\t\t<\/button>\n\t\t\t\t<\/h3>\n\t\t\t\t<div class=\"c-accordion__body u-font-body\">\n\t\t\t\t\t<ul class=\"points-list u-list-none\">\n\t\t\t\t\t\t\t\t\t\t\t\t\t<li>\n\t\t\t\t\t\t\t\t<span class=\"title\">Fotografisk bild Niv\u00e5 1<\/span>\n\t\t\t\t\t\t\t\t<span class=\"points\">100<\/span>\n\t\t\t\t\t\t\t<\/li>\n\t\t\t\t\t\t\t\t\t\t\t\t\t<li>\n\t\t\t\t\t\t\t\t<span class=\"title\">Musik Niv\u00e5 1<\/span>\n\t\t\t\t\t\t\t\t<span class=\"points\">100<\/span>\n\t\t\t\t\t\t\t<\/li>\n\t\t\t\t\t\t\t\t\t\t\t\t\t<li>\n\t\t\t\t\t\t\t\t<span class=\"title\">Matematik Niv\u00e5 2b<\/span>\n\t\t\t\t\t\t\t\t<span class=\"points\">100<\/span>\n\t\t\t\t\t\t\t<\/li>\n\t\t\t\t\t\t\t\t\t\t\t\t\t<li>\n\t\t\t\t\t\t\t\t<span class=\"title\">Matematik forts\u00e4ttning niv\u00e5 1b<\/span>\n\t\t\t\t\t\t\t\t<span class=\"points\">100<\/span>\n\t\t\t\t\t\t\t<\/li>\n\t\t\t\t\t\t\t\t\t\t\t\t\t<li>\n\t\t\t\t\t\t\t\t<span class=\"title\">Naturkunskap Niv\u00e5 2<\/span>\n\t\t\t\t\t\t\t\t<span class=\"points\">100<\/span>\n\t\t\t\t\t\t\t<\/li>\n\t\t\t\t\t\t\t\t\t\t\t\t\t<li>\n\t\t\t\t\t\t\t\t<span class=\"title\">Webbutveckling Niv\u00e5 2<\/span>\n\t\t\t\t\t\t\t\t<span class=\"points\">100<\/span>\n\t\t\t\t\t\t\t<\/li>\n\t\t\t\t\t\t\t\t\t\t\t\t\t<li>\n\t\t\t\t\t\t\t\t<span class=\"title\">Entrepren\u00f6rskap Niv\u00e5 1<\/span>\n\t\t\t\t\t\t\t\t<span class=\"points\">100<\/span>\n\t\t\t\t\t\t\t<\/li>\n\t\t\t\t\t\t\t\t\t\t\t\t\t<li>\n\t\t\t\t\t\t\t\t<span class=\"title\">Moderna spr\u00e5k grund Niv\u00e5 1<\/span>\n\t\t\t\t\t\t\t\t<span class=\"points\">100<\/span>\n\t\t\t\t\t\t\t<\/li>\n\t\t\t\t\t\t\t\t\t\t\t\t\t<li>\n\t\t\t\t\t\t\t\t<span class=\"title\">Moderna spr\u00e5k f\u00f6rdjupning Niv\u00e5 1<\/span>\n\t\t\t\t\t\t\t\t<span class=\"points\">100<\/span>\n\t\t\t\t\t\t\t<\/li>\n\t\t\t\t\t\t\t\t\t\t\t\t\t<li>\n\t\t\t\t\t\t\t\t<span class=\"title\">Engelska Niv\u00e5 3<\/span>\n\t\t\t\t\t\t\t\t<span class=\"points\">100<\/span>\n\t\t\t\t\t\t\t<\/li>\n\t\t\t\t\t\t\t\t\t\t\t\t\t<li>\n\t\t\t\t\t\t\t\t<span class=\"title\">Artificiell intelligens Niv\u00e5 1<\/span>\n\t\t\t\t\t\t\t\t<span class=\"points\">100<\/span>\n\t\t\t\t\t\t\t<\/li>\n\t\t\t\t\t\t\t\t\t\t\t<\/ul>\n\t\t\t\t<\/div>\n\t\t\t<\/li>\n\t\t\t<\/ul>\n\n\t\t\t<\/div>\n\n\t\t\n\n<\/section>\n\n\n\n\n\n<section  class=\"ams-testimonial testimonial_module c-block l-stacked\" data-color-scheme=\"nyans2_av_p2-card-primar1-light-hover-standard_standard\">\n\t<div class=\"l-container l-stack l-stack-fluid-2xl u-pt-fluid-3xl-6xl u-pb-fluid-3xl-6xl is-center is-center@md\">\n\t\t\t\t\t<div class=\"ams-testimonial__intro l-stack l-stack-lg\">\n\t\t\t\t\t\n\t<h2\n\tclass=\"c-heading u-font-title-1 \"\n\tstyle=\"\">\n\t\t\n\t\t\t\t\tElevintervjuer\n\t\t\t\t\n\t<\/h2>\n\n\t\t\t\t\t\t\t<\/div>\n\t\t\n\t\t\n\t\n\t\t\n\t\t\t\n<ul\n\tid=\"ams-testimonial-list-69f46e5fcbf32\"\n\tclass=\"ams-testimonial__list  l-grid u-gap-fluid-2xl-4xl js-results \"\n\tdata-filter-animation=\"off\">\n\t\t\t\t\t\t\t\t\t\t\t\n\t\t\n\t\t\n\t\t<li class=\"l-col-6@md \" data-filter=\"esesm estetiska-programmet juni-2026\">\n\t\t\t<article class=\"c-card has-media-zoom \" data-variant=\"inside-half\" data-click-area>\n\t\t\t\t<div class=\"c-card__content l-stack l-stack-sm is-left is-left@md\">\n\t\t\t\t\t\t\t\t\t\t\t<blockquote class=\"c-card__title u-font-title-3\">\n\t\t\t\t\t\t\t\t\t\t\t\t\t\t\t<p class=\"u-quote-marks\"><a href=\"https:\/\/ntigymnasiet.se\/johanneberg\/elevintervjuer\/lokal\/estetiska-programmet-bryndis\" class=\"link\">Vi har v\u00e4ldigt bra gemenskap&#8230;<\/a><\/p>\n\t\t\t\t\t\t\t\t\t\t\t\t\t<\/blockquote>\n\t\t\t\t\t\n\t\t\t\t\t\t\t\t\t\t\t<p class=\"c-card__text l-stack-grow u-divider-top u-font-body\">\n\t\t\t\t\t\t\t<span class=\"author u-mr-fluid-lg\">Bryndis<\/span>\n\t\t\t\t\t\t\t<span class=\"title u-mr-fluid-lg\">Estetiska programmet<\/span>\n\t\t\t\t\t\t<\/p>\n\t\t\t\t\t\n\t\t\t\t\t<div class=\"c-card__icon\">\n\t\t\t\t\t\t<svg class=\"ams-icon ams-icon--arrow-right\" width=\"32\" height=\"32\" viewBox=\"0 0 32 32\" fill=\"currentColor\" aria-hidden=\"true\" xmlns=\"http:\/\/www.w3.org\/2000\/svg\">\n\t\t\t\t\t\t\t<path d=\"M15.4617 0.252159L14.9567 0.75931C14.6219 1.09545 14.6219 1.64048 14.9567 1.97669L27.7062 14.7806H0.857144C0.383786 14.7806 0 15.166 0 15.6414V16.3587C0 16.8341 0.383786 17.2195 0.857144 17.2195H27.7062L14.9567 30.0234C14.6219 30.3595 14.6219 30.9045 14.9567 31.2407L15.4617 31.7479C15.7964 32.084 16.3392 32.084 16.6739 31.7479L31.749 16.6087C32.0837 16.2725 32.0837 15.7275 31.749 15.3913L16.6739 0.252159C16.3392 -0.084053 15.7964 -0.084053 15.4617 0.252159Z\"\/>\n\t\t\t\t\t\t<\/svg>\n\t\t\t\t\t<\/div>\n\t\t\t\t<\/div>\n\t\t\t\t<div class=\"c-card__media\" style=\" \">\n\t\t\t\t\t<img decoding=\"async\" width=\"600\" height=\"450\" src=\"https:\/\/ntigymnasiet.se\/wp-content\/uploads\/2025\/06\/bryndis-600x450.png\" class=\"attachment-md size-md\" alt=\"Eleven Bryndis.\" sizes=\"(min-width: 80em) 600px, (min-width: 48em) calc(.50 * (100vw - 240px)), calc(100vw - 160px)\" srcset=\"https:\/\/ntigymnasiet.se\/wp-content\/uploads\/2025\/06\/bryndis-600x450.png 600w, https:\/\/ntigymnasiet.se\/wp-content\/uploads\/2025\/06\/bryndis-300x225.png 300w, https:\/\/ntigymnasiet.se\/wp-content\/uploads\/2025\/06\/bryndis-400x300.png 400w, https:\/\/ntigymnasiet.se\/wp-content\/uploads\/2025\/06\/bryndis-800x600.png 800w, https:\/\/ntigymnasiet.se\/wp-content\/uploads\/2025\/06\/bryndis-1024x768.png 1024w, https:\/\/ntigymnasiet.se\/wp-content\/uploads\/2025\/06\/bryndis-1200x900.png 1200w, https:\/\/ntigymnasiet.se\/wp-content\/uploads\/2025\/06\/bryndis-768x576.png 768w\" \/>\n\t\t\t\t<\/div>\n\t\t\t<\/article>\n\t\t<\/li>\n\t\t\t\t\t\t\t\t\t\t\t\n\t\t\n\t\t\n\t\t<li class=\"l-col-6@md \" data-filter=\"esesm estetiska-programmet maj-2026\">\n\t\t\t<article class=\"c-card has-media-zoom \" data-variant=\"inside-half\" data-click-area>\n\t\t\t\t<div class=\"c-card__content l-stack l-stack-sm is-left is-left@md\">\n\t\t\t\t\t\t\t\t\t\t\t<blockquote class=\"c-card__title u-font-title-3\">\n\t\t\t\t\t\t\t\t\t\t\t\t\t\t\t<p class=\"u-quote-marks\"><a href=\"https:\/\/ntigymnasiet.se\/johanneberg\/elevintervjuer\/lokal\/estetiska-programmet-1\" class=\"link\">Vi jobbar t.ex. med Photoshop, Illustrator och har b\u00f6rjat med webbutveckling&#8230;.<\/a><\/p>\n\t\t\t\t\t\t\t\t\t\t\t\t\t<\/blockquote>\n\t\t\t\t\t\n\t\t\t\t\t\t\t\t\t\t\t<p class=\"c-card__text l-stack-grow u-divider-top u-font-body\">\n\t\t\t\t\t\t\t<span class=\"author u-mr-fluid-lg\">Julia<\/span>\n\t\t\t\t\t\t\t<span class=\"title u-mr-fluid-lg\">Estetik och media <\/span>\n\t\t\t\t\t\t<\/p>\n\t\t\t\t\t\n\t\t\t\t\t<div class=\"c-card__icon\">\n\t\t\t\t\t\t<svg class=\"ams-icon ams-icon--arrow-right\" width=\"32\" height=\"32\" viewBox=\"0 0 32 32\" fill=\"currentColor\" aria-hidden=\"true\" xmlns=\"http:\/\/www.w3.org\/2000\/svg\">\n\t\t\t\t\t\t\t<path d=\"M15.4617 0.252159L14.9567 0.75931C14.6219 1.09545 14.6219 1.64048 14.9567 1.97669L27.7062 14.7806H0.857144C0.383786 14.7806 0 15.166 0 15.6414V16.3587C0 16.8341 0.383786 17.2195 0.857144 17.2195H27.7062L14.9567 30.0234C14.6219 30.3595 14.6219 30.9045 14.9567 31.2407L15.4617 31.7479C15.7964 32.084 16.3392 32.084 16.6739 31.7479L31.749 16.6087C32.0837 16.2725 32.0837 15.7275 31.749 15.3913L16.6739 0.252159C16.3392 -0.084053 15.7964 -0.084053 15.4617 0.252159Z\"\/>\n\t\t\t\t\t\t<\/svg>\n\t\t\t\t\t<\/div>\n\t\t\t\t<\/div>\n\t\t\t\t<div class=\"c-card__media\" style=\" \">\n\t\t\t\t\t<img decoding=\"async\" width=\"600\" height=\"431\" src=\"https:\/\/ntigymnasiet.se\/wp-content\/uploads\/2023\/05\/nti-intervju-estetiska-programmet-2022-600x431.jpeg\" class=\"attachment-md size-md\" alt=\"Tjej i vit tr\u00f6ja ler.\" sizes=\"(min-width: 80em) 600px, (min-width: 48em) calc(.50 * (100vw - 240px)), calc(100vw - 160px)\" srcset=\"https:\/\/ntigymnasiet.se\/wp-content\/uploads\/2023\/05\/nti-intervju-estetiska-programmet-2022-600x431.jpeg 600w, https:\/\/ntigymnasiet.se\/wp-content\/uploads\/2023\/05\/nti-intervju-estetiska-programmet-2022-300x216.jpeg 300w, https:\/\/ntigymnasiet.se\/wp-content\/uploads\/2023\/05\/nti-intervju-estetiska-programmet-2022-400x288.jpeg 400w, https:\/\/ntigymnasiet.se\/wp-content\/uploads\/2023\/05\/nti-intervju-estetiska-programmet-2022-800x575.jpeg 800w, https:\/\/ntigymnasiet.se\/wp-content\/uploads\/2023\/05\/nti-intervju-estetiska-programmet-2022-1024x736.jpeg 1024w, https:\/\/ntigymnasiet.se\/wp-content\/uploads\/2023\/05\/nti-intervju-estetiska-programmet-2022-1200x863.jpeg 1200w\" \/>\n\t\t\t\t<\/div>\n\t\t\t<\/article>\n\t\t<\/li>\n\t<\/ul>\n\t\n\t<div class=\"no-results u-mt-0 u-hide\" data-filter-fallback-id=\"ams-testimonial-list-69f46e5fcbf32\">\n\t<p>Det finns inga resultat som matchar din filtrering.<\/p>\n<\/div>\n\n\t\n\n\t\t\n\t\t\t<\/div>\n\n\t\t\n\n<\/section>\n\n\n\n\n<section  class=\"ams-cta ams-cta--stacked c-block l-stacked\" data-color-scheme=\"vit\">\n\t<div class=\"l-container-narrow l-stack l-stack-fluid-2xl u-pt-fluid-3xl-6xl u-pb-fluid-3xl-6xl is-center is-center@md\">\n\t\t\t\t\t<div class=\"ams-cta__intro l-stack l-stack-lg\">\n\t\t\t\t\t\n\t<h2\n\tclass=\"c-heading u-font-title-1 \"\n\tstyle=\"\">\n\t\t\n\t\t\t\t\tNyfiken p\u00e5 v\u00e5ra andra program?\n\t\t\t\t\n\t<\/h2>\n\n\t\t\t\t\t\t\t<\/div>\n\t\t\n\t\t\n\t\t\t<div class=\"ams-cta__action u-inline-items\">\n\t\t\t\t\t\t\t\n\n\n<a href=\"https:\/\/ntigymnasiet.se\/johanneberg\/program\/\"\n\t\n\tclass=\"c-btn \"\n\tdata-style=\"rounded\"\n\tdata-size=\"md\"\n\tdata-width=\"full-mobile\"\n\tdata-variant=\"outline\"\n\ttarget=\"_self\">\n\t\t\t<span class=\"label\"> Se andra program<\/span>\n\t\t\t<\/a>\n\t\t\t<\/div>\n\t<\/div>\n\n\t\t\n\n<\/section>\n","protected":false},"excerpt":{"rendered":"<p>Utvecklas kreativt och skapa allt fr\u00e5n digital design till poddar, film och ljud. <\/p>\n","protected":false},"featured_media":960,"parent":947,"menu_order":0,"template":"","yoast_head":"<!-- This site is optimized with the Yoast SEO plugin v22.0 - https:\/\/yoast.com\/wordpress\/plugins\/seo\/ -->\n<title>Plugga Estetik och media i Johanneberg - NTI Gymnasiet<\/title>\n<meta name=\"description\" content=\"P\u00e5 designprogrammet f\u00e5r du l\u00e4ra dig hur du kommunicerar i bild, text och form medan du tr\u00e4nas i att anv\u00e4nda digitala verktyg.\" \/>\n<meta name=\"robots\" content=\"index, follow, max-snippet:-1, max-image-preview:large, max-video-preview:-1\" \/>\n<link rel=\"canonical\" href=\"https:\/\/ntigymnasiet.se\/johanneberg\/program\/estetiska-programmet\/estetik-och-media\/\" \/>\n<meta property=\"og:locale\" content=\"sv_SE\" \/>\n<meta property=\"og:type\" content=\"article\" \/>\n<meta property=\"og:title\" content=\"Plugga Estetik och media i Johanneberg - NTI Gymnasiet\" \/>\n<meta property=\"og:description\" content=\"P\u00e5 designprogrammet f\u00e5r du l\u00e4ra dig hur du kommunicerar i bild, text och form medan du tr\u00e4nas i att anv\u00e4nda digitala verktyg.\" \/>\n<meta property=\"og:url\" content=\"https:\/\/ntigymnasiet.se\/johanneberg\/program\/estetiska-programmet\/estetik-och-media\/\" \/>\n<meta property=\"og:site_name\" content=\"Johanneberg G\u00f6teborg\" \/>\n<meta property=\"article:modified_time\" content=\"2025-11-27T10:11:50+00:00\" \/>\n<meta property=\"og:image\" content=\"https:\/\/ntigymnasiet.se\/wp-content\/uploads\/sites\/6\/2023\/05\/nti-designprogram-estet-estetik-och-media-1200x630.jpg\" \/>\n\t<meta property=\"og:image:width\" content=\"1200\" \/>\n\t<meta property=\"og:image:height\" content=\"630\" \/>\n\t<meta property=\"og:image:type\" content=\"image\/jpeg\" \/>\n<meta name=\"twitter:card\" content=\"summary_large_image\" \/>\n<meta name=\"twitter:title\" content=\"Plugga Estetik och media i Johanneberg - NTI Gymnasiet\" \/>\n<meta name=\"twitter:description\" content=\"P\u00e5 designprogrammet f\u00e5r du l\u00e4ra dig hur du kommunicerar i bild, text och form medan du tr\u00e4nas i att anv\u00e4nda digitala verktyg.\" \/>\n<meta name=\"twitter:image\" content=\"https:\/\/ntigymnasiet.se\/wp-content\/uploads\/sites\/6\/2023\/05\/nti-designprogram-estet-estetik-och-media-1200x630.jpg\" \/>\n<meta name=\"twitter:label1\" content=\"Est. reading time\" \/>\n\t<meta name=\"twitter:data1\" content=\"4 minuter\" \/>\n<script type=\"application\/ld+json\" class=\"yoast-schema-graph\">{\"@context\":\"https:\/\/schema.org\",\"@graph\":[{\"@type\":\"WebPage\",\"@id\":\"https:\/\/ntigymnasiet.se\/johanneberg\/program\/estetiska-programmet\/estetik-och-media\/\",\"url\":\"https:\/\/ntigymnasiet.se\/johanneberg\/program\/estetiska-programmet\/estetik-och-media\/\",\"name\":\"Plugga Estetik och media i Johanneberg - NTI Gymnasiet\",\"isPartOf\":{\"@id\":\"https:\/\/ntigymnasiet.se\/johanneberg\/#website\"},\"datePublished\":\"2023-05-12T12:12:12+00:00\",\"dateModified\":\"2025-11-27T10:11:50+00:00\",\"description\":\"P\u00e5 designprogrammet f\u00e5r du l\u00e4ra dig hur du kommunicerar i bild, text och form medan du tr\u00e4nas i att anv\u00e4nda digitala verktyg.\",\"breadcrumb\":{\"@id\":\"https:\/\/ntigymnasiet.se\/johanneberg\/program\/estetiska-programmet\/estetik-och-media\/#breadcrumb\"},\"inLanguage\":\"sv-SE\",\"potentialAction\":[{\"@type\":\"ReadAction\",\"target\":[\"https:\/\/ntigymnasiet.se\/johanneberg\/program\/estetiska-programmet\/estetik-och-media\/\"]}]},{\"@type\":\"BreadcrumbList\",\"@id\":\"https:\/\/ntigymnasiet.se\/johanneberg\/program\/estetiska-programmet\/estetik-och-media\/#breadcrumb\",\"itemListElement\":[{\"@type\":\"ListItem\",\"position\":1,\"name\":\"Start\",\"item\":\"https:\/\/ntigymnasiet.se\/johanneberg\"},{\"@type\":\"ListItem\",\"position\":2,\"name\":\"V\u00e5ra program\"}]},{\"@type\":\"WebSite\",\"@id\":\"https:\/\/ntigymnasiet.se\/johanneberg\/#website\",\"url\":\"https:\/\/ntigymnasiet.se\/johanneberg\/\",\"name\":\"Johanneberg G\u00f6teborg\",\"description\":\"Just another WordPress site\",\"potentialAction\":[{\"@type\":\"SearchAction\",\"target\":{\"@type\":\"EntryPoint\",\"urlTemplate\":\"https:\/\/ntigymnasiet.se\/johanneberg\/?s={search_term_string}\"},\"query-input\":\"required name=search_term_string\"}],\"inLanguage\":\"sv-SE\"}]}<\/script>\n<!-- \/ Yoast SEO plugin. -->","yoast_head_json":{"title":"Plugga Estetik och media i Johanneberg - NTI Gymnasiet","description":"P\u00e5 designprogrammet f\u00e5r du l\u00e4ra dig hur du kommunicerar i bild, text och form medan du tr\u00e4nas i att anv\u00e4nda digitala verktyg.","robots":{"index":"index","follow":"follow","max-snippet":"max-snippet:-1","max-image-preview":"max-image-preview:large","max-video-preview":"max-video-preview:-1"},"canonical":"https:\/\/ntigymnasiet.se\/johanneberg\/program\/estetiska-programmet\/estetik-och-media\/","og_locale":"sv_SE","og_type":"article","og_title":"Plugga Estetik och media i Johanneberg - NTI Gymnasiet","og_description":"P\u00e5 designprogrammet f\u00e5r du l\u00e4ra dig hur du kommunicerar i bild, text och form medan du tr\u00e4nas i att anv\u00e4nda digitala verktyg.","og_url":"https:\/\/ntigymnasiet.se\/johanneberg\/program\/estetiska-programmet\/estetik-och-media\/","og_site_name":"Johanneberg G\u00f6teborg","article_modified_time":"2025-11-27T10:11:50+00:00","og_image":[{"width":1200,"height":630,"url":"https:\/\/ntigymnasiet.se\/wp-content\/uploads\/sites\/6\/2023\/05\/nti-designprogram-estet-estetik-och-media-1200x630.jpg","type":"image\/jpeg"}],"twitter_card":"summary_large_image","twitter_title":"Plugga Estetik och media i Johanneberg - NTI Gymnasiet","twitter_description":"P\u00e5 designprogrammet f\u00e5r du l\u00e4ra dig hur du kommunicerar i bild, text och form medan du tr\u00e4nas i att anv\u00e4nda digitala verktyg.","twitter_image":"https:\/\/ntigymnasiet.se\/wp-content\/uploads\/sites\/6\/2023\/05\/nti-designprogram-estet-estetik-och-media-1200x630.jpg","twitter_misc":{"Est. reading time":"4 minuter"},"schema":{"@context":"https:\/\/schema.org","@graph":[{"@type":"WebPage","@id":"https:\/\/ntigymnasiet.se\/johanneberg\/program\/estetiska-programmet\/estetik-och-media\/","url":"https:\/\/ntigymnasiet.se\/johanneberg\/program\/estetiska-programmet\/estetik-och-media\/","name":"Plugga Estetik och media i Johanneberg - NTI Gymnasiet","isPartOf":{"@id":"https:\/\/ntigymnasiet.se\/johanneberg\/#website"},"datePublished":"2023-05-12T12:12:12+00:00","dateModified":"2025-11-27T10:11:50+00:00","description":"P\u00e5 designprogrammet f\u00e5r du l\u00e4ra dig hur du kommunicerar i bild, text och form medan du tr\u00e4nas i att anv\u00e4nda digitala verktyg.","breadcrumb":{"@id":"https:\/\/ntigymnasiet.se\/johanneberg\/program\/estetiska-programmet\/estetik-och-media\/#breadcrumb"},"inLanguage":"sv-SE","potentialAction":[{"@type":"ReadAction","target":["https:\/\/ntigymnasiet.se\/johanneberg\/program\/estetiska-programmet\/estetik-och-media\/"]}]},{"@type":"BreadcrumbList","@id":"https:\/\/ntigymnasiet.se\/johanneberg\/program\/estetiska-programmet\/estetik-och-media\/#breadcrumb","itemListElement":[{"@type":"ListItem","position":1,"name":"Start","item":"https:\/\/ntigymnasiet.se\/johanneberg"},{"@type":"ListItem","position":2,"name":"V\u00e5ra program"}]},{"@type":"WebSite","@id":"https:\/\/ntigymnasiet.se\/johanneberg\/#website","url":"https:\/\/ntigymnasiet.se\/johanneberg\/","name":"Johanneberg G\u00f6teborg","description":"Just another WordPress site","potentialAction":[{"@type":"SearchAction","target":{"@type":"EntryPoint","urlTemplate":"https:\/\/ntigymnasiet.se\/johanneberg\/?s={search_term_string}"},"query-input":"required name=search_term_string"}],"inLanguage":"sv-SE"}]}},"_links":{"self":[{"href":"https:\/\/ntigymnasiet.se\/johanneberg\/wp-json\/wp\/v2\/program_orientation\/948"}],"collection":[{"href":"https:\/\/ntigymnasiet.se\/johanneberg\/wp-json\/wp\/v2\/program_orientation"}],"about":[{"href":"https:\/\/ntigymnasiet.se\/johanneberg\/wp-json\/wp\/v2\/types\/program_orientation"}],"version-history":[{"count":10,"href":"https:\/\/ntigymnasiet.se\/johanneberg\/wp-json\/wp\/v2\/program_orientation\/948\/revisions"}],"predecessor-version":[{"id":2418,"href":"https:\/\/ntigymnasiet.se\/johanneberg\/wp-json\/wp\/v2\/program_orientation\/948\/revisions\/2418"}],"up":[{"embeddable":true,"href":"https:\/\/ntigymnasiet.se\/johanneberg\/wp-json\/wp\/v2\/program_orientation\/947"}],"wp:featuredmedia":[{"embeddable":true,"href":"https:\/\/ntigymnasiet.se\/johanneberg\/wp-json\/wp\/v2\/media\/960"}],"wp:attachment":[{"href":"https:\/\/ntigymnasiet.se\/johanneberg\/wp-json\/wp\/v2\/media?parent=948"}],"curies":[{"name":"wp","href":"https:\/\/api.w.org\/{rel}","templated":true}]}}