{"id":1434,"date":"2024-07-01T14:55:06","date_gmt":"2024-07-01T12:55:06","guid":{"rendered":"https:\/\/ntigymnasiet.se\/lulea\/?page_id=1434"},"modified":"2024-07-08T09:23:31","modified_gmt":"2024-07-08T07:23:31","slug":"skolstart","status":"publish","type":"page","link":"https:\/\/ntigymnasiet.se\/lulea\/var-skola\/skolstart\/","title":{"rendered":"Skolstart"},"content":{"rendered":"\n\n<section  class=\"ams-cta ams-cta--stacked c-block l-stacked\" data-color-scheme=\"usp-gra-bakgrund\">\n\t<div class=\"l-container l-stack l-stack-fluid-2xl u-pt-fluid-3xl-6xl u-pb-fluid-3xl-6xl is-center is-center@md\">\n\t\t\t\t\t<div class=\"ams-cta__intro l-stack l-stack-lg\">\n\t\t\t\t\t\n\t<h2\n\tclass=\"c-heading u-font-title-1 \"\n\tstyle=\"\">\n\t\t\n\t\t\t\t\tSkolstart 2024 \u2013 \u00e5k 1\n\t\t\t\t\n\t<\/h2>\n\n\t\t\t\t\t\t\t\t\t<div class=\"c-text l-stack u-cs-xl u-font-body\">\n\t\t\t\t\t\t<p class=\"s13\"><span class=\"s12\">\u00c4ntligen skolstart! <\/span><span class=\"s12\">Du som b\u00f6rjar \u00e5k 1 \u2013 du har nu tagit ett stort steg mot en utbildning f\u00f6r framtiden och vi ser fram emot att f\u00e5 tr\u00e4ffa dig och tillsammans p\u00e5b\u00f6rja tre fantastiska \u00e5r! Under den f\u00f6rsta skolveckan kommer du att f\u00e5 introduceras till v\u00e5ra rutiner och v\u00e5r skolkultur h\u00e4r p\u00e5 NTI. Du kommer att f\u00e5 tr\u00e4ffa alla l\u00e4rare s\u00e5v\u00e4l som dina nya klasskamrater! Vi hoppas att du kommer att finna dig <\/span><span class=\"s12\">tillr\u00e4tta<\/span><span class=\"s12\"> p\u00e5 v\u00e5r skola och skapa kontakter med elever fr\u00e5n alla \u00e5rskurser. <\/span><span class=\"s12\"><br \/>\n<\/span><span class=\"s12\"><br \/>\n<\/span><strong><span class=\"s14\">Vi startar p\u00e5 tisdag den 20\/8 klockan 12:00 i elevfiket p\u00e5 v\u00e5ning 2. <\/span><\/strong><span class=\"s14\"><br \/>\n<\/span><span class=\"s12\">F\u00f6rsta dagen kommer att inneh\u00e5lla en hel del information, du kommer att f\u00e5 l\u00e4ra k\u00e4nna dina l\u00e4rare och dina nya klasskamrater. Sedan kommer du under dagarna fram\u00f6ver f\u00e5 en djupare introduktion av b\u00e5de teknik och l\u00e4romedel som vi anv\u00e4nder. Vill du boka ett skolstartsm\u00f6te v\u00e4nligen kontakta v\u00e5r specialpedagog Anna <\/span><span class=\"s12\">Edeblom<\/span> <a href=\"mailto:anna.edeblom@ga.ntig.se\"><span class=\"s15\">anna.edeblom@ga.ntig.se<\/span><\/a><span class=\"s12\"> \u00a0f\u00f6r att boka in m\u00f6te tillsammans med blivande mentor.<\/span><\/p>\n<p><span class=\"s12\">V\u00e4lkommen till NTI gymnasiet!<\/span><span class=\"s12\"><br \/>\n<\/span><span class=\"s12\">\/Charlotte <\/span><span class=\"s12\">Pittja<\/span><span class=\"s12\"> (rektor) &amp; Britta Hermansson (bitr. rektor)<\/span><\/p>\n<p class=\"s13\"><a href=\"mailto:charlotte.pittja@ntig.se\"><span class=\"s15\">charlotte.pittja@ntig.se<\/span><\/a><span class=\"s12\"><br \/>\n<\/span><a href=\"mailto:britta.hermansson@ntig.se\"><span class=\"s15\">britta.hermansson@ntig.se<\/span><\/a><\/p>\n<hr \/>\n<h2><\/h2>\n<h2>Schema f\u00f6r de f\u00f6rsta skoldagarna (\u00e5k 1)<\/h2>\n<h3><\/h3>\n<h3><strong><span class=\"s18\">Tisdag 20\/8, 12:00- ca 14:00<\/span><\/strong>\u200b<\/h3>\n<p><span class=\"s19\">12:00<\/span>\u200b<em>:<\/em> Samling<span class=\"s19\"> i elevutrymmet p\u00e5 v\u00e5n 2. F\u00f6lj skyltarna. <\/span><\/p>\n<p><span class=\"s19\">\u2013 Presentation av l\u00e4rare och personal p\u00e5 skolan<\/span><span class=\"s19\"><br \/>\n<\/span>\u200b\u200b\u200b\u2013 <span class=\"s19\">Allm\u00e4n information om <\/span><span class=\"s19\">skolan,busskort<\/span><span class=\"s19\">, <\/span><span class=\"s19\">matkort<\/span><span class=\"s19\">, sk\u00e5p, taggar, <\/span><span class=\"s19\">etc<\/span><span class=\"s19\"><br \/>\n<\/span>\u200b\u200b\u200b\u2013 <span class=\"s19\">Fotografering (bilderna anv\u00e4nds av l\u00e4rarna) <\/span><span class=\"s19\"><br \/>\n<\/span>\u200b\u200b\u200b\u2013 <span class=\"s19\">L\u00e4ra-k\u00e4nna-\u00f6vningar<\/span><span class=\"s19\"><br \/>\n<\/span>\u200b\u2013 <span class=\"s19\">Elevhandboken + blanketter som ska skrivas under av f\u00f6r\u00e4ldrar.<\/span><\/p>\n<h3 class=\"s13\"><strong><span class=\"s18\">Onsdag 21\/<\/span><span class=\"s18\">8, \u00a08<\/span><span class=\"s18\">:30 &#8211; ca 14:00<\/span><span class=\"s19\"> \u00a0<\/span><\/strong><\/h3>\n<p class=\"s13\"><span class=\"s19\">8:30<\/span>\u200b: Samling<span class=\"s19\">\u00a0i<\/span><span class=\"s19\"> ditt hemklassrum<br \/>\n<\/span><span class=\"s19\">9:00<\/span>\u200b: P<span class=\"s19\">raktisk workshop med eleverna fr\u00e5n \u00e5k 2 (TE, EE)<\/span><span class=\"s19\"><br \/>\n<\/span>\u200b\u200b<span class=\"s19\">Konst-\/fotoworkshop med elever fr\u00e5n \u00e5k 2 (ES)<br \/>\n<\/span><span class=\"s19\">11.00: Lunch <\/span><span class=\"s19\">p\u00e5 L\u00e4nsstyrelsen med mentorer<br \/>\n<\/span><span class=\"s19\">12:00<\/span>\u200b: <span class=\"s19\">Rundvandring p\u00e5 stan med mentorer och andra mentorsaktiviteter<br \/>\n<\/span><span class=\"s19\">14:00 (ca) <\/span>\u200b<span class=\"s19\">Avslutning p\u00e5 dagen<\/span><\/p>\n<h3 class=\"s13\"><span class=\"s18\">Torsdag 22\/<\/span><span class=\"s18\">8: NTI-dagen p\u00e5 <span class=\"s19\">G\u00fcltzauudden<\/span><\/span><span class=\"s18\">\u00a0\u00a0<\/span><\/h3>\n<p class=\"s13\"><span class=\"s19\">(Arrang\u00f6r: eleverna i \u00e5k 3!) <\/span><span class=\"s18\"><br \/>\n<\/span><span class=\"s18\"><br \/>\n<\/span><span class=\"s19\">9:30 <\/span>\u200b<span class=\"s19\">SAMLING i hemklassrummet <\/span>\u200b\u200b<span class=\"s19\"><br \/>\n<\/span>\u200b\u200b<span class=\"s19\">Gemensam aktivitetsdag med klurigheter och stationer<br \/>\n<\/span>ca. 13.00: Avslutning p\u00e5 dagen\u200b<\/p>\n<h3 class=\"s22\"><span class=\"s18\">Fredag 23\/<\/span><span class=\"s18\">8: Lektioner<\/span><span class=\"s18\"> enligt schema \u00a0<\/span><\/h3>\n<p>&nbsp;<\/p>\n<hr \/>\n<h1><\/h1>\n<h1>Skolstart 2024 \u2013 \u00e5k 2 och 3<\/h1>\n<p>V\u00e4lkommen tillbaka till skolan! Vi startar tisdag 20 augusti kl. 9:00. Samling i hemklassrummen.<\/p>\n\n\t\t\t\t\t<\/div>\n\t\t\t\t\t\t\t<\/div>\n\t\t\n\t\t\n\t\t\t<\/div>\n\n\t\t\n\t\t\t\n\t\t\t\t\t\t\t\n\t\t\t\t<div class=\"c-bg c-bg--img\" data-settings=\"{&quot;desktop_settings&quot;:{&quot;size&quot;:&quot;cover&quot;,&quot;position&quot;:&quot;middle-center&quot;},&quot;mobile_settings&quot;:{&quot;size&quot;:&quot;cover&quot;,&quot;position&quot;:&quot;middle-center&quot;}}\" data-position=\"middle-center\" data-size=\"cover\">\n\t\t\t\n\t\t<\/div>\n\t\n<\/section>\n","protected":false},"excerpt":{"rendered":"","protected":false},"author":1,"featured_media":0,"parent":191,"menu_order":0,"comment_status":"closed","ping_status":"closed","template":"","meta":{"footnotes":""},"yoast_head":"<!-- This site is optimized with the Yoast SEO plugin v22.0 - https:\/\/yoast.com\/wordpress\/plugins\/seo\/ -->\n<title>Skolstart - NTI Gymnasiet Lule\u00e5<\/title>\n<meta name=\"description\" content=\"H\u00e4r hittar du information om skolstart f\u00f6r \u00e5rskurs 1, 2 och 3 h\u00f6sten 2024. V\u00e4lkommen tillbaka alla nya och gamla elever!\" \/>\n<meta name=\"robots\" content=\"index, follow, max-snippet:-1, max-image-preview:large, max-video-preview:-1\" \/>\n<link rel=\"canonical\" href=\"https:\/\/ntigymnasiet.se\/lulea\/var-skola\/skolstart\/\" \/>\n<meta property=\"og:locale\" content=\"sv_SE\" \/>\n<meta property=\"og:type\" content=\"article\" \/>\n<meta property=\"og:title\" content=\"Skolstart - NTI Gymnasiet Lule\u00e5\" \/>\n<meta property=\"og:description\" content=\"H\u00e4r hittar du information om skolstart f\u00f6r \u00e5rskurs 1, 2 och 3 h\u00f6sten 2024. V\u00e4lkommen tillbaka alla nya och gamla elever!\" \/>\n<meta property=\"og:url\" content=\"https:\/\/ntigymnasiet.se\/lulea\/var-skola\/skolstart\/\" \/>\n<meta property=\"og:site_name\" content=\"Lule\u00e5\" \/>\n<meta property=\"article:modified_time\" content=\"2024-07-08T07:23:31+00:00\" \/>\n<meta name=\"twitter:card\" content=\"summary_large_image\" \/>\n<meta name=\"twitter:title\" content=\"Skolstart - NTI Gymnasiet Lule\u00e5\" \/>\n<meta name=\"twitter:description\" content=\"H\u00e4r hittar du information om skolstart f\u00f6r \u00e5rskurs 1, 2 och 3 h\u00f6sten 2024. V\u00e4lkommen tillbaka alla nya och gamla elever!\" \/>\n<meta name=\"twitter:label1\" content=\"Est. reading time\" \/>\n\t<meta name=\"twitter:data1\" content=\"2 minuter\" \/>\n<script type=\"application\/ld+json\" class=\"yoast-schema-graph\">{\"@context\":\"https:\/\/schema.org\",\"@graph\":[{\"@type\":\"WebPage\",\"@id\":\"https:\/\/ntigymnasiet.se\/lulea\/var-skola\/skolstart\/\",\"url\":\"https:\/\/ntigymnasiet.se\/lulea\/var-skola\/skolstart\/\",\"name\":\"Skolstart - NTI Gymnasiet Lule\u00e5\",\"isPartOf\":{\"@id\":\"https:\/\/ntigymnasiet.se\/lulea\/#website\"},\"datePublished\":\"2024-07-01T12:55:06+00:00\",\"dateModified\":\"2024-07-08T07:23:31+00:00\",\"description\":\"H\u00e4r hittar du information om skolstart f\u00f6r \u00e5rskurs 1, 2 och 3 h\u00f6sten 2024. V\u00e4lkommen tillbaka alla nya och gamla elever!\",\"breadcrumb\":{\"@id\":\"https:\/\/ntigymnasiet.se\/lulea\/var-skola\/skolstart\/#breadcrumb\"},\"inLanguage\":\"sv-SE\",\"potentialAction\":[{\"@type\":\"ReadAction\",\"target\":[\"https:\/\/ntigymnasiet.se\/lulea\/var-skola\/skolstart\/\"]}]},{\"@type\":\"BreadcrumbList\",\"@id\":\"https:\/\/ntigymnasiet.se\/lulea\/var-skola\/skolstart\/#breadcrumb\",\"itemListElement\":[{\"@type\":\"ListItem\",\"position\":1,\"name\":\"Start\",\"item\":\"https:\/\/ntigymnasiet.se\/lulea\/\"},{\"@type\":\"ListItem\",\"position\":2,\"name\":\"V\u00e5r skola\",\"item\":\"https:\/\/ntigymnasiet.se\/lulea\/var-skola\/\"},{\"@type\":\"ListItem\",\"position\":3,\"name\":\"Skolstart\"}]},{\"@type\":\"WebSite\",\"@id\":\"https:\/\/ntigymnasiet.se\/lulea\/#website\",\"url\":\"https:\/\/ntigymnasiet.se\/lulea\/\",\"name\":\"Lule\u00e5\",\"description\":\"Just another WordPress site\",\"potentialAction\":[{\"@type\":\"SearchAction\",\"target\":{\"@type\":\"EntryPoint\",\"urlTemplate\":\"https:\/\/ntigymnasiet.se\/lulea\/?s={search_term_string}\"},\"query-input\":\"required name=search_term_string\"}],\"inLanguage\":\"sv-SE\"}]}<\/script>\n<!-- \/ Yoast SEO plugin. -->","yoast_head_json":{"title":"Skolstart - NTI Gymnasiet Lule\u00e5","description":"H\u00e4r hittar du information om skolstart f\u00f6r \u00e5rskurs 1, 2 och 3 h\u00f6sten 2024. V\u00e4lkommen tillbaka alla nya och gamla elever!","robots":{"index":"index","follow":"follow","max-snippet":"max-snippet:-1","max-image-preview":"max-image-preview:large","max-video-preview":"max-video-preview:-1"},"canonical":"https:\/\/ntigymnasiet.se\/lulea\/var-skola\/skolstart\/","og_locale":"sv_SE","og_type":"article","og_title":"Skolstart - NTI Gymnasiet Lule\u00e5","og_description":"H\u00e4r hittar du information om skolstart f\u00f6r \u00e5rskurs 1, 2 och 3 h\u00f6sten 2024. V\u00e4lkommen tillbaka alla nya och gamla elever!","og_url":"https:\/\/ntigymnasiet.se\/lulea\/var-skola\/skolstart\/","og_site_name":"Lule\u00e5","article_modified_time":"2024-07-08T07:23:31+00:00","twitter_card":"summary_large_image","twitter_title":"Skolstart - NTI Gymnasiet Lule\u00e5","twitter_description":"H\u00e4r hittar du information om skolstart f\u00f6r \u00e5rskurs 1, 2 och 3 h\u00f6sten 2024. V\u00e4lkommen tillbaka alla nya och gamla elever!","twitter_misc":{"Est. reading time":"2 minuter"},"schema":{"@context":"https:\/\/schema.org","@graph":[{"@type":"WebPage","@id":"https:\/\/ntigymnasiet.se\/lulea\/var-skola\/skolstart\/","url":"https:\/\/ntigymnasiet.se\/lulea\/var-skola\/skolstart\/","name":"Skolstart - NTI Gymnasiet Lule\u00e5","isPartOf":{"@id":"https:\/\/ntigymnasiet.se\/lulea\/#website"},"datePublished":"2024-07-01T12:55:06+00:00","dateModified":"2024-07-08T07:23:31+00:00","description":"H\u00e4r hittar du information om skolstart f\u00f6r \u00e5rskurs 1, 2 och 3 h\u00f6sten 2024. V\u00e4lkommen tillbaka alla nya och gamla elever!","breadcrumb":{"@id":"https:\/\/ntigymnasiet.se\/lulea\/var-skola\/skolstart\/#breadcrumb"},"inLanguage":"sv-SE","potentialAction":[{"@type":"ReadAction","target":["https:\/\/ntigymnasiet.se\/lulea\/var-skola\/skolstart\/"]}]},{"@type":"BreadcrumbList","@id":"https:\/\/ntigymnasiet.se\/lulea\/var-skola\/skolstart\/#breadcrumb","itemListElement":[{"@type":"ListItem","position":1,"name":"Start","item":"https:\/\/ntigymnasiet.se\/lulea\/"},{"@type":"ListItem","position":2,"name":"V\u00e5r skola","item":"https:\/\/ntigymnasiet.se\/lulea\/var-skola\/"},{"@type":"ListItem","position":3,"name":"Skolstart"}]},{"@type":"WebSite","@id":"https:\/\/ntigymnasiet.se\/lulea\/#website","url":"https:\/\/ntigymnasiet.se\/lulea\/","name":"Lule\u00e5","description":"Just another WordPress site","potentialAction":[{"@type":"SearchAction","target":{"@type":"EntryPoint","urlTemplate":"https:\/\/ntigymnasiet.se\/lulea\/?s={search_term_string}"},"query-input":"required name=search_term_string"}],"inLanguage":"sv-SE"}]}},"_links":{"self":[{"href":"https:\/\/ntigymnasiet.se\/lulea\/wp-json\/wp\/v2\/pages\/1434"}],"collection":[{"href":"https:\/\/ntigymnasiet.se\/lulea\/wp-json\/wp\/v2\/pages"}],"about":[{"href":"https:\/\/ntigymnasiet.se\/lulea\/wp-json\/wp\/v2\/types\/page"}],"author":[{"embeddable":true,"href":"https:\/\/ntigymnasiet.se\/lulea\/wp-json\/wp\/v2\/users\/1"}],"replies":[{"embeddable":true,"href":"https:\/\/ntigymnasiet.se\/lulea\/wp-json\/wp\/v2\/comments?post=1434"}],"version-history":[{"count":11,"href":"https:\/\/ntigymnasiet.se\/lulea\/wp-json\/wp\/v2\/pages\/1434\/revisions"}],"predecessor-version":[{"id":1461,"href":"https:\/\/ntigymnasiet.se\/lulea\/wp-json\/wp\/v2\/pages\/1434\/revisions\/1461"}],"up":[{"embeddable":true,"href":"https:\/\/ntigymnasiet.se\/lulea\/wp-json\/wp\/v2\/pages\/191"}],"wp:attachment":[{"href":"https:\/\/ntigymnasiet.se\/lulea\/wp-json\/wp\/v2\/media?parent=1434"}],"curies":[{"name":"wp","href":"https:\/\/api.w.org\/{rel}","templated":true}]}}