{"id":195,"date":"2023-03-31T16:51:39","date_gmt":"2023-03-31T14:51:39","guid":{"rendered":"https:\/\/ntigymnasiet.se\/lulea\/?page_id=195"},"modified":"2026-07-06T15:27:20","modified_gmt":"2026-07-06T13:27:20","slug":"elevhalsa","status":"publish","type":"page","link":"https:\/\/ntigymnasiet.se\/lulea\/var-skola\/elevhalsa\/","title":{"rendered":"Elevh\u00e4lsa"},"content":{"rendered":"\n\t\n\t\n\t\n\t\n\t\n\t\n\t\t\n\t\t\n<section  class=\"ams-hero ams-hero--fifty ams-hero--75 ams-hero--container c-block l-stacked  \" data-color-scheme=\"standard_morkbla-bakgrund\">\n\t<div class=\"ams-hero__container media-right media-bottom l-container u-pt-fluid-3xl-6xl u-pb-fluid-3xl-6xl\">\n\t\t<div class=\"ams-hero__content l-stack l-stack-xl is-left is-left@lg\">\n\t\t\t<div class=\"l-stack l-stack-lg\">\n\t\t\t\t\t\n\t<h1\n\tclass=\"c-heading u-font-title-1 \"\n\tstyle=\"\">\n\t\t\n\t\t\t\t\tElevh\u00e4lsa\n\t\t\t\t\n\t<\/h1>\n\n\t\t\t\t\t\t\t\t\t<div class=\"text l-stack u-font-body\">\n\t\t\t\t\t\t<p>V\u00e5rt professionella elevh\u00e4lsoteam arbetar med att st\u00f6tta eleverna i sin utveckling mot utbildningens m\u00e5l. Vi tr\u00e4ffas en g\u00e5ng per vecka f\u00f6r att tidigt f\u00e5nga upp elever i behov av st\u00f6d\u00e5tg\u00e4rder fr\u00e5n skolan och vi har ett n\u00e4ra samarbete med l\u00e4rarna p\u00e5 skolan. I teamet ing\u00e5r rektor, specialpedagog, kurator, skolsk\u00f6terska och studie- och yrkesv\u00e4gledare. Vi har ocks\u00e5 ett l\u00e5ngsiktigt samarbete med skolpsykolog och skoll\u00e4kare.<\/p>\n\n\t\t\t\t\t<\/div>\n\t\t\t\t\t\t\t<\/div>\n\n\t\t\t\t\t<\/div>\n\t\t<div class=\"ams-hero__media u-ratio-square \">\n\n\t\t\t\t\t\t\t\t\t\t\t\t<img decoding=\"async\" width=\"600\" height=\"600\" src=\"https:\/\/ntigymnasiet.se\/wp-content\/uploads\/sites\/10\/2026\/07\/ntigbghandels202605webballmanyta0462-600x600.jpeg\" class=\"attachment-md size-md\" alt=\"Tv\u00e5 glada elever som pluggar tillsammans i skolans lokaler.\" sizes=\"(min-width: 64em) 600px, calc(100vw - 160px)\" srcset=\"https:\/\/ntigymnasiet.se\/wp-content\/uploads\/sites\/10\/2026\/07\/ntigbghandels202605webballmanyta0462-600x600.jpeg 600w, https:\/\/ntigymnasiet.se\/wp-content\/uploads\/sites\/10\/2026\/07\/ntigbghandels202605webballmanyta0462-150x150.jpeg 150w, https:\/\/ntigymnasiet.se\/wp-content\/uploads\/sites\/10\/2026\/07\/ntigbghandels202605webballmanyta0462-300x300.jpeg 300w, https:\/\/ntigymnasiet.se\/wp-content\/uploads\/sites\/10\/2026\/07\/ntigbghandels202605webballmanyta0462-400x400.jpeg 400w, https:\/\/ntigymnasiet.se\/wp-content\/uploads\/sites\/10\/2026\/07\/ntigbghandels202605webballmanyta0462-800x800.jpeg 800w, https:\/\/ntigymnasiet.se\/wp-content\/uploads\/sites\/10\/2026\/07\/ntigbghandels202605webballmanyta0462-1024x1024.jpeg 1024w, https:\/\/ntigymnasiet.se\/wp-content\/uploads\/sites\/10\/2026\/07\/ntigbghandels202605webballmanyta0462.jpeg 1200w\" \/>\n\t\t\t\t\t\t\t\n\t\t\t\n\t\t\t\t\t<\/div>\n\t<\/div>\n\n\t\n\t\t\t\n\t\t\t\t\t\t\t\n\t\t\t\t<div class=\"c-bg c-bg--img\" data-settings=\"{&quot;desktop_settings&quot;:{&quot;size&quot;:&quot;cover&quot;,&quot;position&quot;:&quot;middle-center&quot;},&quot;mobile_settings&quot;:{&quot;size&quot;:&quot;cover&quot;,&quot;position&quot;:&quot;middle-center&quot;}}\" data-position=\"middle-center\" data-size=\"cover\">\n\t\t\t\n\t\t<\/div>\n\t\n<\/section>\n\n\n\n<section \n\t\t class=\"\n\t\t ams-contact\n\t\t \n\t\t c-block l-stacked\n\t\t \n\t\t \n\t\t js-load-more\n\t\t \"\n\t\t data-color-scheme=\"standard_morkbeige-bakgrund\"\n\t\t\t\t\tdata-count=\"3\"\n\t\t\t\t\t\t\tdata-count-mobile=\"2\"\n\t\t\t\t>\n\t<div\n\t\t class=\"\n\t\t l-container\n\t\t l-stack l-stack-fluid-2xl\n\t\t u-pt-fluid-3xl-6xl\n\t\t u-pb-fluid-3xl-6xl\n\t\t is-center\n\t\t is-center@md\n\t\t \">\n\t\t\t\t\t<div class=\"ams-contact__intro l-stack l-stack-lg\">\n\t\t\t\t\t\n\t<h2\n\tclass=\"c-heading u-font-title-1 \"\n\tstyle=\"\">\n\t\t\n\t\t\t\t\tKontakta elevh\u00e4lsan\n\t\t\t\t\n\t<\/h2>\n\n\t\t\t\t\t\t\t\t\t<div class=\"c-text l-stack u-cs-xl u-font-body\">\n\t\t\t\t\t\t<p>H\u00f6r av dig till oss i elevh\u00e4lsan om du har n\u00e5gra fr\u00e5gor.<\/p>\n\n\t\t\t\t\t<\/div>\n\t\t\t\t\t\t\t<\/div>\n\t\t\n\t\t\n\t\t    \t\n\t\t\n\t\t<ul\n\t\t\tid=\"contact-grid-6a9d325ea93fe\"\n\t\t\tclass=\"ams-contact__list l-grid u-gap-fluid-2xl-4xl u-justify-center js-results \"\n\t\t\taria-label=\"Kontakter\"\n\t\t\tdata-filter-animation=\"off\"\n\t\t\t>\n\t\t\t\t\t\t\t\t\t\t\t\n\t\t\t\t\n\t\t\t\t<li class=\"l-col-6@md l-col-4@lg \" data-filter=\"elevhalsa\">\n\t\t\t\t\t<article class=\"c-card \" data-variant=\"neutral\">\n\t\t\t\t\t\t<div class=\"c-card__content u-text-center\">\n\t\t\t\t\t\t\t\t\t\t\t\t\t\t\t<h3 class=\"c-card__title u-font-title-3\">\n\t\t\t\t\t\t\t\t\tFrej Stansvik\n\t\t\t\t\t\t\t\t<\/h3>\n\t\t\t\t\t\t\t\n\t\t\t\t\t\t\t\t\t\t\t\t\t\t\t<p class=\"position u-font-body\">Skolpsykolog<\/p>\n\t\t\t\t\t\t\t\n\t\t\t\t\t\t\t\t\t\t\t\t\t\t\t<div class=\"contact-info u-font-body\">\n\t\t\t\t\t\t\t\t\t\n\t\t\t\t\t\t\t\t\t\t\t\t\t\t\t\t\t\t\t\t\t\t\t\t\t\t\t\t\t\t<p class=\"email\"><a\n\t\t\t\t\t\t\t\t\t\t\t\t\thref=\"&#109;ailto:&#102;&#114;ej.st&#097;&#110;&#115;vik&#064;&#097;&#099;a&#100;&#101;&#109;edi&#097;&#046;&#115;&#101;\"\n\t\t\t\t\t\t\t\t\t\t\t\t\tclass=\"u-text-link\">&#102;&#114;&#101;&#106;.&#115;&#116;&#097;nsv&#105;&#107;&#064;aca&#100;&#101;me&#100;ia.s&#101;<\/a>\n\t\t\t\t\t\t\t\t\t\t\t<\/p>\n\t\t\t\t\t\t\t\t\t\t\t\t\t\t\t\t\t\t\t\t\t\t\t\t\t\t\t<\/div>\n\t\t\t\t\t\t\t\n\t\t\t\t\t\t\t\t\t\t\t\t\t<\/div>\n\t\t\t\t\t\t<div class=\"c-card__media\">\n\t\t\t\t\t\t\t<img decoding=\"async\" width=\"400\" height=\"400\" src=\"https:\/\/ntigymnasiet.se\/wp-content\/uploads\/2026\/07\/nticirkelpersonal-placeholder400x4001.png\" class=\"u-radius-round u-ratio-landscape\" alt=\"Bl\u00e5 kontaktikon.\" sizes=\"(max-width: 300px) 100vw, 300px\" srcset=\"https:\/\/ntigymnasiet.se\/wp-content\/uploads\/2026\/07\/nticirkelpersonal-placeholder400x4001.png 400w, https:\/\/ntigymnasiet.se\/wp-content\/uploads\/2026\/07\/nticirkelpersonal-placeholder400x4001-150x150.png 150w, https:\/\/ntigymnasiet.se\/wp-content\/uploads\/2026\/07\/nticirkelpersonal-placeholder400x4001-300x300.png 300w\" \/>\n\t\t\t\t\t\t<\/div>\n\t\t\t\t\t<\/article>\n\t\t\t\t<\/li>\n\t\t\t\t\t\t\t\t\t\t\t\n\t\t\t\t\n\t\t\t\t<li class=\"l-col-6@md l-col-4@lg \" data-filter=\"elevhalsa\">\n\t\t\t\t\t<article class=\"c-card \" data-variant=\"neutral\">\n\t\t\t\t\t\t<div class=\"c-card__content u-text-center\">\n\t\t\t\t\t\t\t\t\t\t\t\t\t\t\t<h3 class=\"c-card__title u-font-title-3\">\n\t\t\t\t\t\t\t\t\tIda Kleber\n\t\t\t\t\t\t\t\t<\/h3>\n\t\t\t\t\t\t\t\n\t\t\t\t\t\t\t\t\t\t\t\t\t\t\t<p class=\"position u-font-body\">Studie- och yrkesv\u00e4gledare <\/p>\n\t\t\t\t\t\t\t\n\t\t\t\t\t\t\t\t\t\t\t\t\t\t\t<div class=\"contact-info u-font-body\">\n\t\t\t\t\t\t\t\t\t\t\t\t\t\t\t\t\t\t\t\t\t\t\t\t\t\t\t\t\t\t<p class=\"phone\"><a\n\t\t\t\t\t\t\t\t\t\t\t\t\thref=\"tel:0722323092\"\n\t\t\t\t\t\t\t\t\t\t\t\t\tclass=\"u-text-link\">072-232 30 92<\/a>\n\t\t\t\t\t\t\t\t\t\t\t<\/p>\n\t\t\t\t\t\t\t\t\t\t\t\t\t\t\t\t\t\t\t\n\t\t\t\t\t\t\t\t\t\t\t\t\t\t\t\t\t\t\t\t\t\t\t\t\t\t\t\t\t\t<p class=\"email\"><a\n\t\t\t\t\t\t\t\t\t\t\t\t\thref=\"&#109;a&#105;&#108;t&#111;&#058;id&#097;&#046;&#107;&#108;&#101;be&#114;&#064;ac&#097;dem&#101;dia&#046;&#115;&#101;\"\n\t\t\t\t\t\t\t\t\t\t\t\t\tclass=\"u-text-link\">i&#100;a&#046;k&#108;eber&#064;&#097;c&#097;d&#101;&#109;&#101;di&#097;&#046;&#115;e<\/a>\n\t\t\t\t\t\t\t\t\t\t\t<\/p>\n\t\t\t\t\t\t\t\t\t\t\t\t\t\t\t\t\t\t\t\t\t\t\t\t\t\t\t<\/div>\n\t\t\t\t\t\t\t\n\t\t\t\t\t\t\t\t\t\t\t\t\t<\/div>\n\t\t\t\t\t\t<div class=\"c-card__media\">\n\t\t\t\t\t\t\t<img decoding=\"async\" width=\"400\" height=\"343\" src=\"https:\/\/ntigymnasiet.se\/wp-content\/uploads\/sites\/10\/2024\/08\/portrattbild-svartvit-2-400x343.jpg\" class=\"u-radius-round u-ratio-landscape\" alt=\"\" sizes=\"(max-width: 300px) 100vw, 300px\" srcset=\"https:\/\/ntigymnasiet.se\/wp-content\/uploads\/sites\/10\/2024\/08\/portrattbild-svartvit-2-400x343.jpg 400w, https:\/\/ntigymnasiet.se\/wp-content\/uploads\/sites\/10\/2024\/08\/portrattbild-svartvit-2-300x257.jpg 300w, https:\/\/ntigymnasiet.se\/wp-content\/uploads\/sites\/10\/2024\/08\/portrattbild-svartvit-2-600x514.jpg 600w, https:\/\/ntigymnasiet.se\/wp-content\/uploads\/sites\/10\/2024\/08\/portrattbild-svartvit-2-800x685.jpg 800w, https:\/\/ntigymnasiet.se\/wp-content\/uploads\/sites\/10\/2024\/08\/portrattbild-svartvit-2-1024x877.jpg 1024w, https:\/\/ntigymnasiet.se\/wp-content\/uploads\/sites\/10\/2024\/08\/portrattbild-svartvit-2-1200x1028.jpg 1200w\" \/>\n\t\t\t\t\t\t<\/div>\n\t\t\t\t\t<\/article>\n\t\t\t\t<\/li>\n\t\t\t\t\t\t\t\t\t\t\t\n\t\t\t\t\n\t\t\t\t<li class=\"l-col-6@md l-col-4@lg \" data-filter=\"elevhalsa\">\n\t\t\t\t\t<article class=\"c-card \" data-variant=\"neutral\">\n\t\t\t\t\t\t<div class=\"c-card__content u-text-center\">\n\t\t\t\t\t\t\t\t\t\t\t\t\t\t\t<h3 class=\"c-card__title u-font-title-3\">\n\t\t\t\t\t\t\t\t\tLotta Aurell\n\t\t\t\t\t\t\t\t<\/h3>\n\t\t\t\t\t\t\t\n\t\t\t\t\t\t\t\t\t\t\t\t\t\t\t<p class=\"position u-font-body\">Specialpedagog, Specialll\u00e4rare<\/p>\n\t\t\t\t\t\t\t\n\t\t\t\t\t\t\t\t\t\t\t\t\t\t\t<div class=\"contact-info u-font-body\">\n\t\t\t\t\t\t\t\t\t\n\t\t\t\t\t\t\t\t\t\t\t\t\t\t\t\t\t\t\t\t\t\t\t\t\t\t\t\t\t\t<p class=\"email\"><a\n\t\t\t\t\t\t\t\t\t\t\t\t\thref=\"&#109;ai&#108;&#116;&#111;&#058;&#108;&#111;t&#116;&#097;&#103;u&#110;il&#108;a&#115;igne-.au&#114;ell&#064;ga&#046;nt&#105;&#103;&#046;&#115;&#101;\"\n\t\t\t\t\t\t\t\t\t\t\t\t\tclass=\"u-text-link\">&#108;&#111;&#116;&#116;&#097;&#103;&#117;&#110;&#105;ll&#097;si&#103;&#110;e&#045;&#046;au&#114;ell&#064;&#103;&#097;&#046;&#110;&#116;i&#103;&#046;&#115;&#101;<\/a>\n\t\t\t\t\t\t\t\t\t\t\t<\/p>\n\t\t\t\t\t\t\t\t\t\t\t\t\t\t\t\t\t\t\t\t\t\t\t\t\t\t\t<\/div>\n\t\t\t\t\t\t\t\n\t\t\t\t\t\t\t\t\t\t\t\t\t<\/div>\n\t\t\t\t\t\t<div class=\"c-card__media\">\n\t\t\t\t\t\t\t<img decoding=\"async\" width=\"400\" height=\"400\" src=\"https:\/\/ntigymnasiet.se\/wp-content\/uploads\/2026\/07\/nticirkelpersonal-placeholder400x4001.png\" class=\"u-radius-round u-ratio-landscape\" alt=\"Bl\u00e5 kontaktikon.\" sizes=\"(max-width: 300px) 100vw, 300px\" srcset=\"https:\/\/ntigymnasiet.se\/wp-content\/uploads\/2026\/07\/nticirkelpersonal-placeholder400x4001.png 400w, https:\/\/ntigymnasiet.se\/wp-content\/uploads\/2026\/07\/nticirkelpersonal-placeholder400x4001-150x150.png 150w, https:\/\/ntigymnasiet.se\/wp-content\/uploads\/2026\/07\/nticirkelpersonal-placeholder400x4001-300x300.png 300w\" \/>\n\t\t\t\t\t\t<\/div>\n\t\t\t\t\t<\/article>\n\t\t\t\t<\/li>\n\t\t\t\t\t\t\t\t\t\t\t\n\t\t\t\t\n\t\t\t\t<li class=\"l-col-6@md l-col-4@lg \" data-filter=\"elevhalsa\">\n\t\t\t\t\t<article class=\"c-card \" data-variant=\"neutral\">\n\t\t\t\t\t\t<div class=\"c-card__content u-text-center\">\n\t\t\t\t\t\t\t\t\t\t\t\t\t\t\t<h3 class=\"c-card__title u-font-title-3\">\n\t\t\t\t\t\t\t\t\tLotta Rurfors\n\t\t\t\t\t\t\t\t<\/h3>\n\t\t\t\t\t\t\t\n\t\t\t\t\t\t\t\t\t\t\t\t\t\t\t<p class=\"position u-font-body\">Elevassistent<\/p>\n\t\t\t\t\t\t\t\n\t\t\t\t\t\t\t\n\t\t\t\t\t\t\t\t\t\t\t\t\t<\/div>\n\t\t\t\t\t\t<div class=\"c-card__media\">\n\t\t\t\t\t\t\t<img decoding=\"async\" width=\"400\" height=\"400\" src=\"https:\/\/ntigymnasiet.se\/wp-content\/uploads\/sites\/10\/2023\/05\/lotta-rurfors-nti-lulea-elevassistent-400x400.jpg\" class=\"u-radius-round u-ratio-landscape\" alt=\"Portr\u00e4ttbild Lotta Rurfors NTI Lule\u00e5 elevassistent.\" sizes=\"(max-width: 300px) 100vw, 300px\" srcset=\"https:\/\/ntigymnasiet.se\/wp-content\/uploads\/sites\/10\/2023\/05\/lotta-rurfors-nti-lulea-elevassistent-400x400.jpg 400w, https:\/\/ntigymnasiet.se\/wp-content\/uploads\/sites\/10\/2023\/05\/lotta-rurfors-nti-lulea-elevassistent-150x150.jpg 150w, https:\/\/ntigymnasiet.se\/wp-content\/uploads\/sites\/10\/2023\/05\/lotta-rurfors-nti-lulea-elevassistent-300x300.jpg 300w, https:\/\/ntigymnasiet.se\/wp-content\/uploads\/sites\/10\/2023\/05\/lotta-rurfors-nti-lulea-elevassistent.jpg 600w\" \/>\n\t\t\t\t\t\t<\/div>\n\t\t\t\t\t<\/article>\n\t\t\t\t<\/li>\n\t\t\t\t\t\t\t\t\t\t\t\n\t\t\t\t\n\t\t\t\t<li class=\"l-col-6@md l-col-4@lg \" data-filter=\"elevhalsa\">\n\t\t\t\t\t<article class=\"c-card \" data-variant=\"neutral\">\n\t\t\t\t\t\t<div class=\"c-card__content u-text-center\">\n\t\t\t\t\t\t\t\t\t\t\t\t\t\t\t<h3 class=\"c-card__title u-font-title-3\">\n\t\t\t\t\t\t\t\t\tMagnus Nilsson\n\t\t\t\t\t\t\t\t<\/h3>\n\t\t\t\t\t\t\t\n\t\t\t\t\t\t\t\t\t\t\t\t\t\t\t<p class=\"position u-font-body\">Skoll\u00e4kare<\/p>\n\t\t\t\t\t\t\t\n\t\t\t\t\t\t\t\t\t\t\t\t\t\t\t<div class=\"contact-info u-font-body\">\n\t\t\t\t\t\t\t\t\t\n\t\t\t\t\t\t\t\t\t\t\t\t\t\t\t\t\t\t\t\t\t\t\t\t\t\t\t\t\t\t<p class=\"email\"><a\n\t\t\t\t\t\t\t\t\t\t\t\t\thref=\"&#109;&#097;&#105;lt&#111;&#058;\"\n\t\t\t\t\t\t\t\t\t\t\t\t\tclass=\"u-text-link\"><\/a>\n\t\t\t\t\t\t\t\t\t\t\t<\/p>\n\t\t\t\t\t\t\t\t\t\t\t\t\t\t\t\t\t\t\t\t\t\t\t\t\t\t\t<\/div>\n\t\t\t\t\t\t\t\n\t\t\t\t\t\t\t\t\t\t\t\t\t<\/div>\n\t\t\t\t\t\t<div class=\"c-card__media\">\n\t\t\t\t\t\t\t<img decoding=\"async\" width=\"400\" height=\"400\" src=\"https:\/\/ntigymnasiet.se\/wp-content\/uploads\/sites\/10\/2023\/05\/magnus-nilsson-skollakare-nti-lulea-400x400.jpg\" class=\"u-radius-round u-ratio-landscape\" alt=\"Portr\u00e4ttbild Magnus Nilsson Skolla\u0308kare NTI Lulea\u030a.\" sizes=\"(max-width: 300px) 100vw, 300px\" srcset=\"https:\/\/ntigymnasiet.se\/wp-content\/uploads\/sites\/10\/2023\/05\/magnus-nilsson-skollakare-nti-lulea-400x400.jpg 400w, https:\/\/ntigymnasiet.se\/wp-content\/uploads\/sites\/10\/2023\/05\/magnus-nilsson-skollakare-nti-lulea-150x150.jpg 150w, https:\/\/ntigymnasiet.se\/wp-content\/uploads\/sites\/10\/2023\/05\/magnus-nilsson-skollakare-nti-lulea-300x300.jpg 300w, https:\/\/ntigymnasiet.se\/wp-content\/uploads\/sites\/10\/2023\/05\/magnus-nilsson-skollakare-nti-lulea.jpg 600w\" \/>\n\t\t\t\t\t\t<\/div>\n\t\t\t\t\t<\/article>\n\t\t\t\t<\/li>\n\t\t\t\t\t\t\t\t\t\t\t\n\t\t\t\t\n\t\t\t\t<li class=\"l-col-6@md l-col-4@lg \" data-filter=\"elevhalsa\">\n\t\t\t\t\t<article class=\"c-card \" data-variant=\"neutral\">\n\t\t\t\t\t\t<div class=\"c-card__content u-text-center\">\n\t\t\t\t\t\t\t\t\t\t\t\t\t\t\t<h3 class=\"c-card__title u-font-title-3\">\n\t\t\t\t\t\t\t\t\tVeronica Bedinger\n\t\t\t\t\t\t\t\t<\/h3>\n\t\t\t\t\t\t\t\n\t\t\t\t\t\t\t\t\t\t\t\t\t\t\t<p class=\"position u-font-body\">Kurator &amp; Skolsk\u00f6terska<\/p>\n\t\t\t\t\t\t\t\n\t\t\t\t\t\t\t\t\t\t\t\t\t\t\t<div class=\"contact-info u-font-body\">\n\t\t\t\t\t\t\t\t\t\n\t\t\t\t\t\t\t\t\t\t\t\t\t\t\t\t\t\t\t\t\t\t\t\t\t\t\t\t\t\t<p class=\"email\"><a\n\t\t\t\t\t\t\t\t\t\t\t\t\thref=\"m&#097;ilto:ve&#114;o&#110;&#105;c&#097;.b&#101;&#100;inger&#064;n&#116;&#105;g&#046;&#115;&#101;\"\n\t\t\t\t\t\t\t\t\t\t\t\t\tclass=\"u-text-link\">v&#101;&#114;on&#105;c&#097;&#046;&#098;e&#100;&#105;ng&#101;&#114;&#064;n&#116;ig.se<\/a>\n\t\t\t\t\t\t\t\t\t\t\t<\/p>\n\t\t\t\t\t\t\t\t\t\t\t\t\t\t\t\t\t\t\t\t\t\t\t\t\t\t\t<\/div>\n\t\t\t\t\t\t\t\n\t\t\t\t\t\t\t\t\t\t\t\t\t<\/div>\n\t\t\t\t\t\t<div class=\"c-card__media\">\n\t\t\t\t\t\t\t<img decoding=\"async\" width=\"400\" height=\"400\" src=\"https:\/\/ntigymnasiet.se\/wp-content\/uploads\/2026\/07\/nticirkelpersonal-placeholder400x4001.png\" class=\"u-radius-round u-ratio-landscape\" alt=\"Bl\u00e5 kontaktikon.\" sizes=\"(max-width: 300px) 100vw, 300px\" srcset=\"https:\/\/ntigymnasiet.se\/wp-content\/uploads\/2026\/07\/nticirkelpersonal-placeholder400x4001.png 400w, https:\/\/ntigymnasiet.se\/wp-content\/uploads\/2026\/07\/nticirkelpersonal-placeholder400x4001-150x150.png 150w, https:\/\/ntigymnasiet.se\/wp-content\/uploads\/2026\/07\/nticirkelpersonal-placeholder400x4001-300x300.png 300w\" \/>\n\t\t\t\t\t\t<\/div>\n\t\t\t\t\t<\/article>\n\t\t\t\t<\/li>\n\t\t\t\t\t<\/ul>\n\n\t\t\n\t\t    <div class=\"ams-contact__more u-inline-items js-load-more-btn\">\n        <button href=\"#\"\n                class=\"c-btn\"\n                data-style=\"rounded\"\n                data-size=\"md\"\n                data-width=\"full-mobile\"\n                data-variant=\"outline\">\n        \tVisa mer\n        <\/button>\n    <\/div>\n\n\t\t\t<\/div>\n\n\t\t\n\n<\/section>\n","protected":false},"excerpt":{"rendered":"","protected":false},"author":4,"featured_media":0,"parent":191,"menu_order":0,"comment_status":"closed","ping_status":"closed","template":"","meta":{"footnotes":""},"yoast_head":"<!-- This site is optimized with the Yoast SEO plugin v22.0 - https:\/\/yoast.com\/wordpress\/plugins\/seo\/ -->\n<title>Elevh\u00e4lsa - NTI Gymnasiet Lule\u00e5<\/title>\n<meta name=\"description\" content=\"V\u00e5rt professionella elevh\u00e4lsoteam arbetar med att st\u00f6tta eleverna i sin utveckling mot utbildningens m\u00e5l.\" \/>\n<meta name=\"robots\" content=\"index, follow, max-snippet:-1, max-image-preview:large, max-video-preview:-1\" \/>\n<link rel=\"canonical\" href=\"https:\/\/ntigymnasiet.se\/lulea\/var-skola\/elevhalsa\/\" \/>\n<meta property=\"og:locale\" content=\"sv_SE\" \/>\n<meta property=\"og:type\" content=\"article\" \/>\n<meta property=\"og:title\" content=\"Elevh\u00e4lsa - NTI Gymnasiet Lule\u00e5\" \/>\n<meta property=\"og:description\" content=\"V\u00e5rt professionella elevh\u00e4lsoteam arbetar med att st\u00f6tta eleverna i sin utveckling mot utbildningens m\u00e5l.\" \/>\n<meta property=\"og:url\" content=\"https:\/\/ntigymnasiet.se\/lulea\/var-skola\/elevhalsa\/\" \/>\n<meta property=\"og:site_name\" content=\"Lule\u00e5\" \/>\n<meta property=\"article:modified_time\" content=\"2026-07-06T13:27:20+00:00\" \/>\n<meta name=\"twitter:card\" content=\"summary_large_image\" \/>\n<meta name=\"twitter:title\" content=\"Elevh\u00e4lsa - NTI Gymnasiet Lule\u00e5\" \/>\n<meta name=\"twitter:description\" content=\"V\u00e5rt professionella elevh\u00e4lsoteam arbetar med att st\u00f6tta eleverna i sin utveckling mot utbildningens m\u00e5l.\" \/>\n<meta name=\"twitter:label1\" content=\"Est. reading time\" \/>\n\t<meta name=\"twitter:data1\" content=\"1 minut\" \/>\n<script type=\"application\/ld+json\" class=\"yoast-schema-graph\">{\"@context\":\"https:\/\/schema.org\",\"@graph\":[{\"@type\":\"WebPage\",\"@id\":\"https:\/\/ntigymnasiet.se\/lulea\/var-skola\/elevhalsa\/\",\"url\":\"https:\/\/ntigymnasiet.se\/lulea\/var-skola\/elevhalsa\/\",\"name\":\"Elevh\u00e4lsa - NTI Gymnasiet Lule\u00e5\",\"isPartOf\":{\"@id\":\"https:\/\/ntigymnasiet.se\/lulea\/#website\"},\"datePublished\":\"2023-03-31T14:51:39+00:00\",\"dateModified\":\"2026-07-06T13:27:20+00:00\",\"description\":\"V\u00e5rt professionella elevh\u00e4lsoteam arbetar med att st\u00f6tta eleverna i sin utveckling mot utbildningens m\u00e5l.\",\"breadcrumb\":{\"@id\":\"https:\/\/ntigymnasiet.se\/lulea\/var-skola\/elevhalsa\/#breadcrumb\"},\"inLanguage\":\"sv-SE\",\"potentialAction\":[{\"@type\":\"ReadAction\",\"target\":[\"https:\/\/ntigymnasiet.se\/lulea\/var-skola\/elevhalsa\/\"]}]},{\"@type\":\"BreadcrumbList\",\"@id\":\"https:\/\/ntigymnasiet.se\/lulea\/var-skola\/elevhalsa\/#breadcrumb\",\"itemListElement\":[{\"@type\":\"ListItem\",\"position\":1,\"name\":\"Start\",\"item\":\"https:\/\/ntigymnasiet.se\/lulea\/\"},{\"@type\":\"ListItem\",\"position\":2,\"name\":\"V\u00e5r skola\",\"item\":\"https:\/\/ntigymnasiet.se\/lulea\/var-skola\/\"},{\"@type\":\"ListItem\",\"position\":3,\"name\":\"Elevh\u00e4lsa\"}]},{\"@type\":\"WebSite\",\"@id\":\"https:\/\/ntigymnasiet.se\/lulea\/#website\",\"url\":\"https:\/\/ntigymnasiet.se\/lulea\/\",\"name\":\"Lule\u00e5\",\"description\":\"Just another WordPress site\",\"potentialAction\":[{\"@type\":\"SearchAction\",\"target\":{\"@type\":\"EntryPoint\",\"urlTemplate\":\"https:\/\/ntigymnasiet.se\/lulea\/?s={search_term_string}\"},\"query-input\":\"required name=search_term_string\"}],\"inLanguage\":\"sv-SE\"}]}<\/script>\n<!-- \/ Yoast SEO plugin. -->","yoast_head_json":{"title":"Elevh\u00e4lsa - NTI Gymnasiet Lule\u00e5","description":"V\u00e5rt professionella elevh\u00e4lsoteam arbetar med att st\u00f6tta eleverna i sin utveckling mot utbildningens m\u00e5l.","robots":{"index":"index","follow":"follow","max-snippet":"max-snippet:-1","max-image-preview":"max-image-preview:large","max-video-preview":"max-video-preview:-1"},"canonical":"https:\/\/ntigymnasiet.se\/lulea\/var-skola\/elevhalsa\/","og_locale":"sv_SE","og_type":"article","og_title":"Elevh\u00e4lsa - NTI Gymnasiet Lule\u00e5","og_description":"V\u00e5rt professionella elevh\u00e4lsoteam arbetar med att st\u00f6tta eleverna i sin utveckling mot utbildningens m\u00e5l.","og_url":"https:\/\/ntigymnasiet.se\/lulea\/var-skola\/elevhalsa\/","og_site_name":"Lule\u00e5","article_modified_time":"2026-07-06T13:27:20+00:00","twitter_card":"summary_large_image","twitter_title":"Elevh\u00e4lsa - NTI Gymnasiet Lule\u00e5","twitter_description":"V\u00e5rt professionella elevh\u00e4lsoteam arbetar med att st\u00f6tta eleverna i sin utveckling mot utbildningens m\u00e5l.","twitter_misc":{"Est. reading time":"1 minut"},"schema":{"@context":"https:\/\/schema.org","@graph":[{"@type":"WebPage","@id":"https:\/\/ntigymnasiet.se\/lulea\/var-skola\/elevhalsa\/","url":"https:\/\/ntigymnasiet.se\/lulea\/var-skola\/elevhalsa\/","name":"Elevh\u00e4lsa - NTI Gymnasiet Lule\u00e5","isPartOf":{"@id":"https:\/\/ntigymnasiet.se\/lulea\/#website"},"datePublished":"2023-03-31T14:51:39+00:00","dateModified":"2026-07-06T13:27:20+00:00","description":"V\u00e5rt professionella elevh\u00e4lsoteam arbetar med att st\u00f6tta eleverna i sin utveckling mot utbildningens m\u00e5l.","breadcrumb":{"@id":"https:\/\/ntigymnasiet.se\/lulea\/var-skola\/elevhalsa\/#breadcrumb"},"inLanguage":"sv-SE","potentialAction":[{"@type":"ReadAction","target":["https:\/\/ntigymnasiet.se\/lulea\/var-skola\/elevhalsa\/"]}]},{"@type":"BreadcrumbList","@id":"https:\/\/ntigymnasiet.se\/lulea\/var-skola\/elevhalsa\/#breadcrumb","itemListElement":[{"@type":"ListItem","position":1,"name":"Start","item":"https:\/\/ntigymnasiet.se\/lulea\/"},{"@type":"ListItem","position":2,"name":"V\u00e5r skola","item":"https:\/\/ntigymnasiet.se\/lulea\/var-skola\/"},{"@type":"ListItem","position":3,"name":"Elevh\u00e4lsa"}]},{"@type":"WebSite","@id":"https:\/\/ntigymnasiet.se\/lulea\/#website","url":"https:\/\/ntigymnasiet.se\/lulea\/","name":"Lule\u00e5","description":"Just another WordPress site","potentialAction":[{"@type":"SearchAction","target":{"@type":"EntryPoint","urlTemplate":"https:\/\/ntigymnasiet.se\/lulea\/?s={search_term_string}"},"query-input":"required name=search_term_string"}],"inLanguage":"sv-SE"}]}},"_links":{"self":[{"href":"https:\/\/ntigymnasiet.se\/lulea\/wp-json\/wp\/v2\/pages\/195"}],"collection":[{"href":"https:\/\/ntigymnasiet.se\/lulea\/wp-json\/wp\/v2\/pages"}],"about":[{"href":"https:\/\/ntigymnasiet.se\/lulea\/wp-json\/wp\/v2\/types\/page"}],"author":[{"embeddable":true,"href":"https:\/\/ntigymnasiet.se\/lulea\/wp-json\/wp\/v2\/users\/4"}],"replies":[{"embeddable":true,"href":"https:\/\/ntigymnasiet.se\/lulea\/wp-json\/wp\/v2\/comments?post=195"}],"version-history":[{"count":10,"href":"https:\/\/ntigymnasiet.se\/lulea\/wp-json\/wp\/v2\/pages\/195\/revisions"}],"predecessor-version":[{"id":2231,"href":"https:\/\/ntigymnasiet.se\/lulea\/wp-json\/wp\/v2\/pages\/195\/revisions\/2231"}],"up":[{"embeddable":true,"href":"https:\/\/ntigymnasiet.se\/lulea\/wp-json\/wp\/v2\/pages\/191"}],"wp:attachment":[{"href":"https:\/\/ntigymnasiet.se\/lulea\/wp-json\/wp\/v2\/media?parent=195"}],"curies":[{"name":"wp","href":"https:\/\/api.w.org\/{rel}","templated":true}]}}