{"id":897,"date":"2023-05-12T14:23:57","date_gmt":"2023-05-12T12:23:57","guid":{"rendered":""},"modified":"2025-08-27T10:55:07","modified_gmt":"2025-08-27T08:55:07","slug":"el-och-energiprogrammet","status":"publish","type":"program_orientation","link":"https:\/\/ntigymnasiet.se\/lulea\/program\/el-och-energiprogrammet\/","title":{"rendered":"El och energi"},"content":{"rendered":"\n\t\n\t\n\t\n\t\n\t\n\n<section \n\tclass=\"ams-hero ams-hero--classic ams-hero--50 c-block l-stacked  \"\n\tdata-color-scheme=\"vit-2-pa-mork-bakgrund\"\n\tstyle=\"\">\n\t<div class=\"ams-hero__container u-items-center u-justify-center\">\n\t\t<div\n\t\t\tclass=\"ams-hero__content l-stack l-stack-xl is-center is-center@md\" >\n\t\t\t<div class=\"l-stack l-stack-lg\">\n\t\t\t\t\t\n\t<h1\n\tclass=\"c-heading u-font-title-1 \"\n\tstyle=\"\">\n\t\t\n\t\t\t\t\tEl- och energiprogrammet p\u00e5 NTI Lule\u00e5\n\t\t\t\t\n\t<\/h1>\n\n\t\t\t\t\t\t\t\t\t<div class=\"text l-stack u-font-body\">\n\t\t\t\t\t\t<p><span data-sheets-value=\"{&quot;1&quot;:2,&quot;2&quot;:&quot;Gillar du datorer, IT, programmering och n\u00e4tverk? D\u00e5 \u00e4r yrkesprogrammet el- och energiprogrammet ett bra val.&quot;}\" data-sheets-userformat=\"{&quot;2&quot;:17347,&quot;3&quot;:{&quot;1&quot;:0},&quot;4&quot;:{&quot;1&quot;:2,&quot;2&quot;:14281427},&quot;9&quot;:1,&quot;10&quot;:1,&quot;11&quot;:4,&quot;12&quot;:0,&quot;17&quot;:0}\">Gillar du datorer, IT, programmering och n\u00e4tverk? D\u00e5 \u00e4r yrkesprogrammet el- och energiprogrammet ett bra val.<\/span><\/p>\n\n\t\t\t\t\t<\/div>\n\t\t\t\t\t\t\t<\/div>\n\n\t\t\t\t<div class=\"ams-hero__action u-inline-items\">\n\t\t\t\t\t\t\t\n\n\n<a href=\"https:\/\/ntigymnasiet.se\/lulea\/oppet-hus\/\"\n\t\n\tclass=\"c-btn \"\n\tdata-style=\"rounded\"\n\tdata-size=\"md\"\n\tdata-width=\"full-mobile\"\n\tdata-variant=\"default\"\n\ttarget=\"_self\">\n\t\t\t<span class=\"label\"> Bes\u00f6k \u00f6ppet hus<\/span>\n\t\t\t<\/a>\n\t\t\t<\/div>\n\t\t<\/div>\n\t<\/div>\n\n\t\n\t\t\t\n\t\t\t\t\t\t\t\n\t\t\t\t<div class=\"c-bg c-bg--img\" data-settings=\"{&quot;desktop_settings&quot;:{&quot;size&quot;:&quot;cover&quot;,&quot;position&quot;:&quot;middle-center&quot;},&quot;mobile_settings&quot;:{&quot;size&quot;:&quot;cover&quot;,&quot;position&quot;:&quot;middle-center&quot;}}\" data-position=\"middle-center\" data-size=\"cover\">\n\t\t\t<img decoding=\"async\" width=\"1920\" height=\"1080\" src=\"https:\/\/ntigymnasiet.se\/wp-content\/uploads\/sites\/10\/2023\/05\/nti-it-programmet-gymnasiet-dator-och-kommunikationsteknik-202204.jpg\" class=\"attachment-hero-lg size-hero-lg\" alt=\"Tv\u00e5 killar med n\u00e4tverkskablar.\" sizes=\"(max-width: 1920px) 100vw, 1920px\" srcset=\"https:\/\/ntigymnasiet.se\/wp-content\/uploads\/sites\/10\/2023\/05\/nti-it-programmet-gymnasiet-dator-och-kommunikationsteknik-202204.jpg 1920w, https:\/\/ntigymnasiet.se\/wp-content\/uploads\/sites\/10\/2023\/05\/nti-it-programmet-gymnasiet-dator-och-kommunikationsteknik-202204-300x169.jpg 300w, https:\/\/ntigymnasiet.se\/wp-content\/uploads\/sites\/10\/2023\/05\/nti-it-programmet-gymnasiet-dator-och-kommunikationsteknik-202204-400x225.jpg 400w, https:\/\/ntigymnasiet.se\/wp-content\/uploads\/sites\/10\/2023\/05\/nti-it-programmet-gymnasiet-dator-och-kommunikationsteknik-202204-600x338.jpg 600w, https:\/\/ntigymnasiet.se\/wp-content\/uploads\/sites\/10\/2023\/05\/nti-it-programmet-gymnasiet-dator-och-kommunikationsteknik-202204-800x450.jpg 800w, https:\/\/ntigymnasiet.se\/wp-content\/uploads\/sites\/10\/2023\/05\/nti-it-programmet-gymnasiet-dator-och-kommunikationsteknik-202204-1024x576.jpg 1024w, https:\/\/ntigymnasiet.se\/wp-content\/uploads\/sites\/10\/2023\/05\/nti-it-programmet-gymnasiet-dator-och-kommunikationsteknik-202204-1200x675.jpg 1200w\" \/>\n\t\t<\/div>\n\t\n\t<div class=\"c-overlay\" style=\"--overlay-bg: rgba(0,0,0,0.4);\"><\/div>\n<\/section>\n\n\n\n\n<section  class=\"ams-courses-list c-block l-stacked\" data-color-scheme=\"kurslistning\">\n\t<div class=\"l-container l-stack l-stack-fluid-2xl u-pt-fluid-3xl-6xl u-pb-fluid-3xl-6xl is-center is-center@md\">\n\t\t\t\t\t<div class=\"ams-courses-list__intro l-stack l-stack-lg\">\n\t\t\t\t\t\n\t<h2\n\tclass=\"c-heading u-font-title-1 \"\n\tstyle=\"\">\n\t\t\n\t\t\t\t\tFullt fokus p\u00e5 IT\n\t\t\t\t\n\t<\/h2>\n\n\t\t\t\t\t\t\t\t\t<div class=\"c-text l-stack u-cs-xl u-font-body\">\n\t\t\t\t\t\t<p style=\"text-align: left;\"><span data-sheets-value=\"{&quot;1&quot;:2,&quot;2&quot;:&quot;RUBRIK: Fullt fokus p\u00e5 IT\\nVi erbjuder inriktningen dator- och kommunikationsteknik som har fullt fokus p\u00e5 IT, n\u00e4tverk och mycket praktik.&quot;}\" data-sheets-userformat=\"{&quot;2&quot;:835,&quot;3&quot;:{&quot;1&quot;:0},&quot;4&quot;:{&quot;1&quot;:2,&quot;2&quot;:14281427},&quot;9&quot;:0,&quot;11&quot;:4,&quot;12&quot;:0}\" data-sheets-textstyleruns=\"{&quot;1&quot;:0,&quot;2&quot;:{&quot;5&quot;:1}}\uee10{&quot;1&quot;:7}\">El- och energiprogrammet p\u00e5 v\u00e5rt gymnasium i Lule\u00e5 erbjuder inriktningen dator- och kommunikationsteknik som har fullt fokus <\/span><span data-sheets-value=\"{&quot;1&quot;:2,&quot;2&quot;:&quot;RUBRIK: Fullt fokus p\u00e5 IT\\nVi erbjuder inriktningen dator- och kommunikationsteknik som har fullt fokus p\u00e5 IT, n\u00e4tverk och mycket praktik.&quot;}\" data-sheets-userformat=\"{&quot;2&quot;:835,&quot;3&quot;:{&quot;1&quot;:0},&quot;4&quot;:{&quot;1&quot;:2,&quot;2&quot;:14281427},&quot;9&quot;:0,&quot;11&quot;:4,&quot;12&quot;:0}\" data-sheets-textstyleruns=\"{&quot;1&quot;:0,&quot;2&quot;:{&quot;5&quot;:1}}\uee10{&quot;1&quot;:7}\">p\u00e5 IT, n\u00e4tverk, webbutveckling och mycket praktik.<\/span><\/p>\n<p style=\"text-align: left;\">Hos oss kan du s\u00f6ka programinriktat val d\u00e4r du f\u00f6ljer kurserna p\u00e5 ett nationellt program samtidigt som du l\u00e4ser extra kurser f\u00f6r att bli beh\u00f6rig. F\u00f6r mer information, klicka vidare till den inriktning du \u00e4r intresserad av.<\/p>\n\n\t\t\t\t\t<\/div>\n\t\t\t\t\t\t\t<\/div>\n\t\t\n\t\t\n\t\t\t\n<ul class=\"ams-courses-list__list l-grid u-gap-fluid-2xl-4xl u-justify-center\">\n\t\t\t<li class=\"l-col-6@md l-col-4@lg\">\n\t\t\t<article class=\"c-card has-media-zoom  u-shadow-lg\"\n\t\t\t\t\t\tdata-variant=\"border-top\"\n\t\t\t\t\t\tdata-style=\"square\"\n\t\t\t\t\t\tdata-click-area>\n\t\t\t\t<div class=\"c-card__content l-stack l-stack-sm\">\n\t\t\t\t\t\t\t\t\t\t\t<h3 class=\"c-card__title u-font-title-3\">\n\t\t\t\t\t\t\t\t\t\t\t\t\t\t\t<a class=\"c-card__title-link\" href=\"https:\/\/ntigymnasiet.se\/lulea\/program\/el-och-energiprogrammet\/dator-och-kommunikationsteknik\/\">\n\t\t\t\t\t\t\t\t\tDator- och kommunikationsteknik\n\t\t\t\t\t\t\t\t<\/a>\n\t\t\t\t\t\t\t\t\t\t\t\t\t<\/h3>\n\t\t\t\t\t\n\t\t\t\t\t\t\t\t\t\t\t<p class=\"c-card__text l-stack-xs u-font-body \">\n\t\t\t\t\t\t\tF\u00f6r dig som vill arbeta praktiskt med IT, n\u00e4tverk, datorer och webbutveckling.\n\t\t\t\t\t\t<\/p>\n\t\t\t\t\t\n\t\t\t\t\t\t\t\t\t\t\t\t\t\t\t\t<ul class=\"c-card__list u-list-none l-stack-grow u-divider-top u-font-body\">\n\t\t\t\t\t\t\t\t\t\t\t\t\t\t\t<li>\n\t\t\t\t\t\t\t\t\t<strong>Program<\/strong>\n\t\t\t\t\t\t\t\t\t<ul class=\"u-list-dash\">\n\t\t\t\t\t\t\t\t\t\t\t\t\t\t\t\t\t\t\t\t\t<li>El- och energiprogrammet<\/li>\n\t\t\t\t\t\t\t\t\t\t\t\t\t\t\t\t\t\t\t<\/ul>\n\t\t\t\t\t\t\t\t<\/li>\n\t\t\t\t\t\t\t\n\t\t\t\t\t\t\t\t\t\t\t\t\t\t\t\t\t\t\t\t\t\t\t\t\t\t\t\t<\/ul>\n\n\t\t\t\t\t\t<div class=\"c-card__icon c-card__icon--nl\">\n\t\t\t\t\t\t\t\t\t\t\t\t\t\t<svg class=\"ams-icon ams-icon--arrow-right\" width=\"32\" height=\"32\" viewbox=\"0 0 32 32\" fill=\"currentColor\" aria-hidden=\"true\" xmlns=\"http:\/\/www.w3.org\/2000\/svg\">\n\t\t\t\t\t\t\t\t\t\t\t\t\t\t\t\t<path d=\"M15.4617 0.252159L14.9567 0.75931C14.6219 1.09545 14.6219 1.64048 14.9567 1.97669L27.7062 14.7806H0.857144C0.383786 14.7806 0 15.166 0 15.6414V16.3587C0 16.8341 0.383786 17.2195 0.857144 17.2195H27.7062L14.9567 30.0234C14.6219 30.3595 14.6219 30.9045 14.9567 31.2407L15.4617 31.7479C15.7964 32.084 16.3392 32.084 16.6739 31.7479L31.749 16.6087C32.0837 16.2725 32.0837 15.7275 31.749 15.3913L16.6739 0.252159C16.3392 -0.084053 15.7964 -0.084053 15.4617 0.252159Z\"\/>\n\t\t\t\t\t\t\t\n\t\t\t\t\t\t\t<\/svg>\n\t\t\t\t\t\t<\/div>\n\t\t\t\t\t\t\t\t\t<\/div>\n\t\t\t\t<div class=\"c-card__media \" style=\" \">\n\t\t\t\t\t<img decoding=\"async\" width=\"400\" height=\"225\" src=\"https:\/\/ntigymnasiet.se\/wp-content\/uploads\/sites\/10\/2023\/05\/nti-it-programmet-gymnasiet-dator-och-kommunikationsteknik-202204-400x225.jpg\" class=\"attachment-sm size-sm wp-post-image\" alt=\"Tv\u00e5 killar med n\u00e4tverkskablar.\" sizes=\"(min-width: 64em) 300px, (min-width: 48em) calc(.50 * (100vw - 240px)), calc(100vw - 160px)\" srcset=\"https:\/\/ntigymnasiet.se\/wp-content\/uploads\/sites\/10\/2023\/05\/nti-it-programmet-gymnasiet-dator-och-kommunikationsteknik-202204-400x225.jpg 400w, https:\/\/ntigymnasiet.se\/wp-content\/uploads\/sites\/10\/2023\/05\/nti-it-programmet-gymnasiet-dator-och-kommunikationsteknik-202204-300x169.jpg 300w, https:\/\/ntigymnasiet.se\/wp-content\/uploads\/sites\/10\/2023\/05\/nti-it-programmet-gymnasiet-dator-och-kommunikationsteknik-202204-600x338.jpg 600w, https:\/\/ntigymnasiet.se\/wp-content\/uploads\/sites\/10\/2023\/05\/nti-it-programmet-gymnasiet-dator-och-kommunikationsteknik-202204-800x450.jpg 800w, https:\/\/ntigymnasiet.se\/wp-content\/uploads\/sites\/10\/2023\/05\/nti-it-programmet-gymnasiet-dator-och-kommunikationsteknik-202204-1024x576.jpg 1024w, https:\/\/ntigymnasiet.se\/wp-content\/uploads\/sites\/10\/2023\/05\/nti-it-programmet-gymnasiet-dator-och-kommunikationsteknik-202204-1200x675.jpg 1200w, https:\/\/ntigymnasiet.se\/wp-content\/uploads\/sites\/10\/2023\/05\/nti-it-programmet-gymnasiet-dator-och-kommunikationsteknik-202204.jpg 1920w\" \/>\n\t\t\t\t<\/div>\n\t\t\t<\/article>\n\t\t<\/li>\n\t<\/ul>\n\t\n\n\t\t\t<\/div>\n\n\t\t\n\n<\/section>\n\n\n\n\n<section  class=\"ams-cta ams-cta--stacked c-block l-stacked\" data-color-scheme=\"vit-2-pa-mork-bakgrund\">\n\t<div class=\"l-container-narrow l-stack l-stack-fluid-2xl u-pt-fluid-3xl-6xl u-pb-fluid-3xl-6xl is-center is-center@md\">\n\t\t\t\t\t<div class=\"ams-cta__intro l-stack l-stack-lg\">\n\t\t\t\t\t\n\t<h2\n\tclass=\"c-heading u-font-title-1 \"\n\tstyle=\"\">\n\t\t\n\t\t\t\t\tVill du veta mer?\n\t\t\t\t\n\t<\/h2>\n\n\t\t\t\t\t\t\t\t\t<div class=\"c-text l-stack u-cs-xl u-font-body\">\n\t\t\t\t\t\t<p class=\"p1\">Kom p\u00e5 \u00f6ppet hus s\u00e5 f\u00e5r du mer information om programmet och om m\u00f6jligheterna efter examen.<\/p>\n\n\t\t\t\t\t<\/div>\n\t\t\t\t\t\t\t<\/div>\n\t\t\n\t\t\n\t\t\t<div class=\"ams-cta__action u-inline-items\">\n\t\t\t\t\t\t\t\n\n\n<a href=\"https:\/\/ntigymnasiet.se\/lulea\/oppet-hus\/\"\n\t\n\tclass=\"c-btn \"\n\tdata-style=\"rounded\"\n\tdata-size=\"md\"\n\tdata-width=\"full-mobile\"\n\tdata-variant=\"default\"\n\ttarget=\"_self\">\n\t\t\t<span class=\"label\"> G\u00e5 p\u00e5 \u00f6ppet hus<\/span>\n\t\t\t<\/a>\n\t\t\t<\/div>\n\t<\/div>\n\n\t\t\n\t\t\t\n\t\t\t\t\t\t\t\n\t\t\t\t<div class=\"c-bg c-bg--img\" data-settings=\"{&quot;desktop_settings&quot;:{&quot;size&quot;:&quot;cover&quot;,&quot;position&quot;:&quot;bottom-left&quot;},&quot;mobile_settings&quot;:{&quot;size&quot;:&quot;cover&quot;,&quot;position&quot;:&quot;bottom-left&quot;}}\" data-position=\"middle-center\" data-size=\"cover\">\n\t\t\t<img decoding=\"async\" width=\"1920\" height=\"1080\" src=\"https:\/\/ntigymnasiet.se\/wp-content\/uploads\/sites\/10\/2023\/05\/ntitechbgsvagacirklar3-15.jpg\" class=\"attachment-hero-lg size-hero-lg\" alt=\"Lila bakgrund.\" sizes=\"(max-width: 1920px) 100vw, 1920px\" srcset=\"https:\/\/ntigymnasiet.se\/wp-content\/uploads\/sites\/10\/2023\/05\/ntitechbgsvagacirklar3-15.jpg 1920w, https:\/\/ntigymnasiet.se\/wp-content\/uploads\/sites\/10\/2023\/05\/ntitechbgsvagacirklar3-15-300x169.jpg 300w, https:\/\/ntigymnasiet.se\/wp-content\/uploads\/sites\/10\/2023\/05\/ntitechbgsvagacirklar3-15-1024x576.jpg 1024w, https:\/\/ntigymnasiet.se\/wp-content\/uploads\/sites\/10\/2023\/05\/ntitechbgsvagacirklar3-15-768x432.jpg 768w, https:\/\/ntigymnasiet.se\/wp-content\/uploads\/sites\/10\/2023\/05\/ntitechbgsvagacirklar3-15-1536x864.jpg 1536w, https:\/\/ntigymnasiet.se\/wp-content\/uploads\/sites\/10\/2023\/05\/ntitechbgsvagacirklar3-15-500x281.jpg 500w, https:\/\/ntigymnasiet.se\/wp-content\/uploads\/sites\/10\/2023\/05\/ntitechbgsvagacirklar3-15-340x191.jpg 340w, https:\/\/ntigymnasiet.se\/wp-content\/uploads\/sites\/10\/2023\/05\/ntitechbgsvagacirklar3-15-1100x620.jpg 1100w, https:\/\/ntigymnasiet.se\/wp-content\/uploads\/sites\/10\/2023\/05\/ntitechbgsvagacirklar3-15-1000x563.jpg 1000w, https:\/\/ntigymnasiet.se\/wp-content\/uploads\/sites\/10\/2023\/05\/ntitechbgsvagacirklar3-15-1200x675.jpg 1200w, https:\/\/ntigymnasiet.se\/wp-content\/uploads\/sites\/10\/2023\/05\/ntitechbgsvagacirklar3-15-600x338.jpg 600w, https:\/\/ntigymnasiet.se\/wp-content\/uploads\/sites\/10\/2023\/05\/ntitechbgsvagacirklar3-15-400x225.jpg 400w\" \/>\n\t\t<\/div>\n\t\n<\/section>\n\n\n\n\n\n<section  class=\"ams-testimonial testimonial_module c-block l-stacked\" data-color-scheme=\"testimonials-vit-bakgrund-rosa-kort\">\n\t<div class=\"l-container l-stack l-stack-fluid-2xl u-pt-fluid-3xl-6xl u-pb-fluid-3xl-6xl is-center is-center@md\">\n\t\t\t\t\t<div class=\"ams-testimonial__intro l-stack l-stack-lg\">\n\t\t\t\t\t\n\t<h2\n\tclass=\"c-heading u-font-title-1 \"\n\tstyle=\"\">\n\t\t\n\t\t\t\t\tElevintervjuer\n\t\t\t\t\n\t<\/h2>\n\n\t\t\t\t\t\t\t\t\t<div class=\"c-text l-stack u-cs-xl u-font-body\">\n\t\t\t\t\t\t<p><span data-sheets-value=\"{&quot;1&quot;:2,&quot;2&quot;:&quot;Hur \u00e4r det att g\u00e5 el- och energiprogrammet p\u00e5 NTI? Se vad v\u00e5ra elever tycker!&quot;}\" data-sheets-userformat=\"{&quot;2&quot;:835,&quot;3&quot;:{&quot;1&quot;:0},&quot;4&quot;:{&quot;1&quot;:2,&quot;2&quot;:14281427},&quot;9&quot;:0,&quot;11&quot;:4,&quot;12&quot;:0}\">Hur \u00e4r det att g\u00e5 el- och energiprogrammet p\u00e5 NTI? Se vad v\u00e5ra elever tycker!<\/span><\/p>\n\n\t\t\t\t\t<\/div>\n\t\t\t\t\t\t\t<\/div>\n\t\t\n\t\t\n\t\n\t\t\n\t\t\t\n<ul\n\tid=\"ams-testimonial-list-69f55ec14ea98\"\n\tclass=\"ams-testimonial__list  l-grid u-gap-fluid-2xl-4xl js-results \"\n\tdata-filter-animation=\"off\">\n\t\t\t\t\t\t\t\t\t\t\t\n\t\t\n\t\t\n\t\t<li class=\"l-col-6@md \" data-filter=\"el-och-energiprogrammet april-2025\">\n\t\t\t<article class=\"c-card has-media-zoom \" data-variant=\"inside-half\" data-click-area>\n\t\t\t\t<div class=\"c-card__content l-stack l-stack-sm is-left is-left@md\">\n\t\t\t\t\t\t\t\t\t\t\t<blockquote class=\"c-card__title u-font-title-3\">\n\t\t\t\t\t\t\t\t\t\t\t\t\t\t\t<p class=\"u-quote-marks\"><a href=\"https:\/\/ntigymnasiet.se\/lulea\/elevintervjuer\/lokal\/elevintervju-sonni\" class=\"link\">Det \u00e4r v\u00e4ldigt mycket att testa sj\u00e4lv och hitta sina starka sidor som g\u00f6r att dagarna aldrig blir tr\u00e5kiga&#8230;<\/a><\/p>\n\t\t\t\t\t\t\t\t\t\t\t\t\t<\/blockquote>\n\t\t\t\t\t\n\t\t\t\t\t\t\t\t\t\t\t<p class=\"c-card__text l-stack-grow u-divider-top u-font-body\">\n\t\t\t\t\t\t\t<span class=\"author u-mr-fluid-lg\">Sonni Albhin<\/span>\n\t\t\t\t\t\t\t<span class=\"title u-mr-fluid-lg\">El- och energiprogrammet<\/span>\n\t\t\t\t\t\t<\/p>\n\t\t\t\t\t\n\t\t\t\t\t<div class=\"c-card__icon\">\n\t\t\t\t\t\t<svg class=\"ams-icon ams-icon--arrow-right\" width=\"32\" height=\"32\" viewBox=\"0 0 32 32\" fill=\"currentColor\" aria-hidden=\"true\" xmlns=\"http:\/\/www.w3.org\/2000\/svg\">\n\t\t\t\t\t\t\t<path d=\"M15.4617 0.252159L14.9567 0.75931C14.6219 1.09545 14.6219 1.64048 14.9567 1.97669L27.7062 14.7806H0.857144C0.383786 14.7806 0 15.166 0 15.6414V16.3587C0 16.8341 0.383786 17.2195 0.857144 17.2195H27.7062L14.9567 30.0234C14.6219 30.3595 14.6219 30.9045 14.9567 31.2407L15.4617 31.7479C15.7964 32.084 16.3392 32.084 16.6739 31.7479L31.749 16.6087C32.0837 16.2725 32.0837 15.7275 31.749 15.3913L16.6739 0.252159C16.3392 -0.084053 15.7964 -0.084053 15.4617 0.252159Z\"\/>\n\t\t\t\t\t\t<\/svg>\n\t\t\t\t\t<\/div>\n\t\t\t\t<\/div>\n\t\t\t\t<div class=\"c-card__media\" style=\" \">\n\t\t\t\t\t<img decoding=\"async\" width=\"600\" height=\"450\" src=\"https:\/\/ntigymnasiet.se\/wp-content\/uploads\/2025\/04\/sonni-1-600x450.png\" class=\"attachment-md size-md\" alt=\"Eleven Sonni.\" sizes=\"(min-width: 80em) 600px, (min-width: 48em) calc(.50 * (100vw - 240px)), calc(100vw - 160px)\" srcset=\"https:\/\/ntigymnasiet.se\/wp-content\/uploads\/2025\/04\/sonni-1-600x450.png 600w, https:\/\/ntigymnasiet.se\/wp-content\/uploads\/2025\/04\/sonni-1-300x225.png 300w, https:\/\/ntigymnasiet.se\/wp-content\/uploads\/2025\/04\/sonni-1-400x300.png 400w, https:\/\/ntigymnasiet.se\/wp-content\/uploads\/2025\/04\/sonni-1-800x600.png 800w, https:\/\/ntigymnasiet.se\/wp-content\/uploads\/2025\/04\/sonni-1-1024x768.png 1024w, https:\/\/ntigymnasiet.se\/wp-content\/uploads\/2025\/04\/sonni-1-1200x900.png 1200w, https:\/\/ntigymnasiet.se\/wp-content\/uploads\/2025\/04\/sonni-1-768x576.png 768w\" \/>\n\t\t\t\t<\/div>\n\t\t\t<\/article>\n\t\t<\/li>\n\t\t\t\t\t\t\t\t\t\t\t\n\t\t\n\t\t\n\t\t<li class=\"l-col-6@md \" data-filter=\"el-och-energiprogrammet maj-2026\">\n\t\t\t<article class=\"c-card has-media-zoom \" data-variant=\"inside-half\" data-click-area>\n\t\t\t\t<div class=\"c-card__content l-stack l-stack-sm is-left is-left@md\">\n\t\t\t\t\t\t\t\t\t\t\t<blockquote class=\"c-card__title u-font-title-3\">\n\t\t\t\t\t\t\t\t\t\t\t\t\t\t\t<p class=\"u-quote-marks\"><a href=\"https:\/\/ntigymnasiet.se\/lulea\/elevintervjuer\/lokal\/el-och-energi-1\" class=\"link\">IT-branschen \u00e4r s\u00e5 stor s\u00e5 det finns s\u00e5 mycket f\u00f6retag att v\u00e4lja p\u00e5 inf\u00f6r sin APL&#8230;.<\/a><\/p>\n\t\t\t\t\t\t\t\t\t\t\t\t\t<\/blockquote>\n\t\t\t\t\t\n\t\t\t\t\t\t\t\t\t\t\t<p class=\"c-card__text l-stack-grow u-divider-top u-font-body\">\n\t\t\t\t\t\t\t<span class=\"author u-mr-fluid-lg\">Tilio<\/span>\n\t\t\t\t\t\t\t<span class=\"title u-mr-fluid-lg\">El- och energiprogrammet<\/span>\n\t\t\t\t\t\t<\/p>\n\t\t\t\t\t\n\t\t\t\t\t<div class=\"c-card__icon\">\n\t\t\t\t\t\t<svg class=\"ams-icon ams-icon--arrow-right\" width=\"32\" height=\"32\" viewBox=\"0 0 32 32\" fill=\"currentColor\" aria-hidden=\"true\" xmlns=\"http:\/\/www.w3.org\/2000\/svg\">\n\t\t\t\t\t\t\t<path d=\"M15.4617 0.252159L14.9567 0.75931C14.6219 1.09545 14.6219 1.64048 14.9567 1.97669L27.7062 14.7806H0.857144C0.383786 14.7806 0 15.166 0 15.6414V16.3587C0 16.8341 0.383786 17.2195 0.857144 17.2195H27.7062L14.9567 30.0234C14.6219 30.3595 14.6219 30.9045 14.9567 31.2407L15.4617 31.7479C15.7964 32.084 16.3392 32.084 16.6739 31.7479L31.749 16.6087C32.0837 16.2725 32.0837 15.7275 31.749 15.3913L16.6739 0.252159C16.3392 -0.084053 15.7964 -0.084053 15.4617 0.252159Z\"\/>\n\t\t\t\t\t\t<\/svg>\n\t\t\t\t\t<\/div>\n\t\t\t\t<\/div>\n\t\t\t\t<div class=\"c-card__media\" style=\" \">\n\t\t\t\t\t<img decoding=\"async\" width=\"600\" height=\"509\" src=\"https:\/\/ntigymnasiet.se\/wp-content\/uploads\/2023\/05\/nti-intervju-el-energi-2022-1-600x509.jpeg\" class=\"attachment-md size-md\" alt=\"En tjej och en dator.\" sizes=\"(min-width: 80em) 600px, (min-width: 48em) calc(.50 * (100vw - 240px)), calc(100vw - 160px)\" srcset=\"https:\/\/ntigymnasiet.se\/wp-content\/uploads\/2023\/05\/nti-intervju-el-energi-2022-1-600x509.jpeg 600w, https:\/\/ntigymnasiet.se\/wp-content\/uploads\/2023\/05\/nti-intervju-el-energi-2022-1-300x255.jpeg 300w, https:\/\/ntigymnasiet.se\/wp-content\/uploads\/2023\/05\/nti-intervju-el-energi-2022-1-400x339.jpeg 400w, https:\/\/ntigymnasiet.se\/wp-content\/uploads\/2023\/05\/nti-intervju-el-energi-2022-1-800x679.jpeg 800w, https:\/\/ntigymnasiet.se\/wp-content\/uploads\/2023\/05\/nti-intervju-el-energi-2022-1-1024x869.jpeg 1024w, https:\/\/ntigymnasiet.se\/wp-content\/uploads\/2023\/05\/nti-intervju-el-energi-2022-1-1200x1018.jpeg 1200w, https:\/\/ntigymnasiet.se\/wp-content\/uploads\/2023\/05\/nti-intervju-el-energi-2022-1.jpeg 1698w\" \/>\n\t\t\t\t<\/div>\n\t\t\t<\/article>\n\t\t<\/li>\n\t\t\t\t\t\t\t\t\t\t\t\n\t\t\n\t\t\n\t\t<li class=\"l-col-6@md \" data-filter=\"el-och-energiprogrammet augusti-2026\">\n\t\t\t<article class=\"c-card has-media-zoom \" data-variant=\"inside-half\" data-click-area>\n\t\t\t\t<div class=\"c-card__content l-stack l-stack-sm is-left is-left@md\">\n\t\t\t\t\t\t\t\t\t\t\t<blockquote class=\"c-card__title u-font-title-3\">\n\t\t\t\t\t\t\t\t\t\t\t\t\t\t\t<p class=\"u-quote-marks\"><a href=\"https:\/\/ntigymnasiet.se\/lulea\/elevintervjuer\/lokal\/el-och-energi-2\" class=\"link\">Inneh\u00e5llet i kurserna \u00e4r kunskaper som faktiskt g\u00f6r en redo f\u00f6r att b\u00f6rja jobba&#8230;<\/a><\/p>\n\t\t\t\t\t\t\t\t\t\t\t\t\t<\/blockquote>\n\t\t\t\t\t\n\t\t\t\t\t\t\t\t\t\t\t<p class=\"c-card__text l-stack-grow u-divider-top u-font-body\">\n\t\t\t\t\t\t\t<span class=\"author u-mr-fluid-lg\">Markus<\/span>\n\t\t\t\t\t\t\t<span class=\"title u-mr-fluid-lg\">El- och energiprogrammet<\/span>\n\t\t\t\t\t\t<\/p>\n\t\t\t\t\t\n\t\t\t\t\t<div class=\"c-card__icon\">\n\t\t\t\t\t\t<svg class=\"ams-icon ams-icon--arrow-right\" width=\"32\" height=\"32\" viewBox=\"0 0 32 32\" fill=\"currentColor\" aria-hidden=\"true\" xmlns=\"http:\/\/www.w3.org\/2000\/svg\">\n\t\t\t\t\t\t\t<path d=\"M15.4617 0.252159L14.9567 0.75931C14.6219 1.09545 14.6219 1.64048 14.9567 1.97669L27.7062 14.7806H0.857144C0.383786 14.7806 0 15.166 0 15.6414V16.3587C0 16.8341 0.383786 17.2195 0.857144 17.2195H27.7062L14.9567 30.0234C14.6219 30.3595 14.6219 30.9045 14.9567 31.2407L15.4617 31.7479C15.7964 32.084 16.3392 32.084 16.6739 31.7479L31.749 16.6087C32.0837 16.2725 32.0837 15.7275 31.749 15.3913L16.6739 0.252159C16.3392 -0.084053 15.7964 -0.084053 15.4617 0.252159Z\"\/>\n\t\t\t\t\t\t<\/svg>\n\t\t\t\t\t<\/div>\n\t\t\t\t<\/div>\n\t\t\t\t<div class=\"c-card__media\" style=\" \">\n\t\t\t\t\t<img decoding=\"async\" width=\"600\" height=\"455\" src=\"https:\/\/ntigymnasiet.se\/wp-content\/uploads\/2023\/05\/nti-markus-it-natverk-2021-600x455.jpeg\" class=\"attachment-md size-md\" alt=\"Kille med gr\u00e5 hoodie kollar in i kameran.\" sizes=\"(min-width: 80em) 600px, (min-width: 48em) calc(.50 * (100vw - 240px)), calc(100vw - 160px)\" srcset=\"https:\/\/ntigymnasiet.se\/wp-content\/uploads\/2023\/05\/nti-markus-it-natverk-2021-600x455.jpeg 600w, https:\/\/ntigymnasiet.se\/wp-content\/uploads\/2023\/05\/nti-markus-it-natverk-2021-300x228.jpeg 300w, https:\/\/ntigymnasiet.se\/wp-content\/uploads\/2023\/05\/nti-markus-it-natverk-2021-400x303.jpeg 400w, https:\/\/ntigymnasiet.se\/wp-content\/uploads\/2023\/05\/nti-markus-it-natverk-2021-800x607.jpeg 800w, https:\/\/ntigymnasiet.se\/wp-content\/uploads\/2023\/05\/nti-markus-it-natverk-2021-1024x777.jpeg 1024w, https:\/\/ntigymnasiet.se\/wp-content\/uploads\/2023\/05\/nti-markus-it-natverk-2021-1200x910.jpeg 1200w\" \/>\n\t\t\t\t<\/div>\n\t\t\t<\/article>\n\t\t<\/li>\n\t<\/ul>\n\t\n\t<div class=\"no-results u-mt-0 u-hide\" data-filter-fallback-id=\"ams-testimonial-list-69f55ec14ea98\">\n\t<p>Det finns inga resultat som matchar din filtrering.<\/p>\n<\/div>\n\n\t\n\n\t\t\n\t\t\t<\/div>\n\n\t\t\n\n<\/section>\n","protected":false},"excerpt":{"rendered":"<p>Arbeta praktiskt med IT, n\u00e4tverk, datorer och webbutveckling.<\/p>\n","protected":false},"featured_media":901,"parent":0,"menu_order":4,"template":"","yoast_head":"<!-- This site is optimized with the Yoast SEO plugin v22.0 - https:\/\/yoast.com\/wordpress\/plugins\/seo\/ -->\n<title>Plugga El- och energiprogrammet i Lule\u00e5 - NTI Gymnasiet<\/title>\n<meta name=\"description\" content=\"Gillar du datorer, IT, programmering och n\u00e4tverk? D\u00e5 \u00e4r yrkesprogrammet el- och energiprogrammet ett bra val.\" \/>\n<meta name=\"robots\" content=\"index, follow, max-snippet:-1, max-image-preview:large, max-video-preview:-1\" \/>\n<link rel=\"canonical\" href=\"https:\/\/ntigymnasiet.se\/lulea\/program\/el-och-energiprogrammet\/\" \/>\n<meta property=\"og:locale\" content=\"sv_SE\" \/>\n<meta property=\"og:type\" content=\"article\" \/>\n<meta property=\"og:title\" content=\"Plugga El- och energiprogrammet i Lule\u00e5 - NTI Gymnasiet\" \/>\n<meta property=\"og:description\" content=\"Gillar du datorer, IT, programmering och n\u00e4tverk? D\u00e5 \u00e4r yrkesprogrammet el- och energiprogrammet ett bra val.\" \/>\n<meta property=\"og:url\" content=\"https:\/\/ntigymnasiet.se\/lulea\/program\/el-och-energiprogrammet\/\" \/>\n<meta property=\"og:site_name\" content=\"Lule\u00e5\" \/>\n<meta property=\"article:modified_time\" content=\"2025-08-27T08:55:07+00:00\" \/>\n<meta property=\"og:image\" content=\"https:\/\/ntigymnasiet.se\/wp-content\/uploads\/sites\/10\/2023\/05\/nti-it-programmet-gymnasiet-dator-och-kommunikationsteknik-202204-1200x630.jpg\" \/>\n\t<meta property=\"og:image:width\" content=\"1200\" \/>\n\t<meta property=\"og:image:height\" content=\"630\" \/>\n\t<meta property=\"og:image:type\" content=\"image\/jpeg\" \/>\n<meta name=\"twitter:card\" content=\"summary_large_image\" \/>\n<meta name=\"twitter:title\" content=\"Plugga El- och energiprogrammet i Lule\u00e5 - NTI Gymnasiet\" \/>\n<meta name=\"twitter:description\" content=\"Gillar du datorer, IT, programmering och n\u00e4tverk? D\u00e5 \u00e4r yrkesprogrammet el- och energiprogrammet ett bra val.\" \/>\n<meta name=\"twitter:image\" content=\"https:\/\/ntigymnasiet.se\/wp-content\/uploads\/sites\/10\/2023\/05\/nti-it-programmet-gymnasiet-dator-och-kommunikationsteknik-202204-1200x630.jpg\" \/>\n<meta name=\"twitter:label1\" content=\"Est. reading time\" \/>\n\t<meta name=\"twitter:data1\" content=\"2 minuter\" \/>\n<script type=\"application\/ld+json\" class=\"yoast-schema-graph\">{\"@context\":\"https:\/\/schema.org\",\"@graph\":[{\"@type\":\"WebPage\",\"@id\":\"https:\/\/ntigymnasiet.se\/lulea\/program\/el-och-energiprogrammet\/\",\"url\":\"https:\/\/ntigymnasiet.se\/lulea\/program\/el-och-energiprogrammet\/\",\"name\":\"Plugga El- och energiprogrammet i Lule\u00e5 - NTI Gymnasiet\",\"isPartOf\":{\"@id\":\"https:\/\/ntigymnasiet.se\/lulea\/#website\"},\"datePublished\":\"2023-05-12T12:23:57+00:00\",\"dateModified\":\"2025-08-27T08:55:07+00:00\",\"description\":\"Gillar du datorer, IT, programmering och n\u00e4tverk? D\u00e5 \u00e4r yrkesprogrammet el- och energiprogrammet ett bra val.\",\"breadcrumb\":{\"@id\":\"https:\/\/ntigymnasiet.se\/lulea\/program\/el-och-energiprogrammet\/#breadcrumb\"},\"inLanguage\":\"sv-SE\",\"potentialAction\":[{\"@type\":\"ReadAction\",\"target\":[\"https:\/\/ntigymnasiet.se\/lulea\/program\/el-och-energiprogrammet\/\"]}]},{\"@type\":\"BreadcrumbList\",\"@id\":\"https:\/\/ntigymnasiet.se\/lulea\/program\/el-och-energiprogrammet\/#breadcrumb\",\"itemListElement\":[{\"@type\":\"ListItem\",\"position\":1,\"name\":\"Start\",\"item\":\"https:\/\/ntigymnasiet.se\/lulea\"},{\"@type\":\"ListItem\",\"position\":2,\"name\":\"V\u00e5ra program\"}]},{\"@type\":\"WebSite\",\"@id\":\"https:\/\/ntigymnasiet.se\/lulea\/#website\",\"url\":\"https:\/\/ntigymnasiet.se\/lulea\/\",\"name\":\"Lule\u00e5\",\"description\":\"Just another WordPress site\",\"potentialAction\":[{\"@type\":\"SearchAction\",\"target\":{\"@type\":\"EntryPoint\",\"urlTemplate\":\"https:\/\/ntigymnasiet.se\/lulea\/?s={search_term_string}\"},\"query-input\":\"required name=search_term_string\"}],\"inLanguage\":\"sv-SE\"}]}<\/script>\n<!-- \/ Yoast SEO plugin. -->","yoast_head_json":{"title":"Plugga El- och energiprogrammet i Lule\u00e5 - NTI Gymnasiet","description":"Gillar du datorer, IT, programmering och n\u00e4tverk? D\u00e5 \u00e4r yrkesprogrammet el- och energiprogrammet ett bra val.","robots":{"index":"index","follow":"follow","max-snippet":"max-snippet:-1","max-image-preview":"max-image-preview:large","max-video-preview":"max-video-preview:-1"},"canonical":"https:\/\/ntigymnasiet.se\/lulea\/program\/el-och-energiprogrammet\/","og_locale":"sv_SE","og_type":"article","og_title":"Plugga El- och energiprogrammet i Lule\u00e5 - NTI Gymnasiet","og_description":"Gillar du datorer, IT, programmering och n\u00e4tverk? D\u00e5 \u00e4r yrkesprogrammet el- och energiprogrammet ett bra val.","og_url":"https:\/\/ntigymnasiet.se\/lulea\/program\/el-och-energiprogrammet\/","og_site_name":"Lule\u00e5","article_modified_time":"2025-08-27T08:55:07+00:00","og_image":[{"width":1200,"height":630,"url":"https:\/\/ntigymnasiet.se\/wp-content\/uploads\/sites\/10\/2023\/05\/nti-it-programmet-gymnasiet-dator-och-kommunikationsteknik-202204-1200x630.jpg","type":"image\/jpeg"}],"twitter_card":"summary_large_image","twitter_title":"Plugga El- och energiprogrammet i Lule\u00e5 - NTI Gymnasiet","twitter_description":"Gillar du datorer, IT, programmering och n\u00e4tverk? D\u00e5 \u00e4r yrkesprogrammet el- och energiprogrammet ett bra val.","twitter_image":"https:\/\/ntigymnasiet.se\/wp-content\/uploads\/sites\/10\/2023\/05\/nti-it-programmet-gymnasiet-dator-och-kommunikationsteknik-202204-1200x630.jpg","twitter_misc":{"Est. reading time":"2 minuter"},"schema":{"@context":"https:\/\/schema.org","@graph":[{"@type":"WebPage","@id":"https:\/\/ntigymnasiet.se\/lulea\/program\/el-och-energiprogrammet\/","url":"https:\/\/ntigymnasiet.se\/lulea\/program\/el-och-energiprogrammet\/","name":"Plugga El- och energiprogrammet i Lule\u00e5 - NTI Gymnasiet","isPartOf":{"@id":"https:\/\/ntigymnasiet.se\/lulea\/#website"},"datePublished":"2023-05-12T12:23:57+00:00","dateModified":"2025-08-27T08:55:07+00:00","description":"Gillar du datorer, IT, programmering och n\u00e4tverk? D\u00e5 \u00e4r yrkesprogrammet el- och energiprogrammet ett bra val.","breadcrumb":{"@id":"https:\/\/ntigymnasiet.se\/lulea\/program\/el-och-energiprogrammet\/#breadcrumb"},"inLanguage":"sv-SE","potentialAction":[{"@type":"ReadAction","target":["https:\/\/ntigymnasiet.se\/lulea\/program\/el-och-energiprogrammet\/"]}]},{"@type":"BreadcrumbList","@id":"https:\/\/ntigymnasiet.se\/lulea\/program\/el-och-energiprogrammet\/#breadcrumb","itemListElement":[{"@type":"ListItem","position":1,"name":"Start","item":"https:\/\/ntigymnasiet.se\/lulea"},{"@type":"ListItem","position":2,"name":"V\u00e5ra program"}]},{"@type":"WebSite","@id":"https:\/\/ntigymnasiet.se\/lulea\/#website","url":"https:\/\/ntigymnasiet.se\/lulea\/","name":"Lule\u00e5","description":"Just another WordPress site","potentialAction":[{"@type":"SearchAction","target":{"@type":"EntryPoint","urlTemplate":"https:\/\/ntigymnasiet.se\/lulea\/?s={search_term_string}"},"query-input":"required name=search_term_string"}],"inLanguage":"sv-SE"}]}},"_links":{"self":[{"href":"https:\/\/ntigymnasiet.se\/lulea\/wp-json\/wp\/v2\/program_orientation\/897"}],"collection":[{"href":"https:\/\/ntigymnasiet.se\/lulea\/wp-json\/wp\/v2\/program_orientation"}],"about":[{"href":"https:\/\/ntigymnasiet.se\/lulea\/wp-json\/wp\/v2\/types\/program_orientation"}],"version-history":[{"count":10,"href":"https:\/\/ntigymnasiet.se\/lulea\/wp-json\/wp\/v2\/program_orientation\/897\/revisions"}],"predecessor-version":[{"id":1680,"href":"https:\/\/ntigymnasiet.se\/lulea\/wp-json\/wp\/v2\/program_orientation\/897\/revisions\/1680"}],"wp:featuredmedia":[{"embeddable":true,"href":"https:\/\/ntigymnasiet.se\/lulea\/wp-json\/wp\/v2\/media\/901"}],"wp:attachment":[{"href":"https:\/\/ntigymnasiet.se\/lulea\/wp-json\/wp\/v2\/media?parent=897"}],"curies":[{"name":"wp","href":"https:\/\/api.w.org\/{rel}","templated":true}]}}