{"id":191,"date":"2023-03-31T16:50:05","date_gmt":"2023-03-31T14:50:05","guid":{"rendered":"https:\/\/ntigymnasiet.se\/lund\/?page_id=191"},"modified":"2025-09-09T08:47:56","modified_gmt":"2025-09-09T06:47:56","slug":"var-skola","status":"publish","type":"page","link":"https:\/\/ntigymnasiet.se\/lund\/var-skola\/","title":{"rendered":"V\u00e5r skola"},"content":{"rendered":"\n\t\n\t\n\t\n\t\n\t\n\n<section \n\tclass=\"ams-hero ams-hero--classic ams-hero--50 c-block l-stacked  \"\n\tdata-color-scheme=\"hero\"\n\tstyle=\"\">\n\t<div class=\"ams-hero__container u-items-center u-justify-center\">\n\t\t<div\n\t\t\tclass=\"ams-hero__content l-stack l-stack-xl is-center is-center@md\" >\n\t\t\t<div class=\"l-stack l-stack-lg\">\n\t\t\t\t\n\t\t\t\t\t\t\t<\/div>\n\n\t\t\t\t\t<\/div>\n\t<\/div>\n\n\t\n\t\t\t\n\t\t\t\t\t\t\t\n\t\t\t\t<div class=\"c-bg c-bg--img\" data-settings=\"{&quot;desktop_settings&quot;:{&quot;size&quot;:&quot;cover&quot;,&quot;position&quot;:&quot;middle-center&quot;},&quot;mobile_settings&quot;:{&quot;size&quot;:&quot;cover&quot;,&quot;position&quot;:&quot;middle-center&quot;}}\" data-position=\"middle-center\" data-size=\"cover\">\n\t\t\t<img decoding=\"async\" width=\"1920\" height=\"1080\" src=\"https:\/\/ntigymnasiet.se\/wp-content\/uploads\/sites\/11\/2023\/04\/nti-var-gymnasieskola-202204-1.jpg\" class=\"attachment-hero-lg size-hero-lg\" alt=\"4 elever st\u00e5r och spela med VR. Killen l\u00e4ngst fram har p\u00e5 sig VR-glas\u00f6gon och de andra st\u00e5r bakom och tittar upp p\u00e5 en sk\u00e4rm som visar vad han ser.\" sizes=\"(max-width: 1920px) 100vw, 1920px\" srcset=\"https:\/\/ntigymnasiet.se\/wp-content\/uploads\/sites\/11\/2023\/04\/nti-var-gymnasieskola-202204-1.jpg 1920w, https:\/\/ntigymnasiet.se\/wp-content\/uploads\/sites\/11\/2023\/04\/nti-var-gymnasieskola-202204-1-300x169.jpg 300w, https:\/\/ntigymnasiet.se\/wp-content\/uploads\/sites\/11\/2023\/04\/nti-var-gymnasieskola-202204-1-400x225.jpg 400w, https:\/\/ntigymnasiet.se\/wp-content\/uploads\/sites\/11\/2023\/04\/nti-var-gymnasieskola-202204-1-600x338.jpg 600w, https:\/\/ntigymnasiet.se\/wp-content\/uploads\/sites\/11\/2023\/04\/nti-var-gymnasieskola-202204-1-800x450.jpg 800w, https:\/\/ntigymnasiet.se\/wp-content\/uploads\/sites\/11\/2023\/04\/nti-var-gymnasieskola-202204-1-1024x576.jpg 1024w, https:\/\/ntigymnasiet.se\/wp-content\/uploads\/sites\/11\/2023\/04\/nti-var-gymnasieskola-202204-1-1200x675.jpg 1200w\" \/>\n\t\t<\/div>\n\t\n<\/section>\n\n\n\n\n<section  class=\"ams-cta ams-cta--stacked c-block l-stacked\" data-color-scheme=\"vit\">\n\t<div class=\"l-container-narrow l-stack l-stack-fluid-2xl u-pt-fluid-3xl-6xl u-pb-fluid-3xl-6xl is-center is-center@md\">\n\t\t\t\t\t<div class=\"ams-cta__intro l-stack l-stack-lg\">\n\t\t\t\t\t\n\t<h1\n\tclass=\"c-heading u-font-title-1 \"\n\tstyle=\"\">\n\t\t\n\t\t\t\t\tV\u00e5rt teknikgymnasium i Lund\n\t\t\t\t\n\t<\/h1>\n\n\t\t\t\t\t\t\t\t\t<div class=\"c-text l-stack u-cs-xl u-font-body\">\n\t\t\t\t\t\t<p>NTI Gymnasiet Lund \u00e4r ett tryggt gymnasium i en vacker milj\u00f6 d\u00e4r vi alla tillsammans jobbar f\u00f6r att du som elev ska n\u00e5 dina m\u00e5l.<\/p>\n\n\t\t\t\t\t<\/div>\n\t\t\t\t\t\t\t<\/div>\n\t\t\n\t\t\n\t\t\t<\/div>\n\n\t\t\n\n<\/section>\n\n\n\n\t\n\t\n\t\n\n\t\n\t\n\t\t\n<section  class=\"c-block l-stacked  \" data-color-scheme=\"light-grey\">\n\t<div class=\"ams-fifty ams-fifty--container ams-fifty--right ams-fifty--top l-container u-pt-fluid-3xl-6xl u-pb-fluid-3xl-6xl\">\n\t\t<div class=\"ams-fifty__content l-stack l-stack-xl is-center is-left@lg\">\n\t\t\t<div class=\"ams-fifty__text l-stack l-stack-lg\">\n\t\t\t\t\t\n\t<h2\n\tclass=\"c-heading u-font-title-1 \"\n\tstyle=\"\">\n\t\t\n\t\t\t\t\tFramtidss\u00e4krade utbildningar\n\t\t\t\t\n\t<\/h2>\n\n\t\t\t\t\t\t\t\t\t<div class=\"text l-stack u-font-body\">\n\t\t\t\t\t\t<p>H\u00e4r erbjuds en kvalitativ utbildning med kompetenta l\u00e4rare och i n\u00e4ra samarbete med regionens n\u00e4ringsliv. Hos oss finns en bred kompetens inom teknik och IT f\u00f6r att du som elev ska kunna leda och navigera i en digitaliserad framtid! Undervisningen hos oss p\u00e5 NTI Gymnasiet Lund \u00e4r forsknings- och verklighetsbaserad och anv\u00e4nder samma professionella verktyg som ute i branschen. Forma din egen framtid idag, var med och utveckla samh\u00e4llet imorgon.<\/p>\n<p>V\u00e5rt teknikgymnasium i Lund st\u00e5r f\u00f6r nyfikenhet och en verklighetsn\u00e4ra utbildning med engagerad personal. H\u00e4r g\u00f6r sig v\u00e5ra elever redo f\u00f6r en digital v\u00e4rld i snabb f\u00f6r\u00e4ndring inom tech, science och IT. I h\u00f6st kanske du \u00e4r en av oss. Oavsett om du v\u00e4ljer att plugga vidare eller b\u00f6rja arbeta direkt efter examen kommer du att ha nytta av din aktuella kunskap och erfarenhet fr\u00e5n att anv\u00e4nda den allra senaste tekniken.<\/p>\n\n\t\t\t\t\t<\/div>\n\t\t\t\t\t\t\t<\/div>\n\n\t\t\t\t\t<\/div>\n\n\t\t <div class=\"ams-fifty__media u-ratio-square\">\n\t\t \t\t\t\t\t<img decoding=\"async\" width=\"600\" height=\"600\" src=\"https:\/\/ntigymnasiet.se\/wp-content\/uploads\/sites\/11\/2023\/04\/nti-om-oss-teknik-it-design-202204-600x600.png\" class=\"attachment-md size-md\" alt=\"En elev \u00e4r vid en 3D-printer.\" sizes=\"(min-width: 64em) 600px, calc(100vw - 160px)\" srcset=\"https:\/\/ntigymnasiet.se\/wp-content\/uploads\/sites\/11\/2023\/04\/nti-om-oss-teknik-it-design-202204-600x600.png 600w, https:\/\/ntigymnasiet.se\/wp-content\/uploads\/sites\/11\/2023\/04\/nti-om-oss-teknik-it-design-202204-150x150.png 150w, https:\/\/ntigymnasiet.se\/wp-content\/uploads\/sites\/11\/2023\/04\/nti-om-oss-teknik-it-design-202204-300x300.png 300w, https:\/\/ntigymnasiet.se\/wp-content\/uploads\/sites\/11\/2023\/04\/nti-om-oss-teknik-it-design-202204-400x400.png 400w, https:\/\/ntigymnasiet.se\/wp-content\/uploads\/sites\/11\/2023\/04\/nti-om-oss-teknik-it-design-202204.png 700w\" \/>\n\t\t\t\n\t\t\t\n\t\t\t\t\t<\/div>\n\t<\/div>\n\n\t\t\n\n<\/section>\n\n\n\n\t\n\t\n\t\n\n\t\n\t\n\t\t\n<section  class=\"c-block l-stacked  \" data-color-scheme=\"vit\">\n\t<div class=\"ams-fifty ams-fifty--container ams-fifty--left ams-fifty--top l-container u-pt-fluid-3xl-6xl u-pb-fluid-3xl-6xl\">\n\t\t<div class=\"ams-fifty__content l-stack l-stack-xl is-left is-left@lg\">\n\t\t\t<div class=\"ams-fifty__text l-stack l-stack-lg\">\n\t\t\t\t\t\n\t<h2\n\tclass=\"c-heading u-font-title-1 \"\n\tstyle=\"\">\n\t\t\n\t\t\t\t\tFramtidens innovationer b\u00f6rjar h\u00e4r\n\t\t\t\t\n\t<\/h2>\n\n\t\t\t\t\t\t\t\t\t<div class=\"text l-stack u-font-body\">\n\t\t\t\t\t\t<p data-pm-slice=\"1 1 []\">P\u00e5 v\u00e5ra gymnasieskolor f\u00e5r du testa teorin i verkligheten och ta dina f\u00f6rsta steg mot att utveckla framtiden. Du f\u00e5r exempelvis skapa i v\u00e5ra makerspaces eller starta och driva f\u00f6retag tillsammans med andra. Dessutom f\u00e5r du med dig f\u00e4rska kunskaper inom programmering och entrepren\u00f6rskap. Digital grundkunskap f\u00f6renar v\u00e5ra program och g\u00f6r dig eftertraktad oavsett vilken bransch du v\u00e4ljer att arbeta inom i framtiden.<\/p>\n\n\t\t\t\t\t<\/div>\n\t\t\t\t\t\t\t<\/div>\n\n\t\t\t\t\t<\/div>\n\n\t\t <div class=\"ams-fifty__media u-ratio-widescreen\">\n\t\t \t\n\t\t\t\n\t\t\t\t\t\t\t<lite-youtube videoid=\"Y-TCNfrz-4A\" style=\"background-image: url('https:\/\/i.ytimg.com\/vi\/Y-TCNfrz-4A\/hqdefault.jpg');\">\n\t\t\t\t\t\t<button href=\"https:\/\/youtube.com\/watch?v=Y-TCNfrz-4A\" class=\"lty-playbtn\" title=\"Play Video\">\n\t\t\t\t\t\t\t<span class=\"lyt-visually-hidden\">Play Video<\/span>\n\t\t\t\t\t\t<\/button>\n\t\t\t\t\t<\/lite-youtube>\n\t\t\t\t\t<\/div>\n\t<\/div>\n\n\t\t\n\n<\/section>\n\n\n\n\t<div class=\"module_wrapper ams_remote_pages_module \">\n\t\t\n\n<section  class=\"ams-cta ams-cta--stacked c-block l-stacked\" data-color-scheme=\"vit-2-pa-mork-bakgrund\">\n\t<div class=\"l-container-narrow l-stack l-stack-fluid-2xl u-pt-fluid-3xl-6xl u-pb-fluid-3xl-6xl is-center is-center@md\">\n\t\t\t\t\t<div class=\"ams-cta__intro l-stack l-stack-lg\">\n\t\t\t\t\t\n\t<h2\n\tclass=\"c-heading u-font-title-1 \"\n\tstyle=\"\">\n\t\t\n\t\t\t\t\tVill du bes\u00f6ka oss?\n\t\t\t\t\n\t<\/h2>\n\n\t\t\t\t\t\t\t\t\t<div class=\"c-text l-stack u-cs-xl u-font-body\">\n\t\t\t\t\t\t<p><span data-sheets-value=\"{&quot;1&quot;:2,&quot;2&quot;:&quot;Kom p\u00e5 \u00f6ppet hus eller g\u00f6r en prova p\u00e5-dag hos oss. D\u00e5 f\u00e5r du mer information om skolan och kan tr\u00e4ffa elever och l\u00e4rare.&quot;}\" data-sheets-userformat=\"{&quot;2&quot;:963,&quot;3&quot;:{&quot;1&quot;:0},&quot;4&quot;:{&quot;1&quot;:2,&quot;2&quot;:16777215},&quot;9&quot;:0,&quot;10&quot;:0,&quot;11&quot;:3,&quot;12&quot;:0}\">Kom p\u00e5 \u00f6ppet hus eller g\u00f6r en prova p\u00e5-dag hos oss. D\u00e5 f\u00e5r du mer information om skolan och kan tr\u00e4ffa elever och l\u00e4rare.<\/span><\/p>\n\n\t\t\t\t\t<\/div>\n\t\t\t\t\t\t\t<\/div>\n\t\t\n\t\t\n\t\t\t<div class=\"ams-cta__action u-inline-items\">\n\t\t\t\t\t\t\t\n\n\n<a href=\"https:\/\/ntigymnasiet.se\/lund\/oppet-hus\/\"\n\t\n\tclass=\"c-btn \"\n\tdata-style=\"rounded\"\n\tdata-size=\"md\"\n\tdata-width=\"full-mobile\"\n\tdata-variant=\"default\"\n\ttarget=\"_self\">\n\t\t\t<span class=\"label\"> G\u00e5 p\u00e5 \u00f6ppet hus<\/span>\n\t\t\t<\/a>\n\t\t\t\t\t\t\t\n\n\n<a href=\"https:\/\/ntigymnasiet.se\/lund\/prova-pa-dag\/\"\n\t\n\tclass=\"c-btn \"\n\tdata-style=\"rounded\"\n\tdata-size=\"md\"\n\tdata-width=\"full-mobile\"\n\tdata-variant=\"outline\"\n\ttarget=\"_self\">\n\t\t\t<span class=\"label\"> Boka prova p\u00e5-dag<\/span>\n\t\t\t<\/a>\n\t\t\t<\/div>\n\t<\/div>\n\n\t\t\n\t\t\t\n\t\t\t\t\t\t\t\n\t\t\t\t<div class=\"c-bg c-bg--img\" data-settings=\"{&quot;desktop_settings&quot;:{&quot;size&quot;:&quot;cover&quot;,&quot;position&quot;:&quot;middle-center&quot;},&quot;mobile_settings&quot;:{&quot;size&quot;:&quot;cover&quot;,&quot;position&quot;:&quot;middle-center&quot;}}\" data-position=\"middle-center\" data-size=\"cover\">\n\t\t\t<img decoding=\"async\" width=\"1920\" height=\"1080\" src=\"https:\/\/ntigymnasiet.se\/wp-content\/uploads\/sites\/11\/2023\/04\/ntitechbgsvagacirklar3.jpg\" class=\"attachment-hero-lg size-hero-lg\" alt=\"Lila bakgrund.\" sizes=\"(max-width: 1920px) 100vw, 1920px\" srcset=\"https:\/\/ntigymnasiet.se\/wp-content\/uploads\/sites\/11\/2023\/04\/ntitechbgsvagacirklar3.jpg 1920w, https:\/\/ntigymnasiet.se\/wp-content\/uploads\/sites\/11\/2023\/04\/ntitechbgsvagacirklar3-300x169.jpg 300w, https:\/\/ntigymnasiet.se\/wp-content\/uploads\/sites\/11\/2023\/04\/ntitechbgsvagacirklar3-400x225.jpg 400w, https:\/\/ntigymnasiet.se\/wp-content\/uploads\/sites\/11\/2023\/04\/ntitechbgsvagacirklar3-600x338.jpg 600w, https:\/\/ntigymnasiet.se\/wp-content\/uploads\/sites\/11\/2023\/04\/ntitechbgsvagacirklar3-800x450.jpg 800w, https:\/\/ntigymnasiet.se\/wp-content\/uploads\/sites\/11\/2023\/04\/ntitechbgsvagacirklar3-1024x576.jpg 1024w, https:\/\/ntigymnasiet.se\/wp-content\/uploads\/sites\/11\/2023\/04\/ntitechbgsvagacirklar3-1200x675.jpg 1200w\" \/>\n\t\t<\/div>\n\t\n<\/section>\n\t<\/div>\n\n\t\n\n\n\n<section  class=\"ams-cta ams-cta--stacked c-block l-stacked\" data-color-scheme=\"vit\">\n\t<div class=\"l-container-narrow l-stack l-stack-fluid-2xl u-pt-fluid-3xl-6xl u-pb-fluid-Ingen is-left is-center@md\">\n\t\t\t\t\t<div class=\"ams-cta__intro l-stack l-stack-lg\">\n\t\t\t\t\t\n\t<h2\n\tclass=\"c-heading u-font-title-1 \"\n\tstyle=\"\">\n\t\t\n\t\t\t\t\tV\u00e5ra lokaler\n\t\t\t\t\n\t<\/h2>\n\n\t\t\t\t\t\t\t\t\t<div class=\"c-text l-stack u-cs-xl u-font-body\">\n\t\t\t\t\t\t<p>P\u00e5 v\u00e5r skola har vi lokaler som \u00e4r utrustade med den senaste tekniken. Vi har ett helt nytt makerspace, nybyggda salar och ett unikt serverrum som Microsoft hj\u00e4lpt oss med. Ut\u00f6ver det har vi en trevlig innerg\u00e5rd med v\u00e4xthus, pingisbord och basketkorgar f\u00f6r att du ska trivas och m\u00e5 bra. I skolans v\u00e4lutrustade bibliotek \u00e4r du v\u00e4lkommen att tillbringa dina raster, studera i en lugn milj\u00f6 och f\u00e5 hj\u00e4lp av skolans bibliotekarie. V\u00e5rt <a href=\"https:\/\/ntigymnasiet.se\/lund\/var-skola\/makerspace\/\">makerspace<\/a> \u00e4r utrustat med den senaste tekniken som du f\u00e5r anv\u00e4nda b\u00e5de inom utbildningen och utanf\u00f6r lektionstid.<\/p>\n\n\t\t\t\t\t<\/div>\n\t\t\t\t\t\t\t<\/div>\n\t\t\n\t\t\n\t\t\t<\/div>\n\n\t\t\n\n<\/section>\n\n\n\n<div class=\"wp-block-columns is-layout-flex wp-container-core-columns-layout-1 wp-block-columns-is-layout-flex\">\n<div class=\"wp-block-column is-layout-flow wp-block-column-is-layout-flow\" style=\"flex-basis:10%\"><\/div>\n\n\n\n<div class=\"wp-block-column is-layout-flow wp-block-column-is-layout-flow\" style=\"flex-basis:40%\"><\/div>\n\n\n\n<div class=\"wp-block-column is-layout-flow wp-block-column-is-layout-flow\" style=\"flex-basis:40%\"><\/div>\n\n\n\n<div class=\"wp-block-column is-layout-flow wp-block-column-is-layout-flow\" style=\"flex-basis:10%\"><\/div>\n<\/div>\n\n\n\n\n<section  class=\"ams-social-media-feed c-block l-stacked\" data-color-scheme=\"light-grey\">\n\t<div class=\"l-container l-stack l-stack-fluid-2xl u-pt-fluid-3xl-6xl u-pb-fluid-3xl-6xl is-center is-center@md\">\n\t\t\t\t\t<div class=\"ams-social-media-feed__intro l-stack l-stack-lg\">\n\t\t\t\t\t\n\t<h2\n\tclass=\"c-heading u-font-title-1 \"\n\tstyle=\"\">\n\t\t\n\t\t\t\t\tF\u00e5 en inblick i v\u00e5r vardag\n\t\t\t\t\n\t<\/h2>\n\n\t\t\t\t\t\t\t\t\t<div class=\"c-text l-stack u-cs-xl u-font-body\">\n\t\t\t\t\t\t<p>F\u00e5 en inblick i v\u00e5r vardag genom att f\u00f6lja oss p\u00e5 sociala medier.<\/p>\n\n\t\t\t\t\t<\/div>\n\t\t\t\t\t\t\t<\/div>\n\t\t\n\t\t\t\t\t<div class=\"elfsight-app-6e01c456-313d-4359-95d8-174e42cf4dc8\"><\/div>\n\t\n\t\t\t<\/div>\n\n\t\t\n\n<\/section>\n\n\n\n\n<section  class=\"ams-cta ams-cta--stacked c-block l-stacked\" data-color-scheme=\"vit\">\n\t<div class=\"l-container-narrow l-stack l-stack-fluid-2xl u-pt-fluid-3xl-6xl u-pb-fluid-3xl-6xl is-center is-center@md\">\n\t\t\t\t\t<div class=\"ams-cta__intro l-stack l-stack-lg\">\n\t\t\t\t\t\n\t<h2\n\tclass=\"c-heading u-font-title-1 \"\n\tstyle=\"\">\n\t\t\n\t\t\t\t\tVanliga fr\u00e5gor\n\t\t\t\t\n\t<\/h2>\n\n\t\t\t\t\t\t\t\t\t<div class=\"c-text l-stack u-cs-xl u-font-body\">\n\t\t\t\t\t\t<p><span data-sheets-value=\"{&quot;1&quot;:2,&quot;2&quot;:&quot;H\u00e4r hittar du svaren p\u00e5 vanliga fr\u00e5gor om NTI Gymnasiet Ort.&quot;}\" data-sheets-userformat=\"{&quot;2&quot;:835,&quot;3&quot;:{&quot;1&quot;:0},&quot;4&quot;:{&quot;1&quot;:2,&quot;2&quot;:16777215},&quot;9&quot;:0,&quot;11&quot;:3,&quot;12&quot;:0}\">H\u00e4r hittar du svaren p\u00e5 vanliga fr\u00e5gor om v\u00e5r skola.<\/span><\/p>\n\n\t\t\t\t\t<\/div>\n\t\t\t\t\t\t\t<\/div>\n\t\t\n\t\t\n\t\t\t<div class=\"ams-cta__action u-inline-items\">\n\t\t\t\t\t\t\t\n\n\n<a href=\"https:\/\/ntigymnasiet.se\/lund\/vanliga-fragor\/\"\n\t\n\tclass=\"c-btn \"\n\tdata-style=\"rounded\"\n\tdata-size=\"md\"\n\tdata-width=\"full-mobile\"\n\tdata-variant=\"default\"\n\ttarget=\"_self\">\n\t\t\t<span class=\"label\"> Till vanliga fr\u00e5gor<\/span>\n\t\t\t<\/a>\n\t\t\t<\/div>\n\t<\/div>\n\n\t\t\n\n<\/section>\n","protected":false},"excerpt":{"rendered":"","protected":false},"author":4,"featured_media":0,"parent":0,"menu_order":0,"comment_status":"closed","ping_status":"closed","template":"","meta":{"footnotes":""},"yoast_head":"<!-- This site is optimized with the Yoast SEO plugin v22.0 - https:\/\/yoast.com\/wordpress\/plugins\/seo\/ -->\n<title>V\u00e5r skola - NTI Gymnasiet Lund<\/title>\n<meta name=\"description\" content=\"NTI Gymnasiet Lund \u00e4r en trygg skola i en vacker milj\u00f6 d\u00e4r vi alla tillsammans jobbar f\u00f6r att du som elev ska n\u00e5 dina m\u00e5l.\" \/>\n<meta name=\"robots\" content=\"index, follow, max-snippet:-1, max-image-preview:large, max-video-preview:-1\" \/>\n<link rel=\"canonical\" href=\"https:\/\/ntigymnasiet.se\/lund\/var-skola\/\" \/>\n<meta property=\"og:locale\" content=\"sv_SE\" \/>\n<meta property=\"og:type\" content=\"article\" \/>\n<meta property=\"og:title\" content=\"V\u00e5r skola - NTI Gymnasiet Lund\" \/>\n<meta property=\"og:description\" content=\"NTI Gymnasiet Lund \u00e4r en trygg skola i en vacker milj\u00f6 d\u00e4r vi alla tillsammans jobbar f\u00f6r att du som elev ska n\u00e5 dina m\u00e5l.\" \/>\n<meta property=\"og:url\" content=\"https:\/\/ntigymnasiet.se\/lund\/var-skola\/\" \/>\n<meta property=\"og:site_name\" content=\"Lund\" \/>\n<meta property=\"article:modified_time\" content=\"2025-09-09T06:47:56+00:00\" \/>\n<meta name=\"twitter:card\" content=\"summary_large_image\" \/>\n<meta name=\"twitter:title\" content=\"V\u00e5r skola - NTI Gymnasiet Lund\" \/>\n<meta name=\"twitter:description\" content=\"NTI Gymnasiet Lund \u00e4r en trygg skola i en vacker milj\u00f6 d\u00e4r vi alla tillsammans jobbar f\u00f6r att du som elev ska n\u00e5 dina m\u00e5l.\" \/>\n<meta name=\"twitter:label1\" content=\"Est. reading time\" \/>\n\t<meta name=\"twitter:data1\" content=\"3 minuter\" \/>\n<script type=\"application\/ld+json\" class=\"yoast-schema-graph\">{\"@context\":\"https:\/\/schema.org\",\"@graph\":[{\"@type\":\"WebPage\",\"@id\":\"https:\/\/ntigymnasiet.se\/lund\/var-skola\/\",\"url\":\"https:\/\/ntigymnasiet.se\/lund\/var-skola\/\",\"name\":\"V\u00e5r skola - NTI Gymnasiet Lund\",\"isPartOf\":{\"@id\":\"https:\/\/ntigymnasiet.se\/lund\/#website\"},\"datePublished\":\"2023-03-31T14:50:05+00:00\",\"dateModified\":\"2025-09-09T06:47:56+00:00\",\"description\":\"NTI Gymnasiet Lund \u00e4r en trygg skola i en vacker milj\u00f6 d\u00e4r vi alla tillsammans jobbar f\u00f6r att du som elev ska n\u00e5 dina m\u00e5l.\",\"breadcrumb\":{\"@id\":\"https:\/\/ntigymnasiet.se\/lund\/var-skola\/#breadcrumb\"},\"inLanguage\":\"sv-SE\",\"potentialAction\":[{\"@type\":\"ReadAction\",\"target\":[\"https:\/\/ntigymnasiet.se\/lund\/var-skola\/\"]}]},{\"@type\":\"BreadcrumbList\",\"@id\":\"https:\/\/ntigymnasiet.se\/lund\/var-skola\/#breadcrumb\",\"itemListElement\":[{\"@type\":\"ListItem\",\"position\":1,\"name\":\"Start\",\"item\":\"https:\/\/ntigymnasiet.se\/lund\/\"},{\"@type\":\"ListItem\",\"position\":2,\"name\":\"V\u00e5r skola\"}]},{\"@type\":\"WebSite\",\"@id\":\"https:\/\/ntigymnasiet.se\/lund\/#website\",\"url\":\"https:\/\/ntigymnasiet.se\/lund\/\",\"name\":\"Lund\",\"description\":\"Just another WordPress site\",\"potentialAction\":[{\"@type\":\"SearchAction\",\"target\":{\"@type\":\"EntryPoint\",\"urlTemplate\":\"https:\/\/ntigymnasiet.se\/lund\/?s={search_term_string}\"},\"query-input\":\"required name=search_term_string\"}],\"inLanguage\":\"sv-SE\"}]}<\/script>\n<!-- \/ Yoast SEO plugin. -->","yoast_head_json":{"title":"V\u00e5r skola - NTI Gymnasiet Lund","description":"NTI Gymnasiet Lund \u00e4r en trygg skola i en vacker milj\u00f6 d\u00e4r vi alla tillsammans jobbar f\u00f6r att du som elev ska n\u00e5 dina m\u00e5l.","robots":{"index":"index","follow":"follow","max-snippet":"max-snippet:-1","max-image-preview":"max-image-preview:large","max-video-preview":"max-video-preview:-1"},"canonical":"https:\/\/ntigymnasiet.se\/lund\/var-skola\/","og_locale":"sv_SE","og_type":"article","og_title":"V\u00e5r skola - NTI Gymnasiet Lund","og_description":"NTI Gymnasiet Lund \u00e4r en trygg skola i en vacker milj\u00f6 d\u00e4r vi alla tillsammans jobbar f\u00f6r att du som elev ska n\u00e5 dina m\u00e5l.","og_url":"https:\/\/ntigymnasiet.se\/lund\/var-skola\/","og_site_name":"Lund","article_modified_time":"2025-09-09T06:47:56+00:00","twitter_card":"summary_large_image","twitter_title":"V\u00e5r skola - NTI Gymnasiet Lund","twitter_description":"NTI Gymnasiet Lund \u00e4r en trygg skola i en vacker milj\u00f6 d\u00e4r vi alla tillsammans jobbar f\u00f6r att du som elev ska n\u00e5 dina m\u00e5l.","twitter_misc":{"Est. reading time":"3 minuter"},"schema":{"@context":"https:\/\/schema.org","@graph":[{"@type":"WebPage","@id":"https:\/\/ntigymnasiet.se\/lund\/var-skola\/","url":"https:\/\/ntigymnasiet.se\/lund\/var-skola\/","name":"V\u00e5r skola - NTI Gymnasiet Lund","isPartOf":{"@id":"https:\/\/ntigymnasiet.se\/lund\/#website"},"datePublished":"2023-03-31T14:50:05+00:00","dateModified":"2025-09-09T06:47:56+00:00","description":"NTI Gymnasiet Lund \u00e4r en trygg skola i en vacker milj\u00f6 d\u00e4r vi alla tillsammans jobbar f\u00f6r att du som elev ska n\u00e5 dina m\u00e5l.","breadcrumb":{"@id":"https:\/\/ntigymnasiet.se\/lund\/var-skola\/#breadcrumb"},"inLanguage":"sv-SE","potentialAction":[{"@type":"ReadAction","target":["https:\/\/ntigymnasiet.se\/lund\/var-skola\/"]}]},{"@type":"BreadcrumbList","@id":"https:\/\/ntigymnasiet.se\/lund\/var-skola\/#breadcrumb","itemListElement":[{"@type":"ListItem","position":1,"name":"Start","item":"https:\/\/ntigymnasiet.se\/lund\/"},{"@type":"ListItem","position":2,"name":"V\u00e5r skola"}]},{"@type":"WebSite","@id":"https:\/\/ntigymnasiet.se\/lund\/#website","url":"https:\/\/ntigymnasiet.se\/lund\/","name":"Lund","description":"Just another WordPress site","potentialAction":[{"@type":"SearchAction","target":{"@type":"EntryPoint","urlTemplate":"https:\/\/ntigymnasiet.se\/lund\/?s={search_term_string}"},"query-input":"required name=search_term_string"}],"inLanguage":"sv-SE"}]}},"_links":{"self":[{"href":"https:\/\/ntigymnasiet.se\/lund\/wp-json\/wp\/v2\/pages\/191"}],"collection":[{"href":"https:\/\/ntigymnasiet.se\/lund\/wp-json\/wp\/v2\/pages"}],"about":[{"href":"https:\/\/ntigymnasiet.se\/lund\/wp-json\/wp\/v2\/types\/page"}],"author":[{"embeddable":true,"href":"https:\/\/ntigymnasiet.se\/lund\/wp-json\/wp\/v2\/users\/4"}],"replies":[{"embeddable":true,"href":"https:\/\/ntigymnasiet.se\/lund\/wp-json\/wp\/v2\/comments?post=191"}],"version-history":[{"count":10,"href":"https:\/\/ntigymnasiet.se\/lund\/wp-json\/wp\/v2\/pages\/191\/revisions"}],"predecessor-version":[{"id":1670,"href":"https:\/\/ntigymnasiet.se\/lund\/wp-json\/wp\/v2\/pages\/191\/revisions\/1670"}],"wp:attachment":[{"href":"https:\/\/ntigymnasiet.se\/lund\/wp-json\/wp\/v2\/media?parent=191"}],"curies":[{"name":"wp","href":"https:\/\/api.w.org\/{rel}","templated":true}]}}