{"id":1750,"date":"2025-11-04T13:22:53","date_gmt":"2025-11-04T12:22:53","guid":{"rendered":"https:\/\/ntigymnasiet.se\/malmo\/?page_id=1750"},"modified":"2026-07-02T08:51:35","modified_gmt":"2026-07-02T06:51:35","slug":"kamerabevakning","status":"publish","type":"page","link":"https:\/\/ntigymnasiet.se\/malmo\/kamerabevakning\/","title":{"rendered":"Kamerabevakning"},"content":{"rendered":"<section \n\t\t class=\"\n\t\t ams-container\n\t\t \n\t\t c-block l-stacked\n\t\t \n\t\t \n\t\t \"\n\t\t data-color-scheme=\"standard_morkbeige-bakgrund\"\n\t\t >\n\t\t<div\n\t\t\t class=\"\n\t\t\t l-container-narrow\n\t\t\t l-stack l-stack-fluid-2xl\n\t\t\t u-pt-fluid-3xl-6xl\n\t\t\t u-pb-fluid-3xl-6xl\n\t\t\t is-left\n\t\t\t is-left@md\n\t\t\t \">\n\t\t\t\t\t<div class=\"ams-container__intro\">\n\t\t\t\t\t\t\t\t\t\t\t\t\t\t\t\t\t\n\n<h1 class=\"wp-block-heading\">Kamerabevakning<\/h1>\n\n\n\n<p><strong>H\u00e4r finns information om kamera\u00f6vervakning p\u00e5 skolan. <\/strong><\/p>\n\n\n\n<h2 class=\"wp-block-heading\">Information om kamerabevakning<\/h2>\n\n\n\n<p>Skolan kamerabevakar f\u00f6r att f\u00f6rhindra och f\u00f6rebygga brott. D\u00e4rigenom ska skolan bli tryggare. <strong>NTI Gymnasiet Macro AB<\/strong> \u00e4r personuppgiftsansvarig. Bevakningen sker dagtid i gemensamma utrymmen. Ljud spelas inte in. Den r\u00e4ttsliga grunden \u00e4r allm\u00e4nt intresse utifr\u00e5n krav i skollagen och arbetsmilj\u00f6lagen p\u00e5 en trygg skol- och arbetsmilj\u00f6.<\/p>\n\n\n\n<p>Rektor och s\u00e4rskilt utsedd administrativ personal har \u00e5tkomst till materialet och tar del vid incidenter. Material kan \u00f6verf\u00f6ras till Polisen och andra myndigheter. Filmat material sparas 3 dygn, filmer fr\u00e5n incidenter sparas l\u00e4ngre (vanligen 2 \u00e5r). Uppgifter f\u00f6rs inte \u00f6ver till s.k. tredje land. Filmade kan inv\u00e4nda mot bevakningen, beg\u00e4ra radering eller tillg\u00e5ng. De kan \u00e4ven skicka in klagom\u00e5l.<\/p>\n\n\n\n<p>Fr\u00e5gor riktas till skolans rektor, likas\u00e5 inv\u00e4ndning, beg\u00e4ran om radering eller tillg\u00e5ng. Klagom\u00e5l p\u00e5 bevakningen kan riktas till skolans dataskyddsombud (<a href=\"mailto:dataskydd@academedia.se\">dataskydd@academedia.se<\/a>) eller tillsynsmyndigheten IMY (<a href=\"mailto:imy@imy.se\">imy@imy.se<\/a>).<\/p>\n\n\n\t\t\t\t\t\t\t\t\t\t\t\t<\/div>\n\t\t<\/div>\n\n\t\t\t\t\n\n<\/section>\n","protected":false},"excerpt":{"rendered":"","protected":false},"author":64,"featured_media":0,"parent":0,"menu_order":0,"comment_status":"closed","ping_status":"closed","template":"","meta":{"footnotes":""},"yoast_head":"<!-- This site is optimized with the Yoast SEO plugin v22.0 - https:\/\/yoast.com\/wordpress\/plugins\/seo\/ -->\n<title>Malm\u00f6<\/title>\n<meta name=\"description\" content=\"Du som bes\u00f6ker skolan har r\u00e4tt att f\u00e5 information om hur skolan behandlar personuppgifter med anledningen av skolans kamerabevakning.\" \/>\n<meta name=\"robots\" content=\"index, follow, max-snippet:-1, max-image-preview:large, max-video-preview:-1\" \/>\n<link rel=\"canonical\" href=\"https:\/\/ntigymnasiet.se\/malmo\/kamerabevakning\/\" \/>\n<meta property=\"og:locale\" content=\"sv_SE\" \/>\n<meta property=\"og:type\" content=\"article\" \/>\n<meta property=\"og:description\" content=\"Du som bes\u00f6ker skolan har r\u00e4tt att f\u00e5 information om hur skolan behandlar personuppgifter med anledningen av skolans kamerabevakning.\" \/>\n<meta property=\"og:url\" content=\"https:\/\/ntigymnasiet.se\/malmo\/kamerabevakning\/\" \/>\n<meta property=\"og:site_name\" content=\"Malm\u00f6\" \/>\n<meta property=\"article:modified_time\" content=\"2026-07-02T06:51:35+00:00\" \/>\n<meta name=\"twitter:card\" content=\"summary_large_image\" \/>\n<meta name=\"twitter:description\" content=\"Du som bes\u00f6ker skolan har r\u00e4tt att f\u00e5 information om hur skolan behandlar personuppgifter med anledningen av skolans kamerabevakning.\" \/>\n<meta name=\"twitter:label1\" content=\"Est. reading time\" \/>\n\t<meta name=\"twitter:data1\" content=\"2 minuter\" \/>\n<script type=\"application\/ld+json\" class=\"yoast-schema-graph\">{\"@context\":\"https:\/\/schema.org\",\"@graph\":[{\"@type\":\"WebPage\",\"@id\":\"https:\/\/ntigymnasiet.se\/malmo\/kamerabevakning\/\",\"url\":\"https:\/\/ntigymnasiet.se\/malmo\/kamerabevakning\/\",\"name\":\"Kamerabevakning - Malm\u00f6\",\"isPartOf\":{\"@id\":\"https:\/\/ntigymnasiet.se\/malmo\/#website\"},\"datePublished\":\"2025-11-04T12:22:53+00:00\",\"dateModified\":\"2026-07-02T06:51:35+00:00\",\"description\":\"Du som bes\u00f6ker skolan har r\u00e4tt att f\u00e5 information om hur skolan behandlar personuppgifter med anledningen av skolans kamerabevakning.\",\"breadcrumb\":{\"@id\":\"https:\/\/ntigymnasiet.se\/malmo\/kamerabevakning\/#breadcrumb\"},\"inLanguage\":\"sv-SE\",\"potentialAction\":[{\"@type\":\"ReadAction\",\"target\":[\"https:\/\/ntigymnasiet.se\/malmo\/kamerabevakning\/\"]}]},{\"@type\":\"BreadcrumbList\",\"@id\":\"https:\/\/ntigymnasiet.se\/malmo\/kamerabevakning\/#breadcrumb\",\"itemListElement\":[{\"@type\":\"ListItem\",\"position\":1,\"name\":\"Start\",\"item\":\"https:\/\/ntigymnasiet.se\/malmo\/\"},{\"@type\":\"ListItem\",\"position\":2,\"name\":\"Kamerabevakning\"}]},{\"@type\":\"WebSite\",\"@id\":\"https:\/\/ntigymnasiet.se\/malmo\/#website\",\"url\":\"https:\/\/ntigymnasiet.se\/malmo\/\",\"name\":\"Malm\u00f6\",\"description\":\"Just another WordPress site\",\"potentialAction\":[{\"@type\":\"SearchAction\",\"target\":{\"@type\":\"EntryPoint\",\"urlTemplate\":\"https:\/\/ntigymnasiet.se\/malmo\/?s={search_term_string}\"},\"query-input\":\"required name=search_term_string\"}],\"inLanguage\":\"sv-SE\"}]}<\/script>\n<!-- \/ Yoast SEO plugin. -->","yoast_head_json":{"title":"Malm\u00f6","description":"Du som bes\u00f6ker skolan har r\u00e4tt att f\u00e5 information om hur skolan behandlar personuppgifter med anledningen av skolans kamerabevakning.","robots":{"index":"index","follow":"follow","max-snippet":"max-snippet:-1","max-image-preview":"max-image-preview:large","max-video-preview":"max-video-preview:-1"},"canonical":"https:\/\/ntigymnasiet.se\/malmo\/kamerabevakning\/","og_locale":"sv_SE","og_type":"article","og_description":"Du som bes\u00f6ker skolan har r\u00e4tt att f\u00e5 information om hur skolan behandlar personuppgifter med anledningen av skolans kamerabevakning.","og_url":"https:\/\/ntigymnasiet.se\/malmo\/kamerabevakning\/","og_site_name":"Malm\u00f6","article_modified_time":"2026-07-02T06:51:35+00:00","twitter_card":"summary_large_image","twitter_description":"Du som bes\u00f6ker skolan har r\u00e4tt att f\u00e5 information om hur skolan behandlar personuppgifter med anledningen av skolans kamerabevakning.","twitter_misc":{"Est. reading time":"2 minuter"},"schema":{"@context":"https:\/\/schema.org","@graph":[{"@type":"WebPage","@id":"https:\/\/ntigymnasiet.se\/malmo\/kamerabevakning\/","url":"https:\/\/ntigymnasiet.se\/malmo\/kamerabevakning\/","name":"Kamerabevakning - Malm\u00f6","isPartOf":{"@id":"https:\/\/ntigymnasiet.se\/malmo\/#website"},"datePublished":"2025-11-04T12:22:53+00:00","dateModified":"2026-07-02T06:51:35+00:00","description":"Du som bes\u00f6ker skolan har r\u00e4tt att f\u00e5 information om hur skolan behandlar personuppgifter med anledningen av skolans kamerabevakning.","breadcrumb":{"@id":"https:\/\/ntigymnasiet.se\/malmo\/kamerabevakning\/#breadcrumb"},"inLanguage":"sv-SE","potentialAction":[{"@type":"ReadAction","target":["https:\/\/ntigymnasiet.se\/malmo\/kamerabevakning\/"]}]},{"@type":"BreadcrumbList","@id":"https:\/\/ntigymnasiet.se\/malmo\/kamerabevakning\/#breadcrumb","itemListElement":[{"@type":"ListItem","position":1,"name":"Start","item":"https:\/\/ntigymnasiet.se\/malmo\/"},{"@type":"ListItem","position":2,"name":"Kamerabevakning"}]},{"@type":"WebSite","@id":"https:\/\/ntigymnasiet.se\/malmo\/#website","url":"https:\/\/ntigymnasiet.se\/malmo\/","name":"Malm\u00f6","description":"Just another WordPress site","potentialAction":[{"@type":"SearchAction","target":{"@type":"EntryPoint","urlTemplate":"https:\/\/ntigymnasiet.se\/malmo\/?s={search_term_string}"},"query-input":"required name=search_term_string"}],"inLanguage":"sv-SE"}]}},"_links":{"self":[{"href":"https:\/\/ntigymnasiet.se\/malmo\/wp-json\/wp\/v2\/pages\/1750"}],"collection":[{"href":"https:\/\/ntigymnasiet.se\/malmo\/wp-json\/wp\/v2\/pages"}],"about":[{"href":"https:\/\/ntigymnasiet.se\/malmo\/wp-json\/wp\/v2\/types\/page"}],"author":[{"embeddable":true,"href":"https:\/\/ntigymnasiet.se\/malmo\/wp-json\/wp\/v2\/users\/64"}],"replies":[{"embeddable":true,"href":"https:\/\/ntigymnasiet.se\/malmo\/wp-json\/wp\/v2\/comments?post=1750"}],"version-history":[{"count":10,"href":"https:\/\/ntigymnasiet.se\/malmo\/wp-json\/wp\/v2\/pages\/1750\/revisions"}],"predecessor-version":[{"id":1849,"href":"https:\/\/ntigymnasiet.se\/malmo\/wp-json\/wp\/v2\/pages\/1750\/revisions\/1849"}],"wp:attachment":[{"href":"https:\/\/ntigymnasiet.se\/malmo\/wp-json\/wp\/v2\/media?parent=1750"}],"curies":[{"name":"wp","href":"https:\/\/api.w.org\/{rel}","templated":true}]}}