{"id":1343,"date":"2024-03-21T16:27:16","date_gmt":"2024-03-21T15:27:16","guid":{"rendered":"https:\/\/ntigymnasiet.se\/malmo\/?post_type=testimonial&#038;p=1343"},"modified":"2024-03-21T17:00:25","modified_gmt":"2024-03-21T16:00:25","slug":"alumni-intervju-teknikprogrammet","status":"publish","type":"testimonial","link":"https:\/\/ntigymnasiet.se\/malmo\/elevintervjuer\/alumni-intervju-teknikprogrammet\/","title":{"rendered":"Alumni-intervju teknikprogrammet"},"content":{"rendered":"\n<div class=\"wp-block-columns is-layout-flex wp-container-core-columns-layout-1 wp-block-columns-is-layout-flex\">\n<div class=\"wp-block-column is-layout-flow wp-block-column-is-layout-flow\" style=\"flex-basis:10%\"><\/div>\n\n\n\n<div class=\"wp-block-column is-layout-flow wp-block-column-is-layout-flow\" style=\"flex-basis:80%\">\t<div\n\t\t class=\"module_wrapper container-fluid images-module\" >\n\t\t<div class=\"row\">\n\t\t\t<div\n\t\t\t\t\tclass=\"col-12 m-0 p-0 position-relative images_module__slideshow images_module__slideshow-container module-expand \">\n\n\t\t\t\t<div class=\"images_module__slide \" data-slide=\"\"\n\t\t\t\t\t data-duration=\"\"><\/div>\n\t\t\t\t\t\t\t\t\t<div\n\t\t\t\t\t\t class=\"images_module__slides \">\n\n\n\t\t\t\t\t\t<div class=\"images__wrapper\"\n\t\t\t\t\t\t\t style=\"aspect-ratio: 851 \/ 531;\">\n\t\t\t\t\t\t\t<img decoding=\"async\" width=\"1600\" height=\"1200\" src=\"https:\/\/ntigymnasiet.se\/wp-content\/uploads\/sites\/12\/2024\/03\/laures.jpg\" class=\"images__image_ratio  \" alt=\"Laures Al Atabi \u00e4r alumni fr\u00e5n NTI Gymnasiet Malm\u00f6.\" style=\"aspect-ratio: 851 \/ 531;object-position: left center;\" srcset=\"https:\/\/ntigymnasiet.se\/wp-content\/uploads\/sites\/12\/2024\/03\/laures.jpg 1600w, https:\/\/ntigymnasiet.se\/wp-content\/uploads\/sites\/12\/2024\/03\/laures-300x225.jpg 300w, https:\/\/ntigymnasiet.se\/wp-content\/uploads\/sites\/12\/2024\/03\/laures-400x300.jpg 400w, https:\/\/ntigymnasiet.se\/wp-content\/uploads\/sites\/12\/2024\/03\/laures-600x450.jpg 600w, https:\/\/ntigymnasiet.se\/wp-content\/uploads\/sites\/12\/2024\/03\/laures-800x600.jpg 800w, https:\/\/ntigymnasiet.se\/wp-content\/uploads\/sites\/12\/2024\/03\/laures-1024x768.jpg 1024w, https:\/\/ntigymnasiet.se\/wp-content\/uploads\/sites\/12\/2024\/03\/laures-1200x900.jpg 1200w, https:\/\/ntigymnasiet.se\/wp-content\/uploads\/sites\/12\/2024\/03\/laures-768x576.jpg 768w\" sizes=\"(max-width: 1600px) 100vw, 1600px\" \/>\t\t\t\t\t\t<\/div>\n\n\t\t\t\t\t\t\n\t\t\t\t\t\t\t\t\t\t\t<\/div>\n\t\t\t\t\n\t\t\t\t<div class=\"images_module__container_dot \">\n\t\t\t\t\t<div style=\"text-align:center\">\n\t\t\t\t\t\t\t\t\t\t\t\t\t<span   data-i=\"0\"\n\t\t\t\t\t\t\t\t  class=\"images_module__dot\n\t\t\t\t\t\t\t\t\t\t\t\t\t  \"><\/span>\n\t\t\t\t\t\t\t\t\t\t\t<\/div>\n\t\t\t\t<\/div>\n\n\t\t\t<\/div>\n\t\t<\/div>\n\t<\/div>\n\n\n\t\n\n\n<script>\n\tvar images_display_descriptive_text = \"\";\n<\/script>\n<\/div>\n\n\n\n<div class=\"wp-block-column is-layout-flow wp-block-column-is-layout-flow\" style=\"flex-basis:10%\"><\/div>\n<\/div>\n\n\n\n<div class=\"wp-block-columns is-layout-flex wp-container-core-columns-layout-2 wp-block-columns-is-layout-flex\">\n<div class=\"wp-block-column is-layout-flow wp-block-column-is-layout-flow\" style=\"flex-basis:55%\">\n<div style=\"height:10px\" aria-hidden=\"true\" class=\"wp-block-spacer\"><\/div>\n\n\n\t\n\t<h1\n\t\n\tclass=\"\n\tc-heading c-heading--icon\n\tu-font-title-1\n\t\n\t\n\t\n\tc-heading--left\n\tc-heading--left@md\n\t\"\n\tdata-color-scheme=\"vit\"\n\tstyle=\"\">\n\t\t\t\t\t<span class=\"text\">Alumnin Laures gick teknikprogrammet<\/span>\n\t\t\t<\/h1>\n\n\n\n<p   class=\"site__ingress container text-left  site__text-color--dark  site__free_text--ingress p-0\">\n\tLaures Al Atabi gick teknikprogrammet p\u00e5 NTI Gymnasiet Malm\u00f6. H\u00e4r ber\u00e4ttar hon om vad de tre \u00e5ren p\u00e5 skolan har gett henne och vad hon g\u00f6r idag.<\/p>\n\n\n\n\n\n<h2 class=\"wp-block-heading\">Hej Laures, vilket program gick du?<\/h2>\n\n\n\n<p>&#8211; Jag gick teknikprogrammet med inriktning informations- och medieteknik och f\u00f6rdjupningen software.<\/p>\n\n\n\n<h2 class=\"wp-block-heading\">N\u00e4r tog du studenten? <\/h2>\n\n\n\n<p>-Jag tog studenten \u00e5r 2022.<\/p>\n\n\n\n<h2 class=\"wp-block-heading\">S\u00e5 roligt! Vad g\u00f6r du nu?<\/h2>\n\n\n\n<p>-Idag pluggar jag webbutveckling med inriktning e-handel p\u00e5 Grit Academy i Malm\u00f6.<\/p>\n\n\n\n<h2 class=\"wp-block-heading\">Det l\u00e5ter kul! Hur var dina tre \u00e5r p\u00e5 NTI Gymnasiet?<\/h2>\n\n\n\n<p>-Mina 3 \u00e5r p\u00e5 NTI gav mig alla verktyg jag beh\u00f6vde f\u00f6r att kunna plugga vidare p\u00e5 h\u00f6gskoleniv\u00e5. Detta tack vare alla drivna l\u00e4rare som motiverade mig trots en utmanande utbildning. Inte nog med det, jag fick \u00e4ven v\u00e4nner f\u00f6r livet som delar mina intressen och m\u00e5l.<\/p>\n\n\n\n<p><em>Tack Laures f\u00f6r intervjun, och stort lycka till med plugget!<\/em><\/p>\n<\/div>\n\n\n\n<div class=\"wp-block-column is-layout-flow wp-block-column-is-layout-flow\" style=\"flex-basis:15px\"><\/div>\n\n\n\n<div class=\"wp-block-column is-layout-flow wp-block-column-is-layout-flow\" style=\"flex-basis:33%\"><style>\n@media only screen and (min-width: 600px) {\n\t}\n@media only screen and (max-width: 600px) {\n\t}\n<\/style>\n<div   class=\"ams-fragor  site__secondary-bg--13   ams-fragor-sbnhlgankqpyimvhxcoo\" >\n\t<p class=\"site__subheading-1  site__text-color  u-mb-2xs\">\n\t\tFakta\t<\/p>\n   \t\t <div   class=\" site__text-color--dark  ams-fragor__namn\">\n\t\t\tNamn:\t\t\t<span class=\" ams-fragor__strong\">\n\t\t\t\tLaures Al Atabi\t\t\t<\/span>\n\t\t<\/div>\n\t\t<div   class=\" site__text-color--dark  ams-fragor__utbildning\">\n\t\t\tProgram:\t\t\t<span class=\" ams-fragor__strong\">\n\t\t\t\tTeknikprogrammet\t\t\t<\/span>\n\t\t<\/div>\n\t\t\t\t\t<ul>\n\t\t\t\t\t\t\t<li   class=\" site__text-color--dark  \" >\n\t\t\t\t\tInriktning:\t\t\t\t\t\t\t\t\t\t\t<span class=\"ams-fragor__strong\">\n\t\t\t\t\t\t\tInformations- och medieteknik\t\t\t\t\t\t<\/span>\n\t\t\t\t\t\t\t\t\t<\/li>\n\t\t\t\t\t\t\t<li   class=\" site__text-color--dark  \" >\n\t\t\t\t\t\t\t\t\t\t\t\t\t\t<\/li>\n\t\t\t\t\t<\/ul>\n\t\t\t<\/div>\n<script>\n\tamsFragor = function() {\n\t\tvar w = window.innerWidth;\n\t\tvar siteMain = document.getElementsByClassName(\"site-main\")[0]\n\t\tif(typeof siteMain !== 'undefined'){\n\t\t\tvar testimonial = siteMain.getElementsByClassName(\"testimonial_header_module\")[0]\n\t\t\tif(typeof testimonial !== 'undefined'){\n\t\t\t\tvar amsFragor = document.getElementsByClassName(\"ams-fragor\")\n\t\t\t\tfor(var i = 0; i < amsFragor.length; i++){\n\t\t\t\t\tif(w > 769 ){\n\t\t\t\t\t\tamsFragor[i].setAttribute('style', \"margin-top: 50px\");\n\t\t\t\t\t}else{\n\t\t\t\t\t\tamsFragor[i].setAttribute('style', \"margin-top: 0px\");\n\t\t\t\t\t}\n\t\t\t\t}\n\t\t\t}\n\t\t}\n\t};\n\tamsFragor();\n\twindow.addEventListener(\"resize\", amsFragor);\n<\/script>\n<\/div>\n<\/div>\n\n\n\n\n<section  class=\"ams-cta ams-cta--stacked c-block l-stacked\" data-color-scheme=\"vit-2-pa-mork-bakgrund\">\n\t<div class=\"l-container-narrow l-stack l-stack-fluid-2xl u-pt-fluid-3xl-6xl u-pb-fluid-3xl-6xl is-center is-center@md\">\n\t\t\t\t\t<div class=\"ams-cta__intro l-stack l-stack-lg\">\n\t\t\t\t\t\n\t<h2\n\tclass=\"c-heading u-font-title-1 \"\n\tstyle=\"\">\n\t\t\n\t\t\t\t\t\u201dMina 3 \u00e5r p\u00e5 NTI gav mig alla verktyg jag beh\u00f6vde f\u00f6r att kunna plugga vidare p\u00e5 h\u00f6gskoleniv\u00e5.\u201d\n\t\t\t\t\n\t<\/h2>\n\n\t\t\t\t\t\t\t\t\t<div class=\"c-text l-stack u-cs-xl u-font-body\">\n\t\t\t\t\t\t<p>Laures<br \/>\nAlumni teknikprogrammet<\/p>\n\n\t\t\t\t\t<\/div>\n\t\t\t\t\t\t\t<\/div>\n\t\t\n\t\t\n\t\t\t<\/div>\n\n\t\t\n\t\t\t\n\t\t\t\t\t\t\t\n\t\t\t\t<div class=\"c-bg c-bg--img\" data-settings=\"{&quot;desktop_settings&quot;:{&quot;size&quot;:&quot;cover&quot;,&quot;position&quot;:&quot;bottom-left&quot;},&quot;mobile_settings&quot;:{&quot;size&quot;:&quot;cover&quot;,&quot;position&quot;:&quot;bottom-left&quot;}}\" data-position=\"middle-center\" data-size=\"cover\">\n\t\t\t<img decoding=\"async\" width=\"1920\" height=\"1080\" src=\"https:\/\/ntigymnasiet.se\/wp-content\/uploads\/sites\/12\/2023\/05\/ntitechbgsvagacirklar3-15.jpg\" class=\"attachment-hero-lg size-hero-lg\" alt=\"Lila bakgrund.\" sizes=\"(max-width: 1920px) 100vw, 1920px\" srcset=\"https:\/\/ntigymnasiet.se\/wp-content\/uploads\/sites\/12\/2023\/05\/ntitechbgsvagacirklar3-15.jpg 1920w, https:\/\/ntigymnasiet.se\/wp-content\/uploads\/sites\/12\/2023\/05\/ntitechbgsvagacirklar3-15-300x169.jpg 300w, https:\/\/ntigymnasiet.se\/wp-content\/uploads\/sites\/12\/2023\/05\/ntitechbgsvagacirklar3-15-1024x576.jpg 1024w, https:\/\/ntigymnasiet.se\/wp-content\/uploads\/sites\/12\/2023\/05\/ntitechbgsvagacirklar3-15-768x432.jpg 768w, https:\/\/ntigymnasiet.se\/wp-content\/uploads\/sites\/12\/2023\/05\/ntitechbgsvagacirklar3-15-1536x864.jpg 1536w, https:\/\/ntigymnasiet.se\/wp-content\/uploads\/sites\/12\/2023\/05\/ntitechbgsvagacirklar3-15-500x281.jpg 500w, https:\/\/ntigymnasiet.se\/wp-content\/uploads\/sites\/12\/2023\/05\/ntitechbgsvagacirklar3-15-340x191.jpg 340w, https:\/\/ntigymnasiet.se\/wp-content\/uploads\/sites\/12\/2023\/05\/ntitechbgsvagacirklar3-15-1100x620.jpg 1100w, https:\/\/ntigymnasiet.se\/wp-content\/uploads\/sites\/12\/2023\/05\/ntitechbgsvagacirklar3-15-1000x563.jpg 1000w, https:\/\/ntigymnasiet.se\/wp-content\/uploads\/sites\/12\/2023\/05\/ntitechbgsvagacirklar3-15-1200x675.jpg 1200w, https:\/\/ntigymnasiet.se\/wp-content\/uploads\/sites\/12\/2023\/05\/ntitechbgsvagacirklar3-15-600x338.jpg 600w, https:\/\/ntigymnasiet.se\/wp-content\/uploads\/sites\/12\/2023\/05\/ntitechbgsvagacirklar3-15-400x225.jpg 400w\" \/>\n\t\t<\/div>\n\t\n<\/section>\n\n\n\n\n<section  class=\"ams-cta ams-cta--stacked c-block l-stacked\" data-color-scheme=\"light-grey\">\n\t<div class=\"l-container l-stack l-stack-fluid-2xl u-pt-fluid-3xl-6xl u-pb-fluid-3xl-6xl is-center is-center@md\">\n\t\t\t\t\t<div class=\"ams-cta__intro l-stack l-stack-lg\">\n\t\t\t\t\t\n\t<h2\n\tclass=\"c-heading u-font-title-1 \"\n\tstyle=\"\">\n\t\t\n\t\t\t\t\tL\u00e4s mer om programmet\n\t\t\t\t\n\t<\/h2>\n\n\t\t\t\t\t\t\t<\/div>\n\t\t\n\t\t\n\t\t\t<div class=\"ams-cta__action u-inline-items\">\n\t\t\t\t\t\t\t\n\n\n<a href=\"https:\/\/ntigymnasiet.se\/malmo\/program\/teknikprogrammet\/informations-och-medieteknik\/\"\n\t\n\tclass=\"c-btn \"\n\tdata-style=\"rounded\"\n\tdata-size=\"md\"\n\tdata-width=\"full-mobile\"\n\tdata-variant=\"default\"\n\ttarget=\"_self\">\n\t\t\t<span class=\"label\"> Till teknikprogrammet<\/span>\n\t\t\t<\/a>\n\t\t\t<\/div>\n\t<\/div>\n\n\t\t\n\n<\/section>\n\n\n\n\n\n<section  class=\"ams-testimonial testimonial_module c-block l-stacked\" data-color-scheme=\"testimonials-vit-bakgrund-rosa-kort\">\n\t<div class=\"l-container l-stack l-stack-fluid-2xl u-pt-fluid-3xl-6xl u-pb-fluid-3xl-6xl is-center is-center@md\">\n\t\t\t\t\t<div class=\"ams-testimonial__intro l-stack l-stack-lg\">\n\t\t\t\t\t\n\t<h2\n\tclass=\"c-heading u-font-title-1 \"\n\tstyle=\"\">\n\t\t\n\t\t\t\t\tFler intervjuer\n\t\t\t\t\n\t<\/h2>\n\n\t\t\t\t\t\t\t<\/div>\n\t\t\n\t\t\n\t\n\t\t\n\t\t\t\n<ul\n\tid=\"ams-testimonial-list-69f49b704717a\"\n\tclass=\"ams-testimonial__list  l-grid u-gap-fluid-2xl-4xl js-results \"\n\tdata-filter-animation=\"off\">\n\t\t\t\t\t\t\t\t\t\t\t\n\t\t\n\t\t\n\t\t<li class=\"l-col-6@md \" data-filter=\"teinm teknikprogrammet juni-2026\">\n\t\t\t<article class=\"c-card has-media-zoom \" data-variant=\"inside-half\" data-click-area>\n\t\t\t\t<div class=\"c-card__content l-stack l-stack-sm is-left is-left@md\">\n\t\t\t\t\t\t\t\t\t\t\t<blockquote class=\"c-card__title u-font-title-3\">\n\t\t\t\t\t\t\t\t\t\t\t\t\t\t\t<p class=\"u-quote-marks\"><a href=\"https:\/\/ntigymnasiet.se\/malmo\/elevintervjuer\/lokal\/teknikprogrammet-lukas\" class=\"link\">Mitt st\u00f6rsta tips \u00e4r att anm\u00e4la sig till en prova p\u00e5-dag och g\u00e5 p\u00e5 \u00f6ppet hus&#8230;<\/a><\/p>\n\t\t\t\t\t\t\t\t\t\t\t\t\t<\/blockquote>\n\t\t\t\t\t\n\t\t\t\t\t\t\t\t\t\t\t<p class=\"c-card__text l-stack-grow u-divider-top u-font-body\">\n\t\t\t\t\t\t\t<span class=\"author u-mr-fluid-lg\">Lukas<\/span>\n\t\t\t\t\t\t\t<span class=\"title u-mr-fluid-lg\">Teknikprogrammet<\/span>\n\t\t\t\t\t\t<\/p>\n\t\t\t\t\t\n\t\t\t\t\t<div class=\"c-card__icon\">\n\t\t\t\t\t\t<svg class=\"ams-icon ams-icon--arrow-right\" width=\"32\" height=\"32\" viewBox=\"0 0 32 32\" fill=\"currentColor\" aria-hidden=\"true\" xmlns=\"http:\/\/www.w3.org\/2000\/svg\">\n\t\t\t\t\t\t\t<path d=\"M15.4617 0.252159L14.9567 0.75931C14.6219 1.09545 14.6219 1.64048 14.9567 1.97669L27.7062 14.7806H0.857144C0.383786 14.7806 0 15.166 0 15.6414V16.3587C0 16.8341 0.383786 17.2195 0.857144 17.2195H27.7062L14.9567 30.0234C14.6219 30.3595 14.6219 30.9045 14.9567 31.2407L15.4617 31.7479C15.7964 32.084 16.3392 32.084 16.6739 31.7479L31.749 16.6087C32.0837 16.2725 32.0837 15.7275 31.749 15.3913L16.6739 0.252159C16.3392 -0.084053 15.7964 -0.084053 15.4617 0.252159Z\"\/>\n\t\t\t\t\t\t<\/svg>\n\t\t\t\t\t<\/div>\n\t\t\t\t<\/div>\n\t\t\t\t<div class=\"c-card__media\" style=\" \">\n\t\t\t\t\t<img decoding=\"async\" width=\"600\" height=\"450\" src=\"https:\/\/ntigymnasiet.se\/wp-content\/uploads\/2025\/06\/lukas-600x450.png\" class=\"attachment-md size-md\" alt=\"Eleven Lukas.\" sizes=\"(min-width: 80em) 600px, (min-width: 48em) calc(.50 * (100vw - 240px)), calc(100vw - 160px)\" srcset=\"https:\/\/ntigymnasiet.se\/wp-content\/uploads\/2025\/06\/lukas-600x450.png 600w, https:\/\/ntigymnasiet.se\/wp-content\/uploads\/2025\/06\/lukas-300x225.png 300w, https:\/\/ntigymnasiet.se\/wp-content\/uploads\/2025\/06\/lukas-400x300.png 400w, https:\/\/ntigymnasiet.se\/wp-content\/uploads\/2025\/06\/lukas-800x600.png 800w, https:\/\/ntigymnasiet.se\/wp-content\/uploads\/2025\/06\/lukas-1024x768.png 1024w, https:\/\/ntigymnasiet.se\/wp-content\/uploads\/2025\/06\/lukas-1200x900.png 1200w, https:\/\/ntigymnasiet.se\/wp-content\/uploads\/2025\/06\/lukas-768x576.png 768w\" \/>\n\t\t\t\t<\/div>\n\t\t\t<\/article>\n\t\t<\/li>\n\t\t\t\t\t\t\t\t\t\t\t\n\t\t\n\t\t\n\t\t<li class=\"l-col-6@md \" data-filter=\"teknikprogrammet tetep juni-2026\">\n\t\t\t<article class=\"c-card has-media-zoom \" data-variant=\"inside-half\" data-click-area>\n\t\t\t\t<div class=\"c-card__content l-stack l-stack-sm is-left is-left@md\">\n\t\t\t\t\t\t\t\t\t\t\t<blockquote class=\"c-card__title u-font-title-3\">\n\t\t\t\t\t\t\t\t\t\t\t\t\t\t\t<p class=\"u-quote-marks\"><a href=\"https:\/\/ntigymnasiet.se\/malmo\/elevintervjuer\/lokal\/teknikprogrammet-sara\" class=\"link\">Jag vill plugga vidare p\u00e5 Chalmers&#8230;<\/a><\/p>\n\t\t\t\t\t\t\t\t\t\t\t\t\t<\/blockquote>\n\t\t\t\t\t\n\t\t\t\t\t\t\t\t\t\t\t<p class=\"c-card__text l-stack-grow u-divider-top u-font-body\">\n\t\t\t\t\t\t\t<span class=\"author u-mr-fluid-lg\">Sara<\/span>\n\t\t\t\t\t\t\t<span class=\"title u-mr-fluid-lg\">Teknikprogrammet<\/span>\n\t\t\t\t\t\t<\/p>\n\t\t\t\t\t\n\t\t\t\t\t<div class=\"c-card__icon\">\n\t\t\t\t\t\t<svg class=\"ams-icon ams-icon--arrow-right\" width=\"32\" height=\"32\" viewBox=\"0 0 32 32\" fill=\"currentColor\" aria-hidden=\"true\" xmlns=\"http:\/\/www.w3.org\/2000\/svg\">\n\t\t\t\t\t\t\t<path d=\"M15.4617 0.252159L14.9567 0.75931C14.6219 1.09545 14.6219 1.64048 14.9567 1.97669L27.7062 14.7806H0.857144C0.383786 14.7806 0 15.166 0 15.6414V16.3587C0 16.8341 0.383786 17.2195 0.857144 17.2195H27.7062L14.9567 30.0234C14.6219 30.3595 14.6219 30.9045 14.9567 31.2407L15.4617 31.7479C15.7964 32.084 16.3392 32.084 16.6739 31.7479L31.749 16.6087C32.0837 16.2725 32.0837 15.7275 31.749 15.3913L16.6739 0.252159C16.3392 -0.084053 15.7964 -0.084053 15.4617 0.252159Z\"\/>\n\t\t\t\t\t\t<\/svg>\n\t\t\t\t\t<\/div>\n\t\t\t\t<\/div>\n\t\t\t\t<div class=\"c-card__media\" style=\" \">\n\t\t\t\t\t<img decoding=\"async\" width=\"600\" height=\"451\" src=\"https:\/\/ntigymnasiet.se\/wp-content\/uploads\/2025\/06\/saratek5av66jpg-1-600x451.png\" class=\"attachment-md size-md\" alt=\"Eleven Sara.\" sizes=\"(min-width: 80em) 600px, (min-width: 48em) calc(.50 * (100vw - 240px)), calc(100vw - 160px)\" srcset=\"https:\/\/ntigymnasiet.se\/wp-content\/uploads\/2025\/06\/saratek5av66jpg-1-600x451.png 600w, https:\/\/ntigymnasiet.se\/wp-content\/uploads\/2025\/06\/saratek5av66jpg-1-300x226.png 300w, https:\/\/ntigymnasiet.se\/wp-content\/uploads\/2025\/06\/saratek5av66jpg-1-400x301.png 400w, https:\/\/ntigymnasiet.se\/wp-content\/uploads\/2025\/06\/saratek5av66jpg-1-800x602.png 800w, https:\/\/ntigymnasiet.se\/wp-content\/uploads\/2025\/06\/saratek5av66jpg-1-1024x770.png 1024w, https:\/\/ntigymnasiet.se\/wp-content\/uploads\/2025\/06\/saratek5av66jpg-1-1200x902.png 1200w, https:\/\/ntigymnasiet.se\/wp-content\/uploads\/2025\/06\/saratek5av66jpg-1-768x576.png 768w\" \/>\n\t\t\t\t<\/div>\n\t\t\t<\/article>\n\t\t<\/li>\n\t\t\t\t\t\t\t\t\t\t\t\n\t\t\n\t\t\n\t\t<li class=\"l-col-6@md \" data-filter=\"teinm teknikprogrammet augusti-2026\">\n\t\t\t<article class=\"c-card has-media-zoom \" data-variant=\"inside-half\" data-click-area>\n\t\t\t\t<div class=\"c-card__content l-stack l-stack-sm is-left is-left@md\">\n\t\t\t\t\t\t\t\t\t\t\t<blockquote class=\"c-card__title u-font-title-3\">\n\t\t\t\t\t\t\t\t\t\t\t\t\t\t\t<p class=\"u-quote-marks\"><a href=\"https:\/\/ntigymnasiet.se\/malmo\/elevintervjuer\/lokal\/teknikprogrammet-abhay\" class=\"link\">Det som begr\u00e4nsar dig \u00e4r bara din egen ambition och ditt intresse&#8230;<\/a><\/p>\n\t\t\t\t\t\t\t\t\t\t\t\t\t<\/blockquote>\n\t\t\t\t\t\n\t\t\t\t\t\t\t\t\t\t\t<p class=\"c-card__text l-stack-grow u-divider-top u-font-body\">\n\t\t\t\t\t\t\t<span class=\"author u-mr-fluid-lg\">Abhay<\/span>\n\t\t\t\t\t\t\t<span class=\"title u-mr-fluid-lg\">Teknikprogrammet<\/span>\n\t\t\t\t\t\t<\/p>\n\t\t\t\t\t\n\t\t\t\t\t<div class=\"c-card__icon\">\n\t\t\t\t\t\t<svg class=\"ams-icon ams-icon--arrow-right\" width=\"32\" height=\"32\" viewBox=\"0 0 32 32\" fill=\"currentColor\" aria-hidden=\"true\" xmlns=\"http:\/\/www.w3.org\/2000\/svg\">\n\t\t\t\t\t\t\t<path d=\"M15.4617 0.252159L14.9567 0.75931C14.6219 1.09545 14.6219 1.64048 14.9567 1.97669L27.7062 14.7806H0.857144C0.383786 14.7806 0 15.166 0 15.6414V16.3587C0 16.8341 0.383786 17.2195 0.857144 17.2195H27.7062L14.9567 30.0234C14.6219 30.3595 14.6219 30.9045 14.9567 31.2407L15.4617 31.7479C15.7964 32.084 16.3392 32.084 16.6739 31.7479L31.749 16.6087C32.0837 16.2725 32.0837 15.7275 31.749 15.3913L16.6739 0.252159C16.3392 -0.084053 15.7964 -0.084053 15.4617 0.252159Z\"\/>\n\t\t\t\t\t\t<\/svg>\n\t\t\t\t\t<\/div>\n\t\t\t\t<\/div>\n\t\t\t\t<div class=\"c-card__media\" style=\" \">\n\t\t\t\t\t<img decoding=\"async\" width=\"600\" height=\"712\" src=\"https:\/\/ntigymnasiet.se\/wp-content\/uploads\/2024\/08\/abhaym2-e1723466196527-600x712.jpg\" class=\"attachment-md size-md\" alt=\"Eleven Abhay Mishra.\" sizes=\"(min-width: 80em) 600px, (min-width: 48em) calc(.50 * (100vw - 240px)), calc(100vw - 160px)\" srcset=\"https:\/\/ntigymnasiet.se\/wp-content\/uploads\/2024\/08\/abhaym2-e1723466196527-600x712.jpg 600w, https:\/\/ntigymnasiet.se\/wp-content\/uploads\/2024\/08\/abhaym2-e1723466196527-300x356.jpg 300w, https:\/\/ntigymnasiet.se\/wp-content\/uploads\/2024\/08\/abhaym2-e1723466196527-400x475.jpg 400w, https:\/\/ntigymnasiet.se\/wp-content\/uploads\/2024\/08\/abhaym2-e1723466196527.jpg 749w\" \/>\n\t\t\t\t<\/div>\n\t\t\t<\/article>\n\t\t<\/li>\n\t\t\t\t\t\t\t\t\t\t\t\n\t\t\n\t\t\n\t\t<li class=\"l-col-6@md \" data-filter=\"teinm teknikprogrammet augusti-2026\">\n\t\t\t<article class=\"c-card has-media-zoom \" data-variant=\"inside-half\" data-click-area>\n\t\t\t\t<div class=\"c-card__content l-stack l-stack-sm is-left is-left@md\">\n\t\t\t\t\t\t\t\t\t\t\t<blockquote class=\"c-card__title u-font-title-3\">\n\t\t\t\t\t\t\t\t\t\t\t\t\t\t\t<p class=\"u-quote-marks\"><a href=\"https:\/\/ntigymnasiet.se\/malmo\/elevintervjuer\/lokal\/teknikprogrammet-billy\" class=\"link\">Det b\u00e4sta med teknikprogrammet \u00e4r den breda kunskapen man f\u00e5r&#8230;<\/a><\/p>\n\t\t\t\t\t\t\t\t\t\t\t\t\t<\/blockquote>\n\t\t\t\t\t\n\t\t\t\t\t\t\t\t\t\t\t<p class=\"c-card__text l-stack-grow u-divider-top u-font-body\">\n\t\t\t\t\t\t\t<span class=\"author u-mr-fluid-lg\">Billy<\/span>\n\t\t\t\t\t\t\t<span class=\"title u-mr-fluid-lg\">Teknikprogrammet<\/span>\n\t\t\t\t\t\t<\/p>\n\t\t\t\t\t\n\t\t\t\t\t<div class=\"c-card__icon\">\n\t\t\t\t\t\t<svg class=\"ams-icon ams-icon--arrow-right\" width=\"32\" height=\"32\" viewBox=\"0 0 32 32\" fill=\"currentColor\" aria-hidden=\"true\" xmlns=\"http:\/\/www.w3.org\/2000\/svg\">\n\t\t\t\t\t\t\t<path d=\"M15.4617 0.252159L14.9567 0.75931C14.6219 1.09545 14.6219 1.64048 14.9567 1.97669L27.7062 14.7806H0.857144C0.383786 14.7806 0 15.166 0 15.6414V16.3587C0 16.8341 0.383786 17.2195 0.857144 17.2195H27.7062L14.9567 30.0234C14.6219 30.3595 14.6219 30.9045 14.9567 31.2407L15.4617 31.7479C15.7964 32.084 16.3392 32.084 16.6739 31.7479L31.749 16.6087C32.0837 16.2725 32.0837 15.7275 31.749 15.3913L16.6739 0.252159C16.3392 -0.084053 15.7964 -0.084053 15.4617 0.252159Z\"\/>\n\t\t\t\t\t\t<\/svg>\n\t\t\t\t\t<\/div>\n\t\t\t\t<\/div>\n\t\t\t\t<div class=\"c-card__media\" style=\" \">\n\t\t\t\t\t<img decoding=\"async\" width=\"600\" height=\"636\" src=\"https:\/\/ntigymnasiet.se\/wp-content\/uploads\/2024\/08\/43037461911455521899465352418788082449778231n-e1723451073296-600x636.jpg\" class=\"attachment-md size-md\" alt=\"Eleven Billy Klason.\" sizes=\"(min-width: 80em) 600px, (min-width: 48em) calc(.50 * (100vw - 240px)), calc(100vw - 160px)\" srcset=\"https:\/\/ntigymnasiet.se\/wp-content\/uploads\/2024\/08\/43037461911455521899465352418788082449778231n-e1723451073296-600x636.jpg 600w, https:\/\/ntigymnasiet.se\/wp-content\/uploads\/2024\/08\/43037461911455521899465352418788082449778231n-e1723451073296-300x318.jpg 300w, https:\/\/ntigymnasiet.se\/wp-content\/uploads\/2024\/08\/43037461911455521899465352418788082449778231n-e1723451073296-400x424.jpg 400w, https:\/\/ntigymnasiet.se\/wp-content\/uploads\/2024\/08\/43037461911455521899465352418788082449778231n-e1723451073296-800x848.jpg 800w, https:\/\/ntigymnasiet.se\/wp-content\/uploads\/2024\/08\/43037461911455521899465352418788082449778231n-e1723451073296-1024x1085.jpg 1024w, https:\/\/ntigymnasiet.se\/wp-content\/uploads\/2024\/08\/43037461911455521899465352418788082449778231n-e1723451073296-1200x1272.jpg 1200w, https:\/\/ntigymnasiet.se\/wp-content\/uploads\/2024\/08\/43037461911455521899465352418788082449778231n-e1723451073296.jpg 1224w\" \/>\n\t\t\t\t<\/div>\n\t\t\t<\/article>\n\t\t<\/li>\n\t\t\t\t\t\t\t\t\t\t\t\n\t\t\n\t\t\n\t\t<li class=\"l-col-6@md \" data-filter=\"teinm teknikprogrammet augusti-2026\">\n\t\t\t<article class=\"c-card has-media-zoom \" data-variant=\"inside-half\" data-click-area>\n\t\t\t\t<div class=\"c-card__content l-stack l-stack-sm is-left is-left@md\">\n\t\t\t\t\t\t\t\t\t\t\t<blockquote class=\"c-card__title u-font-title-3\">\n\t\t\t\t\t\t\t\t\t\t\t\t\t\t\t<p class=\"u-quote-marks\"><a href=\"https:\/\/ntigymnasiet.se\/malmo\/elevintervjuer\/lokal\/teknikprogrammet-angelo\" class=\"link\">Det b\u00e4sta med Teknikprogrammet \u00e4r att den erbjuder enormt m\u00e5nga m\u00f6jligheter i framtiden&#8230;<\/a><\/p>\n\t\t\t\t\t\t\t\t\t\t\t\t\t<\/blockquote>\n\t\t\t\t\t\n\t\t\t\t\t\t\t\t\t\t\t<p class=\"c-card__text l-stack-grow u-divider-top u-font-body\">\n\t\t\t\t\t\t\t<span class=\"author u-mr-fluid-lg\">Angelo<\/span>\n\t\t\t\t\t\t\t<span class=\"title u-mr-fluid-lg\">Teknikprogrammet<\/span>\n\t\t\t\t\t\t<\/p>\n\t\t\t\t\t\n\t\t\t\t\t<div class=\"c-card__icon\">\n\t\t\t\t\t\t<svg class=\"ams-icon ams-icon--arrow-right\" width=\"32\" height=\"32\" viewBox=\"0 0 32 32\" fill=\"currentColor\" aria-hidden=\"true\" xmlns=\"http:\/\/www.w3.org\/2000\/svg\">\n\t\t\t\t\t\t\t<path d=\"M15.4617 0.252159L14.9567 0.75931C14.6219 1.09545 14.6219 1.64048 14.9567 1.97669L27.7062 14.7806H0.857144C0.383786 14.7806 0 15.166 0 15.6414V16.3587C0 16.8341 0.383786 17.2195 0.857144 17.2195H27.7062L14.9567 30.0234C14.6219 30.3595 14.6219 30.9045 14.9567 31.2407L15.4617 31.7479C15.7964 32.084 16.3392 32.084 16.6739 31.7479L31.749 16.6087C32.0837 16.2725 32.0837 15.7275 31.749 15.3913L16.6739 0.252159C16.3392 -0.084053 15.7964 -0.084053 15.4617 0.252159Z\"\/>\n\t\t\t\t\t\t<\/svg>\n\t\t\t\t\t<\/div>\n\t\t\t\t<\/div>\n\t\t\t\t<div class=\"c-card__media\" style=\" \">\n\t\t\t\t\t<img decoding=\"async\" width=\"600\" height=\"600\" src=\"https:\/\/ntigymnasiet.se\/wp-content\/uploads\/2024\/08\/2024060315595968-600x600.jpg\" class=\"attachment-md size-md\" alt=\"Eleven Angelo Jederian.\" sizes=\"(min-width: 80em) 600px, (min-width: 48em) calc(.50 * (100vw - 240px)), calc(100vw - 160px)\" srcset=\"https:\/\/ntigymnasiet.se\/wp-content\/uploads\/2024\/08\/2024060315595968-600x600.jpg 600w, https:\/\/ntigymnasiet.se\/wp-content\/uploads\/2024\/08\/2024060315595968-150x150.jpg 150w, https:\/\/ntigymnasiet.se\/wp-content\/uploads\/2024\/08\/2024060315595968-300x300.jpg 300w, https:\/\/ntigymnasiet.se\/wp-content\/uploads\/2024\/08\/2024060315595968-400x400.jpg 400w, https:\/\/ntigymnasiet.se\/wp-content\/uploads\/2024\/08\/2024060315595968-800x800.jpg 800w, https:\/\/ntigymnasiet.se\/wp-content\/uploads\/2024\/08\/2024060315595968-1024x1024.jpg 1024w, https:\/\/ntigymnasiet.se\/wp-content\/uploads\/2024\/08\/2024060315595968-1200x1200.jpg 1200w\" \/>\n\t\t\t\t<\/div>\n\t\t\t<\/article>\n\t\t<\/li>\n\t\t\t\t\t\t\t\t\t\t\t\n\t\t\n\t\t\n\t\t<li class=\"l-col-6@md \" data-filter=\"teinm teknikprogrammet augusti-2026\">\n\t\t\t<article class=\"c-card has-media-zoom \" data-variant=\"inside-half\" data-click-area>\n\t\t\t\t<div class=\"c-card__content l-stack l-stack-sm is-left is-left@md\">\n\t\t\t\t\t\t\t\t\t\t\t<blockquote class=\"c-card__title u-font-title-3\">\n\t\t\t\t\t\t\t\t\t\t\t\t\t\t\t<p class=\"u-quote-marks\"><a href=\"https:\/\/ntigymnasiet.se\/malmo\/elevintervjuer\/lokal\/teknikprogrammet-sam\" class=\"link\">Det b\u00e4sta med mitt program \u00e4r gemenskapen mellan klasserna&#8230;<\/a><\/p>\n\t\t\t\t\t\t\t\t\t\t\t\t\t<\/blockquote>\n\t\t\t\t\t\n\t\t\t\t\t\t\t\t\t\t\t<p class=\"c-card__text l-stack-grow u-divider-top u-font-body\">\n\t\t\t\t\t\t\t<span class=\"author u-mr-fluid-lg\">Sam<\/span>\n\t\t\t\t\t\t\t<span class=\"title u-mr-fluid-lg\">Teknikprogrammet<\/span>\n\t\t\t\t\t\t<\/p>\n\t\t\t\t\t\n\t\t\t\t\t<div class=\"c-card__icon\">\n\t\t\t\t\t\t<svg class=\"ams-icon ams-icon--arrow-right\" width=\"32\" height=\"32\" viewBox=\"0 0 32 32\" fill=\"currentColor\" aria-hidden=\"true\" xmlns=\"http:\/\/www.w3.org\/2000\/svg\">\n\t\t\t\t\t\t\t<path d=\"M15.4617 0.252159L14.9567 0.75931C14.6219 1.09545 14.6219 1.64048 14.9567 1.97669L27.7062 14.7806H0.857144C0.383786 14.7806 0 15.166 0 15.6414V16.3587C0 16.8341 0.383786 17.2195 0.857144 17.2195H27.7062L14.9567 30.0234C14.6219 30.3595 14.6219 30.9045 14.9567 31.2407L15.4617 31.7479C15.7964 32.084 16.3392 32.084 16.6739 31.7479L31.749 16.6087C32.0837 16.2725 32.0837 15.7275 31.749 15.3913L16.6739 0.252159C16.3392 -0.084053 15.7964 -0.084053 15.4617 0.252159Z\"\/>\n\t\t\t\t\t\t<\/svg>\n\t\t\t\t\t<\/div>\n\t\t\t\t<\/div>\n\t\t\t\t<div class=\"c-card__media\" style=\" \">\n\t\t\t\t\t<img decoding=\"async\" width=\"600\" height=\"600\" src=\"https:\/\/ntigymnasiet.se\/wp-content\/uploads\/2024\/08\/sam-lindfors-nti-sthlm-odenplan-e1723031698130-600x600.jpeg\" class=\"attachment-md size-md\" alt=\"Eleven Sam Lindfors.\" sizes=\"(min-width: 80em) 600px, (min-width: 48em) calc(.50 * (100vw - 240px)), calc(100vw - 160px)\" srcset=\"https:\/\/ntigymnasiet.se\/wp-content\/uploads\/2024\/08\/sam-lindfors-nti-sthlm-odenplan-e1723031698130-600x600.jpeg 600w, https:\/\/ntigymnasiet.se\/wp-content\/uploads\/2024\/08\/sam-lindfors-nti-sthlm-odenplan-e1723031698130-150x150.jpeg 150w, https:\/\/ntigymnasiet.se\/wp-content\/uploads\/2024\/08\/sam-lindfors-nti-sthlm-odenplan-e1723031698130-300x300.jpeg 300w, https:\/\/ntigymnasiet.se\/wp-content\/uploads\/2024\/08\/sam-lindfors-nti-sthlm-odenplan-e1723031698130-400x400.jpeg 400w, https:\/\/ntigymnasiet.se\/wp-content\/uploads\/2024\/08\/sam-lindfors-nti-sthlm-odenplan-e1723031698130-800x800.jpeg 800w, https:\/\/ntigymnasiet.se\/wp-content\/uploads\/2024\/08\/sam-lindfors-nti-sthlm-odenplan-e1723031698130-1024x1024.jpeg 1024w, https:\/\/ntigymnasiet.se\/wp-content\/uploads\/2024\/08\/sam-lindfors-nti-sthlm-odenplan-e1723031698130-1200x1200.jpeg 1200w, https:\/\/ntigymnasiet.se\/wp-content\/uploads\/2024\/08\/sam-lindfors-nti-sthlm-odenplan-e1723031698130.jpeg 1243w\" \/>\n\t\t\t\t<\/div>\n\t\t\t<\/article>\n\t\t<\/li>\n\t\t\t\t\t\t\t\t\t\t\t\n\t\t\n\t\t\n\t\t<li class=\"l-col-6@md \" data-filter=\"teinm teknikprogrammet augusti-2026\">\n\t\t\t<article class=\"c-card has-media-zoom \" data-variant=\"inside-half\" data-click-area>\n\t\t\t\t<div class=\"c-card__content l-stack l-stack-sm is-left is-left@md\">\n\t\t\t\t\t\t\t\t\t\t\t<blockquote class=\"c-card__title u-font-title-3\">\n\t\t\t\t\t\t\t\t\t\t\t\t\t\t\t<p class=\"u-quote-marks\"><a href=\"https:\/\/ntigymnasiet.se\/malmo\/elevintervjuer\/lokal\/teknikprogrammet-3\" class=\"link\">Det b\u00e4sta med Teknikprogrammet \u00e4r programmering&#8230;<\/a><\/p>\n\t\t\t\t\t\t\t\t\t\t\t\t\t<\/blockquote>\n\t\t\t\t\t\n\t\t\t\t\t\t\t\t\t\t\t<p class=\"c-card__text l-stack-grow u-divider-top u-font-body\">\n\t\t\t\t\t\t\t<span class=\"author u-mr-fluid-lg\">Markus<\/span>\n\t\t\t\t\t\t\t<span class=\"title u-mr-fluid-lg\">Teknikprogrammet<\/span>\n\t\t\t\t\t\t<\/p>\n\t\t\t\t\t\n\t\t\t\t\t<div class=\"c-card__icon\">\n\t\t\t\t\t\t<svg class=\"ams-icon ams-icon--arrow-right\" width=\"32\" height=\"32\" viewBox=\"0 0 32 32\" fill=\"currentColor\" aria-hidden=\"true\" xmlns=\"http:\/\/www.w3.org\/2000\/svg\">\n\t\t\t\t\t\t\t<path d=\"M15.4617 0.252159L14.9567 0.75931C14.6219 1.09545 14.6219 1.64048 14.9567 1.97669L27.7062 14.7806H0.857144C0.383786 14.7806 0 15.166 0 15.6414V16.3587C0 16.8341 0.383786 17.2195 0.857144 17.2195H27.7062L14.9567 30.0234C14.6219 30.3595 14.6219 30.9045 14.9567 31.2407L15.4617 31.7479C15.7964 32.084 16.3392 32.084 16.6739 31.7479L31.749 16.6087C32.0837 16.2725 32.0837 15.7275 31.749 15.3913L16.6739 0.252159C16.3392 -0.084053 15.7964 -0.084053 15.4617 0.252159Z\"\/>\n\t\t\t\t\t\t<\/svg>\n\t\t\t\t\t<\/div>\n\t\t\t\t<\/div>\n\t\t\t\t<div class=\"c-card__media\" style=\" \">\n\t\t\t\t\t<img decoding=\"async\" width=\"600\" height=\"444\" src=\"https:\/\/ntigymnasiet.se\/wp-content\/uploads\/2023\/08\/markus-piotrowski-teknikprogrammet-2021-600x444.png\" class=\"attachment-md size-md\" alt=\"Markus Piotrowski p\u00e5 Teknikprogrammet.\" sizes=\"(min-width: 80em) 600px, (min-width: 48em) calc(.50 * (100vw - 240px)), calc(100vw - 160px)\" srcset=\"https:\/\/ntigymnasiet.se\/wp-content\/uploads\/2023\/08\/markus-piotrowski-teknikprogrammet-2021-600x444.png 600w, https:\/\/ntigymnasiet.se\/wp-content\/uploads\/2023\/08\/markus-piotrowski-teknikprogrammet-2021-300x222.png 300w, https:\/\/ntigymnasiet.se\/wp-content\/uploads\/2023\/08\/markus-piotrowski-teknikprogrammet-2021-400x296.png 400w, https:\/\/ntigymnasiet.se\/wp-content\/uploads\/2023\/08\/markus-piotrowski-teknikprogrammet-2021-800x592.png 800w, https:\/\/ntigymnasiet.se\/wp-content\/uploads\/2023\/08\/markus-piotrowski-teknikprogrammet-2021-1024x758.png 1024w, https:\/\/ntigymnasiet.se\/wp-content\/uploads\/2023\/08\/markus-piotrowski-teknikprogrammet-2021.png 1094w\" \/>\n\t\t\t\t<\/div>\n\t\t\t<\/article>\n\t\t<\/li>\n\t<\/ul>\n\t\n\t<div class=\"no-results u-mt-0 u-hide\" data-filter-fallback-id=\"ams-testimonial-list-69f49b704717a\">\n\t<p>Det finns inga resultat som matchar din filtrering.<\/p>\n<\/div>\n\n\t\n\n\t\t\n\t\t\t<\/div>\n\n\t\t\n\n<\/section>\n","protected":false},"featured_media":0,"template":"","testimonial_category":[27,10],"yoast_head":"<!-- This site is optimized with the Yoast SEO plugin v22.0 - https:\/\/yoast.com\/wordpress\/plugins\/seo\/ -->\n<title>Malm\u00f6<\/title>\n<meta name=\"description\" content=\"Abiola Taylor gick el- och energiprogrammet p\u00e5 NTI Gymnasiet Malm\u00f6. I intervjun ber\u00e4ttar hon vad de tre \u00e5ren p\u00e5 skolan har gett henne.\" \/>\n<meta name=\"robots\" content=\"index, follow, max-snippet:-1, max-image-preview:large, max-video-preview:-1\" \/>\n<link rel=\"canonical\" href=\"https:\/\/ntigymnasiet.se\/malmo\/elevintervjuer\/alumni-intervju-teknikprogrammet\/\" \/>\n<meta property=\"og:locale\" content=\"sv_SE\" \/>\n<meta property=\"og:type\" content=\"article\" \/>\n<meta property=\"og:description\" content=\"Abiola Taylor gick el- och energiprogrammet p\u00e5 NTI Gymnasiet Malm\u00f6. I intervjun ber\u00e4ttar hon vad de tre \u00e5ren p\u00e5 skolan har gett henne.\" \/>\n<meta property=\"og:url\" content=\"https:\/\/ntigymnasiet.se\/malmo\/elevintervjuer\/alumni-intervju-teknikprogrammet\/\" \/>\n<meta property=\"og:site_name\" content=\"Malm\u00f6\" \/>\n<meta property=\"article:modified_time\" content=\"2024-03-21T16:00:25+00:00\" \/>\n<meta name=\"twitter:card\" content=\"summary_large_image\" \/>\n<meta name=\"twitter:description\" content=\"Abiola Taylor gick el- och energiprogrammet p\u00e5 NTI Gymnasiet Malm\u00f6. I intervjun ber\u00e4ttar hon vad de tre \u00e5ren p\u00e5 skolan har gett henne.\" \/>\n<meta name=\"twitter:label1\" content=\"Est. reading time\" \/>\n\t<meta name=\"twitter:data1\" content=\"1 minut\" \/>\n<script type=\"application\/ld+json\" class=\"yoast-schema-graph\">{\"@context\":\"https:\/\/schema.org\",\"@graph\":[{\"@type\":\"WebPage\",\"@id\":\"https:\/\/ntigymnasiet.se\/malmo\/elevintervjuer\/alumni-intervju-teknikprogrammet\/\",\"url\":\"https:\/\/ntigymnasiet.se\/malmo\/elevintervjuer\/alumni-intervju-teknikprogrammet\/\",\"name\":\"Alumni-intervju teknikprogrammet - Malm\u00f6\",\"isPartOf\":{\"@id\":\"https:\/\/ntigymnasiet.se\/malmo\/#website\"},\"datePublished\":\"2024-03-21T15:27:16+00:00\",\"dateModified\":\"2024-03-21T16:00:25+00:00\",\"description\":\"Abiola Taylor gick el- och energiprogrammet p\u00e5 NTI Gymnasiet Malm\u00f6. I intervjun ber\u00e4ttar hon vad de tre \u00e5ren p\u00e5 skolan har gett henne.\",\"breadcrumb\":{\"@id\":\"https:\/\/ntigymnasiet.se\/malmo\/elevintervjuer\/alumni-intervju-teknikprogrammet\/#breadcrumb\"},\"inLanguage\":\"sv-SE\",\"potentialAction\":[{\"@type\":\"ReadAction\",\"target\":[\"https:\/\/ntigymnasiet.se\/malmo\/elevintervjuer\/alumni-intervju-teknikprogrammet\/\"]}]},{\"@type\":\"BreadcrumbList\",\"@id\":\"https:\/\/ntigymnasiet.se\/malmo\/elevintervjuer\/alumni-intervju-teknikprogrammet\/#breadcrumb\",\"itemListElement\":[{\"@type\":\"ListItem\",\"position\":1,\"name\":\"Start\",\"item\":\"https:\/\/ntigymnasiet.se\/malmo\"},{\"@type\":\"ListItem\",\"position\":2,\"name\":\"Elevintervjuer\"}]},{\"@type\":\"WebSite\",\"@id\":\"https:\/\/ntigymnasiet.se\/malmo\/#website\",\"url\":\"https:\/\/ntigymnasiet.se\/malmo\/\",\"name\":\"Malm\u00f6\",\"description\":\"Just another WordPress site\",\"potentialAction\":[{\"@type\":\"SearchAction\",\"target\":{\"@type\":\"EntryPoint\",\"urlTemplate\":\"https:\/\/ntigymnasiet.se\/malmo\/?s={search_term_string}\"},\"query-input\":\"required name=search_term_string\"}],\"inLanguage\":\"sv-SE\"}]}<\/script>\n<!-- \/ Yoast SEO plugin. -->","yoast_head_json":{"title":"Malm\u00f6","description":"Abiola Taylor gick el- och energiprogrammet p\u00e5 NTI Gymnasiet Malm\u00f6. I intervjun ber\u00e4ttar hon vad de tre \u00e5ren p\u00e5 skolan har gett henne.","robots":{"index":"index","follow":"follow","max-snippet":"max-snippet:-1","max-image-preview":"max-image-preview:large","max-video-preview":"max-video-preview:-1"},"canonical":"https:\/\/ntigymnasiet.se\/malmo\/elevintervjuer\/alumni-intervju-teknikprogrammet\/","og_locale":"sv_SE","og_type":"article","og_description":"Abiola Taylor gick el- och energiprogrammet p\u00e5 NTI Gymnasiet Malm\u00f6. I intervjun ber\u00e4ttar hon vad de tre \u00e5ren p\u00e5 skolan har gett henne.","og_url":"https:\/\/ntigymnasiet.se\/malmo\/elevintervjuer\/alumni-intervju-teknikprogrammet\/","og_site_name":"Malm\u00f6","article_modified_time":"2024-03-21T16:00:25+00:00","twitter_card":"summary_large_image","twitter_description":"Abiola Taylor gick el- och energiprogrammet p\u00e5 NTI Gymnasiet Malm\u00f6. I intervjun ber\u00e4ttar hon vad de tre \u00e5ren p\u00e5 skolan har gett henne.","twitter_misc":{"Est. reading time":"1 minut"},"schema":{"@context":"https:\/\/schema.org","@graph":[{"@type":"WebPage","@id":"https:\/\/ntigymnasiet.se\/malmo\/elevintervjuer\/alumni-intervju-teknikprogrammet\/","url":"https:\/\/ntigymnasiet.se\/malmo\/elevintervjuer\/alumni-intervju-teknikprogrammet\/","name":"Alumni-intervju teknikprogrammet - Malm\u00f6","isPartOf":{"@id":"https:\/\/ntigymnasiet.se\/malmo\/#website"},"datePublished":"2024-03-21T15:27:16+00:00","dateModified":"2024-03-21T16:00:25+00:00","description":"Abiola Taylor gick el- och energiprogrammet p\u00e5 NTI Gymnasiet Malm\u00f6. I intervjun ber\u00e4ttar hon vad de tre \u00e5ren p\u00e5 skolan har gett henne.","breadcrumb":{"@id":"https:\/\/ntigymnasiet.se\/malmo\/elevintervjuer\/alumni-intervju-teknikprogrammet\/#breadcrumb"},"inLanguage":"sv-SE","potentialAction":[{"@type":"ReadAction","target":["https:\/\/ntigymnasiet.se\/malmo\/elevintervjuer\/alumni-intervju-teknikprogrammet\/"]}]},{"@type":"BreadcrumbList","@id":"https:\/\/ntigymnasiet.se\/malmo\/elevintervjuer\/alumni-intervju-teknikprogrammet\/#breadcrumb","itemListElement":[{"@type":"ListItem","position":1,"name":"Start","item":"https:\/\/ntigymnasiet.se\/malmo"},{"@type":"ListItem","position":2,"name":"Elevintervjuer"}]},{"@type":"WebSite","@id":"https:\/\/ntigymnasiet.se\/malmo\/#website","url":"https:\/\/ntigymnasiet.se\/malmo\/","name":"Malm\u00f6","description":"Just another WordPress site","potentialAction":[{"@type":"SearchAction","target":{"@type":"EntryPoint","urlTemplate":"https:\/\/ntigymnasiet.se\/malmo\/?s={search_term_string}"},"query-input":"required name=search_term_string"}],"inLanguage":"sv-SE"}]}},"_links":{"self":[{"href":"https:\/\/ntigymnasiet.se\/malmo\/wp-json\/wp\/v2\/testimonial\/1343"}],"collection":[{"href":"https:\/\/ntigymnasiet.se\/malmo\/wp-json\/wp\/v2\/testimonial"}],"about":[{"href":"https:\/\/ntigymnasiet.se\/malmo\/wp-json\/wp\/v2\/types\/testimonial"}],"wp:attachment":[{"href":"https:\/\/ntigymnasiet.se\/malmo\/wp-json\/wp\/v2\/media?parent=1343"}],"wp:term":[{"taxonomy":"testimonial_category","embeddable":true,"href":"https:\/\/ntigymnasiet.se\/malmo\/wp-json\/wp\/v2\/testimonial_category?post=1343"}],"curies":[{"name":"wp","href":"https:\/\/api.w.org\/{rel}","templated":true}]}}