{"id":1606,"date":"2025-12-03T08:31:55","date_gmt":"2025-12-03T07:31:55","guid":{"rendered":"https:\/\/ntigymnasiet.se\/sodertalje\/?page_id=1606"},"modified":"2025-12-03T08:31:56","modified_gmt":"2025-12-03T07:31:56","slug":"elevintervjuer","status":"publish","type":"page","link":"https:\/\/ntigymnasiet.se\/sodertalje\/elevintervjuer\/","title":{"rendered":"Elevintervjuer"},"content":{"rendered":"\n\n\n<section  class=\"ams-testimonial testimonial_module c-block l-stacked js-load-more\" data-color-scheme=\"1531\" data-count=\"4\" data-count-mobile=\"2\">\n\t<div class=\"l-container l-stack l-stack-fluid-2xl u-pt-fluid-3xl-6xl u-pb-fluid-3xl-6xl is-center is-center@md\">\n\t\t\t\t\t<div class=\"ams-testimonial__intro l-stack l-stack-lg\">\n\t\t\t\t\t\n\t<h1\n\tclass=\"c-heading u-font-title-1 \"\n\tstyle=\"\">\n\t\t\n\t\t\t\t\tElevintervjuer\n\t\t\t\t\n\t<\/h1>\n\n\t\t\t\t\t\t\t<\/div>\n\t\t\n\t\t\n\t\n\t\t\n\t\t\t\n<ul\n\tid=\"ams-testimonial-list-6a9bcd95b80a0\"\n\tclass=\"ams-testimonial__list  l-grid u-gap-fluid-2xl-4xl js-results \"\n\tdata-filter-animation=\"off\">\n\t\t\t\t\t\t\t\t\t\t\t\n\t\t\n\t\t\n\t\t<li class=\"l-col-6@md \" data-filter=\"teinm teknikprogrammet juni-2026\">\n\t\t\t<article class=\"c-card has-media-zoom \" data-variant=\"inside-half\" data-click-area>\n\t\t\t\t<div class=\"c-card__content l-stack l-stack-sm is-left is-left@md\">\n\t\t\t\t\t\t\t\t\t\t\t<blockquote class=\"c-card__title u-font-title-3\">\n\t\t\t\t\t\t\t\t\t\t\t\t\t\t\t<p class=\"u-quote-marks\"><a href=\"https:\/\/ntigymnasiet.se\/sodertalje\/elevintervjuer\/lokal\/teknikprogrammet-lukas\" class=\"link\">Mitt st\u00f6rsta tips \u00e4r att anm\u00e4la sig till en prova p\u00e5-dag och g\u00e5 p\u00e5 \u00f6ppet hus&#8230;<\/a><\/p>\n\t\t\t\t\t\t\t\t\t\t\t\t\t<\/blockquote>\n\t\t\t\t\t\n\t\t\t\t\t\t\t\t\t\t\t<p class=\"c-card__text l-stack-grow u-divider-top u-font-body\">\n\t\t\t\t\t\t\t<span class=\"author u-mr-fluid-lg\">Lukas<\/span>\n\t\t\t\t\t\t\t<span class=\"title u-mr-fluid-lg\">Teknikprogrammet<\/span>\n\t\t\t\t\t\t<\/p>\n\t\t\t\t\t\n\t\t\t\t\t<div class=\"c-card__icon\">\n\t\t\t\t\t\t<svg class=\"ams-icon ams-icon--arrow-right\" width=\"32\" height=\"32\" viewBox=\"0 0 32 32\" fill=\"currentColor\" aria-hidden=\"true\" xmlns=\"http:\/\/www.w3.org\/2000\/svg\">\n\t\t\t\t\t\t\t<path d=\"M15.4617 0.252159L14.9567 0.75931C14.6219 1.09545 14.6219 1.64048 14.9567 1.97669L27.7062 14.7806H0.857144C0.383786 14.7806 0 15.166 0 15.6414V16.3587C0 16.8341 0.383786 17.2195 0.857144 17.2195H27.7062L14.9567 30.0234C14.6219 30.3595 14.6219 30.9045 14.9567 31.2407L15.4617 31.7479C15.7964 32.084 16.3392 32.084 16.6739 31.7479L31.749 16.6087C32.0837 16.2725 32.0837 15.7275 31.749 15.3913L16.6739 0.252159C16.3392 -0.084053 15.7964 -0.084053 15.4617 0.252159Z\"\/>\n\t\t\t\t\t\t<\/svg>\n\t\t\t\t\t<\/div>\n\t\t\t\t<\/div>\n\t\t\t\t<div class=\"c-card__media\" style=\" \">\n\t\t\t\t\t<img decoding=\"async\" width=\"600\" height=\"450\" src=\"https:\/\/ntigymnasiet.se\/wp-content\/uploads\/2025\/06\/lukas-600x450.png\" class=\"attachment-md size-md\" alt=\"Eleven Lukas.\" sizes=\"(min-width: 80em) 600px, (min-width: 48em) calc(.50 * (100vw - 240px)), calc(100vw - 160px)\" srcset=\"https:\/\/ntigymnasiet.se\/wp-content\/uploads\/2025\/06\/lukas-600x450.png 600w, https:\/\/ntigymnasiet.se\/wp-content\/uploads\/2025\/06\/lukas-300x225.png 300w, https:\/\/ntigymnasiet.se\/wp-content\/uploads\/2025\/06\/lukas-400x300.png 400w, https:\/\/ntigymnasiet.se\/wp-content\/uploads\/2025\/06\/lukas-800x600.png 800w, https:\/\/ntigymnasiet.se\/wp-content\/uploads\/2025\/06\/lukas-1024x768.png 1024w, https:\/\/ntigymnasiet.se\/wp-content\/uploads\/2025\/06\/lukas-1200x900.png 1200w, https:\/\/ntigymnasiet.se\/wp-content\/uploads\/2025\/06\/lukas-768x576.png 768w\" \/>\n\t\t\t\t<\/div>\n\t\t\t<\/article>\n\t\t<\/li>\n\t\t\t\t\t\t\t\t\t\t\t\n\t\t\n\t\t\n\t\t<li class=\"l-col-6@md \" data-filter=\"el-och-energiprogrammet april-2025\">\n\t\t\t<article class=\"c-card has-media-zoom \" data-variant=\"inside-half\" data-click-area>\n\t\t\t\t<div class=\"c-card__content l-stack l-stack-sm is-left is-left@md\">\n\t\t\t\t\t\t\t\t\t\t\t<blockquote class=\"c-card__title u-font-title-3\">\n\t\t\t\t\t\t\t\t\t\t\t\t\t\t\t<p class=\"u-quote-marks\"><a href=\"https:\/\/ntigymnasiet.se\/sodertalje\/elevintervjuer\/lokal\/elevintervju-sonni\" class=\"link\">Det \u00e4r v\u00e4ldigt mycket att testa sj\u00e4lv och hitta sina starka sidor som g\u00f6r att dagarna aldrig blir tr\u00e5kiga&#8230;<\/a><\/p>\n\t\t\t\t\t\t\t\t\t\t\t\t\t<\/blockquote>\n\t\t\t\t\t\n\t\t\t\t\t\t\t\t\t\t\t<p class=\"c-card__text l-stack-grow u-divider-top u-font-body\">\n\t\t\t\t\t\t\t<span class=\"author u-mr-fluid-lg\">Sonni<\/span>\n\t\t\t\t\t\t\t<span class=\"title u-mr-fluid-lg\">El- och energiprogrammet<\/span>\n\t\t\t\t\t\t<\/p>\n\t\t\t\t\t\n\t\t\t\t\t<div class=\"c-card__icon\">\n\t\t\t\t\t\t<svg class=\"ams-icon ams-icon--arrow-right\" width=\"32\" height=\"32\" viewBox=\"0 0 32 32\" fill=\"currentColor\" aria-hidden=\"true\" xmlns=\"http:\/\/www.w3.org\/2000\/svg\">\n\t\t\t\t\t\t\t<path d=\"M15.4617 0.252159L14.9567 0.75931C14.6219 1.09545 14.6219 1.64048 14.9567 1.97669L27.7062 14.7806H0.857144C0.383786 14.7806 0 15.166 0 15.6414V16.3587C0 16.8341 0.383786 17.2195 0.857144 17.2195H27.7062L14.9567 30.0234C14.6219 30.3595 14.6219 30.9045 14.9567 31.2407L15.4617 31.7479C15.7964 32.084 16.3392 32.084 16.6739 31.7479L31.749 16.6087C32.0837 16.2725 32.0837 15.7275 31.749 15.3913L16.6739 0.252159C16.3392 -0.084053 15.7964 -0.084053 15.4617 0.252159Z\"\/>\n\t\t\t\t\t\t<\/svg>\n\t\t\t\t\t<\/div>\n\t\t\t\t<\/div>\n\t\t\t\t<div class=\"c-card__media\" style=\" \">\n\t\t\t\t\t<img decoding=\"async\" width=\"600\" height=\"450\" src=\"https:\/\/ntigymnasiet.se\/wp-content\/uploads\/2025\/04\/sonni-1-600x450.png\" class=\"attachment-md size-md\" alt=\"Eleven Sonni.\" sizes=\"(min-width: 80em) 600px, (min-width: 48em) calc(.50 * (100vw - 240px)), calc(100vw - 160px)\" srcset=\"https:\/\/ntigymnasiet.se\/wp-content\/uploads\/2025\/04\/sonni-1-600x450.png 600w, https:\/\/ntigymnasiet.se\/wp-content\/uploads\/2025\/04\/sonni-1-300x225.png 300w, https:\/\/ntigymnasiet.se\/wp-content\/uploads\/2025\/04\/sonni-1-400x300.png 400w, https:\/\/ntigymnasiet.se\/wp-content\/uploads\/2025\/04\/sonni-1-800x600.png 800w, https:\/\/ntigymnasiet.se\/wp-content\/uploads\/2025\/04\/sonni-1-1024x768.png 1024w, https:\/\/ntigymnasiet.se\/wp-content\/uploads\/2025\/04\/sonni-1-1200x900.png 1200w, https:\/\/ntigymnasiet.se\/wp-content\/uploads\/2025\/04\/sonni-1-768x576.png 768w\" \/>\n\t\t\t\t<\/div>\n\t\t\t<\/article>\n\t\t<\/li>\n\t<\/ul>\n\t\n\t<div class=\"no-results u-mt-0 u-hide\" data-filter-fallback-id=\"ams-testimonial-list-6a9bcd95b80a0\">\n\t<p>Det finns inga resultat som matchar din filtrering.<\/p>\n<\/div>\n\n\t    <div class=\"ams-testimonial__more u-inline-items js-load-more-btn\">\n        <button href=\"#\"\n                class=\"c-btn\"\n                data-style=\"rounded\"\n                data-size=\"md\"\n                data-width=\"full-mobile\"\n                data-variant=\"default\">\n        \tVisa fler intervjuer\n        <\/button>\n    <\/div>\n\n\n\t\t\n\t\t\t<\/div>\n\n\t\t\n\n<\/section>\n","protected":false},"excerpt":{"rendered":"","protected":false},"author":74,"featured_media":0,"parent":0,"menu_order":0,"comment_status":"closed","ping_status":"closed","template":"","meta":{"footnotes":""},"yoast_head":"<!-- This site is optimized with the Yoast SEO plugin v22.0 - https:\/\/yoast.com\/wordpress\/plugins\/seo\/ -->\n<title>S\u00f6dert\u00e4lje<\/title>\n<meta name=\"description\" content=\"Se elevintervjuer med v\u00e5ra nuvarande och tidigare elever. L\u00e4s om vad de tar med sig fr\u00e5n sitt program och om deras planer efter gymnasiet.\" \/>\n<meta name=\"robots\" content=\"index, follow, max-snippet:-1, max-image-preview:large, max-video-preview:-1\" \/>\n<link rel=\"canonical\" href=\"https:\/\/ntigymnasiet.se\/sodertalje\/elevintervjuer\/\" \/>\n<meta property=\"og:locale\" content=\"sv_SE\" \/>\n<meta property=\"og:type\" content=\"article\" \/>\n<meta property=\"og:description\" content=\"Se elevintervjuer med v\u00e5ra nuvarande och tidigare elever. L\u00e4s om vad de tar med sig fr\u00e5n sitt program och om deras planer efter gymnasiet.\" \/>\n<meta property=\"og:url\" content=\"https:\/\/ntigymnasiet.se\/sodertalje\/elevintervjuer\/\" \/>\n<meta property=\"og:site_name\" content=\"S\u00f6dert\u00e4lje\" \/>\n<meta property=\"article:modified_time\" content=\"2025-12-03T07:31:56+00:00\" \/>\n<meta name=\"twitter:card\" content=\"summary_large_image\" \/>\n<meta name=\"twitter:description\" content=\"Se elevintervjuer med v\u00e5ra nuvarande och tidigare elever. L\u00e4s om vad de tar med sig fr\u00e5n sitt program och om deras planer efter gymnasiet.\" \/>\n<meta name=\"twitter:label1\" content=\"Est. reading time\" \/>\n\t<meta name=\"twitter:data1\" content=\"1 minut\" \/>\n<script type=\"application\/ld+json\" class=\"yoast-schema-graph\">{\"@context\":\"https:\/\/schema.org\",\"@graph\":[{\"@type\":\"WebPage\",\"@id\":\"https:\/\/ntigymnasiet.se\/sodertalje\/elevintervjuer\/\",\"url\":\"https:\/\/ntigymnasiet.se\/sodertalje\/elevintervjuer\/\",\"name\":\"Elevintervjuer - S\u00f6dert\u00e4lje\",\"isPartOf\":{\"@id\":\"https:\/\/ntigymnasiet.se\/sodertalje\/#website\"},\"datePublished\":\"2025-12-03T07:31:55+00:00\",\"dateModified\":\"2025-12-03T07:31:56+00:00\",\"description\":\"Se elevintervjuer med v\u00e5ra nuvarande och tidigare elever. L\u00e4s om vad de tar med sig fr\u00e5n sitt program och om deras planer efter gymnasiet.\",\"breadcrumb\":{\"@id\":\"https:\/\/ntigymnasiet.se\/sodertalje\/elevintervjuer\/#breadcrumb\"},\"inLanguage\":\"sv-SE\",\"potentialAction\":[{\"@type\":\"ReadAction\",\"target\":[\"https:\/\/ntigymnasiet.se\/sodertalje\/elevintervjuer\/\"]}]},{\"@type\":\"BreadcrumbList\",\"@id\":\"https:\/\/ntigymnasiet.se\/sodertalje\/elevintervjuer\/#breadcrumb\",\"itemListElement\":[{\"@type\":\"ListItem\",\"position\":1,\"name\":\"Start\",\"item\":\"https:\/\/ntigymnasiet.se\/sodertalje\/\"},{\"@type\":\"ListItem\",\"position\":2,\"name\":\"Elevintervjuer\"}]},{\"@type\":\"WebSite\",\"@id\":\"https:\/\/ntigymnasiet.se\/sodertalje\/#website\",\"url\":\"https:\/\/ntigymnasiet.se\/sodertalje\/\",\"name\":\"S\u00f6dert\u00e4lje\",\"description\":\"Just another WordPress site\",\"potentialAction\":[{\"@type\":\"SearchAction\",\"target\":{\"@type\":\"EntryPoint\",\"urlTemplate\":\"https:\/\/ntigymnasiet.se\/sodertalje\/?s={search_term_string}\"},\"query-input\":\"required name=search_term_string\"}],\"inLanguage\":\"sv-SE\"}]}<\/script>\n<!-- \/ Yoast SEO plugin. -->","yoast_head_json":{"title":"S\u00f6dert\u00e4lje","description":"Se elevintervjuer med v\u00e5ra nuvarande och tidigare elever. L\u00e4s om vad de tar med sig fr\u00e5n sitt program och om deras planer efter gymnasiet.","robots":{"index":"index","follow":"follow","max-snippet":"max-snippet:-1","max-image-preview":"max-image-preview:large","max-video-preview":"max-video-preview:-1"},"canonical":"https:\/\/ntigymnasiet.se\/sodertalje\/elevintervjuer\/","og_locale":"sv_SE","og_type":"article","og_description":"Se elevintervjuer med v\u00e5ra nuvarande och tidigare elever. L\u00e4s om vad de tar med sig fr\u00e5n sitt program och om deras planer efter gymnasiet.","og_url":"https:\/\/ntigymnasiet.se\/sodertalje\/elevintervjuer\/","og_site_name":"S\u00f6dert\u00e4lje","article_modified_time":"2025-12-03T07:31:56+00:00","twitter_card":"summary_large_image","twitter_description":"Se elevintervjuer med v\u00e5ra nuvarande och tidigare elever. L\u00e4s om vad de tar med sig fr\u00e5n sitt program och om deras planer efter gymnasiet.","twitter_misc":{"Est. reading time":"1 minut"},"schema":{"@context":"https:\/\/schema.org","@graph":[{"@type":"WebPage","@id":"https:\/\/ntigymnasiet.se\/sodertalje\/elevintervjuer\/","url":"https:\/\/ntigymnasiet.se\/sodertalje\/elevintervjuer\/","name":"Elevintervjuer - S\u00f6dert\u00e4lje","isPartOf":{"@id":"https:\/\/ntigymnasiet.se\/sodertalje\/#website"},"datePublished":"2025-12-03T07:31:55+00:00","dateModified":"2025-12-03T07:31:56+00:00","description":"Se elevintervjuer med v\u00e5ra nuvarande och tidigare elever. L\u00e4s om vad de tar med sig fr\u00e5n sitt program och om deras planer efter gymnasiet.","breadcrumb":{"@id":"https:\/\/ntigymnasiet.se\/sodertalje\/elevintervjuer\/#breadcrumb"},"inLanguage":"sv-SE","potentialAction":[{"@type":"ReadAction","target":["https:\/\/ntigymnasiet.se\/sodertalje\/elevintervjuer\/"]}]},{"@type":"BreadcrumbList","@id":"https:\/\/ntigymnasiet.se\/sodertalje\/elevintervjuer\/#breadcrumb","itemListElement":[{"@type":"ListItem","position":1,"name":"Start","item":"https:\/\/ntigymnasiet.se\/sodertalje\/"},{"@type":"ListItem","position":2,"name":"Elevintervjuer"}]},{"@type":"WebSite","@id":"https:\/\/ntigymnasiet.se\/sodertalje\/#website","url":"https:\/\/ntigymnasiet.se\/sodertalje\/","name":"S\u00f6dert\u00e4lje","description":"Just another WordPress site","potentialAction":[{"@type":"SearchAction","target":{"@type":"EntryPoint","urlTemplate":"https:\/\/ntigymnasiet.se\/sodertalje\/?s={search_term_string}"},"query-input":"required name=search_term_string"}],"inLanguage":"sv-SE"}]}},"_links":{"self":[{"href":"https:\/\/ntigymnasiet.se\/sodertalje\/wp-json\/wp\/v2\/pages\/1606"}],"collection":[{"href":"https:\/\/ntigymnasiet.se\/sodertalje\/wp-json\/wp\/v2\/pages"}],"about":[{"href":"https:\/\/ntigymnasiet.se\/sodertalje\/wp-json\/wp\/v2\/types\/page"}],"author":[{"embeddable":true,"href":"https:\/\/ntigymnasiet.se\/sodertalje\/wp-json\/wp\/v2\/users\/74"}],"replies":[{"embeddable":true,"href":"https:\/\/ntigymnasiet.se\/sodertalje\/wp-json\/wp\/v2\/comments?post=1606"}],"version-history":[{"count":2,"href":"https:\/\/ntigymnasiet.se\/sodertalje\/wp-json\/wp\/v2\/pages\/1606\/revisions"}],"predecessor-version":[{"id":1608,"href":"https:\/\/ntigymnasiet.se\/sodertalje\/wp-json\/wp\/v2\/pages\/1606\/revisions\/1608"}],"wp:attachment":[{"href":"https:\/\/ntigymnasiet.se\/sodertalje\/wp-json\/wp\/v2\/media?parent=1606"}],"curies":[{"name":"wp","href":"https:\/\/api.w.org\/{rel}","templated":true}]}}