{"id":1876,"date":"2026-07-08T11:08:12","date_gmt":"2026-07-08T09:08:12","guid":{"rendered":""},"modified":"2026-08-27T11:12:23","modified_gmt":"2026-08-27T09:12:23","slug":"dator-och-kommunikationsteknik-2","status":"publish","type":"program_orientation","link":"https:\/\/ntigymnasiet.se\/sodertalje\/program\/yrkesintroduktion\/dator-och-kommunikationsteknik-2\/","title":{"rendered":"Dator- och kommunikationsteknik"},"content":{"rendered":"\n\t\n\t\n\t\n\t\n\t\n\t\n\t\t\n\t\t\n<section  class=\"ams-hero ams-hero--fifty ams-hero--default ams-hero--container c-block l-stacked  \" data-color-scheme=\"standard_morkbla-bakgrund\">\n\t<div class=\"ams-hero__container media-right media-bottom l-container u-pt-fluid-3xl-6xl u-pb-fluid-3xl-6xl\">\n\t\t<div class=\"ams-hero__content l-stack l-stack-xl is-left is-left@lg\">\n\t\t\t<div class=\"l-stack l-stack-lg\">\n\t\t\t\t\t\n\t<h1\n\tclass=\"c-heading u-font-title-1 \"\n\tstyle=\"\">\n\t\t\n\t\t\t\t\t\t\t\t\tYrkesintroduktion: El- och energiprogrammet\n\t\t\t\t<span class=\"c-heading__sub is-below u-font-title-3\">\n\t\t\t\t\tInriktning: Dator- och kommunikationsteknik\n\t\t\t\t<\/span>\n\t\t\t\t\t\t\t\n\t<\/h1>\n\n\t\t\t\t\t\t\t\t\t<div class=\"text l-stack u-font-body\">\n\t\t\t\t\t\t<p>Yrkesintroduktion passar dig som vill utveckla dina kunskaper inom IT och teknik samtidigt som du l\u00e4ser de \u00e4mnen du beh\u00f6ver f\u00f6r att bli beh\u00f6rig till gymnasiet. H\u00e4r f\u00e5r du l\u00e4ra dig genom praktiskt arbete och utvecklas steg f\u00f6r steg med st\u00f6d av l\u00e4rare och mentorer. M\u00e5let \u00e4r att du ska kunna ta n\u00e4sta steg till ett nationellt program eller vidare mot arbetslivet.<\/p>\n\n\t\t\t\t\t<\/div>\n\t\t\t\t\t\t\t<\/div>\n\n\t\t\t\t\t<\/div>\n\t\t<div class=\"ams-hero__media u-ratio-square \">\n\n\t\t\t\t\t\t\t\t\t\t\t\t<img decoding=\"async\" width=\"600\" height=\"600\" src=\"https:\/\/ntigymnasiet.se\/wp-content\/uploads\/sites\/19\/2026\/07\/ntigbgjohanneberg202605webbee0640-1-600x600.jpeg\" class=\"attachment-md size-md\" alt=\"Elev arbetar med n\u00e4tverksinstallation i en IT-sal.\" sizes=\"(min-width: 64em) 600px, calc(100vw - 160px)\" srcset=\"https:\/\/ntigymnasiet.se\/wp-content\/uploads\/sites\/19\/2026\/07\/ntigbgjohanneberg202605webbee0640-1-600x600.jpeg 600w, https:\/\/ntigymnasiet.se\/wp-content\/uploads\/sites\/19\/2026\/07\/ntigbgjohanneberg202605webbee0640-1-150x150.jpeg 150w, https:\/\/ntigymnasiet.se\/wp-content\/uploads\/sites\/19\/2026\/07\/ntigbgjohanneberg202605webbee0640-1-300x300.jpeg 300w, https:\/\/ntigymnasiet.se\/wp-content\/uploads\/sites\/19\/2026\/07\/ntigbgjohanneberg202605webbee0640-1-400x400.jpeg 400w, https:\/\/ntigymnasiet.se\/wp-content\/uploads\/sites\/19\/2026\/07\/ntigbgjohanneberg202605webbee0640-1-800x800.jpeg 800w, https:\/\/ntigymnasiet.se\/wp-content\/uploads\/sites\/19\/2026\/07\/ntigbgjohanneberg202605webbee0640-1-1024x1024.jpeg 1024w, https:\/\/ntigymnasiet.se\/wp-content\/uploads\/sites\/19\/2026\/07\/ntigbgjohanneberg202605webbee0640-1.jpeg 1200w\" \/>\n\t\t\t\t\t\t\t\n\t\t\t\n\t\t\t\t\t<\/div>\n\t<\/div>\n\n\t\n\n<\/section>\n\n\n\n<div class=\"wp-block-columns is-layout-flex wp-container-core-columns-layout-1 wp-block-columns-is-layout-flex\">\n<div class=\"wp-block-column is-layout-flow wp-block-column-is-layout-flow\" style=\"flex-basis:55%\">\t\n\t<h2\n\t\n\tclass=\"\n\tc-heading c-heading--icon\n\tu-font-title-2\n\t\n\t\n\t\n\tc-heading--left\n\tc-heading--left@md\n\t\"\n\tdata-color-scheme=\"\"\n\tstyle=\"\">\n\t\t\t\t\t<span class=\"text\">Ta n\u00e4sta steg mot gymnasiet<\/span>\n\t\t\t<\/h2>\n\n\n\n<p>Yrkesintroduktion passar dig som \u00e4r intresserad av IT och teknik men \u00e4nnu inte \u00e4r beh\u00f6rig till ett nationellt gymnasieprogram. H\u00e4r f\u00e5r du l\u00e4sa de \u00e4mnen du beh\u00f6ver f\u00f6r att komma vidare mot dina m\u00e5l samtidigt som du f\u00e5r prova p\u00e5 kurser inom IT, n\u00e4tverk och digital teknik. Du beh\u00f6ver inte kunna allt fr\u00e5n b\u00f6rjan \u2013 hos oss f\u00e5r du utvecklas steg f\u00f6r steg.<\/p>\n\n\n\n<h3 class=\"wp-block-heading\">L\u00e4r dig genom praktiskt arbete<\/h3>\n\n\n\n<p>Vi kombinerar l\u00e4rande med g\u00f6rande. Du f\u00e5r arbeta med bland annat dator- och n\u00e4tverksteknik och l\u00e4ra dig hur digital teknik fungerar i praktiken. Samtidigt arbetar vi tillsammans f\u00f6r att du ska utveckla de kunskaper som kr\u00e4vs f\u00f6r att bli beh\u00f6rig till ett nationellt gymnasieprogram.<\/p>\n\n\n\n<h3 class=\"wp-block-heading\">St\u00f6d p\u00e5 v\u00e4gen<\/h3>\n\n\n\n<p>Hos oss m\u00f6ter du l\u00e4rare och mentorer som f\u00f6ljer dig under \u00e5ret. Med en individuell studieplan och undervisning i mindre grupper f\u00e5r du m\u00f6jlighet att utvecklas utifr\u00e5n dina m\u00e5l och f\u00f6ruts\u00e4ttningar.<\/p>\n\n\n\n<h3 class=\"wp-block-heading\">Efter yrkesintroduktion<\/h3>\n\n\n\n<p>M\u00e5let \u00e4r att du ska bli beh\u00f6rig till ett nationellt program eller ta n\u00e4sta steg mot arbetslivet. M\u00e5nga v\u00e4ljer att forts\u00e4tta p\u00e5 El- och energiprogrammet hos oss, men du kan ocks\u00e5 s\u00f6ka vidare till andra program eller skolor.<\/p>\n<\/div>\n\n\n\n<div class=\"wp-block-column is-layout-flow wp-block-column-is-layout-flow\" style=\"flex-basis:15px\"><\/div>\n\n\n\n<div class=\"wp-block-column is-layout-flow wp-block-column-is-layout-flow\" style=\"flex-basis:33%\">\n\t<div class=\"module_wrapper ams_remote_pages_module \">\n\t\t\n<section  class=\"ams-cta ams-cta--stacked c-block l-stacked\" data-color-scheme=\"standard_morkbla-bakgrund\">\n\t<div class=\"l-container l-stack l-stack-fluid-2xl u-pt-fluid-Ingen u-pb-fluid-Ingen is-left is-left@md\">\n\t\t\t\t\t<div class=\"ams-cta__intro l-stack l-stack-lg\">\n\t\t\t\t\t\n\t<h3\n\tclass=\"c-heading u-font-title-3 \"\n\tstyle=\"\">\n\t\t\n\t\t\t\t\tOm programmet\n\t\t\t\t\n\t<\/h3>\n\n\t\t\t\t\t\t\t\t\t<div class=\"c-text l-stack u-cs-xl u-font-body\">\n\t\t\t\t\t\t<p><strong>Program: <\/strong>Yrkesintroduktion mot el- och energiprogrammet<strong><br \/>\nInriktning: <\/strong>Dator- och kommunikationsteknik<br \/>\n<strong>Ans\u00f6kningskod: <\/strong>IMYEE<\/p>\n\n\t\t\t\t\t<\/div>\n\t\t\t\t\t\t\t<\/div>\n\t\t\n\t\t\n\t\t\t<\/div>\n\n\t\t\n\n<\/section>\n\t<\/div>\n\n\t<\/div>\n<\/div>\n\n\n\n\t\n\t\n\t\n\n\t\n\t\n\t\t\n<section  class=\"c-block l-stacked  \" data-color-scheme=\"standard_morkbeige-bakgrund\">\n\t<div class=\"ams-fifty ams-fifty--container ams-fifty--left ams-fifty--bottom l-container u-pt-fluid-2xl-4xl u-pb-fluid-2xl-4xl\">\n\t\t<div class=\"ams-fifty__content l-stack l-stack-xl is-left is-left@lg\">\n\t\t\t<div class=\"ams-fifty__text l-stack l-stack-lg\">\n\t\t\t\t\t\n\t<h2\n\tclass=\"c-heading u-font-title-1 \"\n\tstyle=\"\">\n\t\t\n\t\t\t\t\tS\u00e5 s\u00f6ker du till ett introduktions\u00adprogram\n\t\t\t\t\n\t<\/h2>\n\n\t\t\t\t\t\t\t\t\t<div class=\"text l-stack u-font-body\">\n\t\t\t\t\t\t<p>Du s\u00f6ker till v\u00e5rt introduktionsprogram via gymnasieantagningen, p\u00e5 samma s\u00e4tt som om du hade s\u00f6kt till ett nationellt gymnasieprogram. Om du riskerar att inte bli beh\u00f6rig till ett nationellt program \u00e4r det bra om du har med minst ett introduktionsprogram i din gymnasieans\u00f6kan. Prata med studie- och yrkesv\u00e4gledaren p\u00e5 din grundskola f\u00f6r att f\u00e5 hj\u00e4lp med att hitta r\u00e4tt introduktionsprogram f\u00f6r dig.<\/p>\n<p>Vill du veta mer om programmet?<\/p>\n\n\t\t\t\t\t<\/div>\n\t\t\t\t\t\t\t<\/div>\n\n\t\t\t\t<div class=\"ams-fifty__action u-inline-items\">\n\t\t\t\t\t\t\t\n\n\n\n<a href=\"https:\/\/ntigymnasiet.se\/sodertalje\/oppet-hus\/\"\n\t\n\tclass=\"c-btn \"\n\tdata-style=\"rounded\"\n\tdata-size=\"md\"\n\tdata-width=\"full-mobile\"\n\tdata-variant=\"default\"\n\ttarget=\"_self\">\n\t\t\t<span class=\"label\"> Bes\u00f6k oss p\u00e5 \u00f6ppet hus<\/span>\n\t\t\t\t\t\t\n\t<\/a>\n\t\t\t<\/div>\n\t\t<\/div>\n\n\t\t <div class=\"ams-fifty__media u-ratio-square\">\n\t\t \t\t\t\t\t<img decoding=\"async\" width=\"600\" height=\"600\" src=\"https:\/\/ntigymnasiet.se\/wp-content\/uploads\/sites\/19\/2026\/07\/ntigbghandels202605webblektionssal0208-2-600x600.jpeg\" class=\"attachment-md size-md\" alt=\"Elev vid dator som tittar glatt in i kameran.\" sizes=\"(min-width: 64em) 600px, calc(100vw - 160px)\" srcset=\"https:\/\/ntigymnasiet.se\/wp-content\/uploads\/sites\/19\/2026\/07\/ntigbghandels202605webblektionssal0208-2-600x600.jpeg 600w, https:\/\/ntigymnasiet.se\/wp-content\/uploads\/sites\/19\/2026\/07\/ntigbghandels202605webblektionssal0208-2-150x150.jpeg 150w, https:\/\/ntigymnasiet.se\/wp-content\/uploads\/sites\/19\/2026\/07\/ntigbghandels202605webblektionssal0208-2-300x300.jpeg 300w, https:\/\/ntigymnasiet.se\/wp-content\/uploads\/sites\/19\/2026\/07\/ntigbghandels202605webblektionssal0208-2-400x400.jpeg 400w, https:\/\/ntigymnasiet.se\/wp-content\/uploads\/sites\/19\/2026\/07\/ntigbghandels202605webblektionssal0208-2-800x800.jpeg 800w, https:\/\/ntigymnasiet.se\/wp-content\/uploads\/sites\/19\/2026\/07\/ntigbghandels202605webblektionssal0208-2-1024x1024.jpeg 1024w, https:\/\/ntigymnasiet.se\/wp-content\/uploads\/sites\/19\/2026\/07\/ntigbghandels202605webblektionssal0208-2.jpeg 1200w\" \/>\n\t\t\t\n\t\t\t\n\t\t\t\t\t<\/div>\n\t<\/div>\n\n\t\t\n\n<\/section>\n\n\n\n<section  class=\"ams-courses-list c-block l-stacked\" data-color-scheme=\"kort_ljusbeige-bakgrund\">\n\t<div class=\"l-container l-stack l-stack-fluid-2xl u-pt-fluid-3xl-6xl u-pb-fluid-3xl-6xl is-center is-center@md\">\n\t\t\t\t\t<div class=\"ams-courses-list__intro l-stack l-stack-lg\">\n\t\t\t\t\t\n\t<h2\n\tclass=\"c-heading u-font-title-1 \"\n\tstyle=\"\">\n\t\t\n\t\t\t\t\tUtforska fler av v\u00e5ra program\n\t\t\t\t\n\t<\/h2>\n\n\t\t\t\t\t\t\t<\/div>\n\t\t\n\t\t\n\t\t\t\n<ul class=\"ams-courses-list__list l-grid u-gap-fluid-2xl-4xl u-justify-center\">\n\t\t\t<li class=\"l-col-6@md l-col-4@lg\">\n\t\t\t<article class=\"\n\t\t\t\tc-card\n\t\t\t\t\n\t\t\t\thas-media-zoom\n\t\t\t\t\n\t\t\t\tu-shadow-lg\"\n\t\t\t\tdata-variant=\"border-top\"\n\t\t\t\tdata-style=\"square\"\n\t\t\t\tdata-click-area>\n\t\t\t\t<div class=\"c-card__content l-stack l-stack-sm\">\n\t\t\t\t\t\t\t\t\t\t\t<h3 class=\"c-card__title u-font-title-3\">\n\t\t\t\t\t\t\t\t\t\t\t\t\t\t\t<a class=\"c-card__title-link\" href=\"https:\/\/ntigymnasiet.se\/sodertalje\/program\/el-och-energiprogrammet\/\">\n\t\t\t\t\t\t\t\t\tEl- och energiprogrammet\n\t\t\t\t\t\t\t\t<\/a>\n\t\t\t\t\t\t\t\t\t\t\t\t\t<\/h3>\n\t\t\t\t\t\n\t\t\t\t\t\n\t\t\t\t\t\t\t\t\t\t\t\t\t\t\t\t<ul class=\"c-card__list u-list-none l-stack-grow u-divider-top u-font-body\">\n\t\t\t\t\t\t\t\n\t\t\t\t\t\t\t\n\t\t\t\t\t\t\t\t<!-- Orientations within program -->\n\t\t\t\t\t\t\t\t\t\t\t\t\t\t\t\t<!-- .\/Orientations within program -->\n\n\t\t\t\t\t\t\t\t\t\t\t\t\t<\/ul>\n\n\t\t\t\t\t\t<div class=\"c-card__icon c-card__icon--nl\">\n\t\t\t\t\t\t\t\t\t\t\t\t\t\t<svg class=\"ams-icon ams-icon--arrow-right\" width=\"32\" height=\"32\" viewbox=\"0 0 32 32\" fill=\"currentColor\" aria-hidden=\"true\" xmlns=\"http:\/\/www.w3.org\/2000\/svg\">\n\t\t\t\t\t\t\t\t\t\t\t\t\t\t\t\t<path d=\"M15.4617 0.252159L14.9567 0.75931C14.6219 1.09545 14.6219 1.64048 14.9567 1.97669L27.7062 14.7806H0.857144C0.383786 14.7806 0 15.166 0 15.6414V16.3587C0 16.8341 0.383786 17.2195 0.857144 17.2195H27.7062L14.9567 30.0234C14.6219 30.3595 14.6219 30.9045 14.9567 31.2407L15.4617 31.7479C15.7964 32.084 16.3392 32.084 16.6739 31.7479L31.749 16.6087C32.0837 16.2725 32.0837 15.7275 31.749 15.3913L16.6739 0.252159C16.3392 -0.084053 15.7964 -0.084053 15.4617 0.252159Z\"\/>\n\t\t\t\t\t\t\t\n\t\t\t\t\t\t\t<\/svg>\n\t\t\t\t\t\t<\/div>\n\t\t\t\t\t\t\t\t\t<\/div>\n\t\t\t\t<div class=\"c-card__media \" style=\" \">\n\t\t\t\t\t<img decoding=\"async\" width=\"400\" height=\"400\" src=\"https:\/\/ntigymnasiet.se\/wp-content\/uploads\/sites\/19\/2026\/07\/ntigbgjohanneberg202605webbee0457-400x400.jpeg\" class=\"attachment-sm size-sm wp-post-image\" alt=\"Elev antecknar medan en l\u00e4rare visar serverutrustning f\u00f6r tv\u00e5 elever.\" sizes=\"(min-width: 64em) 300px, (min-width: 48em) calc(.50 * (100vw - 240px)), calc(100vw - 160px)\" srcset=\"https:\/\/ntigymnasiet.se\/wp-content\/uploads\/sites\/19\/2026\/07\/ntigbgjohanneberg202605webbee0457-400x400.jpeg 400w, https:\/\/ntigymnasiet.se\/wp-content\/uploads\/sites\/19\/2026\/07\/ntigbgjohanneberg202605webbee0457-150x150.jpeg 150w, https:\/\/ntigymnasiet.se\/wp-content\/uploads\/sites\/19\/2026\/07\/ntigbgjohanneberg202605webbee0457-300x300.jpeg 300w, https:\/\/ntigymnasiet.se\/wp-content\/uploads\/sites\/19\/2026\/07\/ntigbgjohanneberg202605webbee0457-600x600.jpeg 600w, https:\/\/ntigymnasiet.se\/wp-content\/uploads\/sites\/19\/2026\/07\/ntigbgjohanneberg202605webbee0457-800x800.jpeg 800w, https:\/\/ntigymnasiet.se\/wp-content\/uploads\/sites\/19\/2026\/07\/ntigbgjohanneberg202605webbee0457-1024x1024.jpeg 1024w, https:\/\/ntigymnasiet.se\/wp-content\/uploads\/sites\/19\/2026\/07\/ntigbgjohanneberg202605webbee0457.jpeg 1200w\" \/>\n\t\t\t\t<\/div>\n\t\t\t<\/article>\n\t\t<\/li>\n\t\t\t<li class=\"l-col-6@md l-col-4@lg\">\n\t\t\t<article class=\"\n\t\t\t\tc-card\n\t\t\t\t\n\t\t\t\thas-media-zoom\n\t\t\t\t\n\t\t\t\tu-shadow-lg\"\n\t\t\t\tdata-variant=\"border-top\"\n\t\t\t\tdata-style=\"square\"\n\t\t\t\tdata-click-area>\n\t\t\t\t<div class=\"c-card__content l-stack l-stack-sm\">\n\t\t\t\t\t\t\t\t\t\t\t<h3 class=\"c-card__title u-font-title-3\">\n\t\t\t\t\t\t\t\t\t\t\t\t\t\t\t<a class=\"c-card__title-link\" href=\"https:\/\/ntigymnasiet.se\/sodertalje\/program\/teknikprogrammet\/\">\n\t\t\t\t\t\t\t\t\tTeknikprogrammet\n\t\t\t\t\t\t\t\t<\/a>\n\t\t\t\t\t\t\t\t\t\t\t\t\t<\/h3>\n\t\t\t\t\t\n\t\t\t\t\t\n\t\t\t\t\t\t\t\t\t\t\t\t\t\t\t\t<ul class=\"c-card__list u-list-none l-stack-grow u-divider-top u-font-body\">\n\t\t\t\t\t\t\t\n\t\t\t\t\t\t\t\n\t\t\t\t\t\t\t\t<!-- Orientations within program -->\n\t\t\t\t\t\t\t\t\t\t\t\t\t\t\t\t<!-- .\/Orientations within program -->\n\n\t\t\t\t\t\t\t\t\t\t\t\t\t<\/ul>\n\n\t\t\t\t\t\t<div class=\"c-card__icon c-card__icon--nl\">\n\t\t\t\t\t\t\t\t\t\t\t\t\t\t<svg class=\"ams-icon ams-icon--arrow-right\" width=\"32\" height=\"32\" viewbox=\"0 0 32 32\" fill=\"currentColor\" aria-hidden=\"true\" xmlns=\"http:\/\/www.w3.org\/2000\/svg\">\n\t\t\t\t\t\t\t\t\t\t\t\t\t\t\t\t<path d=\"M15.4617 0.252159L14.9567 0.75931C14.6219 1.09545 14.6219 1.64048 14.9567 1.97669L27.7062 14.7806H0.857144C0.383786 14.7806 0 15.166 0 15.6414V16.3587C0 16.8341 0.383786 17.2195 0.857144 17.2195H27.7062L14.9567 30.0234C14.6219 30.3595 14.6219 30.9045 14.9567 31.2407L15.4617 31.7479C15.7964 32.084 16.3392 32.084 16.6739 31.7479L31.749 16.6087C32.0837 16.2725 32.0837 15.7275 31.749 15.3913L16.6739 0.252159C16.3392 -0.084053 15.7964 -0.084053 15.4617 0.252159Z\"\/>\n\t\t\t\t\t\t\t\n\t\t\t\t\t\t\t<\/svg>\n\t\t\t\t\t\t<\/div>\n\t\t\t\t\t\t\t\t\t<\/div>\n\t\t\t\t<div class=\"c-card__media \" style=\" \">\n\t\t\t\t\t<img decoding=\"async\" width=\"400\" height=\"400\" src=\"https:\/\/ntigymnasiet.se\/wp-content\/uploads\/sites\/19\/2026\/07\/ntigbgjohanneberg202605webbmakerspace0391-400x400.jpeg\" class=\"attachment-sm size-sm wp-post-image\" alt=\"Elever i skolans Makerspace som testar sig fram och f\u00e5r hj\u00e4lp av l\u00e4rare.\" sizes=\"(min-width: 64em) 300px, (min-width: 48em) calc(.50 * (100vw - 240px)), calc(100vw - 160px)\" srcset=\"https:\/\/ntigymnasiet.se\/wp-content\/uploads\/sites\/19\/2026\/07\/ntigbgjohanneberg202605webbmakerspace0391-400x400.jpeg 400w, https:\/\/ntigymnasiet.se\/wp-content\/uploads\/sites\/19\/2026\/07\/ntigbgjohanneberg202605webbmakerspace0391-150x150.jpeg 150w, https:\/\/ntigymnasiet.se\/wp-content\/uploads\/sites\/19\/2026\/07\/ntigbgjohanneberg202605webbmakerspace0391-300x300.jpeg 300w, https:\/\/ntigymnasiet.se\/wp-content\/uploads\/sites\/19\/2026\/07\/ntigbgjohanneberg202605webbmakerspace0391-600x600.jpeg 600w, https:\/\/ntigymnasiet.se\/wp-content\/uploads\/sites\/19\/2026\/07\/ntigbgjohanneberg202605webbmakerspace0391-800x800.jpeg 800w, https:\/\/ntigymnasiet.se\/wp-content\/uploads\/sites\/19\/2026\/07\/ntigbgjohanneberg202605webbmakerspace0391-1024x1024.jpeg 1024w, https:\/\/ntigymnasiet.se\/wp-content\/uploads\/sites\/19\/2026\/07\/ntigbgjohanneberg202605webbmakerspace0391.jpeg 1200w\" \/>\n\t\t\t\t<\/div>\n\t\t\t<\/article>\n\t\t<\/li>\n\t\t\t<li class=\"l-col-6@md l-col-4@lg\">\n\t\t\t<article class=\"\n\t\t\t\tc-card\n\t\t\t\t\n\t\t\t\thas-media-zoom\n\t\t\t\t\n\t\t\t\tu-shadow-lg\"\n\t\t\t\tdata-variant=\"border-top\"\n\t\t\t\tdata-style=\"square\"\n\t\t\t\tdata-click-area>\n\t\t\t\t<div class=\"c-card__content l-stack l-stack-sm\">\n\t\t\t\t\t\t\t\t\t\t\t<h3 class=\"c-card__title u-font-title-3\">\n\t\t\t\t\t\t\t\t\t\t\t\t\t\t\t<a class=\"c-card__title-link\" href=\"https:\/\/ntigymnasiet.se\/sodertalje\/program\/yrkesintroduktion\/\">\n\t\t\t\t\t\t\t\t\tYrkesintroduktion: El- och energiprogrammet\n\t\t\t\t\t\t\t\t<\/a>\n\t\t\t\t\t\t\t\t\t\t\t\t\t<\/h3>\n\t\t\t\t\t\n\t\t\t\t\t\n\t\t\t\t\t\t\t\t\t\t\t\t\t\t\t\t<ul class=\"c-card__list u-list-none l-stack-grow u-divider-top u-font-body\">\n\t\t\t\t\t\t\t\n\t\t\t\t\t\t\t\n\t\t\t\t\t\t\t\t<!-- Orientations within program -->\n\t\t\t\t\t\t\t\t\t\t\t\t\t\t\t\t<!-- .\/Orientations within program -->\n\n\t\t\t\t\t\t\t\t\t\t\t\t\t<\/ul>\n\n\t\t\t\t\t\t<div class=\"c-card__icon c-card__icon--nl\">\n\t\t\t\t\t\t\t\t\t\t\t\t\t\t<svg class=\"ams-icon ams-icon--arrow-right\" width=\"32\" height=\"32\" viewbox=\"0 0 32 32\" fill=\"currentColor\" aria-hidden=\"true\" xmlns=\"http:\/\/www.w3.org\/2000\/svg\">\n\t\t\t\t\t\t\t\t\t\t\t\t\t\t\t\t<path d=\"M15.4617 0.252159L14.9567 0.75931C14.6219 1.09545 14.6219 1.64048 14.9567 1.97669L27.7062 14.7806H0.857144C0.383786 14.7806 0 15.166 0 15.6414V16.3587C0 16.8341 0.383786 17.2195 0.857144 17.2195H27.7062L14.9567 30.0234C14.6219 30.3595 14.6219 30.9045 14.9567 31.2407L15.4617 31.7479C15.7964 32.084 16.3392 32.084 16.6739 31.7479L31.749 16.6087C32.0837 16.2725 32.0837 15.7275 31.749 15.3913L16.6739 0.252159C16.3392 -0.084053 15.7964 -0.084053 15.4617 0.252159Z\"\/>\n\t\t\t\t\t\t\t\n\t\t\t\t\t\t\t<\/svg>\n\t\t\t\t\t\t<\/div>\n\t\t\t\t\t\t\t\t\t<\/div>\n\t\t\t\t<div class=\"c-card__media \" style=\" \">\n\t\t\t\t\t<img decoding=\"async\" width=\"400\" height=\"400\" src=\"https:\/\/ntigymnasiet.se\/wp-content\/uploads\/sites\/19\/2026\/07\/ntigbgjohanneberg202605webbmakerspace0168-1-400x400.jpeg\" class=\"attachment-sm size-sm wp-post-image\" alt=\"Tre elever arbetar tillsammans med ett praktiskt teknikmoment i skolans Makerspace.\" sizes=\"(min-width: 64em) 300px, (min-width: 48em) calc(.50 * (100vw - 240px)), calc(100vw - 160px)\" srcset=\"https:\/\/ntigymnasiet.se\/wp-content\/uploads\/sites\/19\/2026\/07\/ntigbgjohanneberg202605webbmakerspace0168-1-400x400.jpeg 400w, https:\/\/ntigymnasiet.se\/wp-content\/uploads\/sites\/19\/2026\/07\/ntigbgjohanneberg202605webbmakerspace0168-1-150x150.jpeg 150w, https:\/\/ntigymnasiet.se\/wp-content\/uploads\/sites\/19\/2026\/07\/ntigbgjohanneberg202605webbmakerspace0168-1-300x300.jpeg 300w, https:\/\/ntigymnasiet.se\/wp-content\/uploads\/sites\/19\/2026\/07\/ntigbgjohanneberg202605webbmakerspace0168-1-600x600.jpeg 600w, https:\/\/ntigymnasiet.se\/wp-content\/uploads\/sites\/19\/2026\/07\/ntigbgjohanneberg202605webbmakerspace0168-1-800x800.jpeg 800w, https:\/\/ntigymnasiet.se\/wp-content\/uploads\/sites\/19\/2026\/07\/ntigbgjohanneberg202605webbmakerspace0168-1-1024x1024.jpeg 1024w, https:\/\/ntigymnasiet.se\/wp-content\/uploads\/sites\/19\/2026\/07\/ntigbgjohanneberg202605webbmakerspace0168-1.jpeg 1200w\" \/>\n\t\t\t\t<\/div>\n\t\t\t<\/article>\n\t\t<\/li>\n\t<\/ul>\n\t\n\n\t\t\t<div class=\"ams-courses-list__action u-inline-items\">\n\t\t\t\t\t\t\t\n\n\n\n<a href=\"https:\/\/ntigymnasiet.se\/sodertalje\/program\/\"\n\t\n\tclass=\"c-btn \"\n\tdata-style=\"rounded\"\n\tdata-size=\"md\"\n\tdata-width=\"full-mobile\"\n\tdata-variant=\"default\"\n\ttarget=\"_self\">\n\t\t\t<span class=\"label\"> Se alla v\u00e5ra program<\/span>\n\t\t\t\t\t\t\n\t<\/a>\n\t\t\t<\/div>\n\t<\/div>\n\n\t\t\n\n<\/section>\n","protected":false},"excerpt":{"rendered":"","protected":false},"featured_media":1879,"parent":1875,"menu_order":0,"template":"","yoast_head":"<!-- This site is optimized with the Yoast SEO plugin v22.0 - https:\/\/yoast.com\/wordpress\/plugins\/seo\/ -->\n<title>S\u00f6dert\u00e4lje<\/title>\n<meta name=\"robots\" content=\"index, follow, max-snippet:-1, max-image-preview:large, max-video-preview:-1\" \/>\n<link rel=\"canonical\" href=\"https:\/\/ntigymnasiet.se\/sodertalje\/program\/yrkesintroduktion\/dator-och-kommunikationsteknik-2\/\" \/>\n<meta property=\"og:locale\" content=\"sv_SE\" \/>\n<meta property=\"og:type\" content=\"article\" \/>\n<meta property=\"og:url\" content=\"https:\/\/ntigymnasiet.se\/sodertalje\/program\/yrkesintroduktion\/dator-och-kommunikationsteknik-2\/\" \/>\n<meta property=\"og:site_name\" content=\"S\u00f6dert\u00e4lje\" \/>\n<meta property=\"article:modified_time\" content=\"2026-08-27T09:12:23+00:00\" \/>\n<meta property=\"og:image\" content=\"https:\/\/ntigymnasiet.se\/wp-content\/uploads\/sites\/19\/2026\/07\/ntigbgjohanneberg202605webbee0640-1-1200x630.jpeg\" \/>\n\t<meta property=\"og:image:width\" content=\"1200\" \/>\n\t<meta property=\"og:image:height\" content=\"630\" \/>\n\t<meta property=\"og:image:type\" content=\"image\/jpeg\" \/>\n<meta name=\"twitter:card\" content=\"summary_large_image\" \/>\n<meta name=\"twitter:image\" content=\"https:\/\/ntigymnasiet.se\/wp-content\/uploads\/sites\/19\/2026\/07\/ntigbgjohanneberg202605webbee0640-1-1200x630.jpeg\" \/>\n<meta name=\"twitter:label1\" content=\"Est. reading time\" \/>\n\t<meta name=\"twitter:data1\" content=\"2 minuter\" \/>\n<script type=\"application\/ld+json\" class=\"yoast-schema-graph\">{\"@context\":\"https:\/\/schema.org\",\"@graph\":[{\"@type\":\"WebPage\",\"@id\":\"https:\/\/ntigymnasiet.se\/sodertalje\/program\/yrkesintroduktion\/dator-och-kommunikationsteknik-2\/\",\"url\":\"https:\/\/ntigymnasiet.se\/sodertalje\/program\/yrkesintroduktion\/dator-och-kommunikationsteknik-2\/\",\"name\":\"Dator- och kommunikationsteknik - S\u00f6dert\u00e4lje\",\"isPartOf\":{\"@id\":\"https:\/\/ntigymnasiet.se\/sodertalje\/#website\"},\"datePublished\":\"2026-07-08T09:08:12+00:00\",\"dateModified\":\"2026-08-27T09:12:23+00:00\",\"breadcrumb\":{\"@id\":\"https:\/\/ntigymnasiet.se\/sodertalje\/program\/yrkesintroduktion\/dator-och-kommunikationsteknik-2\/#breadcrumb\"},\"inLanguage\":\"sv-SE\",\"potentialAction\":[{\"@type\":\"ReadAction\",\"target\":[\"https:\/\/ntigymnasiet.se\/sodertalje\/program\/yrkesintroduktion\/dator-och-kommunikationsteknik-2\/\"]}]},{\"@type\":\"BreadcrumbList\",\"@id\":\"https:\/\/ntigymnasiet.se\/sodertalje\/program\/yrkesintroduktion\/dator-och-kommunikationsteknik-2\/#breadcrumb\",\"itemListElement\":[{\"@type\":\"ListItem\",\"position\":1,\"name\":\"Start\",\"item\":\"https:\/\/ntigymnasiet.se\/sodertalje\"},{\"@type\":\"ListItem\",\"position\":2,\"name\":\"V\u00e5ra program\"}]},{\"@type\":\"WebSite\",\"@id\":\"https:\/\/ntigymnasiet.se\/sodertalje\/#website\",\"url\":\"https:\/\/ntigymnasiet.se\/sodertalje\/\",\"name\":\"S\u00f6dert\u00e4lje\",\"description\":\"Just another WordPress site\",\"potentialAction\":[{\"@type\":\"SearchAction\",\"target\":{\"@type\":\"EntryPoint\",\"urlTemplate\":\"https:\/\/ntigymnasiet.se\/sodertalje\/?s={search_term_string}\"},\"query-input\":\"required name=search_term_string\"}],\"inLanguage\":\"sv-SE\"}]}<\/script>\n<!-- \/ Yoast SEO plugin. -->","yoast_head_json":{"title":"S\u00f6dert\u00e4lje","robots":{"index":"index","follow":"follow","max-snippet":"max-snippet:-1","max-image-preview":"max-image-preview:large","max-video-preview":"max-video-preview:-1"},"canonical":"https:\/\/ntigymnasiet.se\/sodertalje\/program\/yrkesintroduktion\/dator-och-kommunikationsteknik-2\/","og_locale":"sv_SE","og_type":"article","og_url":"https:\/\/ntigymnasiet.se\/sodertalje\/program\/yrkesintroduktion\/dator-och-kommunikationsteknik-2\/","og_site_name":"S\u00f6dert\u00e4lje","article_modified_time":"2026-08-27T09:12:23+00:00","og_image":[{"width":1200,"height":630,"url":"https:\/\/ntigymnasiet.se\/wp-content\/uploads\/sites\/19\/2026\/07\/ntigbgjohanneberg202605webbee0640-1-1200x630.jpeg","type":"image\/jpeg"}],"twitter_card":"summary_large_image","twitter_image":"https:\/\/ntigymnasiet.se\/wp-content\/uploads\/sites\/19\/2026\/07\/ntigbgjohanneberg202605webbee0640-1-1200x630.jpeg","twitter_misc":{"Est. reading time":"2 minuter"},"schema":{"@context":"https:\/\/schema.org","@graph":[{"@type":"WebPage","@id":"https:\/\/ntigymnasiet.se\/sodertalje\/program\/yrkesintroduktion\/dator-och-kommunikationsteknik-2\/","url":"https:\/\/ntigymnasiet.se\/sodertalje\/program\/yrkesintroduktion\/dator-och-kommunikationsteknik-2\/","name":"Dator- och kommunikationsteknik - S\u00f6dert\u00e4lje","isPartOf":{"@id":"https:\/\/ntigymnasiet.se\/sodertalje\/#website"},"datePublished":"2026-07-08T09:08:12+00:00","dateModified":"2026-08-27T09:12:23+00:00","breadcrumb":{"@id":"https:\/\/ntigymnasiet.se\/sodertalje\/program\/yrkesintroduktion\/dator-och-kommunikationsteknik-2\/#breadcrumb"},"inLanguage":"sv-SE","potentialAction":[{"@type":"ReadAction","target":["https:\/\/ntigymnasiet.se\/sodertalje\/program\/yrkesintroduktion\/dator-och-kommunikationsteknik-2\/"]}]},{"@type":"BreadcrumbList","@id":"https:\/\/ntigymnasiet.se\/sodertalje\/program\/yrkesintroduktion\/dator-och-kommunikationsteknik-2\/#breadcrumb","itemListElement":[{"@type":"ListItem","position":1,"name":"Start","item":"https:\/\/ntigymnasiet.se\/sodertalje"},{"@type":"ListItem","position":2,"name":"V\u00e5ra program"}]},{"@type":"WebSite","@id":"https:\/\/ntigymnasiet.se\/sodertalje\/#website","url":"https:\/\/ntigymnasiet.se\/sodertalje\/","name":"S\u00f6dert\u00e4lje","description":"Just another WordPress site","potentialAction":[{"@type":"SearchAction","target":{"@type":"EntryPoint","urlTemplate":"https:\/\/ntigymnasiet.se\/sodertalje\/?s={search_term_string}"},"query-input":"required name=search_term_string"}],"inLanguage":"sv-SE"}]}},"_links":{"self":[{"href":"https:\/\/ntigymnasiet.se\/sodertalje\/wp-json\/wp\/v2\/program_orientation\/1876"}],"collection":[{"href":"https:\/\/ntigymnasiet.se\/sodertalje\/wp-json\/wp\/v2\/program_orientation"}],"about":[{"href":"https:\/\/ntigymnasiet.se\/sodertalje\/wp-json\/wp\/v2\/types\/program_orientation"}],"version-history":[{"count":10,"href":"https:\/\/ntigymnasiet.se\/sodertalje\/wp-json\/wp\/v2\/program_orientation\/1876\/revisions"}],"predecessor-version":[{"id":2020,"href":"https:\/\/ntigymnasiet.se\/sodertalje\/wp-json\/wp\/v2\/program_orientation\/1876\/revisions\/2020"}],"up":[{"embeddable":true,"href":"https:\/\/ntigymnasiet.se\/sodertalje\/wp-json\/wp\/v2\/program_orientation\/1875"}],"wp:featuredmedia":[{"embeddable":true,"href":"https:\/\/ntigymnasiet.se\/sodertalje\/wp-json\/wp\/v2\/media\/1879"}],"wp:attachment":[{"href":"https:\/\/ntigymnasiet.se\/sodertalje\/wp-json\/wp\/v2\/media?parent=1876"}],"curies":[{"name":"wp","href":"https:\/\/api.w.org\/{rel}","templated":true}]}}