{"id":933,"date":"2023-05-12T13:51:24","date_gmt":"2023-05-12T11:51:24","guid":{"rendered":""},"modified":"2025-11-26T16:18:26","modified_gmt":"2025-11-26T15:18:26","slug":"dator-och-kommunikationsteknik-2","status":"publish","type":"program_orientation","link":"https:\/\/ntigymnasiet.se\/sodertorn\/program\/yrkesintroduktion\/dator-och-kommunikationsteknik-2\/","title":{"rendered":"Dator- och kommunikationsteknik"},"content":{"rendered":"\n\t\n\t\n\t\n\t\n\t\n\n<section \n\tclass=\"ams-hero ams-hero--classic ams-hero--75 c-block l-stacked  \"\n\tdata-color-scheme=\"vit-2-pa-mork-bakgrund\"\n\tstyle=\"\">\n\t<div class=\"ams-hero__container u-items-center u-justify-center\">\n\t\t<div\n\t\t\tclass=\"ams-hero__content l-stack l-stack-xl is-center is-center@md\" >\n\t\t\t<div class=\"l-stack l-stack-lg\">\n\t\t\t\t\t\n\t<h1\n\tclass=\"c-heading u-font-title-1 \"\n\tstyle=\"\">\n\t\t\n\t\t\t\t\t\t\t\t\tYrkesintroduktion p\u00e5 NTI S\u00f6dert\u00f6rn i Stockholm\n\t\t\t\t<span class=\"c-heading__sub is-below u-font-title-3\">\n\t\t\t\t\tDator- och kommunikationsteknik\n\t\t\t\t<\/span>\n\t\t\t\t\t\t\t\n\t<\/h1>\n\n\t\t\t\t\t\t\t\t\t<div class=\"text l-stack u-font-body\">\n\t\t\t\t\t\t<p>El- och energiprogrammet<\/p>\n\n\t\t\t\t\t<\/div>\n\t\t\t\t\t\t\t<\/div>\n\n\t\t\t\t\t<\/div>\n\t<\/div>\n\n\t\n\t\t\t\n\t\t\t\t\t\t\t\n\t\t\t\t<div class=\"c-bg c-bg--img\" data-settings=\"{&quot;desktop_settings&quot;:{&quot;size&quot;:&quot;cover&quot;,&quot;position&quot;:&quot;middle-center&quot;},&quot;mobile_settings&quot;:{&quot;size&quot;:&quot;cover&quot;,&quot;position&quot;:&quot;middle-center&quot;}}\" data-position=\"middle-center\" data-size=\"cover\">\n\t\t\t<img decoding=\"async\" width=\"1920\" height=\"1080\" src=\"https:\/\/ntigymnasiet.se\/wp-content\/uploads\/sites\/20\/2023\/05\/nti-yrkesintroduktion-el-energiprogrammet-202204.jpg\" class=\"attachment-hero-lg size-hero-lg\" alt=\"Elever kopplar in n\u00e4tverkskablar.\" sizes=\"(max-width: 1920px) 100vw, 1920px\" srcset=\"https:\/\/ntigymnasiet.se\/wp-content\/uploads\/sites\/20\/2023\/05\/nti-yrkesintroduktion-el-energiprogrammet-202204.jpg 1920w, https:\/\/ntigymnasiet.se\/wp-content\/uploads\/sites\/20\/2023\/05\/nti-yrkesintroduktion-el-energiprogrammet-202204-300x169.jpg 300w, https:\/\/ntigymnasiet.se\/wp-content\/uploads\/sites\/20\/2023\/05\/nti-yrkesintroduktion-el-energiprogrammet-202204-400x225.jpg 400w, https:\/\/ntigymnasiet.se\/wp-content\/uploads\/sites\/20\/2023\/05\/nti-yrkesintroduktion-el-energiprogrammet-202204-600x338.jpg 600w, https:\/\/ntigymnasiet.se\/wp-content\/uploads\/sites\/20\/2023\/05\/nti-yrkesintroduktion-el-energiprogrammet-202204-800x450.jpg 800w, https:\/\/ntigymnasiet.se\/wp-content\/uploads\/sites\/20\/2023\/05\/nti-yrkesintroduktion-el-energiprogrammet-202204-1024x576.jpg 1024w, https:\/\/ntigymnasiet.se\/wp-content\/uploads\/sites\/20\/2023\/05\/nti-yrkesintroduktion-el-energiprogrammet-202204-1200x675.jpg 1200w\" \/>\n\t\t<\/div>\n\t\n\t<div class=\"c-overlay\" style=\"--overlay-bg: rgba(0,0,0,0.4);\"><\/div>\n<\/section>\n\n\n\n<div class=\"wp-block-columns is-layout-flex wp-container-core-columns-layout-1 wp-block-columns-is-layout-flex\">\n<div class=\"wp-block-column is-layout-flow wp-block-column-is-layout-flow\" style=\"flex-basis:55%\">\t\n\t<h2\n\t\n\tclass=\"\n\tc-heading c-heading--icon\n\tu-font-title-2\n\t\n\t\n\t\n\tc-heading--left\n\tc-heading--left@md\n\t\"\n\tdata-color-scheme=\"vit\"\n\tstyle=\"\">\n\t\t\t\t\t<span class=\"text\">Din v\u00e4g mot att bli beh\u00f6rig till el- och energiprogrammet<\/span>\n\t\t\t<\/h2>\n\n\n\n<div style=\"height:10px\" aria-hidden=\"true\" class=\"wp-block-spacer\"><\/div>\n\n\n\n<p   class=\"site__ingress container text-left  site__text-color--dark  site__free_text--ingress p-0\">\n\tYrkesintroduktion p\u00e5 NTI S\u00f6dert\u00f6rn \u00e4r en fantastisk m\u00f6jlighet att f\u00e5 kombinera studier f\u00f6r beh\u00f6righet med ditt intresse f\u00f6r IT och teknik.<\/p>\n\n\n\n\n\n<h2 class=\"wp-block-heading\">F\u00f6r dig som \u00e4r intresserad av IT<\/h2>\n\n\n\n<p>P\u00e5 NTI Gymnasiet S\u00f6dert\u00f6rn \u00e4r vi stolta \u00f6ver att kunna presentera ett bra alternativ f\u00f6r dig som \u00e4r intresserad av IT men som \u00e4nnu inte blivit beh\u00f6rig till ett nationellt program. P\u00e5 v\u00e5r yrkesintroduktion f\u00e5r du l\u00e4sa de \u00e4mnen du beh\u00f6ver f\u00f6r att bli beh\u00f6rig samtidigt som du f\u00e5r l\u00e4sa flera kurser som handlar om IT, till exempel dator- och n\u00e4tverksteknik. Med sm\u00e5 klasser och en mentor som f\u00f6ljer dig under hela \u00e5ret kommer vi att hj\u00e4lpa dig att n\u00e5 dina m\u00e5l. <\/p>\n\n\n\n<h2 class=\"wp-block-heading\">Vad \u00e4r ett introduktionsprogram?<\/h2>\n\n\n\n<p>Ett introduktionsprogram finns till f\u00f6r att ge dig som saknar gymnasiebeh\u00f6righet m\u00f6jligheten att komma in p\u00e5 ett nationellt program eller b\u00f6rja arbeta direkt efter avslutade studier. M\u00e5let \u00e4r att du ska f\u00e5 en yrkesinriktad utbildning f\u00f6r att du ska kunna s\u00f6ka n\u00e5got av v\u00e5ra yrkesprogram eller underl\u00e4tta f\u00f6r dig att kunna etablera dig p\u00e5 arbetsmarknaden. Yrkesintroduktion \u00e4r en fantastisk m\u00f6jlighet att f\u00e5 kombinera studier f\u00f6r beh\u00f6righet med ditt intresse f\u00f6r IT och teknik.<\/p>\n\n\n\n<h2 class=\"wp-block-heading\">Du f\u00e5r en individuell studieplan<\/h2>\n\n\n\n<p>Introduktionsprogrammen \u00e4r din v\u00e4g mot att bli beh\u00f6rig till gymnasiet eller komma ut i arbetslivet. Studieplanen utg\u00e5r d\u00e4rf\u00f6r ifr\u00e5n dina m\u00e5l, behov och f\u00f6ruts\u00e4ttningar, och har till skillnad fr\u00e5n de nationella programmen inte n\u00e5gon gemensam po\u00e4ngplan. <\/p>\n\n\n\n<h2 class=\"wp-block-heading\">Efter yrkesintroduktion<\/h2>\n\n\n\n<p>Vill du sedan forts\u00e4tta studera p\u00e5 el- och energiprogrammet hos oss s\u00e5 har du f\u00f6rtur, m\u00e5nga av v\u00e5ra elever v\u00e4ljer detta efter att ha tillbringat ett \u00e5r p\u00e5 skolan och l\u00e4rt k\u00e4nna personal och elever. Vill du ist\u00e4llet s\u00f6ka dig till ett annat program eller en annan skola s\u00e5 hj\u00e4lper vi dig med det ocks\u00e5.<\/p>\n\n\n\n<h2 class=\"wp-block-heading\">Kurser och \u00e4mnen<\/h2>\n\n\n\n<p>P\u00e5 yrkesintroduktionsprogrammet f\u00e5r du l\u00e4sa b\u00e5de \u00e4mnen fr\u00e5n grundskolan som du inte \u00e4r beh\u00f6rig i, samt \u00e4mnen fr\u00e5n det <a href=\"https:\/\/ntigymnasiet.se\/sodertorn\/program\/el-och-energiprogrammet\/dator-och-kommunikationsteknik\/\">nationella gymnasieprogrammet el- och energiprogrammet.<\/a><\/p>\n<\/div>\n\n\n\n<div class=\"wp-block-column is-layout-flow wp-block-column-is-layout-flow\" style=\"flex-basis:15px\"><\/div>\n\n\n\n<div class=\"wp-block-column is-layout-flow wp-block-column-is-layout-flow\" style=\"flex-basis:33%\">\n\t<div class=\"module_wrapper ams_remote_pages_module \">\n\t\t<style>\n@media only screen and (min-width: 600px) {\n\t}\n@media only screen and (max-width: 600px) {\n\t}\n<\/style>\n<div   class=\"ams-fragor  site__secondary-bg--13   ams-fragor-mmaszwumojrrmbvceggt\" >\n\t<p class=\"site__subheading-1  site__text-color--dark  u-mb-2xs\">\n\t\tOm programmet\t<\/p>\n   \t\t <div   class=\" site__text-color--dark  ams-fragor__namn\">\n\t\t\t\t\t\t<span class=\" \">\n\t\t\t\t\t\t\t<\/span>\n\t\t<\/div>\n\t\t<div   class=\" site__text-color--dark  ams-fragor__utbildning\">\n\t\t\t\t\t\t<span class=\" \">\n\t\t\t\t\t\t\t<\/span>\n\t\t<\/div>\n\t\t\t\t\t<ul>\n\t\t\t\t\t\t\t<li   class=\" site__text-color--dark  \" >\n\t\t\t\t\t<b>Program<\/b>:\t\t\t\t\t\t\t\t\t\t\t<span class=\"\">\n\t\t\t\t\t\t\tYrkesintroduktion mot el- och energiprogrammet\t\t\t\t\t\t<\/span>\n\t\t\t\t\t\t\t\t\t<\/li>\n\t\t\t\t\t\t\t<li   class=\" site__text-color--dark  \" >\n\t\t\t\t\t<b>Inriktning<\/b>:\t\t\t\t\t\t\t\t\t\t\t<span class=\"\">\n\t\t\t\t\t\t\tDator- och kommunikationsteknik\t\t\t\t\t\t<\/span>\n\t\t\t\t\t\t\t\t\t<\/li>\n\t\t\t\t\t\t\t<li   class=\" site__text-color--dark  \" >\n\t\t\t\t\t<b>Ans\u00f6kningskod<\/b>:\t\t\t\t\t\t\t\t\t\t\t<span class=\"\">\n\t\t\t\t\t\t\tIMYEE\t\t\t\t\t\t<\/span>\n\t\t\t\t\t\t\t\t\t<\/li>\n\t\t\t\t\t<\/ul>\n\t\t\t<\/div>\n<script>\n\tamsFragor = function() {\n\t\tvar w = window.innerWidth;\n\t\tvar siteMain = document.getElementsByClassName(\"site-main\")[0]\n\t\tif(typeof siteMain !== 'undefined'){\n\t\t\tvar testimonial = siteMain.getElementsByClassName(\"testimonial_header_module\")[0]\n\t\t\tif(typeof testimonial !== 'undefined'){\n\t\t\t\tvar amsFragor = document.getElementsByClassName(\"ams-fragor\")\n\t\t\t\tfor(var i = 0; i < amsFragor.length; i++){\n\t\t\t\t\tif(w > 769 ){\n\t\t\t\t\t\tamsFragor[i].setAttribute('style', \"margin-top: 50px\");\n\t\t\t\t\t}else{\n\t\t\t\t\t\tamsFragor[i].setAttribute('style', \"margin-top: 0px\");\n\t\t\t\t\t}\n\t\t\t\t}\n\t\t\t}\n\t\t}\n\t};\n\tamsFragor();\n\twindow.addEventListener(\"resize\", amsFragor);\n<\/script>\n\t\t\t\t\t<div class=\"container core-spacer\">\n\t\t\t\t\t\t<div class=\"row\">\n\t\t\t\t\t\t\t<div class=\"col-12\">\n\t\t\t\t\t\t\t\t\n<div style=\"height:30px\" aria-hidden=\"true\" class=\"wp-block-spacer\"><\/div>\n\t\t\t\t\t\t\t<\/div>\n\t\t\t\t\t\t<\/div>\n\t\t\t\t\t<\/div>\n\t\t\t\t\t<style>\n@media only screen and (min-width: 600px) {\n\t}\n@media only screen and (max-width: 600px) {\n\t}\n<\/style>\n<div   class=\"ams-fragor  site__primary-bg   ams-fragor-qoajwtygelrlyylcdzik\" >\n\t<p class=\"site__subheading-1  site__text-color--light  u-mb-2xs\">\n\t\tFramtida yrken\t<\/p>\n   \t\t <div   class=\" site__text-color--light  ams-fragor__namn\">\n\t\t\t\t\t\t<span class=\" \">\n\t\t\t\t\t\t\t<\/span>\n\t\t<\/div>\n\t\t<div   class=\" site__text-color--light  ams-fragor__utbildning\">\n\t\t\t\t\t\t<span class=\" \">\n\t\t\t\t\t\t\t<\/span>\n\t\t<\/div>\n\t\t\t\t\t<ul>\n\t\t\t\t\t\t\t<li   class=\" site__text-color--light  \" >\n\t\t\t\t\tTill exempel:\t\t\t\t\t\t\t\t\t\t\t<span class=\"\">\n\t\t\t\t\t\t\tspelutvecklare, IT-tekniker, IT-konsult, teknisk s\u00e4ljare, IT-support, programmerare, IT-s\u00e4kerhetsspecialist\t\t\t\t\t\t<\/span>\n\t\t\t\t\t\t\t\t\t<\/li>\n\t\t\t\t\t<\/ul>\n\t\t\t<\/div>\n<script>\n\tamsFragor = function() {\n\t\tvar w = window.innerWidth;\n\t\tvar siteMain = document.getElementsByClassName(\"site-main\")[0]\n\t\tif(typeof siteMain !== 'undefined'){\n\t\t\tvar testimonial = siteMain.getElementsByClassName(\"testimonial_header_module\")[0]\n\t\t\tif(typeof testimonial !== 'undefined'){\n\t\t\t\tvar amsFragor = document.getElementsByClassName(\"ams-fragor\")\n\t\t\t\tfor(var i = 0; i < amsFragor.length; i++){\n\t\t\t\t\tif(w > 769 ){\n\t\t\t\t\t\tamsFragor[i].setAttribute('style', \"margin-top: 50px\");\n\t\t\t\t\t}else{\n\t\t\t\t\t\tamsFragor[i].setAttribute('style', \"margin-top: 0px\");\n\t\t\t\t\t}\n\t\t\t\t}\n\t\t\t}\n\t\t}\n\t};\n\tamsFragor();\n\twindow.addEventListener(\"resize\", amsFragor);\n<\/script>\n\t<\/div>\n\n\t<\/div>\n<\/div>\n\n\n\n\t\n\t\n\t\n\n\t\n\t\n\t\t\n<section  class=\"c-block l-stacked  \" data-color-scheme=\"light-grey\">\n\t<div class=\"ams-fifty ams-fifty--container ams-fifty--left ams-fifty--top l-container u-pt-fluid-3xl-6xl u-pb-fluid-3xl-6xl\">\n\t\t<div class=\"ams-fifty__content l-stack l-stack-xl is-left is-left@lg\">\n\t\t\t<div class=\"ams-fifty__text l-stack l-stack-lg\">\n\t\t\t\t\t\n\t<h2\n\tclass=\"c-heading u-font-title-1 \"\n\tstyle=\"\">\n\t\t\n\t\t\t\t\tS\u00e5 s\u00f6ker du till ett introduktions&#038;shyprogram\n\t\t\t\t\n\t<\/h2>\n\n\t\t\t\t\t\t\t\t\t<div class=\"text l-stack u-font-body\">\n\t\t\t\t\t\t<p>Du s\u00f6ker till v\u00e5rt introduktionsprogram via gymnasieantagningen, p\u00e5 samma s\u00e4tt som om du hade s\u00f6kt till ett nationellt gymnasieprogram. Om du riskerar att inte bli beh\u00f6rig till ett nationellt program \u00e4r det bra om du har med minst ett introduktionsprogram i din gymnasieans\u00f6kan. Prata med studie- och yrkesv\u00e4gledaren p\u00e5 din grundskola f\u00f6r att f\u00e5 hj\u00e4lp med att hitta r\u00e4tt introduktionsprogram f\u00f6r dig.<\/p>\n<p class=\"p1\"><strong>Vill du veta mer om programmet? Bes\u00f6k oss p\u00e5 \u00f6ppet hus.<\/strong><\/p>\n\n\t\t\t\t\t<\/div>\n\t\t\t\t\t\t\t<\/div>\n\n\t\t\t\t<div class=\"ams-fifty__action u-inline-items\">\n\t\t\t\t\t\t\t\n\n\n<a href=\"https:\/\/ntigymnasiet.se\/sodertorn\/oppet-hus\/\"\n\t\n\tclass=\"c-btn \"\n\tdata-style=\"rounded\"\n\tdata-size=\"md\"\n\tdata-width=\"full-mobile\"\n\tdata-variant=\"default\"\n\ttarget=\"_self\">\n\t\t\t<span class=\"label\"> G\u00e5 p\u00e5 \u00f6ppet hus<\/span>\n\t\t\t<\/a>\n\t\t\t<\/div>\n\t\t<\/div>\n\n\t\t <div class=\"ams-fifty__media u-ratio-square\">\n\t\t \t\t\t\t\t<img decoding=\"async\" width=\"600\" height=\"600\" src=\"https:\/\/ntigymnasiet.se\/wp-content\/uploads\/sites\/20\/2023\/05\/nti-yrkesintroduktion-el-energiprogrammet-202204-600x600.png\" class=\"attachment-md size-md\" alt=\"Elev kopplar in n\u00e4tverkskablar.\" sizes=\"(min-width: 64em) 600px, calc(100vw - 160px)\" srcset=\"https:\/\/ntigymnasiet.se\/wp-content\/uploads\/sites\/20\/2023\/05\/nti-yrkesintroduktion-el-energiprogrammet-202204-600x600.png 600w, https:\/\/ntigymnasiet.se\/wp-content\/uploads\/sites\/20\/2023\/05\/nti-yrkesintroduktion-el-energiprogrammet-202204-150x150.png 150w, https:\/\/ntigymnasiet.se\/wp-content\/uploads\/sites\/20\/2023\/05\/nti-yrkesintroduktion-el-energiprogrammet-202204-300x300.png 300w, https:\/\/ntigymnasiet.se\/wp-content\/uploads\/sites\/20\/2023\/05\/nti-yrkesintroduktion-el-energiprogrammet-202204-400x400.png 400w, https:\/\/ntigymnasiet.se\/wp-content\/uploads\/sites\/20\/2023\/05\/nti-yrkesintroduktion-el-energiprogrammet-202204.png 700w\" \/>\n\t\t\t\n\t\t\t\n\t\t\t\t\t<\/div>\n\t<\/div>\n\n\t\t\n\t\t\t\n\t\t\t\t\t\t\t\n\t\t\t\t<div class=\"c-bg c-bg--img\" data-settings=\"{&quot;desktop_settings&quot;:{&quot;size&quot;:&quot;cover&quot;,&quot;position&quot;:&quot;middle-center&quot;},&quot;mobile_settings&quot;:{&quot;size&quot;:&quot;cover&quot;,&quot;position&quot;:&quot;middle-center&quot;}}\" data-position=\"middle-center\" data-size=\"cover\">\n\t\t\t\n\t\t<\/div>\n\t\n<\/section>\n\n\n\n\n<section  class=\"ams-cta ams-cta--stacked c-block l-stacked\" data-color-scheme=\"vit\">\n\t<div class=\"l-container-narrow l-stack l-stack-fluid-2xl u-pt-fluid-3xl-6xl u-pb-fluid-3xl-6xl is-center is-center@md\">\n\t\t\t\t\t<div class=\"ams-cta__intro l-stack l-stack-lg\">\n\t\t\t\t\t\n\t<h2\n\tclass=\"c-heading u-font-title-1 \"\n\tstyle=\"\">\n\t\t\n\t\t\t\t\tVar det inte riktigt din grej?\n\t\t\t\t\n\t<\/h2>\n\n\t\t\t\t\t\t\t<\/div>\n\t\t\n\t\t\n\t\t\t<div class=\"ams-cta__action u-inline-items\">\n\t\t\t\t\t\t\t\n\n\n<a href=\"https:\/\/ntigymnasiet.se\/sodertorn\/program\/\"\n\t\n\tclass=\"c-btn \"\n\tdata-style=\"rounded\"\n\tdata-size=\"md\"\n\tdata-width=\"full-mobile\"\n\tdata-variant=\"outline\"\n\ttarget=\"_self\">\n\t\t\t<span class=\"label\"> Se andra program<\/span>\n\t\t\t<\/a>\n\t\t\t<\/div>\n\t<\/div>\n\n\t\t\n\n<\/section>\n","protected":false},"excerpt":{"rendered":"<p>F\u00f6r dig som saknar beh\u00f6righet till el- och energiprogrammet.<\/p>\n","protected":false},"featured_media":935,"parent":932,"menu_order":1,"template":"","yoast_head":"<!-- This site is optimized with the Yoast SEO plugin v22.0 - https:\/\/yoast.com\/wordpress\/plugins\/seo\/ -->\n<title>Dator- och kommunikationsteknik - NTI Gymnasiet S\u00f6dert\u00f6rn<\/title>\n<meta name=\"description\" content=\"Om du saknar du godk\u00e4nda betyg till el- och energiprogrammet \u00e4r detta yrkesintroduktionsprogram helt r\u00e4tt val.\" \/>\n<meta name=\"robots\" content=\"index, follow, max-snippet:-1, max-image-preview:large, max-video-preview:-1\" \/>\n<link rel=\"canonical\" href=\"https:\/\/ntigymnasiet.se\/sodertorn\/program\/yrkesintroduktion\/dator-och-kommunikationsteknik-2\/\" \/>\n<meta property=\"og:locale\" content=\"sv_SE\" \/>\n<meta property=\"og:type\" content=\"article\" \/>\n<meta property=\"og:title\" content=\"Dator- och kommunikationsteknik - NTI Gymnasiet S\u00f6dert\u00f6rn\" \/>\n<meta property=\"og:description\" content=\"Om du saknar du godk\u00e4nda betyg till el- och energiprogrammet \u00e4r detta yrkesintroduktionsprogram helt r\u00e4tt val.\" \/>\n<meta property=\"og:url\" content=\"https:\/\/ntigymnasiet.se\/sodertorn\/program\/yrkesintroduktion\/dator-och-kommunikationsteknik-2\/\" \/>\n<meta property=\"og:site_name\" content=\"S\u00f6dert\u00f6rn\" \/>\n<meta property=\"article:modified_time\" content=\"2025-11-26T15:18:26+00:00\" \/>\n<meta property=\"og:image\" content=\"https:\/\/ntigymnasiet.se\/wp-content\/uploads\/sites\/20\/2023\/05\/nti-it-programmet-gymnasiet-dator-och-kommunikationsteknik-202204-1200x630.jpg\" \/>\n\t<meta property=\"og:image:width\" content=\"1200\" \/>\n\t<meta property=\"og:image:height\" content=\"630\" \/>\n\t<meta property=\"og:image:type\" content=\"image\/jpeg\" \/>\n<meta name=\"twitter:card\" content=\"summary_large_image\" \/>\n<meta name=\"twitter:title\" content=\"Dator- och kommunikationsteknik - NTI Gymnasiet S\u00f6dert\u00f6rn\" \/>\n<meta name=\"twitter:description\" content=\"Om du saknar du godk\u00e4nda betyg till el- och energiprogrammet \u00e4r detta yrkesintroduktionsprogram helt r\u00e4tt val.\" \/>\n<meta name=\"twitter:image\" content=\"https:\/\/ntigymnasiet.se\/wp-content\/uploads\/sites\/20\/2023\/05\/nti-it-programmet-gymnasiet-dator-och-kommunikationsteknik-202204-1200x630.jpg\" \/>\n<meta name=\"twitter:label1\" content=\"Est. reading time\" \/>\n\t<meta name=\"twitter:data1\" content=\"3 minuter\" \/>\n<script type=\"application\/ld+json\" class=\"yoast-schema-graph\">{\"@context\":\"https:\/\/schema.org\",\"@graph\":[{\"@type\":\"WebPage\",\"@id\":\"https:\/\/ntigymnasiet.se\/sodertorn\/program\/yrkesintroduktion\/dator-och-kommunikationsteknik-2\/\",\"url\":\"https:\/\/ntigymnasiet.se\/sodertorn\/program\/yrkesintroduktion\/dator-och-kommunikationsteknik-2\/\",\"name\":\"Dator- och kommunikationsteknik - NTI Gymnasiet S\u00f6dert\u00f6rn\",\"isPartOf\":{\"@id\":\"https:\/\/ntigymnasiet.se\/sodertorn\/#website\"},\"datePublished\":\"2023-05-12T11:51:24+00:00\",\"dateModified\":\"2025-11-26T15:18:26+00:00\",\"description\":\"Om du saknar du godk\u00e4nda betyg till el- och energiprogrammet \u00e4r detta yrkesintroduktionsprogram helt r\u00e4tt val.\",\"breadcrumb\":{\"@id\":\"https:\/\/ntigymnasiet.se\/sodertorn\/program\/yrkesintroduktion\/dator-och-kommunikationsteknik-2\/#breadcrumb\"},\"inLanguage\":\"sv-SE\",\"potentialAction\":[{\"@type\":\"ReadAction\",\"target\":[\"https:\/\/ntigymnasiet.se\/sodertorn\/program\/yrkesintroduktion\/dator-och-kommunikationsteknik-2\/\"]}]},{\"@type\":\"BreadcrumbList\",\"@id\":\"https:\/\/ntigymnasiet.se\/sodertorn\/program\/yrkesintroduktion\/dator-och-kommunikationsteknik-2\/#breadcrumb\",\"itemListElement\":[{\"@type\":\"ListItem\",\"position\":1,\"name\":\"Start\",\"item\":\"https:\/\/ntigymnasiet.se\/sodertorn\"},{\"@type\":\"ListItem\",\"position\":2,\"name\":\"V\u00e5ra program\"}]},{\"@type\":\"WebSite\",\"@id\":\"https:\/\/ntigymnasiet.se\/sodertorn\/#website\",\"url\":\"https:\/\/ntigymnasiet.se\/sodertorn\/\",\"name\":\"S\u00f6dert\u00f6rn\",\"description\":\"Just another WordPress site\",\"potentialAction\":[{\"@type\":\"SearchAction\",\"target\":{\"@type\":\"EntryPoint\",\"urlTemplate\":\"https:\/\/ntigymnasiet.se\/sodertorn\/?s={search_term_string}\"},\"query-input\":\"required name=search_term_string\"}],\"inLanguage\":\"sv-SE\"}]}<\/script>\n<!-- \/ Yoast SEO plugin. -->","yoast_head_json":{"title":"Dator- och kommunikationsteknik - NTI Gymnasiet S\u00f6dert\u00f6rn","description":"Om du saknar du godk\u00e4nda betyg till el- och energiprogrammet \u00e4r detta yrkesintroduktionsprogram helt r\u00e4tt val.","robots":{"index":"index","follow":"follow","max-snippet":"max-snippet:-1","max-image-preview":"max-image-preview:large","max-video-preview":"max-video-preview:-1"},"canonical":"https:\/\/ntigymnasiet.se\/sodertorn\/program\/yrkesintroduktion\/dator-och-kommunikationsteknik-2\/","og_locale":"sv_SE","og_type":"article","og_title":"Dator- och kommunikationsteknik - NTI Gymnasiet S\u00f6dert\u00f6rn","og_description":"Om du saknar du godk\u00e4nda betyg till el- och energiprogrammet \u00e4r detta yrkesintroduktionsprogram helt r\u00e4tt val.","og_url":"https:\/\/ntigymnasiet.se\/sodertorn\/program\/yrkesintroduktion\/dator-och-kommunikationsteknik-2\/","og_site_name":"S\u00f6dert\u00f6rn","article_modified_time":"2025-11-26T15:18:26+00:00","og_image":[{"width":1200,"height":630,"url":"https:\/\/ntigymnasiet.se\/wp-content\/uploads\/sites\/20\/2023\/05\/nti-it-programmet-gymnasiet-dator-och-kommunikationsteknik-202204-1200x630.jpg","type":"image\/jpeg"}],"twitter_card":"summary_large_image","twitter_title":"Dator- och kommunikationsteknik - NTI Gymnasiet S\u00f6dert\u00f6rn","twitter_description":"Om du saknar du godk\u00e4nda betyg till el- och energiprogrammet \u00e4r detta yrkesintroduktionsprogram helt r\u00e4tt val.","twitter_image":"https:\/\/ntigymnasiet.se\/wp-content\/uploads\/sites\/20\/2023\/05\/nti-it-programmet-gymnasiet-dator-och-kommunikationsteknik-202204-1200x630.jpg","twitter_misc":{"Est. reading time":"3 minuter"},"schema":{"@context":"https:\/\/schema.org","@graph":[{"@type":"WebPage","@id":"https:\/\/ntigymnasiet.se\/sodertorn\/program\/yrkesintroduktion\/dator-och-kommunikationsteknik-2\/","url":"https:\/\/ntigymnasiet.se\/sodertorn\/program\/yrkesintroduktion\/dator-och-kommunikationsteknik-2\/","name":"Dator- och kommunikationsteknik - NTI Gymnasiet S\u00f6dert\u00f6rn","isPartOf":{"@id":"https:\/\/ntigymnasiet.se\/sodertorn\/#website"},"datePublished":"2023-05-12T11:51:24+00:00","dateModified":"2025-11-26T15:18:26+00:00","description":"Om du saknar du godk\u00e4nda betyg till el- och energiprogrammet \u00e4r detta yrkesintroduktionsprogram helt r\u00e4tt val.","breadcrumb":{"@id":"https:\/\/ntigymnasiet.se\/sodertorn\/program\/yrkesintroduktion\/dator-och-kommunikationsteknik-2\/#breadcrumb"},"inLanguage":"sv-SE","potentialAction":[{"@type":"ReadAction","target":["https:\/\/ntigymnasiet.se\/sodertorn\/program\/yrkesintroduktion\/dator-och-kommunikationsteknik-2\/"]}]},{"@type":"BreadcrumbList","@id":"https:\/\/ntigymnasiet.se\/sodertorn\/program\/yrkesintroduktion\/dator-och-kommunikationsteknik-2\/#breadcrumb","itemListElement":[{"@type":"ListItem","position":1,"name":"Start","item":"https:\/\/ntigymnasiet.se\/sodertorn"},{"@type":"ListItem","position":2,"name":"V\u00e5ra program"}]},{"@type":"WebSite","@id":"https:\/\/ntigymnasiet.se\/sodertorn\/#website","url":"https:\/\/ntigymnasiet.se\/sodertorn\/","name":"S\u00f6dert\u00f6rn","description":"Just another WordPress site","potentialAction":[{"@type":"SearchAction","target":{"@type":"EntryPoint","urlTemplate":"https:\/\/ntigymnasiet.se\/sodertorn\/?s={search_term_string}"},"query-input":"required name=search_term_string"}],"inLanguage":"sv-SE"}]}},"_links":{"self":[{"href":"https:\/\/ntigymnasiet.se\/sodertorn\/wp-json\/wp\/v2\/program_orientation\/933"}],"collection":[{"href":"https:\/\/ntigymnasiet.se\/sodertorn\/wp-json\/wp\/v2\/program_orientation"}],"about":[{"href":"https:\/\/ntigymnasiet.se\/sodertorn\/wp-json\/wp\/v2\/types\/program_orientation"}],"version-history":[{"count":10,"href":"https:\/\/ntigymnasiet.se\/sodertorn\/wp-json\/wp\/v2\/program_orientation\/933\/revisions"}],"predecessor-version":[{"id":1817,"href":"https:\/\/ntigymnasiet.se\/sodertorn\/wp-json\/wp\/v2\/program_orientation\/933\/revisions\/1817"}],"up":[{"embeddable":true,"href":"https:\/\/ntigymnasiet.se\/sodertorn\/wp-json\/wp\/v2\/program_orientation\/932"}],"wp:featuredmedia":[{"embeddable":true,"href":"https:\/\/ntigymnasiet.se\/sodertorn\/wp-json\/wp\/v2\/media\/935"}],"wp:attachment":[{"href":"https:\/\/ntigymnasiet.se\/sodertorn\/wp-json\/wp\/v2\/media?parent=933"}],"curies":[{"name":"wp","href":"https:\/\/api.w.org\/{rel}","templated":true}]}}