{"id":191,"date":"2023-03-31T16:50:05","date_gmt":"2023-03-31T14:50:05","guid":{"rendered":"https:\/\/ntigymnasiet.se\/sollentuna\/?page_id=191"},"modified":"2025-06-18T10:11:27","modified_gmt":"2025-06-18T08:11:27","slug":"var-skola","status":"publish","type":"page","link":"https:\/\/ntigymnasiet.se\/sollentuna\/var-skola\/","title":{"rendered":"V\u00e5r skola"},"content":{"rendered":"\n\t\n\t\n\t\n\t\n\t\n\n<section \n\tclass=\"ams-hero ams-hero--classic ams-hero--50 c-block l-stacked  \"\n\tdata-color-scheme=\"hero\"\n\tstyle=\"\">\n\t<div class=\"ams-hero__container u-items-center u-justify-center\">\n\t\t<div\n\t\t\tclass=\"ams-hero__content l-stack l-stack-xl is-center is-center@md\" >\n\t\t\t<div class=\"l-stack l-stack-lg\">\n\t\t\t\t\n\t\t\t\t\t\t\t<\/div>\n\n\t\t\t\t\t<\/div>\n\t<\/div>\n\n\t\n\t\t\t\n\t\t\t\t\t\t\t\n\t\t\t\t<div class=\"c-bg c-bg--img\" data-settings=\"{&quot;desktop_settings&quot;:{&quot;size&quot;:&quot;cover&quot;,&quot;position&quot;:&quot;middle-center&quot;},&quot;mobile_settings&quot;:{&quot;size&quot;:&quot;cover&quot;,&quot;position&quot;:&quot;middle-center&quot;}}\" data-position=\"middle-center\" data-size=\"cover\">\n\t\t\t<img decoding=\"async\" width=\"1920\" height=\"1080\" src=\"https:\/\/ntigymnasiet.se\/wp-content\/uploads\/sites\/15\/2023\/04\/nti-var-gymnasieskola-202204-1.jpg\" class=\"attachment-hero-lg size-hero-lg\" alt=\"4 elever st\u00e5r och spela med VR. Killen l\u00e4ngst fram har p\u00e5 sig VR-glas\u00f6gon och de andra st\u00e5r bakom och tittar upp p\u00e5 en sk\u00e4rm som visar vad han ser.\" sizes=\"(max-width: 1920px) 100vw, 1920px\" srcset=\"https:\/\/ntigymnasiet.se\/wp-content\/uploads\/sites\/15\/2023\/04\/nti-var-gymnasieskola-202204-1.jpg 1920w, https:\/\/ntigymnasiet.se\/wp-content\/uploads\/sites\/15\/2023\/04\/nti-var-gymnasieskola-202204-1-300x169.jpg 300w, https:\/\/ntigymnasiet.se\/wp-content\/uploads\/sites\/15\/2023\/04\/nti-var-gymnasieskola-202204-1-400x225.jpg 400w, https:\/\/ntigymnasiet.se\/wp-content\/uploads\/sites\/15\/2023\/04\/nti-var-gymnasieskola-202204-1-600x338.jpg 600w, https:\/\/ntigymnasiet.se\/wp-content\/uploads\/sites\/15\/2023\/04\/nti-var-gymnasieskola-202204-1-800x450.jpg 800w, https:\/\/ntigymnasiet.se\/wp-content\/uploads\/sites\/15\/2023\/04\/nti-var-gymnasieskola-202204-1-1024x576.jpg 1024w, https:\/\/ntigymnasiet.se\/wp-content\/uploads\/sites\/15\/2023\/04\/nti-var-gymnasieskola-202204-1-1200x675.jpg 1200w\" \/>\n\t\t<\/div>\n\t\n<\/section>\n\n\n\n\n<section  class=\"ams-cta ams-cta--stacked c-block l-stacked\" data-color-scheme=\"vit\">\n\t<div class=\"l-container-narrow l-stack l-stack-fluid-2xl u-pt-fluid-3xl-6xl u-pb-fluid-3xl-6xl is-center is-center@md\">\n\t\t\t\t\t<div class=\"ams-cta__intro l-stack l-stack-lg\">\n\t\t\t\t\t\n\t<h1\n\tclass=\"c-heading u-font-title-1 \"\n\tstyle=\"\">\n\t\t\n\t\t\t\t\tV\u00e5rt teknikgymnasium i Sollentuna\n\t\t\t\t\n\t<\/h1>\n\n\t\t\t\t\t\t\t\t\t<div class=\"c-text l-stack u-cs-xl u-font-body\">\n\t\t\t\t\t\t<p>NTI Gymnasiet Sollentuna \u00e4r skolan f\u00f6r dig som \u00e4r intresserad av IT och teknik. V\u00e5rt fokus ligger p\u00e5 kreativitet, utveckling och studier i en trygg milj\u00f6.<\/p>\n<h2>V\u00e5rt uppdrag, din framtid<\/h2>\n<p>H\u00e4r utmanas du av l\u00e4rare som har h\u00f6ga f\u00f6rv\u00e4ntningar b\u00e5de p\u00e5 sig sj\u00e4lva och p\u00e5 dig. Vi vill att du som elev ska st\u00f6ttas utifr\u00e5n just dina f\u00f6ruts\u00e4ttningar, framtidsplaner och behov och arbetar f\u00f6r att alla elever p\u00e5 skolan ska k\u00e4nna gemenskap. Vi vill att din studietid inte bara ska handla om kunskapsutveckling \u2013 det ska ocks\u00e5 vara en rolig och h\u00e4rlig upplevelse att g\u00e5 i gymnasiet i tre \u00e5r.<\/p>\n\n\t\t\t\t\t<\/div>\n\t\t\t\t\t\t\t<\/div>\n\t\t\n\t\t\n\t\t\t<\/div>\n\n\t\t\n\n<\/section>\n\n\n\n\t\n\t\n\t\n\n\t\n\t\n\t\t\n<section  class=\"c-block l-stacked  \" data-color-scheme=\"light-grey\">\n\t<div class=\"ams-fifty ams-fifty--container ams-fifty--right ams-fifty--top l-container u-pt-fluid-3xl-6xl u-pb-fluid-3xl-6xl\">\n\t\t<div class=\"ams-fifty__content l-stack l-stack-xl is-center is-left@lg\">\n\t\t\t<div class=\"ams-fifty__text l-stack l-stack-lg\">\n\t\t\t\t\t\n\t<h2\n\tclass=\"c-heading u-font-title-1 \"\n\tstyle=\"\">\n\t\t\n\t\t\t\t\tInternationellt perspektiv\n\t\t\t\t\n\t<\/h2>\n\n\t\t\t\t\t\t\t\t\t<div class=\"text l-stack u-font-body\">\n\t\t\t\t\t\t<p>Inom skolans arbetsplatsf\u00f6rlagda l\u00e4rande, det vill s\u00e4ga APL eller praktik, har vi sedan m\u00e5nga \u00e5r arbetat med internationalisering. Det betyder att en del av v\u00e5ra elever har f\u00e5tt g\u00f6ra sin praktik utomlands i l\u00e4nder som Spanien, Sydafrika och Belgien. Kanske skulle du vilja g\u00f6ra samma sak? L\u00e4s mer om APL nedan!<\/p>\n\n\t\t\t\t\t<\/div>\n\t\t\t\t\t\t\t<\/div>\n\n\t\t\t\t<div class=\"ams-fifty__action u-inline-items\">\n\t\t\t\t\t\t\t\n\n\n<a href=\"https:\/\/ntigymnasiet.se\/sollentuna\/nyheter\/lokal\/vad-ar-apl\"\n\t\n\tclass=\"c-btn \"\n\tdata-style=\"rounded\"\n\tdata-size=\"md\"\n\tdata-width=\"full-mobile\"\n\tdata-variant=\"default\"\n\ttarget=\"_self\">\n\t\t\t<span class=\"label\"> L\u00e4s mer om APL<\/span>\n\t\t\t<\/a>\n\t\t\t<\/div>\n\t\t<\/div>\n\n\t\t <div class=\"ams-fifty__media u-ratio-square\">\n\t\t \t\t\t\t\t<img decoding=\"async\" width=\"600\" height=\"600\" src=\"https:\/\/ntigymnasiet.se\/wp-content\/uploads\/sites\/15\/2023\/04\/nti-om-oss-teknik-it-design-202204-600x600.png\" class=\"attachment-md size-md\" alt=\"En elev \u00e4r vid en 3D-printer.\" sizes=\"(min-width: 64em) 600px, calc(100vw - 160px)\" srcset=\"https:\/\/ntigymnasiet.se\/wp-content\/uploads\/sites\/15\/2023\/04\/nti-om-oss-teknik-it-design-202204-600x600.png 600w, https:\/\/ntigymnasiet.se\/wp-content\/uploads\/sites\/15\/2023\/04\/nti-om-oss-teknik-it-design-202204-150x150.png 150w, https:\/\/ntigymnasiet.se\/wp-content\/uploads\/sites\/15\/2023\/04\/nti-om-oss-teknik-it-design-202204-300x300.png 300w, https:\/\/ntigymnasiet.se\/wp-content\/uploads\/sites\/15\/2023\/04\/nti-om-oss-teknik-it-design-202204-400x400.png 400w, https:\/\/ntigymnasiet.se\/wp-content\/uploads\/sites\/15\/2023\/04\/nti-om-oss-teknik-it-design-202204.png 700w\" \/>\n\t\t\t\n\t\t\t\n\t\t\t\t\t<\/div>\n\t<\/div>\n\n\t\t\n\n<\/section>\n\n\n\n\t\n\t\n\t\n\n\t\n\t\n\t\t\n<section  class=\"c-block l-stacked  \" data-color-scheme=\"vit\">\n\t<div class=\"ams-fifty ams-fifty--container ams-fifty--left ams-fifty--top l-container u-pt-fluid-3xl-6xl u-pb-fluid-3xl-6xl\">\n\t\t<div class=\"ams-fifty__content l-stack l-stack-xl is-left is-left@lg\">\n\t\t\t<div class=\"ams-fifty__text l-stack l-stack-lg\">\n\t\t\t\t\t\n\t<h2\n\tclass=\"c-heading u-font-title-1 \"\n\tstyle=\"\">\n\t\t\n\t\t\t\t\tFramtidens innovationer b\u00f6rjar h\u00e4r\n\t\t\t\t\n\t<\/h2>\n\n\t\t\t\t\t\t\t\t\t<div class=\"text l-stack u-font-body\">\n\t\t\t\t\t\t<p>NTI Gymnasiet \u00e4r Sveriges ledande gymnasieskola inom tech, science och IT. P\u00e5 \u00f6ver 20 platser runt om i landet g\u00f6r v\u00e5ra elever sig redo f\u00f6r en digital v\u00e4rld i snabb f\u00f6r\u00e4ndring. Oavsett om du v\u00e4ljer att plugga vidare eller b\u00f6rja arbeta direkt efter gymnasiet, kommer du att ha nytta av det du l\u00e4rt dig under tre \u00e5r hos oss. Med den senaste tekniken som verktyg k\u00e4mpar vi alla f\u00f6r att alla elever skall n\u00e5 gymnasieexamen, och forma sin egen framtid.<\/p>\n\n\t\t\t\t\t<\/div>\n\t\t\t\t\t\t\t<\/div>\n\n\t\t\t\t\t<\/div>\n\n\t\t <div class=\"ams-fifty__media u-ratio-widescreen\">\n\t\t \t\n\t\t\t\n\t\t\t\t\t\t\t<lite-youtube videoid=\"Y-TCNfrz-4A\" style=\"background-image: url('https:\/\/i.ytimg.com\/vi\/Y-TCNfrz-4A\/hqdefault.jpg');\">\n\t\t\t\t\t\t<button href=\"https:\/\/youtube.com\/watch?v=Y-TCNfrz-4A\" class=\"lty-playbtn\" title=\"Play Video\">\n\t\t\t\t\t\t\t<span class=\"lyt-visually-hidden\">Play Video<\/span>\n\t\t\t\t\t\t<\/button>\n\t\t\t\t\t<\/lite-youtube>\n\t\t\t\t\t<\/div>\n\t<\/div>\n\n\t\t\n\n<\/section>\n\n\n\n\t<div class=\"module_wrapper ams_remote_pages_module \">\n\t\t\n\n<section  class=\"ams-cta ams-cta--stacked c-block l-stacked\" data-color-scheme=\"vit-2-pa-mork-bakgrund\">\n\t<div class=\"l-container-narrow l-stack l-stack-fluid-2xl u-pt-fluid-3xl-6xl u-pb-fluid-3xl-6xl is-center is-center@md\">\n\t\t\t\t\t<div class=\"ams-cta__intro l-stack l-stack-lg\">\n\t\t\t\t\t\n\t<h2\n\tclass=\"c-heading u-font-title-1 \"\n\tstyle=\"\">\n\t\t\n\t\t\t\t\tVill du bes\u00f6ka oss?\n\t\t\t\t\n\t<\/h2>\n\n\t\t\t\t\t\t\t\t\t<div class=\"c-text l-stack u-cs-xl u-font-body\">\n\t\t\t\t\t\t<p><span data-sheets-value=\"{&quot;1&quot;:2,&quot;2&quot;:&quot;Kom p\u00e5 \u00f6ppet hus eller g\u00f6r en prova p\u00e5-dag hos oss. D\u00e5 f\u00e5r du mer information om skolan och kan tr\u00e4ffa elever och l\u00e4rare.&quot;}\" data-sheets-userformat=\"{&quot;2&quot;:963,&quot;3&quot;:{&quot;1&quot;:0},&quot;4&quot;:{&quot;1&quot;:2,&quot;2&quot;:16777215},&quot;9&quot;:0,&quot;10&quot;:0,&quot;11&quot;:3,&quot;12&quot;:0}\">Kom p\u00e5 \u00f6ppet hus eller g\u00f6r en prova p\u00e5-dag hos oss. D\u00e5 f\u00e5r du mer information om skolan och kan tr\u00e4ffa elever och l\u00e4rare.<\/span><\/p>\n\n\t\t\t\t\t<\/div>\n\t\t\t\t\t\t\t<\/div>\n\t\t\n\t\t\n\t\t\t<div class=\"ams-cta__action u-inline-items\">\n\t\t\t\t\t\t\t\n\n\n<a href=\"https:\/\/ntigymnasiet.se\/sollentuna\/oppet-hus\/\"\n\t\n\tclass=\"c-btn \"\n\tdata-style=\"rounded\"\n\tdata-size=\"md\"\n\tdata-width=\"full-mobile\"\n\tdata-variant=\"default\"\n\ttarget=\"_self\">\n\t\t\t<span class=\"label\"> G\u00e5 p\u00e5 \u00f6ppet hus<\/span>\n\t\t\t<\/a>\n\t\t\t\t\t\t\t\n\n\n<a href=\"https:\/\/ntigymnasiet.se\/sollentuna\/prova-pa-dag\/\"\n\t\n\tclass=\"c-btn \"\n\tdata-style=\"rounded\"\n\tdata-size=\"md\"\n\tdata-width=\"full-mobile\"\n\tdata-variant=\"outline\"\n\ttarget=\"_self\">\n\t\t\t<span class=\"label\"> Boka prova p\u00e5-dag<\/span>\n\t\t\t<\/a>\n\t\t\t<\/div>\n\t<\/div>\n\n\t\t\n\t\t\t\n\t\t\t\t\t\t\t\n\t\t\t\t<div class=\"c-bg c-bg--img\" data-settings=\"{&quot;desktop_settings&quot;:{&quot;size&quot;:&quot;cover&quot;,&quot;position&quot;:&quot;middle-center&quot;},&quot;mobile_settings&quot;:{&quot;size&quot;:&quot;cover&quot;,&quot;position&quot;:&quot;middle-center&quot;}}\" data-position=\"middle-center\" data-size=\"cover\">\n\t\t\t<img decoding=\"async\" width=\"1920\" height=\"1080\" src=\"https:\/\/ntigymnasiet.se\/wp-content\/uploads\/sites\/15\/2023\/04\/ntitechbgsvagacirklar3.jpg\" class=\"attachment-hero-lg size-hero-lg\" alt=\"Lila bakgrund.\" sizes=\"(max-width: 1920px) 100vw, 1920px\" srcset=\"https:\/\/ntigymnasiet.se\/wp-content\/uploads\/sites\/15\/2023\/04\/ntitechbgsvagacirklar3.jpg 1920w, https:\/\/ntigymnasiet.se\/wp-content\/uploads\/sites\/15\/2023\/04\/ntitechbgsvagacirklar3-300x169.jpg 300w, https:\/\/ntigymnasiet.se\/wp-content\/uploads\/sites\/15\/2023\/04\/ntitechbgsvagacirklar3-400x225.jpg 400w, https:\/\/ntigymnasiet.se\/wp-content\/uploads\/sites\/15\/2023\/04\/ntitechbgsvagacirklar3-600x338.jpg 600w, https:\/\/ntigymnasiet.se\/wp-content\/uploads\/sites\/15\/2023\/04\/ntitechbgsvagacirklar3-800x450.jpg 800w, https:\/\/ntigymnasiet.se\/wp-content\/uploads\/sites\/15\/2023\/04\/ntitechbgsvagacirklar3-1024x576.jpg 1024w, https:\/\/ntigymnasiet.se\/wp-content\/uploads\/sites\/15\/2023\/04\/ntitechbgsvagacirklar3-1200x675.jpg 1200w\" \/>\n\t\t<\/div>\n\t\n<\/section>\n\t<\/div>\n\n\t\n\n\n\n<section  class=\"ams-cta ams-cta--stacked c-block l-stacked\" data-color-scheme=\"vit\">\n\t<div class=\"l-container-narrow l-stack l-stack-fluid-2xl u-pt-fluid-3xl-6xl u-pb-fluid-None is-left is-center@md\">\n\t\t\t\t\t<div class=\"ams-cta__intro l-stack l-stack-lg\">\n\t\t\t\t\t\n\t<h2\n\tclass=\"c-heading u-font-title-1 \"\n\tstyle=\"\">\n\t\t\n\t\t\t\t\tV\u00e5ra lokaler\n\t\t\t\t\n\t<\/h2>\n\n\t\t\t\t\t\t\t\t\t<div class=\"c-text l-stack u-cs-xl u-font-body\">\n\t\t\t\t\t\t<p>Skolan har ljusa \u00f6ppna lokaler med tv\u00e5 moderna lounger som m\u00f6jligg\u00f6r b\u00e5de sociala aktiviteter, g\u00e4stf\u00f6rel\u00e4sningar, studier och umg\u00e4nge. Det finns ocks\u00e5 m\u00e5nga grupprum och ett skolbibliotek. Skolans el- och energiprogram anv\u00e4nder IT-labbet som \u00e4r fulladdat med tech- och IT-utrustning.<\/p>\n<p>Inte minst har vi ett <a href=\"https:\/\/ntigymnasiet.se\/sollentuna\/var-skola\/makerspace\/\">makerspace<\/a> d\u00e4r du kan anv\u00e4nda teknik som 3D-printers, VR-utrustning och mycket annat.<\/p>\n\n\t\t\t\t\t<\/div>\n\t\t\t\t\t\t\t<\/div>\n\t\t\n\t\t\n\t\t\t<\/div>\n\n\t\t\n\n<\/section>\n\n\n\n\n\n\n\t<div   class=\"container images-module images-module_gallery4 cpt-60\"\n\t\t style=\"font-size:0px;\" >\n\n\t\t<div class=\"row\" style=\"line-height:0!important;\">\n\t\t\t<div class=\"col-md-5 pr-md-4\">\n\t\t\t\t<div class=\"row\" style=\"line-height:0!important;\">\n\t\t\t\t\t<div class=\"col-md-12 p-0 pb-md-2\">\n\n\t\t\t\t\t\t\t\t\t\t\t\t\t\t\t\t\t\t\t\t\t\t\t\t\t\t\t\t<div class=\"images_module__overlay_wrap \">\n\n\t\t\t\t\t\t\t\t\t<div class=\"images__wrapper d-none d-md-block\"\n\t\t\t\t\t\t\t\t\t\t style=\"aspect-ratio: 515 \/ 315;\">\n\t\t\t\t\t\t\t\t\t\t<img decoding=\"async\" width=\"2000\" height=\"1333\" src=\"https:\/\/ntigymnasiet.se\/wp-content\/uploads\/sites\/15\/2023\/05\/nti-sollentuna-gymnasium-1.jpg\" class=\"images__image_ratio \" alt=\"Yta f\u00f6r umg\u00e4nge i skolan.\" style=\"aspect-ratio: 515 \/ 315;\" data-img=\"1\" srcset=\"https:\/\/ntigymnasiet.se\/wp-content\/uploads\/sites\/15\/2023\/05\/nti-sollentuna-gymnasium-1.jpg 2000w, https:\/\/ntigymnasiet.se\/wp-content\/uploads\/sites\/15\/2023\/05\/nti-sollentuna-gymnasium-1-300x200.jpg 300w, https:\/\/ntigymnasiet.se\/wp-content\/uploads\/sites\/15\/2023\/05\/nti-sollentuna-gymnasium-1-1024x682.jpg 1024w, https:\/\/ntigymnasiet.se\/wp-content\/uploads\/sites\/15\/2023\/05\/nti-sollentuna-gymnasium-1-768x512.jpg 768w, https:\/\/ntigymnasiet.se\/wp-content\/uploads\/sites\/15\/2023\/05\/nti-sollentuna-gymnasium-1-1536x1024.jpg 1536w, https:\/\/ntigymnasiet.se\/wp-content\/uploads\/sites\/15\/2023\/05\/nti-sollentuna-gymnasium-1-1920x1280.jpg 1920w, https:\/\/ntigymnasiet.se\/wp-content\/uploads\/sites\/15\/2023\/05\/nti-sollentuna-gymnasium-1-500x333.jpg 500w, https:\/\/ntigymnasiet.se\/wp-content\/uploads\/sites\/15\/2023\/05\/nti-sollentuna-gymnasium-1-340x227.jpg 340w, https:\/\/ntigymnasiet.se\/wp-content\/uploads\/sites\/15\/2023\/05\/nti-sollentuna-gymnasium-1-1100x733.jpg 1100w, https:\/\/ntigymnasiet.se\/wp-content\/uploads\/sites\/15\/2023\/05\/nti-sollentuna-gymnasium-1-1000x667.jpg 1000w, https:\/\/ntigymnasiet.se\/wp-content\/uploads\/sites\/15\/2023\/05\/nti-sollentuna-gymnasium-1-1200x800.jpg 1200w, https:\/\/ntigymnasiet.se\/wp-content\/uploads\/sites\/15\/2023\/05\/nti-sollentuna-gymnasium-1-600x400.jpg 600w, https:\/\/ntigymnasiet.se\/wp-content\/uploads\/sites\/15\/2023\/05\/nti-sollentuna-gymnasium-1-400x267.jpg 400w\" sizes=\"(max-width: 2000px) 100vw, 2000px\" \/>\t\t\t\t\t\t\t\t\t<\/div>\n\n\n\t\t\t\t\t\t\t\t\t<div class=\"images__wrapper d-md-none\"\n\t\t\t\t\t\t\t\t\t\t style=\"aspect-ratio: 851 \/ 531;\">\n\t\t\t\t\t\t\t\t\t\t<img decoding=\"async\" width=\"2000\" height=\"1333\" src=\"https:\/\/ntigymnasiet.se\/wp-content\/uploads\/sites\/15\/2023\/05\/nti-sollentuna-gymnasium-1.jpg\" class=\"images__image_ratio \" alt=\"Yta f\u00f6r umg\u00e4nge i skolan.\" style=\"aspect-ratio: 851 \/ 531;\" data-img=\"1\" srcset=\"https:\/\/ntigymnasiet.se\/wp-content\/uploads\/sites\/15\/2023\/05\/nti-sollentuna-gymnasium-1.jpg 2000w, https:\/\/ntigymnasiet.se\/wp-content\/uploads\/sites\/15\/2023\/05\/nti-sollentuna-gymnasium-1-300x200.jpg 300w, https:\/\/ntigymnasiet.se\/wp-content\/uploads\/sites\/15\/2023\/05\/nti-sollentuna-gymnasium-1-1024x682.jpg 1024w, https:\/\/ntigymnasiet.se\/wp-content\/uploads\/sites\/15\/2023\/05\/nti-sollentuna-gymnasium-1-768x512.jpg 768w, https:\/\/ntigymnasiet.se\/wp-content\/uploads\/sites\/15\/2023\/05\/nti-sollentuna-gymnasium-1-1536x1024.jpg 1536w, https:\/\/ntigymnasiet.se\/wp-content\/uploads\/sites\/15\/2023\/05\/nti-sollentuna-gymnasium-1-1920x1280.jpg 1920w, https:\/\/ntigymnasiet.se\/wp-content\/uploads\/sites\/15\/2023\/05\/nti-sollentuna-gymnasium-1-500x333.jpg 500w, https:\/\/ntigymnasiet.se\/wp-content\/uploads\/sites\/15\/2023\/05\/nti-sollentuna-gymnasium-1-340x227.jpg 340w, https:\/\/ntigymnasiet.se\/wp-content\/uploads\/sites\/15\/2023\/05\/nti-sollentuna-gymnasium-1-1100x733.jpg 1100w, https:\/\/ntigymnasiet.se\/wp-content\/uploads\/sites\/15\/2023\/05\/nti-sollentuna-gymnasium-1-1000x667.jpg 1000w, https:\/\/ntigymnasiet.se\/wp-content\/uploads\/sites\/15\/2023\/05\/nti-sollentuna-gymnasium-1-1200x800.jpg 1200w, https:\/\/ntigymnasiet.se\/wp-content\/uploads\/sites\/15\/2023\/05\/nti-sollentuna-gymnasium-1-600x400.jpg 600w, https:\/\/ntigymnasiet.se\/wp-content\/uploads\/sites\/15\/2023\/05\/nti-sollentuna-gymnasium-1-400x267.jpg 400w\" sizes=\"(max-width: 2000px) 100vw, 2000px\" \/>\t\t\t\t\t\t\t\t\t<\/div>\n\n\n\t\t\t\t\t\t\t\t\t\n\t\t\t\t\t\t\t\t\t<div class=\"images_module__overlay\">\n\t\t\t\t\t\t\t\t\t\t<div class=\"images_module__overlay_text p-3\">\n\t\t\t\t\t\t\t\t\t\t\t<h3  ><\/h3>\n\t\t\t\t\t\t\t\t\t\t\t<p  ><\/p>\n\t\t\t\t\t\t\t\t\t\t<\/div>\n\n\t\t\t\t\t\t\t\t\t<\/div>\n\t\t\t\t\t\t\t\t<\/div>\n\t\t\t\t\t\t\t\t\t\t\t\t\t\t\t\t\t\t<\/div>\n\t\t\t\t<\/div>\n\t\t\t\t<div class=\"row my-2\" style=\"line-height:0!important;\">\n\t\t\t\t\t<div class=\"col-md-12 p-0 d-inline-block\">\n\n\t\t\t\t\t\t\t\t\t\t\t\t\t\t\t\t\t\t\t\t\t\t\t\t\t\t\t\t<div class=\"images_module__overlay_wrap\">\n\n\n\t\t\t\t\t\t\t\t\t<div class=\"images__wrapper d-none d-md-block\"\n\t\t\t\t\t\t\t\t\t\t style=\"aspect-ratio: 463 \/ 630;\">\n\t\t\t\t\t\t\t\t\t\t<img decoding=\"async\" width=\"2000\" height=\"1333\" src=\"https:\/\/ntigymnasiet.se\/wp-content\/uploads\/sites\/15\/2023\/05\/nti-sollentuna-gymnasium.jpg\" class=\"images__image_ratio \" alt=\"Utrymmen i skolan f\u00f6r umg\u00e4nge.\" style=\"aspect-ratio: 463 \/ 630;\" data-img=\"2\" srcset=\"https:\/\/ntigymnasiet.se\/wp-content\/uploads\/sites\/15\/2023\/05\/nti-sollentuna-gymnasium.jpg 2000w, https:\/\/ntigymnasiet.se\/wp-content\/uploads\/sites\/15\/2023\/05\/nti-sollentuna-gymnasium-300x200.jpg 300w, https:\/\/ntigymnasiet.se\/wp-content\/uploads\/sites\/15\/2023\/05\/nti-sollentuna-gymnasium-400x267.jpg 400w, https:\/\/ntigymnasiet.se\/wp-content\/uploads\/sites\/15\/2023\/05\/nti-sollentuna-gymnasium-600x400.jpg 600w, https:\/\/ntigymnasiet.se\/wp-content\/uploads\/sites\/15\/2023\/05\/nti-sollentuna-gymnasium-800x533.jpg 800w, https:\/\/ntigymnasiet.se\/wp-content\/uploads\/sites\/15\/2023\/05\/nti-sollentuna-gymnasium-1024x682.jpg 1024w, https:\/\/ntigymnasiet.se\/wp-content\/uploads\/sites\/15\/2023\/05\/nti-sollentuna-gymnasium-1200x800.jpg 1200w\" sizes=\"(max-width: 2000px) 100vw, 2000px\" \/>\t\t\t\t\t\t\t\t\t<\/div>\n\n\n\t\t\t\t\t\t\t\t\t<div class=\"images__wrapper d-md-none\"\n\t\t\t\t\t\t\t\t\t\t style=\"aspect-ratio: 851 \/ 531;\">\n\t\t\t\t\t\t\t\t\t\t<img decoding=\"async\" width=\"2000\" height=\"1333\" src=\"https:\/\/ntigymnasiet.se\/wp-content\/uploads\/sites\/15\/2023\/05\/nti-sollentuna-gymnasium.jpg\" class=\"images__image_ratio \" alt=\"Utrymmen i skolan f\u00f6r umg\u00e4nge.\" style=\"aspect-ratio: 851 \/ 531;\" data-img=\"2\" srcset=\"https:\/\/ntigymnasiet.se\/wp-content\/uploads\/sites\/15\/2023\/05\/nti-sollentuna-gymnasium.jpg 2000w, https:\/\/ntigymnasiet.se\/wp-content\/uploads\/sites\/15\/2023\/05\/nti-sollentuna-gymnasium-300x200.jpg 300w, https:\/\/ntigymnasiet.se\/wp-content\/uploads\/sites\/15\/2023\/05\/nti-sollentuna-gymnasium-400x267.jpg 400w, https:\/\/ntigymnasiet.se\/wp-content\/uploads\/sites\/15\/2023\/05\/nti-sollentuna-gymnasium-600x400.jpg 600w, https:\/\/ntigymnasiet.se\/wp-content\/uploads\/sites\/15\/2023\/05\/nti-sollentuna-gymnasium-800x533.jpg 800w, https:\/\/ntigymnasiet.se\/wp-content\/uploads\/sites\/15\/2023\/05\/nti-sollentuna-gymnasium-1024x682.jpg 1024w, https:\/\/ntigymnasiet.se\/wp-content\/uploads\/sites\/15\/2023\/05\/nti-sollentuna-gymnasium-1200x800.jpg 1200w\" sizes=\"(max-width: 2000px) 100vw, 2000px\" \/>\t\t\t\t\t\t\t\t\t<\/div>\n\n\t\t\t\t\t\t\t\t\t\n\t\t\t\t\t\t\t\t\t<div class=\"images_module__overlay\">\n\t\t\t\t\t\t\t\t\t\t<div class=\"images_module__overlay_text p-3\">\n\t\t\t\t\t\t\t\t\t\t\t<h3  ><\/h3>\n\t\t\t\t\t\t\t\t\t\t\t<p\n\t\t\t\t\t\t\t\t\t\t\t   style=\"display: block; line-height: 1;\"><\/p>\n\n\t\t\t\t\t\t\t\t\t\t\t\t\t\t\t\t\t\t\t\t\t<\/div>\n\t\t\t\t\t\t\t\t\t<\/div>\n\t\t\t\t\t\t\t\t<\/div>\n\t\t\t\t\t\t\t\t\t\t\t\t\t\n\t\t\t\t\t<\/div>\n\t\t\t\t<\/div>\n\t\t\t<\/div>\n\n\t\t\t<div class=\"col-md-7\">\n\t\t\t\t<div class=\"row\" style=\"line-height:0!important;\">\n\t\t\t\t\t<div class=\"col-md-12 p-0 pl-md-2\">\n\n\t\t\t\t\t\t\t\t\t\t\t\t\t\t\t\t\t\t\t\t\t\t\t\t\t\t\t\t<div class=\"images_module__overlay_wrap\" data-img=\"3\">\n\n\n\t\t\t\t\t\t\t\t\t<div class=\"images__wrapper d-none d-md-block\"\n\t\t\t\t\t\t\t\t\t\t style=\"aspect-ratio: 735 \/ 491;\">\n\t\t\t\t\t\t\t\t\t\t<img decoding=\"async\" width=\"2000\" height=\"1333\" src=\"https:\/\/ntigymnasiet.se\/wp-content\/uploads\/sites\/15\/2023\/05\/nti-sollentuna-gymnasie.jpg\" class=\"images__image_ratio \" alt=\"Makerspace med 3D-skrivare.\" style=\"aspect-ratio: 735 \/ 491;\" data-img=\"3\" srcset=\"https:\/\/ntigymnasiet.se\/wp-content\/uploads\/sites\/15\/2023\/05\/nti-sollentuna-gymnasie.jpg 2000w, https:\/\/ntigymnasiet.se\/wp-content\/uploads\/sites\/15\/2023\/05\/nti-sollentuna-gymnasie-300x200.jpg 300w, https:\/\/ntigymnasiet.se\/wp-content\/uploads\/sites\/15\/2023\/05\/nti-sollentuna-gymnasie-400x267.jpg 400w, https:\/\/ntigymnasiet.se\/wp-content\/uploads\/sites\/15\/2023\/05\/nti-sollentuna-gymnasie-600x400.jpg 600w, https:\/\/ntigymnasiet.se\/wp-content\/uploads\/sites\/15\/2023\/05\/nti-sollentuna-gymnasie-800x533.jpg 800w, https:\/\/ntigymnasiet.se\/wp-content\/uploads\/sites\/15\/2023\/05\/nti-sollentuna-gymnasie-1024x682.jpg 1024w, https:\/\/ntigymnasiet.se\/wp-content\/uploads\/sites\/15\/2023\/05\/nti-sollentuna-gymnasie-1200x800.jpg 1200w\" sizes=\"(max-width: 2000px) 100vw, 2000px\" \/>\t\t\t\t\t\t\t\t\t<\/div>\n\n\n\t\t\t\t\t\t\t\t\t<div class=\"images__wrapper d-md-none\"\n\t\t\t\t\t\t\t\t\t\t style=\"aspect-ratio: 851 \/ 531;\">\n\t\t\t\t\t\t\t\t\t\t<img decoding=\"async\" width=\"2000\" height=\"1333\" src=\"https:\/\/ntigymnasiet.se\/wp-content\/uploads\/sites\/15\/2023\/05\/nti-sollentuna-gymnasie.jpg\" class=\"images__image_ratio \" alt=\"Makerspace med 3D-skrivare.\" style=\"aspect-ratio: 851 \/ 531;\" data-img=\"3\" srcset=\"https:\/\/ntigymnasiet.se\/wp-content\/uploads\/sites\/15\/2023\/05\/nti-sollentuna-gymnasie.jpg 2000w, https:\/\/ntigymnasiet.se\/wp-content\/uploads\/sites\/15\/2023\/05\/nti-sollentuna-gymnasie-300x200.jpg 300w, https:\/\/ntigymnasiet.se\/wp-content\/uploads\/sites\/15\/2023\/05\/nti-sollentuna-gymnasie-400x267.jpg 400w, https:\/\/ntigymnasiet.se\/wp-content\/uploads\/sites\/15\/2023\/05\/nti-sollentuna-gymnasie-600x400.jpg 600w, https:\/\/ntigymnasiet.se\/wp-content\/uploads\/sites\/15\/2023\/05\/nti-sollentuna-gymnasie-800x533.jpg 800w, https:\/\/ntigymnasiet.se\/wp-content\/uploads\/sites\/15\/2023\/05\/nti-sollentuna-gymnasie-1024x682.jpg 1024w, https:\/\/ntigymnasiet.se\/wp-content\/uploads\/sites\/15\/2023\/05\/nti-sollentuna-gymnasie-1200x800.jpg 1200w\" sizes=\"(max-width: 2000px) 100vw, 2000px\" \/>\t\t\t\t\t\t\t\t\t<\/div>\n\t\t\t\t\t\t\t\t\t\t\t\t\t\t\t\t\t\t<div class=\"images_module__overlay\">\n\t\t\t\t\t\t\t\t\t\t<div class=\"images_module__overlay_text p-3\">\n\t\t\t\t\t\t\t\t\t\t\t<h3  ><\/h3>\n\t\t\t\t\t\t\t\t\t\t\t<p  ><\/p>\n\n\t\t\t\t\t\t\t\t\t\t<\/div>\n\n\t\t\t\t\t\t\t\t\t<\/div>\n\t\t\t\t\t\t\t\t<\/div>\n\t\t\t\t\t\t\t\t\t\t\t\t\t\n\t\t\t\t\t<\/div>\n\t\t\t\t<\/div>\n\t\t\t\t<div class=\"row my-2\" style=\"line-height:0!important;\">\n\t\t\t\t\t<div class=\"col-md-12 p-0 pl-md-2 pt-md-2\">\n\t\t\t\t\t\t<!--\t\t\t\t\t<div class=\"col-md-12 p-0 pl-md-2\">-->\n\t\t\t\t\t\t<!--\t\t\t\t\t<div class=\"col-md-6 p-0 pl-md-2 pr-md-1 pt-md-2\">-->\n\n\t\t\t\t\t\t\t\t\t\t\t\t\t\t\t\t\t\t\t\t\t\t\t\t\t\t\t\t<div class=\"images_module__overlay_wrap \">\n\n\n\t\t\t\t\t\t\t\t\t<div class=\"images__wrapper d-none d-md-block\"\n\t\t\t\t\t\t\t\t\t\t style=\"aspect-ratio: 735 \/ 466;\">\n\t\t\t\t\t\t\t\t\t\t<img decoding=\"async\" width=\"2000\" height=\"1333\" src=\"https:\/\/ntigymnasiet.se\/wp-content\/uploads\/sites\/15\/2023\/05\/nti-sollentuna-gymnasieskola.jpg\" class=\"images__image_ratio \" alt=\"Skollokal med bord och stolar.\" style=\"aspect-ratio: 735 \/ 466;\" data-img=\"4\" srcset=\"https:\/\/ntigymnasiet.se\/wp-content\/uploads\/sites\/15\/2023\/05\/nti-sollentuna-gymnasieskola.jpg 2000w, https:\/\/ntigymnasiet.se\/wp-content\/uploads\/sites\/15\/2023\/05\/nti-sollentuna-gymnasieskola-300x200.jpg 300w, https:\/\/ntigymnasiet.se\/wp-content\/uploads\/sites\/15\/2023\/05\/nti-sollentuna-gymnasieskola-400x267.jpg 400w, https:\/\/ntigymnasiet.se\/wp-content\/uploads\/sites\/15\/2023\/05\/nti-sollentuna-gymnasieskola-600x400.jpg 600w, https:\/\/ntigymnasiet.se\/wp-content\/uploads\/sites\/15\/2023\/05\/nti-sollentuna-gymnasieskola-800x533.jpg 800w, https:\/\/ntigymnasiet.se\/wp-content\/uploads\/sites\/15\/2023\/05\/nti-sollentuna-gymnasieskola-1024x682.jpg 1024w, https:\/\/ntigymnasiet.se\/wp-content\/uploads\/sites\/15\/2023\/05\/nti-sollentuna-gymnasieskola-1200x800.jpg 1200w\" sizes=\"(max-width: 2000px) 100vw, 2000px\" \/>\t\t\t\t\t\t\t\t\t<\/div>\n\n\n\t\t\t\t\t\t\t\t\t<div class=\"images__wrapper d-md-none\"\n\t\t\t\t\t\t\t\t\t\t style=\"aspect-ratio: 851 \/ 531;\">\n\t\t\t\t\t\t\t\t\t\t<img decoding=\"async\" width=\"2000\" height=\"1333\" src=\"https:\/\/ntigymnasiet.se\/wp-content\/uploads\/sites\/15\/2023\/05\/nti-sollentuna-gymnasieskola.jpg\" class=\"images__image_ratio \" alt=\"Skollokal med bord och stolar.\" style=\"aspect-ratio: 851 \/ 531;\" data-img=\"4\" srcset=\"https:\/\/ntigymnasiet.se\/wp-content\/uploads\/sites\/15\/2023\/05\/nti-sollentuna-gymnasieskola.jpg 2000w, https:\/\/ntigymnasiet.se\/wp-content\/uploads\/sites\/15\/2023\/05\/nti-sollentuna-gymnasieskola-300x200.jpg 300w, https:\/\/ntigymnasiet.se\/wp-content\/uploads\/sites\/15\/2023\/05\/nti-sollentuna-gymnasieskola-400x267.jpg 400w, https:\/\/ntigymnasiet.se\/wp-content\/uploads\/sites\/15\/2023\/05\/nti-sollentuna-gymnasieskola-600x400.jpg 600w, https:\/\/ntigymnasiet.se\/wp-content\/uploads\/sites\/15\/2023\/05\/nti-sollentuna-gymnasieskola-800x533.jpg 800w, https:\/\/ntigymnasiet.se\/wp-content\/uploads\/sites\/15\/2023\/05\/nti-sollentuna-gymnasieskola-1024x682.jpg 1024w, https:\/\/ntigymnasiet.se\/wp-content\/uploads\/sites\/15\/2023\/05\/nti-sollentuna-gymnasieskola-1200x800.jpg 1200w\" sizes=\"(max-width: 2000px) 100vw, 2000px\" \/>\t\t\t\t\t\t\t\t\t<\/div>\n\n\t\t\t\t\t\t\t\t\t\n\n\t\t\t\t\t\t\t\t\t<div   class=\"images_module__overlay\">\n\t\t\t\t\t\t\t\t\t\t<div class=\"images_module__overlay_text p-3\">\n\t\t\t\t\t\t\t\t\t\t\t<h3  ><\/h3>\n\t\t\t\t\t\t\t\t\t\t\t<p  ><\/p>\n\t\t\t\t\t\t\t\t\t\t<\/div>\n\t\t\t\t\t\t\t\t\t<\/div>\n\t\t\t\t\t\t\t\t<\/div>\n\t\t\t\t\t\t\t\t\t\t\t\t\t\n\t\t\t\t\t<\/div>\n\t\t\t\t<\/div>\n\n\t\t\t<\/div>\n\n\t\t<\/div>\n\t<\/div>\n\t<div class=\"d-none images_module__gallery_overlay id-table-cell global_body-color  site__text-color--dark  \">\n\t\t<div class=\"container-fluid text-right mt-4\">\n\n\t\t\t\n\t\t\t<div class=\"images_module__gallery_overlay_images\">\n\t\t\t\t\n\t\t\t\t\t\t\t\t\t\t\n\t\t\t\t\t\t\t\t\t\t\t\t\t\t\t\t<div   data-image=\"https:\/\/ntigymnasiet.se\/wp-content\/uploads\/sites\/15\/2023\/05\/nti-sollentuna-gymnasium-1.jpg\"\n\t\t\t\t\t data-styl=\"aspect-ratio: 1200 \/ 481;object-position: _center-center;\"\n\t\t\t\t\t class=\" \"\n\t\t\t\t\t data-title=\"\"\n\t\t\t\t\t data-caption=\"\"\n\t\t\t\t\t data-alt=\"Yta f\u00f6r umg\u00e4nge i skolan.\">\n\t\t\t\t<\/div>\n\n\t\t\t<\/div>\n\t\t\t\t\t\t\t\n\t\t\t\t\t\t\t\t\t\t\n\t\t\t\t\t\t\t\t\t\t\t\t\t\t\t\t<div   data-image=\"https:\/\/ntigymnasiet.se\/wp-content\/uploads\/sites\/15\/2023\/05\/nti-sollentuna-gymnasie.jpg\"\n\t\t\t\t\t data-styl=\"aspect-ratio: 1200 \/ 481;object-position: _center-center;\"\n\t\t\t\t\t class=\" \"\n\t\t\t\t\t data-title=\"\"\n\t\t\t\t\t data-caption=\"\"\n\t\t\t\t\t data-alt=\"Makerspace med 3D-skrivare.\">\n\t\t\t\t<\/div>\n\n\t\t\t<\/div>\n\t\t\t\t\t\t\t\n\t\t\t\t\t\t\t\t\t\t\n\t\t\t\t\t\t\t\t\t\t\t\t\t\t\t\t<div   data-image=\"https:\/\/ntigymnasiet.se\/wp-content\/uploads\/sites\/15\/2023\/05\/nti-sollentuna-gymnasium.jpg\"\n\t\t\t\t\t data-styl=\"aspect-ratio: 1200 \/ 481;object-position: _center-center;\"\n\t\t\t\t\t class=\" \"\n\t\t\t\t\t data-title=\"\"\n\t\t\t\t\t data-caption=\"\"\n\t\t\t\t\t data-alt=\"Utrymmen i skolan f\u00f6r umg\u00e4nge.\">\n\t\t\t\t<\/div>\n\n\t\t\t<\/div>\n\t\t\t\t\t\t\t\n\t\t\t\t\t\t\t\t\t\t\n\t\t\t\t\t\t\t\t\t\t\t\t\t\t\t\t<div   data-image=\"https:\/\/ntigymnasiet.se\/wp-content\/uploads\/sites\/15\/2023\/05\/nti-sollentuna-gymnasieskola.jpg\"\n\t\t\t\t\t data-styl=\"aspect-ratio: 1200 \/ 481;object-position: _center-center;\"\n\t\t\t\t\t class=\" \"\n\t\t\t\t\t data-title=\"\"\n\t\t\t\t\t data-caption=\"\"\n\t\t\t\t\t data-alt=\"Skollokal med bord och stolar.\">\n\t\t\t\t<\/div>\n\n\t\t\t<\/div>\n\t\t\t\t\t\t\t\t\t<\/div>\n\n\t\t\t\t\n\n\t\t\t\t<div class=\"row\">\n\t\t\t<div class=\"col-md-12  mt-4 mt-md-0 images_module__gallery_slider text-center\">\n\n\t\t\t<\/div>\n\t\t<\/div>\n\n\t\t\t\t<div class=\"row text-center images_module__gallery_overlay_description\">\n\t\t<\/div>\n\t\t\t\t<div class=\"images_module__border_top d-block d-md-none \"><\/div>\n\t\t\t\t<div class=\"row text-center images_module__gallery_overlay_navigation  site__font-monospace\">\n\n\t\t<\/div>\n\n\n\t<\/div>\n\t<\/div>\n\n\n\n<script>\n\tvar images_display_descriptive_text = \"\";\n<\/script>\n\n\n\n\n<section  class=\"ams-social-media-feed c-block l-stacked\" data-color-scheme=\"light-grey\">\n\t<div class=\"l-container l-stack l-stack-fluid-2xl u-pt-fluid-3xl-6xl u-pb-fluid-3xl-6xl is-center is-center@md\">\n\t\t\t\t\t<div class=\"ams-social-media-feed__intro l-stack l-stack-lg\">\n\t\t\t\t\t\n\t<h2\n\tclass=\"c-heading u-font-title-1 \"\n\tstyle=\"\">\n\t\t\n\t\t\t\t\tF\u00e5 en inblick i v\u00e5r vardag\n\t\t\t\t\n\t<\/h2>\n\n\t\t\t\t\t\t\t\t\t<div class=\"c-text l-stack u-cs-xl u-font-body\">\n\t\t\t\t\t\t<p>F\u00e5 en inblick i v\u00e5r vardag genom att f\u00f6lja oss p\u00e5 sociala medier.<\/p>\n\n\t\t\t\t\t<\/div>\n\t\t\t\t\t\t\t<\/div>\n\t\t\n\t\t\t\t\t<div class=\"elfsight-app-3edce671-208b-49eb-9193-86d4e114753e\"><\/div>\n\t\n\t\t\t<\/div>\n\n\t\t\n\n<\/section>\n\n\n\n\n<section  class=\"ams-cta ams-cta--stacked c-block l-stacked\" data-color-scheme=\"vit\">\n\t<div class=\"l-container-narrow l-stack l-stack-fluid-2xl u-pt-fluid-3xl-6xl u-pb-fluid-3xl-6xl is-center is-center@md\">\n\t\t\t\t\t<div class=\"ams-cta__intro l-stack l-stack-lg\">\n\t\t\t\t\t\n\t<h2\n\tclass=\"c-heading u-font-title-1 \"\n\tstyle=\"\">\n\t\t\n\t\t\t\t\tVanliga fr\u00e5gor\n\t\t\t\t\n\t<\/h2>\n\n\t\t\t\t\t\t\t\t\t<div class=\"c-text l-stack u-cs-xl u-font-body\">\n\t\t\t\t\t\t<p><span data-sheets-value=\"{&quot;1&quot;:2,&quot;2&quot;:&quot;H\u00e4r hittar du svaren p\u00e5 vanliga fr\u00e5gor om NTI Gymnasiet Ort.&quot;}\" data-sheets-userformat=\"{&quot;2&quot;:835,&quot;3&quot;:{&quot;1&quot;:0},&quot;4&quot;:{&quot;1&quot;:2,&quot;2&quot;:16777215},&quot;9&quot;:0,&quot;11&quot;:3,&quot;12&quot;:0}\">H\u00e4r hittar du svaren p\u00e5 vanliga fr\u00e5gor om v\u00e5r skola.<\/span><\/p>\n\n\t\t\t\t\t<\/div>\n\t\t\t\t\t\t\t<\/div>\n\t\t\n\t\t\n\t\t\t<div class=\"ams-cta__action u-inline-items\">\n\t\t\t\t\t\t\t\n\n\n<a href=\"https:\/\/ntigymnasiet.se\/sollentuna\/vanliga-fragor\/\"\n\t\n\tclass=\"c-btn \"\n\tdata-style=\"rounded\"\n\tdata-size=\"md\"\n\tdata-width=\"full-mobile\"\n\tdata-variant=\"default\"\n\ttarget=\"_self\">\n\t\t\t<span class=\"label\"> Till vanliga fr\u00e5gor<\/span>\n\t\t\t<\/a>\n\t\t\t<\/div>\n\t<\/div>\n\n\t\t\n\n<\/section>\n","protected":false},"excerpt":{"rendered":"","protected":false},"author":4,"featured_media":0,"parent":0,"menu_order":0,"comment_status":"closed","ping_status":"closed","template":"","meta":{"footnotes":""},"yoast_head":"<!-- This site is optimized with the Yoast SEO plugin v22.0 - https:\/\/yoast.com\/wordpress\/plugins\/seo\/ -->\n<title>V\u00e5r skola - NTI Gymnasiet Sollentuna<\/title>\n<meta name=\"description\" content=\"Vi \u00e4r skolan f\u00f6r dig som \u00e4r intresserad av IT och teknik. V\u00e5rt fokus ligger p\u00e5 kreativitet, utveckling och studier i en trygg milj\u00f6.\" \/>\n<meta name=\"robots\" content=\"index, follow, max-snippet:-1, max-image-preview:large, max-video-preview:-1\" \/>\n<link rel=\"canonical\" href=\"https:\/\/ntigymnasiet.se\/sollentuna\/var-skola\/\" \/>\n<meta property=\"og:locale\" content=\"sv_SE\" \/>\n<meta property=\"og:type\" content=\"article\" \/>\n<meta property=\"og:title\" content=\"V\u00e5r skola - NTI Gymnasiet Sollentuna\" \/>\n<meta property=\"og:description\" content=\"Vi \u00e4r skolan f\u00f6r dig som \u00e4r intresserad av IT och teknik. V\u00e5rt fokus ligger p\u00e5 kreativitet, utveckling och studier i en trygg milj\u00f6.\" \/>\n<meta property=\"og:url\" content=\"https:\/\/ntigymnasiet.se\/sollentuna\/var-skola\/\" \/>\n<meta property=\"og:site_name\" content=\"Sollentuna\" \/>\n<meta property=\"article:modified_time\" content=\"2025-06-18T08:11:27+00:00\" \/>\n<meta name=\"twitter:card\" content=\"summary_large_image\" \/>\n<meta name=\"twitter:title\" content=\"V\u00e5r skola - NTI Gymnasiet Sollentuna\" \/>\n<meta name=\"twitter:description\" content=\"Vi \u00e4r skolan f\u00f6r dig som \u00e4r intresserad av IT och teknik. V\u00e5rt fokus ligger p\u00e5 kreativitet, utveckling och studier i en trygg milj\u00f6.\" \/>\n<meta name=\"twitter:label1\" content=\"Est. reading time\" \/>\n\t<meta name=\"twitter:data1\" content=\"3 minuter\" \/>\n<script type=\"application\/ld+json\" class=\"yoast-schema-graph\">{\"@context\":\"https:\/\/schema.org\",\"@graph\":[{\"@type\":\"WebPage\",\"@id\":\"https:\/\/ntigymnasiet.se\/sollentuna\/var-skola\/\",\"url\":\"https:\/\/ntigymnasiet.se\/sollentuna\/var-skola\/\",\"name\":\"V\u00e5r skola - NTI Gymnasiet Sollentuna\",\"isPartOf\":{\"@id\":\"https:\/\/ntigymnasiet.se\/sollentuna\/#website\"},\"datePublished\":\"2023-03-31T14:50:05+00:00\",\"dateModified\":\"2025-06-18T08:11:27+00:00\",\"description\":\"Vi \u00e4r skolan f\u00f6r dig som \u00e4r intresserad av IT och teknik. V\u00e5rt fokus ligger p\u00e5 kreativitet, utveckling och studier i en trygg milj\u00f6.\",\"breadcrumb\":{\"@id\":\"https:\/\/ntigymnasiet.se\/sollentuna\/var-skola\/#breadcrumb\"},\"inLanguage\":\"sv-SE\",\"potentialAction\":[{\"@type\":\"ReadAction\",\"target\":[\"https:\/\/ntigymnasiet.se\/sollentuna\/var-skola\/\"]}]},{\"@type\":\"BreadcrumbList\",\"@id\":\"https:\/\/ntigymnasiet.se\/sollentuna\/var-skola\/#breadcrumb\",\"itemListElement\":[{\"@type\":\"ListItem\",\"position\":1,\"name\":\"Start\",\"item\":\"https:\/\/ntigymnasiet.se\/sollentuna\/\"},{\"@type\":\"ListItem\",\"position\":2,\"name\":\"V\u00e5r skola\"}]},{\"@type\":\"WebSite\",\"@id\":\"https:\/\/ntigymnasiet.se\/sollentuna\/#website\",\"url\":\"https:\/\/ntigymnasiet.se\/sollentuna\/\",\"name\":\"Sollentuna\",\"description\":\"Just another WordPress site\",\"potentialAction\":[{\"@type\":\"SearchAction\",\"target\":{\"@type\":\"EntryPoint\",\"urlTemplate\":\"https:\/\/ntigymnasiet.se\/sollentuna\/?s={search_term_string}\"},\"query-input\":\"required name=search_term_string\"}],\"inLanguage\":\"sv-SE\"}]}<\/script>\n<!-- \/ Yoast SEO plugin. -->","yoast_head_json":{"title":"V\u00e5r skola - NTI Gymnasiet Sollentuna","description":"Vi \u00e4r skolan f\u00f6r dig som \u00e4r intresserad av IT och teknik. V\u00e5rt fokus ligger p\u00e5 kreativitet, utveckling och studier i en trygg milj\u00f6.","robots":{"index":"index","follow":"follow","max-snippet":"max-snippet:-1","max-image-preview":"max-image-preview:large","max-video-preview":"max-video-preview:-1"},"canonical":"https:\/\/ntigymnasiet.se\/sollentuna\/var-skola\/","og_locale":"sv_SE","og_type":"article","og_title":"V\u00e5r skola - NTI Gymnasiet Sollentuna","og_description":"Vi \u00e4r skolan f\u00f6r dig som \u00e4r intresserad av IT och teknik. V\u00e5rt fokus ligger p\u00e5 kreativitet, utveckling och studier i en trygg milj\u00f6.","og_url":"https:\/\/ntigymnasiet.se\/sollentuna\/var-skola\/","og_site_name":"Sollentuna","article_modified_time":"2025-06-18T08:11:27+00:00","twitter_card":"summary_large_image","twitter_title":"V\u00e5r skola - NTI Gymnasiet Sollentuna","twitter_description":"Vi \u00e4r skolan f\u00f6r dig som \u00e4r intresserad av IT och teknik. V\u00e5rt fokus ligger p\u00e5 kreativitet, utveckling och studier i en trygg milj\u00f6.","twitter_misc":{"Est. reading time":"3 minuter"},"schema":{"@context":"https:\/\/schema.org","@graph":[{"@type":"WebPage","@id":"https:\/\/ntigymnasiet.se\/sollentuna\/var-skola\/","url":"https:\/\/ntigymnasiet.se\/sollentuna\/var-skola\/","name":"V\u00e5r skola - NTI Gymnasiet Sollentuna","isPartOf":{"@id":"https:\/\/ntigymnasiet.se\/sollentuna\/#website"},"datePublished":"2023-03-31T14:50:05+00:00","dateModified":"2025-06-18T08:11:27+00:00","description":"Vi \u00e4r skolan f\u00f6r dig som \u00e4r intresserad av IT och teknik. V\u00e5rt fokus ligger p\u00e5 kreativitet, utveckling och studier i en trygg milj\u00f6.","breadcrumb":{"@id":"https:\/\/ntigymnasiet.se\/sollentuna\/var-skola\/#breadcrumb"},"inLanguage":"sv-SE","potentialAction":[{"@type":"ReadAction","target":["https:\/\/ntigymnasiet.se\/sollentuna\/var-skola\/"]}]},{"@type":"BreadcrumbList","@id":"https:\/\/ntigymnasiet.se\/sollentuna\/var-skola\/#breadcrumb","itemListElement":[{"@type":"ListItem","position":1,"name":"Start","item":"https:\/\/ntigymnasiet.se\/sollentuna\/"},{"@type":"ListItem","position":2,"name":"V\u00e5r skola"}]},{"@type":"WebSite","@id":"https:\/\/ntigymnasiet.se\/sollentuna\/#website","url":"https:\/\/ntigymnasiet.se\/sollentuna\/","name":"Sollentuna","description":"Just another WordPress site","potentialAction":[{"@type":"SearchAction","target":{"@type":"EntryPoint","urlTemplate":"https:\/\/ntigymnasiet.se\/sollentuna\/?s={search_term_string}"},"query-input":"required name=search_term_string"}],"inLanguage":"sv-SE"}]}},"_links":{"self":[{"href":"https:\/\/ntigymnasiet.se\/sollentuna\/wp-json\/wp\/v2\/pages\/191"}],"collection":[{"href":"https:\/\/ntigymnasiet.se\/sollentuna\/wp-json\/wp\/v2\/pages"}],"about":[{"href":"https:\/\/ntigymnasiet.se\/sollentuna\/wp-json\/wp\/v2\/types\/page"}],"author":[{"embeddable":true,"href":"https:\/\/ntigymnasiet.se\/sollentuna\/wp-json\/wp\/v2\/users\/4"}],"replies":[{"embeddable":true,"href":"https:\/\/ntigymnasiet.se\/sollentuna\/wp-json\/wp\/v2\/comments?post=191"}],"version-history":[{"count":10,"href":"https:\/\/ntigymnasiet.se\/sollentuna\/wp-json\/wp\/v2\/pages\/191\/revisions"}],"predecessor-version":[{"id":1582,"href":"https:\/\/ntigymnasiet.se\/sollentuna\/wp-json\/wp\/v2\/pages\/191\/revisions\/1582"}],"wp:attachment":[{"href":"https:\/\/ntigymnasiet.se\/sollentuna\/wp-json\/wp\/v2\/media?parent=191"}],"curies":[{"name":"wp","href":"https:\/\/api.w.org\/{rel}","templated":true}]}}