{"id":195,"date":"2023-03-31T16:51:39","date_gmt":"2023-03-31T14:51:39","guid":{"rendered":"https:\/\/ntigymnasiet.se\/sollentuna\/?page_id=195"},"modified":"2024-09-19T17:20:17","modified_gmt":"2024-09-19T15:20:17","slug":"elevhalsa","status":"publish","type":"page","link":"https:\/\/ntigymnasiet.se\/sollentuna\/var-skola\/elevhalsa\/","title":{"rendered":"Elevh\u00e4lsa"},"content":{"rendered":"\n\t\n\t\n\t\n\n\t\n\t\n\t\t\n<section  class=\"c-block l-stacked  \" data-color-scheme=\"vit\">\n\t<div class=\"ams-fifty ams-fifty--container ams-fifty--right ams-fifty--top l-container u-pt-fluid-3xl-6xl u-pb-fluid-3xl-6xl\">\n\t\t<div class=\"ams-fifty__content l-stack l-stack-xl is-center is-left@lg\">\n\t\t\t<div class=\"ams-fifty__text l-stack l-stack-lg\">\n\t\t\t\t\t\n\t<h1\n\tclass=\"c-heading u-font-title-1 \"\n\tstyle=\"\">\n\t\t\n\t\t\t\t\tElevh\u00e4lsa\n\t\t\t\t\n\t<\/h1>\n\n\t\t\t\t\t\t\t\t\t<div class=\"text l-stack u-font-body\">\n\t\t\t\t\t\t<p><span data-sheets-root=\"1\">Elevh\u00e4lsans personal p\u00e5 skolan best\u00e5r av specialpedagog, skolsk\u00f6terska, kurator och mentorer. Elevh\u00e4lsan tr\u00e4ffas en g\u00e5ng i vecka f\u00f6r kartl\u00e4ggning, beslut om insatser och uppf\u00f6ljning av elevr\u00e5den. Skolsk\u00f6terskan arbetar med h\u00e4lsosamtal med elever, vaccinering och samordnar med skoll\u00e4karbes\u00f6k.<\/p>\n<p>Mentorer och specialpedagog arbetar regelbundet med att f\u00f6lja upp elever, arbeta med gruppdynamik och st\u00f6d i undervisningen. Mentorer ansvarar ocks\u00e5 f\u00f6r planering och genomf\u00f6rande av mentorstiden, som finns schemalagd f\u00f6r varje klass en g\u00e5ng i veckan. Mentorstiden kan genomf\u00f6ras p\u00e5 m\u00e5nga skilda s\u00e4tt. Viktiga inslag \u00e4r exempelvis klassr\u00e5d, f\u00f6rberedelser f\u00f6r framtiden eller arbete med revidering och implementering av skolrutiner. Mentorstiden anv\u00e4nds ocks\u00e5 f\u00f6r att arbeta med till exempel gruppdynamik, motivation och andra st\u00e4rkande aktiviteter.<\/p>\n<p>Vill du komma i kontakt med skoll\u00e4kare eller skolpsykolog g\u00e5r du via rektor.<\/span><\/p>\n\n\t\t\t\t\t<\/div>\n\t\t\t\t\t\t\t<\/div>\n\n\t\t\t\t\t<\/div>\n\n\t\t <div class=\"ams-fifty__media u-ratio-square\">\n\t\t \t\t\t\t\t<img decoding=\"async\" width=\"600\" height=\"600\" src=\"https:\/\/ntigymnasiet.se\/wp-content\/uploads\/sites\/15\/2023\/04\/nti-elevhalsa-gymnasiet-202204-600x600.png\" class=\"attachment-md size-md\" alt=\"I bild syns tv\u00e5 elever som st\u00e5r i korridoren, de tittar bort och \u00e4r glada, den ena h\u00e5ller en dator.\" sizes=\"(min-width: 64em) 600px, calc(100vw - 160px)\" srcset=\"https:\/\/ntigymnasiet.se\/wp-content\/uploads\/sites\/15\/2023\/04\/nti-elevhalsa-gymnasiet-202204-600x600.png 600w, https:\/\/ntigymnasiet.se\/wp-content\/uploads\/sites\/15\/2023\/04\/nti-elevhalsa-gymnasiet-202204-150x150.png 150w, https:\/\/ntigymnasiet.se\/wp-content\/uploads\/sites\/15\/2023\/04\/nti-elevhalsa-gymnasiet-202204-300x300.png 300w, https:\/\/ntigymnasiet.se\/wp-content\/uploads\/sites\/15\/2023\/04\/nti-elevhalsa-gymnasiet-202204-400x400.png 400w, https:\/\/ntigymnasiet.se\/wp-content\/uploads\/sites\/15\/2023\/04\/nti-elevhalsa-gymnasiet-202204.png 700w\" \/>\n\t\t\t\n\t\t\t\n\t\t\t\t\t<\/div>\n\t<\/div>\n\n\t\t\n\n<\/section>\n\n\n\n<section \n\t\t class=\"\n\t\t ams-contact\n\t\t \n\t\t c-block l-stacked\n\t\t \n\t\t \n\t\t js-load-more\n\t\t \"\n\t\t data-color-scheme=\"nyans2_av_p2-hover-standard\"\n\t\t\t\t\tdata-count=\"3\"\n\t\t\t\t\t\t\tdata-count-mobile=\"2\"\n\t\t\t\t>\n\t<div\n\t\t class=\"\n\t\t l-container\n\t\t l-stack l-stack-fluid-2xl\n\t\t u-pt-fluid-3xl-6xl\n\t\t u-pb-fluid-3xl-6xl\n\t\t is-center\n\t\t is-center@md\n\t\t \">\n\t\t\t\t\t<div class=\"ams-contact__intro l-stack l-stack-lg\">\n\t\t\t\t\t\n\t<h2\n\tclass=\"c-heading u-font-title-1 \"\n\tstyle=\"\">\n\t\t\n\t\t\t\t\tKontakta elevh\u00e4lsan\n\t\t\t\t\n\t<\/h2>\n\n\t\t\t\t\t\t\t\t\t<div class=\"c-text l-stack u-cs-xl u-font-body\">\n\t\t\t\t\t\t<p>H\u00f6r av dig till oss i elevh\u00e4lsan om du har n\u00e5gra fr\u00e5gor.<\/p>\n\n\t\t\t\t\t<\/div>\n\t\t\t\t\t\t\t<\/div>\n\t\t\n\t\t\n\t\t    \t\n\t\t\n\t\t<ul\n\t\t\tid=\"contact-grid-69f55f45e1748\"\n\t\t\tclass=\"ams-contact__list l-grid u-gap-fluid-2xl-4xl u-justify-center js-results \"\n\t\t\taria-label=\"Kontakter\"\n\t\t\tdata-filter-animation=\"off\"\n\t\t\t>\n\t\t\t\t\t\t\t\t\t\t\t\n\t\t\t\t\n\t\t\t\t<li class=\"l-col-6@md l-col-4@lg \" data-filter=\"elevhalsa\">\n\t\t\t\t\t<article class=\"c-card \" data-variant=\"neutral\">\n\t\t\t\t\t\t<div class=\"c-card__content u-text-center\">\n\t\t\t\t\t\t\t\t\t\t\t\t\t\t\t<h3 class=\"c-card__title u-font-title-3\">\n\t\t\t\t\t\t\t\t\tAnna Gleisner\n\t\t\t\t\t\t\t\t<\/h3>\n\t\t\t\t\t\t\t\n\t\t\t\t\t\t\t\t\t\t\t\t\t\t\t<p class=\"position u-font-body\">Kurator (m\u00e5ndag &amp; onsdag)<\/p>\n\t\t\t\t\t\t\t\n\t\t\t\t\t\t\t\t\t\t\t\t\t\t\t<div class=\"contact-info u-font-body\">\n\t\t\t\t\t\t\t\t\t\n\t\t\t\t\t\t\t\t\t\t\t\t\t\t\t\t\t\t\t\t\t\t\t\t\t\t\t\t\t\t<p class=\"email\"><a\n\t\t\t\t\t\t\t\t\t\t\t\t\thref=\"&#109;&#097;&#105;l&#116;o:ann&#097;&#109;ar&#103;aret&#097;&#046;g&#108;ei&#115;&#110;e&#114;&#064;nti&#103;&#046;s&#101;\"\n\t\t\t\t\t\t\t\t\t\t\t\t\tclass=\"u-text-link\">a&#110;n&#097;&#109;&#097;r&#103;&#097;&#114;e&#116;&#097;&#046;g&#108;&#101;&#105;&#115;ne&#114;&#064;&#110;&#116;&#105;g.&#115;&#101;<\/a>\n\t\t\t\t\t\t\t\t\t\t\t<\/p>\n\t\t\t\t\t\t\t\t\t\t\t\t\t\t\t\t\t\t\t\t\t\t\t\t\t\t\t<\/div>\n\t\t\t\t\t\t\t\n\t\t\t\t\t\t\t\t\t\t\t\t\t<\/div>\n\t\t\t\t\t\t<div class=\"c-card__media\">\n\t\t\t\t\t\t\t\t\t\t\t\t\t\t\t\t\t\t\t\t\t\t\t\t\t\t\t\t\t\t\t\t\t\t\t\t\t\t\t\t\t\t\t\t\t\t\t\t\t<img decoding=\"async\" width=\"400\" height=\"420\" src=\"https:\/\/ntigymnasiet.se\/wp-content\/uploads\/sites\/15\/2026\/01\/thumbnail1000013654-e1767946828265-400x420.png\" class=\"u-radius-round u-ratio-landscape  \" alt=\"\" sizes=\"(max-width: 300px) 100vw, 300px\" srcset=\"https:\/\/ntigymnasiet.se\/wp-content\/uploads\/sites\/15\/2026\/01\/thumbnail1000013654-e1767946828265-400x420.png 400w, https:\/\/ntigymnasiet.se\/wp-content\/uploads\/sites\/15\/2026\/01\/thumbnail1000013654-e1767946828265-300x315.png 300w, https:\/\/ntigymnasiet.se\/wp-content\/uploads\/sites\/15\/2026\/01\/thumbnail1000013654-e1767946828265-600x630.png 600w, https:\/\/ntigymnasiet.se\/wp-content\/uploads\/sites\/15\/2026\/01\/thumbnail1000013654-e1767946828265-800x840.png 800w, https:\/\/ntigymnasiet.se\/wp-content\/uploads\/sites\/15\/2026\/01\/thumbnail1000013654-e1767946828265-1024x1076.png 1024w, https:\/\/ntigymnasiet.se\/wp-content\/uploads\/sites\/15\/2026\/01\/thumbnail1000013654-e1767946828265.png 1168w\" \/>\n\t\t\t\t\t\t<\/div>\n\t\t\t\t\t<\/article>\n\t\t\t\t<\/li>\n\t\t\t\t\t\t\t\t\t\t\t\n\t\t\t\t\n\t\t\t\t<li class=\"l-col-6@md l-col-4@lg \" data-filter=\"elevhalsa\">\n\t\t\t\t\t<article class=\"c-card \" data-variant=\"neutral\">\n\t\t\t\t\t\t<div class=\"c-card__content u-text-center\">\n\t\t\t\t\t\t\t\t\t\t\t\t\t\t\t<h3 class=\"c-card__title u-font-title-3\">\n\t\t\t\t\t\t\t\t\tCamilla Sparrliden\n\t\t\t\t\t\t\t\t<\/h3>\n\t\t\t\t\t\t\t\n\t\t\t\t\t\t\t\t\t\t\t\t\t\t\t<p class=\"position u-font-body\">Studie- och Yrkesv\u00e4gledare (m\u00e5ndag)<\/p>\n\t\t\t\t\t\t\t\n\t\t\t\t\t\t\t\t\t\t\t\t\t\t\t<div class=\"contact-info u-font-body\">\n\t\t\t\t\t\t\t\t\t\n\t\t\t\t\t\t\t\t\t\t\t\t\t\t\t\t\t\t\t\t\t\t\t\t\t\t\t\t\t\t<p class=\"email\"><a\n\t\t\t\t\t\t\t\t\t\t\t\t\thref=\"m&#097;ilto:cam&#105;&#108;la&#046;&#115;par&#114;&#108;&#105;den&#064;&#097;&#099;a&#100;&#101;m&#101;di&#097;.&#115;e\"\n\t\t\t\t\t\t\t\t\t\t\t\t\tclass=\"u-text-link\">&#099;ami&#108;la&#046;s&#112;&#097;rrli&#100;en&#064;a&#099;ad&#101;&#109;e&#100;&#105;&#097;&#046;&#115;&#101;<\/a>\n\t\t\t\t\t\t\t\t\t\t\t<\/p>\n\t\t\t\t\t\t\t\t\t\t\t\t\t\t\t\t\t\t\t\t\t\t\t\t\t\t\t<\/div>\n\t\t\t\t\t\t\t\n\t\t\t\t\t\t\t\t\t\t\t\t\t<\/div>\n\t\t\t\t\t\t<div class=\"c-card__media\">\n\t\t\t\t\t\t\t\t\t\t\t\t\t\t\t\t\t\t\t\t\t\t\t\t\t\t\t\t\t\t\t\t\t\t\t\t\t\t\t\t\t\t\t\t\t\t\t\t\t<img decoding=\"async\" width=\"400\" height=\"600\" src=\"https:\/\/ntigymnasiet.se\/wp-content\/uploads\/sites\/15\/2025\/09\/img2739-modified-400x600.jpg\" class=\"u-radius-round u-ratio-landscape  \" alt=\"Skolpersonal.\" sizes=\"(max-width: 300px) 100vw, 300px\" srcset=\"https:\/\/ntigymnasiet.se\/wp-content\/uploads\/sites\/15\/2025\/09\/img2739-modified-400x600.jpg 400w, https:\/\/ntigymnasiet.se\/wp-content\/uploads\/sites\/15\/2025\/09\/img2739-modified-300x450.jpg 300w, https:\/\/ntigymnasiet.se\/wp-content\/uploads\/sites\/15\/2025\/09\/img2739-modified-600x900.jpg 600w, https:\/\/ntigymnasiet.se\/wp-content\/uploads\/sites\/15\/2025\/09\/img2739-modified-800x1200.jpg 800w, https:\/\/ntigymnasiet.se\/wp-content\/uploads\/sites\/15\/2025\/09\/img2739-modified-1024x1536.jpg 1024w, https:\/\/ntigymnasiet.se\/wp-content\/uploads\/sites\/15\/2025\/09\/img2739-modified-1200x1800.jpg 1200w, https:\/\/ntigymnasiet.se\/wp-content\/uploads\/sites\/15\/2025\/09\/img2739-modified-scaled.jpg 1707w\" \/>\n\t\t\t\t\t\t<\/div>\n\t\t\t\t\t<\/article>\n\t\t\t\t<\/li>\n\t\t\t\t\t\t\t\t\t\t\t\n\t\t\t\t\n\t\t\t\t<li class=\"l-col-6@md l-col-4@lg \" data-filter=\"elevhalsa\">\n\t\t\t\t\t<article class=\"c-card \" data-variant=\"neutral\">\n\t\t\t\t\t\t<div class=\"c-card__content u-text-center\">\n\t\t\t\t\t\t\t\t\t\t\t\t\t\t\t<h3 class=\"c-card__title u-font-title-3\">\n\t\t\t\t\t\t\t\t\tLena Smirnov\n\t\t\t\t\t\t\t\t<\/h3>\n\t\t\t\t\t\t\t\n\t\t\t\t\t\t\t\t\t\t\t\t\t\t\t<p class=\"position u-font-body\">Skolsk\u00f6terska (m\u00e5ndag &amp; tisdag)<\/p>\n\t\t\t\t\t\t\t\n\t\t\t\t\t\t\t\t\t\t\t\t\t\t\t<div class=\"contact-info u-font-body\">\n\t\t\t\t\t\t\t\t\t\t\t\t\t\t\t\t\t\t\t\t\t\t\t\t\t\t\t\t\t\t<p class=\"phone\"><a\n\t\t\t\t\t\t\t\t\t\t\t\t\thref=\"tel:0700206267\"\n\t\t\t\t\t\t\t\t\t\t\t\t\tclass=\"u-text-link\">070-020 62 67<\/a>\n\t\t\t\t\t\t\t\t\t\t\t<\/p>\n\t\t\t\t\t\t\t\t\t\t\t\t\t\t\t\t\t\t\t\n\t\t\t\t\t\t\t\t\t\t\t\t\t\t\t\t\t\t\t\t\t\t\t\t\t\t\t\t\t\t<p class=\"email\"><a\n\t\t\t\t\t\t\t\t\t\t\t\t\thref=\"m&#097;&#105;&#108;t&#111;:&#108;en&#097;&#046;s&#109;&#105;rn&#111;v&#064;kl&#097;ra&#103;ym&#110;&#097;&#115;&#105;u&#109;&#046;&#115;e\"\n\t\t\t\t\t\t\t\t\t\t\t\t\tclass=\"u-text-link\">&#108;&#101;na&#046;&#115;mirnov&#064;klar&#097;&#103;y&#109;na&#115;iu&#109;.s&#101;<\/a>\n\t\t\t\t\t\t\t\t\t\t\t<\/p>\n\t\t\t\t\t\t\t\t\t\t\t\t\t\t\t\t\t\t\t\t\t\t\t\t\t\t\t<\/div>\n\t\t\t\t\t\t\t\n\t\t\t\t\t\t\t\t\t\t\t\t\t<\/div>\n\t\t\t\t\t\t<div class=\"c-card__media\">\n\t\t\t\t\t\t\t\t\t\t\t\t\t\t\t\t\t\t\t\t\t\t\t\t\t\t\t\t\t\t\t\t\t\t\t\t\t\t\t\t\t\t\t\t\t\t\t\t\t<img decoding=\"async\" width=\"317\" height=\"313\" src=\"https:\/\/ntigymnasiet.se\/wp-content\/uploads\/sites\/15\/2023\/02\/image-5-e1728891141519.jpg\" class=\"u-radius-round u-ratio-landscape  \" alt=\"Skolpersonal.\" sizes=\"(max-width: 300px) 100vw, 300px\" srcset=\"https:\/\/ntigymnasiet.se\/wp-content\/uploads\/sites\/15\/2023\/02\/image-5-e1728891141519.jpg 317w, https:\/\/ntigymnasiet.se\/wp-content\/uploads\/sites\/15\/2023\/02\/image-5-e1728891141519-300x296.jpg 300w\" \/>\n\t\t\t\t\t\t<\/div>\n\t\t\t\t\t<\/article>\n\t\t\t\t<\/li>\n\t\t\t\t\t\t\t\t\t\t\t\n\t\t\t\t\n\t\t\t\t<li class=\"l-col-6@md l-col-4@lg \" data-filter=\"elevhalsa\">\n\t\t\t\t\t<article class=\"c-card \" data-variant=\"neutral\">\n\t\t\t\t\t\t<div class=\"c-card__content u-text-center\">\n\t\t\t\t\t\t\t\t\t\t\t\t\t\t\t<h3 class=\"c-card__title u-font-title-3\">\n\t\t\t\t\t\t\t\t\tSheri Shirazi\n\t\t\t\t\t\t\t\t<\/h3>\n\t\t\t\t\t\t\t\n\t\t\t\t\t\t\t\t\t\t\t\t\t\t\t<p class=\"position u-font-body\">Specialpedagog (m\u00e5ndag)<\/p>\n\t\t\t\t\t\t\t\n\t\t\t\t\t\t\t\t\t\t\t\t\t\t\t<div class=\"contact-info u-font-body\">\n\t\t\t\t\t\t\t\t\t\n\t\t\t\t\t\t\t\t\t\t\t\t\t\t\t\t\t\t\t\t\t\t\t\t\t\t\t\t\t\t<p class=\"email\"><a\n\t\t\t\t\t\t\t\t\t\t\t\t\thref=\"mai&#108;to:&#097;sh&#114;&#097;f.re&#122;an&#101;&#122;ha&#100;&#115;hira&#122;i&#064;&#110;ti&#103;&#046;se\"\n\t\t\t\t\t\t\t\t\t\t\t\t\tclass=\"u-text-link\">ash&#114;a&#102;.&#114;e&#122;&#097;n&#101;&#122;&#104;a&#100;&#115;hi&#114;&#097;&#122;i&#064;ntig.&#115;e<\/a>\n\t\t\t\t\t\t\t\t\t\t\t<\/p>\n\t\t\t\t\t\t\t\t\t\t\t\t\t\t\t\t\t\t\t\t\t\t\t\t\t\t\t<\/div>\n\t\t\t\t\t\t\t\n\t\t\t\t\t\t\t\t\t\t\t\t\t<\/div>\n\t\t\t\t\t\t<div class=\"c-card__media\">\n\t\t\t\t\t\t\t\t\t\t\t\t\t\t\t\t\t\t\t\t\t\t\t\t\t\t\t\t\t\t\t\t\t\t\t\t\t\t\t\t\t\t\t\t\t\t\t\t\t<img decoding=\"async\" width=\"400\" height=\"487\" src=\"https:\/\/ntigymnasiet.se\/wp-content\/uploads\/sites\/15\/2025\/01\/img2742-modified-scaled-e1755504266381-400x487.jpg\" class=\"u-radius-round u-ratio-landscape  \" alt=\"Skolpersonal.\" sizes=\"(max-width: 300px) 100vw, 300px\" srcset=\"https:\/\/ntigymnasiet.se\/wp-content\/uploads\/sites\/15\/2025\/01\/img2742-modified-scaled-e1755504266381-400x487.jpg 400w, https:\/\/ntigymnasiet.se\/wp-content\/uploads\/sites\/15\/2025\/01\/img2742-modified-scaled-e1755504266381-300x365.jpg 300w, https:\/\/ntigymnasiet.se\/wp-content\/uploads\/sites\/15\/2025\/01\/img2742-modified-scaled-e1755504266381-600x730.jpg 600w, https:\/\/ntigymnasiet.se\/wp-content\/uploads\/sites\/15\/2025\/01\/img2742-modified-scaled-e1755504266381-800x974.jpg 800w, https:\/\/ntigymnasiet.se\/wp-content\/uploads\/sites\/15\/2025\/01\/img2742-modified-scaled-e1755504266381-1024x1247.jpg 1024w, https:\/\/ntigymnasiet.se\/wp-content\/uploads\/sites\/15\/2025\/01\/img2742-modified-scaled-e1755504266381-1200x1461.jpg 1200w, https:\/\/ntigymnasiet.se\/wp-content\/uploads\/sites\/15\/2025\/01\/img2742-modified-scaled-e1755504266381.jpg 1706w\" \/>\n\t\t\t\t\t\t<\/div>\n\t\t\t\t\t<\/article>\n\t\t\t\t<\/li>\n\t\t\t\t\t<\/ul>\n\n\t\t\n\t\t    <div class=\"ams-contact__more u-inline-items js-load-more-btn\">\n        <button href=\"#\"\n                class=\"c-btn\"\n                data-style=\"rounded\"\n                data-size=\"md\"\n                data-width=\"full-mobile\"\n                data-variant=\"outline\">\n        \tVisa mer\n        <\/button>\n    <\/div>\n\n\t\t\t<\/div>\n\n\t\t\n\n<\/section>\n","protected":false},"excerpt":{"rendered":"","protected":false},"author":4,"featured_media":0,"parent":191,"menu_order":0,"comment_status":"closed","ping_status":"closed","template":"","meta":{"footnotes":""},"yoast_head":"<!-- This site is optimized with the Yoast SEO plugin v22.0 - https:\/\/yoast.com\/wordpress\/plugins\/seo\/ -->\n<title>Elevh\u00e4lsa - NTI Gymnasiet Sollentuna<\/title>\n<meta name=\"description\" content=\"Elevh\u00e4lsans personal p\u00e5 skolan best\u00e5r av specialpedagog, skolsk\u00f6terska, kurator och mentorer. L\u00e4s mer om v\u00e5rt arbete med elevh\u00e4lsa.\" \/>\n<meta name=\"robots\" content=\"index, follow, max-snippet:-1, max-image-preview:large, max-video-preview:-1\" \/>\n<link rel=\"canonical\" href=\"https:\/\/ntigymnasiet.se\/sollentuna\/var-skola\/elevhalsa\/\" \/>\n<meta property=\"og:locale\" content=\"sv_SE\" \/>\n<meta property=\"og:type\" content=\"article\" \/>\n<meta property=\"og:title\" content=\"Elevh\u00e4lsa - NTI Gymnasiet Sollentuna\" \/>\n<meta property=\"og:description\" content=\"Elevh\u00e4lsans personal p\u00e5 skolan best\u00e5r av specialpedagog, skolsk\u00f6terska, kurator och mentorer. L\u00e4s mer om v\u00e5rt arbete med elevh\u00e4lsa.\" \/>\n<meta property=\"og:url\" content=\"https:\/\/ntigymnasiet.se\/sollentuna\/var-skola\/elevhalsa\/\" \/>\n<meta property=\"og:site_name\" content=\"Sollentuna\" \/>\n<meta property=\"article:modified_time\" content=\"2024-09-19T15:20:17+00:00\" \/>\n<meta name=\"twitter:card\" content=\"summary_large_image\" \/>\n<meta name=\"twitter:title\" content=\"Elevh\u00e4lsa - NTI Gymnasiet Sollentuna\" \/>\n<meta name=\"twitter:description\" content=\"Elevh\u00e4lsans personal p\u00e5 skolan best\u00e5r av specialpedagog, skolsk\u00f6terska, kurator och mentorer. L\u00e4s mer om v\u00e5rt arbete med elevh\u00e4lsa.\" \/>\n<meta name=\"twitter:label1\" content=\"Est. reading time\" \/>\n\t<meta name=\"twitter:data1\" content=\"1 minut\" \/>\n<script type=\"application\/ld+json\" class=\"yoast-schema-graph\">{\"@context\":\"https:\/\/schema.org\",\"@graph\":[{\"@type\":\"WebPage\",\"@id\":\"https:\/\/ntigymnasiet.se\/sollentuna\/var-skola\/elevhalsa\/\",\"url\":\"https:\/\/ntigymnasiet.se\/sollentuna\/var-skola\/elevhalsa\/\",\"name\":\"Elevh\u00e4lsa - NTI Gymnasiet Sollentuna\",\"isPartOf\":{\"@id\":\"https:\/\/ntigymnasiet.se\/sollentuna\/#website\"},\"datePublished\":\"2023-03-31T14:51:39+00:00\",\"dateModified\":\"2024-09-19T15:20:17+00:00\",\"description\":\"Elevh\u00e4lsans personal p\u00e5 skolan best\u00e5r av specialpedagog, skolsk\u00f6terska, kurator och mentorer. L\u00e4s mer om v\u00e5rt arbete med elevh\u00e4lsa.\",\"breadcrumb\":{\"@id\":\"https:\/\/ntigymnasiet.se\/sollentuna\/var-skola\/elevhalsa\/#breadcrumb\"},\"inLanguage\":\"sv-SE\",\"potentialAction\":[{\"@type\":\"ReadAction\",\"target\":[\"https:\/\/ntigymnasiet.se\/sollentuna\/var-skola\/elevhalsa\/\"]}]},{\"@type\":\"BreadcrumbList\",\"@id\":\"https:\/\/ntigymnasiet.se\/sollentuna\/var-skola\/elevhalsa\/#breadcrumb\",\"itemListElement\":[{\"@type\":\"ListItem\",\"position\":1,\"name\":\"Start\",\"item\":\"https:\/\/ntigymnasiet.se\/sollentuna\/\"},{\"@type\":\"ListItem\",\"position\":2,\"name\":\"V\u00e5r skola\",\"item\":\"https:\/\/ntigymnasiet.se\/sollentuna\/var-skola\/\"},{\"@type\":\"ListItem\",\"position\":3,\"name\":\"Elevh\u00e4lsa\"}]},{\"@type\":\"WebSite\",\"@id\":\"https:\/\/ntigymnasiet.se\/sollentuna\/#website\",\"url\":\"https:\/\/ntigymnasiet.se\/sollentuna\/\",\"name\":\"Sollentuna\",\"description\":\"Just another WordPress site\",\"potentialAction\":[{\"@type\":\"SearchAction\",\"target\":{\"@type\":\"EntryPoint\",\"urlTemplate\":\"https:\/\/ntigymnasiet.se\/sollentuna\/?s={search_term_string}\"},\"query-input\":\"required name=search_term_string\"}],\"inLanguage\":\"sv-SE\"}]}<\/script>\n<!-- \/ Yoast SEO plugin. -->","yoast_head_json":{"title":"Elevh\u00e4lsa - NTI Gymnasiet Sollentuna","description":"Elevh\u00e4lsans personal p\u00e5 skolan best\u00e5r av specialpedagog, skolsk\u00f6terska, kurator och mentorer. L\u00e4s mer om v\u00e5rt arbete med elevh\u00e4lsa.","robots":{"index":"index","follow":"follow","max-snippet":"max-snippet:-1","max-image-preview":"max-image-preview:large","max-video-preview":"max-video-preview:-1"},"canonical":"https:\/\/ntigymnasiet.se\/sollentuna\/var-skola\/elevhalsa\/","og_locale":"sv_SE","og_type":"article","og_title":"Elevh\u00e4lsa - NTI Gymnasiet Sollentuna","og_description":"Elevh\u00e4lsans personal p\u00e5 skolan best\u00e5r av specialpedagog, skolsk\u00f6terska, kurator och mentorer. L\u00e4s mer om v\u00e5rt arbete med elevh\u00e4lsa.","og_url":"https:\/\/ntigymnasiet.se\/sollentuna\/var-skola\/elevhalsa\/","og_site_name":"Sollentuna","article_modified_time":"2024-09-19T15:20:17+00:00","twitter_card":"summary_large_image","twitter_title":"Elevh\u00e4lsa - NTI Gymnasiet Sollentuna","twitter_description":"Elevh\u00e4lsans personal p\u00e5 skolan best\u00e5r av specialpedagog, skolsk\u00f6terska, kurator och mentorer. L\u00e4s mer om v\u00e5rt arbete med elevh\u00e4lsa.","twitter_misc":{"Est. reading time":"1 minut"},"schema":{"@context":"https:\/\/schema.org","@graph":[{"@type":"WebPage","@id":"https:\/\/ntigymnasiet.se\/sollentuna\/var-skola\/elevhalsa\/","url":"https:\/\/ntigymnasiet.se\/sollentuna\/var-skola\/elevhalsa\/","name":"Elevh\u00e4lsa - NTI Gymnasiet Sollentuna","isPartOf":{"@id":"https:\/\/ntigymnasiet.se\/sollentuna\/#website"},"datePublished":"2023-03-31T14:51:39+00:00","dateModified":"2024-09-19T15:20:17+00:00","description":"Elevh\u00e4lsans personal p\u00e5 skolan best\u00e5r av specialpedagog, skolsk\u00f6terska, kurator och mentorer. L\u00e4s mer om v\u00e5rt arbete med elevh\u00e4lsa.","breadcrumb":{"@id":"https:\/\/ntigymnasiet.se\/sollentuna\/var-skola\/elevhalsa\/#breadcrumb"},"inLanguage":"sv-SE","potentialAction":[{"@type":"ReadAction","target":["https:\/\/ntigymnasiet.se\/sollentuna\/var-skola\/elevhalsa\/"]}]},{"@type":"BreadcrumbList","@id":"https:\/\/ntigymnasiet.se\/sollentuna\/var-skola\/elevhalsa\/#breadcrumb","itemListElement":[{"@type":"ListItem","position":1,"name":"Start","item":"https:\/\/ntigymnasiet.se\/sollentuna\/"},{"@type":"ListItem","position":2,"name":"V\u00e5r skola","item":"https:\/\/ntigymnasiet.se\/sollentuna\/var-skola\/"},{"@type":"ListItem","position":3,"name":"Elevh\u00e4lsa"}]},{"@type":"WebSite","@id":"https:\/\/ntigymnasiet.se\/sollentuna\/#website","url":"https:\/\/ntigymnasiet.se\/sollentuna\/","name":"Sollentuna","description":"Just another WordPress site","potentialAction":[{"@type":"SearchAction","target":{"@type":"EntryPoint","urlTemplate":"https:\/\/ntigymnasiet.se\/sollentuna\/?s={search_term_string}"},"query-input":"required name=search_term_string"}],"inLanguage":"sv-SE"}]}},"_links":{"self":[{"href":"https:\/\/ntigymnasiet.se\/sollentuna\/wp-json\/wp\/v2\/pages\/195"}],"collection":[{"href":"https:\/\/ntigymnasiet.se\/sollentuna\/wp-json\/wp\/v2\/pages"}],"about":[{"href":"https:\/\/ntigymnasiet.se\/sollentuna\/wp-json\/wp\/v2\/types\/page"}],"author":[{"embeddable":true,"href":"https:\/\/ntigymnasiet.se\/sollentuna\/wp-json\/wp\/v2\/users\/4"}],"replies":[{"embeddable":true,"href":"https:\/\/ntigymnasiet.se\/sollentuna\/wp-json\/wp\/v2\/comments?post=195"}],"version-history":[{"count":9,"href":"https:\/\/ntigymnasiet.se\/sollentuna\/wp-json\/wp\/v2\/pages\/195\/revisions"}],"predecessor-version":[{"id":1368,"href":"https:\/\/ntigymnasiet.se\/sollentuna\/wp-json\/wp\/v2\/pages\/195\/revisions\/1368"}],"up":[{"embeddable":true,"href":"https:\/\/ntigymnasiet.se\/sollentuna\/wp-json\/wp\/v2\/pages\/191"}],"wp:attachment":[{"href":"https:\/\/ntigymnasiet.se\/sollentuna\/wp-json\/wp\/v2\/media?parent=195"}],"curies":[{"name":"wp","href":"https:\/\/api.w.org\/{rel}","templated":true}]}}