{"id":199,"date":"2023-03-31T16:52:25","date_gmt":"2023-03-31T14:52:25","guid":{"rendered":"https:\/\/ntigymnasiet.se\/sollentuna\/?page_id=199"},"modified":"2024-01-31T16:31:39","modified_gmt":"2024-01-31T15:31:39","slug":"rektorn-har-ordet","status":"publish","type":"page","link":"https:\/\/ntigymnasiet.se\/sollentuna\/var-skola\/rektorn-har-ordet\/","title":{"rendered":"Rektorn har ordet"},"content":{"rendered":"\n\t\n\t\n\t\n\n\n\t\n\t\t\n<section  class=\"c-block l-stacked  \" data-color-scheme=\"vit\">\n\t<div class=\"ams-fifty ams-fifty--container ams-fifty--right ams-fifty--bottom l-container u-pt-fluid-3xl-6xl u-pb-fluid-3xl-6xl\">\n\t\t<div class=\"ams-fifty__content l-stack l-stack-xl is-left@lg\">\n\t\t\t<div class=\"ams-fifty__text l-stack l-stack-lg\">\n\t\t\t\t\t\n\t<h1\n\tclass=\"c-heading u-font-title-1 \"\n\tstyle=\"\">\n\t\t\n\t\t\t\t\t\t\t\t\tEn minnesv\u00e4rd gymnasietid\n\t\t\t\t<span class=\"c-heading__sub is-below u-font-title-3\">\n\t\t\t\t\tRektorn har ordet\n\t\t\t\t<\/span>\n\t\t\t\t\t\t\t\n\t<\/h1>\n\n\t\t\t\t\t\t\t\t\t<div class=\"text l-stack u-font-body\">\n\t\t\t\t\t\t<p>Gymnasiestudierna skall vara en tid d\u00e5 eleverna f\u00f6rbereds f\u00f6r branschen eller f\u00e5r de kunskaper och f\u00f6rm\u00e5gor som kr\u00e4vs f\u00f6r lyckade h\u00f6gskolestudier. Mitt m\u00e5l \u00e4r att du p\u00e5 v\u00e5r skola b\u00e5de f\u00e5r utmana dig sj\u00e4lv och f\u00e5r en gymnasieupplevelse ut\u00f6ver det vanliga \u2013 n\u00e5got vi p\u00e5 alla program arbetar h\u00e5rt f\u00f6r att du ska f\u00e5. Gemenskapen p\u00e5 den lilla skolan, \u00e4r ett signum f\u00f6r oss.<\/p>\n\n\t\t\t\t\t<\/div>\n\t\t\t\t\t\t\t<\/div>\n\n\t\t\t\t\t<\/div>\n\n\t\t <div class=\"ams-fifty__media u-ratio-square\">\n\t\t \t\t\t\t\t<img decoding=\"async\" width=\"500\" height=\"700\" src=\"https:\/\/ntigymnasiet.se\/wp-content\/uploads\/sites\/15\/2023\/05\/erik-thonfors-svartvit.jpg\" class=\"attachment-md size-md\" alt=\"Erik Thonfors.\" sizes=\"(min-width: 64em) 600px, calc(100vw - 160px)\" srcset=\"https:\/\/ntigymnasiet.se\/wp-content\/uploads\/sites\/15\/2023\/05\/erik-thonfors-svartvit.jpg 500w, https:\/\/ntigymnasiet.se\/wp-content\/uploads\/sites\/15\/2023\/05\/erik-thonfors-svartvit-300x420.jpg 300w, https:\/\/ntigymnasiet.se\/wp-content\/uploads\/sites\/15\/2023\/05\/erik-thonfors-svartvit-400x560.jpg 400w\" \/>\n\t\t\t\n\t\t\t\n\t\t\t\t\t<\/div>\n\t<\/div>\n\n\t\t\n\n<\/section>\n\n\n\n\n<section  class=\"ams-quote c-block l-stacked\" data-color-scheme=\"vit-2-pa-mork-bakgrund\">\n\t<div class=\"l-container l-stack l-stack-fluid-2xl u-pt-fluid-3xl-6xl u-pb-fluid-3xl-6xl is-center is-center@md\">\n\t\t\n\t\t\t\t\t<ul class=\"ams-quote__list l-grid u-gap-fluid-2xl-4xl u-justify-center\"\n\taria-label=\"Citat\">\n\t\t\t<li class=\"l-col-12@md\">\n\t\t\t<article class=\"c-card\" data-variant=\"neutral\" >\n\t\t\t\t<div class=\"c-card__content l-stack u-text-center\">\n\t\t\t\t\t\t\t\t\t\t\t<blockquote class=\"c-card__title u-font-title-1\">\n\t\t\t\t\t\t\t\t\t\t\t\t\t\t\t<p class=\"u-quote-marks\">Undervisningen skall vara den b\u00e4sta, och mitt arbete i detta \u00e4r en del av NTI Gymnasiet Sollentuna<\/p>\n\t\t\t\t\t\t\t\t\t\t\t\t\t<\/blockquote>\n\t\t\t\t\t\n\t\t\t\t\t\t\t\t\t\t\t<p class=\"c-card__text\">\n\t\t\t\t\t\t\t<span class=\"author u-font-body\">Erik Thonfors, rektor<\/span>\n\t\t\t\t\t\t\t<span class=\"title u-font-body\">NTI Gymnasiet Sollentuna<\/span>\n\t\t\t\t\t\t<\/p>\n\t\t\t\t\t\t\t\t\t<\/div>\n\n\t\t\t\t\t\t\t<\/article>\n\t\t<\/li>\n\t<\/ul>\n\t\n\t\t\t<\/div>\n\n\t\t\n\t\t\t\n\t\t\t\t\t\t\t\n\t\t\t\t<div class=\"c-bg c-bg--img\" data-settings=\"{&quot;desktop_settings&quot;:{&quot;size&quot;:&quot;cover&quot;,&quot;position&quot;:&quot;middle-center&quot;},&quot;mobile_settings&quot;:{&quot;size&quot;:&quot;cover&quot;,&quot;position&quot;:&quot;middle-center&quot;}}\" data-position=\"middle-center\" data-size=\"cover\">\n\t\t\t<img decoding=\"async\" width=\"1920\" height=\"1080\" src=\"https:\/\/ntigymnasiet.se\/wp-content\/uploads\/sites\/15\/2023\/05\/ntitechbgsvagacirklar3.jpg\" class=\"attachment-hero-lg size-hero-lg\" alt=\"Lila bakgrund.\" sizes=\"(max-width: 1920px) 100vw, 1920px\" srcset=\"https:\/\/ntigymnasiet.se\/wp-content\/uploads\/sites\/15\/2023\/05\/ntitechbgsvagacirklar3.jpg 1920w, https:\/\/ntigymnasiet.se\/wp-content\/uploads\/sites\/15\/2023\/05\/ntitechbgsvagacirklar3-300x169.jpg 300w, https:\/\/ntigymnasiet.se\/wp-content\/uploads\/sites\/15\/2023\/05\/ntitechbgsvagacirklar3-400x225.jpg 400w, https:\/\/ntigymnasiet.se\/wp-content\/uploads\/sites\/15\/2023\/05\/ntitechbgsvagacirklar3-600x338.jpg 600w, https:\/\/ntigymnasiet.se\/wp-content\/uploads\/sites\/15\/2023\/05\/ntitechbgsvagacirklar3-800x450.jpg 800w, https:\/\/ntigymnasiet.se\/wp-content\/uploads\/sites\/15\/2023\/05\/ntitechbgsvagacirklar3-1024x576.jpg 1024w, https:\/\/ntigymnasiet.se\/wp-content\/uploads\/sites\/15\/2023\/05\/ntitechbgsvagacirklar3-1200x675.jpg 1200w\" \/>\n\t\t<\/div>\n\t\n<\/section>\n\n\n\n<div class=\"wp-block-group is-style-narrow is-layout-flow wp-block-group-is-layout-flow\">\n<h2 class=\"wp-block-heading\">Det h\u00e4r har jag \u2013 det h\u00e4r f\u00e5r du<\/h2>\n\n\n\n<p>Som rektor p\u00e5 skolan tror jag att du kommer f\u00e5 uppleva tre mycket roliga och ytterst l\u00e4rorika \u00e5r. En riktig gymnasieupplevelse! Som ny elev \u00e4r det viktigt att snabbt bli en del av skolans gemenskap, skapa relationer och f\u00e5 kompisar. V\u00e5r unika e-sportsprofil ger trygghet, kamratskap och trivsel. Och s\u00e5 klart v\u00e4nner f\u00f6r livet. En vardag som f\u00f6renar fritidsintresse och h\u00e5rt arbete, d\u00e4r trygga, n\u00f6jda elever presterar p\u00e5 topp sett till sina olika f\u00f6rm\u00e5gor. Detta \u00e4r en garanti fr\u00e5n min sida, under de tre \u00e5r du g\u00e5r hos oss. <strong>Det<\/strong> \u00e4r bra skola p\u00e5 riktigt.<\/p>\n\n\n\n<p>Trygghet f\u00f6r mig handlar ocks\u00e5 om att vi har en elevh\u00e4lsa som st\u00f6ttar alla elever, att alla elever f\u00e5r goda villkor att klara sina studier p\u00e5 b\u00e4sta s\u00e4tt eller f\u00e5r extra verktyg d\u00e5 hen har det sv\u00e5rt. <strong>Det<\/strong> \u00e4r trygghet.<\/p>\n\n\n\n<p>Trygghet och trivsel \u00e4r ocks\u00e5 att elevrepresentanter i skolans elevr\u00e5d f\u00e5r m\u00f6jlighet att g\u00f6ra sina och klassens r\u00f6st h\u00f6rd och bidra till utveckling. V\u00e5ra nyrenoverade ljusa fina lokaler och klubbverksamheten som finns p\u00e5 skolan \u00e4r exempel p\u00e5 s\u00e5dant som elevr\u00e5det varit delaktiga i. <strong>Det<\/strong> \u00e4r starkt.<\/p>\n\n\n\n<h2 class=\"wp-block-heading\">Den perfekta undervisningen<\/h2>\n\n\n\n<p>F\u00f6r mig \u00e4r m\u00e5ls\u00e4ttningen \u201cden perfekta undervisningen\u201d prioriterad. Rapp, omv\u00e4xlande, effektiv och nyttig! Min vardag handlar om att f\u00f6rverkliga detta f\u00f6r dig som elev och att ge samtliga l\u00e4rare r\u00e4tt f\u00f6ruts\u00e4ttningar. I mina samtal med elever och elevr\u00e5d, \u00e4r det den st\u00e4ndigt \u00e5terkommande fr\u00e5gan. Hur \u00e4r undervisningen? Undervisningen skall vara den b\u00e4sta, och mitt arbete i detta \u00e4r en del av NTI Gymnasiet Sollentuna.<\/p>\n\n\n\n<p>Allt detta erbjuder jag dig. Och det \u00e4r ditt!<\/p>\n<\/div>\n\n\n\n<section \n\t\t class=\"\n\t\t ams-contact\n\t\t \n\t\t c-block l-stacked\n\t\t \n\t\t \n\t\t js-load-more\n\t\t \"\n\t\t data-color-scheme=\"usp-gra-bakgrund\"\n\t\t\t\t\tdata-count=\"3\"\n\t\t\t\t\t\t\tdata-count-mobile=\"2\"\n\t\t\t\t>\n\t<div\n\t\t class=\"\n\t\t l-container\n\t\t l-stack l-stack-fluid-2xl\n\t\t u-pt-fluid-3xl-6xl\n\t\t u-pb-fluid-3xl-6xl\n\t\t is-center\n\t\t is-center@md\n\t\t \">\n\t\t\t\t\t<div class=\"ams-contact__intro l-stack l-stack-lg\">\n\t\t\t\t\t\n\t<h2\n\tclass=\"c-heading u-font-title-1 \"\n\tstyle=\"\">\n\t\t\n\t\t\t\t\tKontakt\n\t\t\t\t\n\t<\/h2>\n\n\t\t\t\t\t\t\t<\/div>\n\t\t\n\t\t\n\t\t    \t\n\t\t\n\t\t<ul\n\t\t\tid=\"contact-grid-69f55f060d56b\"\n\t\t\tclass=\"ams-contact__list l-grid u-gap-fluid-2xl-4xl u-justify-center js-results \"\n\t\t\taria-label=\"Kontakter\"\n\t\t\tdata-filter-animation=\"off\"\n\t\t\t>\n\t\t\t\t\t\t\t\t\t\t\t\n\t\t\t\t\n\t\t\t\t<li class=\"l-col-6@md l-col-4@lg \" data-filter=\"ledning\">\n\t\t\t\t\t<article class=\"c-card \" data-variant=\"neutral\">\n\t\t\t\t\t\t<div class=\"c-card__content u-text-center\">\n\t\t\t\t\t\t\t\t\t\t\t\t\t\t\t<h3 class=\"c-card__title u-font-title-3\">\n\t\t\t\t\t\t\t\t\tDan Hermanson\n\t\t\t\t\t\t\t\t<\/h3>\n\t\t\t\t\t\t\t\n\t\t\t\t\t\t\t\t\t\t\t\t\t\t\t<p class=\"position u-font-body\">Tf. rektor<\/p>\n\t\t\t\t\t\t\t\n\t\t\t\t\t\t\t\t\t\t\t\t\t\t\t<div class=\"contact-info u-font-body\">\n\t\t\t\t\t\t\t\t\t\t\t\t\t\t\t\t\t\t\t\t\t\t\t\t\t\t\t\t\t\t<p class=\"phone\"><a\n\t\t\t\t\t\t\t\t\t\t\t\t\thref=\"tel:0703947801\"\n\t\t\t\t\t\t\t\t\t\t\t\t\tclass=\"u-text-link\">070-394 78 01<\/a>\n\t\t\t\t\t\t\t\t\t\t\t<\/p>\n\t\t\t\t\t\t\t\t\t\t\t\t\t\t\t\t\t\t\t\n\t\t\t\t\t\t\t\t\t\t\t\t\t\t\t\t\t\t\t\t\t\t\t\t\t\t\t\t\t\t<p class=\"email\"><a\n\t\t\t\t\t\t\t\t\t\t\t\t\thref=\"ma&#105;&#108;&#116;&#111;:&#100;an.he&#114;m&#097;&#110;&#115;&#111;&#110;&#064;n&#116;&#105;g&#046;&#115;e\"\n\t\t\t\t\t\t\t\t\t\t\t\t\tclass=\"u-text-link\">da&#110;&#046;&#104;&#101;&#114;&#109;ans&#111;&#110;&#064;&#110;&#116;ig.s&#101;<\/a>\n\t\t\t\t\t\t\t\t\t\t\t<\/p>\n\t\t\t\t\t\t\t\t\t\t\t\t\t\t\t\t\t\t\t\t\t\t\t\t\t\t\t<\/div>\n\t\t\t\t\t\t\t\n\t\t\t\t\t\t\t\t\t\t\t\t\t<\/div>\n\t\t\t\t\t\t<div class=\"c-card__media\">\n\t\t\t\t\t\t\t\t\t\t\t\t\t\t\t\t\t\t\t\t\t\t\t\t\t\t\t\t\t\t\t\t\t\t\t\t\t\t\t\t\t\t\t\t\t\t\t\t\t<img decoding=\"async\" width=\"400\" height=\"560\" src=\"https:\/\/ntigymnasiet.se\/wp-content\/uploads\/sites\/15\/2023\/05\/dan-hermanson-e1602078056762500x700ba0e032ba6277a699ce6aea11492b1ba-400x560.jpg\" class=\"u-radius-round u-ratio-landscape  \" alt=\"tf rektor Dan Hermansson\" sizes=\"(max-width: 300px) 100vw, 300px\" srcset=\"https:\/\/ntigymnasiet.se\/wp-content\/uploads\/sites\/15\/2023\/05\/dan-hermanson-e1602078056762500x700ba0e032ba6277a699ce6aea11492b1ba-400x560.jpg 400w, https:\/\/ntigymnasiet.se\/wp-content\/uploads\/sites\/15\/2023\/05\/dan-hermanson-e1602078056762500x700ba0e032ba6277a699ce6aea11492b1ba-300x420.jpg 300w, https:\/\/ntigymnasiet.se\/wp-content\/uploads\/sites\/15\/2023\/05\/dan-hermanson-e1602078056762500x700ba0e032ba6277a699ce6aea11492b1ba.jpg 500w\" \/>\n\t\t\t\t\t\t<\/div>\n\t\t\t\t\t<\/article>\n\t\t\t\t<\/li>\n\t\t\t\t\t<\/ul>\n\n\t\t\n\t\t    <div class=\"ams-contact__more u-inline-items js-load-more-btn\">\n        <button href=\"#\"\n                class=\"c-btn\"\n                data-style=\"rounded\"\n                data-size=\"md\"\n                data-width=\"full-mobile\"\n                data-variant=\"outline\">\n        \tVisa mer\n        <\/button>\n    <\/div>\n\n\t\t\t<\/div>\n\n\t\t\n\n<\/section>\n\n\n\n\n<section  class=\"ams-cta ams-cta--stacked c-block l-stacked\" data-color-scheme=\"vit\">\n\t<div class=\"l-container-narrow l-stack l-stack-fluid-2xl u-pt-fluid-3xl-6xl u-pb-fluid-3xl-6xl is-center is-center@md\">\n\t\t\t\t\t<div class=\"ams-cta__intro l-stack l-stack-lg\">\n\t\t\t\t\t\n\t<h2\n\tclass=\"c-heading u-font-title-1 \"\n\tstyle=\"\">\n\t\t\n\t\t\t\t\tVill du veta mer om oss?\n\t\t\t\t\n\t<\/h2>\n\n\t\t\t\t\t\t\t<\/div>\n\t\t\n\t\t\n\t\t\t<div class=\"ams-cta__action u-inline-items\">\n\t\t\t\t\t\t\t\n\n\n<a href=\"https:\/\/ntigymnasiet.se\/sollentuna\/var-skola\/\"\n\t\n\tclass=\"c-btn \"\n\tdata-style=\"rounded\"\n\tdata-size=\"md\"\n\tdata-width=\"full-mobile\"\n\tdata-variant=\"default\"\n\ttarget=\"_self\">\n\t\t\t<span class=\"label\"> L\u00e4s mer om oss<\/span>\n\t\t\t<\/a>\n\t\t\t<\/div>\n\t<\/div>\n\n\t\t\n\n<\/section>\n","protected":false},"excerpt":{"rendered":"<p>Det h\u00e4r har jag \u2013 det h\u00e4r f\u00e5r du Som rektor p\u00e5 skolan tror jag att du kommer f\u00e5 uppleva tre mycket roliga och ytterst l\u00e4rorika \u00e5r. En riktig gymnasieupplevelse! Som ny elev \u00e4r det viktigt att snabbt bli en del av skolans gemenskap, skapa relationer och f\u00e5 kompisar. V\u00e5r unika e-sportsprofil ger trygghet, kamratskap&#8230;<\/p>\n","protected":false},"author":4,"featured_media":0,"parent":191,"menu_order":0,"comment_status":"closed","ping_status":"closed","template":"","meta":{"footnotes":""},"yoast_head":"<!-- This site is optimized with the Yoast SEO plugin v22.0 - https:\/\/yoast.com\/wordpress\/plugins\/seo\/ -->\n<title>Rektorn har ordet - NTI Gymnasiet Sollentuna<\/title>\n<meta name=\"description\" content=\"Gymnasiestudierna skall vara en tid d\u00e5 eleverna f\u00f6rbereds f\u00f6r branschen eller f\u00e5r de kunskaper och f\u00f6rm\u00e5gor som kr\u00e4vs f\u00f6r h\u00f6gskolestudier.\" \/>\n<meta name=\"robots\" content=\"index, follow, max-snippet:-1, max-image-preview:large, max-video-preview:-1\" \/>\n<link rel=\"canonical\" href=\"https:\/\/ntigymnasiet.se\/sollentuna\/var-skola\/rektorn-har-ordet\/\" \/>\n<meta property=\"og:locale\" content=\"sv_SE\" \/>\n<meta property=\"og:type\" content=\"article\" \/>\n<meta property=\"og:title\" content=\"Rektorn har ordet - NTI Gymnasiet Sollentuna\" \/>\n<meta property=\"og:description\" content=\"Gymnasiestudierna skall vara en tid d\u00e5 eleverna f\u00f6rbereds f\u00f6r branschen eller f\u00e5r de kunskaper och f\u00f6rm\u00e5gor som kr\u00e4vs f\u00f6r h\u00f6gskolestudier.\" \/>\n<meta property=\"og:url\" content=\"https:\/\/ntigymnasiet.se\/sollentuna\/var-skola\/rektorn-har-ordet\/\" \/>\n<meta property=\"og:site_name\" content=\"Sollentuna\" \/>\n<meta property=\"article:modified_time\" content=\"2024-01-31T15:31:39+00:00\" \/>\n<meta name=\"twitter:card\" content=\"summary_large_image\" \/>\n<meta name=\"twitter:title\" content=\"Rektorn har ordet - NTI Gymnasiet Sollentuna\" \/>\n<meta name=\"twitter:description\" content=\"Gymnasiestudierna skall vara en tid d\u00e5 eleverna f\u00f6rbereds f\u00f6r branschen eller f\u00e5r de kunskaper och f\u00f6rm\u00e5gor som kr\u00e4vs f\u00f6r h\u00f6gskolestudier.\" \/>\n<meta name=\"twitter:label1\" content=\"Est. reading time\" \/>\n\t<meta name=\"twitter:data1\" content=\"2 minuter\" \/>\n<script type=\"application\/ld+json\" class=\"yoast-schema-graph\">{\"@context\":\"https:\/\/schema.org\",\"@graph\":[{\"@type\":\"WebPage\",\"@id\":\"https:\/\/ntigymnasiet.se\/sollentuna\/var-skola\/rektorn-har-ordet\/\",\"url\":\"https:\/\/ntigymnasiet.se\/sollentuna\/var-skola\/rektorn-har-ordet\/\",\"name\":\"Rektorn har ordet - NTI Gymnasiet Sollentuna\",\"isPartOf\":{\"@id\":\"https:\/\/ntigymnasiet.se\/sollentuna\/#website\"},\"datePublished\":\"2023-03-31T14:52:25+00:00\",\"dateModified\":\"2024-01-31T15:31:39+00:00\",\"description\":\"Gymnasiestudierna skall vara en tid d\u00e5 eleverna f\u00f6rbereds f\u00f6r branschen eller f\u00e5r de kunskaper och f\u00f6rm\u00e5gor som kr\u00e4vs f\u00f6r h\u00f6gskolestudier.\",\"breadcrumb\":{\"@id\":\"https:\/\/ntigymnasiet.se\/sollentuna\/var-skola\/rektorn-har-ordet\/#breadcrumb\"},\"inLanguage\":\"sv-SE\",\"potentialAction\":[{\"@type\":\"ReadAction\",\"target\":[\"https:\/\/ntigymnasiet.se\/sollentuna\/var-skola\/rektorn-har-ordet\/\"]}]},{\"@type\":\"BreadcrumbList\",\"@id\":\"https:\/\/ntigymnasiet.se\/sollentuna\/var-skola\/rektorn-har-ordet\/#breadcrumb\",\"itemListElement\":[{\"@type\":\"ListItem\",\"position\":1,\"name\":\"Start\",\"item\":\"https:\/\/ntigymnasiet.se\/sollentuna\/\"},{\"@type\":\"ListItem\",\"position\":2,\"name\":\"V\u00e5r skola\",\"item\":\"https:\/\/ntigymnasiet.se\/sollentuna\/var-skola\/\"},{\"@type\":\"ListItem\",\"position\":3,\"name\":\"Rektorn har ordet\"}]},{\"@type\":\"WebSite\",\"@id\":\"https:\/\/ntigymnasiet.se\/sollentuna\/#website\",\"url\":\"https:\/\/ntigymnasiet.se\/sollentuna\/\",\"name\":\"Sollentuna\",\"description\":\"Just another WordPress site\",\"potentialAction\":[{\"@type\":\"SearchAction\",\"target\":{\"@type\":\"EntryPoint\",\"urlTemplate\":\"https:\/\/ntigymnasiet.se\/sollentuna\/?s={search_term_string}\"},\"query-input\":\"required name=search_term_string\"}],\"inLanguage\":\"sv-SE\"}]}<\/script>\n<!-- \/ Yoast SEO plugin. -->","yoast_head_json":{"title":"Rektorn har ordet - NTI Gymnasiet Sollentuna","description":"Gymnasiestudierna skall vara en tid d\u00e5 eleverna f\u00f6rbereds f\u00f6r branschen eller f\u00e5r de kunskaper och f\u00f6rm\u00e5gor som kr\u00e4vs f\u00f6r h\u00f6gskolestudier.","robots":{"index":"index","follow":"follow","max-snippet":"max-snippet:-1","max-image-preview":"max-image-preview:large","max-video-preview":"max-video-preview:-1"},"canonical":"https:\/\/ntigymnasiet.se\/sollentuna\/var-skola\/rektorn-har-ordet\/","og_locale":"sv_SE","og_type":"article","og_title":"Rektorn har ordet - NTI Gymnasiet Sollentuna","og_description":"Gymnasiestudierna skall vara en tid d\u00e5 eleverna f\u00f6rbereds f\u00f6r branschen eller f\u00e5r de kunskaper och f\u00f6rm\u00e5gor som kr\u00e4vs f\u00f6r h\u00f6gskolestudier.","og_url":"https:\/\/ntigymnasiet.se\/sollentuna\/var-skola\/rektorn-har-ordet\/","og_site_name":"Sollentuna","article_modified_time":"2024-01-31T15:31:39+00:00","twitter_card":"summary_large_image","twitter_title":"Rektorn har ordet - NTI Gymnasiet Sollentuna","twitter_description":"Gymnasiestudierna skall vara en tid d\u00e5 eleverna f\u00f6rbereds f\u00f6r branschen eller f\u00e5r de kunskaper och f\u00f6rm\u00e5gor som kr\u00e4vs f\u00f6r h\u00f6gskolestudier.","twitter_misc":{"Est. reading time":"2 minuter"},"schema":{"@context":"https:\/\/schema.org","@graph":[{"@type":"WebPage","@id":"https:\/\/ntigymnasiet.se\/sollentuna\/var-skola\/rektorn-har-ordet\/","url":"https:\/\/ntigymnasiet.se\/sollentuna\/var-skola\/rektorn-har-ordet\/","name":"Rektorn har ordet - NTI Gymnasiet Sollentuna","isPartOf":{"@id":"https:\/\/ntigymnasiet.se\/sollentuna\/#website"},"datePublished":"2023-03-31T14:52:25+00:00","dateModified":"2024-01-31T15:31:39+00:00","description":"Gymnasiestudierna skall vara en tid d\u00e5 eleverna f\u00f6rbereds f\u00f6r branschen eller f\u00e5r de kunskaper och f\u00f6rm\u00e5gor som kr\u00e4vs f\u00f6r h\u00f6gskolestudier.","breadcrumb":{"@id":"https:\/\/ntigymnasiet.se\/sollentuna\/var-skola\/rektorn-har-ordet\/#breadcrumb"},"inLanguage":"sv-SE","potentialAction":[{"@type":"ReadAction","target":["https:\/\/ntigymnasiet.se\/sollentuna\/var-skola\/rektorn-har-ordet\/"]}]},{"@type":"BreadcrumbList","@id":"https:\/\/ntigymnasiet.se\/sollentuna\/var-skola\/rektorn-har-ordet\/#breadcrumb","itemListElement":[{"@type":"ListItem","position":1,"name":"Start","item":"https:\/\/ntigymnasiet.se\/sollentuna\/"},{"@type":"ListItem","position":2,"name":"V\u00e5r skola","item":"https:\/\/ntigymnasiet.se\/sollentuna\/var-skola\/"},{"@type":"ListItem","position":3,"name":"Rektorn har ordet"}]},{"@type":"WebSite","@id":"https:\/\/ntigymnasiet.se\/sollentuna\/#website","url":"https:\/\/ntigymnasiet.se\/sollentuna\/","name":"Sollentuna","description":"Just another WordPress site","potentialAction":[{"@type":"SearchAction","target":{"@type":"EntryPoint","urlTemplate":"https:\/\/ntigymnasiet.se\/sollentuna\/?s={search_term_string}"},"query-input":"required name=search_term_string"}],"inLanguage":"sv-SE"}]}},"_links":{"self":[{"href":"https:\/\/ntigymnasiet.se\/sollentuna\/wp-json\/wp\/v2\/pages\/199"}],"collection":[{"href":"https:\/\/ntigymnasiet.se\/sollentuna\/wp-json\/wp\/v2\/pages"}],"about":[{"href":"https:\/\/ntigymnasiet.se\/sollentuna\/wp-json\/wp\/v2\/types\/page"}],"author":[{"embeddable":true,"href":"https:\/\/ntigymnasiet.se\/sollentuna\/wp-json\/wp\/v2\/users\/4"}],"replies":[{"embeddable":true,"href":"https:\/\/ntigymnasiet.se\/sollentuna\/wp-json\/wp\/v2\/comments?post=199"}],"version-history":[{"count":10,"href":"https:\/\/ntigymnasiet.se\/sollentuna\/wp-json\/wp\/v2\/pages\/199\/revisions"}],"predecessor-version":[{"id":1249,"href":"https:\/\/ntigymnasiet.se\/sollentuna\/wp-json\/wp\/v2\/pages\/199\/revisions\/1249"}],"up":[{"embeddable":true,"href":"https:\/\/ntigymnasiet.se\/sollentuna\/wp-json\/wp\/v2\/pages\/191"}],"wp:attachment":[{"href":"https:\/\/ntigymnasiet.se\/sollentuna\/wp-json\/wp\/v2\/media?parent=199"}],"curies":[{"name":"wp","href":"https:\/\/api.w.org\/{rel}","templated":true}]}}