{"id":199,"date":"2023-03-31T16:52:25","date_gmt":"2023-03-31T14:52:25","guid":{"rendered":"https:\/\/ntigymnasiet.se\/stockholm-odenplan\/?page_id=199"},"modified":"2024-09-24T14:05:39","modified_gmt":"2024-09-24T12:05:39","slug":"rektorn-har-ordet","status":"publish","type":"page","link":"https:\/\/ntigymnasiet.se\/stockholm-odenplan\/var-skola\/rektorn-har-ordet\/","title":{"rendered":"Rektorn har ordet"},"content":{"rendered":"\n\t\n\t\n\t\n\n\t\n\t\n\t\t\n<section  class=\"c-block l-stacked  \" data-color-scheme=\"vit\">\n\t<div class=\"ams-fifty ams-fifty--container ams-fifty--right ams-fifty--bottom l-container u-pt-fluid-3xl-6xl u-pb-fluid-3xl-6xl\">\n\t\t<div class=\"ams-fifty__content l-stack l-stack-xl is-center is-left@lg\">\n\t\t\t<div class=\"ams-fifty__text l-stack l-stack-lg\">\n\t\t\t\t\t\n\t<h1\n\tclass=\"c-heading u-font-title-1 \"\n\tstyle=\"\">\n\t\t\n\t\t\t\t\t\t\t\t\tRektorn har ordet\n\t\t\t\t<span class=\"c-heading__sub is-below u-font-title-3\">\n\t\t\t\t\tKatherine Berg\n\t\t\t\t<\/span>\n\t\t\t\t\t\t\t\n\t<\/h1>\n\n\t\t\t\t\t\t\t\t\t<div class=\"text l-stack u-font-body\">\n\t\t\t\t\t\t<p>V\u00e4lkommen till oss! NTI gymnasiet Stockholm Odenplan \u00e4r den st\u00f6rsta av v\u00e5ra NTI gymnasier, h\u00e4r m\u00f6ts ca 600 elever och 45 personal varje dag.<\/p>\n\n\t\t\t\t\t<\/div>\n\t\t\t\t\t\t\t<\/div>\n\n\t\t\t\t\t<\/div>\n\n\t\t <div class=\"ams-fifty__media u-ratio-square\">\n\t\t \t\t\t\t\t<img decoding=\"async\" width=\"600\" height=\"600\" src=\"https:\/\/ntigymnasiet.se\/wp-content\/uploads\/sites\/16\/2023\/10\/katherine-berg-23-600x600.png\" class=\"attachment-md size-md\" alt=\"Katherine Berg.\" sizes=\"(min-width: 64em) 600px, calc(100vw - 160px)\" srcset=\"https:\/\/ntigymnasiet.se\/wp-content\/uploads\/sites\/16\/2023\/10\/katherine-berg-23-600x600.png 600w, https:\/\/ntigymnasiet.se\/wp-content\/uploads\/sites\/16\/2023\/10\/katherine-berg-23-150x150.png 150w, https:\/\/ntigymnasiet.se\/wp-content\/uploads\/sites\/16\/2023\/10\/katherine-berg-23-300x300.png 300w, https:\/\/ntigymnasiet.se\/wp-content\/uploads\/sites\/16\/2023\/10\/katherine-berg-23-400x400.png 400w, https:\/\/ntigymnasiet.se\/wp-content\/uploads\/sites\/16\/2023\/10\/katherine-berg-23-800x800.png 800w, https:\/\/ntigymnasiet.se\/wp-content\/uploads\/sites\/16\/2023\/10\/katherine-berg-23-1024x1024.png 1024w, https:\/\/ntigymnasiet.se\/wp-content\/uploads\/sites\/16\/2023\/10\/katherine-berg-23.png 1080w\" \/>\n\t\t\t\n\t\t\t\n\t\t\t\t\t<\/div>\n\t<\/div>\n\n\t\t\n\n<\/section>\n\n\n\n\n<section  class=\"ams-quote c-block l-stacked\" data-color-scheme=\"vit-2-pa-mork-bakgrund\">\n\t<div class=\"l-container l-stack l-stack-fluid-2xl u-pt-fluid-3xl-6xl u-pb-fluid-3xl-6xl is-center is-center@md\">\n\t\t\n\t\t\t\t\t<ul class=\"ams-quote__list l-grid u-gap-fluid-2xl-4xl u-justify-center\"\n\taria-label=\"Citat\">\n\t\t\t<li class=\"l-col-12@md\">\n\t\t\t<article class=\"c-card\" data-variant=\"neutral\" >\n\t\t\t\t<div class=\"c-card__content l-stack u-text-center\">\n\t\t\t\t\t\t\t\t\t\t\t<blockquote class=\"c-card__title u-font-title-1\">\n\t\t\t\t\t\t\t\t\t\t\t\t\t\t\t<p class=\"u-quote-marks\">Gymnasie\u00e5ren \u00e4r en fantastisk tid och det \u00e4r h\u00e4r framtiden b\u00f6rjar.<\/p>\n\t\t\t\t\t\t\t\t\t\t\t\t\t<\/blockquote>\n\t\t\t\t\t\n\t\t\t\t\t\t\t\t\t\t\t<p class=\"c-card__text\">\n\t\t\t\t\t\t\t<span class=\"author u-font-body\">Katherine Berg, rektor<\/span>\n\t\t\t\t\t\t\t<span class=\"title u-font-body\">NTI Gymnasiet Stockholm Odenplan<\/span>\n\t\t\t\t\t\t<\/p>\n\t\t\t\t\t\t\t\t\t<\/div>\n\n\t\t\t\t\t\t\t<\/article>\n\t\t<\/li>\n\t<\/ul>\n\t\n\t\t\t<\/div>\n\n\t\t\n\t\t\t\n\t\t\t\t\t\t\t\n\t\t\t\t<div class=\"c-bg c-bg--img\" data-settings=\"{&quot;desktop_settings&quot;:{&quot;size&quot;:&quot;cover&quot;,&quot;position&quot;:&quot;middle-center&quot;},&quot;mobile_settings&quot;:{&quot;size&quot;:&quot;cover&quot;,&quot;position&quot;:&quot;middle-center&quot;}}\" data-position=\"middle-center\" data-size=\"cover\">\n\t\t\t<img decoding=\"async\" width=\"1920\" height=\"1080\" src=\"https:\/\/ntigymnasiet.se\/wp-content\/uploads\/sites\/16\/2023\/05\/ntitechbgsvagacirklar3-15.jpg\" class=\"attachment-hero-lg size-hero-lg\" alt=\"Lila bakgrund.\" sizes=\"(max-width: 1920px) 100vw, 1920px\" srcset=\"https:\/\/ntigymnasiet.se\/wp-content\/uploads\/sites\/16\/2023\/05\/ntitechbgsvagacirklar3-15.jpg 1920w, https:\/\/ntigymnasiet.se\/wp-content\/uploads\/sites\/16\/2023\/05\/ntitechbgsvagacirklar3-15-300x169.jpg 300w, https:\/\/ntigymnasiet.se\/wp-content\/uploads\/sites\/16\/2023\/05\/ntitechbgsvagacirklar3-15-1024x576.jpg 1024w, https:\/\/ntigymnasiet.se\/wp-content\/uploads\/sites\/16\/2023\/05\/ntitechbgsvagacirklar3-15-768x432.jpg 768w, https:\/\/ntigymnasiet.se\/wp-content\/uploads\/sites\/16\/2023\/05\/ntitechbgsvagacirklar3-15-1536x864.jpg 1536w, https:\/\/ntigymnasiet.se\/wp-content\/uploads\/sites\/16\/2023\/05\/ntitechbgsvagacirklar3-15-500x281.jpg 500w, https:\/\/ntigymnasiet.se\/wp-content\/uploads\/sites\/16\/2023\/05\/ntitechbgsvagacirklar3-15-340x191.jpg 340w, https:\/\/ntigymnasiet.se\/wp-content\/uploads\/sites\/16\/2023\/05\/ntitechbgsvagacirklar3-15-1100x620.jpg 1100w, https:\/\/ntigymnasiet.se\/wp-content\/uploads\/sites\/16\/2023\/05\/ntitechbgsvagacirklar3-15-1000x563.jpg 1000w, https:\/\/ntigymnasiet.se\/wp-content\/uploads\/sites\/16\/2023\/05\/ntitechbgsvagacirklar3-15-1200x675.jpg 1200w, https:\/\/ntigymnasiet.se\/wp-content\/uploads\/sites\/16\/2023\/05\/ntitechbgsvagacirklar3-15-600x338.jpg 600w, https:\/\/ntigymnasiet.se\/wp-content\/uploads\/sites\/16\/2023\/05\/ntitechbgsvagacirklar3-15-400x225.jpg 400w\" \/>\n\t\t<\/div>\n\t\n<\/section>\n\n\n\n<div class=\"wp-block-group is-style-narrow is-layout-flow wp-block-group-is-layout-flow\">\t\n\t<h2\n\t\n\tclass=\"\n\tc-heading c-heading--icon\n\tu-font-title-2\n\t\n\t\n\t\n\tc-heading--center\n\tc-heading--center@md\n\t\"\n\tdata-color-scheme=\"vit\"\n\tstyle=\"\">\n\t\t\t\t\t<span class=\"text\">Vad vill du ha ut av dina tre \u00e5r p\u00e5 gymnasiet?<\/span>\n\t\t\t<\/h2>\n\n\n\n<p>Vi tror att en gymnasieexamen \u00e4r viktig f\u00f6r dig. Vi tror ocks\u00e5 att det \u00e4r viktigt f\u00f6r dig att g\u00e5 p\u00e5 ett gymnasium d\u00e4r du k\u00e4nner dig trygg och sedd. D\u00e4r f\u00f6rv\u00e4ntningarna p\u00e5 dig \u00e4r h\u00f6ga, och d\u00e4r l\u00e4rarna \u00e4r kunniga och engagerade i ditt arbete mot nya kunskaper.<\/p>\n\n\n\n<p>F\u00f6r oss \u00e4r utbildning det viktigaste som finns, och ocks\u00e5 bland det roligaste som finns! Vi \u00e4r en stor skola och har en stor skolas resurser, och v\u00e5r str\u00e4van \u00e4r att vara den b\u00e4sta gymnasieskolan f\u00f6r alla v\u00e5ra elever. Teknik, design, IT och skapande \u00e4r fokus i v\u00e5r verksamhet, och med labbm\u00f6jligheter, vass digital utrustning, makerspace, studios f\u00f6r foto och ljud, matsal som serverar frukost och lunch och heltidsmentorer s\u00e4krar vi upp f\u00f6r att du ska m\u00e5 bra, l\u00e4ra dig massor och tycka om att vara p\u00e5 jobbet.<\/p>\n\n\n\n<p>Jag \u00e4r mycket stolt \u00f6ver v\u00e5r skola och vill att vi skapar den tillsammans!<\/p>\n\n\n\n<p>Gymnasie\u00e5ren \u00e4r en fantastisk tid och det \u00e4r h\u00e4r framtiden b\u00f6rjar. V\u00e4lkommen hit!<\/p>\n<\/div>\n\n\n\n<section \n\t\t class=\"\n\t\t ams-contact\n\t\t \n\t\t c-block l-stacked\n\t\t \n\t\t \n\t\t js-load-more\n\t\t \"\n\t\t data-color-scheme=\"usp-gra-bakgrund\"\n\t\t\t\t\tdata-count=\"3\"\n\t\t\t\t\t\t\tdata-count-mobile=\"2\"\n\t\t\t\t>\n\t<div\n\t\t class=\"\n\t\t l-container\n\t\t l-stack l-stack-fluid-2xl\n\t\t u-pt-fluid-3xl-6xl\n\t\t u-pb-fluid-3xl-6xl\n\t\t is-center\n\t\t is-center@md\n\t\t \">\n\t\t\t\t\t<div class=\"ams-contact__intro l-stack l-stack-lg\">\n\t\t\t\t\t\n\t<h2\n\tclass=\"c-heading u-font-title-1 \"\n\tstyle=\"\">\n\t\t\n\t\t\t\t\tKontakt\n\t\t\t\t\n\t<\/h2>\n\n\t\t\t\t\t\t\t<\/div>\n\t\t\n\t\t\n\t\t    \t\n\t\t\n\t\t<ul\n\t\t\tid=\"contact-grid-69f4374fa23d5\"\n\t\t\tclass=\"ams-contact__list l-grid u-gap-fluid-2xl-4xl u-justify-center js-results \"\n\t\t\taria-label=\"Kontakter\"\n\t\t\tdata-filter-animation=\"off\"\n\t\t\t>\n\t\t\t\t\t\t\t\t\t\t\t\n\t\t\t\t\n\t\t\t\t<li class=\"l-col-6@md l-col-4@lg \" data-filter=\"ledning\">\n\t\t\t\t\t<article class=\"c-card \" data-variant=\"neutral\">\n\t\t\t\t\t\t<div class=\"c-card__content u-text-center\">\n\t\t\t\t\t\t\t\t\t\t\t\t\t\t\t<h3 class=\"c-card__title u-font-title-3\">\n\t\t\t\t\t\t\t\t\tKatherine Berg\n\t\t\t\t\t\t\t\t<\/h3>\n\t\t\t\t\t\t\t\n\t\t\t\t\t\t\t\t\t\t\t\t\t\t\t<p class=\"position u-font-body\">Rektor<\/p>\n\t\t\t\t\t\t\t\n\t\t\t\t\t\t\t\t\t\t\t\t\t\t\t<div class=\"contact-info u-font-body\">\n\t\t\t\t\t\t\t\t\t\t\t\t\t\t\t\t\t\t\t\t\t\t\t\t\t\t\t\t\t\t<p class=\"phone\"><a\n\t\t\t\t\t\t\t\t\t\t\t\t\thref=\"tel:0761304926\"\n\t\t\t\t\t\t\t\t\t\t\t\t\tclass=\"u-text-link\">076-130 49 26<\/a>\n\t\t\t\t\t\t\t\t\t\t\t<\/p>\n\t\t\t\t\t\t\t\t\t\t\t\t\t\t\t\t\t\t\t\n\t\t\t\t\t\t\t\t\t\t\t\t\t\t\t\t\t\t\t\t\t\t\t\t\t\t\t\t\t\t<p class=\"email\"><a\n\t\t\t\t\t\t\t\t\t\t\t\t\thref=\"m&#097;i&#108;&#116;o:&#107;&#097;&#116;h&#101;&#114;&#105;n&#101;&#046;b&#101;rg&#064;nti&#103;&#046;s&#101;\"\n\t\t\t\t\t\t\t\t\t\t\t\t\tclass=\"u-text-link\">&#107;&#097;theri&#110;e&#046;&#098;&#101;&#114;g&#064;&#110;tig.&#115;&#101;<\/a>\n\t\t\t\t\t\t\t\t\t\t\t<\/p>\n\t\t\t\t\t\t\t\t\t\t\t\t\t\t\t\t\t\t\t\t\t\t\t\t\t\t\t<\/div>\n\t\t\t\t\t\t\t\n\t\t\t\t\t\t\t\t\t\t\t\t\t<\/div>\n\t\t\t\t\t\t<div class=\"c-card__media\">\n\t\t\t\t\t\t\t\t\t\t\t\t\t\t\t\t\t\t\t\t\t\t\t\t\t\t\t\t\t\t\t\t\t\t\t\t\t\t\t\t\t\t\t\t\t\t\t\t\t<img decoding=\"async\" width=\"400\" height=\"295\" src=\"https:\/\/ntigymnasiet.se\/wp-content\/uploads\/sites\/16\/2023\/08\/katherine-2023-scaled-e1693467347679-400x295.jpg\" class=\"u-radius-round u-ratio-landscape  \" alt=\"Katherine Berg.\" sizes=\"(max-width: 300px) 100vw, 300px\" srcset=\"https:\/\/ntigymnasiet.se\/wp-content\/uploads\/sites\/16\/2023\/08\/katherine-2023-scaled-e1693467347679-400x295.jpg 400w, https:\/\/ntigymnasiet.se\/wp-content\/uploads\/sites\/16\/2023\/08\/katherine-2023-scaled-e1693467347679-300x221.jpg 300w, https:\/\/ntigymnasiet.se\/wp-content\/uploads\/sites\/16\/2023\/08\/katherine-2023-scaled-e1693467347679-600x442.jpg 600w, https:\/\/ntigymnasiet.se\/wp-content\/uploads\/sites\/16\/2023\/08\/katherine-2023-scaled-e1693467347679-800x590.jpg 800w, https:\/\/ntigymnasiet.se\/wp-content\/uploads\/sites\/16\/2023\/08\/katherine-2023-scaled-e1693467347679-1024x755.jpg 1024w, https:\/\/ntigymnasiet.se\/wp-content\/uploads\/sites\/16\/2023\/08\/katherine-2023-scaled-e1693467347679-1200x884.jpg 1200w, https:\/\/ntigymnasiet.se\/wp-content\/uploads\/sites\/16\/2023\/08\/katherine-2023-scaled-e1693467347679.jpg 1433w\" \/>\n\t\t\t\t\t\t<\/div>\n\t\t\t\t\t<\/article>\n\t\t\t\t<\/li>\n\t\t\t\t\t<\/ul>\n\n\t\t\n\t\t    <div class=\"ams-contact__more u-inline-items js-load-more-btn\">\n        <button href=\"#\"\n                class=\"c-btn\"\n                data-style=\"rounded\"\n                data-size=\"md\"\n                data-width=\"full-mobile\"\n                data-variant=\"outline\">\n        \tVisa mer\n        <\/button>\n    <\/div>\n\n\t\t\t<\/div>\n\n\t\t\n\n<\/section>\n\n\n\n\n<section  class=\"ams-cta ams-cta--stacked c-block l-stacked\" data-color-scheme=\"vit\">\n\t<div class=\"l-container-narrow l-stack l-stack-fluid-2xl u-pt-fluid-3xl-6xl u-pb-fluid-3xl-6xl is-center is-center@md\">\n\t\t\t\t\t<div class=\"ams-cta__intro l-stack l-stack-lg\">\n\t\t\t\t\t\n\t<h2\n\tclass=\"c-heading u-font-title-1 \"\n\tstyle=\"\">\n\t\t\n\t\t\t\t\tVill du veta mer om oss?\n\t\t\t\t\n\t<\/h2>\n\n\t\t\t\t\t\t\t<\/div>\n\t\t\n\t\t\n\t\t\t<div class=\"ams-cta__action u-inline-items\">\n\t\t\t\t\t\t\t\n\n\n<a href=\"https:\/\/ntigymnasiet.se\/stockholm-odenplan\/var-skola\/\"\n\t\n\tclass=\"c-btn \"\n\tdata-style=\"rounded\"\n\tdata-size=\"md\"\n\tdata-width=\"full-mobile\"\n\tdata-variant=\"default\"\n\ttarget=\"_self\">\n\t\t\t<span class=\"label\"> L\u00e4s mer om oss<\/span>\n\t\t\t<\/a>\n\t\t\t<\/div>\n\t<\/div>\n\n\t\t\n\n<\/section>\n","protected":false},"excerpt":{"rendered":"<p>Vi tror att en gymnasieexamen \u00e4r viktig f\u00f6r dig. Vi tror ocks\u00e5 att det \u00e4r viktigt f\u00f6r dig att g\u00e5 p\u00e5 ett gymnasium d\u00e4r du k\u00e4nner dig trygg och sedd. D\u00e4r f\u00f6rv\u00e4ntningarna p\u00e5 dig \u00e4r h\u00f6ga, och d\u00e4r l\u00e4rarna \u00e4r kunniga och engagerade i ditt arbete mot nya kunskaper. F\u00f6r oss \u00e4r utbildning det viktigaste&#8230;<\/p>\n","protected":false},"author":4,"featured_media":0,"parent":191,"menu_order":0,"comment_status":"closed","ping_status":"closed","template":"","meta":{"footnotes":""},"yoast_head":"<!-- This site is optimized with the Yoast SEO plugin v22.0 - https:\/\/yoast.com\/wordpress\/plugins\/seo\/ -->\n<title>Rektorn har ordet - NTI Gymnasiet Stockholm Odenplan<\/title>\n<meta name=\"description\" content=\"NTI gymnasiet Stockholm Odenplan \u00e4r den st\u00f6rsta av v\u00e5ra NTI gymnasier, h\u00e4r m\u00f6ts ca 850 elever och 65 personal varje dag.\" \/>\n<meta name=\"robots\" content=\"index, follow, max-snippet:-1, max-image-preview:large, max-video-preview:-1\" \/>\n<link rel=\"canonical\" href=\"https:\/\/ntigymnasiet.se\/stockholm-odenplan\/var-skola\/rektorn-har-ordet\/\" \/>\n<meta property=\"og:locale\" content=\"sv_SE\" \/>\n<meta property=\"og:type\" content=\"article\" \/>\n<meta property=\"og:title\" content=\"Rektorn har ordet - NTI Gymnasiet Stockholm Odenplan\" \/>\n<meta property=\"og:description\" content=\"NTI gymnasiet Stockholm Odenplan \u00e4r den st\u00f6rsta av v\u00e5ra NTI gymnasier, h\u00e4r m\u00f6ts ca 850 elever och 65 personal varje dag.\" \/>\n<meta property=\"og:url\" content=\"https:\/\/ntigymnasiet.se\/stockholm-odenplan\/var-skola\/rektorn-har-ordet\/\" \/>\n<meta property=\"og:site_name\" content=\"Stockholm Odenplan\" \/>\n<meta property=\"article:modified_time\" content=\"2024-09-24T12:05:39+00:00\" \/>\n<meta name=\"twitter:card\" content=\"summary_large_image\" \/>\n<meta name=\"twitter:title\" content=\"Rektorn har ordet - NTI Gymnasiet Stockholm Odenplan\" \/>\n<meta name=\"twitter:description\" content=\"NTI gymnasiet Stockholm Odenplan \u00e4r den st\u00f6rsta av v\u00e5ra NTI gymnasier, h\u00e4r m\u00f6ts ca 850 elever och 65 personal varje dag.\" \/>\n<meta name=\"twitter:label1\" content=\"Est. reading time\" \/>\n\t<meta name=\"twitter:data1\" content=\"2 minuter\" \/>\n<script type=\"application\/ld+json\" class=\"yoast-schema-graph\">{\"@context\":\"https:\/\/schema.org\",\"@graph\":[{\"@type\":\"WebPage\",\"@id\":\"https:\/\/ntigymnasiet.se\/stockholm-odenplan\/var-skola\/rektorn-har-ordet\/\",\"url\":\"https:\/\/ntigymnasiet.se\/stockholm-odenplan\/var-skola\/rektorn-har-ordet\/\",\"name\":\"Rektorn har ordet - NTI Gymnasiet Stockholm Odenplan\",\"isPartOf\":{\"@id\":\"https:\/\/ntigymnasiet.se\/stockholm-odenplan\/#website\"},\"datePublished\":\"2023-03-31T14:52:25+00:00\",\"dateModified\":\"2024-09-24T12:05:39+00:00\",\"description\":\"NTI gymnasiet Stockholm Odenplan \u00e4r den st\u00f6rsta av v\u00e5ra NTI gymnasier, h\u00e4r m\u00f6ts ca 850 elever och 65 personal varje dag.\",\"breadcrumb\":{\"@id\":\"https:\/\/ntigymnasiet.se\/stockholm-odenplan\/var-skola\/rektorn-har-ordet\/#breadcrumb\"},\"inLanguage\":\"sv-SE\",\"potentialAction\":[{\"@type\":\"ReadAction\",\"target\":[\"https:\/\/ntigymnasiet.se\/stockholm-odenplan\/var-skola\/rektorn-har-ordet\/\"]}]},{\"@type\":\"BreadcrumbList\",\"@id\":\"https:\/\/ntigymnasiet.se\/stockholm-odenplan\/var-skola\/rektorn-har-ordet\/#breadcrumb\",\"itemListElement\":[{\"@type\":\"ListItem\",\"position\":1,\"name\":\"Start\",\"item\":\"https:\/\/ntigymnasiet.se\/stockholm-odenplan\/\"},{\"@type\":\"ListItem\",\"position\":2,\"name\":\"V\u00e5r skola\",\"item\":\"https:\/\/ntigymnasiet.se\/stockholm-odenplan\/var-skola\/\"},{\"@type\":\"ListItem\",\"position\":3,\"name\":\"Rektorn har ordet\"}]},{\"@type\":\"WebSite\",\"@id\":\"https:\/\/ntigymnasiet.se\/stockholm-odenplan\/#website\",\"url\":\"https:\/\/ntigymnasiet.se\/stockholm-odenplan\/\",\"name\":\"Stockholm Odenplan\",\"description\":\"Just another WordPress site\",\"potentialAction\":[{\"@type\":\"SearchAction\",\"target\":{\"@type\":\"EntryPoint\",\"urlTemplate\":\"https:\/\/ntigymnasiet.se\/stockholm-odenplan\/?s={search_term_string}\"},\"query-input\":\"required name=search_term_string\"}],\"inLanguage\":\"sv-SE\"}]}<\/script>\n<!-- \/ Yoast SEO plugin. -->","yoast_head_json":{"title":"Rektorn har ordet - NTI Gymnasiet Stockholm Odenplan","description":"NTI gymnasiet Stockholm Odenplan \u00e4r den st\u00f6rsta av v\u00e5ra NTI gymnasier, h\u00e4r m\u00f6ts ca 850 elever och 65 personal varje dag.","robots":{"index":"index","follow":"follow","max-snippet":"max-snippet:-1","max-image-preview":"max-image-preview:large","max-video-preview":"max-video-preview:-1"},"canonical":"https:\/\/ntigymnasiet.se\/stockholm-odenplan\/var-skola\/rektorn-har-ordet\/","og_locale":"sv_SE","og_type":"article","og_title":"Rektorn har ordet - NTI Gymnasiet Stockholm Odenplan","og_description":"NTI gymnasiet Stockholm Odenplan \u00e4r den st\u00f6rsta av v\u00e5ra NTI gymnasier, h\u00e4r m\u00f6ts ca 850 elever och 65 personal varje dag.","og_url":"https:\/\/ntigymnasiet.se\/stockholm-odenplan\/var-skola\/rektorn-har-ordet\/","og_site_name":"Stockholm Odenplan","article_modified_time":"2024-09-24T12:05:39+00:00","twitter_card":"summary_large_image","twitter_title":"Rektorn har ordet - NTI Gymnasiet Stockholm Odenplan","twitter_description":"NTI gymnasiet Stockholm Odenplan \u00e4r den st\u00f6rsta av v\u00e5ra NTI gymnasier, h\u00e4r m\u00f6ts ca 850 elever och 65 personal varje dag.","twitter_misc":{"Est. reading time":"2 minuter"},"schema":{"@context":"https:\/\/schema.org","@graph":[{"@type":"WebPage","@id":"https:\/\/ntigymnasiet.se\/stockholm-odenplan\/var-skola\/rektorn-har-ordet\/","url":"https:\/\/ntigymnasiet.se\/stockholm-odenplan\/var-skola\/rektorn-har-ordet\/","name":"Rektorn har ordet - NTI Gymnasiet Stockholm Odenplan","isPartOf":{"@id":"https:\/\/ntigymnasiet.se\/stockholm-odenplan\/#website"},"datePublished":"2023-03-31T14:52:25+00:00","dateModified":"2024-09-24T12:05:39+00:00","description":"NTI gymnasiet Stockholm Odenplan \u00e4r den st\u00f6rsta av v\u00e5ra NTI gymnasier, h\u00e4r m\u00f6ts ca 850 elever och 65 personal varje dag.","breadcrumb":{"@id":"https:\/\/ntigymnasiet.se\/stockholm-odenplan\/var-skola\/rektorn-har-ordet\/#breadcrumb"},"inLanguage":"sv-SE","potentialAction":[{"@type":"ReadAction","target":["https:\/\/ntigymnasiet.se\/stockholm-odenplan\/var-skola\/rektorn-har-ordet\/"]}]},{"@type":"BreadcrumbList","@id":"https:\/\/ntigymnasiet.se\/stockholm-odenplan\/var-skola\/rektorn-har-ordet\/#breadcrumb","itemListElement":[{"@type":"ListItem","position":1,"name":"Start","item":"https:\/\/ntigymnasiet.se\/stockholm-odenplan\/"},{"@type":"ListItem","position":2,"name":"V\u00e5r skola","item":"https:\/\/ntigymnasiet.se\/stockholm-odenplan\/var-skola\/"},{"@type":"ListItem","position":3,"name":"Rektorn har ordet"}]},{"@type":"WebSite","@id":"https:\/\/ntigymnasiet.se\/stockholm-odenplan\/#website","url":"https:\/\/ntigymnasiet.se\/stockholm-odenplan\/","name":"Stockholm Odenplan","description":"Just another WordPress site","potentialAction":[{"@type":"SearchAction","target":{"@type":"EntryPoint","urlTemplate":"https:\/\/ntigymnasiet.se\/stockholm-odenplan\/?s={search_term_string}"},"query-input":"required name=search_term_string"}],"inLanguage":"sv-SE"}]}},"_links":{"self":[{"href":"https:\/\/ntigymnasiet.se\/stockholm-odenplan\/wp-json\/wp\/v2\/pages\/199"}],"collection":[{"href":"https:\/\/ntigymnasiet.se\/stockholm-odenplan\/wp-json\/wp\/v2\/pages"}],"about":[{"href":"https:\/\/ntigymnasiet.se\/stockholm-odenplan\/wp-json\/wp\/v2\/types\/page"}],"author":[{"embeddable":true,"href":"https:\/\/ntigymnasiet.se\/stockholm-odenplan\/wp-json\/wp\/v2\/users\/4"}],"replies":[{"embeddable":true,"href":"https:\/\/ntigymnasiet.se\/stockholm-odenplan\/wp-json\/wp\/v2\/comments?post=199"}],"version-history":[{"count":9,"href":"https:\/\/ntigymnasiet.se\/stockholm-odenplan\/wp-json\/wp\/v2\/pages\/199\/revisions"}],"predecessor-version":[{"id":1927,"href":"https:\/\/ntigymnasiet.se\/stockholm-odenplan\/wp-json\/wp\/v2\/pages\/199\/revisions\/1927"}],"up":[{"embeddable":true,"href":"https:\/\/ntigymnasiet.se\/stockholm-odenplan\/wp-json\/wp\/v2\/pages\/191"}],"wp:attachment":[{"href":"https:\/\/ntigymnasiet.se\/stockholm-odenplan\/wp-json\/wp\/v2\/media?parent=199"}],"curies":[{"name":"wp","href":"https:\/\/api.w.org\/{rel}","templated":true}]}}