{"id":209,"date":"2023-03-31T16:58:15","date_gmt":"2023-03-31T14:58:15","guid":{"rendered":"https:\/\/ntigymnasiet.se\/stockholm-odenplan\/?page_id=209"},"modified":"2026-08-28T11:04:08","modified_gmt":"2026-08-28T09:04:08","slug":"meritvarden","status":"publish","type":"page","link":"https:\/\/ntigymnasiet.se\/stockholm\/meritvarden\/","title":{"rendered":"Meritv\u00e4rden"},"content":{"rendered":"\n\t\n\t\n\t\n\t\n\t\n\t\n\t\t\n\t\t\n<section  class=\"ams-hero ams-hero--fifty ams-hero--75 ams-hero--container c-block l-stacked  \" data-color-scheme=\"standard_morkbla-bakgrund\">\n\t<div class=\"ams-hero__container media-right media-bottom l-container u-pt-fluid-3xl-6xl u-pb-fluid-3xl-6xl\">\n\t\t<div class=\"ams-hero__content l-stack l-stack-xl is-left is-left@lg\">\n\t\t\t<div class=\"l-stack l-stack-lg\">\n\t\t\t\t\t\n\t<h1\n\tclass=\"c-heading u-font-title-1 \"\n\tstyle=\"\">\n\t\t\n\t\t\t\t\tMeritv\u00e4rde och meritpo\u00e4ng f\u00f6r NTI Gymnasiet Stockholm\n\t\t\t\t\n\t<\/h1>\n\n\t\t\t\t\t\t\t\t\t<div class=\"text l-stack u-font-body\">\n\t\t\t\t\t\t<p>\u00c4r du os\u00e4ker om du har de betygen som kr\u00e4vs f\u00f6r att komma in p\u00e5 v\u00e5ra program? Ingen fara, h\u00e4r har vi samlat v\u00e5ra senaste medelpo\u00e4ng och antagningsgr\u00e4ns.<\/p>\n\n\t\t\t\t\t<\/div>\n\t\t\t\t\t\t\t<\/div>\n\n\t\t\t\t\t<\/div>\n\t\t<div class=\"ams-hero__media u-ratio-square \">\n\n\t\t\t\t\t\t\t\t\t\t\t\t<img decoding=\"async\" width=\"600\" height=\"600\" src=\"https:\/\/ntigymnasiet.se\/wp-content\/uploads\/sites\/16\/2026\/07\/ntigbghandels202605webblektionssal0208-1-600x600.jpeg\" class=\"attachment-md size-md\" alt=\"Elev vid dator som tittar glatt in i kameran.\" sizes=\"(min-width: 64em) 600px, calc(100vw - 160px)\" srcset=\"https:\/\/ntigymnasiet.se\/wp-content\/uploads\/sites\/16\/2026\/07\/ntigbghandels202605webblektionssal0208-1-600x600.jpeg 600w, https:\/\/ntigymnasiet.se\/wp-content\/uploads\/sites\/16\/2026\/07\/ntigbghandels202605webblektionssal0208-1-150x150.jpeg 150w, https:\/\/ntigymnasiet.se\/wp-content\/uploads\/sites\/16\/2026\/07\/ntigbghandels202605webblektionssal0208-1-300x300.jpeg 300w, https:\/\/ntigymnasiet.se\/wp-content\/uploads\/sites\/16\/2026\/07\/ntigbghandels202605webblektionssal0208-1-400x400.jpeg 400w, https:\/\/ntigymnasiet.se\/wp-content\/uploads\/sites\/16\/2026\/07\/ntigbghandels202605webblektionssal0208-1-800x800.jpeg 800w, https:\/\/ntigymnasiet.se\/wp-content\/uploads\/sites\/16\/2026\/07\/ntigbghandels202605webblektionssal0208-1-1024x1024.jpeg 1024w, https:\/\/ntigymnasiet.se\/wp-content\/uploads\/sites\/16\/2026\/07\/ntigbghandels202605webblektionssal0208-1.jpeg 1200w\" \/>\n\t\t\t\t\t\t\t\n\t\t\t\n\t\t\t\t\t<\/div>\n\t<\/div>\n\n\t\n\t\t\t\n\t\t\t\t\t\t\t\n\t\t\t\t<div class=\"c-bg c-bg--img\" data-settings=\"{&quot;desktop_settings&quot;:{&quot;size&quot;:&quot;cover&quot;,&quot;position&quot;:&quot;middle-center&quot;},&quot;mobile_settings&quot;:{&quot;size&quot;:&quot;cover&quot;,&quot;position&quot;:&quot;middle-center&quot;}}\" data-position=\"middle-center\" data-size=\"cover\">\n\t\t\t\n\t\t<\/div>\n\t\n<\/section>\n\n\n\n<div style=\"height:72px\" aria-hidden=\"true\" class=\"wp-block-spacer\"><\/div>\n\n\n\n<h2 class=\"wp-block-heading has-text-align-center has-x-font-size\">Antagningsgr\u00e4ns och medelpo\u00e4ng<\/h2>\n\n\n\n<style type=\"text\/css\">\n\t#block_6a3e242eeceb7 thead tr, #block_6a3e242eeceb7 .accordion .table-title {color: #f4f3ef;background-color: #002360;}#block_6a3e242eeceb7 tbody tr, #block_6a3e242eeceb7 .accordion .accordion-body {color: #000000;background-color: #ddd9ca;}#block_6a3e242eeceb7 tbody tr.odd {background-color: #ddd9ca;}#block_6a3e242eeceb7 .row-hover tr:hover {color: #000000;background-color: #ddd9ca;}#block_6a3e242eeceb7 tbody td {border-color: #000000;}<\/style>\n\n<div id=\"block_6a3e242eeceb7\" class=\"ams-table pt-5 pb-5 global_body-color  site__text-color--dark \"  >\n\t<div class=\"container\">\n\t\t\n\t\t\n\t\t\t\t\t\n\t\t\t\t\t\t\t<div  class=\"ams-table__item\">\n\n\t\t\t\t\n\n\n<table id=\"tablepress-1\" class=\"tablepress tablepress-id-1  table site__body_text-2\" aria-labelledby=\"tablepress-1-name\" aria-describedby=\"tablepress-1-description\">\n<thead>\n<tr class=\"row-1 odd site__subheading-11\">\n\t<th class=\"column-1\">Program \/ inriktningar<\/th><th class=\"column-2\">&Aring;r<\/th><th class=\"column-3\">Medelpo&auml;ng<\/th><th class=\"column-4\">Antagningsgr&auml;ns <\/th>\n<\/tr>\n<\/thead>\n<tbody class=\"row-hover\">\n<tr class=\"row-2 even\">\n\t<td class=\"column-1\">Dator- och kommunikationsteknik<\/td><td class=\"column-2\">2025<\/td><td class=\"column-3\">192.5<\/td><td class=\"column-4\">142.5<\/td>\n<\/tr>\n<tr class=\"row-3 odd\">\n\t<td class=\"column-1\">Estetik och media<\/td><td class=\"column-2\">2025<\/td><td class=\"column-3\">190<\/td><td class=\"column-4\"><\/td>\n<\/tr>\n<tr class=\"row-4 even\">\n\t<td class=\"column-1\">Informations- och medieteknik<\/td><td class=\"column-2\">2025<\/td><td class=\"column-3\">230<\/td><td class=\"column-4\">190<\/td>\n<\/tr>\n<tr class=\"row-5 odd\">\n\t<td class=\"column-1\">Design och produktutveckling<\/td><td class=\"column-2\">2025<\/td><td class=\"column-3\">212.5<\/td><td class=\"column-4\"><\/td>\n<\/tr>\n<tr class=\"row-6 even\">\n\t<td class=\"column-1\">Naturvetenskapsprogrammet<\/td><td class=\"column-2\">2025<\/td><td class=\"column-3\">235<\/td><td class=\"column-4\">207.5<\/td>\n<\/tr>\n<tr class=\"row-7 odd\">\n\t<td class=\"column-1\">Teknikprogrammet<\/td><td class=\"column-2\">2025<\/td><td class=\"column-3\">225<\/td><td class=\"column-4\">202.5<\/td>\n<\/tr>\n<\/tbody>\n<\/table>\n<div id=\"tablepress-1-description\" class=\"tablepress-table-description tablepress-table-description-id-1\"><\/div>\n<!-- #tablepress-1 from cache -->\n\n\t\t\t\t<\/div>\n\t\t\t\n\t\t\t\t\t\t<\/div>\n<\/div>\n\n\n\n<section  class=\"ams-cta ams-cta--stacked c-block l-stacked\" data-color-scheme=\"standard_morkbeige-bakgrund\">\n\t<div class=\"l-container l-stack l-stack-fluid-2xl u-pt-fluid-3xl-6xl u-pb-fluid-3xl-6xl is-center is-center@md\">\n\t\t\t\t\t<div class=\"ams-cta__intro l-stack l-stack-lg\">\n\t\t\t\t\t\n\t<h2\n\tclass=\"c-heading u-font-title-1 \"\n\tstyle=\"\">\n\t\t\n\t\t\t\t\tVad \u00e4r ett bra meritv\u00e4rde?\n\t\t\t\t\n\t<\/h2>\n\n\t\t\t\t\t\t\t\t\t<div class=\"c-text l-stack u-cs-xl u-font-body\">\n\t\t\t\t\t\t<p>Det g\u00e5r inte att s\u00e4ga vad ett bra meritv\u00e4rde \u00e4r eftersom det skiljer sig fr\u00e5n person till person och fr\u00e5n \u00e5r till \u00e5r. Ett \u201dbra meritv\u00e4rde\u201d \u00e4r det som g\u00f6r att du kommer in p\u00e5 det programmet du vill g\u00e5. Det g\u00e5r allts\u00e5 inte att s\u00e4tta en gr\u00e4ns i siffror p\u00e5 vad som \u00e4r ett bra och ett d\u00e5ligt meritv\u00e4rde. Meritpo\u00e4ngen kan f\u00f6r\u00e4ndras \u00e5r till \u00e5r beroende p\u00e5 hur m\u00e5nga som s\u00f6ker och vad f\u00f6r betyg de har, s\u00e5 t\u00e4nk p\u00e5 det.<\/p>\n<p>P\u00e5\u00a0<a href=\"https:\/\/gymnasiekoll.se\/\">gymnasiekoll.se\u00a0<\/a>kan du sj\u00e4lv r\u00e4kna ut ditt meritv\u00e4rde. D\u00e4r finns \u00e4ven mer information om hur det fungerar med betyg och po\u00e4ng.<\/p>\n\n\t\t\t\t\t<\/div>\n\t\t\t\t\t\t\t<\/div>\n\t\t\n\t\t\n\t\t\t<div class=\"ams-cta__action u-inline-items\">\n\t\t\t\t\t\t\t\n\n\n\n<a href=\"https:\/\/gymnasiekoll.se\/gymnasieval\/meritvarde\/\"\n\t\n\tclass=\"c-btn \"\n\tdata-style=\"rounded\"\n\tdata-size=\"md\"\n\tdata-width=\"full-mobile\"\n\tdata-variant=\"default\"\n\ttarget=\"_blank\">\n\t\t\t<span class=\"label\"> R\u00e4kna ut ditt meritv\u00e4rde<\/span>\n\t\t\t\t\t\t\n\t<\/a>\n\t\t\t<\/div>\n\t<\/div>\n\n\t\t\n\n<\/section>\n","protected":false},"excerpt":{"rendered":"<p>Antagningsgr\u00e4ns och medelpo\u00e4ng<\/p>\n","protected":false},"author":4,"featured_media":0,"parent":0,"menu_order":0,"comment_status":"closed","ping_status":"closed","template":"","meta":{"footnotes":""},"yoast_head":"<!-- This site is optimized with the Yoast SEO plugin v22.0 - https:\/\/yoast.com\/wordpress\/plugins\/seo\/ -->\n<title>Meritv\u00e4rden - NTI Gymnasiet Stockholm<\/title>\n<meta name=\"description\" content=\"\u00c4r du os\u00e4ker om du har de betygen som kr\u00e4vs f\u00f6r att komma in p\u00e5 v\u00e5ra program? Ingen fara, h\u00e4r har vi samlat \u00e5rets antagningsgr\u00e4ns och median.\" \/>\n<meta name=\"robots\" content=\"index, follow, max-snippet:-1, max-image-preview:large, max-video-preview:-1\" \/>\n<link rel=\"canonical\" href=\"https:\/\/ntigymnasiet.se\/stockholm\/meritvarden\/\" \/>\n<meta property=\"og:locale\" content=\"sv_SE\" \/>\n<meta property=\"og:type\" content=\"article\" \/>\n<meta property=\"og:title\" content=\"Meritv\u00e4rden - NTI Gymnasiet Stockholm\" \/>\n<meta property=\"og:description\" content=\"\u00c4r du os\u00e4ker om du har de betygen som kr\u00e4vs f\u00f6r att komma in p\u00e5 v\u00e5ra program? Ingen fara, h\u00e4r har vi samlat \u00e5rets antagningsgr\u00e4ns och median.\" \/>\n<meta property=\"og:url\" content=\"https:\/\/ntigymnasiet.se\/stockholm\/meritvarden\/\" \/>\n<meta property=\"og:site_name\" content=\"Stockholm\" \/>\n<meta property=\"article:modified_time\" content=\"2026-08-28T09:04:08+00:00\" \/>\n<meta name=\"twitter:card\" content=\"summary_large_image\" \/>\n<meta name=\"twitter:title\" content=\"Meritv\u00e4rden - NTI Gymnasiet Stockholm\" \/>\n<meta name=\"twitter:description\" content=\"\u00c4r du os\u00e4ker om du har de betygen som kr\u00e4vs f\u00f6r att komma in p\u00e5 v\u00e5ra program? Ingen fara, h\u00e4r har vi samlat \u00e5rets antagningsgr\u00e4ns och median.\" \/>\n<meta name=\"twitter:label1\" content=\"Est. reading time\" \/>\n\t<meta name=\"twitter:data1\" content=\"1 minut\" \/>\n<script type=\"application\/ld+json\" class=\"yoast-schema-graph\">{\"@context\":\"https:\/\/schema.org\",\"@graph\":[{\"@type\":\"WebPage\",\"@id\":\"https:\/\/ntigymnasiet.se\/stockholm\/meritvarden\/\",\"url\":\"https:\/\/ntigymnasiet.se\/stockholm\/meritvarden\/\",\"name\":\"Meritv\u00e4rden - NTI Gymnasiet Stockholm\",\"isPartOf\":{\"@id\":\"https:\/\/ntigymnasiet.se\/stockholm\/#website\"},\"datePublished\":\"2023-03-31T14:58:15+00:00\",\"dateModified\":\"2026-08-28T09:04:08+00:00\",\"description\":\"\u00c4r du os\u00e4ker om du har de betygen som kr\u00e4vs f\u00f6r att komma in p\u00e5 v\u00e5ra program? Ingen fara, h\u00e4r har vi samlat \u00e5rets antagningsgr\u00e4ns och median.\",\"breadcrumb\":{\"@id\":\"https:\/\/ntigymnasiet.se\/stockholm\/meritvarden\/#breadcrumb\"},\"inLanguage\":\"sv-SE\",\"potentialAction\":[{\"@type\":\"ReadAction\",\"target\":[\"https:\/\/ntigymnasiet.se\/stockholm\/meritvarden\/\"]}]},{\"@type\":\"BreadcrumbList\",\"@id\":\"https:\/\/ntigymnasiet.se\/stockholm\/meritvarden\/#breadcrumb\",\"itemListElement\":[{\"@type\":\"ListItem\",\"position\":1,\"name\":\"Start\",\"item\":\"https:\/\/ntigymnasiet.se\/stockholm\/\"},{\"@type\":\"ListItem\",\"position\":2,\"name\":\"Meritv\u00e4rden\"}]},{\"@type\":\"WebSite\",\"@id\":\"https:\/\/ntigymnasiet.se\/stockholm\/#website\",\"url\":\"https:\/\/ntigymnasiet.se\/stockholm\/\",\"name\":\"Stockholm\",\"description\":\"Just another WordPress site\",\"potentialAction\":[{\"@type\":\"SearchAction\",\"target\":{\"@type\":\"EntryPoint\",\"urlTemplate\":\"https:\/\/ntigymnasiet.se\/stockholm\/?s={search_term_string}\"},\"query-input\":\"required name=search_term_string\"}],\"inLanguage\":\"sv-SE\"}]}<\/script>\n<!-- \/ Yoast SEO plugin. -->","yoast_head_json":{"title":"Meritv\u00e4rden - NTI Gymnasiet Stockholm","description":"\u00c4r du os\u00e4ker om du har de betygen som kr\u00e4vs f\u00f6r att komma in p\u00e5 v\u00e5ra program? Ingen fara, h\u00e4r har vi samlat \u00e5rets antagningsgr\u00e4ns och median.","robots":{"index":"index","follow":"follow","max-snippet":"max-snippet:-1","max-image-preview":"max-image-preview:large","max-video-preview":"max-video-preview:-1"},"canonical":"https:\/\/ntigymnasiet.se\/stockholm\/meritvarden\/","og_locale":"sv_SE","og_type":"article","og_title":"Meritv\u00e4rden - NTI Gymnasiet Stockholm","og_description":"\u00c4r du os\u00e4ker om du har de betygen som kr\u00e4vs f\u00f6r att komma in p\u00e5 v\u00e5ra program? Ingen fara, h\u00e4r har vi samlat \u00e5rets antagningsgr\u00e4ns och median.","og_url":"https:\/\/ntigymnasiet.se\/stockholm\/meritvarden\/","og_site_name":"Stockholm","article_modified_time":"2026-08-28T09:04:08+00:00","twitter_card":"summary_large_image","twitter_title":"Meritv\u00e4rden - NTI Gymnasiet Stockholm","twitter_description":"\u00c4r du os\u00e4ker om du har de betygen som kr\u00e4vs f\u00f6r att komma in p\u00e5 v\u00e5ra program? Ingen fara, h\u00e4r har vi samlat \u00e5rets antagningsgr\u00e4ns och median.","twitter_misc":{"Est. reading time":"1 minut"},"schema":{"@context":"https:\/\/schema.org","@graph":[{"@type":"WebPage","@id":"https:\/\/ntigymnasiet.se\/stockholm\/meritvarden\/","url":"https:\/\/ntigymnasiet.se\/stockholm\/meritvarden\/","name":"Meritv\u00e4rden - NTI Gymnasiet Stockholm","isPartOf":{"@id":"https:\/\/ntigymnasiet.se\/stockholm\/#website"},"datePublished":"2023-03-31T14:58:15+00:00","dateModified":"2026-08-28T09:04:08+00:00","description":"\u00c4r du os\u00e4ker om du har de betygen som kr\u00e4vs f\u00f6r att komma in p\u00e5 v\u00e5ra program? Ingen fara, h\u00e4r har vi samlat \u00e5rets antagningsgr\u00e4ns och median.","breadcrumb":{"@id":"https:\/\/ntigymnasiet.se\/stockholm\/meritvarden\/#breadcrumb"},"inLanguage":"sv-SE","potentialAction":[{"@type":"ReadAction","target":["https:\/\/ntigymnasiet.se\/stockholm\/meritvarden\/"]}]},{"@type":"BreadcrumbList","@id":"https:\/\/ntigymnasiet.se\/stockholm\/meritvarden\/#breadcrumb","itemListElement":[{"@type":"ListItem","position":1,"name":"Start","item":"https:\/\/ntigymnasiet.se\/stockholm\/"},{"@type":"ListItem","position":2,"name":"Meritv\u00e4rden"}]},{"@type":"WebSite","@id":"https:\/\/ntigymnasiet.se\/stockholm\/#website","url":"https:\/\/ntigymnasiet.se\/stockholm\/","name":"Stockholm","description":"Just another WordPress site","potentialAction":[{"@type":"SearchAction","target":{"@type":"EntryPoint","urlTemplate":"https:\/\/ntigymnasiet.se\/stockholm\/?s={search_term_string}"},"query-input":"required name=search_term_string"}],"inLanguage":"sv-SE"}]}},"_links":{"self":[{"href":"https:\/\/ntigymnasiet.se\/stockholm\/wp-json\/wp\/v2\/pages\/209"}],"collection":[{"href":"https:\/\/ntigymnasiet.se\/stockholm\/wp-json\/wp\/v2\/pages"}],"about":[{"href":"https:\/\/ntigymnasiet.se\/stockholm\/wp-json\/wp\/v2\/types\/page"}],"author":[{"embeddable":true,"href":"https:\/\/ntigymnasiet.se\/stockholm\/wp-json\/wp\/v2\/users\/4"}],"replies":[{"embeddable":true,"href":"https:\/\/ntigymnasiet.se\/stockholm\/wp-json\/wp\/v2\/comments?post=209"}],"version-history":[{"count":10,"href":"https:\/\/ntigymnasiet.se\/stockholm\/wp-json\/wp\/v2\/pages\/209\/revisions"}],"predecessor-version":[{"id":4129,"href":"https:\/\/ntigymnasiet.se\/stockholm\/wp-json\/wp\/v2\/pages\/209\/revisions\/4129"}],"wp:attachment":[{"href":"https:\/\/ntigymnasiet.se\/stockholm\/wp-json\/wp\/v2\/media?parent=209"}],"curies":[{"name":"wp","href":"https:\/\/api.w.org\/{rel}","templated":true}]}}