{"id":1009,"date":"2023-05-12T14:12:13","date_gmt":"2023-05-12T12:12:13","guid":{"rendered":""},"modified":"2026-08-28T10:40:37","modified_gmt":"2026-08-28T08:40:37","slug":"estetiska-programmet","status":"publish","type":"program_orientation","link":"https:\/\/ntigymnasiet.se\/stockholm\/program\/estetiska-programmet\/","title":{"rendered":"Estetiska programmet"},"content":{"rendered":"\n\t\n\t\n\t\n\t\n\t\n\t\n\t\t\n\t\t\n<section  class=\"ams-hero ams-hero--fifty ams-hero--default ams-hero--container c-block l-stacked  \" data-color-scheme=\"standard_morkbla-bakgrund\">\n\t<div class=\"ams-hero__container media-right media-bottom l-container u-pt-fluid-3xl-6xl u-pb-fluid-3xl-6xl\">\n\t\t<div class=\"ams-hero__content l-stack l-stack-xl is-left is-left@lg\">\n\t\t\t<div class=\"l-stack l-stack-lg\">\n\t\t\t\t\t\n\t<h1\n\tclass=\"c-heading u-font-title-1 \"\n\tstyle=\"\">\n\t\t\n\t\t\t\t\t\t\t\t\tEstetiska programmet\n\t\t\t\t<span class=\"c-heading__sub is-below u-font-title-3\">\n\t\t\t\t\tInriktning: Estetik och media\n\t\t\t\t<\/span>\n\t\t\t\t\t\t\t\n\t<\/h1>\n\n\t\t\t\t\t\t\t\t\t<div class=\"text l-stack u-font-body\">\n\t\t\t\t\t\t<p class=\"isSelectedEnd\">Bakom design, appar, film, spel och digitala upplevelser finns m\u00e4nniskor som skapar, testar id\u00e9er och l\u00f6ser problem. P\u00e5 Estetiska programmet f\u00e5r du utveckla b\u00e5de din kreativitet och dina tekniska f\u00e4rdigheter. Du arbetar med bland annat digital design, illustration, foto, animation och r\u00f6rlig media med hj\u00e4lp av verktyg och program som anv\u00e4nds i branschen.<\/p>\n\n\t\t\t\t\t<\/div>\n\t\t\t\t\t\t\t<\/div>\n\n\t\t\t\t<div class=\"ams-hero__action u-inline-items\">\n\t\t\t\t\t\t\t\n\n\n\n<a href=\"https:\/\/ntigymnasiet.se\/stockholm\/oppet-hus\/\"\n\t\n\tclass=\"c-btn \"\n\tdata-style=\"rounded\"\n\tdata-size=\"md\"\n\tdata-width=\"full-mobile\"\n\tdata-variant=\"default\"\n\ttarget=\"_self\">\n\t\t\t<span class=\"label\"> Bes\u00f6k oss p\u00e5 \u00f6ppet hus<\/span>\n\t\t\t\t\t\t\n\t<\/a>\n\t\t\t<\/div>\n\t\t<\/div>\n\t\t<div class=\"ams-hero__media u-ratio-square \">\n\n\t\t\t\t\t\t\t\t\t\t\t\t<img decoding=\"async\" width=\"600\" height=\"600\" src=\"https:\/\/ntigymnasiet.se\/wp-content\/uploads\/sites\/16\/2026\/07\/ntihbg202605webbes0660-600x600.jpeg\" class=\"attachment-md size-md\" alt=\"Fyra glada elever fr\u00e5n estetiska programmet som arbetar tillsammans.\" sizes=\"(min-width: 64em) 600px, calc(100vw - 160px)\" srcset=\"https:\/\/ntigymnasiet.se\/wp-content\/uploads\/sites\/16\/2026\/07\/ntihbg202605webbes0660-600x600.jpeg 600w, https:\/\/ntigymnasiet.se\/wp-content\/uploads\/sites\/16\/2026\/07\/ntihbg202605webbes0660-150x150.jpeg 150w, https:\/\/ntigymnasiet.se\/wp-content\/uploads\/sites\/16\/2026\/07\/ntihbg202605webbes0660-300x300.jpeg 300w, https:\/\/ntigymnasiet.se\/wp-content\/uploads\/sites\/16\/2026\/07\/ntihbg202605webbes0660-400x400.jpeg 400w, https:\/\/ntigymnasiet.se\/wp-content\/uploads\/sites\/16\/2026\/07\/ntihbg202605webbes0660-800x800.jpeg 800w, https:\/\/ntigymnasiet.se\/wp-content\/uploads\/sites\/16\/2026\/07\/ntihbg202605webbes0660-1024x1024.jpeg 1024w, https:\/\/ntigymnasiet.se\/wp-content\/uploads\/sites\/16\/2026\/07\/ntihbg202605webbes0660.jpeg 1200w\" \/>\n\t\t\t\t\t\t\t\n\t\t\t\n\t\t\t\t\t<\/div>\n\t<\/div>\n\n\t\n\n<\/section>\n\n\n\n<section  class=\"ams-courses-list c-block l-stacked\" data-color-scheme=\"kort_ljusbeige-bakgrund\">\n\t<div class=\"l-container l-stack l-stack-fluid-2xl u-pt-fluid-3xl-6xl u-pb-fluid-3xl-6xl is-center is-center@md\">\n\t\t\t\t\t<div class=\"ams-courses-list__intro l-stack l-stack-lg\">\n\t\t\t\t\t\n\t<h2\n\tclass=\"c-heading u-font-title-1 \"\n\tstyle=\"\">\n\t\t\n\t\t\t\t\tV\u00e5r inriktning\n\t\t\t\t\n\t<\/h2>\n\n\t\t\t\t\t\t\t<\/div>\n\t\t\n\t\t\n\t\t\t\n<ul class=\"ams-courses-list__list l-grid u-gap-fluid-2xl-4xl u-justify-center\">\n\t\t\t<li class=\"l-col-6@md l-col-4@lg\">\n\t\t\t<article class=\"\n\t\t\t\tc-card\n\t\t\t\t\n\t\t\t\thas-media-zoom\n\t\t\t\t\n\t\t\t\tu-shadow-lg\"\n\t\t\t\tdata-variant=\"border-top\"\n\t\t\t\tdata-style=\"square\"\n\t\t\t\tdata-click-area>\n\t\t\t\t<div class=\"c-card__content l-stack l-stack-sm\">\n\t\t\t\t\t\t\t\t\t\t\t<h3 class=\"c-card__title u-font-title-3\">\n\t\t\t\t\t\t\t\t\t\t\t\t\t\t\t<a class=\"c-card__title-link\" href=\"https:\/\/ntigymnasiet.se\/stockholm\/program\/estetiska-programmet\/estetik-och-media\/\">\n\t\t\t\t\t\t\t\t\tEstetik och media\n\t\t\t\t\t\t\t\t<\/a>\n\t\t\t\t\t\t\t\t\t\t\t\t\t<\/h3>\n\t\t\t\t\t\n\t\t\t\t\t\n\t\t\t\t\t\t\t\t\t\t\t\t\t\t<\/div>\n\t\t\t\t<div class=\"c-card__media \" style=\" \">\n\t\t\t\t\t<img decoding=\"async\" width=\"400\" height=\"400\" src=\"https:\/\/ntigymnasiet.se\/wp-content\/uploads\/sites\/16\/2026\/07\/ntihbg202605webbes0723-400x400.jpeg\" class=\"attachment-sm size-sm wp-post-image\" alt=\"Glada elever p\u00e5 estetiska programmet samarbetar kring ett grafiskt projekt i klassrummet.\" sizes=\"(min-width: 64em) 300px, (min-width: 48em) calc(.50 * (100vw - 240px)), calc(100vw - 160px)\" srcset=\"https:\/\/ntigymnasiet.se\/wp-content\/uploads\/sites\/16\/2026\/07\/ntihbg202605webbes0723-400x400.jpeg 400w, https:\/\/ntigymnasiet.se\/wp-content\/uploads\/sites\/16\/2026\/07\/ntihbg202605webbes0723-150x150.jpeg 150w, https:\/\/ntigymnasiet.se\/wp-content\/uploads\/sites\/16\/2026\/07\/ntihbg202605webbes0723-300x300.jpeg 300w, https:\/\/ntigymnasiet.se\/wp-content\/uploads\/sites\/16\/2026\/07\/ntihbg202605webbes0723-600x600.jpeg 600w, https:\/\/ntigymnasiet.se\/wp-content\/uploads\/sites\/16\/2026\/07\/ntihbg202605webbes0723-800x800.jpeg 800w, https:\/\/ntigymnasiet.se\/wp-content\/uploads\/sites\/16\/2026\/07\/ntihbg202605webbes0723-1024x1024.jpeg 1024w, https:\/\/ntigymnasiet.se\/wp-content\/uploads\/sites\/16\/2026\/07\/ntihbg202605webbes0723.jpeg 1200w\" \/>\n\t\t\t\t<\/div>\n\t\t\t<\/article>\n\t\t<\/li>\n\t<\/ul>\n\t\n\n\t\t\t<\/div>\n\n\t\t\n\n<\/section>\n\n\n\n<section  class=\"ams-quote c-block l-stacked\" data-color-scheme=\"standard_morkbla-bakgrund\">\n\t<div class=\"l-container l-stack l-stack-fluid-2xl u-pt-fluid-3xl-6xl u-pb-fluid-3xl-6xl is-left is-left@md\">\n\t\t\n\t\t\t\t\t\t\t\t\t<ul class=\"ams-quote__list l-grid u-gap-fluid-2xl-4xl u-justify-center\" aria-label=\"Citat\">\n\t\t\t<li class=\"l-col-6@md\">\n\t\t\t<article class=\"c-card\" data-variant=\"quote\" >\n\t\t\t\t<div class=\"c-card__content l-stack u-text-left\">\n\t\t\t\t\t\t\t\t\t\t\t<blockquote class=\"c-card__title u-font-title-2\">\n\t\t\t\t\t\t\t\t\t\t\t\t\t\t\t<p>&#8221;Vi producerar egna filmer, fotograferar, skapar musik och digitala illustrationer. Vi f\u00e5r \u00e4ven arbeta med att g\u00f6ra logotyper och designa hemsidor f\u00f6r f\u00f6retag.&#8221;\r\n\r\n<\/p>\n\t\t\t\t\t\t\t\t\t\t\t\t\t<\/blockquote>\n\t\t\t\t\t\n\t\t\t\t\t\t\t\t\t\t\t<p class=\"c-card__text\">\n\t\t\t\t\t\t\t<span class=\"author u-font-body\">Bryndis<\/span>\n\t\t\t\t\t\t\t<span class=\"title u-font-body\">Elev<\/span>\n\t\t\t\t\t\t<\/p>\n\t\t\t\t\t\t\t\t\t<\/div>\n\n\t\t\t\t\t\t\t<\/article>\n\t\t<\/li>\n\t<\/ul>\n\t\n\t\n\t\t\t<\/div>\n\n\t\t\n\n<\/section>\n\n\n\n\t\n\t\n\t\n\n\t\n\t\n\t\t\n<section  class=\"c-block l-stacked  \" data-color-scheme=\"standard_morkbeige-bakgrund\">\n\t<div class=\"ams-fifty ams-fifty--container ams-fifty--left ams-fifty--bottom l-container u-pt-fluid-2xl-4xl u-pb-fluid-2xl-4xl\">\n\t\t<div class=\"ams-fifty__content l-stack l-stack-xl is-left is-left@lg\">\n\t\t\t<div class=\"ams-fifty__text l-stack l-stack-lg\">\n\t\t\t\t\t\n\t<h1\n\tclass=\"c-heading u-font-title-1 \"\n\tstyle=\"\">\n\t\t\n\t\t\t\t\tMeritv\u00e4rde och meritpo\u00e4ng\n\t\t\t\t\n\t<\/h1>\n\n\t\t\t\t\t\t\t\t\t<div class=\"text l-stack u-font-body\">\n\t\t\t\t\t\t<p>Undrar du vilka meritv\u00e4rden som kr\u00e4vdes f\u00f6r att bli antagen? H\u00e4r hittar du tidigare antagningspo\u00e4ng f\u00f6r v\u00e5ra program och inriktningar p\u00e5 NTI Gymnasiet Stockholm. Meritv\u00e4rdena kan ge en bild av hur antagningen har sett ut de senaste \u00e5ren och vara ett bra st\u00f6d n\u00e4r du planerar ditt gymnasieval.<\/p>\n\n\t\t\t\t\t<\/div>\n\t\t\t\t\t\t\t<\/div>\n\n\t\t\t\t<div class=\"ams-fifty__action u-inline-items\">\n\t\t\t\t\t\t\t\n\n\n\n<a href=\"https:\/\/ntigymnasiet.se\/stockholm\/meritvarden\/\"\n\t\n\tclass=\"c-btn \"\n\tdata-style=\"rounded\"\n\tdata-size=\"md\"\n\tdata-width=\"full-mobile\"\n\tdata-variant=\"default\"\n\ttarget=\"_self\">\n\t\t\t<span class=\"label\"> Mer om meritpo\u00e4ng<\/span>\n\t\t\t\t\t\t\n\t<\/a>\n\t\t\t<\/div>\n\t\t<\/div>\n\n\t\t <div class=\"ams-fifty__media u-ratio-square\">\n\t\t \t\t\t\t\t<img decoding=\"async\" width=\"600\" height=\"600\" src=\"https:\/\/ntigymnasiet.se\/wp-content\/uploads\/sites\/16\/2026\/07\/ntihbg202605webbes0899-1-600x600.jpeg\" class=\"attachment-md size-md\" alt=\"Glada elever som bl\u00e4ddrar tillsammans i en bok.\" sizes=\"(min-width: 64em) 600px, calc(100vw - 160px)\" srcset=\"https:\/\/ntigymnasiet.se\/wp-content\/uploads\/sites\/16\/2026\/07\/ntihbg202605webbes0899-1-600x600.jpeg 600w, https:\/\/ntigymnasiet.se\/wp-content\/uploads\/sites\/16\/2026\/07\/ntihbg202605webbes0899-1-150x150.jpeg 150w, https:\/\/ntigymnasiet.se\/wp-content\/uploads\/sites\/16\/2026\/07\/ntihbg202605webbes0899-1-300x300.jpeg 300w, https:\/\/ntigymnasiet.se\/wp-content\/uploads\/sites\/16\/2026\/07\/ntihbg202605webbes0899-1-400x400.jpeg 400w, https:\/\/ntigymnasiet.se\/wp-content\/uploads\/sites\/16\/2026\/07\/ntihbg202605webbes0899-1-800x800.jpeg 800w, https:\/\/ntigymnasiet.se\/wp-content\/uploads\/sites\/16\/2026\/07\/ntihbg202605webbes0899-1-1024x1024.jpeg 1024w, https:\/\/ntigymnasiet.se\/wp-content\/uploads\/sites\/16\/2026\/07\/ntihbg202605webbes0899-1.jpeg 1200w\" \/>\n\t\t\t\n\t\t\t\n\t\t\t\t\t<\/div>\n\t<\/div>\n\n\t\t\n\n<\/section>\n\n\n\n<section  class=\"ams-cta ams-cta--stacked c-block l-stacked\" data-color-scheme=\"standard_ljusbeige-bakgrund\">\n\t<div class=\"l-container l-stack l-stack-fluid-2xl u-pt-fluid-3xl-6xl u-pb-fluid-3xl-6xl is-center is-center@md\">\n\t\t\t\t\t<div class=\"ams-cta__intro l-stack l-stack-lg\">\n\t\t\t\t\t\n\t<h2\n\tclass=\"c-heading u-font-title-1 \"\n\tstyle=\"\">\n\t\t\n\t\t\t\t\tV\u00e4lkommen till oss p\u00e5 \u00f6ppet hus!\n\t\t\t\t\n\t<\/h2>\n\n\t\t\t\t\t\t\t\t\t<div class=\"c-text l-stack u-cs-xl u-font-body\">\n\t\t\t\t\t\t<p>Det b\u00e4sta s\u00e4ttet att k\u00e4nna om en skola passar dig \u00e4r att bes\u00f6ka den. Tr\u00e4ffa elever och l\u00e4rare, st\u00e4ll fr\u00e5gor och f\u00e5 en k\u00e4nsla f\u00f6r vardagen p\u00e5 NTI Gymnasiet Stockholm. Sj\u00e4lvklart f\u00e5r du ta med dig b\u00e5de v\u00e5rdnadshavare och v\u00e4nner n\u00e4r du bes\u00f6ker oss!<\/p>\n\n\t\t\t\t\t<\/div>\n\t\t\t\t\t\t\t<\/div>\n\t\t\n\t\t\n\t\t\t<div class=\"ams-cta__action u-inline-items\">\n\t\t\t\t\t\t\t\n\n\n\n<a href=\"https:\/\/ntigymnasiet.se\/stockholm\/oppet-hus\/\"\n\t\n\tclass=\"c-btn \"\n\tdata-style=\"rounded\"\n\tdata-size=\"md\"\n\tdata-width=\"full-mobile\"\n\tdata-variant=\"default\"\n\ttarget=\"_self\">\n\t\t\t<span class=\"label\"> Anm\u00e4l dig till \u00f6ppet hus<\/span>\n\t\t\t\t\t\t\n\t<\/a>\n\t\t\t<\/div>\n\t<\/div>\n\n\t\t\n\n<\/section>\n\n\n\n<section  class=\"ams-courses-list c-block l-stacked\" data-color-scheme=\"kort_morkbeige-bakgrund\">\n\t<div class=\"l-container l-stack l-stack-fluid-2xl u-pt-fluid-3xl-6xl u-pb-fluid-3xl-6xl is-center is-center@md\">\n\t\t\t\t\t<div class=\"ams-courses-list__intro l-stack l-stack-lg\">\n\t\t\t\t\t\n\t<h2\n\tclass=\"c-heading u-font-title-1 \"\n\tstyle=\"\">\n\t\t\n\t\t\t\t\tUtforska fler av v\u00e5ra program\n\t\t\t\t\n\t<\/h2>\n\n\t\t\t\t\t\t\t<\/div>\n\t\t\n\t\t\n\t\t\t\n<ul class=\"ams-courses-list__list l-grid u-gap-fluid-2xl-4xl u-justify-center\">\n\t\t\t<li class=\"l-col-6@md l-col-4@lg\">\n\t\t\t<article class=\"\n\t\t\t\tc-card\n\t\t\t\t\n\t\t\t\thas-media-zoom\n\t\t\t\t\n\t\t\t\tu-shadow-lg\"\n\t\t\t\tdata-variant=\"border-top\"\n\t\t\t\tdata-style=\"square\"\n\t\t\t\tdata-click-area>\n\t\t\t\t<div class=\"c-card__content l-stack l-stack-sm\">\n\t\t\t\t\t\t\t\t\t\t\t<h3 class=\"c-card__title u-font-title-3\">\n\t\t\t\t\t\t\t\t\t\t\t\t\t\t\t<a class=\"c-card__title-link\" href=\"https:\/\/ntigymnasiet.se\/stockholm\/program\/el-och-energiprogrammet\/\">\n\t\t\t\t\t\t\t\t\tEl- och energiprogrammet\n\t\t\t\t\t\t\t\t<\/a>\n\t\t\t\t\t\t\t\t\t\t\t\t\t<\/h3>\n\t\t\t\t\t\n\t\t\t\t\t\n\t\t\t\t\t\t\t\t\t\t\t\t\t\t\t\t<ul class=\"c-card__list u-list-none l-stack-grow u-divider-top u-font-body\">\n\t\t\t\t\t\t\t\n\t\t\t\t\t\t\t\n\t\t\t\t\t\t\t\t<!-- Orientations within program -->\n\t\t\t\t\t\t\t\t\t\t\t\t\t\t\t\t<!-- .\/Orientations within program -->\n\n\t\t\t\t\t\t\t\t\t\t\t\t\t<\/ul>\n\n\t\t\t\t\t\t<div class=\"c-card__icon c-card__icon--nl\">\n\t\t\t\t\t\t\t\t\t\t\t\t\t\t<svg class=\"ams-icon ams-icon--arrow-right\" width=\"32\" height=\"32\" viewbox=\"0 0 32 32\" fill=\"currentColor\" aria-hidden=\"true\" xmlns=\"http:\/\/www.w3.org\/2000\/svg\">\n\t\t\t\t\t\t\t\t\t\t\t\t\t\t\t\t<path d=\"M15.4617 0.252159L14.9567 0.75931C14.6219 1.09545 14.6219 1.64048 14.9567 1.97669L27.7062 14.7806H0.857144C0.383786 14.7806 0 15.166 0 15.6414V16.3587C0 16.8341 0.383786 17.2195 0.857144 17.2195H27.7062L14.9567 30.0234C14.6219 30.3595 14.6219 30.9045 14.9567 31.2407L15.4617 31.7479C15.7964 32.084 16.3392 32.084 16.6739 31.7479L31.749 16.6087C32.0837 16.2725 32.0837 15.7275 31.749 15.3913L16.6739 0.252159C16.3392 -0.084053 15.7964 -0.084053 15.4617 0.252159Z\"\/>\n\t\t\t\t\t\t\t\n\t\t\t\t\t\t\t<\/svg>\n\t\t\t\t\t\t<\/div>\n\t\t\t\t\t\t\t\t\t<\/div>\n\t\t\t\t<div class=\"c-card__media \" style=\" \">\n\t\t\t\t\t<img decoding=\"async\" width=\"400\" height=\"400\" src=\"https:\/\/ntigymnasiet.se\/wp-content\/uploads\/sites\/16\/2026\/07\/ntigbgjohanneberg202605webbee0457-400x400.jpeg\" class=\"attachment-sm size-sm wp-post-image\" alt=\"Elev antecknar medan en l\u00e4rare visar serverutrustning f\u00f6r tv\u00e5 elever.\" sizes=\"(min-width: 64em) 300px, (min-width: 48em) calc(.50 * (100vw - 240px)), calc(100vw - 160px)\" srcset=\"https:\/\/ntigymnasiet.se\/wp-content\/uploads\/sites\/16\/2026\/07\/ntigbgjohanneberg202605webbee0457-400x400.jpeg 400w, https:\/\/ntigymnasiet.se\/wp-content\/uploads\/sites\/16\/2026\/07\/ntigbgjohanneberg202605webbee0457-150x150.jpeg 150w, https:\/\/ntigymnasiet.se\/wp-content\/uploads\/sites\/16\/2026\/07\/ntigbgjohanneberg202605webbee0457-300x300.jpeg 300w, https:\/\/ntigymnasiet.se\/wp-content\/uploads\/sites\/16\/2026\/07\/ntigbgjohanneberg202605webbee0457-600x600.jpeg 600w, https:\/\/ntigymnasiet.se\/wp-content\/uploads\/sites\/16\/2026\/07\/ntigbgjohanneberg202605webbee0457-800x800.jpeg 800w, https:\/\/ntigymnasiet.se\/wp-content\/uploads\/sites\/16\/2026\/07\/ntigbgjohanneberg202605webbee0457-1024x1024.jpeg 1024w, https:\/\/ntigymnasiet.se\/wp-content\/uploads\/sites\/16\/2026\/07\/ntigbgjohanneberg202605webbee0457.jpeg 1200w\" \/>\n\t\t\t\t<\/div>\n\t\t\t<\/article>\n\t\t<\/li>\n\t\t\t<li class=\"l-col-6@md l-col-4@lg\">\n\t\t\t<article class=\"\n\t\t\t\tc-card\n\t\t\t\t\n\t\t\t\thas-media-zoom\n\t\t\t\t\n\t\t\t\tu-shadow-lg\"\n\t\t\t\tdata-variant=\"border-top\"\n\t\t\t\tdata-style=\"square\"\n\t\t\t\tdata-click-area>\n\t\t\t\t<div class=\"c-card__content l-stack l-stack-sm\">\n\t\t\t\t\t\t\t\t\t\t\t<h3 class=\"c-card__title u-font-title-3\">\n\t\t\t\t\t\t\t\t\t\t\t\t\t\t\t<a class=\"c-card__title-link\" href=\"https:\/\/ntigymnasiet.se\/stockholm\/program\/gymnasieingenjorsprogrammet\/\">\n\t\t\t\t\t\t\t\t\tGymnasieingenj\u00f6r\n\t\t\t\t\t\t\t\t<\/a>\n\t\t\t\t\t\t\t\t\t\t\t\t\t<\/h3>\n\t\t\t\t\t\n\t\t\t\t\t\n\t\t\t\t\t\t\t\t\t\t\t\t\t\t\t\t<ul class=\"c-card__list u-list-none l-stack-grow u-divider-top u-font-body\">\n\t\t\t\t\t\t\t\n\t\t\t\t\t\t\t\n\t\t\t\t\t\t\t\t<!-- Orientations within program -->\n\t\t\t\t\t\t\t\t\t\t\t\t\t\t\t\t<!-- .\/Orientations within program -->\n\n\t\t\t\t\t\t\t\t\t\t\t\t\t<\/ul>\n\n\t\t\t\t\t\t<div class=\"c-card__icon c-card__icon--nl\">\n\t\t\t\t\t\t\t\t\t\t\t\t\t\t<svg class=\"ams-icon ams-icon--arrow-right\" width=\"32\" height=\"32\" viewbox=\"0 0 32 32\" fill=\"currentColor\" aria-hidden=\"true\" xmlns=\"http:\/\/www.w3.org\/2000\/svg\">\n\t\t\t\t\t\t\t\t\t\t\t\t\t\t\t\t<path d=\"M15.4617 0.252159L14.9567 0.75931C14.6219 1.09545 14.6219 1.64048 14.9567 1.97669L27.7062 14.7806H0.857144C0.383786 14.7806 0 15.166 0 15.6414V16.3587C0 16.8341 0.383786 17.2195 0.857144 17.2195H27.7062L14.9567 30.0234C14.6219 30.3595 14.6219 30.9045 14.9567 31.2407L15.4617 31.7479C15.7964 32.084 16.3392 32.084 16.6739 31.7479L31.749 16.6087C32.0837 16.2725 32.0837 15.7275 31.749 15.3913L16.6739 0.252159C16.3392 -0.084053 15.7964 -0.084053 15.4617 0.252159Z\"\/>\n\t\t\t\t\t\t\t\n\t\t\t\t\t\t\t<\/svg>\n\t\t\t\t\t\t<\/div>\n\t\t\t\t\t\t\t\t\t<\/div>\n\t\t\t\t<div class=\"c-card__media \" style=\" \">\n\t\t\t\t\t<img decoding=\"async\" width=\"400\" height=\"400\" src=\"https:\/\/ntigymnasiet.se\/wp-content\/uploads\/sites\/16\/2026\/07\/ntigbgjohanneberg202605webbte40721-400x400.jpeg\" class=\"attachment-sm size-sm wp-post-image\" alt=\"En l\u00e4rare som tittar p\u00e5 n\u00e4r en elev programmerar.\" sizes=\"(min-width: 64em) 300px, (min-width: 48em) calc(.50 * (100vw - 240px)), calc(100vw - 160px)\" srcset=\"https:\/\/ntigymnasiet.se\/wp-content\/uploads\/sites\/16\/2026\/07\/ntigbgjohanneberg202605webbte40721-400x400.jpeg 400w, https:\/\/ntigymnasiet.se\/wp-content\/uploads\/sites\/16\/2026\/07\/ntigbgjohanneberg202605webbte40721-150x150.jpeg 150w, https:\/\/ntigymnasiet.se\/wp-content\/uploads\/sites\/16\/2026\/07\/ntigbgjohanneberg202605webbte40721-300x300.jpeg 300w, https:\/\/ntigymnasiet.se\/wp-content\/uploads\/sites\/16\/2026\/07\/ntigbgjohanneberg202605webbte40721-600x600.jpeg 600w, https:\/\/ntigymnasiet.se\/wp-content\/uploads\/sites\/16\/2026\/07\/ntigbgjohanneberg202605webbte40721-800x800.jpeg 800w, https:\/\/ntigymnasiet.se\/wp-content\/uploads\/sites\/16\/2026\/07\/ntigbgjohanneberg202605webbte40721-1024x1024.jpeg 1024w, https:\/\/ntigymnasiet.se\/wp-content\/uploads\/sites\/16\/2026\/07\/ntigbgjohanneberg202605webbte40721.jpeg 1200w\" \/>\n\t\t\t\t<\/div>\n\t\t\t<\/article>\n\t\t<\/li>\n\t\t\t<li class=\"l-col-6@md l-col-4@lg\">\n\t\t\t<article class=\"\n\t\t\t\tc-card\n\t\t\t\t\n\t\t\t\thas-media-zoom\n\t\t\t\t\n\t\t\t\tu-shadow-lg\"\n\t\t\t\tdata-variant=\"border-top\"\n\t\t\t\tdata-style=\"square\"\n\t\t\t\tdata-click-area>\n\t\t\t\t<div class=\"c-card__content l-stack l-stack-sm\">\n\t\t\t\t\t\t\t\t\t\t\t<h3 class=\"c-card__title u-font-title-3\">\n\t\t\t\t\t\t\t\t\t\t\t\t\t\t\t<a class=\"c-card__title-link\" href=\"https:\/\/ntigymnasiet.se\/stockholm\/program\/teknikprogrammet\/\">\n\t\t\t\t\t\t\t\t\tTeknikprogrammet\n\t\t\t\t\t\t\t\t<\/a>\n\t\t\t\t\t\t\t\t\t\t\t\t\t<\/h3>\n\t\t\t\t\t\n\t\t\t\t\t\n\t\t\t\t\t\t\t\t\t\t\t\t\t\t\t\t<ul class=\"c-card__list u-list-none l-stack-grow u-divider-top u-font-body\">\n\t\t\t\t\t\t\t\n\t\t\t\t\t\t\t\n\t\t\t\t\t\t\t\t<!-- Orientations within program -->\n\t\t\t\t\t\t\t\t\t\t\t\t\t\t\t\t<!-- .\/Orientations within program -->\n\n\t\t\t\t\t\t\t\t\t\t\t\t\t<\/ul>\n\n\t\t\t\t\t\t<div class=\"c-card__icon c-card__icon--nl\">\n\t\t\t\t\t\t\t\t\t\t\t\t\t\t<svg class=\"ams-icon ams-icon--arrow-right\" width=\"32\" height=\"32\" viewbox=\"0 0 32 32\" fill=\"currentColor\" aria-hidden=\"true\" xmlns=\"http:\/\/www.w3.org\/2000\/svg\">\n\t\t\t\t\t\t\t\t\t\t\t\t\t\t\t\t<path d=\"M15.4617 0.252159L14.9567 0.75931C14.6219 1.09545 14.6219 1.64048 14.9567 1.97669L27.7062 14.7806H0.857144C0.383786 14.7806 0 15.166 0 15.6414V16.3587C0 16.8341 0.383786 17.2195 0.857144 17.2195H27.7062L14.9567 30.0234C14.6219 30.3595 14.6219 30.9045 14.9567 31.2407L15.4617 31.7479C15.7964 32.084 16.3392 32.084 16.6739 31.7479L31.749 16.6087C32.0837 16.2725 32.0837 15.7275 31.749 15.3913L16.6739 0.252159C16.3392 -0.084053 15.7964 -0.084053 15.4617 0.252159Z\"\/>\n\t\t\t\t\t\t\t\n\t\t\t\t\t\t\t<\/svg>\n\t\t\t\t\t\t<\/div>\n\t\t\t\t\t\t\t\t\t<\/div>\n\t\t\t\t<div class=\"c-card__media \" style=\" \">\n\t\t\t\t\t<img decoding=\"async\" width=\"400\" height=\"400\" src=\"https:\/\/ntigymnasiet.se\/wp-content\/uploads\/sites\/16\/2026\/07\/ntigbgjohanneberg202605webbmakerspace0391-400x400.jpeg\" class=\"attachment-sm size-sm wp-post-image\" alt=\"Elever i skolans Makerspace som testar sig fram och f\u00e5r hj\u00e4lp av l\u00e4rare.\" sizes=\"(min-width: 64em) 300px, (min-width: 48em) calc(.50 * (100vw - 240px)), calc(100vw - 160px)\" srcset=\"https:\/\/ntigymnasiet.se\/wp-content\/uploads\/sites\/16\/2026\/07\/ntigbgjohanneberg202605webbmakerspace0391-400x400.jpeg 400w, https:\/\/ntigymnasiet.se\/wp-content\/uploads\/sites\/16\/2026\/07\/ntigbgjohanneberg202605webbmakerspace0391-150x150.jpeg 150w, https:\/\/ntigymnasiet.se\/wp-content\/uploads\/sites\/16\/2026\/07\/ntigbgjohanneberg202605webbmakerspace0391-300x300.jpeg 300w, https:\/\/ntigymnasiet.se\/wp-content\/uploads\/sites\/16\/2026\/07\/ntigbgjohanneberg202605webbmakerspace0391-600x600.jpeg 600w, https:\/\/ntigymnasiet.se\/wp-content\/uploads\/sites\/16\/2026\/07\/ntigbgjohanneberg202605webbmakerspace0391-800x800.jpeg 800w, https:\/\/ntigymnasiet.se\/wp-content\/uploads\/sites\/16\/2026\/07\/ntigbgjohanneberg202605webbmakerspace0391-1024x1024.jpeg 1024w, https:\/\/ntigymnasiet.se\/wp-content\/uploads\/sites\/16\/2026\/07\/ntigbgjohanneberg202605webbmakerspace0391.jpeg 1200w\" \/>\n\t\t\t\t<\/div>\n\t\t\t<\/article>\n\t\t<\/li>\n\t<\/ul>\n\t\n\n\t\t\t<div class=\"ams-courses-list__action u-inline-items\">\n\t\t\t\t\t\t\t\n\n\n\n<a href=\"https:\/\/ntigymnasiet.se\/stockholm\/program\/\"\n\t\n\tclass=\"c-btn \"\n\tdata-style=\"rounded\"\n\tdata-size=\"md\"\n\tdata-width=\"full-mobile\"\n\tdata-variant=\"default\"\n\ttarget=\"_self\">\n\t\t\t<span class=\"label\"> Se alla v\u00e5ra program<\/span>\n\t\t\t\t\t\t\n\t<\/a>\n\t\t\t<\/div>\n\t<\/div>\n\n\t\t\n\n<\/section>\n","protected":false},"excerpt":{"rendered":"","protected":false},"featured_media":3737,"parent":0,"menu_order":4,"template":"","yoast_head":"<!-- This site is optimized with the Yoast SEO plugin v22.0 - https:\/\/yoast.com\/wordpress\/plugins\/seo\/ -->\n<title>Plugga Estetiska programmet i Stockholm Odenplan - NTI Gymnasiet<\/title>\n<meta name=\"description\" content=\"\u00c4r du kreativ och gillar att skapa digital design? H\u00e4r f\u00e5r du \u00e4gna dig \u00e5t din passion samtidigt som du f\u00e5r h\u00f6gskolebeh\u00f6righet.\" \/>\n<meta name=\"robots\" content=\"index, follow, max-snippet:-1, max-image-preview:large, max-video-preview:-1\" \/>\n<link rel=\"canonical\" href=\"https:\/\/ntigymnasiet.se\/stockholm\/program\/estetiska-programmet\/\" \/>\n<meta property=\"og:locale\" content=\"sv_SE\" \/>\n<meta property=\"og:type\" content=\"article\" \/>\n<meta property=\"og:title\" content=\"Plugga Estetiska programmet i Stockholm Odenplan - NTI Gymnasiet\" \/>\n<meta property=\"og:description\" content=\"\u00c4r du kreativ och gillar att skapa digital design? H\u00e4r f\u00e5r du \u00e4gna dig \u00e5t din passion samtidigt som du f\u00e5r h\u00f6gskolebeh\u00f6righet.\" \/>\n<meta property=\"og:url\" content=\"https:\/\/ntigymnasiet.se\/stockholm\/program\/estetiska-programmet\/\" \/>\n<meta property=\"og:site_name\" content=\"Stockholm\" \/>\n<meta property=\"article:modified_time\" content=\"2026-08-28T08:40:37+00:00\" \/>\n<meta property=\"og:image\" content=\"https:\/\/ntigymnasiet.se\/wp-content\/uploads\/sites\/16\/2026\/07\/ntihbg202605webbes0660-1200x630.jpeg\" \/>\n\t<meta property=\"og:image:width\" content=\"1200\" \/>\n\t<meta property=\"og:image:height\" content=\"630\" \/>\n\t<meta property=\"og:image:type\" content=\"image\/jpeg\" \/>\n<meta name=\"twitter:card\" content=\"summary_large_image\" \/>\n<meta name=\"twitter:title\" content=\"Plugga Estetiska programmet i Stockholm Odenplan - NTI Gymnasiet\" \/>\n<meta name=\"twitter:description\" content=\"\u00c4r du kreativ och gillar att skapa digital design? H\u00e4r f\u00e5r du \u00e4gna dig \u00e5t din passion samtidigt som du f\u00e5r h\u00f6gskolebeh\u00f6righet.\" \/>\n<meta name=\"twitter:image\" content=\"https:\/\/ntigymnasiet.se\/wp-content\/uploads\/sites\/16\/2026\/07\/ntihbg202605webbes0660-1200x630.jpeg\" \/>\n<meta name=\"twitter:label1\" content=\"Est. reading time\" \/>\n\t<meta name=\"twitter:data1\" content=\"2 minuter\" \/>\n<script type=\"application\/ld+json\" class=\"yoast-schema-graph\">{\"@context\":\"https:\/\/schema.org\",\"@graph\":[{\"@type\":\"WebPage\",\"@id\":\"https:\/\/ntigymnasiet.se\/stockholm\/program\/estetiska-programmet\/\",\"url\":\"https:\/\/ntigymnasiet.se\/stockholm\/program\/estetiska-programmet\/\",\"name\":\"Plugga Estetiska programmet i Stockholm Odenplan - NTI Gymnasiet\",\"isPartOf\":{\"@id\":\"https:\/\/ntigymnasiet.se\/stockholm\/#website\"},\"datePublished\":\"2023-05-12T12:12:13+00:00\",\"dateModified\":\"2026-08-28T08:40:37+00:00\",\"description\":\"\u00c4r du kreativ och gillar att skapa digital design? H\u00e4r f\u00e5r du \u00e4gna dig \u00e5t din passion samtidigt som du f\u00e5r h\u00f6gskolebeh\u00f6righet.\",\"breadcrumb\":{\"@id\":\"https:\/\/ntigymnasiet.se\/stockholm\/program\/estetiska-programmet\/#breadcrumb\"},\"inLanguage\":\"sv-SE\",\"potentialAction\":[{\"@type\":\"ReadAction\",\"target\":[\"https:\/\/ntigymnasiet.se\/stockholm\/program\/estetiska-programmet\/\"]}]},{\"@type\":\"BreadcrumbList\",\"@id\":\"https:\/\/ntigymnasiet.se\/stockholm\/program\/estetiska-programmet\/#breadcrumb\",\"itemListElement\":[{\"@type\":\"ListItem\",\"position\":1,\"name\":\"Start\",\"item\":\"https:\/\/ntigymnasiet.se\/stockholm\"},{\"@type\":\"ListItem\",\"position\":2,\"name\":\"V\u00e5ra program\"}]},{\"@type\":\"WebSite\",\"@id\":\"https:\/\/ntigymnasiet.se\/stockholm\/#website\",\"url\":\"https:\/\/ntigymnasiet.se\/stockholm\/\",\"name\":\"Stockholm\",\"description\":\"Just another WordPress site\",\"potentialAction\":[{\"@type\":\"SearchAction\",\"target\":{\"@type\":\"EntryPoint\",\"urlTemplate\":\"https:\/\/ntigymnasiet.se\/stockholm\/?s={search_term_string}\"},\"query-input\":\"required name=search_term_string\"}],\"inLanguage\":\"sv-SE\"}]}<\/script>\n<!-- \/ Yoast SEO plugin. -->","yoast_head_json":{"title":"Plugga Estetiska programmet i Stockholm Odenplan - NTI Gymnasiet","description":"\u00c4r du kreativ och gillar att skapa digital design? H\u00e4r f\u00e5r du \u00e4gna dig \u00e5t din passion samtidigt som du f\u00e5r h\u00f6gskolebeh\u00f6righet.","robots":{"index":"index","follow":"follow","max-snippet":"max-snippet:-1","max-image-preview":"max-image-preview:large","max-video-preview":"max-video-preview:-1"},"canonical":"https:\/\/ntigymnasiet.se\/stockholm\/program\/estetiska-programmet\/","og_locale":"sv_SE","og_type":"article","og_title":"Plugga Estetiska programmet i Stockholm Odenplan - NTI Gymnasiet","og_description":"\u00c4r du kreativ och gillar att skapa digital design? H\u00e4r f\u00e5r du \u00e4gna dig \u00e5t din passion samtidigt som du f\u00e5r h\u00f6gskolebeh\u00f6righet.","og_url":"https:\/\/ntigymnasiet.se\/stockholm\/program\/estetiska-programmet\/","og_site_name":"Stockholm","article_modified_time":"2026-08-28T08:40:37+00:00","og_image":[{"width":1200,"height":630,"url":"https:\/\/ntigymnasiet.se\/wp-content\/uploads\/sites\/16\/2026\/07\/ntihbg202605webbes0660-1200x630.jpeg","type":"image\/jpeg"}],"twitter_card":"summary_large_image","twitter_title":"Plugga Estetiska programmet i Stockholm Odenplan - NTI Gymnasiet","twitter_description":"\u00c4r du kreativ och gillar att skapa digital design? H\u00e4r f\u00e5r du \u00e4gna dig \u00e5t din passion samtidigt som du f\u00e5r h\u00f6gskolebeh\u00f6righet.","twitter_image":"https:\/\/ntigymnasiet.se\/wp-content\/uploads\/sites\/16\/2026\/07\/ntihbg202605webbes0660-1200x630.jpeg","twitter_misc":{"Est. reading time":"2 minuter"},"schema":{"@context":"https:\/\/schema.org","@graph":[{"@type":"WebPage","@id":"https:\/\/ntigymnasiet.se\/stockholm\/program\/estetiska-programmet\/","url":"https:\/\/ntigymnasiet.se\/stockholm\/program\/estetiska-programmet\/","name":"Plugga Estetiska programmet i Stockholm Odenplan - NTI Gymnasiet","isPartOf":{"@id":"https:\/\/ntigymnasiet.se\/stockholm\/#website"},"datePublished":"2023-05-12T12:12:13+00:00","dateModified":"2026-08-28T08:40:37+00:00","description":"\u00c4r du kreativ och gillar att skapa digital design? H\u00e4r f\u00e5r du \u00e4gna dig \u00e5t din passion samtidigt som du f\u00e5r h\u00f6gskolebeh\u00f6righet.","breadcrumb":{"@id":"https:\/\/ntigymnasiet.se\/stockholm\/program\/estetiska-programmet\/#breadcrumb"},"inLanguage":"sv-SE","potentialAction":[{"@type":"ReadAction","target":["https:\/\/ntigymnasiet.se\/stockholm\/program\/estetiska-programmet\/"]}]},{"@type":"BreadcrumbList","@id":"https:\/\/ntigymnasiet.se\/stockholm\/program\/estetiska-programmet\/#breadcrumb","itemListElement":[{"@type":"ListItem","position":1,"name":"Start","item":"https:\/\/ntigymnasiet.se\/stockholm"},{"@type":"ListItem","position":2,"name":"V\u00e5ra program"}]},{"@type":"WebSite","@id":"https:\/\/ntigymnasiet.se\/stockholm\/#website","url":"https:\/\/ntigymnasiet.se\/stockholm\/","name":"Stockholm","description":"Just another WordPress site","potentialAction":[{"@type":"SearchAction","target":{"@type":"EntryPoint","urlTemplate":"https:\/\/ntigymnasiet.se\/stockholm\/?s={search_term_string}"},"query-input":"required name=search_term_string"}],"inLanguage":"sv-SE"}]}},"_links":{"self":[{"href":"https:\/\/ntigymnasiet.se\/stockholm\/wp-json\/wp\/v2\/program_orientation\/1009"}],"collection":[{"href":"https:\/\/ntigymnasiet.se\/stockholm\/wp-json\/wp\/v2\/program_orientation"}],"about":[{"href":"https:\/\/ntigymnasiet.se\/stockholm\/wp-json\/wp\/v2\/types\/program_orientation"}],"version-history":[{"count":10,"href":"https:\/\/ntigymnasiet.se\/stockholm\/wp-json\/wp\/v2\/program_orientation\/1009\/revisions"}],"predecessor-version":[{"id":4102,"href":"https:\/\/ntigymnasiet.se\/stockholm\/wp-json\/wp\/v2\/program_orientation\/1009\/revisions\/4102"}],"wp:featuredmedia":[{"embeddable":true,"href":"https:\/\/ntigymnasiet.se\/stockholm\/wp-json\/wp\/v2\/media\/3737"}],"wp:attachment":[{"href":"https:\/\/ntigymnasiet.se\/stockholm\/wp-json\/wp\/v2\/media?parent=1009"}],"curies":[{"name":"wp","href":"https:\/\/api.w.org\/{rel}","templated":true}]}}