{"id":1573,"date":"2025-02-11T11:40:35","date_gmt":"2025-02-11T10:40:35","guid":{"rendered":"https:\/\/ntigymnasiet.se\/umea\/?post_type=testimonial&#038;p=1573"},"modified":"2026-02-12T16:27:47","modified_gmt":"2026-02-12T15:27:47","slug":"estetprogrammet-elias","status":"publish","type":"testimonial","link":"https:\/\/ntigymnasiet.se\/umea\/elevintervjuer\/estetprogrammet-elias\/","title":{"rendered":"Estetprogrammet Elias"},"content":{"rendered":"\n\t<style>\n\t\t.inner {\n\n\t\t\tmargin: 0 auto;\n\t\t}\n\t<\/style>\n\t<div\n\t\t class=\"container images-module\" >\n\t\t<div   class=\"row images_module__slideshow\">\n\n\t\t\t<div\n\t\t\t\t class=\"col-md-8 offset-md-2 p-0 position-relative images_module__slideshow images_module__slideshow-container  \">\n\t\t\t\t<div class=\"images_module__slide\" data-slide=\"\"\n\t\t\t\t\t data-duration=\"\"><\/div>\n\t\t\t\t\t\t\t\t\t<div\n\t\t\t\t\t\t class=\"images_module__slides\n\n\t\t\t\t\t   \"\n\t\t\t\t\t>\n\n\n\t\t\t\t\t\t<div class=\"images__wrapper\" style=\"aspect-ratio: 851 \/ 531;\">\n\t\t\t\t\t\t\t<img decoding=\"async\" width=\"357\" height=\"277\" src=\"https:\/\/ntigymnasiet.se\/wp-content\/uploads\/sites\/21\/2025\/02\/elias-1.png\" class=\"images__image_ratio  \" alt=\"Eleven Elias.\" style=\"aspect-ratio: 851 \/ 531;object-position: center center;\" srcset=\"https:\/\/ntigymnasiet.se\/wp-content\/uploads\/sites\/21\/2025\/02\/elias-1.png 357w, https:\/\/ntigymnasiet.se\/wp-content\/uploads\/sites\/21\/2025\/02\/elias-1-300x233.png 300w\" sizes=\"(max-width: 357px) 100vw, 357px\" \/>\t\t\t\t\t\t<\/div>\n\n\t\t\t\t\t\t\n\t\t\t\t\t\t\t\t\t\t\t<\/div>\n\t\t\t\t\n\t\t\t\t<div class=\"images_module__container_dot\">\n\t\t\t\t\t<div style=\"text-align:center\">\n\t\t\t\t\t\t\t\t\t\t\t\t\t<span   data-i=\"0\"\n\t\t\t\t\t\t\t\t  class=\"\n\t\t\t\t\t\t\timages_module__dot\n\t\t\t\t\t\t\t\t\t\t\t\t\t\t\"\n\t\t\t\t\t\t\t><\/span>\n\t\t\t\t\t\t\t\t\t\t\t<\/div>\n\t\t\t\t<\/div>\n\n\n\t\t\t<\/div>\n\t\t<\/div>\n\t<\/div>\n\n\t\n\n\n<script>\n\tvar images_display_descriptive_text = \"\";\n<\/script>\n\n\n\n<h1 class=\"wp-block-heading\">&#8221;Det b\u00e4sta med min utbildning \u00e4r friheten. Estetprogrammet \u00e4r ganska fritt och vi f\u00e5r sj\u00e4lva best\u00e4mma hur vi vill g\u00f6ra v\u00e5ra uppgifter s\u00e5 l\u00e4nge vi m\u00f6ter kriterierna i dem.&#8221;<\/h1>\n\n\n\n<p   class=\"site__ingress container text-left  site__text-color--dark  site__free_text--ingress p-0\">\n\tIdag ska ni f\u00e5 tr\u00e4ffa Elias som g\u00e5r andra \u00e5ret p\u00e5 NTI Gymnasiet Ume\u00e5.<\/p>\n\n\n\n\n\n<h3 class=\"wp-block-heading\"><strong>Hej Elias, vilket program g\u00e5r du?<\/strong><\/h3>\n\n\n\n<p>Hej! Jag g\u00e5r <a href=\"https:\/\/ntigymnasiet.se\/umea\/program\/estetiska-programmet\/\">Estetiska programmet.<\/a><\/p>\n\n\n\n<h3 class=\"wp-block-heading\"><strong>Varf\u00f6r valde du NTI Gymnasiet Ume\u00e5?<\/strong> &nbsp;<\/h3>\n\n\n\n<p>Anledningen till att jag valde NTI Gymnasiet Ume\u00e5 och inte n\u00e5gon annan skola var tekniken och hur teknisk skolan var och att&nbsp;de anv\u00e4nder olika sorters teknik f\u00f6r att utbilda eleverna.<\/p>\n\n\n\n<h3 class=\"wp-block-heading\"><strong>Vad f\u00e5r du l\u00e4ra dig p\u00e5 ditt program?<\/strong><\/h3>\n\n\n\n<p>P\u00e5 mitt program s\u00e5 f\u00e5r vi l\u00e4ra oss hur man kan anv\u00e4nda de olika Adobe programmen som till exempel Photoshop f\u00f6r att skapa olika konstverk. Vi f\u00e5r ocks\u00e5 l\u00e4ra oss hur man anv\u00e4nder kameror och ritplattor.<\/p>\n\n\n\n<h3 class=\"wp-block-heading\"><strong>Vad \u00e4r det b\u00e4sta med din utbildning?&nbsp;<\/strong><\/h3>\n\n\n\n<p>Det b\u00e4sta med min utbildning \u00e4r friheten. Estetprogrammet \u00e4r ganska fritt och vi f\u00e5r sj\u00e4lva best\u00e4mma hur vi vill g\u00f6ra v\u00e5ra uppgifter s\u00e5 l\u00e4nge vi m\u00f6ter kriterierna i dem.<\/p>\n\n\n\n<h3 class=\"wp-block-heading\"><strong>Har du n\u00e5gra tips inf\u00f6r gymnasievalet?&nbsp;<\/strong><\/h3>\n\n\n\n<p>Det b\u00e4sta tipset som jag har n\u00e4r det kommer till att v\u00e4lja gymnasium \u00e4r att g\u00e5 p\u00e5 <a href=\"https:\/\/ntigymnasiet.se\/umea\/oppet-hus\/\">\u00f6ppet hus<\/a> eftersom att d\u00e5 f\u00e5r du en inblick p\u00e5 hur skolan ser ut och hur vi jobbar. Sen s\u00e5 \u00e4r det ocks\u00e5 viktigt att du v\u00e4ljer ett gymnasium och en linje som DU vill g\u00e5, s\u00e5 v\u00e4lj inte en linje som du inte vill g\u00e5 bara f\u00f6r att din kompis vill g\u00e5 den.<\/p>\n\n\n\n<h3 class=\"wp-block-heading\"><strong>Hur ser din framtid ut efter studenten om du sj\u00e4lv f\u00e5r v\u00e4lja?&nbsp;<\/strong><\/h3>\n\n\n\n<p>Mitt program \u00e4r ju h\u00f6gskolef\u00f6rberedande s\u00e5 efter studenten ska jag f\u00f6rmodligen b\u00f6rja plugga p\u00e5 universitet och v\u00e4lja n\u00e5gon estetisk inriktning s\u00e5 att jag kan jobba med det i framtiden.<\/p>\n\n\n\n<h4 class=\"wp-block-heading\">Lycka till med de framtida studierna Elias!<\/h4>\n","protected":false},"featured_media":0,"template":"","testimonial_category":[12],"yoast_head":"<!-- This site is optimized with the Yoast SEO plugin v22.0 - https:\/\/yoast.com\/wordpress\/plugins\/seo\/ -->\n<title>Ume\u00e5<\/title>\n<meta name=\"description\" content=\"Elias g\u00e5r andra \u00e5ret p\u00e5 estetiska programmet p\u00e5 NTI Gymnasiet Ume\u00e5. I denna intervju ber\u00e4ttar han om programmet och sina b\u00e4sta tips.\" \/>\n<meta name=\"robots\" content=\"index, follow, max-snippet:-1, max-image-preview:large, max-video-preview:-1\" \/>\n<link rel=\"canonical\" href=\"https:\/\/ntigymnasiet.se\/umea\/elevintervjuer\/estetprogrammet-elias\/\" \/>\n<meta property=\"og:locale\" content=\"sv_SE\" \/>\n<meta property=\"og:type\" content=\"article\" \/>\n<meta property=\"og:description\" content=\"Elias g\u00e5r andra \u00e5ret p\u00e5 estetiska programmet p\u00e5 NTI Gymnasiet Ume\u00e5. I denna intervju ber\u00e4ttar han om programmet och sina b\u00e4sta tips.\" \/>\n<meta property=\"og:url\" content=\"https:\/\/ntigymnasiet.se\/umea\/elevintervjuer\/estetprogrammet-elias\/\" \/>\n<meta property=\"og:site_name\" content=\"Ume\u00e5\" \/>\n<meta property=\"article:modified_time\" content=\"2026-02-12T15:27:47+00:00\" \/>\n<meta name=\"twitter:card\" content=\"summary_large_image\" \/>\n<meta name=\"twitter:description\" content=\"Elias g\u00e5r andra \u00e5ret p\u00e5 estetiska programmet p\u00e5 NTI Gymnasiet Ume\u00e5. I denna intervju ber\u00e4ttar han om programmet och sina b\u00e4sta tips.\" \/>\n<meta name=\"twitter:image\" content=\"https:\/\/ntigymnasiet.se\/wp-content\/uploads\/sites\/21\/2025\/02\/elias-1.png\" \/>\n<meta name=\"twitter:label1\" content=\"Est. reading time\" \/>\n\t<meta name=\"twitter:data1\" content=\"2 minuter\" \/>\n<script type=\"application\/ld+json\" class=\"yoast-schema-graph\">{\"@context\":\"https:\/\/schema.org\",\"@graph\":[{\"@type\":\"WebPage\",\"@id\":\"https:\/\/ntigymnasiet.se\/umea\/elevintervjuer\/estetprogrammet-elias\/\",\"url\":\"https:\/\/ntigymnasiet.se\/umea\/elevintervjuer\/estetprogrammet-elias\/\",\"name\":\"Estetprogrammet Elias - Ume\u00e5\",\"isPartOf\":{\"@id\":\"https:\/\/ntigymnasiet.se\/umea\/#website\"},\"datePublished\":\"2025-02-11T10:40:35+00:00\",\"dateModified\":\"2026-02-12T15:27:47+00:00\",\"description\":\"Elias g\u00e5r andra \u00e5ret p\u00e5 estetiska programmet p\u00e5 NTI Gymnasiet Ume\u00e5. I denna intervju ber\u00e4ttar han om programmet och sina b\u00e4sta tips.\",\"breadcrumb\":{\"@id\":\"https:\/\/ntigymnasiet.se\/umea\/elevintervjuer\/estetprogrammet-elias\/#breadcrumb\"},\"inLanguage\":\"sv-SE\",\"potentialAction\":[{\"@type\":\"ReadAction\",\"target\":[\"https:\/\/ntigymnasiet.se\/umea\/elevintervjuer\/estetprogrammet-elias\/\"]}]},{\"@type\":\"BreadcrumbList\",\"@id\":\"https:\/\/ntigymnasiet.se\/umea\/elevintervjuer\/estetprogrammet-elias\/#breadcrumb\",\"itemListElement\":[{\"@type\":\"ListItem\",\"position\":1,\"name\":\"Start\",\"item\":\"https:\/\/ntigymnasiet.se\/umea\"},{\"@type\":\"ListItem\",\"position\":2,\"name\":\"Elevintervjuer\"}]},{\"@type\":\"WebSite\",\"@id\":\"https:\/\/ntigymnasiet.se\/umea\/#website\",\"url\":\"https:\/\/ntigymnasiet.se\/umea\/\",\"name\":\"Ume\u00e5\",\"description\":\"Just another WordPress site\",\"potentialAction\":[{\"@type\":\"SearchAction\",\"target\":{\"@type\":\"EntryPoint\",\"urlTemplate\":\"https:\/\/ntigymnasiet.se\/umea\/?s={search_term_string}\"},\"query-input\":\"required name=search_term_string\"}],\"inLanguage\":\"sv-SE\"}]}<\/script>\n<!-- \/ Yoast SEO plugin. -->","yoast_head_json":{"title":"Ume\u00e5","description":"Elias g\u00e5r andra \u00e5ret p\u00e5 estetiska programmet p\u00e5 NTI Gymnasiet Ume\u00e5. I denna intervju ber\u00e4ttar han om programmet och sina b\u00e4sta tips.","robots":{"index":"index","follow":"follow","max-snippet":"max-snippet:-1","max-image-preview":"max-image-preview:large","max-video-preview":"max-video-preview:-1"},"canonical":"https:\/\/ntigymnasiet.se\/umea\/elevintervjuer\/estetprogrammet-elias\/","og_locale":"sv_SE","og_type":"article","og_description":"Elias g\u00e5r andra \u00e5ret p\u00e5 estetiska programmet p\u00e5 NTI Gymnasiet Ume\u00e5. I denna intervju ber\u00e4ttar han om programmet och sina b\u00e4sta tips.","og_url":"https:\/\/ntigymnasiet.se\/umea\/elevintervjuer\/estetprogrammet-elias\/","og_site_name":"Ume\u00e5","article_modified_time":"2026-02-12T15:27:47+00:00","twitter_card":"summary_large_image","twitter_description":"Elias g\u00e5r andra \u00e5ret p\u00e5 estetiska programmet p\u00e5 NTI Gymnasiet Ume\u00e5. I denna intervju ber\u00e4ttar han om programmet och sina b\u00e4sta tips.","twitter_image":"https:\/\/ntigymnasiet.se\/wp-content\/uploads\/sites\/21\/2025\/02\/elias-1.png","twitter_misc":{"Est. reading time":"2 minuter"},"schema":{"@context":"https:\/\/schema.org","@graph":[{"@type":"WebPage","@id":"https:\/\/ntigymnasiet.se\/umea\/elevintervjuer\/estetprogrammet-elias\/","url":"https:\/\/ntigymnasiet.se\/umea\/elevintervjuer\/estetprogrammet-elias\/","name":"Estetprogrammet Elias - Ume\u00e5","isPartOf":{"@id":"https:\/\/ntigymnasiet.se\/umea\/#website"},"datePublished":"2025-02-11T10:40:35+00:00","dateModified":"2026-02-12T15:27:47+00:00","description":"Elias g\u00e5r andra \u00e5ret p\u00e5 estetiska programmet p\u00e5 NTI Gymnasiet Ume\u00e5. I denna intervju ber\u00e4ttar han om programmet och sina b\u00e4sta tips.","breadcrumb":{"@id":"https:\/\/ntigymnasiet.se\/umea\/elevintervjuer\/estetprogrammet-elias\/#breadcrumb"},"inLanguage":"sv-SE","potentialAction":[{"@type":"ReadAction","target":["https:\/\/ntigymnasiet.se\/umea\/elevintervjuer\/estetprogrammet-elias\/"]}]},{"@type":"BreadcrumbList","@id":"https:\/\/ntigymnasiet.se\/umea\/elevintervjuer\/estetprogrammet-elias\/#breadcrumb","itemListElement":[{"@type":"ListItem","position":1,"name":"Start","item":"https:\/\/ntigymnasiet.se\/umea"},{"@type":"ListItem","position":2,"name":"Elevintervjuer"}]},{"@type":"WebSite","@id":"https:\/\/ntigymnasiet.se\/umea\/#website","url":"https:\/\/ntigymnasiet.se\/umea\/","name":"Ume\u00e5","description":"Just another WordPress site","potentialAction":[{"@type":"SearchAction","target":{"@type":"EntryPoint","urlTemplate":"https:\/\/ntigymnasiet.se\/umea\/?s={search_term_string}"},"query-input":"required name=search_term_string"}],"inLanguage":"sv-SE"}]}},"_links":{"self":[{"href":"https:\/\/ntigymnasiet.se\/umea\/wp-json\/wp\/v2\/testimonial\/1573"}],"collection":[{"href":"https:\/\/ntigymnasiet.se\/umea\/wp-json\/wp\/v2\/testimonial"}],"about":[{"href":"https:\/\/ntigymnasiet.se\/umea\/wp-json\/wp\/v2\/types\/testimonial"}],"wp:attachment":[{"href":"https:\/\/ntigymnasiet.se\/umea\/wp-json\/wp\/v2\/media?parent=1573"}],"wp:term":[{"taxonomy":"testimonial_category","embeddable":true,"href":"https:\/\/ntigymnasiet.se\/umea\/wp-json\/wp\/v2\/testimonial_category?post=1573"}],"curies":[{"name":"wp","href":"https:\/\/api.w.org\/{rel}","templated":true}]}}