{"id":2204,"date":"2026-01-16T15:03:27","date_gmt":"2026-01-16T14:03:27","guid":{"rendered":"https:\/\/ntigymnasiet.se\/vetenskapsgymnasiet\/stockholm\/?post_type=testimonial&#038;p=2204"},"modified":"2026-01-16T15:03:28","modified_gmt":"2026-01-16T14:03:28","slug":"naturvetenskapsprogrammet-elima","status":"publish","type":"testimonial","link":"https:\/\/ntigymnasiet.se\/vetenskapsgymnasiet\/stockholm\/elevintervjuer\/naturvetenskapsprogrammet-elima\/","title":{"rendered":"Naturvetenskapsprogrammet Elima"},"content":{"rendered":"\n<div class=\"wp-block-columns is-layout-flex wp-container-core-columns-layout-1 wp-block-columns-is-layout-flex\">\n<div class=\"wp-block-column is-layout-flow wp-block-column-is-layout-flow\" style=\"flex-basis:10%\"><\/div>\n\n\n\n<div class=\"wp-block-column is-layout-flow wp-block-column-is-layout-flow\" style=\"flex-basis:80%\">\n\n<figure  class=\"ams-media l-container l-stack l-stack-2xs u-pt-fluid-md-xl u-pb-fluid-md-xl is-center is-center@md\" >\n\t\t\t\t\t<img decoding=\"async\" width=\"600\" height=\"400\" src=\"https:\/\/ntigymnasiet.se\/wp-content\/uploads\/sites\/7\/2026\/01\/image-1-600x400.png\" class=\"ams-media__image u-ratio-landscape u-radius-square\" alt=\"Elev Elima.\" sizes=\"(max-width: 600px) 100vw, 600px\" srcset=\"https:\/\/ntigymnasiet.se\/wp-content\/uploads\/sites\/7\/2026\/01\/image-1-600x400.png 600w, https:\/\/ntigymnasiet.se\/wp-content\/uploads\/sites\/7\/2026\/01\/image-1-300x200.png 300w, https:\/\/ntigymnasiet.se\/wp-content\/uploads\/sites\/7\/2026\/01\/image-1-400x267.png 400w, https:\/\/ntigymnasiet.se\/wp-content\/uploads\/sites\/7\/2026\/01\/image-1-800x533.png 800w, https:\/\/ntigymnasiet.se\/wp-content\/uploads\/sites\/7\/2026\/01\/image-1-1024x683.png 1024w, https:\/\/ntigymnasiet.se\/wp-content\/uploads\/sites\/7\/2026\/01\/image-1-1200x800.png 1200w\" \/>\n\t\t\n\t\n\t<\/figure>\n<\/div>\n\n\n\n<div class=\"wp-block-column is-layout-flow wp-block-column-is-layout-flow\" style=\"flex-basis:10%\"><\/div>\n<\/div>\n\n\n\n<div class=\"wp-block-columns is-layout-flex wp-container-core-columns-layout-2 wp-block-columns-is-layout-flex\">\n<div class=\"wp-block-column is-layout-flow wp-block-column-is-layout-flow\" style=\"flex-basis:55%\">\t\n\t<h1\n\t\n\tclass=\"\n\tc-heading c-heading--icon\n\tu-font-title-1\n\t\n\t\n\t\n\tc-heading--left\n\tc-heading--left@md\n\t\"\n\tdata-color-scheme=\"vit\"\n\tstyle=\"\">\n\t\t\t\t\t<span class=\"text\">&#8221;Det \u00e4r en skola f\u00f6r dig som vill utvecklas, b\u00e5de kunskapsm\u00e4ssigt och personligt.&#8221;<\/span>\n\t\t\t<\/h1>\n\n\n\n<div style=\"height:10px\" aria-hidden=\"true\" class=\"wp-block-spacer\"><\/div>\n\n\n\n<p   class=\"site__ingress container text-left  site__text-color--dark  site__free_text--ingress p-0\">\n\tM\u00f6t Elima Tilekova, elev p\u00e5 naturvetenskapligaprogrammet. L\u00e4s och ta del av hennes upplevelser och tips!<\/p>\n\n\n\n\n\n<h2 class=\"wp-block-heading\">Hej Elima! Vilket program l\u00e4ser du?<\/h2>\n\n\n\n<p>Jag l\u00e4ser <a href=\"https:\/\/ntigymnasiet.se\/vetenskapsgymnasiet\/stockholm\/program\/naturvetenskapsprogrammet\/naturvetenskap\/\">naturvetenskapsprogrammet<\/a> p\u00e5 NTI Vetenskapgymnasiet Stockholm. Jag valde programmet eftersom jag \u00e4r intresserad av naturvetenskapliga \u00e4mnen och tycker om att utmana mig sj\u00e4lv akademiskt och satsa&nbsp;mycket h\u00f6gre.&nbsp;<\/p>\n\n\n\n<h2 class=\"wp-block-heading\">Varf\u00f6r valde du NTI Vetenskapsgymnasiet Stockholm?<\/h2>\n\n\n\n<p>Jag valde skolan eftersom den har ett tydligt fokus p\u00e5 kunskap, struktur och studiemotivation allts\u00e5 naturvetenskapliga&nbsp;\u00e4mnen. Jag upplevde ocks\u00e5 att skolan har h\u00f6ga men rimliga f\u00f6rv\u00e4ntningar p\u00e5 eleverna, samtidigt som det finns ett bra st\u00f6d fr\u00e5n b\u00e5de l\u00e4rare och skolledning.<\/p>\n\n\n\n<h2 class=\"wp-block-heading\">N\u00e4mn topp 3 vad du tycker \u00e4r b\u00e4st med din skola!<\/h2>\n\n\n\n<p>Det b\u00e4sta med min skola \u00e4r f\u00f6rst och fr\u00e4mst de engagerade och kunniga l\u00e4rarna. F\u00f6r det andra uppskattar jag gemenskapen mellan eleverna, d\u00e4r man k\u00e4nner sig v\u00e4lkommen och respekterad. F\u00f6r det tredje s\u00e5 k\u00e4nner alla varandra, vilket skapar mycket djupare relationer mellan l\u00e4rare och elever.<\/p>\n\n\n\n<h2 class=\"wp-block-heading\">Vad skulle du s\u00e4ga till en niondeklassare som funderar p\u00e5 att s\u00f6ka till oss?<\/h2>\n\n\n\n<p>Jag skulle s\u00e4ga att det \u00e4r en skola f\u00f6r dig som vill utvecklas, b\u00e5de kunskapsm\u00e4ssigt och personligt. Om du \u00e4r motiverad, nyfiken och vill g\u00e5 i en skola d\u00e4r studier tas p\u00e5 allvar, s\u00e5 \u00e4r det ett v\u00e4ldigt bra val!<\/p>\n\n\n\n<h2 class=\"wp-block-heading\">Hur skulle du beskriva st\u00e4mningen p\u00e5 skolan?<\/h2>\n\n\n\n<p>St\u00e4mningen p\u00e5 skolan \u00e4r lugn, seri\u00f6s, trygg och bekv\u00e4m. Det finns ett tydligt fokus p\u00e5 studier, men samtidigt en v\u00e4nlig atmosf\u00e4r d\u00e4r elever och l\u00e4rare bem\u00f6ter varandra med respekt.&nbsp;<\/p>\n\n\n\n<h2 class=\"wp-block-heading\">Hur \u00e4r gemenskapen mellan eleverna?<\/h2>\n\n\n\n<p>Gemenskapen mellan eleverna \u00e4r bra. Man hj\u00e4lper varandra och alla kan k\u00e4nna sig inkluderade, oavsett bakgrund eller intressen. Nu n\u00e4r tv\u00e5 skolor delar byggnaden, skapas fler m\u00f6jligheter och erbjudanden till oss elever, b\u00e5de socialt och framtidsm\u00e4ssigt.&nbsp;<\/p>\n\n\n\n<h2 class=\"wp-block-heading\">Hur skulle du beskriva l\u00e4rarna p\u00e5 skolan?<\/h2>\n\n\n\n<p>Jag skulle beskriva l\u00e4rarna som professionella, engagerade och v\u00e4ldigt kunniga inom sina \u00e4mnen. De \u00e4r tydliga n\u00e4r de undervisar och finns alltid d\u00e4r om man beh\u00f6ver hj\u00e4lp eller st\u00f6d.&nbsp;<\/p>\n\n\n\n<h2 class=\"wp-block-heading\">P\u00e5 vilket s\u00e4tt hj\u00e4lper skolan dig att utvecklas, b\u00e5de i skolan och som person?<\/h2>\n\n\n\n<p>Skolan hj\u00e4lper mig att utvecklas genom att st\u00e4lla h\u00f6ga krav, men ocks\u00e5 genom att ge st\u00f6d n\u00e4r det beh\u00f6vs. Jag har blivit mer strukturerad, ansvarstagande och trygg i mig sj\u00e4lv, b\u00e5de i mitt skolarbete och som person.&nbsp;<\/p>\n\n\n\n<h2 class=\"wp-block-heading\">K\u00e4nner du att du kan p\u00e5verka din skoltid? P\u00e5 vilket s\u00e4tt?<\/h2>\n\n\n\n<p>Ja, jag k\u00e4nner att jag kan p\u00e5verka min skoltid genom att prata med l\u00e4rare, mentorssamtal och genom elevinflytande. Skolan lyssnar p\u00e5 elevernas \u00e5sikter och tar dem p\u00e5 allvar.\u00a0<\/p>\n\n\n\n<h2 class=\"wp-block-heading\">Om du skulle beskriva skolan med tre ord, vilka skulle det vara?<\/h2>\n\n\n\n<p>Studiefokuserad,\u00a0bekv\u00e4m och utvecklande!<\/p>\n\n\n\n<h3 class=\"wp-block-heading\">Tack f\u00f6r intervjun Elima och lycka till i framtiden!<\/h3>\n<\/div>\n\n\n\n<div class=\"wp-block-column is-layout-flow wp-block-column-is-layout-flow\" style=\"flex-basis:15px\"><\/div>\n\n\n\n<div class=\"wp-block-column is-layout-flow wp-block-column-is-layout-flow\" style=\"flex-basis:33%\"><style>\n@media only screen and (min-width: 600px) {\n\t}\n@media only screen and (max-width: 600px) {\n\t}\n<\/style>\n<div   class=\"ams-fragor  site__secondary-bg--13   ams-fragor-vnfcmadcaybvisluwlok\" >\n\t<p class=\"site__subheading-1  site__text-color  u-mb-2xs\">\n\t\tFakta\t<\/p>\n   \t\t <div   class=\" site__text-color--dark  ams-fragor__namn\">\n\t\t\tNamn:\t\t\t<span class=\" ams-fragor__strong\">\n\t\t\t\tElima\t\t\t<\/span>\n\t\t<\/div>\n\t\t<div   class=\" site__text-color--dark  ams-fragor__utbildning\">\n\t\t\tProgram:\t\t\t<span class=\" ams-fragor__strong\">\n\t\t\t\tNaturvetenskapsprogrammet\t\t\t<\/span>\n\t\t<\/div>\n\t\t\t\t\t<ul>\n\t\t\t\t\t\t\t<li   class=\" site__text-color--dark  \" >\n\t\t\t\t\tInriktning:\t\t\t\t\t\t\t\t\t\t\t<span class=\"ams-fragor__strong\">\n\t\t\t\t\t\t\tNaturvetenskap\t\t\t\t\t\t<\/span>\n\t\t\t\t\t\t\t\t\t<\/li>\n\t\t\t\t\t<\/ul>\n\t\t\t<\/div>\n<script>\n\tamsFragor = function() {\n\t\tvar w = window.innerWidth;\n\t\tvar siteMain = document.getElementsByClassName(\"site-main\")[0]\n\t\tif(typeof siteMain !== 'undefined'){\n\t\t\tvar testimonial = siteMain.getElementsByClassName(\"testimonial_header_module\")[0]\n\t\t\tif(typeof testimonial !== 'undefined'){\n\t\t\t\tvar amsFragor = document.getElementsByClassName(\"ams-fragor\")\n\t\t\t\tfor(var i = 0; i < amsFragor.length; i++){\n\t\t\t\t\tif(w > 769 ){\n\t\t\t\t\t\tamsFragor[i].setAttribute('style', \"margin-top: 50px\");\n\t\t\t\t\t}else{\n\t\t\t\t\t\tamsFragor[i].setAttribute('style', \"margin-top: 0px\");\n\t\t\t\t\t}\n\t\t\t\t}\n\t\t\t}\n\t\t}\n\t};\n\tamsFragor();\n\twindow.addEventListener(\"resize\", amsFragor);\n<\/script>\n<\/div>\n<\/div>\n","protected":false},"featured_media":0,"template":"","testimonial_category":[14],"yoast_head":"<!-- This site is optimized with the Yoast SEO plugin v22.0 - https:\/\/yoast.com\/wordpress\/plugins\/seo\/ -->\n<title>Stockholm<\/title>\n<meta name=\"description\" content=\"V\u00e5r elev Elmia ber\u00e4ttar om hur det \u00e4r att l\u00e4sa naturvetenskapsprogrammet p\u00e5 NTI Vetenskapsgymnasiet i Stockholm.\" \/>\n<meta name=\"robots\" content=\"index, follow, max-snippet:-1, max-image-preview:large, max-video-preview:-1\" \/>\n<link rel=\"canonical\" href=\"https:\/\/ntigymnasiet.se\/vetenskapsgymnasiet\/stockholm\/elevintervjuer\/naturvetenskapsprogrammet-elima\/\" \/>\n<meta property=\"og:locale\" content=\"sv_SE\" \/>\n<meta property=\"og:type\" content=\"article\" \/>\n<meta property=\"og:description\" content=\"V\u00e5r elev Elmia ber\u00e4ttar om hur det \u00e4r att l\u00e4sa naturvetenskapsprogrammet p\u00e5 NTI Vetenskapsgymnasiet i Stockholm.\" \/>\n<meta property=\"og:url\" content=\"https:\/\/ntigymnasiet.se\/vetenskapsgymnasiet\/stockholm\/elevintervjuer\/naturvetenskapsprogrammet-elima\/\" \/>\n<meta property=\"og:site_name\" content=\"Stockholm\" \/>\n<meta property=\"article:modified_time\" content=\"2026-01-16T14:03:28+00:00\" \/>\n<meta name=\"twitter:card\" content=\"summary_large_image\" \/>\n<meta name=\"twitter:description\" content=\"V\u00e5r elev Elmia ber\u00e4ttar om hur det \u00e4r att l\u00e4sa naturvetenskapsprogrammet p\u00e5 NTI Vetenskapsgymnasiet i Stockholm.\" \/>\n<meta name=\"twitter:label1\" content=\"Est. reading time\" \/>\n\t<meta name=\"twitter:data1\" content=\"3 minuter\" \/>\n<script type=\"application\/ld+json\" class=\"yoast-schema-graph\">{\"@context\":\"https:\/\/schema.org\",\"@graph\":[{\"@type\":\"WebPage\",\"@id\":\"https:\/\/ntigymnasiet.se\/vetenskapsgymnasiet\/stockholm\/elevintervjuer\/naturvetenskapsprogrammet-elima\/\",\"url\":\"https:\/\/ntigymnasiet.se\/vetenskapsgymnasiet\/stockholm\/elevintervjuer\/naturvetenskapsprogrammet-elima\/\",\"name\":\"Naturvetenskapsprogrammet Elima - Stockholm\",\"isPartOf\":{\"@id\":\"https:\/\/ntigymnasiet.se\/vetenskapsgymnasiet\/stockholm\/#website\"},\"datePublished\":\"2026-01-16T14:03:27+00:00\",\"dateModified\":\"2026-01-16T14:03:28+00:00\",\"description\":\"V\u00e5r elev Elmia ber\u00e4ttar om hur det \u00e4r att l\u00e4sa naturvetenskapsprogrammet p\u00e5 NTI Vetenskapsgymnasiet i Stockholm.\",\"breadcrumb\":{\"@id\":\"https:\/\/ntigymnasiet.se\/vetenskapsgymnasiet\/stockholm\/elevintervjuer\/naturvetenskapsprogrammet-elima\/#breadcrumb\"},\"inLanguage\":\"sv-SE\",\"potentialAction\":[{\"@type\":\"ReadAction\",\"target\":[\"https:\/\/ntigymnasiet.se\/vetenskapsgymnasiet\/stockholm\/elevintervjuer\/naturvetenskapsprogrammet-elima\/\"]}]},{\"@type\":\"BreadcrumbList\",\"@id\":\"https:\/\/ntigymnasiet.se\/vetenskapsgymnasiet\/stockholm\/elevintervjuer\/naturvetenskapsprogrammet-elima\/#breadcrumb\",\"itemListElement\":[{\"@type\":\"ListItem\",\"position\":1,\"name\":\"Start\",\"item\":\"https:\/\/ntigymnasiet.se\/vetenskapsgymnasiet\/stockholm\"},{\"@type\":\"ListItem\",\"position\":2,\"name\":\"Elevintervjuer\"}]},{\"@type\":\"WebSite\",\"@id\":\"https:\/\/ntigymnasiet.se\/vetenskapsgymnasiet\/stockholm\/#website\",\"url\":\"https:\/\/ntigymnasiet.se\/vetenskapsgymnasiet\/stockholm\/\",\"name\":\"Stockholm\",\"description\":\"Just another WordPress site\",\"potentialAction\":[{\"@type\":\"SearchAction\",\"target\":{\"@type\":\"EntryPoint\",\"urlTemplate\":\"https:\/\/ntigymnasiet.se\/vetenskapsgymnasiet\/stockholm\/?s={search_term_string}\"},\"query-input\":\"required name=search_term_string\"}],\"inLanguage\":\"sv-SE\"}]}<\/script>\n<!-- \/ Yoast SEO plugin. -->","yoast_head_json":{"title":"Stockholm","description":"V\u00e5r elev Elmia ber\u00e4ttar om hur det \u00e4r att l\u00e4sa naturvetenskapsprogrammet p\u00e5 NTI Vetenskapsgymnasiet i Stockholm.","robots":{"index":"index","follow":"follow","max-snippet":"max-snippet:-1","max-image-preview":"max-image-preview:large","max-video-preview":"max-video-preview:-1"},"canonical":"https:\/\/ntigymnasiet.se\/vetenskapsgymnasiet\/stockholm\/elevintervjuer\/naturvetenskapsprogrammet-elima\/","og_locale":"sv_SE","og_type":"article","og_description":"V\u00e5r elev Elmia ber\u00e4ttar om hur det \u00e4r att l\u00e4sa naturvetenskapsprogrammet p\u00e5 NTI Vetenskapsgymnasiet i Stockholm.","og_url":"https:\/\/ntigymnasiet.se\/vetenskapsgymnasiet\/stockholm\/elevintervjuer\/naturvetenskapsprogrammet-elima\/","og_site_name":"Stockholm","article_modified_time":"2026-01-16T14:03:28+00:00","twitter_card":"summary_large_image","twitter_description":"V\u00e5r elev Elmia ber\u00e4ttar om hur det \u00e4r att l\u00e4sa naturvetenskapsprogrammet p\u00e5 NTI Vetenskapsgymnasiet i Stockholm.","twitter_misc":{"Est. reading time":"3 minuter"},"schema":{"@context":"https:\/\/schema.org","@graph":[{"@type":"WebPage","@id":"https:\/\/ntigymnasiet.se\/vetenskapsgymnasiet\/stockholm\/elevintervjuer\/naturvetenskapsprogrammet-elima\/","url":"https:\/\/ntigymnasiet.se\/vetenskapsgymnasiet\/stockholm\/elevintervjuer\/naturvetenskapsprogrammet-elima\/","name":"Naturvetenskapsprogrammet Elima - Stockholm","isPartOf":{"@id":"https:\/\/ntigymnasiet.se\/vetenskapsgymnasiet\/stockholm\/#website"},"datePublished":"2026-01-16T14:03:27+00:00","dateModified":"2026-01-16T14:03:28+00:00","description":"V\u00e5r elev Elmia ber\u00e4ttar om hur det \u00e4r att l\u00e4sa naturvetenskapsprogrammet p\u00e5 NTI Vetenskapsgymnasiet i Stockholm.","breadcrumb":{"@id":"https:\/\/ntigymnasiet.se\/vetenskapsgymnasiet\/stockholm\/elevintervjuer\/naturvetenskapsprogrammet-elima\/#breadcrumb"},"inLanguage":"sv-SE","potentialAction":[{"@type":"ReadAction","target":["https:\/\/ntigymnasiet.se\/vetenskapsgymnasiet\/stockholm\/elevintervjuer\/naturvetenskapsprogrammet-elima\/"]}]},{"@type":"BreadcrumbList","@id":"https:\/\/ntigymnasiet.se\/vetenskapsgymnasiet\/stockholm\/elevintervjuer\/naturvetenskapsprogrammet-elima\/#breadcrumb","itemListElement":[{"@type":"ListItem","position":1,"name":"Start","item":"https:\/\/ntigymnasiet.se\/vetenskapsgymnasiet\/stockholm"},{"@type":"ListItem","position":2,"name":"Elevintervjuer"}]},{"@type":"WebSite","@id":"https:\/\/ntigymnasiet.se\/vetenskapsgymnasiet\/stockholm\/#website","url":"https:\/\/ntigymnasiet.se\/vetenskapsgymnasiet\/stockholm\/","name":"Stockholm","description":"Just another WordPress site","potentialAction":[{"@type":"SearchAction","target":{"@type":"EntryPoint","urlTemplate":"https:\/\/ntigymnasiet.se\/vetenskapsgymnasiet\/stockholm\/?s={search_term_string}"},"query-input":"required name=search_term_string"}],"inLanguage":"sv-SE"}]}},"_links":{"self":[{"href":"https:\/\/ntigymnasiet.se\/vetenskapsgymnasiet\/stockholm\/wp-json\/wp\/v2\/testimonial\/2204"}],"collection":[{"href":"https:\/\/ntigymnasiet.se\/vetenskapsgymnasiet\/stockholm\/wp-json\/wp\/v2\/testimonial"}],"about":[{"href":"https:\/\/ntigymnasiet.se\/vetenskapsgymnasiet\/stockholm\/wp-json\/wp\/v2\/types\/testimonial"}],"wp:attachment":[{"href":"https:\/\/ntigymnasiet.se\/vetenskapsgymnasiet\/stockholm\/wp-json\/wp\/v2\/media?parent=2204"}],"wp:term":[{"taxonomy":"testimonial_category","embeddable":true,"href":"https:\/\/ntigymnasiet.se\/vetenskapsgymnasiet\/stockholm\/wp-json\/wp\/v2\/testimonial_category?post=2204"}],"curies":[{"name":"wp","href":"https:\/\/api.w.org\/{rel}","templated":true}]}}