{"id":2742,"date":"2023-05-22T16:41:51","date_gmt":"2023-05-22T14:41:51","guid":{"rendered":"https:\/\/ntigymnasiet.se\/vetenskapsgymnasiet\/?post_type=testimonial&#038;p=2742"},"modified":"2025-12-03T08:53:06","modified_gmt":"2025-12-03T07:53:06","slug":"natur-och-samhalle-1","status":"publish","type":"testimonial","link":"https:\/\/ntigymnasiet.se\/vetenskapsgymnasiet\/elevintervjuer\/natur-och-samhalle-1\/","title":{"rendered":"Naturvetenskap och samh\u00e4lle Haruto"},"content":{"rendered":"\n<div class=\"wp-block-columns is-layout-flex wp-container-core-columns-layout-1 wp-block-columns-is-layout-flex\">\n<div class=\"wp-block-column is-layout-flow wp-block-column-is-layout-flow\" style=\"flex-basis:10%\"><\/div>\n\n\n\n<div class=\"wp-block-column is-layout-flow wp-block-column-is-layout-flow\" style=\"flex-basis:80%\">\t<div\n\t\t class=\"module_wrapper container-fluid images-module\" >\n\t\t<div class=\"row\">\n\t\t\t<div\n\t\t\t\t\tclass=\"col-12 m-0 p-0 position-relative images_module__slideshow images_module__slideshow-container module-expand \">\n\n\t\t\t\t<div class=\"images_module__slide \" data-slide=\"\"\n\t\t\t\t\t data-duration=\"\"><\/div>\n\t\t\t\t\t\t\t\t\t<div\n\t\t\t\t\t\t class=\"images_module__slides \">\n\n\n\t\t\t\t\t\t<div class=\"images__wrapper\"\n\t\t\t\t\t\t\t style=\"aspect-ratio: 851 \/ 531;\">\n\t\t\t\t\t\t\t<img decoding=\"async\" width=\"1200\" height=\"1188\" src=\"https:\/\/ntigymnasiet.se\/wp-content\/uploads\/2023\/05\/nti-gymnasiet-natur-intervju-1.jpg\" class=\"images__image_ratio  \" alt=\"Svartvit portr\u00e4ttbild p\u00e5 Haruto.\" style=\"aspect-ratio: 851 \/ 531;object-position: center center;\" srcset=\"https:\/\/ntigymnasiet.se\/wp-content\/uploads\/2023\/05\/nti-gymnasiet-natur-intervju-1.jpg 1200w, https:\/\/ntigymnasiet.se\/wp-content\/uploads\/2023\/05\/nti-gymnasiet-natur-intervju-1-150x150.jpg 150w, https:\/\/ntigymnasiet.se\/wp-content\/uploads\/2023\/05\/nti-gymnasiet-natur-intervju-1-300x297.jpg 300w, https:\/\/ntigymnasiet.se\/wp-content\/uploads\/2023\/05\/nti-gymnasiet-natur-intervju-1-400x396.jpg 400w, https:\/\/ntigymnasiet.se\/wp-content\/uploads\/2023\/05\/nti-gymnasiet-natur-intervju-1-600x594.jpg 600w, https:\/\/ntigymnasiet.se\/wp-content\/uploads\/2023\/05\/nti-gymnasiet-natur-intervju-1-800x792.jpg 800w, https:\/\/ntigymnasiet.se\/wp-content\/uploads\/2023\/05\/nti-gymnasiet-natur-intervju-1-1024x1014.jpg 1024w\" sizes=\"(max-width: 1200px) 100vw, 1200px\" \/>\t\t\t\t\t\t<\/div>\n\n\t\t\t\t\t\t\n\t\t\t\t\t\t\t\t\t\t\t<\/div>\n\t\t\t\t\n\t\t\t\t<div class=\"images_module__container_dot \">\n\t\t\t\t\t<div style=\"text-align:center\">\n\t\t\t\t\t\t\t\t\t\t\t\t\t<span   data-i=\"0\"\n\t\t\t\t\t\t\t\t  class=\"images_module__dot\n\t\t\t\t\t\t\t\t\t\t\t\t\t  \"><\/span>\n\t\t\t\t\t\t\t\t\t\t\t<\/div>\n\t\t\t\t<\/div>\n\n\t\t\t<\/div>\n\t\t<\/div>\n\t<\/div>\n\n\n\t\n\n\n<script>\n\tvar images_display_descriptive_text = \"\";\n<\/script>\n<\/div>\n\n\n\n<div class=\"wp-block-column is-layout-flow wp-block-column-is-layout-flow\" style=\"flex-basis:10%\"><\/div>\n<\/div>\n\n\n\n<div class=\"wp-block-columns is-layout-flex wp-container-core-columns-layout-2 wp-block-columns-is-layout-flex\">\n<div class=\"wp-block-column is-layout-flow wp-block-column-is-layout-flow\" style=\"flex-basis:55%\">\n<h1 class=\"wp-block-heading\">Haruto l\u00e4ser Naturvetenskap och samh\u00e4lle<\/h1>\n\n\n\n<div style=\"height:10px\" aria-hidden=\"true\" class=\"wp-block-spacer\"><\/div>\n\n\n\n<p   class=\"site__ingress container text-left  site__text-color--dark  site__free_text--ingress p-0\">\n\tI denna intervju f\u00e5r du m\u00f6ta Haruto som g\u00e5r sitt f\u00f6rsta \u00e5r p\u00e5 Naturvetenskap och samh\u00e4lle. Han ber\u00e4ttar om hur det \u00e4r att g\u00e5 p\u00e5 NTI, vad programmet handlar om och ger tips till dig som ska s\u00f6ka gymnasieskola. <\/p>\n\n\n\n\n\n<h2 class=\"wp-block-heading\">Hej Haruto! Vem \u00e4r du och vilken linje g\u00e5r du p\u00e5 NTI Gymnasiet?<\/h2>\n\n\n\n<p>Jag heter Haruto, \u00e4r 17 \u00e5r och bor i Falk\u00f6ping. Jag g\u00e5r naturvetenskapsprogrammet p\u00e5 NTI.<\/p>\n\n\n\n<h2 class=\"wp-block-heading\">S\u00e5 varf\u00f6r blev det just natur?<\/h2>\n\n\n\n<p>Innan jag b\u00f6rjade naturvetenskapsprogrammet p\u00e5 NTI i G\u00f6teborg s\u00e5 gick jag p\u00e5 ett annat gymnasium i J\u00f6nk\u00f6ping. En linje ungef\u00e4r som naturvetenskapsprogrammet men med allt p\u00e5 engelska, men det var inte riktigt f\u00f6r mig. S\u00e5 nu pendlar jag fyra timmar varje dag, men jag tycker verkligen att det \u00e4r v\u00e4rt det f\u00f6r jag trivs v\u00e4ldigt bra p\u00e5 denna skolan.<\/p>\n\n\n\n<h2 class=\"wp-block-heading\">Du g\u00e5r ju inriktningen naturvetenskap och samh\u00e4lle, varf\u00f6r valde du den?<\/h2>\n\n\n\n<p>Jag gillar naturvetenskap j\u00e4ttemycket, men jag planerar inte att plugga vidare inom naturvetenskap utan d\u00e5 k\u00e4nde jag att samh\u00e4llsinriktningen passar bra. Jag \u00e4r sj\u00e4lv engagerad i politik, och skulle i framtiden vilja jobba med h\u00e5llbara fr\u00e5gor.<\/p>\n\n\n\n<h2 class=\"wp-block-heading\">Vad kul! Naturvetenskapsprogrammet \u00e4r ju ett ganska teoretiskt program. Vad tycker du \u00e4r extra sv\u00e5rt?<\/h2>\n\n\n\n<p>Jag h\u00e4nger med bra i det mesta, och om intresset finns d\u00e4r s\u00e5 blir det enklare. Dock \u00e4r kanske inte matte superroligt, men d\u00e4r kan man f\u00e5 st\u00f6ttning i en r\u00e4knestuga. Men s\u00e5 l\u00e4nge du gillar NO-\u00e4mnena s\u00e5 \u00e4r natur perfekt f\u00f6r dig, d\u00e5 blir det enkelt.<\/p>\n\n\n\n<h2 class=\"wp-block-heading\">Vad \u00e4r f\u00f6rdelen med att g\u00e5 p\u00e5 ett s\u00e5 brett program?<\/h2>\n\n\n\n<p>Jag vill h\u00e5lla m\u00e5nga d\u00f6rrar \u00f6ppna. J\u00e4mf\u00f6r man med kanske ekonomiprogrammet s\u00e5 \u00e4r ju det lite mer inriktat. S\u00e5 ifall jag kanske \u00e5ngrar mig, och fr\u00e5n ingenstans vill plugga till civilingenj\u00f6r, s\u00e5 kan jag alltid komplettera. Sen gillar jag ju verkligen NO och samh\u00e4llsvetenskapliga \u00e4mnen.<\/p>\n\n\n\n<h2 class=\"wp-block-heading\">Vad f\u00e5r du g\u00f6ra p\u00e5 programmet?<\/h2>\n\n\n\n<p>P\u00e5 naturvetenskapsprogrammet \u00e4r det mycket teori. Men vi har ju en hel del praktiska moment ocks\u00e5, till exempel utf\u00f6ra labb. Men mer konkret s\u00e5 f\u00e5r man l\u00e4ra sig att f\u00f6rst\u00e5 v\u00e4rlden p\u00e5 ett b\u00e4ttre s\u00e4tt. Och \u00e4r man intresserad av h\u00e5llbara fr\u00e5gor och gillar att applicera naturvetenskap ur ett samh\u00e4llsperspektiv s\u00e5 kommer man att gilla det. Man f\u00e5r ocks\u00e5 l\u00e4ra sig fysik, kemi och biologi. Men just h\u00e4r p\u00e5 samh\u00e4llsinriktningen s\u00e5 sl\u00e4pper de fysiken och kemin lite.<\/p>\n<\/div>\n\n\n\n<div class=\"wp-block-column is-layout-flow wp-block-column-is-layout-flow\" style=\"flex-basis:15px\"><\/div>\n\n\n\n<div class=\"wp-block-column is-layout-flow wp-block-column-is-layout-flow\" style=\"flex-basis:33%\"><style>\n@media only screen and (min-width: 600px) {\n\t}\n@media only screen and (max-width: 600px) {\n\t}\n<\/style>\n<div   class=\"ams-fragor  site__secondary-bg--13   ams-fragor-idrtygzsbcgabccrtxqy\" >\n\t<p class=\"site__subheading-1  site__text-color  u-mb-2xs\">\n\t\tFakta\t<\/p>\n   \t\t <div   class=\" site__text-color--dark  ams-fragor__namn\">\n\t\t\tNamn:\t\t\t<span class=\" ams-fragor__strong\">\n\t\t\t\tHaruto\t\t\t<\/span>\n\t\t<\/div>\n\t\t<div   class=\" site__text-color--dark  ams-fragor__utbildning\">\n\t\t\tProgram:\t\t\t<span class=\" ams-fragor__strong\">\n\t\t\t\tNaturvetenskapsprogrammet\t\t\t<\/span>\n\t\t<\/div>\n\t\t\t\t\t<ul>\n\t\t\t\t\t\t\t<li   class=\" site__text-color--dark  \" >\n\t\t\t\t\tInriktning:\t\t\t\t\t\t\t\t\t\t\t<span class=\"ams-fragor__strong\">\n\t\t\t\t\t\t\tNaturvetenskap och samh\u00e4lle \t\t\t\t\t\t<\/span>\n\t\t\t\t\t\t\t\t\t<\/li>\n\t\t\t\t\t\t\t<li   class=\" site__text-color--dark  \" >\n\t\t\t\t\t\t\t\t\t\t\t\t\t\t<\/li>\n\t\t\t\t\t<\/ul>\n\t\t\t<\/div>\n<script>\n\tamsFragor = function() {\n\t\tvar w = window.innerWidth;\n\t\tvar siteMain = document.getElementsByClassName(\"site-main\")[0]\n\t\tif(typeof siteMain !== 'undefined'){\n\t\t\tvar testimonial = siteMain.getElementsByClassName(\"testimonial_header_module\")[0]\n\t\t\tif(typeof testimonial !== 'undefined'){\n\t\t\t\tvar amsFragor = document.getElementsByClassName(\"ams-fragor\")\n\t\t\t\tfor(var i = 0; i < amsFragor.length; i++){\n\t\t\t\t\tif(w > 769 ){\n\t\t\t\t\t\tamsFragor[i].setAttribute('style', \"margin-top: 50px\");\n\t\t\t\t\t}else{\n\t\t\t\t\t\tamsFragor[i].setAttribute('style', \"margin-top: 0px\");\n\t\t\t\t\t}\n\t\t\t\t}\n\t\t\t}\n\t\t}\n\t};\n\tamsFragor();\n\twindow.addEventListener(\"resize\", amsFragor);\n<\/script>\n<\/div>\n<\/div>\n\n\n\n\n<section  class=\"ams-cta ams-cta--stacked c-block l-stacked\" data-color-scheme=\"vit-2-pa-mork-bakgrund\">\n\t<div class=\"l-container-narrow l-stack l-stack-fluid-2xl u-pt-fluid-3xl-6xl u-pb-fluid-3xl-6xl is-center is-center@md\">\n\t\t\t\t\t<div class=\"ams-cta__intro l-stack l-stack-lg\">\n\t\t\t\t\t\n\t<h2\n\tclass=\"c-heading u-font-title-1 \"\n\tstyle=\"\">\n\t\t\n\t\t\t\t\t&#8221;\u00c4r man intresserad av h\u00e5llbara fr\u00e5gor och gillar att applicera naturvetenskap ur ett samh\u00e4llsperspektiv s\u00e5 kommer man att gilla det&#8221;\n\t\t\t\t\n\t<\/h2>\n\n\t\t\t\t\t\t\t\t\t<div class=\"c-text l-stack u-cs-xl u-font-body\">\n\t\t\t\t\t\t<p>Haruto<br \/>\nNaturvetenskapsprogrammet<\/p>\n\n\t\t\t\t\t<\/div>\n\t\t\t\t\t\t\t<\/div>\n\t\t\n\t\t\n\t\t\t<\/div>\n\n\t\t\n\t\t\t\n\t\t\t\t\t\t\t\n\t\t\t\t<div class=\"c-bg c-bg--img\" data-settings=\"{&quot;desktop_settings&quot;:{&quot;size&quot;:&quot;cover&quot;,&quot;position&quot;:&quot;bottom-left&quot;},&quot;mobile_settings&quot;:{&quot;size&quot;:&quot;cover&quot;,&quot;position&quot;:&quot;bottom-left&quot;}}\" data-position=\"middle-center\" data-size=\"cover\">\n\t\t\t<img decoding=\"async\" width=\"1920\" height=\"1080\" src=\"https:\/\/ntigymnasiet.se\/wp-content\/uploads\/2023\/04\/ntisciencebgsvagacirklar3.jpg\" class=\"attachment-hero-lg size-hero-lg\" alt=\"Bakgrundsbild.\" sizes=\"(max-width: 1920px) 100vw, 1920px\" srcset=\"https:\/\/ntigymnasiet.se\/wp-content\/uploads\/2023\/04\/ntisciencebgsvagacirklar3.jpg 1920w, https:\/\/ntigymnasiet.se\/wp-content\/uploads\/2023\/04\/ntisciencebgsvagacirklar3-300x169.jpg 300w, https:\/\/ntigymnasiet.se\/wp-content\/uploads\/2023\/04\/ntisciencebgsvagacirklar3-400x225.jpg 400w, https:\/\/ntigymnasiet.se\/wp-content\/uploads\/2023\/04\/ntisciencebgsvagacirklar3-600x338.jpg 600w, https:\/\/ntigymnasiet.se\/wp-content\/uploads\/2023\/04\/ntisciencebgsvagacirklar3-800x450.jpg 800w, https:\/\/ntigymnasiet.se\/wp-content\/uploads\/2023\/04\/ntisciencebgsvagacirklar3-1024x576.jpg 1024w, https:\/\/ntigymnasiet.se\/wp-content\/uploads\/2023\/04\/ntisciencebgsvagacirklar3-1200x675.jpg 1200w\" \/>\n\t\t<\/div>\n\t\n<\/section>\n\n\n\n<div class=\"wp-block-columns is-layout-flex wp-container-core-columns-layout-3 wp-block-columns-is-layout-flex\">\n<div class=\"wp-block-column is-layout-flow wp-block-column-is-layout-flow\" style=\"flex-basis:15%\"><\/div>\n\n\n\n<div class=\"wp-block-column is-layout-flow wp-block-column-is-layout-flow\" style=\"flex-basis:70%\">\n<h2 class=\"wp-block-heading\">Kul med labbar, vad \u00e4r det ni f\u00e5r g\u00f6ra d\u00e4r?<\/h2>\n\n\n\n<p>Det \u00e4r ju kanske inte Breaking Bad. Utan mer att man utf\u00f6r n\u00e5got som man kanske l\u00e4st teoretiskt, s\u00e5 g\u00f6r man det praktiskt i en labb. Just nu har vi haft labb i kemin, d\u00e4r vi analyserar saltkristaller i en v\u00e4tska. Nu har vi inte gjort s\u00e5 m\u00e5nga labbar eftersom jag g\u00e5r i ettan, men det kommer mer fram\u00f6ver.<\/p>\n\n\n\n<h2 class=\"wp-block-heading\">Du n\u00e4mnde att du bytte skola till NTI Gymnasiet, hur var det?<\/h2>\n\n\n\n<p>Det var mitt i en termin nu f\u00f6rsta \u00e5ret och de flesta hade l\u00e4rt k\u00e4nna varandra. Men nu har jag definitivt hunnit komma in i g\u00e4nget och skaffat nya v\u00e4nner. Viktigt \u00e4r att man alltid ska komma ih\u00e5g att det \u00e4r helt normalt att byta linje om din nuvarande inte passar dig. Det \u00e4r inte s\u00e5 att det \u00e4r tvunget att vara kvar p\u00e5 den skolan eller linjen du valt i tre \u00e5r.&nbsp;<\/p>\n\n\n\n<h2 class=\"wp-block-heading\">Verkligen! Men du som inte bor i G\u00f6teborg, hur fungerar det med pendlingskort?<\/h2>\n\n\n\n<p>Jag f\u00e5r allt betalt via hemkommunen. S\u00e5 \u00e4r det i alla fall i min kommun, vilket \u00e4r superbra och ett tips till den som \u00e4r intresserad av att plugga i en annan kommun.<\/p>\n\n\n\n<h2 class=\"wp-block-heading\">Varf\u00f6r valde du just NTI Gymnasiet n\u00e4r du ville byta gymnasium?<\/h2>\n\n\n\n<p>Jag gick in p\u00e5 en hemsida som heter bytagymnasium.se och s\u00f6kte efter lediga platser p\u00e5 naturvetenskapsprogrammet. D\u00e5 kom NTI upp och s\u00e5 fr\u00e5gade jag om jag skulle kunna f\u00e5 skugga p\u00e5 skolan. N\u00e4r du skuggar p\u00e5 ett gymnasium, s\u00e5 f\u00e5r du vid sidan av se och testa p\u00e5 hur det \u00e4r att vara elev f\u00f6r en dag.<\/p>\n\n\n\n<h2 class=\"wp-block-heading\">Niorna som \u00e4r i sitt val just nu, vad \u00e4r ditt b\u00e4sta tips till dem?<\/h2>\n\n\n\n<p>Mitt st\u00f6rsta tips \u00e4r att skugga, prata med din SYV och g\u00f6ra research p\u00e5 n\u00e4tet.&nbsp;<\/p>\n\n\n\n<p>Sen skulle jag rekommendera dem att verkligen v\u00e4lja det de tycker om. T\u00e4nk inte s\u00e5 mycket utan skulle det vara s\u00e5 att du \u00e4ndrar dig sen, s\u00e5 finns det alltid en andra chans f\u00f6r dig att byta eller om du skulle vilja plugga upp n\u00e5got senare. Det finns alltid en annan v\u00e4g.<\/p>\n\n\n\n<p><em>Tack sn\u00e4lla Haruto f\u00f6r denna intervju och stort lycka till fram\u00f6ver!<\/em><\/p>\n<\/div>\n\n\n\n<div class=\"wp-block-column is-layout-flow wp-block-column-is-layout-flow\" style=\"flex-basis:15%\"><\/div>\n<\/div>\n\n\n\n\n<section  class=\"ams-cta ams-cta--stacked c-block l-stacked\" data-color-scheme=\"light-grey\">\n\t<div class=\"l-container l-stack l-stack-fluid-2xl u-pt-fluid-3xl-6xl u-pb-fluid-3xl-6xl is-center is-center@md\">\n\t\t\t\t\t<div class=\"ams-cta__intro l-stack l-stack-lg\">\n\t\t\t\t\t\n\t<h2\n\tclass=\"c-heading u-font-title-1 \"\n\tstyle=\"\">\n\t\t\n\t\t\t\t\tL\u00e4s mer om programmet\n\t\t\t\t\n\t<\/h2>\n\n\t\t\t\t\t\t\t<\/div>\n\t\t\n\t\t\n\t\t\t<div class=\"ams-cta__action u-inline-items\">\n\t\t\t\t\t\t\t\n\n\n<a href=\"https:\/\/ntigymnasiet.se\/program\/naturvetenskapsprogrammet\/\"\n\t\n\tclass=\"c-btn \"\n\tdata-style=\"rounded\"\n\tdata-size=\"md\"\n\tdata-width=\"full-mobile\"\n\tdata-variant=\"default\"\n\ttarget=\"_self\">\n\t\t\t<span class=\"label\"> Till naturvetenskapsprogrammet<\/span>\n\t\t\t<\/a>\n\t\t\t<\/div>\n\t<\/div>\n\n\t\t\n\n<\/section>\n\n\n\n\n\n<section  class=\"ams-testimonial testimonial_module c-block l-stacked\" data-color-scheme=\"bakgrund-card-primar1-light-hover-standard_standard\">\n\t<div class=\"l-container l-stack l-stack-fluid-2xl u-pt-fluid-3xl-6xl u-pb-fluid-3xl-6xl is-center is-center@md\">\n\t\t\t\t\t<div class=\"ams-testimonial__intro l-stack l-stack-lg\">\n\t\t\t\t\t\n\t<h2\n\tclass=\"c-heading u-font-title-1 \"\n\tstyle=\"\">\n\t\t\n\t\t\t\t\tFler elevintervjuer\n\t\t\t\t\n\t<\/h2>\n\n\t\t\t\t\t\t\t<\/div>\n\t\t\n\t\t\n\t\n\t\t\n\t\t\t\n<ul\n\tid=\"ams-testimonial-list-69f2aba7dfefc\"\n\tclass=\"ams-testimonial__list  l-grid u-gap-fluid-2xl-4xl js-results \"\n\tdata-filter-animation=\"off\">\n\t\t\t\t\t\t\t\t\t\t\t\n\t\t\n\t\t\n\t\t<li class=\"l-col-6@md \" data-filter=\"nanap naturvetenskapsprogrammet april-2026\">\n\t\t\t<article class=\"c-card has-media-zoom \" data-variant=\"inside-half\" data-click-area>\n\t\t\t\t<div class=\"c-card__content l-stack l-stack-sm is-left is-left@md\">\n\t\t\t\t\t\t\t\t\t\t\t<blockquote class=\"c-card__title u-font-title-3\">\n\t\t\t\t\t\t\t\t\t\t\t\t\t\t\t<p class=\"u-quote-marks\"><a href=\"https:\/\/ntigymnasiet.se\/vetenskapsgymnasiet\/elevintervjuer\/naturvetenskapsprogrammet-veronica\/\" class=\"link\">Bioteknik \u00e4r verkligen n\u00e5got man ska satsa p\u00e5 om man vill ha ett bra jobb och bidra i framtiden&#8230;.<\/a><\/p>\n\t\t\t\t\t\t\t\t\t\t\t\t\t<\/blockquote>\n\t\t\t\t\t\n\t\t\t\t\t\t\t\t\t\t\t<p class=\"c-card__text l-stack-grow u-divider-top u-font-body\">\n\t\t\t\t\t\t\t<span class=\"author u-mr-fluid-lg\">Veronica<\/span>\n\t\t\t\t\t\t\t<span class=\"title u-mr-fluid-lg\">Naturvetenskap<\/span>\n\t\t\t\t\t\t<\/p>\n\t\t\t\t\t\n\t\t\t\t\t<div class=\"c-card__icon\">\n\t\t\t\t\t\t<svg class=\"ams-icon ams-icon--arrow-right\" width=\"32\" height=\"32\" viewBox=\"0 0 32 32\" fill=\"currentColor\" aria-hidden=\"true\" xmlns=\"http:\/\/www.w3.org\/2000\/svg\">\n\t\t\t\t\t\t\t<path d=\"M15.4617 0.252159L14.9567 0.75931C14.6219 1.09545 14.6219 1.64048 14.9567 1.97669L27.7062 14.7806H0.857144C0.383786 14.7806 0 15.166 0 15.6414V16.3587C0 16.8341 0.383786 17.2195 0.857144 17.2195H27.7062L14.9567 30.0234C14.6219 30.3595 14.6219 30.9045 14.9567 31.2407L15.4617 31.7479C15.7964 32.084 16.3392 32.084 16.6739 31.7479L31.749 16.6087C32.0837 16.2725 32.0837 15.7275 31.749 15.3913L16.6739 0.252159C16.3392 -0.084053 15.7964 -0.084053 15.4617 0.252159Z\"\/>\n\t\t\t\t\t\t<\/svg>\n\t\t\t\t\t<\/div>\n\t\t\t\t<\/div>\n\t\t\t\t<div class=\"c-card__media\" style=\" \">\n\t\t\t\t\t<img decoding=\"async\" width=\"600\" height=\"800\" src=\"https:\/\/ntigymnasiet.se\/wp-content\/uploads\/2026\/01\/elevreportage-veronica-600x800.jpg\" class=\"attachment-md size-md\" alt=\"Eleven Veronica.\" sizes=\"(min-width: 80em) 600px, (min-width: 48em) calc(.50 * (100vw - 240px)), calc(100vw - 160px)\" srcset=\"https:\/\/ntigymnasiet.se\/wp-content\/uploads\/2026\/01\/elevreportage-veronica-600x800.jpg 600w, https:\/\/ntigymnasiet.se\/wp-content\/uploads\/2026\/01\/elevreportage-veronica-300x400.jpg 300w, https:\/\/ntigymnasiet.se\/wp-content\/uploads\/2026\/01\/elevreportage-veronica-400x533.jpg 400w, https:\/\/ntigymnasiet.se\/wp-content\/uploads\/2026\/01\/elevreportage-veronica-800x1067.jpg 800w, https:\/\/ntigymnasiet.se\/wp-content\/uploads\/2026\/01\/elevreportage-veronica-1024x1365.jpg 1024w, https:\/\/ntigymnasiet.se\/wp-content\/uploads\/2026\/01\/elevreportage-veronica-1200x1600.jpg 1200w, https:\/\/ntigymnasiet.se\/wp-content\/uploads\/2026\/01\/elevreportage-veronica-scaled.jpg 1920w\" \/>\n\t\t\t\t<\/div>\n\t\t\t<\/article>\n\t\t<\/li>\n\t\t\t\t\t\t\t\t\t\t\t\n\t\t\n\t\t\n\t\t<li class=\"l-col-6@md \" data-filter=\"nanaa naturvetenskapsprogrammet april-2026\">\n\t\t\t<article class=\"c-card has-media-zoom \" data-variant=\"inside-half\" data-click-area>\n\t\t\t\t<div class=\"c-card__content l-stack l-stack-sm is-left is-left@md\">\n\t\t\t\t\t\t\t\t\t\t\t<blockquote class=\"c-card__title u-font-title-3\">\n\t\t\t\t\t\t\t\t\t\t\t\t\t\t\t<p class=\"u-quote-marks\"><a href=\"https:\/\/ntigymnasiet.se\/vetenskapsgymnasiet\/elevintervjuer\/natur-och-samhalle-1\/\" class=\"link\">Jag skulle i framtiden vilja jobba med h\u00e5llbara fr\u00e5gor&#8230;<\/a><\/p>\n\t\t\t\t\t\t\t\t\t\t\t\t\t<\/blockquote>\n\t\t\t\t\t\n\t\t\t\t\t\t\t\t\t\t\t<p class=\"c-card__text l-stack-grow u-divider-top u-font-body\">\n\t\t\t\t\t\t\t<span class=\"author u-mr-fluid-lg\">Haruto<\/span>\n\t\t\t\t\t\t\t<span class=\"title u-mr-fluid-lg\">Naturvetenskap och samh\u00e4lle <\/span>\n\t\t\t\t\t\t<\/p>\n\t\t\t\t\t\n\t\t\t\t\t<div class=\"c-card__icon\">\n\t\t\t\t\t\t<svg class=\"ams-icon ams-icon--arrow-right\" width=\"32\" height=\"32\" viewBox=\"0 0 32 32\" fill=\"currentColor\" aria-hidden=\"true\" xmlns=\"http:\/\/www.w3.org\/2000\/svg\">\n\t\t\t\t\t\t\t<path d=\"M15.4617 0.252159L14.9567 0.75931C14.6219 1.09545 14.6219 1.64048 14.9567 1.97669L27.7062 14.7806H0.857144C0.383786 14.7806 0 15.166 0 15.6414V16.3587C0 16.8341 0.383786 17.2195 0.857144 17.2195H27.7062L14.9567 30.0234C14.6219 30.3595 14.6219 30.9045 14.9567 31.2407L15.4617 31.7479C15.7964 32.084 16.3392 32.084 16.6739 31.7479L31.749 16.6087C32.0837 16.2725 32.0837 15.7275 31.749 15.3913L16.6739 0.252159C16.3392 -0.084053 15.7964 -0.084053 15.4617 0.252159Z\"\/>\n\t\t\t\t\t\t<\/svg>\n\t\t\t\t\t<\/div>\n\t\t\t\t<\/div>\n\t\t\t\t<div class=\"c-card__media\" style=\" \">\n\t\t\t\t\t<img decoding=\"async\" width=\"600\" height=\"594\" src=\"https:\/\/ntigymnasiet.se\/wp-content\/uploads\/2023\/05\/nti-gymnasiet-natur-intervju-1-600x594.jpg\" class=\"attachment-md size-md\" alt=\"Svartvit portr\u00e4ttbild p\u00e5 Haruto.\" sizes=\"(min-width: 80em) 600px, (min-width: 48em) calc(.50 * (100vw - 240px)), calc(100vw - 160px)\" srcset=\"https:\/\/ntigymnasiet.se\/wp-content\/uploads\/2023\/05\/nti-gymnasiet-natur-intervju-1-600x594.jpg 600w, https:\/\/ntigymnasiet.se\/wp-content\/uploads\/2023\/05\/nti-gymnasiet-natur-intervju-1-150x150.jpg 150w, https:\/\/ntigymnasiet.se\/wp-content\/uploads\/2023\/05\/nti-gymnasiet-natur-intervju-1-300x297.jpg 300w, https:\/\/ntigymnasiet.se\/wp-content\/uploads\/2023\/05\/nti-gymnasiet-natur-intervju-1-400x396.jpg 400w, https:\/\/ntigymnasiet.se\/wp-content\/uploads\/2023\/05\/nti-gymnasiet-natur-intervju-1-800x792.jpg 800w, https:\/\/ntigymnasiet.se\/wp-content\/uploads\/2023\/05\/nti-gymnasiet-natur-intervju-1-1024x1014.jpg 1024w, https:\/\/ntigymnasiet.se\/wp-content\/uploads\/2023\/05\/nti-gymnasiet-natur-intervju-1.jpg 1200w\" \/>\n\t\t\t\t<\/div>\n\t\t\t<\/article>\n\t\t<\/li>\n\t\t\t\t\t\t\t\t\t\t\t\n\t\t\n\t\t\n\t\t<li class=\"l-col-6@md \" data-filter=\"nanap naturvetenskapsprogrammet april-2026\">\n\t\t\t<article class=\"c-card has-media-zoom \" data-variant=\"inside-half\" data-click-area>\n\t\t\t\t<div class=\"c-card__content l-stack l-stack-sm is-left is-left@md\">\n\t\t\t\t\t\t\t\t\t\t\t<blockquote class=\"c-card__title u-font-title-3\">\n\t\t\t\t\t\t\t\t\t\t\t\t\t\t\t<p class=\"u-quote-marks\"><a href=\"https:\/\/ntigymnasiet.se\/vetenskapsgymnasiet\/elevintervjuer\/naturvetenskap-1\/\" class=\"link\">Jag tycker att evolution \u00e4r extra roligt, men ocks\u00e5 v\u00e4xt- och djurfysiologi&#8230;<\/a><\/p>\n\t\t\t\t\t\t\t\t\t\t\t\t\t<\/blockquote>\n\t\t\t\t\t\n\t\t\t\t\t\t\t\t\t\t\t<p class=\"c-card__text l-stack-grow u-divider-top u-font-body\">\n\t\t\t\t\t\t\t<span class=\"author u-mr-fluid-lg\">Milkyas<\/span>\n\t\t\t\t\t\t\t<span class=\"title u-mr-fluid-lg\">Naturvetenskap<\/span>\n\t\t\t\t\t\t<\/p>\n\t\t\t\t\t\n\t\t\t\t\t<div class=\"c-card__icon\">\n\t\t\t\t\t\t<svg class=\"ams-icon ams-icon--arrow-right\" width=\"32\" height=\"32\" viewBox=\"0 0 32 32\" fill=\"currentColor\" aria-hidden=\"true\" xmlns=\"http:\/\/www.w3.org\/2000\/svg\">\n\t\t\t\t\t\t\t<path d=\"M15.4617 0.252159L14.9567 0.75931C14.6219 1.09545 14.6219 1.64048 14.9567 1.97669L27.7062 14.7806H0.857144C0.383786 14.7806 0 15.166 0 15.6414V16.3587C0 16.8341 0.383786 17.2195 0.857144 17.2195H27.7062L14.9567 30.0234C14.6219 30.3595 14.6219 30.9045 14.9567 31.2407L15.4617 31.7479C15.7964 32.084 16.3392 32.084 16.6739 31.7479L31.749 16.6087C32.0837 16.2725 32.0837 15.7275 31.749 15.3913L16.6739 0.252159C16.3392 -0.084053 15.7964 -0.084053 15.4617 0.252159Z\"\/>\n\t\t\t\t\t\t<\/svg>\n\t\t\t\t\t<\/div>\n\t\t\t\t<\/div>\n\t\t\t\t<div class=\"c-card__media\" style=\" \">\n\t\t\t\t\t<img decoding=\"async\" width=\"600\" height=\"418\" src=\"https:\/\/ntigymnasiet.se\/wp-content\/uploads\/2023\/05\/nti-elevintervjuer-natursam-230331-1-1-scaled-600x418.jpg\" class=\"attachment-md size-md\" alt=\"NTI Elevintervjuer.\" sizes=\"(min-width: 80em) 600px, (min-width: 48em) calc(.50 * (100vw - 240px)), calc(100vw - 160px)\" srcset=\"https:\/\/ntigymnasiet.se\/wp-content\/uploads\/2023\/05\/nti-elevintervjuer-natursam-230331-1-1-scaled-600x418.jpg 600w, https:\/\/ntigymnasiet.se\/wp-content\/uploads\/2023\/05\/nti-elevintervjuer-natursam-230331-1-1-scaled-300x209.jpg 300w, https:\/\/ntigymnasiet.se\/wp-content\/uploads\/2023\/05\/nti-elevintervjuer-natursam-230331-1-1-scaled-400x279.jpg 400w, https:\/\/ntigymnasiet.se\/wp-content\/uploads\/2023\/05\/nti-elevintervjuer-natursam-230331-1-1-scaled-800x558.jpg 800w, https:\/\/ntigymnasiet.se\/wp-content\/uploads\/2023\/05\/nti-elevintervjuer-natursam-230331-1-1-scaled-1024x714.jpg 1024w, https:\/\/ntigymnasiet.se\/wp-content\/uploads\/2023\/05\/nti-elevintervjuer-natursam-230331-1-1-scaled-1200x836.jpg 1200w\" \/>\n\t\t\t\t<\/div>\n\t\t\t<\/article>\n\t\t<\/li>\n\t<\/ul>\n\t\n\t<div class=\"no-results u-mt-0 u-hide\" data-filter-fallback-id=\"ams-testimonial-list-69f2aba7dfefc\">\n\t<p>Det finns inga resultat som matchar din filtrering.<\/p>\n<\/div>\n\n\t\n\n\t\t\n\t\t\t<\/div>\n\n\t\t\n\n<\/section>\n","protected":false},"featured_media":0,"template":"","testimonial_category":[25,14],"yoast_head":"<!-- This site is optimized with the Yoast SEO plugin v22.0 - https:\/\/yoast.com\/wordpress\/plugins\/seo\/ -->\n<title>NTI Vetenskapsgymnasiet<\/title>\n<meta name=\"description\" content=\"I denna intervju f\u00e5r du m\u00f6ta Haruto som g\u00e5r sitt f\u00f6rsta \u00e5r p\u00e5 Natur &amp; samh\u00e4lle. V\u00e4lkommen till NTI Vetenskapsgymnasiet!\" \/>\n<meta name=\"robots\" content=\"index, follow, max-snippet:-1, max-image-preview:large, max-video-preview:-1\" \/>\n<link rel=\"canonical\" href=\"https:\/\/ntigymnasiet.se\/vetenskapsgymnasiet\/elevintervjuer\/natur-och-samhalle-1\/\" \/>\n<meta property=\"og:locale\" content=\"sv_SE\" \/>\n<meta property=\"og:type\" content=\"article\" \/>\n<meta property=\"og:description\" content=\"I denna intervju f\u00e5r du m\u00f6ta Haruto som g\u00e5r sitt f\u00f6rsta \u00e5r p\u00e5 Natur &amp; samh\u00e4lle. V\u00e4lkommen till NTI Vetenskapsgymnasiet!\" \/>\n<meta property=\"og:url\" content=\"https:\/\/ntigymnasiet.se\/vetenskapsgymnasiet\/elevintervjuer\/natur-och-samhalle-1\/\" \/>\n<meta property=\"og:site_name\" content=\"NTI Vetenskapsgymnasiet\" \/>\n<meta property=\"article:modified_time\" content=\"2025-12-03T07:53:06+00:00\" \/>\n<meta name=\"twitter:card\" content=\"summary_large_image\" \/>\n<meta name=\"twitter:description\" content=\"I denna intervju f\u00e5r du m\u00f6ta Haruto som g\u00e5r sitt f\u00f6rsta \u00e5r p\u00e5 Natur &amp; samh\u00e4lle. V\u00e4lkommen till NTI Vetenskapsgymnasiet!\" \/>\n<meta name=\"twitter:label1\" content=\"Est. reading time\" \/>\n\t<meta name=\"twitter:data1\" content=\"4 minuter\" \/>\n<script type=\"application\/ld+json\" class=\"yoast-schema-graph\">{\"@context\":\"https:\/\/schema.org\",\"@graph\":[{\"@type\":\"WebPage\",\"@id\":\"https:\/\/ntigymnasiet.se\/vetenskapsgymnasiet\/elevintervjuer\/natur-och-samhalle-1\/\",\"url\":\"https:\/\/ntigymnasiet.se\/vetenskapsgymnasiet\/elevintervjuer\/natur-och-samhalle-1\/\",\"name\":\"Naturvetenskap och samh\u00e4lle Haruto - NTI Vetenskapsgymnasiet\",\"isPartOf\":{\"@id\":\"https:\/\/ntigymnasiet.se\/vetenskapsgymnasiet\/#website\"},\"datePublished\":\"2023-05-22T14:41:51+00:00\",\"dateModified\":\"2025-12-03T07:53:06+00:00\",\"description\":\"I denna intervju f\u00e5r du m\u00f6ta Haruto som g\u00e5r sitt f\u00f6rsta \u00e5r p\u00e5 Natur & samh\u00e4lle. V\u00e4lkommen till NTI Vetenskapsgymnasiet!\",\"breadcrumb\":{\"@id\":\"https:\/\/ntigymnasiet.se\/vetenskapsgymnasiet\/elevintervjuer\/natur-och-samhalle-1\/#breadcrumb\"},\"inLanguage\":\"sv-SE\",\"potentialAction\":[{\"@type\":\"ReadAction\",\"target\":[\"https:\/\/ntigymnasiet.se\/vetenskapsgymnasiet\/elevintervjuer\/natur-och-samhalle-1\/\"]}]},{\"@type\":\"BreadcrumbList\",\"@id\":\"https:\/\/ntigymnasiet.se\/vetenskapsgymnasiet\/elevintervjuer\/natur-och-samhalle-1\/#breadcrumb\",\"itemListElement\":[{\"@type\":\"ListItem\",\"position\":1,\"name\":\"Start\",\"item\":\"https:\/\/ntigymnasiet.se\/vetenskapsgymnasiet\"},{\"@type\":\"ListItem\",\"position\":2,\"name\":\"Elevintervjuer\"}]},{\"@type\":\"WebSite\",\"@id\":\"https:\/\/ntigymnasiet.se\/vetenskapsgymnasiet\/#website\",\"url\":\"https:\/\/ntigymnasiet.se\/vetenskapsgymnasiet\/\",\"name\":\"NTI Vetenskapsgymnasiet\",\"description\":\"Just another WordPress site\",\"potentialAction\":[{\"@type\":\"SearchAction\",\"target\":{\"@type\":\"EntryPoint\",\"urlTemplate\":\"https:\/\/ntigymnasiet.se\/vetenskapsgymnasiet\/?s={search_term_string}\"},\"query-input\":\"required name=search_term_string\"}],\"inLanguage\":\"sv-SE\"}]}<\/script>\n<!-- \/ Yoast SEO plugin. -->","yoast_head_json":{"title":"NTI Vetenskapsgymnasiet","description":"I denna intervju f\u00e5r du m\u00f6ta Haruto som g\u00e5r sitt f\u00f6rsta \u00e5r p\u00e5 Natur & samh\u00e4lle. V\u00e4lkommen till NTI Vetenskapsgymnasiet!","robots":{"index":"index","follow":"follow","max-snippet":"max-snippet:-1","max-image-preview":"max-image-preview:large","max-video-preview":"max-video-preview:-1"},"canonical":"https:\/\/ntigymnasiet.se\/vetenskapsgymnasiet\/elevintervjuer\/natur-och-samhalle-1\/","og_locale":"sv_SE","og_type":"article","og_description":"I denna intervju f\u00e5r du m\u00f6ta Haruto som g\u00e5r sitt f\u00f6rsta \u00e5r p\u00e5 Natur & samh\u00e4lle. V\u00e4lkommen till NTI Vetenskapsgymnasiet!","og_url":"https:\/\/ntigymnasiet.se\/vetenskapsgymnasiet\/elevintervjuer\/natur-och-samhalle-1\/","og_site_name":"NTI Vetenskapsgymnasiet","article_modified_time":"2025-12-03T07:53:06+00:00","twitter_card":"summary_large_image","twitter_description":"I denna intervju f\u00e5r du m\u00f6ta Haruto som g\u00e5r sitt f\u00f6rsta \u00e5r p\u00e5 Natur & samh\u00e4lle. V\u00e4lkommen till NTI Vetenskapsgymnasiet!","twitter_misc":{"Est. reading time":"4 minuter"},"schema":{"@context":"https:\/\/schema.org","@graph":[{"@type":"WebPage","@id":"https:\/\/ntigymnasiet.se\/vetenskapsgymnasiet\/elevintervjuer\/natur-och-samhalle-1\/","url":"https:\/\/ntigymnasiet.se\/vetenskapsgymnasiet\/elevintervjuer\/natur-och-samhalle-1\/","name":"Naturvetenskap och samh\u00e4lle Haruto - NTI Vetenskapsgymnasiet","isPartOf":{"@id":"https:\/\/ntigymnasiet.se\/vetenskapsgymnasiet\/#website"},"datePublished":"2023-05-22T14:41:51+00:00","dateModified":"2025-12-03T07:53:06+00:00","description":"I denna intervju f\u00e5r du m\u00f6ta Haruto som g\u00e5r sitt f\u00f6rsta \u00e5r p\u00e5 Natur & samh\u00e4lle. V\u00e4lkommen till NTI Vetenskapsgymnasiet!","breadcrumb":{"@id":"https:\/\/ntigymnasiet.se\/vetenskapsgymnasiet\/elevintervjuer\/natur-och-samhalle-1\/#breadcrumb"},"inLanguage":"sv-SE","potentialAction":[{"@type":"ReadAction","target":["https:\/\/ntigymnasiet.se\/vetenskapsgymnasiet\/elevintervjuer\/natur-och-samhalle-1\/"]}]},{"@type":"BreadcrumbList","@id":"https:\/\/ntigymnasiet.se\/vetenskapsgymnasiet\/elevintervjuer\/natur-och-samhalle-1\/#breadcrumb","itemListElement":[{"@type":"ListItem","position":1,"name":"Start","item":"https:\/\/ntigymnasiet.se\/vetenskapsgymnasiet"},{"@type":"ListItem","position":2,"name":"Elevintervjuer"}]},{"@type":"WebSite","@id":"https:\/\/ntigymnasiet.se\/vetenskapsgymnasiet\/#website","url":"https:\/\/ntigymnasiet.se\/vetenskapsgymnasiet\/","name":"NTI Vetenskapsgymnasiet","description":"Just another WordPress site","potentialAction":[{"@type":"SearchAction","target":{"@type":"EntryPoint","urlTemplate":"https:\/\/ntigymnasiet.se\/vetenskapsgymnasiet\/?s={search_term_string}"},"query-input":"required name=search_term_string"}],"inLanguage":"sv-SE"}]}},"_links":{"self":[{"href":"https:\/\/ntigymnasiet.se\/vetenskapsgymnasiet\/wp-json\/wp\/v2\/testimonial\/2742"}],"collection":[{"href":"https:\/\/ntigymnasiet.se\/vetenskapsgymnasiet\/wp-json\/wp\/v2\/testimonial"}],"about":[{"href":"https:\/\/ntigymnasiet.se\/vetenskapsgymnasiet\/wp-json\/wp\/v2\/types\/testimonial"}],"wp:attachment":[{"href":"https:\/\/ntigymnasiet.se\/vetenskapsgymnasiet\/wp-json\/wp\/v2\/media?parent=2742"}],"wp:term":[{"taxonomy":"testimonial_category","embeddable":true,"href":"https:\/\/ntigymnasiet.se\/vetenskapsgymnasiet\/wp-json\/wp\/v2\/testimonial_category?post=2742"}],"curies":[{"name":"wp","href":"https:\/\/api.w.org\/{rel}","templated":true}]}}