{"id":2747,"date":"2023-05-23T08:52:07","date_gmt":"2023-05-23T06:52:07","guid":{"rendered":"https:\/\/ntigymnasiet.se\/vetenskapsgymnasiet\/?post_type=testimonial&#038;p=2747"},"modified":"2025-12-03T08:52:50","modified_gmt":"2025-12-03T07:52:50","slug":"teknikprogrammet-2","status":"publish","type":"testimonial","link":"https:\/\/ntigymnasiet.se\/vetenskapsgymnasiet\/elevintervjuer\/teknikprogrammet-2\/","title":{"rendered":"Teknikprogrammet Adam"},"content":{"rendered":"\n<div class=\"wp-block-columns is-layout-flex wp-container-core-columns-layout-1 wp-block-columns-is-layout-flex\">\n<div class=\"wp-block-column is-layout-flow wp-block-column-is-layout-flow\" style=\"flex-basis:10%\"><\/div>\n\n\n\n<div class=\"wp-block-column is-layout-flow wp-block-column-is-layout-flow\" style=\"flex-basis:80%\">\t<div\n\t\t class=\"module_wrapper container-fluid images-module\" >\n\t\t<div class=\"row\">\n\t\t\t<div\n\t\t\t\t\tclass=\"col-12 m-0 p-0 position-relative images_module__slideshow images_module__slideshow-container module-expand \">\n\n\t\t\t\t<div class=\"images_module__slide \" data-slide=\"\"\n\t\t\t\t\t data-duration=\"\"><\/div>\n\t\t\t\t\t\t\t\t\t<div\n\t\t\t\t\t\t class=\"images_module__slides \">\n\n\n\t\t\t\t\t\t<div class=\"images__wrapper\"\n\t\t\t\t\t\t\t style=\"aspect-ratio: 851 \/ 531;\">\n\t\t\t\t\t\t\t<img decoding=\"async\" width=\"2560\" height=\"2269\" src=\"https:\/\/ntigymnasiet.se\/wp-content\/uploads\/2023\/05\/nti-intervju-teknik-2022.jpeg\" class=\"images__image_ratio animate__animated animate__fadeIn \" alt=\"Elev i jacka st\u00e5r framf\u00f6r en v\u00e4gg.\" style=\"aspect-ratio: 851 \/ 531;object-position: center center;\" srcset=\"https:\/\/ntigymnasiet.se\/wp-content\/uploads\/2023\/05\/nti-intervju-teknik-2022.jpeg 2560w, https:\/\/ntigymnasiet.se\/wp-content\/uploads\/2023\/05\/nti-intervju-teknik-2022-300x266.jpeg 300w, https:\/\/ntigymnasiet.se\/wp-content\/uploads\/2023\/05\/nti-intervju-teknik-2022-400x355.jpeg 400w, https:\/\/ntigymnasiet.se\/wp-content\/uploads\/2023\/05\/nti-intervju-teknik-2022-600x532.jpeg 600w, https:\/\/ntigymnasiet.se\/wp-content\/uploads\/2023\/05\/nti-intervju-teknik-2022-800x709.jpeg 800w, https:\/\/ntigymnasiet.se\/wp-content\/uploads\/2023\/05\/nti-intervju-teknik-2022-1024x908.jpeg 1024w, https:\/\/ntigymnasiet.se\/wp-content\/uploads\/2023\/05\/nti-intervju-teknik-2022-1200x1064.jpeg 1200w\" sizes=\"(max-width: 2560px) 100vw, 2560px\" \/>\t\t\t\t\t\t<\/div>\n\n\t\t\t\t\t\t\n\t\t\t\t\t\t\t\t\t\t\t<\/div>\n\t\t\t\t\n\t\t\t\t<div class=\"images_module__container_dot \">\n\t\t\t\t\t<div style=\"text-align:center\">\n\t\t\t\t\t\t\t\t\t\t\t\t\t<span   data-i=\"0\"\n\t\t\t\t\t\t\t\t  class=\"images_module__dot\n\t\t\t\t\t\t\t\t\t\t\t\t\t  \"><\/span>\n\t\t\t\t\t\t\t\t\t\t\t<\/div>\n\t\t\t\t<\/div>\n\n\t\t\t<\/div>\n\t\t<\/div>\n\t<\/div>\n\n\n\t\n\n\n<script>\n\tvar images_display_descriptive_text = \"\";\n<\/script>\n<\/div>\n\n\n\n<div class=\"wp-block-column is-layout-flow wp-block-column-is-layout-flow\" style=\"flex-basis:10%\"><\/div>\n<\/div>\n\n\n\n<div class=\"wp-block-columns is-layout-flex wp-container-core-columns-layout-2 wp-block-columns-is-layout-flex\">\n<div class=\"wp-block-column is-layout-flow wp-block-column-is-layout-flow\" style=\"flex-basis:55%\">\n<h1 class=\"wp-block-heading\">Adam l\u00e4ser teknikprogrammet p\u00e5 NTI Gymnasiet<\/h1>\n\n\n\n<div style=\"height:10px\" aria-hidden=\"true\" class=\"wp-block-spacer\"><\/div>\n\n\n\n<p   class=\"site__ingress container text-left  site__text-color--dark  site__free_text--ingress p-0\">\n\tGillar du teknik, matte och fysik? I den h\u00e4r intervjun ber\u00e4ttar Adam om hur det \u00e4r p\u00e5 teknikprogrammet och ger sina b\u00e4sta tips inf\u00f6r gymnasievalet.<\/p>\n\n\n\n\n\n<h2 class=\"wp-block-heading\">Hej Adam! Varf\u00f6r valde du att g\u00e5 Teknik?<\/h2>\n\n\n\n<p>Jag har alltid varit v\u00e4ldigt intresserad av teknik, matte och fysik. Det \u00e4r ocks\u00e5 v\u00e4ldigt roligt att programmera och bygga saker. Det intresset hade jag redan innan gymnasiet, s\u00e5 att l\u00e4ra mig mer om teknik var ett sj\u00e4lvklart val f\u00f6r mig. Det var ocks\u00e5 viktigt att jag fick h\u00f6gskolebeh\u00f6righet f\u00f6r att kunna plugga vidare till ingenj\u00f6r efter gymnasiet.<\/p>\n\n\n\n<h2 class=\"wp-block-heading\">Det l\u00e5ter solklart! Vad \u00e4r det som \u00e4r s\u00e5 bra med teknik?<\/h2>\n\n\n\n<p>Att g\u00e5 teknik \u00e4r s\u00e5 h\u00e4ftigt! Du f\u00e5r s\u00e5 mycket ny kunskap och man blir v\u00e4ldigt f\u00f6rberedd inf\u00f6r framtiden och h\u00f6gskolestudier. Jag hade lite programmeringskunskaper innan gymnasiet, vilket s\u00e5klart har underl\u00e4ttat f\u00f6r mig. Men det som \u00e4r bra \u00e4r att kurserna \u00e4r utformade s\u00e5 att du inte beh\u00f6ver n\u00e5gon erfarenhet alls innan. Det enda du beh\u00f6ver \u00e4r intresset och motivationen.<\/p>\n\n\n\n<h2 class=\"wp-block-heading\">Vad har varit extra kul i skolan?<\/h2>\n\n\n\n<p>Jag \u00e4lskar att jobba med projekt. Att planera, utf\u00f6ra och sedan utv\u00e4rdera. Du f\u00e5r anv\u00e4nda din kunskap som du f\u00e5tt under \u00e5ret f\u00f6r att tillsammans n\u00e5 ett gemensamt m\u00e5l i projektgruppen. Det \u00e4r v\u00e4ldigt kul n\u00e4r alla i gruppen sitter p\u00e5 olika sorters kunskap, som kan delas och nyttjas f\u00f6r projektet.<\/p>\n<\/div>\n\n\n\n<div class=\"wp-block-column is-layout-flow wp-block-column-is-layout-flow\" style=\"flex-basis:15px\"><\/div>\n\n\n\n<div class=\"wp-block-column is-layout-flow wp-block-column-is-layout-flow\" style=\"flex-basis:33%\"><style>\n@media only screen and (min-width: 600px) {\n\t}\n@media only screen and (max-width: 600px) {\n\t}\n<\/style>\n<div   class=\"ams-fragor  site__secondary-bg--13   ams-fragor-dgagwbvofzrmejewofet\" >\n\t<p class=\"site__subheading-1  site__text-color  u-mb-2xs\">\n\t\tFakta\t<\/p>\n   \t\t <div   class=\" site__text-color--dark  ams-fragor__namn\">\n\t\t\tNamn:\t\t\t<span class=\" ams-fragor__strong\">\n\t\t\t\tAdam\t\t\t<\/span>\n\t\t<\/div>\n\t\t<div   class=\" site__text-color--dark  ams-fragor__utbildning\">\n\t\t\tProgram:\t\t\t<span class=\" ams-fragor__strong\">\n\t\t\t\tTeknikprogrammet\t\t\t<\/span>\n\t\t<\/div>\n\t\t\t\t\t<ul>\n\t\t\t\t\t\t\t<li   class=\" site__text-color--dark  \" >\n\t\t\t\t\tInriktning:\t\t\t\t\t\t\t\t\t\t\t<span class=\"ams-fragor__strong\">\n\t\t\t\t\t\t\tInformations- och medieteknik\t\t\t\t\t\t<\/span>\n\t\t\t\t\t\t\t\t\t<\/li>\n\t\t\t\t\t\t\t<li   class=\" site__text-color--dark  \" >\n\t\t\t\t\t\t\t\t\t\t\t\t\t\t<\/li>\n\t\t\t\t\t<\/ul>\n\t\t\t<\/div>\n<script>\n\tamsFragor = function() {\n\t\tvar w = window.innerWidth;\n\t\tvar siteMain = document.getElementsByClassName(\"site-main\")[0]\n\t\tif(typeof siteMain !== 'undefined'){\n\t\t\tvar testimonial = siteMain.getElementsByClassName(\"testimonial_header_module\")[0]\n\t\t\tif(typeof testimonial !== 'undefined'){\n\t\t\t\tvar amsFragor = document.getElementsByClassName(\"ams-fragor\")\n\t\t\t\tfor(var i = 0; i < amsFragor.length; i++){\n\t\t\t\t\tif(w > 769 ){\n\t\t\t\t\t\tamsFragor[i].setAttribute('style', \"margin-top: 50px\");\n\t\t\t\t\t}else{\n\t\t\t\t\t\tamsFragor[i].setAttribute('style', \"margin-top: 0px\");\n\t\t\t\t\t}\n\t\t\t\t}\n\t\t\t}\n\t\t}\n\t};\n\tamsFragor();\n\twindow.addEventListener(\"resize\", amsFragor);\n<\/script>\n<\/div>\n<\/div>\n\n\n\n\n<section  class=\"ams-cta ams-cta--stacked c-block l-stacked\" data-color-scheme=\"vit-2-pa-mork-bakgrund\">\n\t<div class=\"l-container-narrow l-stack l-stack-fluid-2xl u-pt-fluid-3xl-6xl u-pb-fluid-3xl-6xl is-center is-center@md\">\n\t\t\t\t\t<div class=\"ams-cta__intro l-stack l-stack-lg\">\n\t\t\t\t\t\n\t<h2\n\tclass=\"c-heading u-font-title-1 \"\n\tstyle=\"\">\n\t\t\n\t\t\t\t\t&#8221;Att g\u00e5 teknik \u00e4r s\u00e5 h\u00e4ftigt! Du f\u00e5r s\u00e5 mycket ny kunskap och man blir v\u00e4ldigt f\u00f6rberedd inf\u00f6r framtiden&#8221;\n\t\t\t\t\n\t<\/h2>\n\n\t\t\t\t\t\t\t\t\t<div class=\"c-text l-stack u-cs-xl u-font-body\">\n\t\t\t\t\t\t<p>Adam<br \/>\n<strong>Teknikprogrammet<\/strong><\/p>\n\n\t\t\t\t\t<\/div>\n\t\t\t\t\t\t\t<\/div>\n\t\t\n\t\t\n\t\t\t<\/div>\n\n\t\t\n\t\t\t\n\t\t\t\t\t\t\t\n\t\t\t\t<div class=\"c-bg c-bg--img\" data-settings=\"{&quot;desktop_settings&quot;:{&quot;size&quot;:&quot;cover&quot;,&quot;position&quot;:&quot;bottom-left&quot;},&quot;mobile_settings&quot;:{&quot;size&quot;:&quot;cover&quot;,&quot;position&quot;:&quot;bottom-left&quot;}}\" data-position=\"middle-center\" data-size=\"cover\">\n\t\t\t<img decoding=\"async\" width=\"1920\" height=\"1080\" src=\"https:\/\/ntigymnasiet.se\/wp-content\/uploads\/2023\/04\/ntisciencebgsvagacirklar3.jpg\" class=\"attachment-hero-lg size-hero-lg\" alt=\"Bakgrundsbild.\" sizes=\"(max-width: 1920px) 100vw, 1920px\" srcset=\"https:\/\/ntigymnasiet.se\/wp-content\/uploads\/2023\/04\/ntisciencebgsvagacirklar3.jpg 1920w, https:\/\/ntigymnasiet.se\/wp-content\/uploads\/2023\/04\/ntisciencebgsvagacirklar3-300x169.jpg 300w, https:\/\/ntigymnasiet.se\/wp-content\/uploads\/2023\/04\/ntisciencebgsvagacirklar3-400x225.jpg 400w, https:\/\/ntigymnasiet.se\/wp-content\/uploads\/2023\/04\/ntisciencebgsvagacirklar3-600x338.jpg 600w, https:\/\/ntigymnasiet.se\/wp-content\/uploads\/2023\/04\/ntisciencebgsvagacirklar3-800x450.jpg 800w, https:\/\/ntigymnasiet.se\/wp-content\/uploads\/2023\/04\/ntisciencebgsvagacirklar3-1024x576.jpg 1024w, https:\/\/ntigymnasiet.se\/wp-content\/uploads\/2023\/04\/ntisciencebgsvagacirklar3-1200x675.jpg 1200w\" \/>\n\t\t<\/div>\n\t\n<\/section>\n\n\n\n<div class=\"wp-block-columns is-layout-flex wp-container-core-columns-layout-3 wp-block-columns-is-layout-flex\">\n<div class=\"wp-block-column is-layout-flow wp-block-column-is-layout-flow\" style=\"flex-basis:15%\"><\/div>\n\n\n\n<div class=\"wp-block-column is-layout-flow wp-block-column-is-layout-flow\" style=\"flex-basis:70%\">\n<h2 class=\"wp-block-heading\">Det l\u00e5ter solklart! Vad \u00e4r det som \u00e4r s\u00e5 bra med teknik?<\/h2>\n\n\n\n<p>Att g\u00e5 teknik \u00e4r s\u00e5 h\u00e4ftigt! Du f\u00e5r s\u00e5 mycket ny kunskap och man blir v\u00e4ldigt f\u00f6rberedd inf\u00f6r framtiden och h\u00f6gskolestudier. Jag hade lite programmeringskunskaper innan gymnasiet, vilket s\u00e5klart har underl\u00e4ttat f\u00f6r mig. Men det som \u00e4r bra \u00e4r att kurserna \u00e4r utformade s\u00e5 att du inte beh\u00f6ver n\u00e5gon erfarenhet alls innan. Det enda du beh\u00f6ver \u00e4r intresset och motivationen.<\/p>\n\n\n\n<h2 class=\"wp-block-heading\">Vad har varit extra kul i skolan?<\/h2>\n\n\n\n<p>Jag \u00e4lskar att jobba med projekt. Att planera, utf\u00f6ra och sedan utv\u00e4rdera. Du f\u00e5r anv\u00e4nda din kunskap som du f\u00e5tt under \u00e5ret f\u00f6r att tillsammans n\u00e5 ett gemensamt m\u00e5l i projektgruppen. Det \u00e4r v\u00e4ldigt kul n\u00e4r alla i gruppen sitter p\u00e5 olika sorters kunskap, som kan delas och nyttjas f\u00f6r projektet.<\/p>\n\n\n\n<h2 class=\"wp-block-heading\">Men hur var det att b\u00f6rja gymnasiet d\u00e5?<\/h2>\n\n\n\n<p>Gymnasiet skiljer sig v\u00e4ldigt mycket fr\u00e5n h\u00f6gstadiet, d\u00e4r \u00e4r alla olika mycket studiemotiverade och har v\u00e4ldigt olika intressen. P\u00e5 gymnasiet har m\u00e5nga liknande intressen och \u00e4r v\u00e4ldigt studiemotiverade. Jag skulle s\u00e4ga att kulturen och m\u00e4nniskorna \u00e4r det b\u00e4sta med NTI Gymnasiet. Det finns en g\u00f3 k\u00e4nsla d\u00e5 alla hj\u00e4lps \u00e5t. L\u00e4rarna \u00e4r ocks\u00e5 superbra och f\u00e5r en att k\u00e4nna sig trygg och sedd redan fr\u00e5n b\u00f6rjan.<\/p>\n\n\n\n<h2 class=\"wp-block-heading\">Vad hade du gjort om du kunde g\u00f6ra vilken teknisk l\u00f6sning som helst?<\/h2>\n\n\n\n<p>Det \u00e4r ju en j\u00e4tteutmaning, men jag hade satsat p\u00e5 att l\u00f6sa s\u00e5 m\u00e5nga klimatproblem som m\u00f6jligt s\u00e5 att vi slipper att fokusera p\u00e5 klimatet s\u00e5 mycket som vi g\u00f6r. Antingen hade jag jobbat helt p\u00e5 att elektrifiera alla fordon eller att skapa perfekta kraftk\u00e4llor utan radioaktivt avfall eller utsl\u00e4pp.<\/p>\n\n\n\n<p><br>&nbsp;<\/p>\n\n\n\n\t<style>\n\t\t.inner {\n\n\t\t\tmargin: 0 auto;\n\n\n\t\t}\n\t<\/style>\n\t<div\n\t\t class=\"container images-module\" >\n\t\t<div class=\"row images_module__slideshow\">\n\n\t\t\t<div\n\t\t\t\t\tclass=\"col-md-12 p-0 position-relative images_module__slideshow images_module__slideshow-container  \">\n\t\t\t\t<div class=\"images_module__slide\" data-slide=\"\"\n\t\t\t\t\t data-duration=\"\"><\/div>\n\t\t\t\t\t\t\t\t\t<div\n\t\t\t\t\t\t class=\"images_module__slides\n\n\t\t\t\t\t   \"\n\t\t\t\t\t>\n\n\t\t\t\t\t\t<div class=\"images__wrapper\" style=\"aspect-ratio: 851 \/ 851;\">\n\t\t\t\t\t\t\t<img decoding=\"async\" width=\"1920\" height=\"2560\" src=\"https:\/\/ntigymnasiet.se\/wp-content\/uploads\/2023\/05\/nti-intervju-teknik2-2022.jpeg\" class=\"images__image_ratio animate__animated animate__fadeIn \" alt=\"Elev st\u00e5r i makerspace och arbetar.\" style=\"aspect-ratio: 851 \/ 851;object-position: center center;\" srcset=\"https:\/\/ntigymnasiet.se\/wp-content\/uploads\/2023\/05\/nti-intervju-teknik2-2022.jpeg 1920w, https:\/\/ntigymnasiet.se\/wp-content\/uploads\/2023\/05\/nti-intervju-teknik2-2022-300x400.jpeg 300w, https:\/\/ntigymnasiet.se\/wp-content\/uploads\/2023\/05\/nti-intervju-teknik2-2022-400x533.jpeg 400w, https:\/\/ntigymnasiet.se\/wp-content\/uploads\/2023\/05\/nti-intervju-teknik2-2022-600x800.jpeg 600w, https:\/\/ntigymnasiet.se\/wp-content\/uploads\/2023\/05\/nti-intervju-teknik2-2022-800x1067.jpeg 800w, https:\/\/ntigymnasiet.se\/wp-content\/uploads\/2023\/05\/nti-intervju-teknik2-2022-1024x1365.jpeg 1024w, https:\/\/ntigymnasiet.se\/wp-content\/uploads\/2023\/05\/nti-intervju-teknik2-2022-1200x1600.jpeg 1200w\" sizes=\"(max-width: 1920px) 100vw, 1920px\" \/>\t\t\t\t\t\t<\/div>\n\t\t\t\t\t\t\n\n\t\t\t\t\t\t\t\t\t\t\t<\/div>\n\t\t\t\t\n\t\t\t\t<div class=\"images_module__container_dot\">\n\t\t\t\t\t<div style=\"text-align:center\">\n\n\n\t\t\t\t\t\t\t\t\t\t\t\t\t<span   data-i=\"0\"\n\t\t\t\t\t\t\t\t  class=\"\n\t\t\t\t\t\t\timages_module__dot\n\t\t\t\t\t\t\t\t\t\t\t\t\t\t\"\n\t\t\t\t\t\t\t><\/span>\n\t\t\t\t\t\t\t\t\t\t\t<\/div>\n\t\t\t\t<\/div>\n\n\n\t\t\t<\/div>\n\t\t<\/div>\n\t<\/div>\n\n\t\n\n\n<script>\n\tvar images_display_descriptive_text = \"\";\n<\/script>\n\n\n\n<h2 class=\"wp-block-heading\">Vart leder v\u00e4gen f\u00f6r dig i framtiden d\u00e5?<\/h2>\n\n\n\n<p>Jag vill l\u00e4sa till maskiningenj\u00f6r. Sedan vill jag jobba med att bygga fysisk teknik. Jag vill inte sitta framf\u00f6r datorn hela tiden, utan jobba mer praktiskt. Antingen vill jag g\u00f6ra n\u00e5nting som jag tycker \u00e4r riktigt kul, eller n\u00e5nting som hj\u00e4lper andra. Till exempel att jobba med s\u00e4kerhetssystem f\u00f6r bilar, s\u00e5 att m\u00e4nniskor klarar av krockar b\u00e4ttre. Eller s\u00e5 vill jag bygga robotarmar, bli h\u00f6gskolel\u00e4rare eller bara sprida min kunskap. M\u00f6jligheterna \u00e4r m\u00e5nga!<\/p>\n\n\n\n<h2 class=\"wp-block-heading\">Det \u00e4r de verkligen! S\u00e5 om du skulle dr\u00f6mma, vad hade du gjort d\u00e5?<\/h2>\n\n\n\n<p>Jag skulle jobba i USA med n\u00e5got av de stora f\u00f6retagen som utvecklar framtidens produkter; Tesla, SpaceX eller Rocket Lab. Det hade varit riktigt fr\u00e4ckt! Eller s\u00e5 hade jag velat jobba mer lokalt med f\u00f6rsvaret i Sverige, kanske med att underh\u00e5lla olika system.<\/p>\n\n\n\n<h2 class=\"wp-block-heading\">Har du n\u00e5got tips till nya gymnasieelever som ocks\u00e5 har teknik-dr\u00f6mmar?<\/h2>\n\n\n\n<p>F\u00f6rs\u00f6k att inte tappa lusten f\u00f6r studierna. Det kommer vara sv\u00e5rt ibland, men du kommer g\u00e5 l\u00e5ngt om du k\u00e4mpar p\u00e5 och inte ger upp. Var social, h\u00e4ng med folk, var med p\u00e5 evenemang, hj\u00e4lps \u00e5t och plugga. Och ha kul, det \u00e4r v\u00e4ldigt viktigt.<\/p>\n\n\n\n<h2 class=\"wp-block-heading\">Det tycker vi med! Vad borde man g\u00f6ra n\u00e4r man funderar \u00f6ver gymnasium d\u00e5?<\/h2>\n\n\n\n<p>Exkludera ingenting f\u00f6r tidigt och titta s\u00e5 brett som m\u00f6jligt. G\u00e5 p\u00e5 \u00f6ppet hus, gymnasiem\u00e4ssan, skugga g\u00e4rna flera g\u00e5nger, l\u00e4s recensioner, snacka med l\u00e4rare och elever. Det kommer g\u00e5 l\u00e4ttare om du har samlat p\u00e5 dig s\u00e5 mycket information som du kan.<\/p>\n<\/div>\n\n\n\n<div class=\"wp-block-column is-layout-flow wp-block-column-is-layout-flow\" style=\"flex-basis:15%\"><\/div>\n<\/div>\n\n\n\n\n<section  class=\"ams-cta ams-cta--stacked c-block l-stacked\" data-color-scheme=\"light-grey\">\n\t<div class=\"l-container l-stack l-stack-fluid-2xl u-pt-fluid-3xl-6xl u-pb-fluid-3xl-6xl is-center is-center@md\">\n\t\t\t\t\t<div class=\"ams-cta__intro l-stack l-stack-lg\">\n\t\t\t\t\t\n\t<h2\n\tclass=\"c-heading u-font-title-1 \"\n\tstyle=\"\">\n\t\t\n\t\t\t\t\tL\u00e4s mer om teknikprogrammet\n\t\t\t\t\n\t<\/h2>\n\n\t\t\t\t\t\t\t\t\t<div class=\"c-text l-stack u-cs-xl u-font-body\">\n\t\t\t\t\t\t<p>L\u00e4s mer om teknikprogrammet och de olika inriktningarna.<\/p>\n\n\t\t\t\t\t<\/div>\n\t\t\t\t\t\t\t<\/div>\n\t\t\n\t\t\n\t\t\t<div class=\"ams-cta__action u-inline-items\">\n\t\t\t\t\t\t\t\n\n\n<a href=\"https:\/\/ntigymnasiet.se\/program\/teknikprogrammet\/\"\n\t\n\tclass=\"c-btn \"\n\tdata-style=\"rounded\"\n\tdata-size=\"md\"\n\tdata-width=\"full-mobile\"\n\tdata-variant=\"default\"\n\ttarget=\"_self\">\n\t\t\t<span class=\"label\"> Till teknikprogrammet<\/span>\n\t\t\t<\/a>\n\t\t\t<\/div>\n\t<\/div>\n\n\t\t\n\n<\/section>\n\n\n\n\n\n<section  class=\"ams-testimonial testimonial_module c-block l-stacked\" data-color-scheme=\"bakgrund-card-primar1-light-hover-standard_standard\">\n\t<div class=\"l-container l-stack l-stack-fluid-2xl u-pt-fluid-3xl-6xl u-pb-fluid-3xl-6xl is-center is-center@md\">\n\t\t\t\t\t<div class=\"ams-testimonial__intro l-stack l-stack-lg\">\n\t\t\t\t\t\n\t<h2\n\tclass=\"c-heading u-font-title-1 \"\n\tstyle=\"\">\n\t\t\n\t\t\t\t\tFler elevintervjuer\n\t\t\t\t\n\t<\/h2>\n\n\t\t\t\t\t\t\t<\/div>\n\t\t\n\t\t\n\t\n\t\t\n\t\t\t\n<ul\n\tid=\"ams-testimonial-list-69f2aba7dc98d\"\n\tclass=\"ams-testimonial__list  l-grid u-gap-fluid-2xl-4xl js-results \"\n\tdata-filter-animation=\"off\">\n\t\t\t\t\t\t\t\t\t\t\t\n\t\t\n\t\t\n\t\t<li class=\"l-col-6@md \" data-filter=\"teknikprogrammet tetep juni-2026\">\n\t\t\t<article class=\"c-card has-media-zoom \" data-variant=\"inside-half\" data-click-area>\n\t\t\t\t<div class=\"c-card__content l-stack l-stack-sm is-left is-left@md\">\n\t\t\t\t\t\t\t\t\t\t\t<blockquote class=\"c-card__title u-font-title-3\">\n\t\t\t\t\t\t\t\t\t\t\t\t\t\t\t<p class=\"u-quote-marks\"><a href=\"https:\/\/ntigymnasiet.se\/vetenskapsgymnasiet\/elevintervjuer\/teknikprogrammet-sara\/\" class=\"link\">Jag vill plugga vidare p\u00e5 Chalmers&#8230;.<\/a><\/p>\n\t\t\t\t\t\t\t\t\t\t\t\t\t<\/blockquote>\n\t\t\t\t\t\n\t\t\t\t\t\t\t\t\t\t\t<p class=\"c-card__text l-stack-grow u-divider-top u-font-body\">\n\t\t\t\t\t\t\t<span class=\"author u-mr-fluid-lg\">Sara<\/span>\n\t\t\t\t\t\t\t<span class=\"title u-mr-fluid-lg\">Teknikprogrammet<\/span>\n\t\t\t\t\t\t<\/p>\n\t\t\t\t\t\n\t\t\t\t\t<div class=\"c-card__icon\">\n\t\t\t\t\t\t<svg class=\"ams-icon ams-icon--arrow-right\" width=\"32\" height=\"32\" viewBox=\"0 0 32 32\" fill=\"currentColor\" aria-hidden=\"true\" xmlns=\"http:\/\/www.w3.org\/2000\/svg\">\n\t\t\t\t\t\t\t<path d=\"M15.4617 0.252159L14.9567 0.75931C14.6219 1.09545 14.6219 1.64048 14.9567 1.97669L27.7062 14.7806H0.857144C0.383786 14.7806 0 15.166 0 15.6414V16.3587C0 16.8341 0.383786 17.2195 0.857144 17.2195H27.7062L14.9567 30.0234C14.6219 30.3595 14.6219 30.9045 14.9567 31.2407L15.4617 31.7479C15.7964 32.084 16.3392 32.084 16.6739 31.7479L31.749 16.6087C32.0837 16.2725 32.0837 15.7275 31.749 15.3913L16.6739 0.252159C16.3392 -0.084053 15.7964 -0.084053 15.4617 0.252159Z\"\/>\n\t\t\t\t\t\t<\/svg>\n\t\t\t\t\t<\/div>\n\t\t\t\t<\/div>\n\t\t\t\t<div class=\"c-card__media\" style=\" \">\n\t\t\t\t\t<img decoding=\"async\" width=\"600\" height=\"451\" src=\"https:\/\/ntigymnasiet.se\/wp-content\/uploads\/2025\/06\/saratek5av66jpg-1-1-600x451.png\" class=\"attachment-md size-md\" alt=\"Eleven Sara.\" sizes=\"(min-width: 80em) 600px, (min-width: 48em) calc(.50 * (100vw - 240px)), calc(100vw - 160px)\" srcset=\"https:\/\/ntigymnasiet.se\/wp-content\/uploads\/2025\/06\/saratek5av66jpg-1-1-600x451.png 600w, https:\/\/ntigymnasiet.se\/wp-content\/uploads\/2025\/06\/saratek5av66jpg-1-1-300x226.png 300w, https:\/\/ntigymnasiet.se\/wp-content\/uploads\/2025\/06\/saratek5av66jpg-1-1-400x301.png 400w, https:\/\/ntigymnasiet.se\/wp-content\/uploads\/2025\/06\/saratek5av66jpg-1-1-800x602.png 800w, https:\/\/ntigymnasiet.se\/wp-content\/uploads\/2025\/06\/saratek5av66jpg-1-1-1024x770.png 1024w, https:\/\/ntigymnasiet.se\/wp-content\/uploads\/2025\/06\/saratek5av66jpg-1-1-1200x902.png 1200w, https:\/\/ntigymnasiet.se\/wp-content\/uploads\/2025\/06\/saratek5av66jpg-1-1-768x576.png 768w\" \/>\n\t\t\t\t<\/div>\n\t\t\t<\/article>\n\t\t<\/li>\n\t\t\t\t\t\t\t\t\t\t\t\n\t\t\n\t\t\n\t\t<li class=\"l-col-6@md \" data-filter=\"teinm teknikprogrammet tetep augusti-2026\">\n\t\t\t<article class=\"c-card has-media-zoom \" data-variant=\"inside-half\" data-click-area>\n\t\t\t\t<div class=\"c-card__content l-stack l-stack-sm is-left is-left@md\">\n\t\t\t\t\t\t\t\t\t\t\t<blockquote class=\"c-card__title u-font-title-3\">\n\t\t\t\t\t\t\t\t\t\t\t\t\t\t\t<p class=\"u-quote-marks\"><a href=\"https:\/\/ntigymnasiet.se\/vetenskapsgymnasiet\/elevintervjuer\/teknikprogrammet-3\/\" class=\"link\">Det b\u00e4sta med Teknikprogrammet \u00e4r programmering&#8230;<\/a><\/p>\n\t\t\t\t\t\t\t\t\t\t\t\t\t<\/blockquote>\n\t\t\t\t\t\n\t\t\t\t\t\t\t\t\t\t\t<p class=\"c-card__text l-stack-grow u-divider-top u-font-body\">\n\t\t\t\t\t\t\t<span class=\"author u-mr-fluid-lg\">Markus<\/span>\n\t\t\t\t\t\t\t<span class=\"title u-mr-fluid-lg\">Teknikprogrammet<\/span>\n\t\t\t\t\t\t<\/p>\n\t\t\t\t\t\n\t\t\t\t\t<div class=\"c-card__icon\">\n\t\t\t\t\t\t<svg class=\"ams-icon ams-icon--arrow-right\" width=\"32\" height=\"32\" viewBox=\"0 0 32 32\" fill=\"currentColor\" aria-hidden=\"true\" xmlns=\"http:\/\/www.w3.org\/2000\/svg\">\n\t\t\t\t\t\t\t<path d=\"M15.4617 0.252159L14.9567 0.75931C14.6219 1.09545 14.6219 1.64048 14.9567 1.97669L27.7062 14.7806H0.857144C0.383786 14.7806 0 15.166 0 15.6414V16.3587C0 16.8341 0.383786 17.2195 0.857144 17.2195H27.7062L14.9567 30.0234C14.6219 30.3595 14.6219 30.9045 14.9567 31.2407L15.4617 31.7479C15.7964 32.084 16.3392 32.084 16.6739 31.7479L31.749 16.6087C32.0837 16.2725 32.0837 15.7275 31.749 15.3913L16.6739 0.252159C16.3392 -0.084053 15.7964 -0.084053 15.4617 0.252159Z\"\/>\n\t\t\t\t\t\t<\/svg>\n\t\t\t\t\t<\/div>\n\t\t\t\t<\/div>\n\t\t\t\t<div class=\"c-card__media\" style=\" \">\n\t\t\t\t\t<img decoding=\"async\" width=\"400\" height=\"296\" src=\"https:\/\/ntigymnasiet.se\/wp-content\/uploads\/2023\/08\/markus-piotrowski-teknikprogrammet-2021-1-400x296.png\" class=\"attachment-md size-md\" alt=\"Markus Piotrowski p\u00e5 Teknikprogrammet.\" sizes=\"(min-width: 80em) 600px, (min-width: 48em) calc(.50 * (100vw - 240px)), calc(100vw - 160px)\" srcset=\"https:\/\/ntigymnasiet.se\/wp-content\/uploads\/2023\/08\/markus-piotrowski-teknikprogrammet-2021-1-400x296.png 400w, https:\/\/ntigymnasiet.se\/wp-content\/uploads\/2023\/08\/markus-piotrowski-teknikprogrammet-2021-1-300x222.png 300w, https:\/\/ntigymnasiet.se\/wp-content\/uploads\/2023\/08\/markus-piotrowski-teknikprogrammet-2021-1-1024x758.png 1024w, https:\/\/ntigymnasiet.se\/wp-content\/uploads\/2023\/08\/markus-piotrowski-teknikprogrammet-2021-1-768x569.png 768w, https:\/\/ntigymnasiet.se\/wp-content\/uploads\/2023\/08\/markus-piotrowski-teknikprogrammet-2021-1-500x370.png 500w, https:\/\/ntigymnasiet.se\/wp-content\/uploads\/2023\/08\/markus-piotrowski-teknikprogrammet-2021-1-309x229.png 309w, https:\/\/ntigymnasiet.se\/wp-content\/uploads\/2023\/08\/markus-piotrowski-teknikprogrammet-2021-1-340x252.png 340w, https:\/\/ntigymnasiet.se\/wp-content\/uploads\/2023\/08\/markus-piotrowski-teknikprogrammet-2021-1-905x670.png 905w, https:\/\/ntigymnasiet.se\/wp-content\/uploads\/2023\/08\/markus-piotrowski-teknikprogrammet-2021-1-600x444.png 600w, https:\/\/ntigymnasiet.se\/wp-content\/uploads\/2023\/08\/markus-piotrowski-teknikprogrammet-2021-1.png 1094w\" \/>\n\t\t\t\t<\/div>\n\t\t\t<\/article>\n\t\t<\/li>\n\t\t\t\t\t\t\t\t\t\t\t\n\t\t\n\t\t\n\t\t<li class=\"l-col-6@md \" data-filter=\"teinm teknikprogrammet tetep april-2026\">\n\t\t\t<article class=\"c-card has-media-zoom \" data-variant=\"inside-half\" data-click-area>\n\t\t\t\t<div class=\"c-card__content l-stack l-stack-sm is-left is-left@md\">\n\t\t\t\t\t\t\t\t\t\t\t<blockquote class=\"c-card__title u-font-title-3\">\n\t\t\t\t\t\t\t\t\t\t\t\t\t\t\t<p class=\"u-quote-marks\"><a href=\"https:\/\/ntigymnasiet.se\/vetenskapsgymnasiet\/elevintervjuer\/teknikprogrammet-2\/\" class=\"link\">Att g\u00e5 teknik \u00e4r s\u00e5 h\u00e4ftigt! Du f\u00e5r s\u00e5 mycket ny kunskap och blir f\u00f6rberedd f\u00f6r framtiden&#8230;<\/a><\/p>\n\t\t\t\t\t\t\t\t\t\t\t\t\t<\/blockquote>\n\t\t\t\t\t\n\t\t\t\t\t\t\t\t\t\t\t<p class=\"c-card__text l-stack-grow u-divider-top u-font-body\">\n\t\t\t\t\t\t\t<span class=\"author u-mr-fluid-lg\">Adam<\/span>\n\t\t\t\t\t\t\t<span class=\"title u-mr-fluid-lg\">Teknikprogrammet<\/span>\n\t\t\t\t\t\t<\/p>\n\t\t\t\t\t\n\t\t\t\t\t<div class=\"c-card__icon\">\n\t\t\t\t\t\t<svg class=\"ams-icon ams-icon--arrow-right\" width=\"32\" height=\"32\" viewBox=\"0 0 32 32\" fill=\"currentColor\" aria-hidden=\"true\" xmlns=\"http:\/\/www.w3.org\/2000\/svg\">\n\t\t\t\t\t\t\t<path d=\"M15.4617 0.252159L14.9567 0.75931C14.6219 1.09545 14.6219 1.64048 14.9567 1.97669L27.7062 14.7806H0.857144C0.383786 14.7806 0 15.166 0 15.6414V16.3587C0 16.8341 0.383786 17.2195 0.857144 17.2195H27.7062L14.9567 30.0234C14.6219 30.3595 14.6219 30.9045 14.9567 31.2407L15.4617 31.7479C15.7964 32.084 16.3392 32.084 16.6739 31.7479L31.749 16.6087C32.0837 16.2725 32.0837 15.7275 31.749 15.3913L16.6739 0.252159C16.3392 -0.084053 15.7964 -0.084053 15.4617 0.252159Z\"\/>\n\t\t\t\t\t\t<\/svg>\n\t\t\t\t\t<\/div>\n\t\t\t\t<\/div>\n\t\t\t\t<div class=\"c-card__media\" style=\" \">\n\t\t\t\t\t<img decoding=\"async\" width=\"600\" height=\"532\" src=\"https:\/\/ntigymnasiet.se\/wp-content\/uploads\/2023\/05\/nti-intervju-teknik-2022-600x532.jpeg\" class=\"attachment-md size-md\" alt=\"Elev i jacka st\u00e5r framf\u00f6r en v\u00e4gg.\" sizes=\"(min-width: 80em) 600px, (min-width: 48em) calc(.50 * (100vw - 240px)), calc(100vw - 160px)\" srcset=\"https:\/\/ntigymnasiet.se\/wp-content\/uploads\/2023\/05\/nti-intervju-teknik-2022-600x532.jpeg 600w, https:\/\/ntigymnasiet.se\/wp-content\/uploads\/2023\/05\/nti-intervju-teknik-2022-300x266.jpeg 300w, https:\/\/ntigymnasiet.se\/wp-content\/uploads\/2023\/05\/nti-intervju-teknik-2022-400x355.jpeg 400w, https:\/\/ntigymnasiet.se\/wp-content\/uploads\/2023\/05\/nti-intervju-teknik-2022-800x709.jpeg 800w, https:\/\/ntigymnasiet.se\/wp-content\/uploads\/2023\/05\/nti-intervju-teknik-2022-1024x908.jpeg 1024w, https:\/\/ntigymnasiet.se\/wp-content\/uploads\/2023\/05\/nti-intervju-teknik-2022-1200x1064.jpeg 1200w\" \/>\n\t\t\t\t<\/div>\n\t\t\t<\/article>\n\t\t<\/li>\n\t<\/ul>\n\t\n\t<div class=\"no-results u-mt-0 u-hide\" data-filter-fallback-id=\"ams-testimonial-list-69f2aba7dc98d\">\n\t<p>Det finns inga resultat som matchar din filtrering.<\/p>\n<\/div>\n\n\t\n\n\t\t\n\t\t\t<\/div>\n\n\t\t\n\n<\/section>\n","protected":false},"featured_media":0,"template":"","testimonial_category":[27,10,28],"yoast_head":"<!-- This site is optimized with the Yoast SEO plugin v22.0 - https:\/\/yoast.com\/wordpress\/plugins\/seo\/ -->\n<title>NTI Vetenskapsgymnasiet<\/title>\n<meta name=\"description\" content=\"I den h\u00e4r intervjun ber\u00e4ttar Adam om hur det \u00e4r p\u00e5 teknikprogrammet och ger sina b\u00e4sta tips inf\u00f6r gymnasievalet.\" \/>\n<meta name=\"robots\" content=\"index, follow, max-snippet:-1, max-image-preview:large, max-video-preview:-1\" \/>\n<link rel=\"canonical\" href=\"https:\/\/ntigymnasiet.se\/vetenskapsgymnasiet\/elevintervjuer\/teknikprogrammet-2\/\" \/>\n<meta property=\"og:locale\" content=\"sv_SE\" \/>\n<meta property=\"og:type\" content=\"article\" \/>\n<meta property=\"og:description\" content=\"I den h\u00e4r intervjun ber\u00e4ttar Adam om hur det \u00e4r p\u00e5 teknikprogrammet och ger sina b\u00e4sta tips inf\u00f6r gymnasievalet.\" \/>\n<meta property=\"og:url\" content=\"https:\/\/ntigymnasiet.se\/vetenskapsgymnasiet\/elevintervjuer\/teknikprogrammet-2\/\" \/>\n<meta property=\"og:site_name\" content=\"NTI Vetenskapsgymnasiet\" \/>\n<meta property=\"article:modified_time\" content=\"2025-12-03T07:52:50+00:00\" \/>\n<meta name=\"twitter:card\" content=\"summary_large_image\" \/>\n<meta name=\"twitter:description\" content=\"I den h\u00e4r intervjun ber\u00e4ttar Adam om hur det \u00e4r p\u00e5 teknikprogrammet och ger sina b\u00e4sta tips inf\u00f6r gymnasievalet.\" \/>\n<meta name=\"twitter:image\" content=\"https:\/\/ntigymnasiet.se\/wp-content\/uploads\/2023\/05\/nti-intervju-teknik2-2022-1200x630.jpeg\" \/>\n<meta name=\"twitter:label1\" content=\"Est. reading time\" \/>\n\t<meta name=\"twitter:data1\" content=\"4 minuter\" \/>\n<script type=\"application\/ld+json\" class=\"yoast-schema-graph\">{\"@context\":\"https:\/\/schema.org\",\"@graph\":[{\"@type\":\"WebPage\",\"@id\":\"https:\/\/ntigymnasiet.se\/vetenskapsgymnasiet\/elevintervjuer\/teknikprogrammet-2\/\",\"url\":\"https:\/\/ntigymnasiet.se\/vetenskapsgymnasiet\/elevintervjuer\/teknikprogrammet-2\/\",\"name\":\"Teknikprogrammet Adam - NTI Vetenskapsgymnasiet\",\"isPartOf\":{\"@id\":\"https:\/\/ntigymnasiet.se\/vetenskapsgymnasiet\/#website\"},\"datePublished\":\"2023-05-23T06:52:07+00:00\",\"dateModified\":\"2025-12-03T07:52:50+00:00\",\"description\":\"I den h\u00e4r intervjun ber\u00e4ttar Adam om hur det \u00e4r p\u00e5 teknikprogrammet och ger sina b\u00e4sta tips inf\u00f6r gymnasievalet.\",\"breadcrumb\":{\"@id\":\"https:\/\/ntigymnasiet.se\/vetenskapsgymnasiet\/elevintervjuer\/teknikprogrammet-2\/#breadcrumb\"},\"inLanguage\":\"sv-SE\",\"potentialAction\":[{\"@type\":\"ReadAction\",\"target\":[\"https:\/\/ntigymnasiet.se\/vetenskapsgymnasiet\/elevintervjuer\/teknikprogrammet-2\/\"]}]},{\"@type\":\"BreadcrumbList\",\"@id\":\"https:\/\/ntigymnasiet.se\/vetenskapsgymnasiet\/elevintervjuer\/teknikprogrammet-2\/#breadcrumb\",\"itemListElement\":[{\"@type\":\"ListItem\",\"position\":1,\"name\":\"Start\",\"item\":\"https:\/\/ntigymnasiet.se\/vetenskapsgymnasiet\"},{\"@type\":\"ListItem\",\"position\":2,\"name\":\"Elevintervjuer\"}]},{\"@type\":\"WebSite\",\"@id\":\"https:\/\/ntigymnasiet.se\/vetenskapsgymnasiet\/#website\",\"url\":\"https:\/\/ntigymnasiet.se\/vetenskapsgymnasiet\/\",\"name\":\"NTI Vetenskapsgymnasiet\",\"description\":\"Just another WordPress site\",\"potentialAction\":[{\"@type\":\"SearchAction\",\"target\":{\"@type\":\"EntryPoint\",\"urlTemplate\":\"https:\/\/ntigymnasiet.se\/vetenskapsgymnasiet\/?s={search_term_string}\"},\"query-input\":\"required name=search_term_string\"}],\"inLanguage\":\"sv-SE\"}]}<\/script>\n<!-- \/ Yoast SEO plugin. -->","yoast_head_json":{"title":"NTI Vetenskapsgymnasiet","description":"I den h\u00e4r intervjun ber\u00e4ttar Adam om hur det \u00e4r p\u00e5 teknikprogrammet och ger sina b\u00e4sta tips inf\u00f6r gymnasievalet.","robots":{"index":"index","follow":"follow","max-snippet":"max-snippet:-1","max-image-preview":"max-image-preview:large","max-video-preview":"max-video-preview:-1"},"canonical":"https:\/\/ntigymnasiet.se\/vetenskapsgymnasiet\/elevintervjuer\/teknikprogrammet-2\/","og_locale":"sv_SE","og_type":"article","og_description":"I den h\u00e4r intervjun ber\u00e4ttar Adam om hur det \u00e4r p\u00e5 teknikprogrammet och ger sina b\u00e4sta tips inf\u00f6r gymnasievalet.","og_url":"https:\/\/ntigymnasiet.se\/vetenskapsgymnasiet\/elevintervjuer\/teknikprogrammet-2\/","og_site_name":"NTI Vetenskapsgymnasiet","article_modified_time":"2025-12-03T07:52:50+00:00","twitter_card":"summary_large_image","twitter_description":"I den h\u00e4r intervjun ber\u00e4ttar Adam om hur det \u00e4r p\u00e5 teknikprogrammet och ger sina b\u00e4sta tips inf\u00f6r gymnasievalet.","twitter_image":"https:\/\/ntigymnasiet.se\/wp-content\/uploads\/2023\/05\/nti-intervju-teknik2-2022-1200x630.jpeg","twitter_misc":{"Est. reading time":"4 minuter"},"schema":{"@context":"https:\/\/schema.org","@graph":[{"@type":"WebPage","@id":"https:\/\/ntigymnasiet.se\/vetenskapsgymnasiet\/elevintervjuer\/teknikprogrammet-2\/","url":"https:\/\/ntigymnasiet.se\/vetenskapsgymnasiet\/elevintervjuer\/teknikprogrammet-2\/","name":"Teknikprogrammet Adam - NTI Vetenskapsgymnasiet","isPartOf":{"@id":"https:\/\/ntigymnasiet.se\/vetenskapsgymnasiet\/#website"},"datePublished":"2023-05-23T06:52:07+00:00","dateModified":"2025-12-03T07:52:50+00:00","description":"I den h\u00e4r intervjun ber\u00e4ttar Adam om hur det \u00e4r p\u00e5 teknikprogrammet och ger sina b\u00e4sta tips inf\u00f6r gymnasievalet.","breadcrumb":{"@id":"https:\/\/ntigymnasiet.se\/vetenskapsgymnasiet\/elevintervjuer\/teknikprogrammet-2\/#breadcrumb"},"inLanguage":"sv-SE","potentialAction":[{"@type":"ReadAction","target":["https:\/\/ntigymnasiet.se\/vetenskapsgymnasiet\/elevintervjuer\/teknikprogrammet-2\/"]}]},{"@type":"BreadcrumbList","@id":"https:\/\/ntigymnasiet.se\/vetenskapsgymnasiet\/elevintervjuer\/teknikprogrammet-2\/#breadcrumb","itemListElement":[{"@type":"ListItem","position":1,"name":"Start","item":"https:\/\/ntigymnasiet.se\/vetenskapsgymnasiet"},{"@type":"ListItem","position":2,"name":"Elevintervjuer"}]},{"@type":"WebSite","@id":"https:\/\/ntigymnasiet.se\/vetenskapsgymnasiet\/#website","url":"https:\/\/ntigymnasiet.se\/vetenskapsgymnasiet\/","name":"NTI Vetenskapsgymnasiet","description":"Just another WordPress site","potentialAction":[{"@type":"SearchAction","target":{"@type":"EntryPoint","urlTemplate":"https:\/\/ntigymnasiet.se\/vetenskapsgymnasiet\/?s={search_term_string}"},"query-input":"required name=search_term_string"}],"inLanguage":"sv-SE"}]}},"_links":{"self":[{"href":"https:\/\/ntigymnasiet.se\/vetenskapsgymnasiet\/wp-json\/wp\/v2\/testimonial\/2747"}],"collection":[{"href":"https:\/\/ntigymnasiet.se\/vetenskapsgymnasiet\/wp-json\/wp\/v2\/testimonial"}],"about":[{"href":"https:\/\/ntigymnasiet.se\/vetenskapsgymnasiet\/wp-json\/wp\/v2\/types\/testimonial"}],"wp:attachment":[{"href":"https:\/\/ntigymnasiet.se\/vetenskapsgymnasiet\/wp-json\/wp\/v2\/media?parent=2747"}],"wp:term":[{"taxonomy":"testimonial_category","embeddable":true,"href":"https:\/\/ntigymnasiet.se\/vetenskapsgymnasiet\/wp-json\/wp\/v2\/testimonial_category?post=2747"}],"curies":[{"name":"wp","href":"https:\/\/api.w.org\/{rel}","templated":true}]}}