{"id":3300,"date":"2025-06-10T10:37:57","date_gmt":"2025-06-10T08:37:57","guid":{"rendered":"https:\/\/ntigymnasiet.se\/vetenskapsgymnasiet\/?post_type=testimonial&#038;p=3300"},"modified":"2026-02-12T16:24:33","modified_gmt":"2026-02-12T15:24:33","slug":"teknikprogrammet-sara","status":"publish","type":"testimonial","link":"https:\/\/ntigymnasiet.se\/vetenskapsgymnasiet\/elevintervjuer\/teknikprogrammet-sara\/","title":{"rendered":"Teknikprogrammet Sara"},"content":{"rendered":"\n<div class=\"wp-block-columns is-layout-flex wp-container-core-columns-layout-1 wp-block-columns-is-layout-flex\">\n<div class=\"wp-block-column is-layout-flow wp-block-column-is-layout-flow\" style=\"flex-basis:10%\"><\/div>\n\n\n\n<div class=\"wp-block-column is-layout-flow wp-block-column-is-layout-flow\" style=\"flex-basis:80%\">\t<div\n\t\t class=\"module_wrapper container-fluid images-module\" >\n\t\t<div class=\"row\">\n\t\t\t<div\n\t\t\t\t\tclass=\"col-12 m-0 p-0 position-relative images_module__slideshow images_module__slideshow-container module-expand \">\n\n\t\t\t\t<div class=\"images_module__slide \" data-slide=\"\"\n\t\t\t\t\t data-duration=\"\"><\/div>\n\t\t\t\t\t\t\t\t\t<div\n\t\t\t\t\t\t class=\"images_module__slides \">\n\n\n\t\t\t\t\t\t<div class=\"images__wrapper\"\n\t\t\t\t\t\t\t style=\"aspect-ratio: 851 \/ 531;\">\n\t\t\t\t\t\t\t<img decoding=\"async\" width=\"4691\" height=\"3528\" src=\"https:\/\/ntigymnasiet.se\/wp-content\/uploads\/2025\/06\/saratek5av66jpg-1-1.png\" class=\"images__image_ratio  \" alt=\"Eleven Sara.\" style=\"aspect-ratio: 851 \/ 531;object-position: center center;\" srcset=\"https:\/\/ntigymnasiet.se\/wp-content\/uploads\/2025\/06\/saratek5av66jpg-1-1.png 4691w, https:\/\/ntigymnasiet.se\/wp-content\/uploads\/2025\/06\/saratek5av66jpg-1-1-300x226.png 300w, https:\/\/ntigymnasiet.se\/wp-content\/uploads\/2025\/06\/saratek5av66jpg-1-1-400x301.png 400w, https:\/\/ntigymnasiet.se\/wp-content\/uploads\/2025\/06\/saratek5av66jpg-1-1-600x451.png 600w, https:\/\/ntigymnasiet.se\/wp-content\/uploads\/2025\/06\/saratek5av66jpg-1-1-800x602.png 800w, https:\/\/ntigymnasiet.se\/wp-content\/uploads\/2025\/06\/saratek5av66jpg-1-1-1024x770.png 1024w, https:\/\/ntigymnasiet.se\/wp-content\/uploads\/2025\/06\/saratek5av66jpg-1-1-1200x902.png 1200w\" sizes=\"(max-width: 4691px) 100vw, 4691px\" \/>\t\t\t\t\t\t<\/div>\n\n\t\t\t\t\t\t\n\t\t\t\t\t\t\t\t\t\t\t<\/div>\n\t\t\t\t\n\t\t\t\t<div class=\"images_module__container_dot \">\n\t\t\t\t\t<div style=\"text-align:center\">\n\t\t\t\t\t\t\t\t\t\t\t\t\t<span   data-i=\"0\"\n\t\t\t\t\t\t\t\t  class=\"images_module__dot\n\t\t\t\t\t\t\t\t\t\t\t\t\t  \"><\/span>\n\t\t\t\t\t\t\t\t\t\t\t<\/div>\n\t\t\t\t<\/div>\n\n\t\t\t<\/div>\n\t\t<\/div>\n\t<\/div>\n\n\n\t\n\n\n<script>\n\tvar images_display_descriptive_text = \"\";\n<\/script>\n<\/div>\n\n\n\n<div class=\"wp-block-column is-layout-flow wp-block-column-is-layout-flow\" style=\"flex-basis:10%\"><\/div>\n<\/div>\n\n\n\n<div class=\"wp-block-columns is-layout-flex wp-container-core-columns-layout-2 wp-block-columns-is-layout-flex\">\n<div class=\"wp-block-column is-layout-flow wp-block-column-is-layout-flow\" style=\"flex-basis:55%\">\t\n\t<h1\n\t\n\tclass=\"\n\tc-heading c-heading--icon\n\tu-font-title-1\n\t\n\t\n\t\n\tc-heading--left\n\tc-heading--left@md\n\t\"\n\tdata-color-scheme=\"vit\"\n\tstyle=\"\">\n\t\t\t\t\t<span class=\"text\">\u201dJag vill plugga vidare p\u00e5 Chalmers.&#8221;<\/span>\n\t\t\t<\/h1>\n\n\n\n<div style=\"height:10px\" aria-hidden=\"true\" class=\"wp-block-spacer\"><\/div>\n\n\n\n<p   class=\"site__ingress container text-left  site__text-color--dark  site__free_text--ingress p-0\">\n\tSara Svedberg l\u00e4ser tredje \u00e5ret p\u00e5 teknikprogrammet, inriktning teknikvetenskap.<\/p>\n\n\n\n\n\n<h2 class=\"wp-block-heading\"><strong>Hej Sara! Vad l\u00e4ser du och varf\u00f6r valde du just det programmet?<\/strong><\/h2>\n\n\n\n<p>Jag g\u00e5r teknikprogrammet med inriktning teknikvetenskap. Jag har alltid gillat matematik och fysik men inte biologi, d\u00e4rf\u00f6r var teknikprogrammet perfekt. Jag vill ocks\u00e5 plugga vidare p\u00e5 h\u00f6gskola.<\/p>\n\n\n\n<h2 class=\"wp-block-heading\"><strong>Vad \u00e4r det b\u00e4sta med ditt program?<\/strong><\/h2>\n\n\n\n<p>Det roligaste har varit teknikkurserna d\u00e4r jag f\u00e5tt arbeta praktiskt med 3D-skrivare och Raspberry Pi. Raspberry Pi \u00e4r en minidator som man kan programmera och bygga till exempel sm\u00e5 robotar med.<\/p>\n\n\n\n<h2 class=\"wp-block-heading\"><strong>Har du fler exempel p\u00e5 vad ni f\u00e5r g\u00f6ra?<\/strong><\/h2>\n\n\n\n<p>F\u00f6rutom vissa teknikspecifika lektioner s\u00e5 \u00e4r det s\u00e5 klart matematik, svenska, engelska, fysik och annat. Att labba i fysiken har varit roligt ocks\u00e5.<\/p>\n\n\n\n<h2 class=\"wp-block-heading\"><strong>Kul! Vad vill du g\u00f6ra i framtiden?<\/strong><\/h2>\n\n\n\n<p>Jag vill plugga vidare p\u00e5 Chalmers d\u00e4r jag s\u00f6kt till civilingenj\u00f6rsprogrammet i elektroteknik.<\/p>\n\n\n\n<h2 class=\"wp-block-heading\"><strong>Vad tycker du skiljer NTI fr\u00e5n andra gymnasieskolor?<\/strong><\/h2>\n\n\n\n<p>Jag vet inte riktigt f\u00f6r jag har inte s\u00e5 bra koll p\u00e5 andra skolor. Men jag tycker att l\u00e4rarna p\u00e5 NTI \u00e4r bra och det \u00e4r en bra blandning av nya unga l\u00e4rare och \u00e4ldre mer erfarna l\u00e4rare.<\/p>\n\n\n\n<h2 class=\"wp-block-heading\"><strong>Vad \u00e4r den st\u00f6rsta skillnaden mellan h\u00f6gstadiet och gymnasiet enligt dig?<\/strong><\/h2>\n\n\n\n<p>Den st\u00f6rsta skillnaden \u00e4r att \u00e4mnena \u00e4r mer inriktade. P\u00e5 teknik \u00e4r det ju mer teknikfokus.<\/p>\n\n\n\n<h2 class=\"wp-block-heading\"><strong>Har du n\u00e5got tips till en 9:a som ska v\u00e4lja gymnasieskola?<\/strong><\/h2>\n\n\n\n<p>Ett tips \u00e4r att inte fokusera f\u00f6r mycket p\u00e5 framtiden, du kommer \u00e4nd\u00e5 \u00e4ndra dig flera g\u00e5nger. Njut av tiden p\u00e5 gymnasiet och f\u00f6rs\u00f6k ditt b\u00e4sta. S\u00e5 l\u00e4nge du v\u00e4ljer ett program och inriktning som du \u00e4r intresserad av spelar det inte st\u00f6rre roll exakt vad du l\u00e4ser. Det viktiga \u00e4r att ta studenten med s\u00e5 bra betyg som m\u00f6jligt och ha roligt p\u00e5 v\u00e4gen. Du kan alltid \u00e4ndra dig och l\u00e4sa n\u00e5got annat efter.<\/p>\n\n\n\n<h5 class=\"wp-block-heading\">Tack f\u00f6r intervjun Sara och stort lycka till i framtiden!<\/h5>\n<\/div>\n\n\n\n<div class=\"wp-block-column is-layout-flow wp-block-column-is-layout-flow\" style=\"flex-basis:15px\"><\/div>\n\n\n\n<div class=\"wp-block-column is-layout-flow wp-block-column-is-layout-flow\" style=\"flex-basis:33%\"><style>\n@media only screen and (min-width: 600px) {\n\t}\n@media only screen and (max-width: 600px) {\n\t}\n<\/style>\n<div   class=\"ams-fragor  site__secondary-bg--13   ams-fragor-soopmseduegtafyysceo\" >\n\t<p class=\"site__subheading-1  site__text-color  u-mb-2xs\">\n\t\tFakta\t<\/p>\n   \t\t <div   class=\" site__text-color--dark  ams-fragor__namn\">\n\t\t\tNamn:\t\t\t<span class=\" ams-fragor__strong\">\n\t\t\t\tSara\t\t\t<\/span>\n\t\t<\/div>\n\t\t<div   class=\" site__text-color--dark  ams-fragor__utbildning\">\n\t\t\tProgram:\t\t\t<span class=\" ams-fragor__strong\">\n\t\t\t\tTeknikprogrammet\t\t\t<\/span>\n\t\t<\/div>\n\t\t\t\t\t<ul>\n\t\t\t\t\t\t\t<li   class=\" site__text-color--dark  \" >\n\t\t\t\t\tInriktning:\t\t\t\t\t\t\t\t\t\t\t<span class=\"ams-fragor__strong\">\n\t\t\t\t\t\t\tTeknikvetenskap\t\t\t\t\t\t<\/span>\n\t\t\t\t\t\t\t\t\t<\/li>\n\t\t\t\t\t<\/ul>\n\t\t\t<\/div>\n<script>\n\tamsFragor = function() {\n\t\tvar w = window.innerWidth;\n\t\tvar siteMain = document.getElementsByClassName(\"site-main\")[0]\n\t\tif(typeof siteMain !== 'undefined'){\n\t\t\tvar testimonial = siteMain.getElementsByClassName(\"testimonial_header_module\")[0]\n\t\t\tif(typeof testimonial !== 'undefined'){\n\t\t\t\tvar amsFragor = document.getElementsByClassName(\"ams-fragor\")\n\t\t\t\tfor(var i = 0; i < amsFragor.length; i++){\n\t\t\t\t\tif(w > 769 ){\n\t\t\t\t\t\tamsFragor[i].setAttribute('style', \"margin-top: 50px\");\n\t\t\t\t\t}else{\n\t\t\t\t\t\tamsFragor[i].setAttribute('style', \"margin-top: 0px\");\n\t\t\t\t\t}\n\t\t\t\t}\n\t\t\t}\n\t\t}\n\t};\n\tamsFragor();\n\twindow.addEventListener(\"resize\", amsFragor);\n<\/script>\n<\/div>\n<\/div>\n","protected":false},"featured_media":0,"template":"","testimonial_category":[10,28],"yoast_head":"<!-- This site is optimized with the Yoast SEO plugin v22.0 - https:\/\/yoast.com\/wordpress\/plugins\/seo\/ -->\n<title>NTI Vetenskapsgymnasiet<\/title>\n<meta name=\"description\" content=\"Sara l\u00e4ser teknikprogrammet med inriktning teknikvetenskap. I denna intervjun f\u00e5r du h\u00f6ra mer om programmet och ta del av hennes b\u00e4sta tips.\" \/>\n<meta name=\"robots\" content=\"index, follow, max-snippet:-1, max-image-preview:large, max-video-preview:-1\" \/>\n<link rel=\"canonical\" href=\"https:\/\/ntigymnasiet.se\/vetenskapsgymnasiet\/elevintervjuer\/teknikprogrammet-sara\/\" \/>\n<meta property=\"og:locale\" content=\"sv_SE\" \/>\n<meta property=\"og:type\" content=\"article\" \/>\n<meta property=\"og:description\" content=\"Sara l\u00e4ser teknikprogrammet med inriktning teknikvetenskap. I denna intervjun f\u00e5r du h\u00f6ra mer om programmet och ta del av hennes b\u00e4sta tips.\" \/>\n<meta property=\"og:url\" content=\"https:\/\/ntigymnasiet.se\/vetenskapsgymnasiet\/elevintervjuer\/teknikprogrammet-sara\/\" \/>\n<meta property=\"og:site_name\" content=\"NTI Vetenskapsgymnasiet\" \/>\n<meta property=\"article:modified_time\" content=\"2026-02-12T15:24:33+00:00\" \/>\n<meta name=\"twitter:card\" content=\"summary_large_image\" \/>\n<meta name=\"twitter:description\" content=\"Sara l\u00e4ser teknikprogrammet med inriktning teknikvetenskap. I denna intervjun f\u00e5r du h\u00f6ra mer om programmet och ta del av hennes b\u00e4sta tips.\" \/>\n<meta name=\"twitter:label1\" content=\"Est. reading time\" \/>\n\t<meta name=\"twitter:data1\" content=\"2 minuter\" \/>\n<script type=\"application\/ld+json\" class=\"yoast-schema-graph\">{\"@context\":\"https:\/\/schema.org\",\"@graph\":[{\"@type\":\"WebPage\",\"@id\":\"https:\/\/ntigymnasiet.se\/vetenskapsgymnasiet\/elevintervjuer\/teknikprogrammet-sara\/\",\"url\":\"https:\/\/ntigymnasiet.se\/vetenskapsgymnasiet\/elevintervjuer\/teknikprogrammet-sara\/\",\"name\":\"Teknikprogrammet Sara - NTI Vetenskapsgymnasiet\",\"isPartOf\":{\"@id\":\"https:\/\/ntigymnasiet.se\/vetenskapsgymnasiet\/#website\"},\"datePublished\":\"2025-06-10T08:37:57+00:00\",\"dateModified\":\"2026-02-12T15:24:33+00:00\",\"description\":\"Sara l\u00e4ser teknikprogrammet med inriktning teknikvetenskap. I denna intervjun f\u00e5r du h\u00f6ra mer om programmet och ta del av hennes b\u00e4sta tips.\",\"breadcrumb\":{\"@id\":\"https:\/\/ntigymnasiet.se\/vetenskapsgymnasiet\/elevintervjuer\/teknikprogrammet-sara\/#breadcrumb\"},\"inLanguage\":\"sv-SE\",\"potentialAction\":[{\"@type\":\"ReadAction\",\"target\":[\"https:\/\/ntigymnasiet.se\/vetenskapsgymnasiet\/elevintervjuer\/teknikprogrammet-sara\/\"]}]},{\"@type\":\"BreadcrumbList\",\"@id\":\"https:\/\/ntigymnasiet.se\/vetenskapsgymnasiet\/elevintervjuer\/teknikprogrammet-sara\/#breadcrumb\",\"itemListElement\":[{\"@type\":\"ListItem\",\"position\":1,\"name\":\"Start\",\"item\":\"https:\/\/ntigymnasiet.se\/vetenskapsgymnasiet\"},{\"@type\":\"ListItem\",\"position\":2,\"name\":\"Elevintervjuer\"}]},{\"@type\":\"WebSite\",\"@id\":\"https:\/\/ntigymnasiet.se\/vetenskapsgymnasiet\/#website\",\"url\":\"https:\/\/ntigymnasiet.se\/vetenskapsgymnasiet\/\",\"name\":\"NTI Vetenskapsgymnasiet\",\"description\":\"Just another WordPress site\",\"potentialAction\":[{\"@type\":\"SearchAction\",\"target\":{\"@type\":\"EntryPoint\",\"urlTemplate\":\"https:\/\/ntigymnasiet.se\/vetenskapsgymnasiet\/?s={search_term_string}\"},\"query-input\":\"required name=search_term_string\"}],\"inLanguage\":\"sv-SE\"}]}<\/script>\n<!-- \/ Yoast SEO plugin. -->","yoast_head_json":{"title":"NTI Vetenskapsgymnasiet","description":"Sara l\u00e4ser teknikprogrammet med inriktning teknikvetenskap. I denna intervjun f\u00e5r du h\u00f6ra mer om programmet och ta del av hennes b\u00e4sta tips.","robots":{"index":"index","follow":"follow","max-snippet":"max-snippet:-1","max-image-preview":"max-image-preview:large","max-video-preview":"max-video-preview:-1"},"canonical":"https:\/\/ntigymnasiet.se\/vetenskapsgymnasiet\/elevintervjuer\/teknikprogrammet-sara\/","og_locale":"sv_SE","og_type":"article","og_description":"Sara l\u00e4ser teknikprogrammet med inriktning teknikvetenskap. I denna intervjun f\u00e5r du h\u00f6ra mer om programmet och ta del av hennes b\u00e4sta tips.","og_url":"https:\/\/ntigymnasiet.se\/vetenskapsgymnasiet\/elevintervjuer\/teknikprogrammet-sara\/","og_site_name":"NTI Vetenskapsgymnasiet","article_modified_time":"2026-02-12T15:24:33+00:00","twitter_card":"summary_large_image","twitter_description":"Sara l\u00e4ser teknikprogrammet med inriktning teknikvetenskap. I denna intervjun f\u00e5r du h\u00f6ra mer om programmet och ta del av hennes b\u00e4sta tips.","twitter_misc":{"Est. reading time":"2 minuter"},"schema":{"@context":"https:\/\/schema.org","@graph":[{"@type":"WebPage","@id":"https:\/\/ntigymnasiet.se\/vetenskapsgymnasiet\/elevintervjuer\/teknikprogrammet-sara\/","url":"https:\/\/ntigymnasiet.se\/vetenskapsgymnasiet\/elevintervjuer\/teknikprogrammet-sara\/","name":"Teknikprogrammet Sara - NTI Vetenskapsgymnasiet","isPartOf":{"@id":"https:\/\/ntigymnasiet.se\/vetenskapsgymnasiet\/#website"},"datePublished":"2025-06-10T08:37:57+00:00","dateModified":"2026-02-12T15:24:33+00:00","description":"Sara l\u00e4ser teknikprogrammet med inriktning teknikvetenskap. I denna intervjun f\u00e5r du h\u00f6ra mer om programmet och ta del av hennes b\u00e4sta tips.","breadcrumb":{"@id":"https:\/\/ntigymnasiet.se\/vetenskapsgymnasiet\/elevintervjuer\/teknikprogrammet-sara\/#breadcrumb"},"inLanguage":"sv-SE","potentialAction":[{"@type":"ReadAction","target":["https:\/\/ntigymnasiet.se\/vetenskapsgymnasiet\/elevintervjuer\/teknikprogrammet-sara\/"]}]},{"@type":"BreadcrumbList","@id":"https:\/\/ntigymnasiet.se\/vetenskapsgymnasiet\/elevintervjuer\/teknikprogrammet-sara\/#breadcrumb","itemListElement":[{"@type":"ListItem","position":1,"name":"Start","item":"https:\/\/ntigymnasiet.se\/vetenskapsgymnasiet"},{"@type":"ListItem","position":2,"name":"Elevintervjuer"}]},{"@type":"WebSite","@id":"https:\/\/ntigymnasiet.se\/vetenskapsgymnasiet\/#website","url":"https:\/\/ntigymnasiet.se\/vetenskapsgymnasiet\/","name":"NTI Vetenskapsgymnasiet","description":"Just another WordPress site","potentialAction":[{"@type":"SearchAction","target":{"@type":"EntryPoint","urlTemplate":"https:\/\/ntigymnasiet.se\/vetenskapsgymnasiet\/?s={search_term_string}"},"query-input":"required name=search_term_string"}],"inLanguage":"sv-SE"}]}},"_links":{"self":[{"href":"https:\/\/ntigymnasiet.se\/vetenskapsgymnasiet\/wp-json\/wp\/v2\/testimonial\/3300"}],"collection":[{"href":"https:\/\/ntigymnasiet.se\/vetenskapsgymnasiet\/wp-json\/wp\/v2\/testimonial"}],"about":[{"href":"https:\/\/ntigymnasiet.se\/vetenskapsgymnasiet\/wp-json\/wp\/v2\/types\/testimonial"}],"wp:attachment":[{"href":"https:\/\/ntigymnasiet.se\/vetenskapsgymnasiet\/wp-json\/wp\/v2\/media?parent=3300"}],"wp:term":[{"taxonomy":"testimonial_category","embeddable":true,"href":"https:\/\/ntigymnasiet.se\/vetenskapsgymnasiet\/wp-json\/wp\/v2\/testimonial_category?post=3300"}],"curies":[{"name":"wp","href":"https:\/\/api.w.org\/{rel}","templated":true}]}}